{"id":15134,"date":"2020-02-12T21:53:38","date_gmt":"2020-02-12T20:53:38","guid":{"rendered":"https:\/\/www.colindres.es\/?post_type=project&#038;p=15134"},"modified":"2020-02-12T21:53:38","modified_gmt":"2020-02-12T20:53:38","slug":"el-ayuntamiento-de-colindres-muestra-su-apoyo-y-agradecimiento-a-sauga","status":"publish","type":"project","link":"https:\/\/www.colindres.es\/index.php\/project\/el-ayuntamiento-de-colindres-muestra-su-apoyo-y-agradecimiento-a-sauga\/","title":{"rendered":"EL AYUNTAMIENTO DE COLINDRES MUESTRA SU APOYO Y AGRADECIMIENTO A SAUGA"},"content":{"rendered":"<p><em>La Asociaci\u00f3n cultural ha anunciado que no organizar\u00e1 el festival anual que ven\u00edan celebrando desde hace 25 a\u00f1os. <\/em><\/p>\n<p>El Ayuntamiento de Colindres quiere transmitir su apoyo a la asociaci\u00f3n cultural Sauga, que ha emitido un comunicado anunciando que este a\u00f1o 2020 no celebrar\u00e1n el festival Sauga Folk.<\/p>\n<p>El alcalde, Javier Incera, que ya conoc\u00eda la noticia, que le hab\u00eda transmitido la direcci\u00f3n de la Asociaci\u00f3n, ha expresado su agradecimiento por el trabajo que han realizado durante todos estos a\u00f1os de trayectoria. \u201cMe gustar\u00eda hacer extensivo este agradecimiento no s\u00f3lo a quienes han dirigido la asociaci\u00f3n cultural durante todos estos a\u00f1os, sino tambi\u00e9n a todas las personas que han colaborado con la organizaci\u00f3n de un festival como \u00e9ste, con una trayectoria brillante y que durante el a\u00f1o 2019 ha celebrado su 25\u00ba aniversario\u201d.<\/p>\n<p>Incera ha insistido en que el apoyo por parte del Ayuntamiento continuar\u00e1 para ayudar con el resto de actividades que sigan organizando en el municipio de Colindres. \u201cApoyaremos todas sus iniciativas, que siempre hemos considerado que contribuyen al desarrollo cultural de Colindres\u201d. \u201cPor supuesto, si la Asociaci\u00f3n Sauga decide retomar en el futuro la celebraci\u00f3n de una nueva edici\u00f3n del festival, encontrar\u00e1n en el Ayuntamiento toda la ayuda que precisen, como hemos hecho hasta ahora\u201d.<\/p>\n<p>Finalmente, el alcalde deseaba a Sauga mucha suerte en su andadura y en los futuros proyectos que emprendan a partir de este momento. \u201cSiempre han trabajado para mantener viva la cultura y la tradici\u00f3n de Cantabria no s\u00f3lo en Colindres, sino en toda la comarca y prueba de ello son las 25 ediciones de un festival que ha sido un referente en la zona. Estamos seguros de que su buen trabajo continuar\u00e1 en el futuro\u201d, explicaba Incera.<\/p>\n","protected":false},"excerpt":{"rendered":"<p>La Asociaci\u00f3n cultural ha anunciado que no organizar\u00e1 el festival anual que ven\u00edan celebrando desde hace 25 a\u00f1os. El Ayuntamiento de Colindres quiere transmitir su apoyo a la asociaci\u00f3n cultural Sauga, que ha emitido un comunicado anunciando que este a\u00f1o 2020 no celebrar\u00e1n el festival Sauga Folk. El alcalde, Javier Incera, que ya conoc\u00eda la [&hellip;]<\/p>\n","protected":false},"author":1,"featured_media":15135,"comment_status":"open","ping_status":"closed","template":"","meta":{"_et_pb_use_builder":"","_et_pb_old_content":"","_et_gb_content_width":"","footnotes":""},"project_category":[6],"project_tag":[],"class_list":["post-15134","project","type-project","status-publish","has-post-thumbnail","hentry","project_category-noticias"],"yoast_head":"<!-- This site is optimized with the Yoast SEO plugin v24.9 - https:\/\/yoast.com\/wordpress\/plugins\/seo\/ -->\n<title>EL AYUNTAMIENTO DE COLINDRES MUESTRA SU APOYO Y AGRADECIMIENTO A SAUGA - Ayuntamiento de Colindres<\/title>\n<meta name=\"robots\" content=\"index, follow, max-snippet:-1, max-image-preview:large, max-video-preview:-1\" \/>\n<link rel=\"canonical\" href=\"https:\/\/www.colindres.es\/index.php\/project\/el-ayuntamiento-de-colindres-muestra-su-apoyo-y-agradecimiento-a-sauga\/\" \/>\n<meta property=\"og:locale\" content=\"es_ES\" \/>\n<meta property=\"og:type\" content=\"article\" \/>\n<meta property=\"og:title\" content=\"EL AYUNTAMIENTO DE COLINDRES MUESTRA SU APOYO Y AGRADECIMIENTO A SAUGA - Ayuntamiento de Colindres\" \/>\n<meta property=\"og:description\" content=\"La Asociaci\u00f3n cultural ha anunciado que no organizar\u00e1 el festival anual que ven\u00edan celebrando desde hace 25 a\u00f1os. El Ayuntamiento de Colindres quiere transmitir su apoyo a la asociaci\u00f3n cultural Sauga, que ha emitido un comunicado anunciando que este a\u00f1o 2020 no celebrar\u00e1n el festival Sauga Folk. El alcalde, Javier Incera, que ya conoc\u00eda la [&hellip;]\" \/>\n<meta property=\"og:url\" content=\"https:\/\/www.colindres.es\/index.php\/project\/el-ayuntamiento-de-colindres-muestra-su-apoyo-y-agradecimiento-a-sauga\/\" \/>\n<meta property=\"og:site_name\" content=\"Ayuntamiento de Colindres\" \/>\n<meta property=\"og:image\" content=\"https:\/\/www.colindres.es\/wp-content\/uploads\/2020\/02\/sauga-comunicado.jpg\" \/>\n\t<meta property=\"og:image:width\" content=\"1652\" \/>\n\t<meta property=\"og:image:height\" content=\"2338\" \/>\n\t<meta property=\"og:image:type\" content=\"image\/jpeg\" \/>\n<meta name=\"twitter:card\" content=\"summary_large_image\" \/>\n<meta name=\"twitter:label1\" content=\"Tiempo de lectura\" \/>\n\t<meta name=\"twitter:data1\" content=\"2 minutos\" \/>\n<script type=\"application\/ld+json\" class=\"yoast-schema-graph\">{\"@context\":\"https:\/\/schema.org\",\"@graph\":[{\"@type\":\"WebPage\",\"@id\":\"https:\/\/www.colindres.es\/index.php\/project\/el-ayuntamiento-de-colindres-muestra-su-apoyo-y-agradecimiento-a-sauga\/\",\"url\":\"https:\/\/www.colindres.es\/index.php\/project\/el-ayuntamiento-de-colindres-muestra-su-apoyo-y-agradecimiento-a-sauga\/\",\"name\":\"EL AYUNTAMIENTO DE COLINDRES MUESTRA SU APOYO Y AGRADECIMIENTO A SAUGA - Ayuntamiento de Colindres\",\"isPartOf\":{\"@id\":\"https:\/\/www.colindres.es\/#website\"},\"primaryImageOfPage\":{\"@id\":\"https:\/\/www.colindres.es\/index.php\/project\/el-ayuntamiento-de-colindres-muestra-su-apoyo-y-agradecimiento-a-sauga\/#primaryimage\"},\"image\":{\"@id\":\"https:\/\/www.colindres.es\/index.php\/project\/el-ayuntamiento-de-colindres-muestra-su-apoyo-y-agradecimiento-a-sauga\/#primaryimage\"},\"thumbnailUrl\":\"https:\/\/www.colindres.es\/wp-content\/uploads\/2020\/02\/sauga-comunicado.jpg\",\"datePublished\":\"2020-02-12T20:53:38+00:00\",\"breadcrumb\":{\"@id\":\"https:\/\/www.colindres.es\/index.php\/project\/el-ayuntamiento-de-colindres-muestra-su-apoyo-y-agradecimiento-a-sauga\/#breadcrumb\"},\"inLanguage\":\"es\",\"potentialAction\":[{\"@type\":\"ReadAction\",\"target\":[\"https:\/\/www.colindres.es\/index.php\/project\/el-ayuntamiento-de-colindres-muestra-su-apoyo-y-agradecimiento-a-sauga\/\"]}]},{\"@type\":\"ImageObject\",\"inLanguage\":\"es\",\"@id\":\"https:\/\/www.colindres.es\/index.php\/project\/el-ayuntamiento-de-colindres-muestra-su-apoyo-y-agradecimiento-a-sauga\/#primaryimage\",\"url\":\"https:\/\/www.colindres.es\/wp-content\/uploads\/2020\/02\/sauga-comunicado.jpg\",\"contentUrl\":\"https:\/\/www.colindres.es\/wp-content\/uploads\/2020\/02\/sauga-comunicado.jpg\",\"width\":1652,\"height\":2338,\"caption\":\"sauga comunicado\"},{\"@type\":\"BreadcrumbList\",\"@id\":\"https:\/\/www.colindres.es\/index.php\/project\/el-ayuntamiento-de-colindres-muestra-su-apoyo-y-agradecimiento-a-sauga\/#breadcrumb\",\"itemListElement\":[{\"@type\":\"ListItem\",\"position\":1,\"name\":\"Portada\",\"item\":\"https:\/\/www.colindres.es\/\"},{\"@type\":\"ListItem\",\"position\":2,\"name\":\"Proyectos\",\"item\":\"https:\/\/www.colindres.es\/index.php\/project\/\"},{\"@type\":\"ListItem\",\"position\":3,\"name\":\"EL AYUNTAMIENTO DE COLINDRES MUESTRA SU APOYO Y AGRADECIMIENTO A SAUGA\"}]},{\"@type\":\"WebSite\",\"@id\":\"https:\/\/www.colindres.es\/#website\",\"url\":\"https:\/\/www.colindres.es\/\",\"name\":\"Ayuntamiento de Colindres\",\"description\":\"Dise\u00f1ado por NTIC&#039;s\",\"publisher\":{\"@id\":\"https:\/\/www.colindres.es\/#organization\"},\"potentialAction\":[{\"@type\":\"SearchAction\",\"target\":{\"@type\":\"EntryPoint\",\"urlTemplate\":\"https:\/\/www.colindres.es\/?s={search_term_string}\"},\"query-input\":{\"@type\":\"PropertyValueSpecification\",\"valueRequired\":true,\"valueName\":\"search_term_string\"}}],\"inLanguage\":\"es\"},{\"@type\":\"Organization\",\"@id\":\"https:\/\/www.colindres.es\/#organization\",\"name\":\"AYUNTAMIENTO DE COLINDRES\",\"url\":\"https:\/\/www.colindres.es\/\",\"logo\":{\"@type\":\"ImageObject\",\"inLanguage\":\"es\",\"@id\":\"https:\/\/www.colindres.es\/#\/schema\/logo\/image\/\",\"url\":\"https:\/\/www.colindres.es\/wp-content\/uploads\/2017\/01\/LOGO-PRINCIPAL.jpg\",\"contentUrl\":\"https:\/\/www.colindres.es\/wp-content\/uploads\/2017\/01\/LOGO-PRINCIPAL.jpg\",\"width\":1209,\"height\":579,\"caption\":\"AYUNTAMIENTO DE COLINDRES\"},\"image\":{\"@id\":\"https:\/\/www.colindres.es\/#\/schema\/logo\/image\/\"}}]}<\/script>\n<!-- \/ Yoast SEO plugin. -->","yoast_head_json":{"title":"EL AYUNTAMIENTO DE COLINDRES MUESTRA SU APOYO Y AGRADECIMIENTO A SAUGA - Ayuntamiento de Colindres","robots":{"index":"index","follow":"follow","max-snippet":"max-snippet:-1","max-image-preview":"max-image-preview:large","max-video-preview":"max-video-preview:-1"},"canonical":"https:\/\/www.colindres.es\/index.php\/project\/el-ayuntamiento-de-colindres-muestra-su-apoyo-y-agradecimiento-a-sauga\/","og_locale":"es_ES","og_type":"article","og_title":"EL AYUNTAMIENTO DE COLINDRES MUESTRA SU APOYO Y AGRADECIMIENTO A SAUGA - Ayuntamiento de Colindres","og_description":"La Asociaci\u00f3n cultural ha anunciado que no organizar\u00e1 el festival anual que ven\u00edan celebrando desde hace 25 a\u00f1os. El Ayuntamiento de Colindres quiere transmitir su apoyo a la asociaci\u00f3n cultural Sauga, que ha emitido un comunicado anunciando que este a\u00f1o 2020 no celebrar\u00e1n el festival Sauga Folk. El alcalde, Javier Incera, que ya conoc\u00eda la [&hellip;]","og_url":"https:\/\/www.colindres.es\/index.php\/project\/el-ayuntamiento-de-colindres-muestra-su-apoyo-y-agradecimiento-a-sauga\/","og_site_name":"Ayuntamiento de Colindres","og_image":[{"width":1652,"height":2338,"url":"https:\/\/www.colindres.es\/wp-content\/uploads\/2020\/02\/sauga-comunicado.jpg","type":"image\/jpeg"}],"twitter_card":"summary_large_image","twitter_misc":{"Tiempo de lectura":"2 minutos"},"schema":{"@context":"https:\/\/schema.org","@graph":[{"@type":"WebPage","@id":"https:\/\/www.colindres.es\/index.php\/project\/el-ayuntamiento-de-colindres-muestra-su-apoyo-y-agradecimiento-a-sauga\/","url":"https:\/\/www.colindres.es\/index.php\/project\/el-ayuntamiento-de-colindres-muestra-su-apoyo-y-agradecimiento-a-sauga\/","name":"EL AYUNTAMIENTO DE COLINDRES MUESTRA SU APOYO Y AGRADECIMIENTO A SAUGA - Ayuntamiento de Colindres","isPartOf":{"@id":"https:\/\/www.colindres.es\/#website"},"primaryImageOfPage":{"@id":"https:\/\/www.colindres.es\/index.php\/project\/el-ayuntamiento-de-colindres-muestra-su-apoyo-y-agradecimiento-a-sauga\/#primaryimage"},"image":{"@id":"https:\/\/www.colindres.es\/index.php\/project\/el-ayuntamiento-de-colindres-muestra-su-apoyo-y-agradecimiento-a-sauga\/#primaryimage"},"thumbnailUrl":"https:\/\/www.colindres.es\/wp-content\/uploads\/2020\/02\/sauga-comunicado.jpg","datePublished":"2020-02-12T20:53:38+00:00","breadcrumb":{"@id":"https:\/\/www.colindres.es\/index.php\/project\/el-ayuntamiento-de-colindres-muestra-su-apoyo-y-agradecimiento-a-sauga\/#breadcrumb"},"inLanguage":"es","potentialAction":[{"@type":"ReadAction","target":["https:\/\/www.colindres.es\/index.php\/project\/el-ayuntamiento-de-colindres-muestra-su-apoyo-y-agradecimiento-a-sauga\/"]}]},{"@type":"ImageObject","inLanguage":"es","@id":"https:\/\/www.colindres.es\/index.php\/project\/el-ayuntamiento-de-colindres-muestra-su-apoyo-y-agradecimiento-a-sauga\/#primaryimage","url":"https:\/\/www.colindres.es\/wp-content\/uploads\/2020\/02\/sauga-comunicado.jpg","contentUrl":"https:\/\/www.colindres.es\/wp-content\/uploads\/2020\/02\/sauga-comunicado.jpg","width":1652,"height":2338,"caption":"sauga comunicado"},{"@type":"BreadcrumbList","@id":"https:\/\/www.colindres.es\/index.php\/project\/el-ayuntamiento-de-colindres-muestra-su-apoyo-y-agradecimiento-a-sauga\/#breadcrumb","itemListElement":[{"@type":"ListItem","position":1,"name":"Portada","item":"https:\/\/www.colindres.es\/"},{"@type":"ListItem","position":2,"name":"Proyectos","item":"https:\/\/www.colindres.es\/index.php\/project\/"},{"@type":"ListItem","position":3,"name":"EL AYUNTAMIENTO DE COLINDRES MUESTRA SU APOYO Y AGRADECIMIENTO A SAUGA"}]},{"@type":"WebSite","@id":"https:\/\/www.colindres.es\/#website","url":"https:\/\/www.colindres.es\/","name":"Ayuntamiento de Colindres","description":"Dise\u00f1ado por NTIC&#039;s","publisher":{"@id":"https:\/\/www.colindres.es\/#organization"},"potentialAction":[{"@type":"SearchAction","target":{"@type":"EntryPoint","urlTemplate":"https:\/\/www.colindres.es\/?s={search_term_string}"},"query-input":{"@type":"PropertyValueSpecification","valueRequired":true,"valueName":"search_term_string"}}],"inLanguage":"es"},{"@type":"Organization","@id":"https:\/\/www.colindres.es\/#organization","name":"AYUNTAMIENTO DE COLINDRES","url":"https:\/\/www.colindres.es\/","logo":{"@type":"ImageObject","inLanguage":"es","@id":"https:\/\/www.colindres.es\/#\/schema\/logo\/image\/","url":"https:\/\/www.colindres.es\/wp-content\/uploads\/2017\/01\/LOGO-PRINCIPAL.jpg","contentUrl":"https:\/\/www.colindres.es\/wp-content\/uploads\/2017\/01\/LOGO-PRINCIPAL.jpg","width":1209,"height":579,"caption":"AYUNTAMIENTO DE COLINDRES"},"image":{"@id":"https:\/\/www.colindres.es\/#\/schema\/logo\/image\/"}}]}},"_links":{"self":[{"href":"https:\/\/www.colindres.es\/index.php\/wp-json\/wp\/v2\/project\/15134","targetHints":{"allow":["GET"]}}],"collection":[{"href":"https:\/\/www.colindres.es\/index.php\/wp-json\/wp\/v2\/project"}],"about":[{"href":"https:\/\/www.colindres.es\/index.php\/wp-json\/wp\/v2\/types\/project"}],"author":[{"embeddable":true,"href":"https:\/\/www.colindres.es\/index.php\/wp-json\/wp\/v2\/users\/1"}],"replies":[{"embeddable":true,"href":"https:\/\/www.colindres.es\/index.php\/wp-json\/wp\/v2\/comments?post=15134"}],"version-history":[{"count":1,"href":"https:\/\/www.colindres.es\/index.php\/wp-json\/wp\/v2\/project\/15134\/revisions"}],"predecessor-version":[{"id":15136,"href":"https:\/\/www.colindres.es\/index.php\/wp-json\/wp\/v2\/project\/15134\/revisions\/15136"}],"wp:featuredmedia":[{"embeddable":true,"href":"https:\/\/www.colindres.es\/index.php\/wp-json\/wp\/v2\/media\/15135"}],"wp:attachment":[{"href":"https:\/\/www.colindres.es\/index.php\/wp-json\/wp\/v2\/media?parent=15134"}],"wp:term":[{"taxonomy":"project_category","embeddable":true,"href":"https:\/\/www.colindres.es\/index.php\/wp-json\/wp\/v2\/project_category?post=15134"},{"taxonomy":"project_tag","embeddable":true,"href":"https:\/\/www.colindres.es\/index.php\/wp-json\/wp\/v2\/project_tag?post=15134"}],"curies":[{"name":"wp","href":"https:\/\/api.w.org\/{rel}","templated":true}]}}