{"id":15079,"date":"2020-01-22T23:02:22","date_gmt":"2020-01-22T22:02:22","guid":{"rendered":"https:\/\/www.colindres.es\/?post_type=project&#038;p=15079"},"modified":"2020-01-22T23:02:22","modified_gmt":"2020-01-22T22:02:22","slug":"comienza-la-vii-edicion-de-la-lanzadera-de-empleo-en-colindres","status":"publish","type":"project","link":"https:\/\/www.colindres.es\/index.php\/project\/comienza-la-vii-edicion-de-la-lanzadera-de-empleo-en-colindres\/","title":{"rendered":"COMIENZA LA VII EDICI\u00d3N DE LA LANZADERA DE EMPLEO EN COLINDRES"},"content":{"rendered":"<h4><em>M\u00e1s de una veintena de personas integran el grupo de trabajo cuyo objetivo es la mejora de la b\u00fasqueda activa de empleo<\/em><\/h4>\n<p>La VII edici\u00f3n de la Lanzadera de Empleo de Colindres comenzaba este mes de enero con la participaci\u00f3n de un total de 23 personas del municipio y de otros pueblos de la comarca.<\/p>\n<p>El objetivo de las \u201cLanzaderas de Empleo y Emprendimiento Solidario\u201d se centra en la b\u00fasqueda de trabajo, poniendo especial \u00e9nfasis en mejorar las herramientas de b\u00fasqueda de empleo. A trav\u00e9s de las sesiones dirigidas por un coordinador, los integrantes aprenden a actualizar el curr\u00edculo, entrenar procesos de selecci\u00f3n, realizar simulaciones de entrevistas de trabajo y reforzar la b\u00fasqueda de ocupaci\u00f3n laboral a trav\u00e9s de las redes sociales y el contacto con empresas.<\/p>\n<p>Con el trabajo de las sesiones grupales, se busca el desarrollo profesional de los integrantes, encaminado a potenciar competencias transversales, como el trabajo en equipo, la iniciativa personal, la gesti\u00f3n del cambio, la flexibilidad, la inteligencia emocional, entre otras, as\u00ed como conocer nuevas t\u00e9cnicas de comunicaci\u00f3n y marca personal.<\/p>\n<p>Las lanzaderas se centran tambi\u00e9n en los proyectos de emprendimiento que puedan surgir, para identificar y trabajar en el desarrollo de ideas que puedan ayudar a los miembros de las mismas a emprender un proyecto propio.<\/p>\n<p>En Colindres, la Lanzadera se desarrolla en el Centro de Formaci\u00f3n y Empleo, ubicado en el antiguo colegio Los Puentes. El proyecto tiene una duraci\u00f3n de ocho meses y, tal y como explic\u00f3 el edil del \u00e1rea, Adri\u00e1n Seti\u00e9n, \u201cdesde el Ayuntamiento esperamos que un gran n\u00famero de los participantes, tal y como ha ocurrido en ediciones anteriores, logren encontrar un trabajo antes de que el proyecto acabe\u201d. No obstante, el concejal destacaba la importancia y el valor \u201cde las herramientas que se adquieren y se desarrollan en este tiempo de formaci\u00f3n y que sirven para que en un futuro cualquier integrante de la lanzadera est\u00e9 m\u00e1s preparada de cara a la b\u00fasqueda de empleo\u201d.<\/p>\n<p><img loading=\"lazy\" decoding=\"async\" class=\"alignnone size-medium wp-image-15080\" src=\"https:\/\/www.colindres.es\/wp-content\/uploads\/2020\/01\/image0-1-300x225.jpeg\" alt=\"\" width=\"300\" height=\"225\" \/><\/p>\n<p>Con una inversi\u00f3n de 580.000 euros, financiados a trav\u00e9s del Servicio C\u00e1ntabro de Empleo (EMCAN), el programa cuenta en esta edici\u00f3n con 16 lanzaderas distribuidas por toda la geograf\u00eda regional, gracias a la colaboraci\u00f3n entre la Consejer\u00eda de Empleo y los ayuntamientos, que son los encargados de su funcionamiento.<\/p>\n<p>El alcalde, Javier Incera, agradec\u00eda al Gobierno de Cantabria \u201cla inversi\u00f3n realizada en este proyecto y que Colindres sea, e nuevo, uno de los diecis\u00e9is municipios en los que se desarrolla una Lanzadera de Empleo\u201d. Adem\u00e1s, el regidor se\u00f1alaba que \u201clo m\u00e1s importante son las nuevas herramientas que los vecinos participantes puedan adquirir con esta formaci\u00f3n\u201d, as\u00ed como \u201cel desarrollo de cualidades y facultades que ya poseen pero de las que no son conscientes\u201d. En ese sentido dese\u00f3 que \u201ctal y como ha ocurrido en ediciones anteriores, los integrantes de la lanzadera logren el objetivo primordial de la misma, que es encontrar el trabajo que buscan\u201d.<\/p>\n","protected":false},"excerpt":{"rendered":"<p>M\u00e1s de una veintena de personas integran el grupo de trabajo cuyo objetivo es la mejora de la b\u00fasqueda activa de empleo La VII edici\u00f3n de la Lanzadera de Empleo de Colindres comenzaba este mes de enero con la participaci\u00f3n de un total de 23 personas del municipio y de otros pueblos de la comarca. [&hellip;]<\/p>\n","protected":false},"author":1,"featured_media":15081,"comment_status":"open","ping_status":"closed","template":"","meta":{"_et_pb_use_builder":"","_et_pb_old_content":"","_et_gb_content_width":"","footnotes":""},"project_category":[6],"project_tag":[],"class_list":["post-15079","project","type-project","status-publish","has-post-thumbnail","hentry","project_category-noticias"],"yoast_head":"<!-- This site is optimized with the Yoast SEO plugin v24.9 - https:\/\/yoast.com\/wordpress\/plugins\/seo\/ -->\n<title>COMIENZA LA VII EDICI\u00d3N DE LA LANZADERA DE EMPLEO EN COLINDRES - Ayuntamiento de Colindres<\/title>\n<meta name=\"robots\" content=\"index, follow, max-snippet:-1, max-image-preview:large, max-video-preview:-1\" \/>\n<link rel=\"canonical\" href=\"https:\/\/www.colindres.es\/index.php\/project\/comienza-la-vii-edicion-de-la-lanzadera-de-empleo-en-colindres\/\" \/>\n<meta property=\"og:locale\" content=\"es_ES\" \/>\n<meta property=\"og:type\" content=\"article\" \/>\n<meta property=\"og:title\" content=\"COMIENZA LA VII EDICI\u00d3N DE LA LANZADERA DE EMPLEO EN COLINDRES - Ayuntamiento de Colindres\" \/>\n<meta property=\"og:description\" content=\"M\u00e1s de una veintena de personas integran el grupo de trabajo cuyo objetivo es la mejora de la b\u00fasqueda activa de empleo La VII edici\u00f3n de la Lanzadera de Empleo de Colindres comenzaba este mes de enero con la participaci\u00f3n de un total de 23 personas del municipio y de otros pueblos de la comarca. [&hellip;]\" \/>\n<meta property=\"og:url\" content=\"https:\/\/www.colindres.es\/index.php\/project\/comienza-la-vii-edicion-de-la-lanzadera-de-empleo-en-colindres\/\" \/>\n<meta property=\"og:site_name\" content=\"Ayuntamiento de Colindres\" \/>\n<meta property=\"og:image\" content=\"https:\/\/www.colindres.es\/wp-content\/uploads\/2020\/01\/image1-1.jpeg\" \/>\n\t<meta property=\"og:image:width\" content=\"1600\" \/>\n\t<meta property=\"og:image:height\" content=\"1200\" \/>\n\t<meta property=\"og:image:type\" content=\"image\/jpeg\" \/>\n<meta name=\"twitter:card\" content=\"summary_large_image\" \/>\n<meta name=\"twitter:label1\" content=\"Tiempo de lectura\" \/>\n\t<meta name=\"twitter:data1\" content=\"3 minutos\" \/>\n<script type=\"application\/ld+json\" class=\"yoast-schema-graph\">{\"@context\":\"https:\/\/schema.org\",\"@graph\":[{\"@type\":\"WebPage\",\"@id\":\"https:\/\/www.colindres.es\/index.php\/project\/comienza-la-vii-edicion-de-la-lanzadera-de-empleo-en-colindres\/\",\"url\":\"https:\/\/www.colindres.es\/index.php\/project\/comienza-la-vii-edicion-de-la-lanzadera-de-empleo-en-colindres\/\",\"name\":\"COMIENZA LA VII EDICI\u00d3N DE LA LANZADERA DE EMPLEO EN COLINDRES - Ayuntamiento de Colindres\",\"isPartOf\":{\"@id\":\"https:\/\/www.colindres.es\/#website\"},\"primaryImageOfPage\":{\"@id\":\"https:\/\/www.colindres.es\/index.php\/project\/comienza-la-vii-edicion-de-la-lanzadera-de-empleo-en-colindres\/#primaryimage\"},\"image\":{\"@id\":\"https:\/\/www.colindres.es\/index.php\/project\/comienza-la-vii-edicion-de-la-lanzadera-de-empleo-en-colindres\/#primaryimage\"},\"thumbnailUrl\":\"https:\/\/www.colindres.es\/wp-content\/uploads\/2020\/01\/image1-1.jpeg\",\"datePublished\":\"2020-01-22T22:02:22+00:00\",\"breadcrumb\":{\"@id\":\"https:\/\/www.colindres.es\/index.php\/project\/comienza-la-vii-edicion-de-la-lanzadera-de-empleo-en-colindres\/#breadcrumb\"},\"inLanguage\":\"es\",\"potentialAction\":[{\"@type\":\"ReadAction\",\"target\":[\"https:\/\/www.colindres.es\/index.php\/project\/comienza-la-vii-edicion-de-la-lanzadera-de-empleo-en-colindres\/\"]}]},{\"@type\":\"ImageObject\",\"inLanguage\":\"es\",\"@id\":\"https:\/\/www.colindres.es\/index.php\/project\/comienza-la-vii-edicion-de-la-lanzadera-de-empleo-en-colindres\/#primaryimage\",\"url\":\"https:\/\/www.colindres.es\/wp-content\/uploads\/2020\/01\/image1-1.jpeg\",\"contentUrl\":\"https:\/\/www.colindres.es\/wp-content\/uploads\/2020\/01\/image1-1.jpeg\",\"width\":1600,\"height\":1200,\"caption\":\"comienzo lanzadera\"},{\"@type\":\"BreadcrumbList\",\"@id\":\"https:\/\/www.colindres.es\/index.php\/project\/comienza-la-vii-edicion-de-la-lanzadera-de-empleo-en-colindres\/#breadcrumb\",\"itemListElement\":[{\"@type\":\"ListItem\",\"position\":1,\"name\":\"Portada\",\"item\":\"https:\/\/www.colindres.es\/\"},{\"@type\":\"ListItem\",\"position\":2,\"name\":\"Proyectos\",\"item\":\"https:\/\/www.colindres.es\/index.php\/project\/\"},{\"@type\":\"ListItem\",\"position\":3,\"name\":\"COMIENZA LA VII EDICI\u00d3N DE LA LANZADERA DE EMPLEO EN COLINDRES\"}]},{\"@type\":\"WebSite\",\"@id\":\"https:\/\/www.colindres.es\/#website\",\"url\":\"https:\/\/www.colindres.es\/\",\"name\":\"Ayuntamiento de Colindres\",\"description\":\"Dise\u00f1ado por NTIC&#039;s\",\"publisher\":{\"@id\":\"https:\/\/www.colindres.es\/#organization\"},\"potentialAction\":[{\"@type\":\"SearchAction\",\"target\":{\"@type\":\"EntryPoint\",\"urlTemplate\":\"https:\/\/www.colindres.es\/?s={search_term_string}\"},\"query-input\":{\"@type\":\"PropertyValueSpecification\",\"valueRequired\":true,\"valueName\":\"search_term_string\"}}],\"inLanguage\":\"es\"},{\"@type\":\"Organization\",\"@id\":\"https:\/\/www.colindres.es\/#organization\",\"name\":\"AYUNTAMIENTO DE COLINDRES\",\"url\":\"https:\/\/www.colindres.es\/\",\"logo\":{\"@type\":\"ImageObject\",\"inLanguage\":\"es\",\"@id\":\"https:\/\/www.colindres.es\/#\/schema\/logo\/image\/\",\"url\":\"https:\/\/www.colindres.es\/wp-content\/uploads\/2017\/01\/LOGO-PRINCIPAL.jpg\",\"contentUrl\":\"https:\/\/www.colindres.es\/wp-content\/uploads\/2017\/01\/LOGO-PRINCIPAL.jpg\",\"width\":1209,\"height\":579,\"caption\":\"AYUNTAMIENTO DE COLINDRES\"},\"image\":{\"@id\":\"https:\/\/www.colindres.es\/#\/schema\/logo\/image\/\"}}]}<\/script>\n<!-- \/ Yoast SEO plugin. -->","yoast_head_json":{"title":"COMIENZA LA VII EDICI\u00d3N DE LA LANZADERA DE EMPLEO EN COLINDRES - Ayuntamiento de Colindres","robots":{"index":"index","follow":"follow","max-snippet":"max-snippet:-1","max-image-preview":"max-image-preview:large","max-video-preview":"max-video-preview:-1"},"canonical":"https:\/\/www.colindres.es\/index.php\/project\/comienza-la-vii-edicion-de-la-lanzadera-de-empleo-en-colindres\/","og_locale":"es_ES","og_type":"article","og_title":"COMIENZA LA VII EDICI\u00d3N DE LA LANZADERA DE EMPLEO EN COLINDRES - Ayuntamiento de Colindres","og_description":"M\u00e1s de una veintena de personas integran el grupo de trabajo cuyo objetivo es la mejora de la b\u00fasqueda activa de empleo La VII edici\u00f3n de la Lanzadera de Empleo de Colindres comenzaba este mes de enero con la participaci\u00f3n de un total de 23 personas del municipio y de otros pueblos de la comarca. [&hellip;]","og_url":"https:\/\/www.colindres.es\/index.php\/project\/comienza-la-vii-edicion-de-la-lanzadera-de-empleo-en-colindres\/","og_site_name":"Ayuntamiento de Colindres","og_image":[{"width":1600,"height":1200,"url":"https:\/\/www.colindres.es\/wp-content\/uploads\/2020\/01\/image1-1.jpeg","type":"image\/jpeg"}],"twitter_card":"summary_large_image","twitter_misc":{"Tiempo de lectura":"3 minutos"},"schema":{"@context":"https:\/\/schema.org","@graph":[{"@type":"WebPage","@id":"https:\/\/www.colindres.es\/index.php\/project\/comienza-la-vii-edicion-de-la-lanzadera-de-empleo-en-colindres\/","url":"https:\/\/www.colindres.es\/index.php\/project\/comienza-la-vii-edicion-de-la-lanzadera-de-empleo-en-colindres\/","name":"COMIENZA LA VII EDICI\u00d3N DE LA LANZADERA DE EMPLEO EN COLINDRES - Ayuntamiento de Colindres","isPartOf":{"@id":"https:\/\/www.colindres.es\/#website"},"primaryImageOfPage":{"@id":"https:\/\/www.colindres.es\/index.php\/project\/comienza-la-vii-edicion-de-la-lanzadera-de-empleo-en-colindres\/#primaryimage"},"image":{"@id":"https:\/\/www.colindres.es\/index.php\/project\/comienza-la-vii-edicion-de-la-lanzadera-de-empleo-en-colindres\/#primaryimage"},"thumbnailUrl":"https:\/\/www.colindres.es\/wp-content\/uploads\/2020\/01\/image1-1.jpeg","datePublished":"2020-01-22T22:02:22+00:00","breadcrumb":{"@id":"https:\/\/www.colindres.es\/index.php\/project\/comienza-la-vii-edicion-de-la-lanzadera-de-empleo-en-colindres\/#breadcrumb"},"inLanguage":"es","potentialAction":[{"@type":"ReadAction","target":["https:\/\/www.colindres.es\/index.php\/project\/comienza-la-vii-edicion-de-la-lanzadera-de-empleo-en-colindres\/"]}]},{"@type":"ImageObject","inLanguage":"es","@id":"https:\/\/www.colindres.es\/index.php\/project\/comienza-la-vii-edicion-de-la-lanzadera-de-empleo-en-colindres\/#primaryimage","url":"https:\/\/www.colindres.es\/wp-content\/uploads\/2020\/01\/image1-1.jpeg","contentUrl":"https:\/\/www.colindres.es\/wp-content\/uploads\/2020\/01\/image1-1.jpeg","width":1600,"height":1200,"caption":"comienzo lanzadera"},{"@type":"BreadcrumbList","@id":"https:\/\/www.colindres.es\/index.php\/project\/comienza-la-vii-edicion-de-la-lanzadera-de-empleo-en-colindres\/#breadcrumb","itemListElement":[{"@type":"ListItem","position":1,"name":"Portada","item":"https:\/\/www.colindres.es\/"},{"@type":"ListItem","position":2,"name":"Proyectos","item":"https:\/\/www.colindres.es\/index.php\/project\/"},{"@type":"ListItem","position":3,"name":"COMIENZA LA VII EDICI\u00d3N DE LA LANZADERA DE EMPLEO EN COLINDRES"}]},{"@type":"WebSite","@id":"https:\/\/www.colindres.es\/#website","url":"https:\/\/www.colindres.es\/","name":"Ayuntamiento de Colindres","description":"Dise\u00f1ado por NTIC&#039;s","publisher":{"@id":"https:\/\/www.colindres.es\/#organization"},"potentialAction":[{"@type":"SearchAction","target":{"@type":"EntryPoint","urlTemplate":"https:\/\/www.colindres.es\/?s={search_term_string}"},"query-input":{"@type":"PropertyValueSpecification","valueRequired":true,"valueName":"search_term_string"}}],"inLanguage":"es"},{"@type":"Organization","@id":"https:\/\/www.colindres.es\/#organization","name":"AYUNTAMIENTO DE COLINDRES","url":"https:\/\/www.colindres.es\/","logo":{"@type":"ImageObject","inLanguage":"es","@id":"https:\/\/www.colindres.es\/#\/schema\/logo\/image\/","url":"https:\/\/www.colindres.es\/wp-content\/uploads\/2017\/01\/LOGO-PRINCIPAL.jpg","contentUrl":"https:\/\/www.colindres.es\/wp-content\/uploads\/2017\/01\/LOGO-PRINCIPAL.jpg","width":1209,"height":579,"caption":"AYUNTAMIENTO DE COLINDRES"},"image":{"@id":"https:\/\/www.colindres.es\/#\/schema\/logo\/image\/"}}]}},"_links":{"self":[{"href":"https:\/\/www.colindres.es\/index.php\/wp-json\/wp\/v2\/project\/15079","targetHints":{"allow":["GET"]}}],"collection":[{"href":"https:\/\/www.colindres.es\/index.php\/wp-json\/wp\/v2\/project"}],"about":[{"href":"https:\/\/www.colindres.es\/index.php\/wp-json\/wp\/v2\/types\/project"}],"author":[{"embeddable":true,"href":"https:\/\/www.colindres.es\/index.php\/wp-json\/wp\/v2\/users\/1"}],"replies":[{"embeddable":true,"href":"https:\/\/www.colindres.es\/index.php\/wp-json\/wp\/v2\/comments?post=15079"}],"version-history":[{"count":1,"href":"https:\/\/www.colindres.es\/index.php\/wp-json\/wp\/v2\/project\/15079\/revisions"}],"predecessor-version":[{"id":15082,"href":"https:\/\/www.colindres.es\/index.php\/wp-json\/wp\/v2\/project\/15079\/revisions\/15082"}],"wp:featuredmedia":[{"embeddable":true,"href":"https:\/\/www.colindres.es\/index.php\/wp-json\/wp\/v2\/media\/15081"}],"wp:attachment":[{"href":"https:\/\/www.colindres.es\/index.php\/wp-json\/wp\/v2\/media?parent=15079"}],"wp:term":[{"taxonomy":"project_category","embeddable":true,"href":"https:\/\/www.colindres.es\/index.php\/wp-json\/wp\/v2\/project_category?post=15079"},{"taxonomy":"project_tag","embeddable":true,"href":"https:\/\/www.colindres.es\/index.php\/wp-json\/wp\/v2\/project_tag?post=15079"}],"curies":[{"name":"wp","href":"https:\/\/api.w.org\/{rel}","templated":true}]}}