{"id":15071,"date":"2020-01-15T09:05:01","date_gmt":"2020-01-15T08:05:01","guid":{"rendered":"https:\/\/www.colindres.es\/?post_type=project&#038;p=15071"},"modified":"2020-01-15T13:24:46","modified_gmt":"2020-01-15T12:24:46","slug":"colindres-se-situa-entre-los-ayuntamientos-que-ganaron-poblacion-durante-2018","status":"publish","type":"project","link":"https:\/\/www.colindres.es\/index.php\/project\/colindres-se-situa-entre-los-ayuntamientos-que-ganaron-poblacion-durante-2018\/","title":{"rendered":"COLINDRES SE SIT\u00daA ENTRE LOS AYUNTAMIENTOS QUE GANARON POBLACI\u00d3N\u00a0 DURANTE 2018"},"content":{"rendered":"<p><em>Contin\u00faa la tendencia de los \u00faltimos a\u00f1os y sigui\u00f3 sumando habitantes \u00a0durante el 2019<\/em><\/p>\n<p>El municipio de Colindres gan\u00f3 31 habitantes durante el a\u00f1o 2018, continuando con su tendencia al alza, que se viene produciendo en los \u00faltimos a\u00f1os. Se sit\u00faa as\u00ed entre los 45 ayuntamientos de Cantabria, de los 102 existentes, que han ganado poblaci\u00f3n a lo largo de 2018.<\/p>\n<p>Durante el a\u00f1o 2019, Colindres ha visto c\u00f3mo su n\u00famero de habitantes ha seguido creciendo; la cifra m\u00e1s alta se logr\u00f3 en el mes de julio cuando se registraron 8644 empadronados, el dato m\u00e1s alto contabilizado en la historia del municipio.<\/p>\n<p>El alcalde, Javier Incera, aseguraba que \u201ces una grata noticia ver como Colindres sigue aumentando su poblaci\u00f3n\u201d. En ese sentido, recordaba que \u201cson muchas las familias que deciden iniciar su proyecto de vida en nuestro municipio; un municipio din\u00e1mico y vivo que cuenta con numerosos servicios, tanto p\u00fablicos como privados que, sin lugar a dudas, hacen la vida m\u00e1s c\u00f3moda, sobre todo, para los mayores y los ni\u00f1os\u201d.<\/p>\n<p>En el conjunto de la regi\u00f3n, Cantabria gan\u00f3 308 habitantes en el primer semestre de 2019 hasta alcanzar un total de 581.949, lo que supone un leve incremento del +0,05%, mientras que Espa\u00f1a gan\u00f3 276.186 habitantes en dicho periodo, un +0,35% seg\u00fan las &#8216;Cifras de Poblaci\u00f3n a 1 de enero de 2019.<\/p>\n<p>A lo largo de 2018, Cantabria gan\u00f3 un total de 849 habitantes con respecto a 2017, una subida de poblaci\u00f3n discreta pero que rompe la tendencia a la baja que se produc\u00eda en los \u00faltimos a\u00f1os.<\/p>\n","protected":false},"excerpt":{"rendered":"<p>Contin\u00faa la tendencia de los \u00faltimos a\u00f1os y sigui\u00f3 sumando habitantes \u00a0durante el 2019 El municipio de Colindres gan\u00f3 31 habitantes durante el a\u00f1o 2018, continuando con su tendencia al alza, que se viene produciendo en los \u00faltimos a\u00f1os. Se sit\u00faa as\u00ed entre los 45 ayuntamientos de Cantabria, de los 102 existentes, que han ganado [&hellip;]<\/p>\n","protected":false},"author":1,"featured_media":14590,"comment_status":"open","ping_status":"closed","template":"","meta":{"_et_pb_use_builder":"","_et_pb_old_content":"","_et_gb_content_width":"","footnotes":""},"project_category":[6],"project_tag":[],"class_list":["post-15071","project","type-project","status-publish","has-post-thumbnail","hentry","project_category-noticias"],"yoast_head":"<!-- This site is optimized with the Yoast SEO plugin v24.9 - https:\/\/yoast.com\/wordpress\/plugins\/seo\/ -->\n<title>COLINDRES SE SIT\u00daA ENTRE LOS AYUNTAMIENTOS QUE GANARON POBLACI\u00d3N\u00a0 DURANTE 2018 - Ayuntamiento de Colindres<\/title>\n<meta name=\"robots\" content=\"index, follow, max-snippet:-1, max-image-preview:large, max-video-preview:-1\" \/>\n<link rel=\"canonical\" href=\"https:\/\/www.colindres.es\/index.php\/project\/colindres-se-situa-entre-los-ayuntamientos-que-ganaron-poblacion-durante-2018\/\" \/>\n<meta property=\"og:locale\" content=\"es_ES\" \/>\n<meta property=\"og:type\" content=\"article\" \/>\n<meta property=\"og:title\" content=\"COLINDRES SE SIT\u00daA ENTRE LOS AYUNTAMIENTOS QUE GANARON POBLACI\u00d3N\u00a0 DURANTE 2018 - Ayuntamiento de Colindres\" \/>\n<meta property=\"og:description\" content=\"Contin\u00faa la tendencia de los \u00faltimos a\u00f1os y sigui\u00f3 sumando habitantes \u00a0durante el 2019 El municipio de Colindres gan\u00f3 31 habitantes durante el a\u00f1o 2018, continuando con su tendencia al alza, que se viene produciendo en los \u00faltimos a\u00f1os. Se sit\u00faa as\u00ed entre los 45 ayuntamientos de Cantabria, de los 102 existentes, que han ganado [&hellip;]\" \/>\n<meta property=\"og:url\" content=\"https:\/\/www.colindres.es\/index.php\/project\/colindres-se-situa-entre-los-ayuntamientos-que-ganaron-poblacion-durante-2018\/\" \/>\n<meta property=\"og:site_name\" content=\"Ayuntamiento de Colindres\" \/>\n<meta property=\"article:modified_time\" content=\"2020-01-15T12:24:46+00:00\" \/>\n<meta property=\"og:image\" content=\"https:\/\/www.colindres.es\/wp-content\/uploads\/2019\/05\/rotonda-escudero.jpg\" \/>\n\t<meta property=\"og:image:width\" content=\"1134\" \/>\n\t<meta property=\"og:image:height\" content=\"411\" \/>\n\t<meta property=\"og:image:type\" content=\"image\/jpeg\" \/>\n<meta name=\"twitter:card\" content=\"summary_large_image\" \/>\n<meta name=\"twitter:label1\" content=\"Tiempo de lectura\" \/>\n\t<meta name=\"twitter:data1\" content=\"1 minuto\" \/>\n<script type=\"application\/ld+json\" class=\"yoast-schema-graph\">{\"@context\":\"https:\/\/schema.org\",\"@graph\":[{\"@type\":\"WebPage\",\"@id\":\"https:\/\/www.colindres.es\/index.php\/project\/colindres-se-situa-entre-los-ayuntamientos-que-ganaron-poblacion-durante-2018\/\",\"url\":\"https:\/\/www.colindres.es\/index.php\/project\/colindres-se-situa-entre-los-ayuntamientos-que-ganaron-poblacion-durante-2018\/\",\"name\":\"COLINDRES SE SIT\u00daA ENTRE LOS AYUNTAMIENTOS QUE GANARON POBLACI\u00d3N\u00a0 DURANTE 2018 - Ayuntamiento de Colindres\",\"isPartOf\":{\"@id\":\"https:\/\/www.colindres.es\/#website\"},\"primaryImageOfPage\":{\"@id\":\"https:\/\/www.colindres.es\/index.php\/project\/colindres-se-situa-entre-los-ayuntamientos-que-ganaron-poblacion-durante-2018\/#primaryimage\"},\"image\":{\"@id\":\"https:\/\/www.colindres.es\/index.php\/project\/colindres-se-situa-entre-los-ayuntamientos-que-ganaron-poblacion-durante-2018\/#primaryimage\"},\"thumbnailUrl\":\"https:\/\/www.colindres.es\/wp-content\/uploads\/2019\/05\/rotonda-escudero.jpg\",\"datePublished\":\"2020-01-15T08:05:01+00:00\",\"dateModified\":\"2020-01-15T12:24:46+00:00\",\"breadcrumb\":{\"@id\":\"https:\/\/www.colindres.es\/index.php\/project\/colindres-se-situa-entre-los-ayuntamientos-que-ganaron-poblacion-durante-2018\/#breadcrumb\"},\"inLanguage\":\"es\",\"potentialAction\":[{\"@type\":\"ReadAction\",\"target\":[\"https:\/\/www.colindres.es\/index.php\/project\/colindres-se-situa-entre-los-ayuntamientos-que-ganaron-poblacion-durante-2018\/\"]}]},{\"@type\":\"ImageObject\",\"inLanguage\":\"es\",\"@id\":\"https:\/\/www.colindres.es\/index.php\/project\/colindres-se-situa-entre-los-ayuntamientos-que-ganaron-poblacion-durante-2018\/#primaryimage\",\"url\":\"https:\/\/www.colindres.es\/wp-content\/uploads\/2019\/05\/rotonda-escudero.jpg\",\"contentUrl\":\"https:\/\/www.colindres.es\/wp-content\/uploads\/2019\/05\/rotonda-escudero.jpg\",\"width\":1134,\"height\":411},{\"@type\":\"BreadcrumbList\",\"@id\":\"https:\/\/www.colindres.es\/index.php\/project\/colindres-se-situa-entre-los-ayuntamientos-que-ganaron-poblacion-durante-2018\/#breadcrumb\",\"itemListElement\":[{\"@type\":\"ListItem\",\"position\":1,\"name\":\"Portada\",\"item\":\"https:\/\/www.colindres.es\/\"},{\"@type\":\"ListItem\",\"position\":2,\"name\":\"Proyectos\",\"item\":\"https:\/\/www.colindres.es\/index.php\/project\/\"},{\"@type\":\"ListItem\",\"position\":3,\"name\":\"COLINDRES SE SIT\u00daA ENTRE LOS AYUNTAMIENTOS QUE GANARON POBLACI\u00d3N\u00a0 DURANTE 2018\"}]},{\"@type\":\"WebSite\",\"@id\":\"https:\/\/www.colindres.es\/#website\",\"url\":\"https:\/\/www.colindres.es\/\",\"name\":\"Ayuntamiento de Colindres\",\"description\":\"Dise\u00f1ado por NTIC&#039;s\",\"publisher\":{\"@id\":\"https:\/\/www.colindres.es\/#organization\"},\"potentialAction\":[{\"@type\":\"SearchAction\",\"target\":{\"@type\":\"EntryPoint\",\"urlTemplate\":\"https:\/\/www.colindres.es\/?s={search_term_string}\"},\"query-input\":{\"@type\":\"PropertyValueSpecification\",\"valueRequired\":true,\"valueName\":\"search_term_string\"}}],\"inLanguage\":\"es\"},{\"@type\":\"Organization\",\"@id\":\"https:\/\/www.colindres.es\/#organization\",\"name\":\"AYUNTAMIENTO DE COLINDRES\",\"url\":\"https:\/\/www.colindres.es\/\",\"logo\":{\"@type\":\"ImageObject\",\"inLanguage\":\"es\",\"@id\":\"https:\/\/www.colindres.es\/#\/schema\/logo\/image\/\",\"url\":\"https:\/\/www.colindres.es\/wp-content\/uploads\/2017\/01\/LOGO-PRINCIPAL.jpg\",\"contentUrl\":\"https:\/\/www.colindres.es\/wp-content\/uploads\/2017\/01\/LOGO-PRINCIPAL.jpg\",\"width\":1209,\"height\":579,\"caption\":\"AYUNTAMIENTO DE COLINDRES\"},\"image\":{\"@id\":\"https:\/\/www.colindres.es\/#\/schema\/logo\/image\/\"}}]}<\/script>\n<!-- \/ Yoast SEO plugin. -->","yoast_head_json":{"title":"COLINDRES SE SIT\u00daA ENTRE LOS AYUNTAMIENTOS QUE GANARON POBLACI\u00d3N\u00a0 DURANTE 2018 - Ayuntamiento de Colindres","robots":{"index":"index","follow":"follow","max-snippet":"max-snippet:-1","max-image-preview":"max-image-preview:large","max-video-preview":"max-video-preview:-1"},"canonical":"https:\/\/www.colindres.es\/index.php\/project\/colindres-se-situa-entre-los-ayuntamientos-que-ganaron-poblacion-durante-2018\/","og_locale":"es_ES","og_type":"article","og_title":"COLINDRES SE SIT\u00daA ENTRE LOS AYUNTAMIENTOS QUE GANARON POBLACI\u00d3N\u00a0 DURANTE 2018 - Ayuntamiento de Colindres","og_description":"Contin\u00faa la tendencia de los \u00faltimos a\u00f1os y sigui\u00f3 sumando habitantes \u00a0durante el 2019 El municipio de Colindres gan\u00f3 31 habitantes durante el a\u00f1o 2018, continuando con su tendencia al alza, que se viene produciendo en los \u00faltimos a\u00f1os. Se sit\u00faa as\u00ed entre los 45 ayuntamientos de Cantabria, de los 102 existentes, que han ganado [&hellip;]","og_url":"https:\/\/www.colindres.es\/index.php\/project\/colindres-se-situa-entre-los-ayuntamientos-que-ganaron-poblacion-durante-2018\/","og_site_name":"Ayuntamiento de Colindres","article_modified_time":"2020-01-15T12:24:46+00:00","og_image":[{"width":1134,"height":411,"url":"https:\/\/www.colindres.es\/wp-content\/uploads\/2019\/05\/rotonda-escudero.jpg","type":"image\/jpeg"}],"twitter_card":"summary_large_image","twitter_misc":{"Tiempo de lectura":"1 minuto"},"schema":{"@context":"https:\/\/schema.org","@graph":[{"@type":"WebPage","@id":"https:\/\/www.colindres.es\/index.php\/project\/colindres-se-situa-entre-los-ayuntamientos-que-ganaron-poblacion-durante-2018\/","url":"https:\/\/www.colindres.es\/index.php\/project\/colindres-se-situa-entre-los-ayuntamientos-que-ganaron-poblacion-durante-2018\/","name":"COLINDRES SE SIT\u00daA ENTRE LOS AYUNTAMIENTOS QUE GANARON POBLACI\u00d3N\u00a0 DURANTE 2018 - Ayuntamiento de Colindres","isPartOf":{"@id":"https:\/\/www.colindres.es\/#website"},"primaryImageOfPage":{"@id":"https:\/\/www.colindres.es\/index.php\/project\/colindres-se-situa-entre-los-ayuntamientos-que-ganaron-poblacion-durante-2018\/#primaryimage"},"image":{"@id":"https:\/\/www.colindres.es\/index.php\/project\/colindres-se-situa-entre-los-ayuntamientos-que-ganaron-poblacion-durante-2018\/#primaryimage"},"thumbnailUrl":"https:\/\/www.colindres.es\/wp-content\/uploads\/2019\/05\/rotonda-escudero.jpg","datePublished":"2020-01-15T08:05:01+00:00","dateModified":"2020-01-15T12:24:46+00:00","breadcrumb":{"@id":"https:\/\/www.colindres.es\/index.php\/project\/colindres-se-situa-entre-los-ayuntamientos-que-ganaron-poblacion-durante-2018\/#breadcrumb"},"inLanguage":"es","potentialAction":[{"@type":"ReadAction","target":["https:\/\/www.colindres.es\/index.php\/project\/colindres-se-situa-entre-los-ayuntamientos-que-ganaron-poblacion-durante-2018\/"]}]},{"@type":"ImageObject","inLanguage":"es","@id":"https:\/\/www.colindres.es\/index.php\/project\/colindres-se-situa-entre-los-ayuntamientos-que-ganaron-poblacion-durante-2018\/#primaryimage","url":"https:\/\/www.colindres.es\/wp-content\/uploads\/2019\/05\/rotonda-escudero.jpg","contentUrl":"https:\/\/www.colindres.es\/wp-content\/uploads\/2019\/05\/rotonda-escudero.jpg","width":1134,"height":411},{"@type":"BreadcrumbList","@id":"https:\/\/www.colindres.es\/index.php\/project\/colindres-se-situa-entre-los-ayuntamientos-que-ganaron-poblacion-durante-2018\/#breadcrumb","itemListElement":[{"@type":"ListItem","position":1,"name":"Portada","item":"https:\/\/www.colindres.es\/"},{"@type":"ListItem","position":2,"name":"Proyectos","item":"https:\/\/www.colindres.es\/index.php\/project\/"},{"@type":"ListItem","position":3,"name":"COLINDRES SE SIT\u00daA ENTRE LOS AYUNTAMIENTOS QUE GANARON POBLACI\u00d3N\u00a0 DURANTE 2018"}]},{"@type":"WebSite","@id":"https:\/\/www.colindres.es\/#website","url":"https:\/\/www.colindres.es\/","name":"Ayuntamiento de Colindres","description":"Dise\u00f1ado por NTIC&#039;s","publisher":{"@id":"https:\/\/www.colindres.es\/#organization"},"potentialAction":[{"@type":"SearchAction","target":{"@type":"EntryPoint","urlTemplate":"https:\/\/www.colindres.es\/?s={search_term_string}"},"query-input":{"@type":"PropertyValueSpecification","valueRequired":true,"valueName":"search_term_string"}}],"inLanguage":"es"},{"@type":"Organization","@id":"https:\/\/www.colindres.es\/#organization","name":"AYUNTAMIENTO DE COLINDRES","url":"https:\/\/www.colindres.es\/","logo":{"@type":"ImageObject","inLanguage":"es","@id":"https:\/\/www.colindres.es\/#\/schema\/logo\/image\/","url":"https:\/\/www.colindres.es\/wp-content\/uploads\/2017\/01\/LOGO-PRINCIPAL.jpg","contentUrl":"https:\/\/www.colindres.es\/wp-content\/uploads\/2017\/01\/LOGO-PRINCIPAL.jpg","width":1209,"height":579,"caption":"AYUNTAMIENTO DE COLINDRES"},"image":{"@id":"https:\/\/www.colindres.es\/#\/schema\/logo\/image\/"}}]}},"_links":{"self":[{"href":"https:\/\/www.colindres.es\/index.php\/wp-json\/wp\/v2\/project\/15071","targetHints":{"allow":["GET"]}}],"collection":[{"href":"https:\/\/www.colindres.es\/index.php\/wp-json\/wp\/v2\/project"}],"about":[{"href":"https:\/\/www.colindres.es\/index.php\/wp-json\/wp\/v2\/types\/project"}],"author":[{"embeddable":true,"href":"https:\/\/www.colindres.es\/index.php\/wp-json\/wp\/v2\/users\/1"}],"replies":[{"embeddable":true,"href":"https:\/\/www.colindres.es\/index.php\/wp-json\/wp\/v2\/comments?post=15071"}],"version-history":[{"count":2,"href":"https:\/\/www.colindres.es\/index.php\/wp-json\/wp\/v2\/project\/15071\/revisions"}],"predecessor-version":[{"id":15076,"href":"https:\/\/www.colindres.es\/index.php\/wp-json\/wp\/v2\/project\/15071\/revisions\/15076"}],"wp:featuredmedia":[{"embeddable":true,"href":"https:\/\/www.colindres.es\/index.php\/wp-json\/wp\/v2\/media\/14590"}],"wp:attachment":[{"href":"https:\/\/www.colindres.es\/index.php\/wp-json\/wp\/v2\/media?parent=15071"}],"wp:term":[{"taxonomy":"project_category","embeddable":true,"href":"https:\/\/www.colindres.es\/index.php\/wp-json\/wp\/v2\/project_category?post=15071"},{"taxonomy":"project_tag","embeddable":true,"href":"https:\/\/www.colindres.es\/index.php\/wp-json\/wp\/v2\/project_tag?post=15071"}],"curies":[{"name":"wp","href":"https:\/\/api.w.org\/{rel}","templated":true}]}}