{"id":1495,"date":"2018-05-12T04:40:04","date_gmt":"2018-05-12T04:40:04","guid":{"rendered":"http:\/\/colindres.es\/?post_type=project&#038;p=1495"},"modified":"2018-05-12T04:42:41","modified_gmt":"2018-05-12T04:42:41","slug":"olindres-acogera-un-curso-de-la-uc-que-abordara-la-prevencion-del-bullying-y-la-violencia-de-genero","status":"publish","type":"project","link":"https:\/\/www.colindres.es\/index.php\/project\/olindres-acogera-un-curso-de-la-uc-que-abordara-la-prevencion-del-bullying-y-la-violencia-de-genero\/","title":{"rendered":"Colindres acoger\u00e1 un curso de la UC que abordar\u00e1 la prevenci\u00f3n del bullying y la violencia de g\u00e9nero"},"content":{"rendered":"<p>El municipio ser\u00e1 una de las 19 sedes de los Cursos de Verano de la Universidad de Cantabria<\/p>\n<p>Colindres, 11 de mayo.- C\u00f3mo prevenir la violencia de g\u00e9nero y el bullying a trav\u00e9s de la socializaci\u00f3n y la Educaci\u00f3n F\u00edsica es una de las cuestiones que se abordar\u00e1n este verano en Colindres con motivo de la celebraci\u00f3n de los Cursos de Verano de la Universidad de Cantabria en este municipio.<\/p>\n<p>La instituci\u00f3n acad\u00e9mica ha escogido nuevamente Colindres para desarrollar las actividades de la temporada estival vinculadas a la Educaci\u00f3n F\u00edsica y el deporte en sus diferentes vertientes, como la ense\u00f1anza, la investigaci\u00f3n o la medicina.<\/p>\n<p>As\u00ed, en la edici\u00f3n de 2018, que se celebrar\u00e1 entre los meses de junio y septiembre, Colindres acoger\u00e1 el curso \u2018Educaci\u00f3n F\u00edsica de calidad basada en el aprendizaje dial\u00f3gico\u2019, que entre otras cuestiones analizar\u00e1 c\u00f3mo prevenir la violencia de g\u00e9nero y el acoso entre menores.<\/p>\n<p>Este curso se celebrar\u00e1 durante la primera semana de julio y su objetivo es presentar la fundamentaci\u00f3n te\u00f3rica y las claves del modelo de Retos Individuales con Responsabilidad Compartida (RIRC) contextualizado en el \u00e1rea de Educaci\u00f3n F\u00edsica.<\/p>\n<p>Retos Individuales con Responsabilidad Compartida es un modelo educativo inclusivo basado en los principios del aprendizaje dial\u00f3gico, cuyo objetivo prioritario es conseguir los mejores resultados de todas las personas implicadas en el proceso educativo, siempre dentro de un marco de trabajo com\u00fan y de altas expectativas.<\/p>\n<p>Adem\u00e1s de este monogr\u00e1fico, Colindres acoger\u00e1 dos mesas redondas: \u2018Camino a los Juegos Ol\u00edmpicos 2020: surf, K\u00e1rate, escalada y skateboarding\u2019 y \u2018Neurociencia y Educaci\u00f3n F\u00edsica\u2019, que tendr\u00e1n lugar en el Sal\u00f3n de Plenos del Ayuntamiento los d\u00edas 19 y 21 de junio, respectivamente.<\/p>\n<p>Pie de foto: El alcalde de Colindres, junto a otros alcaldes de la Comunidad, particip\u00f3 en la presentaci\u00f3n de los Cursos de Verano de la UC.<\/p>\n","protected":false},"excerpt":{"rendered":"<p>El municipio ser\u00e1 una de las 19 sedes de los Cursos de Verano de la Universidad de Cantabria Colindres, 11 de mayo.- C\u00f3mo prevenir la violencia de g\u00e9nero y el bullying a trav\u00e9s de la socializaci\u00f3n y la Educaci\u00f3n F\u00edsica es una de las cuestiones que se abordar\u00e1n este verano en Colindres con motivo de [&hellip;]<\/p>\n","protected":false},"author":1,"featured_media":1496,"comment_status":"open","ping_status":"closed","template":"","meta":{"_et_pb_use_builder":"","_et_pb_old_content":"","_et_gb_content_width":"","footnotes":""},"project_category":[],"project_tag":[],"class_list":["post-1495","project","type-project","status-publish","has-post-thumbnail","hentry"],"yoast_head":"<!-- This site is optimized with the Yoast SEO plugin v24.9 - https:\/\/yoast.com\/wordpress\/plugins\/seo\/ -->\n<title>Colindres acoger\u00e1 un curso de la UC que abordar\u00e1 la prevenci\u00f3n del bullying y la violencia de g\u00e9nero - Ayuntamiento de Colindres<\/title>\n<meta name=\"robots\" content=\"index, follow, max-snippet:-1, max-image-preview:large, max-video-preview:-1\" \/>\n<link rel=\"canonical\" href=\"https:\/\/www.colindres.es\/index.php\/project\/olindres-acogera-un-curso-de-la-uc-que-abordara-la-prevencion-del-bullying-y-la-violencia-de-genero\/\" \/>\n<meta property=\"og:locale\" content=\"es_ES\" \/>\n<meta property=\"og:type\" content=\"article\" \/>\n<meta property=\"og:title\" content=\"Colindres acoger\u00e1 un curso de la UC que abordar\u00e1 la prevenci\u00f3n del bullying y la violencia de g\u00e9nero - Ayuntamiento de Colindres\" \/>\n<meta property=\"og:description\" content=\"El municipio ser\u00e1 una de las 19 sedes de los Cursos de Verano de la Universidad de Cantabria Colindres, 11 de mayo.- C\u00f3mo prevenir la violencia de g\u00e9nero y el bullying a trav\u00e9s de la socializaci\u00f3n y la Educaci\u00f3n F\u00edsica es una de las cuestiones que se abordar\u00e1n este verano en Colindres con motivo de [&hellip;]\" \/>\n<meta property=\"og:url\" content=\"https:\/\/www.colindres.es\/index.php\/project\/olindres-acogera-un-curso-de-la-uc-que-abordara-la-prevencion-del-bullying-y-la-violencia-de-genero\/\" \/>\n<meta property=\"og:site_name\" content=\"Ayuntamiento de Colindres\" \/>\n<meta property=\"article:modified_time\" content=\"2018-05-12T04:42:41+00:00\" \/>\n<meta property=\"og:image\" content=\"https:\/\/www.colindres.es\/wp-content\/uploads\/2018\/05\/Presentaci\u00f3n-Cursos-Verano-UC.jpg\" \/>\n\t<meta property=\"og:image:width\" content=\"1024\" \/>\n\t<meta property=\"og:image:height\" content=\"768\" \/>\n\t<meta property=\"og:image:type\" content=\"image\/jpeg\" \/>\n<meta name=\"twitter:card\" content=\"summary_large_image\" \/>\n<meta name=\"twitter:label1\" content=\"Tiempo de lectura\" \/>\n\t<meta name=\"twitter:data1\" content=\"2 minutos\" \/>\n<script type=\"application\/ld+json\" class=\"yoast-schema-graph\">{\"@context\":\"https:\/\/schema.org\",\"@graph\":[{\"@type\":\"WebPage\",\"@id\":\"https:\/\/www.colindres.es\/index.php\/project\/olindres-acogera-un-curso-de-la-uc-que-abordara-la-prevencion-del-bullying-y-la-violencia-de-genero\/\",\"url\":\"https:\/\/www.colindres.es\/index.php\/project\/olindres-acogera-un-curso-de-la-uc-que-abordara-la-prevencion-del-bullying-y-la-violencia-de-genero\/\",\"name\":\"Colindres acoger\u00e1 un curso de la UC que abordar\u00e1 la prevenci\u00f3n del bullying y la violencia de g\u00e9nero - Ayuntamiento de Colindres\",\"isPartOf\":{\"@id\":\"https:\/\/www.colindres.es\/#website\"},\"primaryImageOfPage\":{\"@id\":\"https:\/\/www.colindres.es\/index.php\/project\/olindres-acogera-un-curso-de-la-uc-que-abordara-la-prevencion-del-bullying-y-la-violencia-de-genero\/#primaryimage\"},\"image\":{\"@id\":\"https:\/\/www.colindres.es\/index.php\/project\/olindres-acogera-un-curso-de-la-uc-que-abordara-la-prevencion-del-bullying-y-la-violencia-de-genero\/#primaryimage\"},\"thumbnailUrl\":\"https:\/\/www.colindres.es\/wp-content\/uploads\/2018\/05\/Presentaci\u00f3n-Cursos-Verano-UC.jpg\",\"datePublished\":\"2018-05-12T04:40:04+00:00\",\"dateModified\":\"2018-05-12T04:42:41+00:00\",\"breadcrumb\":{\"@id\":\"https:\/\/www.colindres.es\/index.php\/project\/olindres-acogera-un-curso-de-la-uc-que-abordara-la-prevencion-del-bullying-y-la-violencia-de-genero\/#breadcrumb\"},\"inLanguage\":\"es\",\"potentialAction\":[{\"@type\":\"ReadAction\",\"target\":[\"https:\/\/www.colindres.es\/index.php\/project\/olindres-acogera-un-curso-de-la-uc-que-abordara-la-prevencion-del-bullying-y-la-violencia-de-genero\/\"]}]},{\"@type\":\"ImageObject\",\"inLanguage\":\"es\",\"@id\":\"https:\/\/www.colindres.es\/index.php\/project\/olindres-acogera-un-curso-de-la-uc-que-abordara-la-prevencion-del-bullying-y-la-violencia-de-genero\/#primaryimage\",\"url\":\"https:\/\/www.colindres.es\/wp-content\/uploads\/2018\/05\/Presentaci\u00f3n-Cursos-Verano-UC.jpg\",\"contentUrl\":\"https:\/\/www.colindres.es\/wp-content\/uploads\/2018\/05\/Presentaci\u00f3n-Cursos-Verano-UC.jpg\",\"width\":1024,\"height\":768},{\"@type\":\"BreadcrumbList\",\"@id\":\"https:\/\/www.colindres.es\/index.php\/project\/olindres-acogera-un-curso-de-la-uc-que-abordara-la-prevencion-del-bullying-y-la-violencia-de-genero\/#breadcrumb\",\"itemListElement\":[{\"@type\":\"ListItem\",\"position\":1,\"name\":\"Portada\",\"item\":\"https:\/\/www.colindres.es\/\"},{\"@type\":\"ListItem\",\"position\":2,\"name\":\"Proyectos\",\"item\":\"https:\/\/www.colindres.es\/index.php\/project\/\"},{\"@type\":\"ListItem\",\"position\":3,\"name\":\"Colindres acoger\u00e1 un curso de la UC que abordar\u00e1 la prevenci\u00f3n del bullying y la violencia de g\u00e9nero\"}]},{\"@type\":\"WebSite\",\"@id\":\"https:\/\/www.colindres.es\/#website\",\"url\":\"https:\/\/www.colindres.es\/\",\"name\":\"Ayuntamiento de Colindres\",\"description\":\"Dise\u00f1ado por NTIC&#039;s\",\"publisher\":{\"@id\":\"https:\/\/www.colindres.es\/#organization\"},\"potentialAction\":[{\"@type\":\"SearchAction\",\"target\":{\"@type\":\"EntryPoint\",\"urlTemplate\":\"https:\/\/www.colindres.es\/?s={search_term_string}\"},\"query-input\":{\"@type\":\"PropertyValueSpecification\",\"valueRequired\":true,\"valueName\":\"search_term_string\"}}],\"inLanguage\":\"es\"},{\"@type\":\"Organization\",\"@id\":\"https:\/\/www.colindres.es\/#organization\",\"name\":\"AYUNTAMIENTO DE COLINDRES\",\"url\":\"https:\/\/www.colindres.es\/\",\"logo\":{\"@type\":\"ImageObject\",\"inLanguage\":\"es\",\"@id\":\"https:\/\/www.colindres.es\/#\/schema\/logo\/image\/\",\"url\":\"https:\/\/www.colindres.es\/wp-content\/uploads\/2017\/01\/LOGO-PRINCIPAL.jpg\",\"contentUrl\":\"https:\/\/www.colindres.es\/wp-content\/uploads\/2017\/01\/LOGO-PRINCIPAL.jpg\",\"width\":1209,\"height\":579,\"caption\":\"AYUNTAMIENTO DE COLINDRES\"},\"image\":{\"@id\":\"https:\/\/www.colindres.es\/#\/schema\/logo\/image\/\"}}]}<\/script>\n<!-- \/ Yoast SEO plugin. -->","yoast_head_json":{"title":"Colindres acoger\u00e1 un curso de la UC que abordar\u00e1 la prevenci\u00f3n del bullying y la violencia de g\u00e9nero - Ayuntamiento de Colindres","robots":{"index":"index","follow":"follow","max-snippet":"max-snippet:-1","max-image-preview":"max-image-preview:large","max-video-preview":"max-video-preview:-1"},"canonical":"https:\/\/www.colindres.es\/index.php\/project\/olindres-acogera-un-curso-de-la-uc-que-abordara-la-prevencion-del-bullying-y-la-violencia-de-genero\/","og_locale":"es_ES","og_type":"article","og_title":"Colindres acoger\u00e1 un curso de la UC que abordar\u00e1 la prevenci\u00f3n del bullying y la violencia de g\u00e9nero - Ayuntamiento de Colindres","og_description":"El municipio ser\u00e1 una de las 19 sedes de los Cursos de Verano de la Universidad de Cantabria Colindres, 11 de mayo.- C\u00f3mo prevenir la violencia de g\u00e9nero y el bullying a trav\u00e9s de la socializaci\u00f3n y la Educaci\u00f3n F\u00edsica es una de las cuestiones que se abordar\u00e1n este verano en Colindres con motivo de [&hellip;]","og_url":"https:\/\/www.colindres.es\/index.php\/project\/olindres-acogera-un-curso-de-la-uc-que-abordara-la-prevencion-del-bullying-y-la-violencia-de-genero\/","og_site_name":"Ayuntamiento de Colindres","article_modified_time":"2018-05-12T04:42:41+00:00","og_image":[{"width":1024,"height":768,"url":"https:\/\/www.colindres.es\/wp-content\/uploads\/2018\/05\/Presentaci\u00f3n-Cursos-Verano-UC.jpg","type":"image\/jpeg"}],"twitter_card":"summary_large_image","twitter_misc":{"Tiempo de lectura":"2 minutos"},"schema":{"@context":"https:\/\/schema.org","@graph":[{"@type":"WebPage","@id":"https:\/\/www.colindres.es\/index.php\/project\/olindres-acogera-un-curso-de-la-uc-que-abordara-la-prevencion-del-bullying-y-la-violencia-de-genero\/","url":"https:\/\/www.colindres.es\/index.php\/project\/olindres-acogera-un-curso-de-la-uc-que-abordara-la-prevencion-del-bullying-y-la-violencia-de-genero\/","name":"Colindres acoger\u00e1 un curso de la UC que abordar\u00e1 la prevenci\u00f3n del bullying y la violencia de g\u00e9nero - Ayuntamiento de Colindres","isPartOf":{"@id":"https:\/\/www.colindres.es\/#website"},"primaryImageOfPage":{"@id":"https:\/\/www.colindres.es\/index.php\/project\/olindres-acogera-un-curso-de-la-uc-que-abordara-la-prevencion-del-bullying-y-la-violencia-de-genero\/#primaryimage"},"image":{"@id":"https:\/\/www.colindres.es\/index.php\/project\/olindres-acogera-un-curso-de-la-uc-que-abordara-la-prevencion-del-bullying-y-la-violencia-de-genero\/#primaryimage"},"thumbnailUrl":"https:\/\/www.colindres.es\/wp-content\/uploads\/2018\/05\/Presentaci\u00f3n-Cursos-Verano-UC.jpg","datePublished":"2018-05-12T04:40:04+00:00","dateModified":"2018-05-12T04:42:41+00:00","breadcrumb":{"@id":"https:\/\/www.colindres.es\/index.php\/project\/olindres-acogera-un-curso-de-la-uc-que-abordara-la-prevencion-del-bullying-y-la-violencia-de-genero\/#breadcrumb"},"inLanguage":"es","potentialAction":[{"@type":"ReadAction","target":["https:\/\/www.colindres.es\/index.php\/project\/olindres-acogera-un-curso-de-la-uc-que-abordara-la-prevencion-del-bullying-y-la-violencia-de-genero\/"]}]},{"@type":"ImageObject","inLanguage":"es","@id":"https:\/\/www.colindres.es\/index.php\/project\/olindres-acogera-un-curso-de-la-uc-que-abordara-la-prevencion-del-bullying-y-la-violencia-de-genero\/#primaryimage","url":"https:\/\/www.colindres.es\/wp-content\/uploads\/2018\/05\/Presentaci\u00f3n-Cursos-Verano-UC.jpg","contentUrl":"https:\/\/www.colindres.es\/wp-content\/uploads\/2018\/05\/Presentaci\u00f3n-Cursos-Verano-UC.jpg","width":1024,"height":768},{"@type":"BreadcrumbList","@id":"https:\/\/www.colindres.es\/index.php\/project\/olindres-acogera-un-curso-de-la-uc-que-abordara-la-prevencion-del-bullying-y-la-violencia-de-genero\/#breadcrumb","itemListElement":[{"@type":"ListItem","position":1,"name":"Portada","item":"https:\/\/www.colindres.es\/"},{"@type":"ListItem","position":2,"name":"Proyectos","item":"https:\/\/www.colindres.es\/index.php\/project\/"},{"@type":"ListItem","position":3,"name":"Colindres acoger\u00e1 un curso de la UC que abordar\u00e1 la prevenci\u00f3n del bullying y la violencia de g\u00e9nero"}]},{"@type":"WebSite","@id":"https:\/\/www.colindres.es\/#website","url":"https:\/\/www.colindres.es\/","name":"Ayuntamiento de Colindres","description":"Dise\u00f1ado por NTIC&#039;s","publisher":{"@id":"https:\/\/www.colindres.es\/#organization"},"potentialAction":[{"@type":"SearchAction","target":{"@type":"EntryPoint","urlTemplate":"https:\/\/www.colindres.es\/?s={search_term_string}"},"query-input":{"@type":"PropertyValueSpecification","valueRequired":true,"valueName":"search_term_string"}}],"inLanguage":"es"},{"@type":"Organization","@id":"https:\/\/www.colindres.es\/#organization","name":"AYUNTAMIENTO DE COLINDRES","url":"https:\/\/www.colindres.es\/","logo":{"@type":"ImageObject","inLanguage":"es","@id":"https:\/\/www.colindres.es\/#\/schema\/logo\/image\/","url":"https:\/\/www.colindres.es\/wp-content\/uploads\/2017\/01\/LOGO-PRINCIPAL.jpg","contentUrl":"https:\/\/www.colindres.es\/wp-content\/uploads\/2017\/01\/LOGO-PRINCIPAL.jpg","width":1209,"height":579,"caption":"AYUNTAMIENTO DE COLINDRES"},"image":{"@id":"https:\/\/www.colindres.es\/#\/schema\/logo\/image\/"}}]}},"_links":{"self":[{"href":"https:\/\/www.colindres.es\/index.php\/wp-json\/wp\/v2\/project\/1495","targetHints":{"allow":["GET"]}}],"collection":[{"href":"https:\/\/www.colindres.es\/index.php\/wp-json\/wp\/v2\/project"}],"about":[{"href":"https:\/\/www.colindres.es\/index.php\/wp-json\/wp\/v2\/types\/project"}],"author":[{"embeddable":true,"href":"https:\/\/www.colindres.es\/index.php\/wp-json\/wp\/v2\/users\/1"}],"replies":[{"embeddable":true,"href":"https:\/\/www.colindres.es\/index.php\/wp-json\/wp\/v2\/comments?post=1495"}],"version-history":[{"count":2,"href":"https:\/\/www.colindres.es\/index.php\/wp-json\/wp\/v2\/project\/1495\/revisions"}],"predecessor-version":[{"id":1498,"href":"https:\/\/www.colindres.es\/index.php\/wp-json\/wp\/v2\/project\/1495\/revisions\/1498"}],"wp:featuredmedia":[{"embeddable":true,"href":"https:\/\/www.colindres.es\/index.php\/wp-json\/wp\/v2\/media\/1496"}],"wp:attachment":[{"href":"https:\/\/www.colindres.es\/index.php\/wp-json\/wp\/v2\/media?parent=1495"}],"wp:term":[{"taxonomy":"project_category","embeddable":true,"href":"https:\/\/www.colindres.es\/index.php\/wp-json\/wp\/v2\/project_category?post=1495"},{"taxonomy":"project_tag","embeddable":true,"href":"https:\/\/www.colindres.es\/index.php\/wp-json\/wp\/v2\/project_tag?post=1495"}],"curies":[{"name":"wp","href":"https:\/\/api.w.org\/{rel}","templated":true}]}}