{"id":14946,"date":"2019-10-22T08:04:44","date_gmt":"2019-10-22T06:04:44","guid":{"rendered":"https:\/\/www.colindres.es\/?post_type=project&#038;p=14946"},"modified":"2019-10-22T08:04:44","modified_gmt":"2019-10-22T06:04:44","slug":"anuncio-relacion-de-admitidos-excluidos-definitiva-para-la-formacion-de-bolsa-de-trabajo-de-la-subescala-de-auxiliar-de-administracion-general-funcionario-interino","status":"publish","type":"project","link":"https:\/\/www.colindres.es\/index.php\/project\/anuncio-relacion-de-admitidos-excluidos-definitiva-para-la-formacion-de-bolsa-de-trabajo-de-la-subescala-de-auxiliar-de-administracion-general-funcionario-interino\/","title":{"rendered":"ANUNCIO RELACI\u00d3N DE ADMITIDOS\/EXCLUIDOS DEFINITIVA PARA LA FORMACI\u00d3N DE BOLSA DE TRABAJO DE LA SUBESCALA DE AUXILIAR DE ADMINISTRACI\u00d3N GENERAL (FUNCIONARIO INTERINO)"},"content":{"rendered":"<p>Por medio del presente anuncio, y una vez finalizado el plazo de presentaci\u00f3n de alegaciones o reclamaciones a la lista provisional de admitidos\/excluidos, se da publicidad al Decreto de Alcald\u00eda 648\/2019, de 21 de octubre de 2019, relativo a la relaci\u00f3n de admitidos\/excluidos definitiva, constituci\u00f3n de Tribunal calificador y convocatoria de realizaci\u00f3n de prueba selectiva, para la formaci\u00f3n de una bolsa de trabajo como funcionario interino de la SUBESCALA DE AUXILIAR ADMINISTRATIVO, GRUPO C2, decreto que acuerda los siguientes puntos:<\/p>\n<p><strong>Primero.- <\/strong>Aprobar la lista definitiva de aspirantes admitidos y excluidos, al proceso selectivo para la formaci\u00f3n de una bolsa de trabajo de la Subescala de auxiliar de administraci\u00f3n general (funcionario interino), Grupo C2, en los siguientes t\u00e9rminos:<\/p>\n<p><strong>ASPIRANTES ADMITIDOS<\/strong><\/p>\n<table width=\"379\">\n<tbody>\n<tr>\n<td width=\"80\">&nbsp;<\/td>\n<td width=\"299\"><strong>APELLIDOS Y NOMBRE<\/strong><\/td>\n<\/tr>\n<tr>\n<td width=\"80\">1<\/td>\n<td width=\"299\">ABASCAL TRIGOS, JUAN CARLOS<\/td>\n<\/tr>\n<tr>\n<td width=\"80\">2<\/td>\n<td width=\"299\">ABASCAL TRIGOS, MARIA DEL CARMEN<\/td>\n<\/tr>\n<tr>\n<td width=\"80\">3<\/td>\n<td width=\"299\">AG\u00dcEROS CIANCA, LAURA<\/td>\n<\/tr>\n<tr>\n<td width=\"80\">4<\/td>\n<td width=\"299\">AJA BUSTAMANTE, MIGUEL \u00c1NGEL<\/td>\n<\/tr>\n<tr>\n<td width=\"80\">5<\/td>\n<td width=\"299\">ALBO ULLATE, MAR\u00cdA \u00c1NGELES<\/td>\n<\/tr>\n<tr>\n<td width=\"80\">6<\/td>\n<td width=\"299\">ALONSO CAGIGAS, MARIA PILAR<\/td>\n<\/tr>\n<tr>\n<td width=\"80\">7<\/td>\n<td width=\"299\">ALONSO CANO, MIREIA<\/td>\n<\/tr>\n<tr>\n<td width=\"80\">8<\/td>\n<td width=\"299\">ALONSO FLORENTINO, CRISTINA<\/td>\n<\/tr>\n<tr>\n<td width=\"80\">9<\/td>\n<td width=\"299\">ALONSO REY, LARA<\/td>\n<\/tr>\n<tr>\n<td width=\"80\">10<\/td>\n<td width=\"299\">ALVAREZ MARRA, VANESA<\/td>\n<\/tr>\n<tr>\n<td width=\"80\">11<\/td>\n<td width=\"299\">\u00c1LVAREZ CASTA\u00d1EDA, MAR\u00cdA LUISA<\/td>\n<\/tr>\n<tr>\n<td width=\"80\">12<\/td>\n<td width=\"299\">AMEZAGA AMEZUA, IRATXE<\/td>\n<\/tr>\n<tr>\n<td width=\"80\">13<\/td>\n<td width=\"299\">ARCE SAINZ, MARIA DEL CARMEN<\/td>\n<\/tr>\n<tr>\n<td width=\"80\">14<\/td>\n<td width=\"299\">ARENAL GARCIA, JAVIER<\/td>\n<\/tr>\n<tr>\n<td width=\"80\">15<\/td>\n<td width=\"299\">ARENAL GARCIA, PEDRO<\/td>\n<\/tr>\n<tr>\n<td width=\"80\">16<\/td>\n<td width=\"299\">ARIAS ARCE, ANA<\/td>\n<\/tr>\n<tr>\n<td width=\"80\">17<\/td>\n<td width=\"299\">ARROYO HUIDOBRO, SARA<\/td>\n<\/tr>\n<tr>\n<td width=\"80\">18<\/td>\n<td width=\"299\">ATECA FERN\u00c1NDEZ, MARTA<\/td>\n<\/tr>\n<tr>\n<td width=\"80\">19<\/td>\n<td width=\"299\">AYESA ESCALANTE, DOMINICA<\/td>\n<\/tr>\n<tr>\n<td width=\"80\">20<\/td>\n<td width=\"299\">BADA VILLALBA, VANESA<\/td>\n<\/tr>\n<tr>\n<td width=\"80\">21<\/td>\n<td width=\"299\">BARQU\u00cdN BARQU\u00cdN, ROC\u00cdO<\/td>\n<\/tr>\n<tr>\n<td width=\"80\">22<\/td>\n<td width=\"299\">BARQU\u00cdN LAV\u00cdN, JESSICA<\/td>\n<\/tr>\n<tr>\n<td width=\"80\">23<\/td>\n<td width=\"299\">BARREDA MONTEQU\u00cdN, MARIA ROSA<\/td>\n<\/tr>\n<tr>\n<td width=\"80\">24<\/td>\n<td width=\"299\">BARRENENGOA FERNANDEZ, AMAIA<\/td>\n<\/tr>\n<tr>\n<td width=\"80\">25<\/td>\n<td width=\"299\">BARTOLO HERN\u00c1NDEZ, ANA MAR\u00cdA<\/td>\n<\/tr>\n<tr>\n<td width=\"80\">26<\/td>\n<td width=\"299\">BAUTISTA FRAILE, SARA<\/td>\n<\/tr>\n<tr>\n<td width=\"80\">27<\/td>\n<td width=\"299\">BAYON SANZ, GERM\u00c1N<\/td>\n<\/tr>\n<tr>\n<td width=\"80\">28<\/td>\n<td width=\"299\">BEDIA SAN EMETERIO, M\u00d3NICA<\/td>\n<\/tr>\n<tr>\n<td width=\"80\">29<\/td>\n<td width=\"299\">BLANCO SAINZ DE LA MAZA, MARIA DOLORES<\/td>\n<\/tr>\n<tr>\n<td width=\"80\">30<\/td>\n<td width=\"299\">BRERA ZUBIETA, F\u00c9LIX<\/td>\n<\/tr>\n<tr>\n<td width=\"80\">31<\/td>\n<td width=\"299\">BRU\u00d1A MART\u00cdNEZ, SARA<\/td>\n<\/tr>\n<tr>\n<td width=\"80\">32<\/td>\n<td width=\"299\">BRU\u00d1A MART\u00cdNEZ, VICTORIA<\/td>\n<\/tr>\n<tr>\n<td width=\"80\">33<\/td>\n<td width=\"299\">BUSTIO GUTIERREZ, MARIA VICTORIA<\/td>\n<\/tr>\n<tr>\n<td width=\"80\">34<\/td>\n<td width=\"299\">CABALLERO MONTES, RUB\u00c9N<\/td>\n<\/tr>\n<tr>\n<td width=\"80\">35<\/td>\n<td width=\"299\">CABALLO GUTIERREZ, AINTZANE<\/td>\n<\/tr>\n<tr>\n<td width=\"80\">36<\/td>\n<td width=\"299\">CAGIGAS OCERIN, MARIA ROSA<\/td>\n<\/tr>\n<tr>\n<td width=\"80\">37<\/td>\n<td width=\"299\">CALVO BUSANNY, ERIKA<\/td>\n<\/tr>\n<tr>\n<td width=\"80\">38<\/td>\n<td width=\"299\">CAMPO ANTU\u00d1ANO, YASMINA<\/td>\n<\/tr>\n<tr>\n<td width=\"80\">39<\/td>\n<td width=\"299\">CANO MARTINEZ, CARMEN<\/td>\n<\/tr>\n<tr>\n<td width=\"80\">40<\/td>\n<td width=\"299\">CANO VIADERO, \u00c1NGELA<\/td>\n<\/tr>\n<tr>\n<td width=\"80\">41<\/td>\n<td width=\"299\">CAO RUIZ, ALICIA<\/td>\n<\/tr>\n<tr>\n<td width=\"80\">42<\/td>\n<td width=\"299\">CASADO NAVARRO, MARIA PAZ<\/td>\n<\/tr>\n<tr>\n<td width=\"80\">43<\/td>\n<td width=\"299\">CASANUEVA BLANCO, \u00c1NGELA<\/td>\n<\/tr>\n<tr>\n<td width=\"80\">44<\/td>\n<td width=\"299\">CASC\u00d3N RUIZ, RUTH<\/td>\n<\/tr>\n<tr>\n<td width=\"80\">45<\/td>\n<td width=\"299\">CASTA\u00d1EDA RUIZ, MAR\u00cdA<\/td>\n<\/tr>\n<tr>\n<td width=\"80\">46<\/td>\n<td width=\"299\">CASTA\u00d1ERA FERN\u00c1NDEZ, JHANET<\/td>\n<\/tr>\n<tr>\n<td width=\"80\">47<\/td>\n<td width=\"299\">CASTELL\u00c1 FERN\u00c1NDEZ, MARCOS<\/td>\n<\/tr>\n<tr>\n<td width=\"80\">48<\/td>\n<td width=\"299\">CASTILLO SAINZ-ROZAS, HUGO<\/td>\n<\/tr>\n<tr>\n<td width=\"80\">49<\/td>\n<td width=\"299\">CATAL\u00c1N AGUILAR, SALVADOR FRANCISCO<\/td>\n<\/tr>\n<tr>\n<td width=\"80\">50<\/td>\n<td width=\"299\">CAVADA LANTAZ\u00d3N, ISMAEL<\/td>\n<\/tr>\n<tr>\n<td width=\"80\">51<\/td>\n<td width=\"299\">CAVADA P\u00c9REZ, NEREA<\/td>\n<\/tr>\n<tr>\n<td width=\"80\">52<\/td>\n<td width=\"299\">CELIS BUENAPOSADA, DAVID<\/td>\n<\/tr>\n<tr>\n<td width=\"80\">53<\/td>\n<td width=\"299\">CERVERA MONTES, MARIA DEL CORPUS<\/td>\n<\/tr>\n<tr>\n<td width=\"80\">54<\/td>\n<td width=\"299\">CICEU, ANCA ALEXANDRA<\/td>\n<\/tr>\n<tr>\n<td width=\"80\">55<\/td>\n<td width=\"299\">COBO ARCE, MARIA PILAR<\/td>\n<\/tr>\n<tr>\n<td width=\"80\">56<\/td>\n<td width=\"299\">COLINA SISNIEGA, PAULA<\/td>\n<\/tr>\n<tr>\n<td width=\"80\">57<\/td>\n<td width=\"299\">CORONA CUESTA, ADRI\u00c1N<\/td>\n<\/tr>\n<tr>\n<td width=\"80\">58<\/td>\n<td width=\"299\">CORTABITARTE BUSTAMANTE, SARA ELISA<\/td>\n<\/tr>\n<tr>\n<td width=\"80\">59<\/td>\n<td width=\"299\">COSTELA MART\u00cdNEZ, MAR\u00cdA<\/td>\n<\/tr>\n<tr>\n<td width=\"80\">60<\/td>\n<td width=\"299\">CRESPO DELGADO, JAVIER<\/td>\n<\/tr>\n<tr>\n<td width=\"80\">61<\/td>\n<td width=\"299\">CUERO APARICIO, \u00c1LVARO<\/td>\n<\/tr>\n<tr>\n<td width=\"80\">62<\/td>\n<td width=\"299\">CUESTA HERN\u00c1NDEZ, MARTA<\/td>\n<\/tr>\n<tr>\n<td width=\"80\">63<\/td>\n<td width=\"299\">CUEVAS MONCALIAN, SANTIAGO<\/td>\n<\/tr>\n<tr>\n<td width=\"80\">64<\/td>\n<td width=\"299\">DE DIEGO MORALES, PEDRO<\/td>\n<\/tr>\n<tr>\n<td width=\"80\">65<\/td>\n<td width=\"299\">DE LA RIVA BARCENILLA, ANA<\/td>\n<\/tr>\n<tr>\n<td width=\"80\">66<\/td>\n<td width=\"299\">DEL RIO GIL, RAQUEL<\/td>\n<\/tr>\n<tr>\n<td width=\"80\">67<\/td>\n<td width=\"299\">DIAZ GONZALEZ, ALEJANDRO<\/td>\n<\/tr>\n<tr>\n<td width=\"80\">68<\/td>\n<td width=\"299\">DIAZ PUENTE, EVA MARIA<\/td>\n<\/tr>\n<tr>\n<td width=\"80\">69<\/td>\n<td width=\"299\">D\u00cdEZ \u00c1LVAREZ, SOF\u00cdA<\/td>\n<\/tr>\n<tr>\n<td width=\"80\">70<\/td>\n<td width=\"299\">DIEZ FRANC\u00c9S, ANA CECILIA<\/td>\n<\/tr>\n<tr>\n<td width=\"80\">71<\/td>\n<td width=\"299\">D\u00cdEZ GUTI\u00c9RREZ, ALEXANDRA<\/td>\n<\/tr>\n<tr>\n<td width=\"80\">72<\/td>\n<td width=\"299\">D\u00cdEZ SANTAMAR\u00cdA, MARIA TERESA<\/td>\n<\/tr>\n<tr>\n<td width=\"80\">73<\/td>\n<td width=\"299\">EDESA BONACHEA, MAR\u00cdA DE LOS \u00c1NGELES<\/td>\n<\/tr>\n<tr>\n<td width=\"80\">74<\/td>\n<td width=\"299\">ELIZALDE L\u00d3PEZ, MARIA SONIA<\/td>\n<\/tr>\n<tr>\n<td width=\"80\">75<\/td>\n<td width=\"299\">ELOLA BURGOS, ELENA<\/td>\n<\/tr>\n<tr>\n<td width=\"80\">76<\/td>\n<td width=\"299\">FAJARDO GUEVARA, ANA ROSA<\/td>\n<\/tr>\n<tr>\n<td width=\"80\">77<\/td>\n<td width=\"299\">FERNANDEZ ESCALANTE, LAURA<\/td>\n<\/tr>\n<tr>\n<td width=\"80\">78<\/td>\n<td width=\"299\">FERN\u00c1NDEZ FERN\u00c1NDEZ, MARIA CARMEN<\/td>\n<\/tr>\n<tr>\n<td width=\"80\">79<\/td>\n<td width=\"299\">FERN\u00c1NDEZ G\u00d3MEZ, CARMEN NOELIA<\/td>\n<\/tr>\n<tr>\n<td width=\"80\">80<\/td>\n<td width=\"299\">FERN\u00c1NDEZ GONZ\u00c1LEZ, DAR\u00cdA<\/td>\n<\/tr>\n<tr>\n<td width=\"80\">81<\/td>\n<td width=\"299\">FERNADEZ HERNANDEZ, LAURA<\/td>\n<\/tr>\n<tr>\n<td width=\"80\">82<\/td>\n<td width=\"299\">FERNANDEZ HERRERO, JOSE ANTONIO<\/td>\n<\/tr>\n<tr>\n<td width=\"80\">83<\/td>\n<td width=\"299\">FERN\u00c1NDEZ IGLESIAS, DAVID<\/td>\n<\/tr>\n<tr>\n<td width=\"80\">84<\/td>\n<td width=\"299\">FERN\u00c1NDEZ M\u00c9NDEZ, GEMA<\/td>\n<\/tr>\n<tr>\n<td width=\"80\">85<\/td>\n<td width=\"299\">FERNANDEZ MU\u00d1OZ, SARA<\/td>\n<\/tr>\n<tr>\n<td width=\"80\">86<\/td>\n<td width=\"299\">FERN\u00c1NDEZ PE\u00d1A, ANDREA<\/td>\n<\/tr>\n<tr>\n<td width=\"80\">87<\/td>\n<td width=\"299\">FERNANDEZ SAIZ, DIEGO<\/td>\n<\/tr>\n<tr>\n<td width=\"80\">88<\/td>\n<td width=\"299\">FERN\u00c1NDEZ TER\u00c1N, PILAR<\/td>\n<\/tr>\n<tr>\n<td width=\"80\">89<\/td>\n<td width=\"299\">FERREIRO PEREZ, ADRI\u00c1N<\/td>\n<\/tr>\n<tr>\n<td width=\"80\">90<\/td>\n<td width=\"299\">FLORES TOBAR, VICTORIA<\/td>\n<\/tr>\n<tr>\n<td width=\"80\">91<\/td>\n<td width=\"299\">FONTANEDA FERNANDEZ, EVA<\/td>\n<\/tr>\n<tr>\n<td width=\"80\">92<\/td>\n<td width=\"299\">FUICA FERNANDEZ, LAURA<\/td>\n<\/tr>\n<tr>\n<td width=\"80\">93<\/td>\n<td width=\"299\">GALDRAN ARROYO, ANA BELEN<\/td>\n<\/tr>\n<tr>\n<td width=\"80\">94<\/td>\n<td width=\"299\">GALINDO ARANDOJO, JUAN LUIS<\/td>\n<\/tr>\n<tr>\n<td width=\"80\">95<\/td>\n<td width=\"299\">GALVAN ARBEIZA, PILAR<\/td>\n<\/tr>\n<tr>\n<td width=\"80\">96<\/td>\n<td width=\"299\">G\u00c1NDARA PALACIO, JOSEFINA<\/td>\n<\/tr>\n<tr>\n<td width=\"80\">97<\/td>\n<td width=\"299\">GARCIA AGUADO, SILVIA<\/td>\n<\/tr>\n<tr>\n<td width=\"80\">98<\/td>\n<td width=\"299\">GARCIA COSIO, PAULA<\/td>\n<\/tr>\n<tr>\n<td width=\"80\">99<\/td>\n<td width=\"299\">GARCIA DEL RIO, ELENA DEL BREZO<\/td>\n<\/tr>\n<tr>\n<td width=\"80\">100<\/td>\n<td width=\"299\">GARCIA GARCIA, AIDA<\/td>\n<\/tr>\n<tr>\n<td width=\"80\">101<\/td>\n<td width=\"299\">GARCIA GARCIA, ZAIRA<\/td>\n<\/tr>\n<tr>\n<td width=\"80\">102<\/td>\n<td width=\"299\">GARCIA MARTINEZ, NATALIA<\/td>\n<\/tr>\n<tr>\n<td width=\"80\">103<\/td>\n<td width=\"299\">GARCIA PEON, ANA<\/td>\n<\/tr>\n<tr>\n<td width=\"80\">104<\/td>\n<td width=\"299\">GARCIA PUERTAS, MARIA ISABEL<\/td>\n<\/tr>\n<tr>\n<td width=\"80\">105<\/td>\n<td width=\"299\">GOGOLEVA GOGOLEVA, MARIA<\/td>\n<\/tr>\n<tr>\n<td width=\"80\">106<\/td>\n<td width=\"299\">GOM\u00c9 GORD\u00d3N, MARTA<\/td>\n<\/tr>\n<tr>\n<td width=\"80\">107<\/td>\n<td width=\"299\">G\u00d3MEZ COBO, MAR\u00cdA<\/td>\n<\/tr>\n<tr>\n<td width=\"80\">108<\/td>\n<td width=\"299\">GOMEZ LOPEZ, LUC\u00cdA<\/td>\n<\/tr>\n<tr>\n<td width=\"80\">109<\/td>\n<td width=\"299\">GOMEZ ORTIZ, IGNACIO JULIAN<\/td>\n<\/tr>\n<tr>\n<td width=\"80\">110<\/td>\n<td width=\"299\">GOMEZ RAMIREZ, SANDRA TATIANA<\/td>\n<\/tr>\n<tr>\n<td width=\"80\">111<\/td>\n<td width=\"299\">GOMEZ UNCILLA, ELENA<\/td>\n<\/tr>\n<tr>\n<td width=\"80\">112<\/td>\n<td width=\"299\">GONZALEZ BENITO, ALBERTO<\/td>\n<\/tr>\n<tr>\n<td width=\"80\">113<\/td>\n<td width=\"299\">GONZALEZ CAGIGAS, DOMINGO<\/td>\n<\/tr>\n<tr>\n<td width=\"80\">114<\/td>\n<td width=\"299\">GONZALEZ CASTILLO, MACARENA<\/td>\n<\/tr>\n<tr>\n<td width=\"80\">115<\/td>\n<td width=\"299\">GONZALEZ CEBALLOS, CARMEN<\/td>\n<\/tr>\n<tr>\n<td width=\"80\">116<\/td>\n<td width=\"299\">GONZALEZ COLIO, BALBINA<\/td>\n<\/tr>\n<tr>\n<td width=\"80\">117<\/td>\n<td width=\"299\">GONZALEZ FERNANDEZ, FRANCISCO<\/td>\n<\/tr>\n<tr>\n<td width=\"80\">118<\/td>\n<td width=\"299\">GONZALEZ FERNANDEZ, PAULA<\/td>\n<\/tr>\n<tr>\n<td width=\"80\">119<\/td>\n<td width=\"299\">GONZALEZ MALNERO, ESTEFANIA<\/td>\n<\/tr>\n<tr>\n<td width=\"80\">120<\/td>\n<td width=\"299\">GONZALEZ MARTINEZ, ESTHER<\/td>\n<\/tr>\n<tr>\n<td width=\"80\">121<\/td>\n<td width=\"299\">GONZALEZ MORENO, NATALIA<\/td>\n<\/tr>\n<tr>\n<td width=\"80\">122<\/td>\n<td width=\"299\">GONZALEZ RUIZ, MARIA ANG\u00c9LICA<\/td>\n<\/tr>\n<tr>\n<td width=\"80\">123<\/td>\n<td width=\"299\">GONZALEZ YUSTE, LOURDES<\/td>\n<\/tr>\n<tr>\n<td width=\"80\">124<\/td>\n<td width=\"299\">GUTIERREZ ALT\u00d3NAGA, FERNANDO<\/td>\n<\/tr>\n<tr>\n<td width=\"80\">125<\/td>\n<td width=\"299\">GUTIERREZ DIEGO, LEONOR<\/td>\n<\/tr>\n<tr>\n<td width=\"80\">126<\/td>\n<td width=\"299\">GUTIERREZ FERNANDEZ, \u00c1NGELA<\/td>\n<\/tr>\n<tr>\n<td width=\"80\">127<\/td>\n<td width=\"299\">GUTIERREZ FERNANDEZ, C\u00c9SAR<\/td>\n<\/tr>\n<tr>\n<td width=\"80\">128<\/td>\n<td width=\"299\">GUTIERREZ PARDO, SARA<\/td>\n<\/tr>\n<tr>\n<td width=\"80\">129<\/td>\n<td width=\"299\">GUTIERREZ REVUELTA, MAR\u00cdA<\/td>\n<\/tr>\n<tr>\n<td width=\"80\">130<\/td>\n<td width=\"299\">HAJRI HAJRI, MOKHLES<\/td>\n<\/tr>\n<tr>\n<td width=\"80\">131<\/td>\n<td width=\"299\">HELGUERA ARANGUREN, ANA<\/td>\n<\/tr>\n<tr>\n<td width=\"80\">132<\/td>\n<td width=\"299\">HERMOSILLA SAEZ, SONIA<\/td>\n<\/tr>\n<tr>\n<td width=\"80\">133<\/td>\n<td width=\"299\">HERN\u00c1NDEZ ARANCHETA, SILVIA<\/td>\n<\/tr>\n<tr>\n<td width=\"80\">134<\/td>\n<td width=\"299\">HERN\u00c1NDEZ GUTI\u00c9RREZ, GUSTAVO<\/td>\n<\/tr>\n<tr>\n<td width=\"80\">135<\/td>\n<td width=\"299\">HERNANDEZ TORREMOCHA, MARIA JOS\u00c9<\/td>\n<\/tr>\n<tr>\n<td width=\"80\">136<\/td>\n<td width=\"299\">HERRERA POLANCO, MARGARITA<\/td>\n<\/tr>\n<tr>\n<td width=\"80\">137<\/td>\n<td width=\"299\">HERRERIA LAMBERT, LAURA<\/td>\n<\/tr>\n<tr>\n<td width=\"80\">138<\/td>\n<td width=\"299\">HERRERIAS SAIZ, BEATRIZ<\/td>\n<\/tr>\n<tr>\n<td width=\"80\">139<\/td>\n<td width=\"299\">HIERRO ALVARADO, MARIA BEL\u00c9N<\/td>\n<\/tr>\n<tr>\n<td width=\"80\">140<\/td>\n<td width=\"299\">HOSPITAL CORREA, LUCRECIA<\/td>\n<\/tr>\n<tr>\n<td width=\"80\">141<\/td>\n<td width=\"299\">HOYOS \u00c1LVAREZ, M\u00d3NICA<\/td>\n<\/tr>\n<tr>\n<td width=\"80\">142<\/td>\n<td width=\"299\">HOZ CA\u00d1IZO, FERNANDO<\/td>\n<\/tr>\n<tr>\n<td width=\"80\">143<\/td>\n<td width=\"299\">HURTADO LARREA, LAURA<\/td>\n<\/tr>\n<tr>\n<td width=\"80\">144<\/td>\n<td width=\"299\">IAMNITCHI, ANCA ROXANA<\/td>\n<\/tr>\n<tr>\n<td width=\"80\">145<\/td>\n<td width=\"299\">IB\u00c1N MENCIA, ENRIQUE<\/td>\n<\/tr>\n<tr>\n<td width=\"80\">146<\/td>\n<td width=\"299\">IBA\u00d1EZ SENDINO, LAURA<\/td>\n<\/tr>\n<tr>\n<td width=\"80\">147<\/td>\n<td width=\"299\">IBASETA FERNANDEZ, VICTOR<\/td>\n<\/tr>\n<tr>\n<td width=\"80\">148<\/td>\n<td width=\"299\">INCERA VALLEJO, ANDREA<\/td>\n<\/tr>\n<tr>\n<td width=\"80\">149<\/td>\n<td width=\"299\">ISLA SALCINES, MARIA DEL CARMEN<\/td>\n<\/tr>\n<tr>\n<td width=\"80\">150<\/td>\n<td width=\"299\">JUNQUERA PELAEZ, NURIA<\/td>\n<\/tr>\n<tr>\n<td width=\"80\">151<\/td>\n<td width=\"299\">LAFUENTE HOYO, RAQUEL<\/td>\n<\/tr>\n<tr>\n<td width=\"80\">152<\/td>\n<td width=\"299\">LAGUILLO GUTIERREZ, PABLO<\/td>\n<\/tr>\n<tr>\n<td width=\"80\">153<\/td>\n<td width=\"299\">LANTAR\u00d3N ARIZMENDI, EDURNE<\/td>\n<\/tr>\n<tr>\n<td width=\"80\">154<\/td>\n<td width=\"299\">LANZA BOLADO, PABLO<\/td>\n<\/tr>\n<tr>\n<td width=\"80\">155<\/td>\n<td width=\"299\">LASTRA DEL REY, ABEL<\/td>\n<\/tr>\n<tr>\n<td width=\"80\">156<\/td>\n<td width=\"299\">LASTRA DEL REY, REBECA<\/td>\n<\/tr>\n<tr>\n<td width=\"80\">157<\/td>\n<td width=\"299\">LINERO QUESADA, MARIA ISABEL<\/td>\n<\/tr>\n<tr>\n<td width=\"80\">158<\/td>\n<td width=\"299\">LIR\u00d3N IPARRAGUIRRE, MARIA JOANA<\/td>\n<\/tr>\n<tr>\n<td width=\"80\">159<\/td>\n<td width=\"299\">LOPEZ CABALLERO, MARIA<\/td>\n<\/tr>\n<tr>\n<td width=\"80\">160<\/td>\n<td width=\"299\">LOPEZ CAGIGAS, JOSE MANUEL<\/td>\n<\/tr>\n<tr>\n<td width=\"80\">161<\/td>\n<td width=\"299\">LOPEZ MACHO, CARMEN<\/td>\n<\/tr>\n<tr>\n<td width=\"80\">162<\/td>\n<td width=\"299\">LOZANO FERNANDEZ, ALEXANDRA<\/td>\n<\/tr>\n<tr>\n<td width=\"80\">163<\/td>\n<td width=\"299\">MACIAS VILLALOBOS, ARACELI<\/td>\n<\/tr>\n<tr>\n<td width=\"80\">164<\/td>\n<td width=\"299\">MARA\u00d1ON GANDARILLAS, MARIA LUISA<\/td>\n<\/tr>\n<tr>\n<td width=\"80\">165<\/td>\n<td width=\"299\">MARQUEZ ESCUDERO, FRANCISCA<\/td>\n<\/tr>\n<tr>\n<td width=\"80\">166<\/td>\n<td width=\"299\">MARTIN MARTINEZ, LIDIA<\/td>\n<\/tr>\n<tr>\n<td width=\"80\">167<\/td>\n<td width=\"299\">MARTIN RAMIREZ, MIGUEL ANGEL<\/td>\n<\/tr>\n<tr>\n<td width=\"80\">168<\/td>\n<td width=\"299\">MARTIN TORRE, ALDA<\/td>\n<\/tr>\n<tr>\n<td width=\"80\">169<\/td>\n<td width=\"299\">MARTINEZ BARTOLOME, CRISTINA<\/td>\n<\/tr>\n<tr>\n<td width=\"80\">170<\/td>\n<td width=\"299\">MARTINEZ CRESPO, NURIA<\/td>\n<\/tr>\n<tr>\n<td width=\"80\">171<\/td>\n<td width=\"299\">MARTINEZ DE LA FUENTE FUNCIA, REBECA<\/td>\n<\/tr>\n<tr>\n<td width=\"80\">172<\/td>\n<td width=\"299\">MARTINEZ DIAZ, VANESA<\/td>\n<\/tr>\n<tr>\n<td width=\"80\">173<\/td>\n<td width=\"299\">MARTINEZ GOMEZ, FRANCISCO JAVIER<\/td>\n<\/tr>\n<tr>\n<td width=\"80\">174<\/td>\n<td width=\"299\">MARTINEZ GOMEZ, NURIA<\/td>\n<\/tr>\n<tr>\n<td width=\"80\">175<\/td>\n<td width=\"299\">MARTINEZ IBA\u00d1EZ, VANESA<\/td>\n<\/tr>\n<tr>\n<td width=\"80\">176<\/td>\n<td width=\"299\">MARTINEZ INCERA, CRISTINA<\/td>\n<\/tr>\n<tr>\n<td width=\"80\">177<\/td>\n<td width=\"299\">MARTINEZ MIERA, LUCIA<\/td>\n<\/tr>\n<tr>\n<td width=\"80\">178<\/td>\n<td width=\"299\">MARTINEZ RIVAS, VIRGINIA<\/td>\n<\/tr>\n<tr>\n<td width=\"80\">179<\/td>\n<td width=\"299\">MARTINEZ SAINZ-AJA, ALBERTO<\/td>\n<\/tr>\n<tr>\n<td width=\"80\">180<\/td>\n<td width=\"299\">MARTINEZ SANCHEZ, OLIVIA<\/td>\n<\/tr>\n<tr>\n<td width=\"80\">181<\/td>\n<td width=\"299\">MARTINEZ UGARTE, RAQUEL<\/td>\n<\/tr>\n<tr>\n<td width=\"80\">182<\/td>\n<td width=\"299\">MEDINA GOMEZ, PATRICIA<\/td>\n<\/tr>\n<tr>\n<td width=\"80\">183<\/td>\n<td width=\"299\">MEIRELES ESTRADA, NOELIA<\/td>\n<\/tr>\n<tr>\n<td width=\"80\">184<\/td>\n<td width=\"299\">MERINO CLEMENTE, MARIA TERESA<\/td>\n<\/tr>\n<tr>\n<td width=\"80\">185<\/td>\n<td width=\"299\">MERINO FERNANDEZ, MARTA<\/td>\n<\/tr>\n<tr>\n<td width=\"80\">186<\/td>\n<td width=\"299\">MIGUEL DE ALVARADO, MARIA<\/td>\n<\/tr>\n<tr>\n<td width=\"80\">187<\/td>\n<td width=\"299\">MIGUEL CORREDERA, MARGARITA<\/td>\n<\/tr>\n<tr>\n<td width=\"80\">188<\/td>\n<td width=\"299\">MONTERO LOSA, FRANCISCO JAVIER<\/td>\n<\/tr>\n<tr>\n<td width=\"80\">189<\/td>\n<td width=\"299\">MORALES FERNANDEZ, AMANDA<\/td>\n<\/tr>\n<tr>\n<td width=\"80\">190<\/td>\n<td width=\"299\">MORALES SANTIBA\u00d1EZ, ANA<\/td>\n<\/tr>\n<tr>\n<td width=\"80\">191<\/td>\n<td width=\"299\">MORENO CAMINO, EMMA<\/td>\n<\/tr>\n<tr>\n<td width=\"80\">192<\/td>\n<td width=\"299\">MU\u00d1OZ CARRIEDO, ANA ISABEL<\/td>\n<\/tr>\n<tr>\n<td width=\"80\">193<\/td>\n<td width=\"299\">MU\u00d1OZ FERNANDEZ, FRANCISCO JAVIER<\/td>\n<\/tr>\n<tr>\n<td width=\"80\">194<\/td>\n<td width=\"299\">NAVARRETE IDROBO, DIANA LISBETH<\/td>\n<\/tr>\n<tr>\n<td width=\"80\">195<\/td>\n<td width=\"299\">NAVASCUEZ NATES, ALBA<\/td>\n<\/tr>\n<tr>\n<td width=\"80\">196<\/td>\n<td width=\"299\">NU\u00d1EZ ORTIZ, MARIA JOSE<\/td>\n<\/tr>\n<tr>\n<td width=\"80\">197<\/td>\n<td width=\"299\">OCHOA CABEZA, NICOLAS<\/td>\n<\/tr>\n<tr>\n<td width=\"80\">198<\/td>\n<td width=\"299\">ODRIOZOLA FUENTE, ITXASO<\/td>\n<\/tr>\n<tr>\n<td width=\"80\">199<\/td>\n<td width=\"299\">ONANDIA PEREZ, MARIA INES<\/td>\n<\/tr>\n<tr>\n<td width=\"80\">200<\/td>\n<td width=\"299\">ORE\u00d1A CIBRIAN, MONICA<\/td>\n<\/tr>\n<tr>\n<td width=\"80\">201<\/td>\n<td width=\"299\">ORTEGA PRADO, RAQUEL<\/td>\n<\/tr>\n<tr>\n<td width=\"80\">202<\/td>\n<td width=\"299\">ORTIZ GUTIERREZ, MARIA LUZDIVINA<\/td>\n<\/tr>\n<tr>\n<td width=\"80\">203<\/td>\n<td width=\"299\">ORTIZ MAZA, MIREN<\/td>\n<\/tr>\n<tr>\n<td width=\"80\">204<\/td>\n<td width=\"299\">ORTIZ SANCHEZ, LAURA<\/td>\n<\/tr>\n<tr>\n<td width=\"80\">205<\/td>\n<td width=\"299\">OTI GUTIERREZ, NURIA<\/td>\n<\/tr>\n<tr>\n<td width=\"80\">206<\/td>\n<td width=\"299\">PALACIO IRAZABAL, TAMARA<\/td>\n<\/tr>\n<tr>\n<td width=\"80\">207<\/td>\n<td width=\"299\">PALACIO LUENA, PATRICIA<\/td>\n<\/tr>\n<tr>\n<td width=\"80\">208<\/td>\n<td width=\"299\">PARRILLA DOMINGUEZ, ANA MARIA<\/td>\n<\/tr>\n<tr>\n<td width=\"80\">209<\/td>\n<td width=\"299\">PELAYO LOPEZ, MARIA TERESA<\/td>\n<\/tr>\n<tr>\n<td width=\"80\">210<\/td>\n<td width=\"299\">PE\u00d1A SAIZ, MARIA<\/td>\n<\/tr>\n<tr>\n<td width=\"80\">211<\/td>\n<td width=\"299\">PEREDA CARRA, DANIEL<\/td>\n<\/tr>\n<tr>\n<td width=\"80\">212<\/td>\n<td width=\"299\">PEREDA GOMEZ, JESUS<\/td>\n<\/tr>\n<tr>\n<td width=\"80\">213<\/td>\n<td width=\"299\">PEREDO MADRAZO, MARIA SOLEDAD<\/td>\n<\/tr>\n<tr>\n<td width=\"80\">214<\/td>\n<td width=\"299\">PEREZ ABASCAL, ROSA MARIA<\/td>\n<\/tr>\n<tr>\n<td width=\"80\">215<\/td>\n<td width=\"299\">PEREZ ALDONZA, MONICA<\/td>\n<\/tr>\n<tr>\n<td width=\"80\">216<\/td>\n<td width=\"299\">PEREZ ARCO, ANGEL TOMAS<\/td>\n<\/tr>\n<tr>\n<td width=\"80\">217<\/td>\n<td width=\"299\">PEREZ DIAZ, ANGELA<\/td>\n<\/tr>\n<tr>\n<td width=\"80\">218<\/td>\n<td width=\"299\">PEREZ GONZALEZ, EVA<\/td>\n<\/tr>\n<tr>\n<td width=\"80\">219<\/td>\n<td width=\"299\">PEREZ HERNANDEZ, MARIA DEL MAR<\/td>\n<\/tr>\n<tr>\n<td width=\"80\">220<\/td>\n<td width=\"299\">PEREZ LOPEZ, AINARA<\/td>\n<\/tr>\n<tr>\n<td width=\"80\">221<\/td>\n<td width=\"299\">PEREZ PASCUAL MARTA<\/td>\n<\/tr>\n<tr>\n<td width=\"80\">222<\/td>\n<td width=\"299\">PERNIA HORMAZABAL, NOELIA<\/td>\n<\/tr>\n<tr>\n<td width=\"80\">223<\/td>\n<td width=\"299\">PIQUERES BILBAO, EUGENIA SUSANA<\/td>\n<\/tr>\n<tr>\n<td width=\"80\">224<\/td>\n<td width=\"299\">PORRAS DALAMA, CRISTINA<\/td>\n<\/tr>\n<tr>\n<td width=\"80\">225<\/td>\n<td width=\"299\">PUENTE FERNANDEZ, ANGEL<\/td>\n<\/tr>\n<tr>\n<td width=\"80\">226<\/td>\n<td width=\"299\">PUERTA BARTOLOME, BLANCA<\/td>\n<\/tr>\n<tr>\n<td width=\"80\">227<\/td>\n<td width=\"299\">PUERTAS REMONDO, CARMEN MARIA<\/td>\n<\/tr>\n<tr>\n<td width=\"80\">228<\/td>\n<td width=\"299\">QUEVEDO BUENO, PATRICIA<\/td>\n<\/tr>\n<tr>\n<td width=\"80\">229<\/td>\n<td width=\"299\">QUEVEDO TORRE, AMALIA<\/td>\n<\/tr>\n<tr>\n<td width=\"80\">230<\/td>\n<td width=\"299\">QUINTANA MARTINEZ, JOSE MANUEL<\/td>\n<\/tr>\n<tr>\n<td width=\"80\">231<\/td>\n<td width=\"299\">REBOLLAR GALLARDO, NATALIA<\/td>\n<\/tr>\n<tr>\n<td width=\"80\">232<\/td>\n<td width=\"299\">RECIO ALVAREZ, CARLOS ELIAS<\/td>\n<\/tr>\n<tr>\n<td width=\"80\">233<\/td>\n<td width=\"299\">REVUELTA ARAUJO, MARIA ZULEMA<\/td>\n<\/tr>\n<tr>\n<td width=\"80\">234<\/td>\n<td width=\"299\">REVUELTA MAZA, SARA<\/td>\n<\/tr>\n<tr>\n<td width=\"80\">235<\/td>\n<td width=\"299\">REVUELTA SALCINES, ALBERTO<\/td>\n<\/tr>\n<tr>\n<td width=\"80\">236<\/td>\n<td width=\"299\">REYES CRUZ, RUBEN DARIO<\/td>\n<\/tr>\n<tr>\n<td width=\"80\">237<\/td>\n<td width=\"299\">RIESGO PEREZ, ALEJANDRO<\/td>\n<\/tr>\n<tr>\n<td width=\"80\">238<\/td>\n<td width=\"299\">RIOS MONTOYA, VICTOR<\/td>\n<\/tr>\n<tr>\n<td width=\"80\">239<\/td>\n<td width=\"299\">ROCES TRABANCO, ALBERTO<\/td>\n<\/tr>\n<tr>\n<td width=\"80\">240<\/td>\n<td width=\"299\">RODRIGUEZ ANTOLIN, BEATRIZ<\/td>\n<\/tr>\n<tr>\n<td width=\"80\">241<\/td>\n<td width=\"299\">RODRIGUEZ CERCAS, RAQUEL<\/td>\n<\/tr>\n<tr>\n<td width=\"80\">242<\/td>\n<td width=\"299\">RODRIGUEZ QUINTANAL, ANA<\/td>\n<\/tr>\n<tr>\n<td width=\"80\">243<\/td>\n<td width=\"299\">RODRIGUEZ MARSELLA, ANTONIO<\/td>\n<\/tr>\n<tr>\n<td width=\"80\">244<\/td>\n<td width=\"299\">RODRIGUEZ RAMOS, MARIA DEL MAR<\/td>\n<\/tr>\n<tr>\n<td width=\"80\">245<\/td>\n<td width=\"299\">RODRIGUEZ RIVERO, ROSA<\/td>\n<\/tr>\n<tr>\n<td width=\"80\">246<\/td>\n<td width=\"299\">RODRIGUEZ SUAREZ, MAURA<\/td>\n<\/tr>\n<tr>\n<td width=\"80\">247<\/td>\n<td width=\"299\">ROMERO MENCIA, SHEILA<\/td>\n<\/tr>\n<tr>\n<td width=\"80\">248<\/td>\n<td width=\"299\">ROZAS MIGUELEZ, DIEGO<\/td>\n<\/tr>\n<tr>\n<td width=\"80\">249<\/td>\n<td width=\"299\">RUEDA LOPEZ, IVAN<\/td>\n<\/tr>\n<tr>\n<td width=\"80\">250<\/td>\n<td width=\"299\">RUGAMA ONTALVILLA, MARIA BEGO\u00d1A<\/td>\n<\/tr>\n<tr>\n<td width=\"80\">251<\/td>\n<td width=\"299\">RUIZ CIFRIAN, RAQUEL<\/td>\n<\/tr>\n<tr>\n<td width=\"80\">252<\/td>\n<td width=\"299\">RUIZ FERNANDEZ, VERONICA<\/td>\n<\/tr>\n<tr>\n<td width=\"80\">253<\/td>\n<td width=\"299\">RUIZ IBORRAS, CARLOS<\/td>\n<\/tr>\n<tr>\n<td width=\"80\">254<\/td>\n<td width=\"299\">RUIZ LASO, JARA<\/td>\n<\/tr>\n<tr>\n<td width=\"80\">255<\/td>\n<td width=\"299\">RUIZ MARTIN, ROSA<\/td>\n<\/tr>\n<tr>\n<td width=\"80\">256<\/td>\n<td width=\"299\">RUIZ RODRIGUEZ, DIANA<\/td>\n<\/tr>\n<tr>\n<td width=\"80\">257<\/td>\n<td width=\"299\">SAINZ MARTINEZ, JAVIER<\/td>\n<\/tr>\n<tr>\n<td width=\"80\">258<\/td>\n<td width=\"299\">SAIZ FERNANDEZ, JOSE ANGEL<\/td>\n<\/tr>\n<tr>\n<td width=\"80\">259<\/td>\n<td width=\"299\">SAIZ GARCIA, FRANCISCO JAVIER<\/td>\n<\/tr>\n<tr>\n<td width=\"80\">260<\/td>\n<td width=\"299\">SAIZ GARCIA, NATALIA<\/td>\n<\/tr>\n<tr>\n<td width=\"80\">261<\/td>\n<td width=\"299\">SAIZ LOPEZ, ANGELA<\/td>\n<\/tr>\n<tr>\n<td width=\"80\">262<\/td>\n<td width=\"299\">SAIZ SALMON, MARIA DEL ROSARIO<\/td>\n<\/tr>\n<tr>\n<td width=\"80\">263<\/td>\n<td width=\"299\">SAIZ ZANCADA, IRENE<\/td>\n<\/tr>\n<tr>\n<td width=\"80\">264<\/td>\n<td width=\"299\">SAMPEDRO ORTIZ, ENRIQUE<\/td>\n<\/tr>\n<tr>\n<td width=\"80\">265<\/td>\n<td width=\"299\">SAN EMETERIO EGUEN, CARLOS<\/td>\n<\/tr>\n<tr>\n<td width=\"80\">266<\/td>\n<td width=\"299\">SAN EMETERIO OCERIN, CRISTINA<\/td>\n<\/tr>\n<tr>\n<td width=\"80\">267<\/td>\n<td width=\"299\">SAN JUAN CARDENAL, RITA<\/td>\n<\/tr>\n<tr>\n<td width=\"80\">268<\/td>\n<td width=\"299\">SANCHEZ MERINO, JESICA<\/td>\n<\/tr>\n<tr>\n<td width=\"80\">269<\/td>\n<td width=\"299\">SANCHO RUIZ, MARIA DOLORES<\/td>\n<\/tr>\n<tr>\n<td width=\"80\">270<\/td>\n<td width=\"299\">SANROMA GARRIDO, CARLOS<\/td>\n<\/tr>\n<tr>\n<td width=\"80\">271<\/td>\n<td width=\"299\">SAN ROMAN CASTILLO, MARIA ALEJANDRA<\/td>\n<\/tr>\n<tr>\n<td width=\"80\">272<\/td>\n<td width=\"299\">SAN ROMAN GARCIA, JESUS<\/td>\n<\/tr>\n<tr>\n<td width=\"80\">273<\/td>\n<td width=\"299\">SANCHEZ MAZORRA, JIMENA<\/td>\n<\/tr>\n<tr>\n<td width=\"80\">274<\/td>\n<td width=\"299\">SANCHEZ SANTOS, ALEJANDRO MARIO<\/td>\n<\/tr>\n<tr>\n<td width=\"80\">275<\/td>\n<td width=\"299\">SANGRONIZ EXPOSITO, VERONICA<\/td>\n<\/tr>\n<tr>\n<td width=\"80\">276<\/td>\n<td width=\"299\">SANTALLANA ALONSO, RAQUEL<\/td>\n<\/tr>\n<tr>\n<td width=\"80\">277<\/td>\n<td width=\"299\">SANTAMARIA CAVADA, ROSA MAR\u00cdA<\/td>\n<\/tr>\n<tr>\n<td width=\"80\">278<\/td>\n<td width=\"299\">SERRANO BEDIA, MATILDE BEGO\u00d1A<\/td>\n<\/tr>\n<tr>\n<td width=\"80\">279<\/td>\n<td width=\"299\">SETIEN BERODIA, VANESA<\/td>\n<\/tr>\n<tr>\n<td width=\"80\">280<\/td>\n<td width=\"299\">SIERRA FEIJO, OLGA<\/td>\n<\/tr>\n<tr>\n<td width=\"80\">281<\/td>\n<td width=\"299\">SIMON MONTE, CRISTINA<\/td>\n<\/tr>\n<tr>\n<td width=\"80\">282<\/td>\n<td width=\"299\">SOLAR COBO, MARIA DE LOS ANGELES<\/td>\n<\/tr>\n<tr>\n<td width=\"80\">283<\/td>\n<td width=\"299\">SOLARES CAPELLAN, FATIMA<\/td>\n<\/tr>\n<tr>\n<td width=\"80\">284<\/td>\n<td width=\"299\">SOLARES CAPELLAN, MARGARITA<\/td>\n<\/tr>\n<tr>\n<td width=\"80\">285<\/td>\n<td width=\"299\">SORDO LIZ, ALBA<\/td>\n<\/tr>\n<tr>\n<td width=\"80\">286<\/td>\n<td width=\"299\">TORRE DIEGO, ROSALIA OLGA<\/td>\n<\/tr>\n<tr>\n<td width=\"80\">287<\/td>\n<td width=\"299\">TRUEBA CASO, DIEGO<\/td>\n<\/tr>\n<tr>\n<td width=\"80\">288<\/td>\n<td width=\"299\">URIONABARRENECHEA JAYO, ZIORTZA<\/td>\n<\/tr>\n<tr>\n<td width=\"80\">289<\/td>\n<td width=\"299\">VALDES GONZALEZ, CELESTINO<\/td>\n<\/tr>\n<tr>\n<td width=\"80\">290<\/td>\n<td width=\"299\">VAZQUEZ FIJO, NEREA<\/td>\n<\/tr>\n<tr>\n<td width=\"80\">291<\/td>\n<td width=\"299\">VEGA SANTAMARIA, MARIA CARMEN<\/td>\n<\/tr>\n<tr>\n<td width=\"80\">292<\/td>\n<td width=\"299\">VELASCO ROMO, ANA MARIA<\/td>\n<\/tr>\n<tr>\n<td width=\"80\">293<\/td>\n<td width=\"299\">VELEZ HUMARA, CHRISTIAN<\/td>\n<\/tr>\n<tr>\n<td width=\"80\">294<\/td>\n<td width=\"299\">VILLEGAS GONZALEZ, SARA<\/td>\n<\/tr>\n<tr>\n<td width=\"80\">295<\/td>\n<td width=\"299\">YUSTA PINO, CRISTINA<\/td>\n<\/tr>\n<tr>\n<td width=\"80\">296<\/td>\n<td width=\"299\">ZAMORA MARTIN, MARIA DEL PILAR<\/td>\n<\/tr>\n<\/tbody>\n<\/table>\n<p><strong>ASPIRANTES EXCLUIDOS <\/strong><\/p>\n<table width=\"536\">\n<tbody>\n<tr>\n<td width=\"227\">BENITO RAMOS, MARTA<\/td>\n<td width=\"97\">(1) (4)<\/td>\n<td width=\"213\">FALTA COMPULSA DOCUMENTACI\u00d3N Y FIRMA DE SOLICITUD<\/td>\n<\/tr>\n<tr>\n<td width=\"227\">CUARTAS DIEZ, CRISTINA<\/td>\n<td width=\"97\">(2)<\/td>\n<td width=\"213\">TASA REDUCIDA Y NO ACREDITA DERECHO A REDUCCI\u00d3N<\/td>\n<\/tr>\n<tr>\n<td width=\"227\">DE VICENTE ROVIRA, LAURA JULIA<\/td>\n<td width=\"97\">(2)<\/td>\n<td width=\"213\">TASA REDUCIDA Y NO ACREDITA DERECHO A REDUCCI\u00d3N<\/td>\n<\/tr>\n<tr>\n<td width=\"227\">DONOSTEGUI PARADA, MARIA ELOY<\/td>\n<td width=\"97\">(2)<\/td>\n<td width=\"213\">NO ACREDITA TITULACI\u00d3N<\/td>\n<\/tr>\n<tr>\n<td width=\"227\">GOMEZ PEREZ, MARIA ANGELES<\/td>\n<td width=\"97\">(1)\u00a0\u00a0\u00a0 (4)<\/td>\n<td width=\"213\">DOCUMENTACI\u00d3N NO COMPULSADA<\/td>\n<\/tr>\n<tr>\n<td width=\"227\">GONZALEZ REVUELTA, PAULA<\/td>\n<td width=\"97\">(2)<\/td>\n<td width=\"213\">NO ACREDITA PAGO TASA<\/td>\n<\/tr>\n<tr>\n<td width=\"227\">GONZALEZ RIVERO, NURIA<\/td>\n<td width=\"97\">(2)<\/td>\n<td width=\"213\">NO ACREDITA PAGO TASA<\/td>\n<\/tr>\n<tr>\n<td width=\"227\">GONZALEZ SORDO, ALEJANDRA<\/td>\n<td width=\"97\">(2)<\/td>\n<td width=\"213\">\u00a0TASA REDUCIDA Y NO ACREDITA DERECHO A REDUCCI\u00d3N<\/td>\n<\/tr>\n<tr>\n<td width=\"227\">HERNANDO FERNANDEZ, ALICIA<\/td>\n<td width=\"97\">(2)<\/td>\n<td width=\"213\">FALTA TASA<\/td>\n<\/tr>\n<tr>\n<td width=\"227\">JORGE GARCIA, PATRICIA<\/td>\n<td width=\"97\">(2)<\/td>\n<td width=\"213\">FALTA PAGO TASA<\/td>\n<\/tr>\n<tr>\n<td width=\"227\">LASO ORTIZ, ROCIO<\/td>\n<td width=\"97\">(6)<\/td>\n<td width=\"213\">PRESENTACION INSTANCIA FUERA DE PLAZO<\/td>\n<\/tr>\n<tr>\n<td width=\"227\">MANTECON DIEGO, ISRAEL<\/td>\n<td width=\"97\">(2)<\/td>\n<td width=\"213\">NO APORTA PAGO TASAS (IMPORTE 8 EUROS)<\/td>\n<\/tr>\n<tr>\n<td width=\"227\">MOLINER CARRERES, PATRICIA<\/td>\n<td width=\"97\">(1)\u00a0\u00a0\u00a0 (4)<\/td>\n<td width=\"213\">DNI Y TITULACION SIN COMPULSAR<\/td>\n<\/tr>\n<tr>\n<td width=\"227\">MOLLEDA GARCIA, PATRICIA<\/td>\n<td width=\"97\">(1)<\/td>\n<td width=\"213\">SUBSANAR EL DNI POR NO ESTAR COMPLETO<\/td>\n<\/tr>\n<tr>\n<td width=\"227\">OLANO IGLESIAS, MARIA<\/td>\n<td width=\"97\">(2)<\/td>\n<td width=\"213\">TASA REDUCIDA Y NO ACREDITA DERECHO A REDUCCI\u00d3N<\/td>\n<\/tr>\n<tr>\n<td width=\"227\">ORTIZ ARENAL, AROA<\/td>\n<td width=\"97\">(2)<\/td>\n<td width=\"213\">TASA REDUCIDA Y NO ACREDITA DERECHO A REDUCCI\u00d3N<\/td>\n<\/tr>\n<tr>\n<td width=\"227\">RANERO RUIZ, CRISTINA<\/td>\n<td width=\"97\">(2)<\/td>\n<td width=\"213\">TASA REDUCIDA Y NO ACREDITA DERECHO A REDUCCI\u00d3N<\/td>\n<\/tr>\n<tr>\n<td width=\"227\">RUANO RUGAMA, JAVIER<\/td>\n<td width=\"97\">(2)<\/td>\n<td width=\"213\">TASA REDUCIDA Y NO ACREDITA DERECHO A REDUCCI\u00d3N<\/td>\n<\/tr>\n<tr>\n<td width=\"227\">SAIZ GONZALEZ, ANA BELEN<\/td>\n<td width=\"97\">(4)<\/td>\n<td width=\"213\">FALTA TITULACION ACADEMICA<\/td>\n<\/tr>\n<tr>\n<td width=\"227\">SOLORZANO LOMA, MARIA ARANZAZU<\/td>\n<td width=\"97\">(2)<\/td>\n<td width=\"213\">JUSTIFICANTE PAGO TASAS<\/td>\n<\/tr>\n<tr>\n<td width=\"227\">VARELA GARCIA, MARIA TERESA<\/td>\n<td width=\"97\">(1)\u00a0\u00a0\u00a0 (4)<\/td>\n<td width=\"213\">COMPULSAR DNI Y NO ACREDITA LA TITULACION<\/td>\n<\/tr>\n<\/tbody>\n<\/table>\n<ul>\n<li><strong>(1) <\/strong>La falta de presentaci\u00f3n de fotocopia del DNI o Pasaporte, o que no est\u00e9n en vigor.<\/li>\n<li><strong>(2)<\/strong> La falta de presentaci\u00f3n del justificante del pago total de la tasa cuando el mismo se haya realizado dentro del plazo de presentaci\u00f3n de instancias.<\/li>\n<li><strong>(3) <\/strong>La falta de indicaci\u00f3n de la convocatoria en que se desea participar.<\/li>\n<li><strong>(4) <\/strong>Cumplimentaci\u00f3n incorrecta o incompleta de la instancia, cuando el error u omisi\u00f3n afecte a alguno de los datos m\u00ednimos a que se refiere el art\u00edculo 66.1 de la citada Ley 39\/2015, de 1 de octubre.<\/li>\n<li><strong>(5) <\/strong>La falta o insuficiente acreditaci\u00f3n de la representaci\u00f3n al presentar la solicitud, en su caso.<\/li>\n<li><strong>(6)<\/strong> La presentaci\u00f3n de la solicitud fuera de plazo.<\/li>\n<\/ul>\n<p><strong>Segundo.- <\/strong>Constituir el Tribunal calificador de las pruebas selectivas que estar\u00e1 integrado por los siguientes miembros:<\/p>\n<ul>\n<li><u>Vocales titulares<\/u>:<\/li>\n<li>Jos\u00e9 Ignacio S\u00e1nchez Mart\u00ednez, funcionario municipal<\/li>\n<li>V\u00edctor Lob\u00e1n Gonz\u00e1lez, funcionario municipal<\/li>\n<li>D\u00f1a. Ana Franco Mier, funcionaria municipal<\/li>\n<li>D\u00f1a. Mar\u00eda Concepci\u00f3n Santos Terr\u00f3n, funcionaria municipal<\/li>\n<li><u>Vocales suplentes<\/u>:<\/li>\n<li>Germ\u00e1n Garc\u00eda Calle, funcionario municipal<\/li>\n<li>Jes\u00fas \u00c1lvarez Montoto, funcionario municipal<\/li>\n<li>D\u00f1a. Laura Rodr\u00edguez Cand\u00e1s, funcionaria municipal<\/li>\n<li>D\u00f1a. Mar\u00eda Barriuso Pereda, funcionaria municipal<\/li>\n<\/ul>\n<p>\uf0a7\u00a0 <u>Secretaria del Tribunal<\/u> (con voz y voto): D\u00f1a. Paula Albors Ferreiro, Secretaria municipal.<\/p>\n<p>\uf0a7\u00a0 <u>Secretaria suplente del Tribunal<\/u> (con voz y voto): D\u00f1a. Marta Rebollo Santos, Secretaria municipal.<\/p>\n<p>El Tribunal podr\u00e1 nombrar a los colaboradores que considere necesarios para la realizaci\u00f3n de las pruebas selectivas.<\/p>\n<p><strong>Tercero.- <\/strong>Convocar a los\/as aspirantes para la realizaci\u00f3n de la correspondiente prueba selectiva el martes, veintinueve (29) de octubre de 2019, a las 10:30 horas, en el CEIP Pedro del Hoyo de Colindres.<\/p>\n<p>Publicaci\u00f3n que se realiza al amparo de la base 6 de las de selecci\u00f3n, y a efectos de general conocimiento.<\/p>\n<p>En Colindres, a la fecha de la firma electr\u00f3nica.<\/p>\n<p>El Alcalde,<\/p>\n<p>Javier Incera Goyenechea<\/p>\n<p><em>Documento firmado digitalmente (Ley 39\/2015, de 1 de octubre)<\/em><\/p>\n","protected":false},"excerpt":{"rendered":"<p>Por medio del presente anuncio, y una vez finalizado el plazo de presentaci\u00f3n de alegaciones o reclamaciones a la lista provisional de admitidos\/excluidos, se da publicidad al Decreto de Alcald\u00eda 648\/2019, de 21 de octubre de 2019, relativo a la relaci\u00f3n de admitidos\/excluidos definitiva, constituci\u00f3n de Tribunal calificador y convocatoria de realizaci\u00f3n de prueba selectiva, [&hellip;]<\/p>\n","protected":false},"author":1,"featured_media":14102,"comment_status":"open","ping_status":"closed","template":"","meta":{"_et_pb_use_builder":"","_et_pb_old_content":"","_et_gb_content_width":"","footnotes":""},"project_category":[6],"project_tag":[],"class_list":["post-14946","project","type-project","status-publish","has-post-thumbnail","hentry","project_category-noticias"],"yoast_head":"<!-- This site is optimized with the Yoast SEO plugin v24.9 - https:\/\/yoast.com\/wordpress\/plugins\/seo\/ -->\n<title>ANUNCIO RELACI\u00d3N DE ADMITIDOS\/EXCLUIDOS DEFINITIVA PARA LA FORMACI\u00d3N DE BOLSA DE TRABAJO DE LA SUBESCALA DE AUXILIAR DE ADMINISTRACI\u00d3N GENERAL (FUNCIONARIO INTERINO) - Ayuntamiento de Colindres<\/title>\n<meta name=\"robots\" content=\"index, follow, max-snippet:-1, max-image-preview:large, max-video-preview:-1\" \/>\n<link rel=\"canonical\" href=\"https:\/\/www.colindres.es\/index.php\/project\/anuncio-relacion-de-admitidos-excluidos-definitiva-para-la-formacion-de-bolsa-de-trabajo-de-la-subescala-de-auxiliar-de-administracion-general-funcionario-interino\/\" \/>\n<meta property=\"og:locale\" content=\"es_ES\" \/>\n<meta property=\"og:type\" content=\"article\" \/>\n<meta property=\"og:title\" content=\"ANUNCIO RELACI\u00d3N DE ADMITIDOS\/EXCLUIDOS DEFINITIVA PARA LA FORMACI\u00d3N DE BOLSA DE TRABAJO DE LA SUBESCALA DE AUXILIAR DE ADMINISTRACI\u00d3N GENERAL (FUNCIONARIO INTERINO) - Ayuntamiento de Colindres\" \/>\n<meta property=\"og:description\" content=\"Por medio del presente anuncio, y una vez finalizado el plazo de presentaci\u00f3n de alegaciones o reclamaciones a la lista provisional de admitidos\/excluidos, se da publicidad al Decreto de Alcald\u00eda 648\/2019, de 21 de octubre de 2019, relativo a la relaci\u00f3n de admitidos\/excluidos definitiva, constituci\u00f3n de Tribunal calificador y convocatoria de realizaci\u00f3n de prueba selectiva, [&hellip;]\" \/>\n<meta property=\"og:url\" content=\"https:\/\/www.colindres.es\/index.php\/project\/anuncio-relacion-de-admitidos-excluidos-definitiva-para-la-formacion-de-bolsa-de-trabajo-de-la-subescala-de-auxiliar-de-administracion-general-funcionario-interino\/\" \/>\n<meta property=\"og:site_name\" content=\"Ayuntamiento de Colindres\" \/>\n<meta property=\"og:image\" content=\"https:\/\/www.colindres.es\/wp-content\/uploads\/2019\/03\/IMG_9250-ok-2.jpg\" \/>\n\t<meta property=\"og:image:width\" content=\"5252\" \/>\n\t<meta property=\"og:image:height\" content=\"1280\" \/>\n\t<meta property=\"og:image:type\" content=\"image\/jpeg\" \/>\n<meta name=\"twitter:card\" content=\"summary_large_image\" \/>\n<meta name=\"twitter:label1\" content=\"Tiempo de lectura\" \/>\n\t<meta name=\"twitter:data1\" content=\"9 minutos\" \/>\n<script type=\"application\/ld+json\" class=\"yoast-schema-graph\">{\"@context\":\"https:\/\/schema.org\",\"@graph\":[{\"@type\":\"WebPage\",\"@id\":\"https:\/\/www.colindres.es\/index.php\/project\/anuncio-relacion-de-admitidos-excluidos-definitiva-para-la-formacion-de-bolsa-de-trabajo-de-la-subescala-de-auxiliar-de-administracion-general-funcionario-interino\/\",\"url\":\"https:\/\/www.colindres.es\/index.php\/project\/anuncio-relacion-de-admitidos-excluidos-definitiva-para-la-formacion-de-bolsa-de-trabajo-de-la-subescala-de-auxiliar-de-administracion-general-funcionario-interino\/\",\"name\":\"ANUNCIO RELACI\u00d3N DE ADMITIDOS\/EXCLUIDOS DEFINITIVA PARA LA FORMACI\u00d3N DE BOLSA DE TRABAJO DE LA SUBESCALA DE AUXILIAR DE ADMINISTRACI\u00d3N GENERAL (FUNCIONARIO INTERINO) - Ayuntamiento de Colindres\",\"isPartOf\":{\"@id\":\"https:\/\/www.colindres.es\/#website\"},\"primaryImageOfPage\":{\"@id\":\"https:\/\/www.colindres.es\/index.php\/project\/anuncio-relacion-de-admitidos-excluidos-definitiva-para-la-formacion-de-bolsa-de-trabajo-de-la-subescala-de-auxiliar-de-administracion-general-funcionario-interino\/#primaryimage\"},\"image\":{\"@id\":\"https:\/\/www.colindres.es\/index.php\/project\/anuncio-relacion-de-admitidos-excluidos-definitiva-para-la-formacion-de-bolsa-de-trabajo-de-la-subescala-de-auxiliar-de-administracion-general-funcionario-interino\/#primaryimage\"},\"thumbnailUrl\":\"https:\/\/www.colindres.es\/wp-content\/uploads\/2019\/03\/IMG_9250-ok-2.jpg\",\"datePublished\":\"2019-10-22T06:04:44+00:00\",\"breadcrumb\":{\"@id\":\"https:\/\/www.colindres.es\/index.php\/project\/anuncio-relacion-de-admitidos-excluidos-definitiva-para-la-formacion-de-bolsa-de-trabajo-de-la-subescala-de-auxiliar-de-administracion-general-funcionario-interino\/#breadcrumb\"},\"inLanguage\":\"es\",\"potentialAction\":[{\"@type\":\"ReadAction\",\"target\":[\"https:\/\/www.colindres.es\/index.php\/project\/anuncio-relacion-de-admitidos-excluidos-definitiva-para-la-formacion-de-bolsa-de-trabajo-de-la-subescala-de-auxiliar-de-administracion-general-funcionario-interino\/\"]}]},{\"@type\":\"ImageObject\",\"inLanguage\":\"es\",\"@id\":\"https:\/\/www.colindres.es\/index.php\/project\/anuncio-relacion-de-admitidos-excluidos-definitiva-para-la-formacion-de-bolsa-de-trabajo-de-la-subescala-de-auxiliar-de-administracion-general-funcionario-interino\/#primaryimage\",\"url\":\"https:\/\/www.colindres.es\/wp-content\/uploads\/2019\/03\/IMG_9250-ok-2.jpg\",\"contentUrl\":\"https:\/\/www.colindres.es\/wp-content\/uploads\/2019\/03\/IMG_9250-ok-2.jpg\",\"width\":5252,\"height\":1280,\"caption\":\"Casa de Serafina Exterior\"},{\"@type\":\"BreadcrumbList\",\"@id\":\"https:\/\/www.colindres.es\/index.php\/project\/anuncio-relacion-de-admitidos-excluidos-definitiva-para-la-formacion-de-bolsa-de-trabajo-de-la-subescala-de-auxiliar-de-administracion-general-funcionario-interino\/#breadcrumb\",\"itemListElement\":[{\"@type\":\"ListItem\",\"position\":1,\"name\":\"Portada\",\"item\":\"https:\/\/www.colindres.es\/\"},{\"@type\":\"ListItem\",\"position\":2,\"name\":\"Proyectos\",\"item\":\"https:\/\/www.colindres.es\/index.php\/project\/\"},{\"@type\":\"ListItem\",\"position\":3,\"name\":\"ANUNCIO RELACI\u00d3N DE ADMITIDOS\/EXCLUIDOS DEFINITIVA PARA LA FORMACI\u00d3N DE BOLSA DE TRABAJO DE LA SUBESCALA DE AUXILIAR DE ADMINISTRACI\u00d3N GENERAL (FUNCIONARIO INTERINO)\"}]},{\"@type\":\"WebSite\",\"@id\":\"https:\/\/www.colindres.es\/#website\",\"url\":\"https:\/\/www.colindres.es\/\",\"name\":\"Ayuntamiento de Colindres\",\"description\":\"Dise\u00f1ado por NTIC&#039;s\",\"publisher\":{\"@id\":\"https:\/\/www.colindres.es\/#organization\"},\"potentialAction\":[{\"@type\":\"SearchAction\",\"target\":{\"@type\":\"EntryPoint\",\"urlTemplate\":\"https:\/\/www.colindres.es\/?s={search_term_string}\"},\"query-input\":{\"@type\":\"PropertyValueSpecification\",\"valueRequired\":true,\"valueName\":\"search_term_string\"}}],\"inLanguage\":\"es\"},{\"@type\":\"Organization\",\"@id\":\"https:\/\/www.colindres.es\/#organization\",\"name\":\"AYUNTAMIENTO DE COLINDRES\",\"url\":\"https:\/\/www.colindres.es\/\",\"logo\":{\"@type\":\"ImageObject\",\"inLanguage\":\"es\",\"@id\":\"https:\/\/www.colindres.es\/#\/schema\/logo\/image\/\",\"url\":\"https:\/\/www.colindres.es\/wp-content\/uploads\/2017\/01\/LOGO-PRINCIPAL.jpg\",\"contentUrl\":\"https:\/\/www.colindres.es\/wp-content\/uploads\/2017\/01\/LOGO-PRINCIPAL.jpg\",\"width\":1209,\"height\":579,\"caption\":\"AYUNTAMIENTO DE COLINDRES\"},\"image\":{\"@id\":\"https:\/\/www.colindres.es\/#\/schema\/logo\/image\/\"}}]}<\/script>\n<!-- \/ Yoast SEO plugin. -->","yoast_head_json":{"title":"ANUNCIO RELACI\u00d3N DE ADMITIDOS\/EXCLUIDOS DEFINITIVA PARA LA FORMACI\u00d3N DE BOLSA DE TRABAJO DE LA SUBESCALA DE AUXILIAR DE ADMINISTRACI\u00d3N GENERAL (FUNCIONARIO INTERINO) - Ayuntamiento de Colindres","robots":{"index":"index","follow":"follow","max-snippet":"max-snippet:-1","max-image-preview":"max-image-preview:large","max-video-preview":"max-video-preview:-1"},"canonical":"https:\/\/www.colindres.es\/index.php\/project\/anuncio-relacion-de-admitidos-excluidos-definitiva-para-la-formacion-de-bolsa-de-trabajo-de-la-subescala-de-auxiliar-de-administracion-general-funcionario-interino\/","og_locale":"es_ES","og_type":"article","og_title":"ANUNCIO RELACI\u00d3N DE ADMITIDOS\/EXCLUIDOS DEFINITIVA PARA LA FORMACI\u00d3N DE BOLSA DE TRABAJO DE LA SUBESCALA DE AUXILIAR DE ADMINISTRACI\u00d3N GENERAL (FUNCIONARIO INTERINO) - Ayuntamiento de Colindres","og_description":"Por medio del presente anuncio, y una vez finalizado el plazo de presentaci\u00f3n de alegaciones o reclamaciones a la lista provisional de admitidos\/excluidos, se da publicidad al Decreto de Alcald\u00eda 648\/2019, de 21 de octubre de 2019, relativo a la relaci\u00f3n de admitidos\/excluidos definitiva, constituci\u00f3n de Tribunal calificador y convocatoria de realizaci\u00f3n de prueba selectiva, [&hellip;]","og_url":"https:\/\/www.colindres.es\/index.php\/project\/anuncio-relacion-de-admitidos-excluidos-definitiva-para-la-formacion-de-bolsa-de-trabajo-de-la-subescala-de-auxiliar-de-administracion-general-funcionario-interino\/","og_site_name":"Ayuntamiento de Colindres","og_image":[{"width":5252,"height":1280,"url":"https:\/\/www.colindres.es\/wp-content\/uploads\/2019\/03\/IMG_9250-ok-2.jpg","type":"image\/jpeg"}],"twitter_card":"summary_large_image","twitter_misc":{"Tiempo de lectura":"9 minutos"},"schema":{"@context":"https:\/\/schema.org","@graph":[{"@type":"WebPage","@id":"https:\/\/www.colindres.es\/index.php\/project\/anuncio-relacion-de-admitidos-excluidos-definitiva-para-la-formacion-de-bolsa-de-trabajo-de-la-subescala-de-auxiliar-de-administracion-general-funcionario-interino\/","url":"https:\/\/www.colindres.es\/index.php\/project\/anuncio-relacion-de-admitidos-excluidos-definitiva-para-la-formacion-de-bolsa-de-trabajo-de-la-subescala-de-auxiliar-de-administracion-general-funcionario-interino\/","name":"ANUNCIO RELACI\u00d3N DE ADMITIDOS\/EXCLUIDOS DEFINITIVA PARA LA FORMACI\u00d3N DE BOLSA DE TRABAJO DE LA SUBESCALA DE AUXILIAR DE ADMINISTRACI\u00d3N GENERAL (FUNCIONARIO INTERINO) - Ayuntamiento de Colindres","isPartOf":{"@id":"https:\/\/www.colindres.es\/#website"},"primaryImageOfPage":{"@id":"https:\/\/www.colindres.es\/index.php\/project\/anuncio-relacion-de-admitidos-excluidos-definitiva-para-la-formacion-de-bolsa-de-trabajo-de-la-subescala-de-auxiliar-de-administracion-general-funcionario-interino\/#primaryimage"},"image":{"@id":"https:\/\/www.colindres.es\/index.php\/project\/anuncio-relacion-de-admitidos-excluidos-definitiva-para-la-formacion-de-bolsa-de-trabajo-de-la-subescala-de-auxiliar-de-administracion-general-funcionario-interino\/#primaryimage"},"thumbnailUrl":"https:\/\/www.colindres.es\/wp-content\/uploads\/2019\/03\/IMG_9250-ok-2.jpg","datePublished":"2019-10-22T06:04:44+00:00","breadcrumb":{"@id":"https:\/\/www.colindres.es\/index.php\/project\/anuncio-relacion-de-admitidos-excluidos-definitiva-para-la-formacion-de-bolsa-de-trabajo-de-la-subescala-de-auxiliar-de-administracion-general-funcionario-interino\/#breadcrumb"},"inLanguage":"es","potentialAction":[{"@type":"ReadAction","target":["https:\/\/www.colindres.es\/index.php\/project\/anuncio-relacion-de-admitidos-excluidos-definitiva-para-la-formacion-de-bolsa-de-trabajo-de-la-subescala-de-auxiliar-de-administracion-general-funcionario-interino\/"]}]},{"@type":"ImageObject","inLanguage":"es","@id":"https:\/\/www.colindres.es\/index.php\/project\/anuncio-relacion-de-admitidos-excluidos-definitiva-para-la-formacion-de-bolsa-de-trabajo-de-la-subescala-de-auxiliar-de-administracion-general-funcionario-interino\/#primaryimage","url":"https:\/\/www.colindres.es\/wp-content\/uploads\/2019\/03\/IMG_9250-ok-2.jpg","contentUrl":"https:\/\/www.colindres.es\/wp-content\/uploads\/2019\/03\/IMG_9250-ok-2.jpg","width":5252,"height":1280,"caption":"Casa de Serafina Exterior"},{"@type":"BreadcrumbList","@id":"https:\/\/www.colindres.es\/index.php\/project\/anuncio-relacion-de-admitidos-excluidos-definitiva-para-la-formacion-de-bolsa-de-trabajo-de-la-subescala-de-auxiliar-de-administracion-general-funcionario-interino\/#breadcrumb","itemListElement":[{"@type":"ListItem","position":1,"name":"Portada","item":"https:\/\/www.colindres.es\/"},{"@type":"ListItem","position":2,"name":"Proyectos","item":"https:\/\/www.colindres.es\/index.php\/project\/"},{"@type":"ListItem","position":3,"name":"ANUNCIO RELACI\u00d3N DE ADMITIDOS\/EXCLUIDOS DEFINITIVA PARA LA FORMACI\u00d3N DE BOLSA DE TRABAJO DE LA SUBESCALA DE AUXILIAR DE ADMINISTRACI\u00d3N GENERAL (FUNCIONARIO INTERINO)"}]},{"@type":"WebSite","@id":"https:\/\/www.colindres.es\/#website","url":"https:\/\/www.colindres.es\/","name":"Ayuntamiento de Colindres","description":"Dise\u00f1ado por NTIC&#039;s","publisher":{"@id":"https:\/\/www.colindres.es\/#organization"},"potentialAction":[{"@type":"SearchAction","target":{"@type":"EntryPoint","urlTemplate":"https:\/\/www.colindres.es\/?s={search_term_string}"},"query-input":{"@type":"PropertyValueSpecification","valueRequired":true,"valueName":"search_term_string"}}],"inLanguage":"es"},{"@type":"Organization","@id":"https:\/\/www.colindres.es\/#organization","name":"AYUNTAMIENTO DE COLINDRES","url":"https:\/\/www.colindres.es\/","logo":{"@type":"ImageObject","inLanguage":"es","@id":"https:\/\/www.colindres.es\/#\/schema\/logo\/image\/","url":"https:\/\/www.colindres.es\/wp-content\/uploads\/2017\/01\/LOGO-PRINCIPAL.jpg","contentUrl":"https:\/\/www.colindres.es\/wp-content\/uploads\/2017\/01\/LOGO-PRINCIPAL.jpg","width":1209,"height":579,"caption":"AYUNTAMIENTO DE COLINDRES"},"image":{"@id":"https:\/\/www.colindres.es\/#\/schema\/logo\/image\/"}}]}},"_links":{"self":[{"href":"https:\/\/www.colindres.es\/index.php\/wp-json\/wp\/v2\/project\/14946","targetHints":{"allow":["GET"]}}],"collection":[{"href":"https:\/\/www.colindres.es\/index.php\/wp-json\/wp\/v2\/project"}],"about":[{"href":"https:\/\/www.colindres.es\/index.php\/wp-json\/wp\/v2\/types\/project"}],"author":[{"embeddable":true,"href":"https:\/\/www.colindres.es\/index.php\/wp-json\/wp\/v2\/users\/1"}],"replies":[{"embeddable":true,"href":"https:\/\/www.colindres.es\/index.php\/wp-json\/wp\/v2\/comments?post=14946"}],"version-history":[{"count":2,"href":"https:\/\/www.colindres.es\/index.php\/wp-json\/wp\/v2\/project\/14946\/revisions"}],"predecessor-version":[{"id":14948,"href":"https:\/\/www.colindres.es\/index.php\/wp-json\/wp\/v2\/project\/14946\/revisions\/14948"}],"wp:featuredmedia":[{"embeddable":true,"href":"https:\/\/www.colindres.es\/index.php\/wp-json\/wp\/v2\/media\/14102"}],"wp:attachment":[{"href":"https:\/\/www.colindres.es\/index.php\/wp-json\/wp\/v2\/media?parent=14946"}],"wp:term":[{"taxonomy":"project_category","embeddable":true,"href":"https:\/\/www.colindres.es\/index.php\/wp-json\/wp\/v2\/project_category?post=14946"},{"taxonomy":"project_tag","embeddable":true,"href":"https:\/\/www.colindres.es\/index.php\/wp-json\/wp\/v2\/project_tag?post=14946"}],"curies":[{"name":"wp","href":"https:\/\/api.w.org\/{rel}","templated":true}]}}