{"id":14846,"date":"2019-08-14T23:04:41","date_gmt":"2019-08-14T21:04:41","guid":{"rendered":"https:\/\/www.colindres.es\/?post_type=project&#038;p=14846"},"modified":"2024-01-31T06:36:41","modified_gmt":"2024-01-31T05:36:41","slug":"el-ii-encuentro-de-metales-reune-en-colindres-a-casi-cuarenta-participantes-procedentes-de-todo-el-pais","status":"publish","type":"project","link":"https:\/\/www.colindres.es\/index.php\/project\/el-ii-encuentro-de-metales-reune-en-colindres-a-casi-cuarenta-participantes-procedentes-de-todo-el-pais\/","title":{"rendered":"El II Encuentro de Metales re\u00fane en Colindres a casi cuarenta participantes procedentes de todo el pa\u00eds"},"content":{"rendered":"<p><em>Colindres, 14 de agosto.-<\/em>El II Encuentro de Metales de Colindres reuni\u00f3 el 5, 6 y 7 de agosto a 38 participantes procedentes de distintos puntos de la geograf\u00eda espa\u00f1ola.<\/p>\n<p>Durante estos tres d\u00edas,\u00a0cuatro profesores\u00a0de gran prestigio nacional impartieron en la Casa de Cultura sus experiencias pedag\u00f3gicas e interpretativas de\u00a0los instrumentos de la familia del viento-metal (trompeta, trompa, tromb\u00f3n y tuba\/bombardino).<\/p>\n<p>El encuentro concluy\u00f3 con la celebraci\u00f3n de un concierto el mi\u00e9rcoles, d\u00eda 7 a las 21:00h. en el Auditorio De la Casa de Cultura a cargo de los alumnos y los propios profesores. Al comienzo del acto se procedi\u00f3 a la entrega de diplomas por especialidad y cont\u00f3 con la presencia del alcalde de Colindres, Javier Incera, y la concejala de Cultura, Araceli Ayesa.<\/p>\n<p>En su intervenci\u00f3n, Incera agradeci\u00f3 a Luis Gimeno su iniciativa y le invit\u00f3 a seguir trabajando en la misma l\u00ednea, \u201cfomentando el amor por la m\u00fasica y la cultura entre los m\u00e1s j\u00f3venes\u201d. En este sentido, el alcalde le transmiti\u00f3 el deseo del Ayuntamiento de seguir con futuros encuentros, felicit\u00f3 a los alumnos por su excelente trabajo y les anim\u00f3 a continuar sus estudios en el terreno musical.<\/p>\n<p>Adem\u00e1s, el regidor municipal tambi\u00e9n tuvo unas palabras de agradecimiento hacia Margarita Solar, responsable de la Casa de Cultura de Colindres y la persona encargada de coordinar y hacer posible que la estancia de profesores y alumnos haya sido de su agrado.<\/p>\n<p>Los profesores que participaron en el encuentro fueron: Alfonso Gonz\u00e1lez, trompeta solita de la Academia \u201cSanta Cecilia\u201d de Roma; Rodolfo Epelde, trompa solista en la Orquesta Nacional de Espa\u00f1a y Musikene; Luis Gimeno, profesor de Tuba de Musikene y del Conservatorio Profesional de M\u00fasica de Bilbao, y Nacho Valera, profesor de Tromb\u00f3n del Conservatorio Profesional de M\u00fasica de Alca\u00f1\u00edz.<\/p>\n<p>Al terminar la audici\u00f3n, los profesores, alumnos, familiares y autoridades se felicitaron por el \u00e9xito del concierto y se emplazaron para un pr\u00f3ximo encuentro.<\/p>\n<p><img loading=\"lazy\" decoding=\"async\" class=\"alignnone size-medium wp-image-17551\" src=\"https:\/\/www.colindres.es\/wp-content\/uploads\/2024\/01\/VI-encuentro-de-metales-Colindres-2023-3-copia-212x300.jpg\" alt=\"\" width=\"212\" height=\"300\" \/><\/p>\n","protected":false},"excerpt":{"rendered":"<p>Colindres, 14 de agosto.-El II Encuentro de Metales de Colindres reuni\u00f3 el 5, 6 y 7 de agosto a 38 participantes procedentes de distintos puntos de la geograf\u00eda espa\u00f1ola. Durante estos tres d\u00edas,\u00a0cuatro profesores\u00a0de gran prestigio nacional impartieron en la Casa de Cultura sus experiencias pedag\u00f3gicas e interpretativas de\u00a0los instrumentos de la familia del viento-metal [&hellip;]<\/p>\n","protected":false},"author":1,"featured_media":14847,"comment_status":"open","ping_status":"closed","template":"","meta":{"_et_pb_use_builder":"","_et_pb_old_content":"","_et_gb_content_width":"","footnotes":""},"project_category":[6],"project_tag":[],"class_list":["post-14846","project","type-project","status-publish","has-post-thumbnail","hentry","project_category-noticias"],"yoast_head":"<!-- This site is optimized with the Yoast SEO plugin v24.9 - https:\/\/yoast.com\/wordpress\/plugins\/seo\/ -->\n<title>El II Encuentro de Metales re\u00fane en Colindres a casi cuarenta participantes procedentes de todo el pa\u00eds - Ayuntamiento de Colindres<\/title>\n<meta name=\"robots\" content=\"index, follow, max-snippet:-1, max-image-preview:large, max-video-preview:-1\" \/>\n<link rel=\"canonical\" href=\"https:\/\/www.colindres.es\/index.php\/project\/el-ii-encuentro-de-metales-reune-en-colindres-a-casi-cuarenta-participantes-procedentes-de-todo-el-pais\/\" \/>\n<meta property=\"og:locale\" content=\"es_ES\" \/>\n<meta property=\"og:type\" content=\"article\" \/>\n<meta property=\"og:title\" content=\"El II Encuentro de Metales re\u00fane en Colindres a casi cuarenta participantes procedentes de todo el pa\u00eds - Ayuntamiento de Colindres\" \/>\n<meta property=\"og:description\" content=\"Colindres, 14 de agosto.-El II Encuentro de Metales de Colindres reuni\u00f3 el 5, 6 y 7 de agosto a 38 participantes procedentes de distintos puntos de la geograf\u00eda espa\u00f1ola. Durante estos tres d\u00edas,\u00a0cuatro profesores\u00a0de gran prestigio nacional impartieron en la Casa de Cultura sus experiencias pedag\u00f3gicas e interpretativas de\u00a0los instrumentos de la familia del viento-metal [&hellip;]\" \/>\n<meta property=\"og:url\" content=\"https:\/\/www.colindres.es\/index.php\/project\/el-ii-encuentro-de-metales-reune-en-colindres-a-casi-cuarenta-participantes-procedentes-de-todo-el-pais\/\" \/>\n<meta property=\"og:site_name\" content=\"Ayuntamiento de Colindres\" \/>\n<meta property=\"article:modified_time\" content=\"2024-01-31T05:36:41+00:00\" \/>\n<meta property=\"og:image\" content=\"https:\/\/www.colindres.es\/wp-content\/uploads\/2019\/08\/encuentro-metales-1024x768.jpg\" \/>\n\t<meta property=\"og:image:width\" content=\"1024\" \/>\n\t<meta property=\"og:image:height\" content=\"768\" \/>\n\t<meta property=\"og:image:type\" content=\"image\/jpeg\" \/>\n<meta name=\"twitter:card\" content=\"summary_large_image\" \/>\n<meta name=\"twitter:label1\" content=\"Tiempo de lectura\" \/>\n\t<meta name=\"twitter:data1\" content=\"2 minutos\" \/>\n<script type=\"application\/ld+json\" class=\"yoast-schema-graph\">{\"@context\":\"https:\/\/schema.org\",\"@graph\":[{\"@type\":\"WebPage\",\"@id\":\"https:\/\/www.colindres.es\/index.php\/project\/el-ii-encuentro-de-metales-reune-en-colindres-a-casi-cuarenta-participantes-procedentes-de-todo-el-pais\/\",\"url\":\"https:\/\/www.colindres.es\/index.php\/project\/el-ii-encuentro-de-metales-reune-en-colindres-a-casi-cuarenta-participantes-procedentes-de-todo-el-pais\/\",\"name\":\"El II Encuentro de Metales re\u00fane en Colindres a casi cuarenta participantes procedentes de todo el pa\u00eds - Ayuntamiento de Colindres\",\"isPartOf\":{\"@id\":\"https:\/\/www.colindres.es\/#website\"},\"primaryImageOfPage\":{\"@id\":\"https:\/\/www.colindres.es\/index.php\/project\/el-ii-encuentro-de-metales-reune-en-colindres-a-casi-cuarenta-participantes-procedentes-de-todo-el-pais\/#primaryimage\"},\"image\":{\"@id\":\"https:\/\/www.colindres.es\/index.php\/project\/el-ii-encuentro-de-metales-reune-en-colindres-a-casi-cuarenta-participantes-procedentes-de-todo-el-pais\/#primaryimage\"},\"thumbnailUrl\":\"https:\/\/www.colindres.es\/wp-content\/uploads\/2019\/08\/encuentro-metales.jpg\",\"datePublished\":\"2019-08-14T21:04:41+00:00\",\"dateModified\":\"2024-01-31T05:36:41+00:00\",\"breadcrumb\":{\"@id\":\"https:\/\/www.colindres.es\/index.php\/project\/el-ii-encuentro-de-metales-reune-en-colindres-a-casi-cuarenta-participantes-procedentes-de-todo-el-pais\/#breadcrumb\"},\"inLanguage\":\"es\",\"potentialAction\":[{\"@type\":\"ReadAction\",\"target\":[\"https:\/\/www.colindres.es\/index.php\/project\/el-ii-encuentro-de-metales-reune-en-colindres-a-casi-cuarenta-participantes-procedentes-de-todo-el-pais\/\"]}]},{\"@type\":\"ImageObject\",\"inLanguage\":\"es\",\"@id\":\"https:\/\/www.colindres.es\/index.php\/project\/el-ii-encuentro-de-metales-reune-en-colindres-a-casi-cuarenta-participantes-procedentes-de-todo-el-pais\/#primaryimage\",\"url\":\"https:\/\/www.colindres.es\/wp-content\/uploads\/2019\/08\/encuentro-metales.jpg\",\"contentUrl\":\"https:\/\/www.colindres.es\/wp-content\/uploads\/2019\/08\/encuentro-metales.jpg\",\"width\":3968,\"height\":2976,\"caption\":\"encuentro metales\"},{\"@type\":\"BreadcrumbList\",\"@id\":\"https:\/\/www.colindres.es\/index.php\/project\/el-ii-encuentro-de-metales-reune-en-colindres-a-casi-cuarenta-participantes-procedentes-de-todo-el-pais\/#breadcrumb\",\"itemListElement\":[{\"@type\":\"ListItem\",\"position\":1,\"name\":\"Portada\",\"item\":\"https:\/\/www.colindres.es\/\"},{\"@type\":\"ListItem\",\"position\":2,\"name\":\"Proyectos\",\"item\":\"https:\/\/www.colindres.es\/index.php\/project\/\"},{\"@type\":\"ListItem\",\"position\":3,\"name\":\"El II Encuentro de Metales re\u00fane en Colindres a casi cuarenta participantes procedentes de todo el pa\u00eds\"}]},{\"@type\":\"WebSite\",\"@id\":\"https:\/\/www.colindres.es\/#website\",\"url\":\"https:\/\/www.colindres.es\/\",\"name\":\"Ayuntamiento de Colindres\",\"description\":\"Dise\u00f1ado por NTIC&#039;s\",\"publisher\":{\"@id\":\"https:\/\/www.colindres.es\/#organization\"},\"potentialAction\":[{\"@type\":\"SearchAction\",\"target\":{\"@type\":\"EntryPoint\",\"urlTemplate\":\"https:\/\/www.colindres.es\/?s={search_term_string}\"},\"query-input\":{\"@type\":\"PropertyValueSpecification\",\"valueRequired\":true,\"valueName\":\"search_term_string\"}}],\"inLanguage\":\"es\"},{\"@type\":\"Organization\",\"@id\":\"https:\/\/www.colindres.es\/#organization\",\"name\":\"AYUNTAMIENTO DE COLINDRES\",\"url\":\"https:\/\/www.colindres.es\/\",\"logo\":{\"@type\":\"ImageObject\",\"inLanguage\":\"es\",\"@id\":\"https:\/\/www.colindres.es\/#\/schema\/logo\/image\/\",\"url\":\"https:\/\/www.colindres.es\/wp-content\/uploads\/2017\/01\/LOGO-PRINCIPAL.jpg\",\"contentUrl\":\"https:\/\/www.colindres.es\/wp-content\/uploads\/2017\/01\/LOGO-PRINCIPAL.jpg\",\"width\":1209,\"height\":579,\"caption\":\"AYUNTAMIENTO DE COLINDRES\"},\"image\":{\"@id\":\"https:\/\/www.colindres.es\/#\/schema\/logo\/image\/\"}}]}<\/script>\n<!-- \/ Yoast SEO plugin. -->","yoast_head_json":{"title":"El II Encuentro de Metales re\u00fane en Colindres a casi cuarenta participantes procedentes de todo el pa\u00eds - Ayuntamiento de Colindres","robots":{"index":"index","follow":"follow","max-snippet":"max-snippet:-1","max-image-preview":"max-image-preview:large","max-video-preview":"max-video-preview:-1"},"canonical":"https:\/\/www.colindres.es\/index.php\/project\/el-ii-encuentro-de-metales-reune-en-colindres-a-casi-cuarenta-participantes-procedentes-de-todo-el-pais\/","og_locale":"es_ES","og_type":"article","og_title":"El II Encuentro de Metales re\u00fane en Colindres a casi cuarenta participantes procedentes de todo el pa\u00eds - Ayuntamiento de Colindres","og_description":"Colindres, 14 de agosto.-El II Encuentro de Metales de Colindres reuni\u00f3 el 5, 6 y 7 de agosto a 38 participantes procedentes de distintos puntos de la geograf\u00eda espa\u00f1ola. Durante estos tres d\u00edas,\u00a0cuatro profesores\u00a0de gran prestigio nacional impartieron en la Casa de Cultura sus experiencias pedag\u00f3gicas e interpretativas de\u00a0los instrumentos de la familia del viento-metal [&hellip;]","og_url":"https:\/\/www.colindres.es\/index.php\/project\/el-ii-encuentro-de-metales-reune-en-colindres-a-casi-cuarenta-participantes-procedentes-de-todo-el-pais\/","og_site_name":"Ayuntamiento de Colindres","article_modified_time":"2024-01-31T05:36:41+00:00","og_image":[{"width":1024,"height":768,"url":"https:\/\/www.colindres.es\/wp-content\/uploads\/2019\/08\/encuentro-metales-1024x768.jpg","type":"image\/jpeg"}],"twitter_card":"summary_large_image","twitter_misc":{"Tiempo de lectura":"2 minutos"},"schema":{"@context":"https:\/\/schema.org","@graph":[{"@type":"WebPage","@id":"https:\/\/www.colindres.es\/index.php\/project\/el-ii-encuentro-de-metales-reune-en-colindres-a-casi-cuarenta-participantes-procedentes-de-todo-el-pais\/","url":"https:\/\/www.colindres.es\/index.php\/project\/el-ii-encuentro-de-metales-reune-en-colindres-a-casi-cuarenta-participantes-procedentes-de-todo-el-pais\/","name":"El II Encuentro de Metales re\u00fane en Colindres a casi cuarenta participantes procedentes de todo el pa\u00eds - Ayuntamiento de Colindres","isPartOf":{"@id":"https:\/\/www.colindres.es\/#website"},"primaryImageOfPage":{"@id":"https:\/\/www.colindres.es\/index.php\/project\/el-ii-encuentro-de-metales-reune-en-colindres-a-casi-cuarenta-participantes-procedentes-de-todo-el-pais\/#primaryimage"},"image":{"@id":"https:\/\/www.colindres.es\/index.php\/project\/el-ii-encuentro-de-metales-reune-en-colindres-a-casi-cuarenta-participantes-procedentes-de-todo-el-pais\/#primaryimage"},"thumbnailUrl":"https:\/\/www.colindres.es\/wp-content\/uploads\/2019\/08\/encuentro-metales.jpg","datePublished":"2019-08-14T21:04:41+00:00","dateModified":"2024-01-31T05:36:41+00:00","breadcrumb":{"@id":"https:\/\/www.colindres.es\/index.php\/project\/el-ii-encuentro-de-metales-reune-en-colindres-a-casi-cuarenta-participantes-procedentes-de-todo-el-pais\/#breadcrumb"},"inLanguage":"es","potentialAction":[{"@type":"ReadAction","target":["https:\/\/www.colindres.es\/index.php\/project\/el-ii-encuentro-de-metales-reune-en-colindres-a-casi-cuarenta-participantes-procedentes-de-todo-el-pais\/"]}]},{"@type":"ImageObject","inLanguage":"es","@id":"https:\/\/www.colindres.es\/index.php\/project\/el-ii-encuentro-de-metales-reune-en-colindres-a-casi-cuarenta-participantes-procedentes-de-todo-el-pais\/#primaryimage","url":"https:\/\/www.colindres.es\/wp-content\/uploads\/2019\/08\/encuentro-metales.jpg","contentUrl":"https:\/\/www.colindres.es\/wp-content\/uploads\/2019\/08\/encuentro-metales.jpg","width":3968,"height":2976,"caption":"encuentro metales"},{"@type":"BreadcrumbList","@id":"https:\/\/www.colindres.es\/index.php\/project\/el-ii-encuentro-de-metales-reune-en-colindres-a-casi-cuarenta-participantes-procedentes-de-todo-el-pais\/#breadcrumb","itemListElement":[{"@type":"ListItem","position":1,"name":"Portada","item":"https:\/\/www.colindres.es\/"},{"@type":"ListItem","position":2,"name":"Proyectos","item":"https:\/\/www.colindres.es\/index.php\/project\/"},{"@type":"ListItem","position":3,"name":"El II Encuentro de Metales re\u00fane en Colindres a casi cuarenta participantes procedentes de todo el pa\u00eds"}]},{"@type":"WebSite","@id":"https:\/\/www.colindres.es\/#website","url":"https:\/\/www.colindres.es\/","name":"Ayuntamiento de Colindres","description":"Dise\u00f1ado por NTIC&#039;s","publisher":{"@id":"https:\/\/www.colindres.es\/#organization"},"potentialAction":[{"@type":"SearchAction","target":{"@type":"EntryPoint","urlTemplate":"https:\/\/www.colindres.es\/?s={search_term_string}"},"query-input":{"@type":"PropertyValueSpecification","valueRequired":true,"valueName":"search_term_string"}}],"inLanguage":"es"},{"@type":"Organization","@id":"https:\/\/www.colindres.es\/#organization","name":"AYUNTAMIENTO DE COLINDRES","url":"https:\/\/www.colindres.es\/","logo":{"@type":"ImageObject","inLanguage":"es","@id":"https:\/\/www.colindres.es\/#\/schema\/logo\/image\/","url":"https:\/\/www.colindres.es\/wp-content\/uploads\/2017\/01\/LOGO-PRINCIPAL.jpg","contentUrl":"https:\/\/www.colindres.es\/wp-content\/uploads\/2017\/01\/LOGO-PRINCIPAL.jpg","width":1209,"height":579,"caption":"AYUNTAMIENTO DE COLINDRES"},"image":{"@id":"https:\/\/www.colindres.es\/#\/schema\/logo\/image\/"}}]}},"_links":{"self":[{"href":"https:\/\/www.colindres.es\/index.php\/wp-json\/wp\/v2\/project\/14846","targetHints":{"allow":["GET"]}}],"collection":[{"href":"https:\/\/www.colindres.es\/index.php\/wp-json\/wp\/v2\/project"}],"about":[{"href":"https:\/\/www.colindres.es\/index.php\/wp-json\/wp\/v2\/types\/project"}],"author":[{"embeddable":true,"href":"https:\/\/www.colindres.es\/index.php\/wp-json\/wp\/v2\/users\/1"}],"replies":[{"embeddable":true,"href":"https:\/\/www.colindres.es\/index.php\/wp-json\/wp\/v2\/comments?post=14846"}],"version-history":[{"count":2,"href":"https:\/\/www.colindres.es\/index.php\/wp-json\/wp\/v2\/project\/14846\/revisions"}],"predecessor-version":[{"id":17563,"href":"https:\/\/www.colindres.es\/index.php\/wp-json\/wp\/v2\/project\/14846\/revisions\/17563"}],"wp:featuredmedia":[{"embeddable":true,"href":"https:\/\/www.colindres.es\/index.php\/wp-json\/wp\/v2\/media\/14847"}],"wp:attachment":[{"href":"https:\/\/www.colindres.es\/index.php\/wp-json\/wp\/v2\/media?parent=14846"}],"wp:term":[{"taxonomy":"project_category","embeddable":true,"href":"https:\/\/www.colindres.es\/index.php\/wp-json\/wp\/v2\/project_category?post=14846"},{"taxonomy":"project_tag","embeddable":true,"href":"https:\/\/www.colindres.es\/index.php\/wp-json\/wp\/v2\/project_tag?post=14846"}],"curies":[{"name":"wp","href":"https:\/\/api.w.org\/{rel}","templated":true}]}}