{"id":14843,"date":"2019-08-09T16:46:06","date_gmt":"2019-08-09T14:46:06","guid":{"rendered":"https:\/\/www.colindres.es\/?post_type=project&#038;p=14843"},"modified":"2019-08-09T16:46:06","modified_gmt":"2019-08-09T14:46:06","slug":"los-vecinos-de-colindres-ya-pueden-disfrutar-de-un-nuevo-parque-en-el-espacio-conocido-como-la-charca","status":"publish","type":"project","link":"https:\/\/www.colindres.es\/index.php\/project\/los-vecinos-de-colindres-ya-pueden-disfrutar-de-un-nuevo-parque-en-el-espacio-conocido-como-la-charca\/","title":{"rendered":"Los vecinos de Colindres ya pueden disfrutar de un nuevo parque en el espacio conocido como \u201cla charca\u201d."},"content":{"rendered":"<p class=\"Standard\"><b>Se recupera un espacio degradado, para convertirlo en una zona de paseo y descanso, con una l\u00e1mina de agua similar a una laguna y dota al entorno de una docena de aparcamientos.<\/b><\/p>\n<p class=\"Standard\"><i>Colindres, 9 de agosto. &#8211; <\/i>El alcalde de Colindres, Javier Incera, ha anunciado la apertura de un nuevo parque construido en el entorno conocido como \u201cLa Charca\u201d, \u201cun espacio degradado que se ha recuperado para el disfrute de los vecinos\u201d.<\/p>\n<p class=\"Standard\">Las obras han supuesto una inversi\u00f3n pr\u00f3xima a los 350.000 euros financiados por el Ayuntamiento de Colindres y el Gobierno de Cantabria.<\/p>\n<p class=\"Standard\">El alcalde ha destacado la \u201crepercusi\u00f3n social\u201d que espera tenga la reci\u00e9n estrenada actuaci\u00f3n: \u201cHemos transformado una zona degradada y en desuso en un espacio \u00fanico, un parque moderno, tranquilo, un lugar que conjuga los espacios verdes con un entorno acu\u00e1tico, una buena entrada a nuestro casco hist\u00f3rico\u201d, ha enfatizado.<\/p>\n<p class=\"Standard\">Seg\u00fan ha resaltado Incera, se trata de un proyecto \u201csingular\u201d en el que se conjuga la construcci\u00f3n de un nuevo parque p\u00fablico de 3.000 metros cuadrados, con una l\u00e1mina de agua que generar\u00e1 la sensaci\u00f3n de ser una laguna y que se puede recorrer a trav\u00e9s de una pasarela de madera, adem\u00e1s se dota al entorno de la Alameda de una docena de nuevos aparcamientos.<\/p>\n<p class=\"Standard\">Adem\u00e1s, el regidor municipal ha valorado que este parque se encuentra en el punto de transici\u00f3n entre el Colindres urbano y el Casco Antiguo, de modo que \u201cse convertir\u00e1 en la entrada a la zona hist\u00f3rica del municipio, realzando su belleza y valor patrimonial\u201d.<\/p>\n<p class=\"Standard\">En esta l\u00ednea, el alcalde ha explicado que \u201cla nueva \u00e1rea cuenta con dos jardines diferenciados y con un dise\u00f1o adecuado al entorno, funcionando como un espacio complementario al Parque de La Alameda y los jardines de la Casa de Cultura y Casa Serafina, pero con entidad propia\u201d.<\/p>\n<p class=\"Standard\">Seg\u00fan ha detallado, sobre el estanque se ha habilitado un mirador y una plataforma en la que se ubica una escalinata a modo de grada, \u201cdonde los vecinos podr\u00e1n sentarse tranquilamente a disfrutar del entorno\u201d. Tambi\u00e9n se ha dotado al parque de una senda que circunvala el mismo y que puede ser utilizado como un peque\u00f1o paseo.<\/p>\n<p class=\"Standard\">\u201cSe trata de un proyecto ambicioso e integrador, que ha convertido un terreno inaccesible e inutilizado en un punto especial de esparcimiento\u201d, ha incidido Incera.<\/p>\n","protected":false},"excerpt":{"rendered":"<p>Se recupera un espacio degradado, para convertirlo en una zona de paseo y descanso, con una l\u00e1mina de agua similar a una laguna y dota al entorno de una docena de aparcamientos. Colindres, 9 de agosto. &#8211; El alcalde de Colindres, Javier Incera, ha anunciado la apertura de un nuevo parque construido en el entorno [&hellip;]<\/p>\n","protected":false},"author":1,"featured_media":14844,"comment_status":"open","ping_status":"closed","template":"","meta":{"_et_pb_use_builder":"","_et_pb_old_content":"","_et_gb_content_width":"","footnotes":""},"project_category":[6],"project_tag":[],"class_list":["post-14843","project","type-project","status-publish","has-post-thumbnail","hentry","project_category-noticias"],"yoast_head":"<!-- This site is optimized with the Yoast SEO plugin v24.9 - https:\/\/yoast.com\/wordpress\/plugins\/seo\/ -->\n<title>Los vecinos de Colindres ya pueden disfrutar de un nuevo parque en el espacio conocido como \u201cla charca\u201d. - Ayuntamiento de Colindres<\/title>\n<meta name=\"robots\" content=\"index, follow, max-snippet:-1, max-image-preview:large, max-video-preview:-1\" \/>\n<link rel=\"canonical\" href=\"https:\/\/www.colindres.es\/index.php\/project\/los-vecinos-de-colindres-ya-pueden-disfrutar-de-un-nuevo-parque-en-el-espacio-conocido-como-la-charca\/\" \/>\n<meta property=\"og:locale\" content=\"es_ES\" \/>\n<meta property=\"og:type\" content=\"article\" \/>\n<meta property=\"og:title\" content=\"Los vecinos de Colindres ya pueden disfrutar de un nuevo parque en el espacio conocido como \u201cla charca\u201d. - Ayuntamiento de Colindres\" \/>\n<meta property=\"og:description\" content=\"Se recupera un espacio degradado, para convertirlo en una zona de paseo y descanso, con una l\u00e1mina de agua similar a una laguna y dota al entorno de una docena de aparcamientos. Colindres, 9 de agosto. &#8211; El alcalde de Colindres, Javier Incera, ha anunciado la apertura de un nuevo parque construido en el entorno [&hellip;]\" \/>\n<meta property=\"og:url\" content=\"https:\/\/www.colindres.es\/index.php\/project\/los-vecinos-de-colindres-ya-pueden-disfrutar-de-un-nuevo-parque-en-el-espacio-conocido-como-la-charca\/\" \/>\n<meta property=\"og:site_name\" content=\"Ayuntamiento de Colindres\" \/>\n<meta property=\"og:image\" content=\"https:\/\/www.colindres.es\/wp-content\/uploads\/2019\/08\/ae7d6ac0-f500-472d-ba44-6d3b32c8dc75.jpg\" \/>\n\t<meta property=\"og:image:width\" content=\"1600\" \/>\n\t<meta property=\"og:image:height\" content=\"900\" \/>\n\t<meta property=\"og:image:type\" content=\"image\/jpeg\" \/>\n<meta name=\"twitter:card\" content=\"summary_large_image\" \/>\n<meta name=\"twitter:label1\" content=\"Tiempo de lectura\" \/>\n\t<meta name=\"twitter:data1\" content=\"2 minutos\" \/>\n<script type=\"application\/ld+json\" class=\"yoast-schema-graph\">{\"@context\":\"https:\/\/schema.org\",\"@graph\":[{\"@type\":\"WebPage\",\"@id\":\"https:\/\/www.colindres.es\/index.php\/project\/los-vecinos-de-colindres-ya-pueden-disfrutar-de-un-nuevo-parque-en-el-espacio-conocido-como-la-charca\/\",\"url\":\"https:\/\/www.colindres.es\/index.php\/project\/los-vecinos-de-colindres-ya-pueden-disfrutar-de-un-nuevo-parque-en-el-espacio-conocido-como-la-charca\/\",\"name\":\"Los vecinos de Colindres ya pueden disfrutar de un nuevo parque en el espacio conocido como \u201cla charca\u201d. - Ayuntamiento de Colindres\",\"isPartOf\":{\"@id\":\"https:\/\/www.colindres.es\/#website\"},\"primaryImageOfPage\":{\"@id\":\"https:\/\/www.colindres.es\/index.php\/project\/los-vecinos-de-colindres-ya-pueden-disfrutar-de-un-nuevo-parque-en-el-espacio-conocido-como-la-charca\/#primaryimage\"},\"image\":{\"@id\":\"https:\/\/www.colindres.es\/index.php\/project\/los-vecinos-de-colindres-ya-pueden-disfrutar-de-un-nuevo-parque-en-el-espacio-conocido-como-la-charca\/#primaryimage\"},\"thumbnailUrl\":\"https:\/\/www.colindres.es\/wp-content\/uploads\/2019\/08\/ae7d6ac0-f500-472d-ba44-6d3b32c8dc75.jpg\",\"datePublished\":\"2019-08-09T14:46:06+00:00\",\"breadcrumb\":{\"@id\":\"https:\/\/www.colindres.es\/index.php\/project\/los-vecinos-de-colindres-ya-pueden-disfrutar-de-un-nuevo-parque-en-el-espacio-conocido-como-la-charca\/#breadcrumb\"},\"inLanguage\":\"es\",\"potentialAction\":[{\"@type\":\"ReadAction\",\"target\":[\"https:\/\/www.colindres.es\/index.php\/project\/los-vecinos-de-colindres-ya-pueden-disfrutar-de-un-nuevo-parque-en-el-espacio-conocido-como-la-charca\/\"]}]},{\"@type\":\"ImageObject\",\"inLanguage\":\"es\",\"@id\":\"https:\/\/www.colindres.es\/index.php\/project\/los-vecinos-de-colindres-ya-pueden-disfrutar-de-un-nuevo-parque-en-el-espacio-conocido-como-la-charca\/#primaryimage\",\"url\":\"https:\/\/www.colindres.es\/wp-content\/uploads\/2019\/08\/ae7d6ac0-f500-472d-ba44-6d3b32c8dc75.jpg\",\"contentUrl\":\"https:\/\/www.colindres.es\/wp-content\/uploads\/2019\/08\/ae7d6ac0-f500-472d-ba44-6d3b32c8dc75.jpg\",\"width\":1600,\"height\":900,\"caption\":\"entorno viar\"},{\"@type\":\"BreadcrumbList\",\"@id\":\"https:\/\/www.colindres.es\/index.php\/project\/los-vecinos-de-colindres-ya-pueden-disfrutar-de-un-nuevo-parque-en-el-espacio-conocido-como-la-charca\/#breadcrumb\",\"itemListElement\":[{\"@type\":\"ListItem\",\"position\":1,\"name\":\"Portada\",\"item\":\"https:\/\/www.colindres.es\/\"},{\"@type\":\"ListItem\",\"position\":2,\"name\":\"Proyectos\",\"item\":\"https:\/\/www.colindres.es\/index.php\/project\/\"},{\"@type\":\"ListItem\",\"position\":3,\"name\":\"Los vecinos de Colindres ya pueden disfrutar de un nuevo parque en el espacio conocido como \u201cla charca\u201d.\"}]},{\"@type\":\"WebSite\",\"@id\":\"https:\/\/www.colindres.es\/#website\",\"url\":\"https:\/\/www.colindres.es\/\",\"name\":\"Ayuntamiento de Colindres\",\"description\":\"Dise\u00f1ado por NTIC&#039;s\",\"publisher\":{\"@id\":\"https:\/\/www.colindres.es\/#organization\"},\"potentialAction\":[{\"@type\":\"SearchAction\",\"target\":{\"@type\":\"EntryPoint\",\"urlTemplate\":\"https:\/\/www.colindres.es\/?s={search_term_string}\"},\"query-input\":{\"@type\":\"PropertyValueSpecification\",\"valueRequired\":true,\"valueName\":\"search_term_string\"}}],\"inLanguage\":\"es\"},{\"@type\":\"Organization\",\"@id\":\"https:\/\/www.colindres.es\/#organization\",\"name\":\"AYUNTAMIENTO DE COLINDRES\",\"url\":\"https:\/\/www.colindres.es\/\",\"logo\":{\"@type\":\"ImageObject\",\"inLanguage\":\"es\",\"@id\":\"https:\/\/www.colindres.es\/#\/schema\/logo\/image\/\",\"url\":\"https:\/\/www.colindres.es\/wp-content\/uploads\/2017\/01\/LOGO-PRINCIPAL.jpg\",\"contentUrl\":\"https:\/\/www.colindres.es\/wp-content\/uploads\/2017\/01\/LOGO-PRINCIPAL.jpg\",\"width\":1209,\"height\":579,\"caption\":\"AYUNTAMIENTO DE COLINDRES\"},\"image\":{\"@id\":\"https:\/\/www.colindres.es\/#\/schema\/logo\/image\/\"}}]}<\/script>\n<!-- \/ Yoast SEO plugin. -->","yoast_head_json":{"title":"Los vecinos de Colindres ya pueden disfrutar de un nuevo parque en el espacio conocido como \u201cla charca\u201d. - Ayuntamiento de Colindres","robots":{"index":"index","follow":"follow","max-snippet":"max-snippet:-1","max-image-preview":"max-image-preview:large","max-video-preview":"max-video-preview:-1"},"canonical":"https:\/\/www.colindres.es\/index.php\/project\/los-vecinos-de-colindres-ya-pueden-disfrutar-de-un-nuevo-parque-en-el-espacio-conocido-como-la-charca\/","og_locale":"es_ES","og_type":"article","og_title":"Los vecinos de Colindres ya pueden disfrutar de un nuevo parque en el espacio conocido como \u201cla charca\u201d. - Ayuntamiento de Colindres","og_description":"Se recupera un espacio degradado, para convertirlo en una zona de paseo y descanso, con una l\u00e1mina de agua similar a una laguna y dota al entorno de una docena de aparcamientos. Colindres, 9 de agosto. &#8211; El alcalde de Colindres, Javier Incera, ha anunciado la apertura de un nuevo parque construido en el entorno [&hellip;]","og_url":"https:\/\/www.colindres.es\/index.php\/project\/los-vecinos-de-colindres-ya-pueden-disfrutar-de-un-nuevo-parque-en-el-espacio-conocido-como-la-charca\/","og_site_name":"Ayuntamiento de Colindres","og_image":[{"width":1600,"height":900,"url":"https:\/\/www.colindres.es\/wp-content\/uploads\/2019\/08\/ae7d6ac0-f500-472d-ba44-6d3b32c8dc75.jpg","type":"image\/jpeg"}],"twitter_card":"summary_large_image","twitter_misc":{"Tiempo de lectura":"2 minutos"},"schema":{"@context":"https:\/\/schema.org","@graph":[{"@type":"WebPage","@id":"https:\/\/www.colindres.es\/index.php\/project\/los-vecinos-de-colindres-ya-pueden-disfrutar-de-un-nuevo-parque-en-el-espacio-conocido-como-la-charca\/","url":"https:\/\/www.colindres.es\/index.php\/project\/los-vecinos-de-colindres-ya-pueden-disfrutar-de-un-nuevo-parque-en-el-espacio-conocido-como-la-charca\/","name":"Los vecinos de Colindres ya pueden disfrutar de un nuevo parque en el espacio conocido como \u201cla charca\u201d. - Ayuntamiento de Colindres","isPartOf":{"@id":"https:\/\/www.colindres.es\/#website"},"primaryImageOfPage":{"@id":"https:\/\/www.colindres.es\/index.php\/project\/los-vecinos-de-colindres-ya-pueden-disfrutar-de-un-nuevo-parque-en-el-espacio-conocido-como-la-charca\/#primaryimage"},"image":{"@id":"https:\/\/www.colindres.es\/index.php\/project\/los-vecinos-de-colindres-ya-pueden-disfrutar-de-un-nuevo-parque-en-el-espacio-conocido-como-la-charca\/#primaryimage"},"thumbnailUrl":"https:\/\/www.colindres.es\/wp-content\/uploads\/2019\/08\/ae7d6ac0-f500-472d-ba44-6d3b32c8dc75.jpg","datePublished":"2019-08-09T14:46:06+00:00","breadcrumb":{"@id":"https:\/\/www.colindres.es\/index.php\/project\/los-vecinos-de-colindres-ya-pueden-disfrutar-de-un-nuevo-parque-en-el-espacio-conocido-como-la-charca\/#breadcrumb"},"inLanguage":"es","potentialAction":[{"@type":"ReadAction","target":["https:\/\/www.colindres.es\/index.php\/project\/los-vecinos-de-colindres-ya-pueden-disfrutar-de-un-nuevo-parque-en-el-espacio-conocido-como-la-charca\/"]}]},{"@type":"ImageObject","inLanguage":"es","@id":"https:\/\/www.colindres.es\/index.php\/project\/los-vecinos-de-colindres-ya-pueden-disfrutar-de-un-nuevo-parque-en-el-espacio-conocido-como-la-charca\/#primaryimage","url":"https:\/\/www.colindres.es\/wp-content\/uploads\/2019\/08\/ae7d6ac0-f500-472d-ba44-6d3b32c8dc75.jpg","contentUrl":"https:\/\/www.colindres.es\/wp-content\/uploads\/2019\/08\/ae7d6ac0-f500-472d-ba44-6d3b32c8dc75.jpg","width":1600,"height":900,"caption":"entorno viar"},{"@type":"BreadcrumbList","@id":"https:\/\/www.colindres.es\/index.php\/project\/los-vecinos-de-colindres-ya-pueden-disfrutar-de-un-nuevo-parque-en-el-espacio-conocido-como-la-charca\/#breadcrumb","itemListElement":[{"@type":"ListItem","position":1,"name":"Portada","item":"https:\/\/www.colindres.es\/"},{"@type":"ListItem","position":2,"name":"Proyectos","item":"https:\/\/www.colindres.es\/index.php\/project\/"},{"@type":"ListItem","position":3,"name":"Los vecinos de Colindres ya pueden disfrutar de un nuevo parque en el espacio conocido como \u201cla charca\u201d."}]},{"@type":"WebSite","@id":"https:\/\/www.colindres.es\/#website","url":"https:\/\/www.colindres.es\/","name":"Ayuntamiento de Colindres","description":"Dise\u00f1ado por NTIC&#039;s","publisher":{"@id":"https:\/\/www.colindres.es\/#organization"},"potentialAction":[{"@type":"SearchAction","target":{"@type":"EntryPoint","urlTemplate":"https:\/\/www.colindres.es\/?s={search_term_string}"},"query-input":{"@type":"PropertyValueSpecification","valueRequired":true,"valueName":"search_term_string"}}],"inLanguage":"es"},{"@type":"Organization","@id":"https:\/\/www.colindres.es\/#organization","name":"AYUNTAMIENTO DE COLINDRES","url":"https:\/\/www.colindres.es\/","logo":{"@type":"ImageObject","inLanguage":"es","@id":"https:\/\/www.colindres.es\/#\/schema\/logo\/image\/","url":"https:\/\/www.colindres.es\/wp-content\/uploads\/2017\/01\/LOGO-PRINCIPAL.jpg","contentUrl":"https:\/\/www.colindres.es\/wp-content\/uploads\/2017\/01\/LOGO-PRINCIPAL.jpg","width":1209,"height":579,"caption":"AYUNTAMIENTO DE COLINDRES"},"image":{"@id":"https:\/\/www.colindres.es\/#\/schema\/logo\/image\/"}}]}},"_links":{"self":[{"href":"https:\/\/www.colindres.es\/index.php\/wp-json\/wp\/v2\/project\/14843","targetHints":{"allow":["GET"]}}],"collection":[{"href":"https:\/\/www.colindres.es\/index.php\/wp-json\/wp\/v2\/project"}],"about":[{"href":"https:\/\/www.colindres.es\/index.php\/wp-json\/wp\/v2\/types\/project"}],"author":[{"embeddable":true,"href":"https:\/\/www.colindres.es\/index.php\/wp-json\/wp\/v2\/users\/1"}],"replies":[{"embeddable":true,"href":"https:\/\/www.colindres.es\/index.php\/wp-json\/wp\/v2\/comments?post=14843"}],"version-history":[{"count":1,"href":"https:\/\/www.colindres.es\/index.php\/wp-json\/wp\/v2\/project\/14843\/revisions"}],"predecessor-version":[{"id":14845,"href":"https:\/\/www.colindres.es\/index.php\/wp-json\/wp\/v2\/project\/14843\/revisions\/14845"}],"wp:featuredmedia":[{"embeddable":true,"href":"https:\/\/www.colindres.es\/index.php\/wp-json\/wp\/v2\/media\/14844"}],"wp:attachment":[{"href":"https:\/\/www.colindres.es\/index.php\/wp-json\/wp\/v2\/media?parent=14843"}],"wp:term":[{"taxonomy":"project_category","embeddable":true,"href":"https:\/\/www.colindres.es\/index.php\/wp-json\/wp\/v2\/project_category?post=14843"},{"taxonomy":"project_tag","embeddable":true,"href":"https:\/\/www.colindres.es\/index.php\/wp-json\/wp\/v2\/project_tag?post=14843"}],"curies":[{"name":"wp","href":"https:\/\/api.w.org\/{rel}","templated":true}]}}