{"id":14831,"date":"2019-08-01T14:08:40","date_gmt":"2019-08-01T12:08:40","guid":{"rendered":"https:\/\/www.colindres.es\/?post_type=project&#038;p=14831"},"modified":"2019-08-01T14:08:40","modified_gmt":"2019-08-01T12:08:40","slug":"colindres-se-une-a-santander-y-torrelavega-como-sedes-de-la-uned-en-cantabria","status":"publish","type":"project","link":"https:\/\/www.colindres.es\/index.php\/project\/colindres-se-une-a-santander-y-torrelavega-como-sedes-de-la-uned-en-cantabria\/","title":{"rendered":"Colindres se une a Santander y Torrelavega como sedes de la UNED en Cantabria"},"content":{"rendered":"<p><strong>En el nuevo Centro de Formaci\u00f3n y Empleo, antiguo Colegio Los Puentes<\/strong><\/p>\n<p><strong>Firmado el convenio de UNED Cantabria y <\/strong><strong>Colindres<\/strong><\/p>\n<p><strong>Antes del inicio del cuso de verano el Alcalde de Colindres y la Directora de UNED Cantabria se reun\u00edan para formalizarlo<\/strong><\/p>\n<div id=\"attachment_14833\" style=\"width: 310px\" class=\"wp-caption alignnone\"><img loading=\"lazy\" decoding=\"async\" aria-describedby=\"caption-attachment-14833\" class=\"size-medium wp-image-14833\" src=\"https:\/\/www.colindres.es\/wp-content\/uploads\/2019\/08\/2019-07-29-Presentaci\u00f3n-CV_Colindres-UNED-Cantabria-P1060365--300x225.jpg\" alt=\"Curso Verano UNED\" width=\"300\" height=\"225\" srcset=\"https:\/\/www.colindres.es\/wp-content\/uploads\/2019\/08\/2019-07-29-Presentaci\u00f3n-CV_Colindres-UNED-Cantabria-P1060365--300x225.jpg 300w, https:\/\/www.colindres.es\/wp-content\/uploads\/2019\/08\/2019-07-29-Presentaci\u00f3n-CV_Colindres-UNED-Cantabria-P1060365--768x576.jpg 768w, https:\/\/www.colindres.es\/wp-content\/uploads\/2019\/08\/2019-07-29-Presentaci\u00f3n-CV_Colindres-UNED-Cantabria-P1060365--1024x768.jpg 1024w, https:\/\/www.colindres.es\/wp-content\/uploads\/2019\/08\/2019-07-29-Presentaci\u00f3n-CV_Colindres-UNED-Cantabria-P1060365--610x458.jpg 610w, https:\/\/www.colindres.es\/wp-content\/uploads\/2019\/08\/2019-07-29-Presentaci\u00f3n-CV_Colindres-UNED-Cantabria-P1060365--510x382.jpg 510w, https:\/\/www.colindres.es\/wp-content\/uploads\/2019\/08\/2019-07-29-Presentaci\u00f3n-CV_Colindres-UNED-Cantabria-P1060365--1080x810.jpg 1080w, https:\/\/www.colindres.es\/wp-content\/uploads\/2019\/08\/2019-07-29-Presentaci\u00f3n-CV_Colindres-UNED-Cantabria-P1060365-.jpg 1417w\" sizes=\"(max-width: 300px) 100vw, 300px\" \/><p id=\"caption-attachment-14833\" class=\"wp-caption-text\">Curso Verano UNED<\/p><\/div>\n<p>La <a href=\"https:\/\/www.unedcantabria.org\/\">Universidad Nacional de Educaci\u00f3n a Distancia (UNED) en Cantabria<\/a>ya tiene sede de cursos en <a href=\"https:\/\/www.colindres.es\/\">Colindres<\/a>desde el lunes 29 de julio, gracias al convenio suscrito entre el Excelent\u00edsimo Ayuntamiento de Colindres y la dicha instituci\u00f3n universitaria.<\/p>\n<p>La localidad c\u00e1ntabra ya forma parte de la 30.\u00aa edici\u00f3n de los <a href=\"http:\/\/portal.uned.es\/portal\/page?_pageid=435,1&amp;_dad=portal&amp;_schema=PORTAL\">Cursos de Verano de la UNED<\/a>y los <strong>155 cursos<\/strong>organizados con tres acciones formativas que se est\u00e1n impartiendo en Torrelavega y Colindres durante la segunda quincena de julio, dado que all\u00ed se est\u00e1 celebrando el \u00faltimo de los <strong>Cursos de Verano de UNED Cantabria<\/strong>, <strong>\u201c<\/strong><a href=\"http:\/\/extension.uned.es\/actividad\/idactividad\/19592\">La mente errada: los procesos psicopatol\u00f3gicos y la respuesta de la sociedad<\/a><strong>\u201d. <\/strong>Dicha acci\u00f3n formativaha estrenado el ala que ocupa UNED Cantabria en el <strong>Centro de Formaci\u00f3n y Empleo<\/strong>como sede en esta edici\u00f3n y como Centro Colaborador de la instituci\u00f3n universitaria, ubicado en el antiguo edificio del Colegio P\u00fablico Los Puentes. Al igual que los otros dos monogr\u00e1ficos, este se puede seguir en <strong>modalidad presencial y online, <\/strong>es decir, v\u00eda Internet tanto en directo como en diferido.<\/p>\n<p>Fernando Jorge Molero, Catedr\u00e1tico de Psicolog\u00eda Social y de las Organizaciones de la UNED, ejerce como director del curso cuya codirecci\u00f3n corre a cargo de Oscar Vallina, Psic\u00f3logo Cl\u00ednico en el Hospital Sierrallana-Tres Mares del Servicio C\u00e1ntabro de Salud y Profesor Tutor de UNED Cantabria, y que se est\u00e1 impartiendo del 29 al 31 de julio.<\/p>\n<p>Antes de la presentaci\u00f3n del curso, Javier Incera, Alcalde de Colindres, y Ana Mart\u00edn, Directora del Centro Asociado a la UNED en Cantabria, firmaron el convenio de colaboraci\u00f3n en presencia de Yolanda Arce, Concejala de Educaci\u00f3n, y Adri\u00e1n Seti\u00e9n, Teniente de Alcalde y Coordinador de la sede de UNED Cantabria en Colindres.<\/p>\n<p>El Alcalde hizo hincapi\u00e9 en la importancia de la transmisi\u00f3n del conocimiento y la labor que realizan en este sentido ambas instituciones gracias al convenio firmado, esperando que el curso de verano cumpla las expectativas de quienes se han matriculado en \u00e9l. Asimismo, Incera coment\u00f3 que los all\u00ed presentes han sido los primeros en asistir al Centro que estrena UNED Cantabria con este curso, unas instalaciones espec\u00edficas para la UNED, al tiempo que desea que la colaboraci\u00f3n se extienda en el tiempo.<\/p>\n<p>Por su parte, la directora de UNED Cantabria agradeci\u00f3 la buena disposici\u00f3n que encontr\u00f3 desde el primer d\u00eda en el que se reunieron ella y el Alcalde para hablar de lo que entonces era un proyecto, un proyecto en el que m\u00e1s tarde se plante\u00f3, como sede de cursos y actividades de la UNED, un ala de un colegio que hab\u00eda quedado en desuso y en el que se han realizado obras de rehabilitaci\u00f3n que han dado como resultado una sede accesible y de gran utilidad para la UNED. Mart\u00edn felicit\u00f3 al Ayuntamiento por su trayectoria de promoci\u00f3n cultural ya que, gracias a Javier Incera, Colindres se ha convertido en el \u201ccentro cultural de la zona oriental de Cantabria\u201d, \u00e1rea donde UNED Cantabria ten\u00eda pendiente firmar alg\u00fan acuerdo de colaboraci\u00f3n, al igual que ha hecho durante los \u00faltimos a\u00f1os con Torrelavega.<\/p>\n<p>Ambos coincidieron en la importancia de la formaci\u00f3n continua y dieron la bienvenida a ponentes y a los m\u00e1s de sesenta alumnos (tanto los que asisten al curso presencialmente como a los que lo seguir\u00edan online, en directo y en diferido) junto al director y al codirector del curso de verano que empezaba ayer y en el que se han matriculado personas residentes en diferentes puntos de Espa\u00f1a e incluso de Europa.<\/p>\n<p>En Colindres, se desarrollar\u00e1n actividades formativas durante todo el a\u00f1o dirigidas a diversos colectivos y est\u00e1 previsto que se ampl\u00ede su uso, como espacio destinado a estudiantes de la UNED.Colindres se une a Santander y Torrelavega como sedes de la UNED en Cantabria<\/p>\n","protected":false},"excerpt":{"rendered":"<p>En el nuevo Centro de Formaci\u00f3n y Empleo, antiguo Colegio Los Puentes Firmado el convenio de UNED Cantabria y Colindres Antes del inicio del cuso de verano el Alcalde de Colindres y la Directora de UNED Cantabria se reun\u00edan para formalizarlo La Universidad Nacional de Educaci\u00f3n a Distancia (UNED) en Cantabriaya tiene sede de cursos [&hellip;]<\/p>\n","protected":false},"author":1,"featured_media":14832,"comment_status":"open","ping_status":"closed","template":"","meta":{"_et_pb_use_builder":"","_et_pb_old_content":"","_et_gb_content_width":"","footnotes":""},"project_category":[],"project_tag":[],"class_list":["post-14831","project","type-project","status-publish","has-post-thumbnail","hentry"],"yoast_head":"<!-- This site is optimized with the Yoast SEO plugin v24.9 - https:\/\/yoast.com\/wordpress\/plugins\/seo\/ -->\n<title>Colindres se une a Santander y Torrelavega como sedes de la UNED en Cantabria - Ayuntamiento de Colindres<\/title>\n<meta name=\"robots\" content=\"index, follow, max-snippet:-1, max-image-preview:large, max-video-preview:-1\" \/>\n<link rel=\"canonical\" href=\"https:\/\/www.colindres.es\/index.php\/project\/colindres-se-une-a-santander-y-torrelavega-como-sedes-de-la-uned-en-cantabria\/\" \/>\n<meta property=\"og:locale\" content=\"es_ES\" \/>\n<meta property=\"og:type\" content=\"article\" \/>\n<meta property=\"og:title\" content=\"Colindres se une a Santander y Torrelavega como sedes de la UNED en Cantabria - Ayuntamiento de Colindres\" \/>\n<meta property=\"og:description\" content=\"En el nuevo Centro de Formaci\u00f3n y Empleo, antiguo Colegio Los Puentes Firmado el convenio de UNED Cantabria y Colindres Antes del inicio del cuso de verano el Alcalde de Colindres y la Directora de UNED Cantabria se reun\u00edan para formalizarlo La Universidad Nacional de Educaci\u00f3n a Distancia (UNED) en Cantabriaya tiene sede de cursos [&hellip;]\" \/>\n<meta property=\"og:url\" content=\"https:\/\/www.colindres.es\/index.php\/project\/colindres-se-une-a-santander-y-torrelavega-como-sedes-de-la-uned-en-cantabria\/\" \/>\n<meta property=\"og:site_name\" content=\"Ayuntamiento de Colindres\" \/>\n<meta property=\"og:image\" content=\"https:\/\/www.colindres.es\/wp-content\/uploads\/2019\/08\/2019-07-29-Firma-convenio-UNED-Cantabria-Colindres-P1060346-.jpg\" \/>\n\t<meta property=\"og:image:width\" content=\"1417\" \/>\n\t<meta property=\"og:image:height\" content=\"1063\" \/>\n\t<meta property=\"og:image:type\" content=\"image\/jpeg\" \/>\n<meta name=\"twitter:card\" content=\"summary_large_image\" \/>\n<meta name=\"twitter:label1\" content=\"Tiempo de lectura\" \/>\n\t<meta name=\"twitter:data1\" content=\"4 minutos\" \/>\n<script type=\"application\/ld+json\" class=\"yoast-schema-graph\">{\"@context\":\"https:\/\/schema.org\",\"@graph\":[{\"@type\":\"WebPage\",\"@id\":\"https:\/\/www.colindres.es\/index.php\/project\/colindres-se-une-a-santander-y-torrelavega-como-sedes-de-la-uned-en-cantabria\/\",\"url\":\"https:\/\/www.colindres.es\/index.php\/project\/colindres-se-une-a-santander-y-torrelavega-como-sedes-de-la-uned-en-cantabria\/\",\"name\":\"Colindres se une a Santander y Torrelavega como sedes de la UNED en Cantabria - Ayuntamiento de Colindres\",\"isPartOf\":{\"@id\":\"https:\/\/www.colindres.es\/#website\"},\"primaryImageOfPage\":{\"@id\":\"https:\/\/www.colindres.es\/index.php\/project\/colindres-se-une-a-santander-y-torrelavega-como-sedes-de-la-uned-en-cantabria\/#primaryimage\"},\"image\":{\"@id\":\"https:\/\/www.colindres.es\/index.php\/project\/colindres-se-une-a-santander-y-torrelavega-como-sedes-de-la-uned-en-cantabria\/#primaryimage\"},\"thumbnailUrl\":\"https:\/\/www.colindres.es\/wp-content\/uploads\/2019\/08\/2019-07-29-Firma-convenio-UNED-Cantabria-Colindres-P1060346-.jpg\",\"datePublished\":\"2019-08-01T12:08:40+00:00\",\"breadcrumb\":{\"@id\":\"https:\/\/www.colindres.es\/index.php\/project\/colindres-se-une-a-santander-y-torrelavega-como-sedes-de-la-uned-en-cantabria\/#breadcrumb\"},\"inLanguage\":\"es\",\"potentialAction\":[{\"@type\":\"ReadAction\",\"target\":[\"https:\/\/www.colindres.es\/index.php\/project\/colindres-se-une-a-santander-y-torrelavega-como-sedes-de-la-uned-en-cantabria\/\"]}]},{\"@type\":\"ImageObject\",\"inLanguage\":\"es\",\"@id\":\"https:\/\/www.colindres.es\/index.php\/project\/colindres-se-une-a-santander-y-torrelavega-como-sedes-de-la-uned-en-cantabria\/#primaryimage\",\"url\":\"https:\/\/www.colindres.es\/wp-content\/uploads\/2019\/08\/2019-07-29-Firma-convenio-UNED-Cantabria-Colindres-P1060346-.jpg\",\"contentUrl\":\"https:\/\/www.colindres.es\/wp-content\/uploads\/2019\/08\/2019-07-29-Firma-convenio-UNED-Cantabria-Colindres-P1060346-.jpg\",\"width\":1417,\"height\":1063,\"caption\":\"Curso Verano UNED\"},{\"@type\":\"BreadcrumbList\",\"@id\":\"https:\/\/www.colindres.es\/index.php\/project\/colindres-se-une-a-santander-y-torrelavega-como-sedes-de-la-uned-en-cantabria\/#breadcrumb\",\"itemListElement\":[{\"@type\":\"ListItem\",\"position\":1,\"name\":\"Portada\",\"item\":\"https:\/\/www.colindres.es\/\"},{\"@type\":\"ListItem\",\"position\":2,\"name\":\"Proyectos\",\"item\":\"https:\/\/www.colindres.es\/index.php\/project\/\"},{\"@type\":\"ListItem\",\"position\":3,\"name\":\"Colindres se une a Santander y Torrelavega como sedes de la UNED en Cantabria\"}]},{\"@type\":\"WebSite\",\"@id\":\"https:\/\/www.colindres.es\/#website\",\"url\":\"https:\/\/www.colindres.es\/\",\"name\":\"Ayuntamiento de Colindres\",\"description\":\"Dise\u00f1ado por NTIC&#039;s\",\"publisher\":{\"@id\":\"https:\/\/www.colindres.es\/#organization\"},\"potentialAction\":[{\"@type\":\"SearchAction\",\"target\":{\"@type\":\"EntryPoint\",\"urlTemplate\":\"https:\/\/www.colindres.es\/?s={search_term_string}\"},\"query-input\":{\"@type\":\"PropertyValueSpecification\",\"valueRequired\":true,\"valueName\":\"search_term_string\"}}],\"inLanguage\":\"es\"},{\"@type\":\"Organization\",\"@id\":\"https:\/\/www.colindres.es\/#organization\",\"name\":\"AYUNTAMIENTO DE COLINDRES\",\"url\":\"https:\/\/www.colindres.es\/\",\"logo\":{\"@type\":\"ImageObject\",\"inLanguage\":\"es\",\"@id\":\"https:\/\/www.colindres.es\/#\/schema\/logo\/image\/\",\"url\":\"https:\/\/www.colindres.es\/wp-content\/uploads\/2017\/01\/LOGO-PRINCIPAL.jpg\",\"contentUrl\":\"https:\/\/www.colindres.es\/wp-content\/uploads\/2017\/01\/LOGO-PRINCIPAL.jpg\",\"width\":1209,\"height\":579,\"caption\":\"AYUNTAMIENTO DE COLINDRES\"},\"image\":{\"@id\":\"https:\/\/www.colindres.es\/#\/schema\/logo\/image\/\"}}]}<\/script>\n<!-- \/ Yoast SEO plugin. -->","yoast_head_json":{"title":"Colindres se une a Santander y Torrelavega como sedes de la UNED en Cantabria - Ayuntamiento de Colindres","robots":{"index":"index","follow":"follow","max-snippet":"max-snippet:-1","max-image-preview":"max-image-preview:large","max-video-preview":"max-video-preview:-1"},"canonical":"https:\/\/www.colindres.es\/index.php\/project\/colindres-se-une-a-santander-y-torrelavega-como-sedes-de-la-uned-en-cantabria\/","og_locale":"es_ES","og_type":"article","og_title":"Colindres se une a Santander y Torrelavega como sedes de la UNED en Cantabria - Ayuntamiento de Colindres","og_description":"En el nuevo Centro de Formaci\u00f3n y Empleo, antiguo Colegio Los Puentes Firmado el convenio de UNED Cantabria y Colindres Antes del inicio del cuso de verano el Alcalde de Colindres y la Directora de UNED Cantabria se reun\u00edan para formalizarlo La Universidad Nacional de Educaci\u00f3n a Distancia (UNED) en Cantabriaya tiene sede de cursos [&hellip;]","og_url":"https:\/\/www.colindres.es\/index.php\/project\/colindres-se-une-a-santander-y-torrelavega-como-sedes-de-la-uned-en-cantabria\/","og_site_name":"Ayuntamiento de Colindres","og_image":[{"width":1417,"height":1063,"url":"https:\/\/www.colindres.es\/wp-content\/uploads\/2019\/08\/2019-07-29-Firma-convenio-UNED-Cantabria-Colindres-P1060346-.jpg","type":"image\/jpeg"}],"twitter_card":"summary_large_image","twitter_misc":{"Tiempo de lectura":"4 minutos"},"schema":{"@context":"https:\/\/schema.org","@graph":[{"@type":"WebPage","@id":"https:\/\/www.colindres.es\/index.php\/project\/colindres-se-une-a-santander-y-torrelavega-como-sedes-de-la-uned-en-cantabria\/","url":"https:\/\/www.colindres.es\/index.php\/project\/colindres-se-une-a-santander-y-torrelavega-como-sedes-de-la-uned-en-cantabria\/","name":"Colindres se une a Santander y Torrelavega como sedes de la UNED en Cantabria - Ayuntamiento de Colindres","isPartOf":{"@id":"https:\/\/www.colindres.es\/#website"},"primaryImageOfPage":{"@id":"https:\/\/www.colindres.es\/index.php\/project\/colindres-se-une-a-santander-y-torrelavega-como-sedes-de-la-uned-en-cantabria\/#primaryimage"},"image":{"@id":"https:\/\/www.colindres.es\/index.php\/project\/colindres-se-une-a-santander-y-torrelavega-como-sedes-de-la-uned-en-cantabria\/#primaryimage"},"thumbnailUrl":"https:\/\/www.colindres.es\/wp-content\/uploads\/2019\/08\/2019-07-29-Firma-convenio-UNED-Cantabria-Colindres-P1060346-.jpg","datePublished":"2019-08-01T12:08:40+00:00","breadcrumb":{"@id":"https:\/\/www.colindres.es\/index.php\/project\/colindres-se-une-a-santander-y-torrelavega-como-sedes-de-la-uned-en-cantabria\/#breadcrumb"},"inLanguage":"es","potentialAction":[{"@type":"ReadAction","target":["https:\/\/www.colindres.es\/index.php\/project\/colindres-se-une-a-santander-y-torrelavega-como-sedes-de-la-uned-en-cantabria\/"]}]},{"@type":"ImageObject","inLanguage":"es","@id":"https:\/\/www.colindres.es\/index.php\/project\/colindres-se-une-a-santander-y-torrelavega-como-sedes-de-la-uned-en-cantabria\/#primaryimage","url":"https:\/\/www.colindres.es\/wp-content\/uploads\/2019\/08\/2019-07-29-Firma-convenio-UNED-Cantabria-Colindres-P1060346-.jpg","contentUrl":"https:\/\/www.colindres.es\/wp-content\/uploads\/2019\/08\/2019-07-29-Firma-convenio-UNED-Cantabria-Colindres-P1060346-.jpg","width":1417,"height":1063,"caption":"Curso Verano UNED"},{"@type":"BreadcrumbList","@id":"https:\/\/www.colindres.es\/index.php\/project\/colindres-se-une-a-santander-y-torrelavega-como-sedes-de-la-uned-en-cantabria\/#breadcrumb","itemListElement":[{"@type":"ListItem","position":1,"name":"Portada","item":"https:\/\/www.colindres.es\/"},{"@type":"ListItem","position":2,"name":"Proyectos","item":"https:\/\/www.colindres.es\/index.php\/project\/"},{"@type":"ListItem","position":3,"name":"Colindres se une a Santander y Torrelavega como sedes de la UNED en Cantabria"}]},{"@type":"WebSite","@id":"https:\/\/www.colindres.es\/#website","url":"https:\/\/www.colindres.es\/","name":"Ayuntamiento de Colindres","description":"Dise\u00f1ado por NTIC&#039;s","publisher":{"@id":"https:\/\/www.colindres.es\/#organization"},"potentialAction":[{"@type":"SearchAction","target":{"@type":"EntryPoint","urlTemplate":"https:\/\/www.colindres.es\/?s={search_term_string}"},"query-input":{"@type":"PropertyValueSpecification","valueRequired":true,"valueName":"search_term_string"}}],"inLanguage":"es"},{"@type":"Organization","@id":"https:\/\/www.colindres.es\/#organization","name":"AYUNTAMIENTO DE COLINDRES","url":"https:\/\/www.colindres.es\/","logo":{"@type":"ImageObject","inLanguage":"es","@id":"https:\/\/www.colindres.es\/#\/schema\/logo\/image\/","url":"https:\/\/www.colindres.es\/wp-content\/uploads\/2017\/01\/LOGO-PRINCIPAL.jpg","contentUrl":"https:\/\/www.colindres.es\/wp-content\/uploads\/2017\/01\/LOGO-PRINCIPAL.jpg","width":1209,"height":579,"caption":"AYUNTAMIENTO DE COLINDRES"},"image":{"@id":"https:\/\/www.colindres.es\/#\/schema\/logo\/image\/"}}]}},"_links":{"self":[{"href":"https:\/\/www.colindres.es\/index.php\/wp-json\/wp\/v2\/project\/14831","targetHints":{"allow":["GET"]}}],"collection":[{"href":"https:\/\/www.colindres.es\/index.php\/wp-json\/wp\/v2\/project"}],"about":[{"href":"https:\/\/www.colindres.es\/index.php\/wp-json\/wp\/v2\/types\/project"}],"author":[{"embeddable":true,"href":"https:\/\/www.colindres.es\/index.php\/wp-json\/wp\/v2\/users\/1"}],"replies":[{"embeddable":true,"href":"https:\/\/www.colindres.es\/index.php\/wp-json\/wp\/v2\/comments?post=14831"}],"version-history":[{"count":1,"href":"https:\/\/www.colindres.es\/index.php\/wp-json\/wp\/v2\/project\/14831\/revisions"}],"predecessor-version":[{"id":14834,"href":"https:\/\/www.colindres.es\/index.php\/wp-json\/wp\/v2\/project\/14831\/revisions\/14834"}],"wp:featuredmedia":[{"embeddable":true,"href":"https:\/\/www.colindres.es\/index.php\/wp-json\/wp\/v2\/media\/14832"}],"wp:attachment":[{"href":"https:\/\/www.colindres.es\/index.php\/wp-json\/wp\/v2\/media?parent=14831"}],"wp:term":[{"taxonomy":"project_category","embeddable":true,"href":"https:\/\/www.colindres.es\/index.php\/wp-json\/wp\/v2\/project_category?post=14831"},{"taxonomy":"project_tag","embeddable":true,"href":"https:\/\/www.colindres.es\/index.php\/wp-json\/wp\/v2\/project_tag?post=14831"}],"curies":[{"name":"wp","href":"https:\/\/api.w.org\/{rel}","templated":true}]}}