{"id":14819,"date":"2019-07-10T00:02:39","date_gmt":"2019-07-09T22:02:39","guid":{"rendered":"https:\/\/www.colindres.es\/?post_type=project&#038;p=14819"},"modified":"2019-07-10T00:02:39","modified_gmt":"2019-07-09T22:02:39","slug":"la-quinta-edicion-del-sunset-acoustic-se-celebrara-en-colindres-los-dias-18-y-24-de-julio","status":"publish","type":"project","link":"https:\/\/www.colindres.es\/index.php\/project\/la-quinta-edicion-del-sunset-acoustic-se-celebrara-en-colindres-los-dias-18-y-24-de-julio\/","title":{"rendered":"La quinta edici\u00f3n del \u2018Sunset Acoustic\u2019 se celebrar\u00e1 en Colindres los d\u00edas 18 y 24 de julio"},"content":{"rendered":"<p><strong>El festival de talento joven contar\u00e1 con artistas de renombre nacional como Serrulla o Ainoa Buitrago y se consolida como uno de los eventos musicales m\u00e1s interesantes de Cantabria<\/strong><\/p>\n<p><em>Colindres, 9 de julio.-<\/em> La quinta edici\u00f3n del festival \u2018Sunset Acoustic\u2019 se celebrar\u00e1 en Colindres los d\u00edas 18 y 24 de julio y contar\u00e1 con artistas de renombre nacional como Serrulla, Ainoa Buitrago, Mar\u00eda de la Flor o Eva Mcbel.<\/p>\n<p>El alcalde de Colindres, Javier Incera, y la concejala de Juventud y Festejos, Mar\u00eda Eugenia Casta\u00f1eda, han presentado este evento musical que se enmarca en el programa \u2018XQNoTViernes\u2019 y que gestiona y dinamiza el Ayuntamiento a trav\u00e9s de la Casa de la Juventud.<\/p>\n<p>En la presentaci\u00f3n han estado acompa\u00f1ados por el t\u00e9cnico de Juventud del Consistorio, H\u00e9ctor Cruz, uno de los propietarios de la firma Dougalls, Andrew Thomas Dougall, y dos de los j\u00f3venes que van a actuar y que son colaboradores del festival.<\/p>\n<p>Incera y Casta\u00f1eda han explicado que el festival \u201csin duda, es uno de los grandes ejemplos del objetivo que nos hab\u00edamos marcado en la pasada legislatura y que va a continuar plenamente vigente durante estos pr\u00f3ximos cuatro a\u00f1os: dar protagonismo a los j\u00f3venes y potenciar la participaci\u00f3n no solo como espectadores, sino como agentes activos en la consecuci\u00f3n de proyectos\u201d.<\/p>\n<p>La quinta edici\u00f3n del \u2018Sunset Acoustic\u2019 respetar\u00e1 el formato de los a\u00f1os anteriores y se dividir\u00e1 en dos jornadas, los d\u00edas 18 y 24 de lulio. La m\u00fasica comenzar\u00e1 a sonar desde las 21 horas \u201cen un entorno natural id\u00edlico como es el Parque del Riego, el pulm\u00f3n verde del municipio de Colindres que est\u00e1 enclavado en las Marismas de Santo\u00f1a, Victoria y Joyel\u201d.<\/p>\n<p>Abrir\u00e1 la primera jornada la joven camarguesa Andrea Turienzo \u2018DREI\u2019 y, posteriormente, presentar\u00e1 sus temas el joven colindres Sergio de Miguel.\u00a0 La segunda parte de esta jornada tendr\u00e1 como protagonistas a Mar\u00eda de la Flor, procedente de Madrid, y finalizar\u00e1 una de las representantes de la cantera nacional de artistas, la zaragozana Eva Mcbel.<\/p>\n<p>El d\u00eda 24 la Novia del Oj\u00e1ncano se reencontrar\u00e1 con el p\u00fablico en\u00a0 su segunda etapa. A continuaci\u00f3n ser\u00e1 el turno para el segundo colindres de este a\u00f1o, el ilustre Cacho, que presentar\u00e1 sus canciones en versi\u00f3n ac\u00fastica. Como colof\u00f3n a esta edici\u00f3n, actuar\u00e1n Ainoa Buitrago,\u00a0 una de las mayores esperanzas de la m\u00fasica nacional, y el\u00a0 cantautor Donostiarra Serrulla,\u00a0 que estar\u00e1 tambi\u00e9n en el BBK live de este a\u00f1o.<\/p>\n<p>Como novedad, Dougalls, una de las marcas cerveceras con m\u00e1s renombre de la regi\u00f3n, ha querido apadrinar este festival de talento joven, potenciando con ello la m\u00fasica de artistas noveles.<\/p>\n<p>&nbsp;<\/p>\n","protected":false},"excerpt":{"rendered":"<p>El festival de talento joven contar\u00e1 con artistas de renombre nacional como Serrulla o Ainoa Buitrago y se consolida como uno de los eventos musicales m\u00e1s interesantes de Cantabria Colindres, 9 de julio.- La quinta edici\u00f3n del festival \u2018Sunset Acoustic\u2019 se celebrar\u00e1 en Colindres los d\u00edas 18 y 24 de julio y contar\u00e1 con artistas [&hellip;]<\/p>\n","protected":false},"author":1,"featured_media":14820,"comment_status":"open","ping_status":"closed","template":"","meta":{"_et_pb_use_builder":"","_et_pb_old_content":"","_et_gb_content_width":"","footnotes":""},"project_category":[6],"project_tag":[],"class_list":["post-14819","project","type-project","status-publish","has-post-thumbnail","hentry","project_category-noticias"],"yoast_head":"<!-- This site is optimized with the Yoast SEO plugin v24.9 - https:\/\/yoast.com\/wordpress\/plugins\/seo\/ -->\n<title>La quinta edici\u00f3n del \u2018Sunset Acoustic\u2019 se celebrar\u00e1 en Colindres los d\u00edas 18 y 24 de julio - Ayuntamiento de Colindres<\/title>\n<meta name=\"robots\" content=\"index, follow, max-snippet:-1, max-image-preview:large, max-video-preview:-1\" \/>\n<link rel=\"canonical\" href=\"https:\/\/www.colindres.es\/index.php\/project\/la-quinta-edicion-del-sunset-acoustic-se-celebrara-en-colindres-los-dias-18-y-24-de-julio\/\" \/>\n<meta property=\"og:locale\" content=\"es_ES\" \/>\n<meta property=\"og:type\" content=\"article\" \/>\n<meta property=\"og:title\" content=\"La quinta edici\u00f3n del \u2018Sunset Acoustic\u2019 se celebrar\u00e1 en Colindres los d\u00edas 18 y 24 de julio - Ayuntamiento de Colindres\" \/>\n<meta property=\"og:description\" content=\"El festival de talento joven contar\u00e1 con artistas de renombre nacional como Serrulla o Ainoa Buitrago y se consolida como uno de los eventos musicales m\u00e1s interesantes de Cantabria Colindres, 9 de julio.- La quinta edici\u00f3n del festival \u2018Sunset Acoustic\u2019 se celebrar\u00e1 en Colindres los d\u00edas 18 y 24 de julio y contar\u00e1 con artistas [&hellip;]\" \/>\n<meta property=\"og:url\" content=\"https:\/\/www.colindres.es\/index.php\/project\/la-quinta-edicion-del-sunset-acoustic-se-celebrara-en-colindres-los-dias-18-y-24-de-julio\/\" \/>\n<meta property=\"og:site_name\" content=\"Ayuntamiento de Colindres\" \/>\n<meta property=\"og:image\" content=\"https:\/\/www.colindres.es\/wp-content\/uploads\/2019\/07\/Presentaci\u00f3n-Sunset-Festival.jpg\" \/>\n\t<meta property=\"og:image:width\" content=\"1024\" \/>\n\t<meta property=\"og:image:height\" content=\"783\" \/>\n\t<meta property=\"og:image:type\" content=\"image\/jpeg\" \/>\n<meta name=\"twitter:card\" content=\"summary_large_image\" \/>\n<meta name=\"twitter:label1\" content=\"Tiempo de lectura\" \/>\n\t<meta name=\"twitter:data1\" content=\"2 minutos\" \/>\n<script type=\"application\/ld+json\" class=\"yoast-schema-graph\">{\"@context\":\"https:\/\/schema.org\",\"@graph\":[{\"@type\":\"WebPage\",\"@id\":\"https:\/\/www.colindres.es\/index.php\/project\/la-quinta-edicion-del-sunset-acoustic-se-celebrara-en-colindres-los-dias-18-y-24-de-julio\/\",\"url\":\"https:\/\/www.colindres.es\/index.php\/project\/la-quinta-edicion-del-sunset-acoustic-se-celebrara-en-colindres-los-dias-18-y-24-de-julio\/\",\"name\":\"La quinta edici\u00f3n del \u2018Sunset Acoustic\u2019 se celebrar\u00e1 en Colindres los d\u00edas 18 y 24 de julio - Ayuntamiento de Colindres\",\"isPartOf\":{\"@id\":\"https:\/\/www.colindres.es\/#website\"},\"primaryImageOfPage\":{\"@id\":\"https:\/\/www.colindres.es\/index.php\/project\/la-quinta-edicion-del-sunset-acoustic-se-celebrara-en-colindres-los-dias-18-y-24-de-julio\/#primaryimage\"},\"image\":{\"@id\":\"https:\/\/www.colindres.es\/index.php\/project\/la-quinta-edicion-del-sunset-acoustic-se-celebrara-en-colindres-los-dias-18-y-24-de-julio\/#primaryimage\"},\"thumbnailUrl\":\"https:\/\/www.colindres.es\/wp-content\/uploads\/2019\/07\/Presentaci\u00f3n-Sunset-Festival.jpg\",\"datePublished\":\"2019-07-09T22:02:39+00:00\",\"breadcrumb\":{\"@id\":\"https:\/\/www.colindres.es\/index.php\/project\/la-quinta-edicion-del-sunset-acoustic-se-celebrara-en-colindres-los-dias-18-y-24-de-julio\/#breadcrumb\"},\"inLanguage\":\"es\",\"potentialAction\":[{\"@type\":\"ReadAction\",\"target\":[\"https:\/\/www.colindres.es\/index.php\/project\/la-quinta-edicion-del-sunset-acoustic-se-celebrara-en-colindres-los-dias-18-y-24-de-julio\/\"]}]},{\"@type\":\"ImageObject\",\"inLanguage\":\"es\",\"@id\":\"https:\/\/www.colindres.es\/index.php\/project\/la-quinta-edicion-del-sunset-acoustic-se-celebrara-en-colindres-los-dias-18-y-24-de-julio\/#primaryimage\",\"url\":\"https:\/\/www.colindres.es\/wp-content\/uploads\/2019\/07\/Presentaci\u00f3n-Sunset-Festival.jpg\",\"contentUrl\":\"https:\/\/www.colindres.es\/wp-content\/uploads\/2019\/07\/Presentaci\u00f3n-Sunset-Festival.jpg\",\"width\":1024,\"height\":783,\"caption\":\"Presentaci\u00f3n Sunset Festival\"},{\"@type\":\"BreadcrumbList\",\"@id\":\"https:\/\/www.colindres.es\/index.php\/project\/la-quinta-edicion-del-sunset-acoustic-se-celebrara-en-colindres-los-dias-18-y-24-de-julio\/#breadcrumb\",\"itemListElement\":[{\"@type\":\"ListItem\",\"position\":1,\"name\":\"Portada\",\"item\":\"https:\/\/www.colindres.es\/\"},{\"@type\":\"ListItem\",\"position\":2,\"name\":\"Proyectos\",\"item\":\"https:\/\/www.colindres.es\/index.php\/project\/\"},{\"@type\":\"ListItem\",\"position\":3,\"name\":\"La quinta edici\u00f3n del \u2018Sunset Acoustic\u2019 se celebrar\u00e1 en Colindres los d\u00edas 18 y 24 de julio\"}]},{\"@type\":\"WebSite\",\"@id\":\"https:\/\/www.colindres.es\/#website\",\"url\":\"https:\/\/www.colindres.es\/\",\"name\":\"Ayuntamiento de Colindres\",\"description\":\"Dise\u00f1ado por NTIC&#039;s\",\"publisher\":{\"@id\":\"https:\/\/www.colindres.es\/#organization\"},\"potentialAction\":[{\"@type\":\"SearchAction\",\"target\":{\"@type\":\"EntryPoint\",\"urlTemplate\":\"https:\/\/www.colindres.es\/?s={search_term_string}\"},\"query-input\":{\"@type\":\"PropertyValueSpecification\",\"valueRequired\":true,\"valueName\":\"search_term_string\"}}],\"inLanguage\":\"es\"},{\"@type\":\"Organization\",\"@id\":\"https:\/\/www.colindres.es\/#organization\",\"name\":\"AYUNTAMIENTO DE COLINDRES\",\"url\":\"https:\/\/www.colindres.es\/\",\"logo\":{\"@type\":\"ImageObject\",\"inLanguage\":\"es\",\"@id\":\"https:\/\/www.colindres.es\/#\/schema\/logo\/image\/\",\"url\":\"https:\/\/www.colindres.es\/wp-content\/uploads\/2017\/01\/LOGO-PRINCIPAL.jpg\",\"contentUrl\":\"https:\/\/www.colindres.es\/wp-content\/uploads\/2017\/01\/LOGO-PRINCIPAL.jpg\",\"width\":1209,\"height\":579,\"caption\":\"AYUNTAMIENTO DE COLINDRES\"},\"image\":{\"@id\":\"https:\/\/www.colindres.es\/#\/schema\/logo\/image\/\"}}]}<\/script>\n<!-- \/ Yoast SEO plugin. -->","yoast_head_json":{"title":"La quinta edici\u00f3n del \u2018Sunset Acoustic\u2019 se celebrar\u00e1 en Colindres los d\u00edas 18 y 24 de julio - Ayuntamiento de Colindres","robots":{"index":"index","follow":"follow","max-snippet":"max-snippet:-1","max-image-preview":"max-image-preview:large","max-video-preview":"max-video-preview:-1"},"canonical":"https:\/\/www.colindres.es\/index.php\/project\/la-quinta-edicion-del-sunset-acoustic-se-celebrara-en-colindres-los-dias-18-y-24-de-julio\/","og_locale":"es_ES","og_type":"article","og_title":"La quinta edici\u00f3n del \u2018Sunset Acoustic\u2019 se celebrar\u00e1 en Colindres los d\u00edas 18 y 24 de julio - Ayuntamiento de Colindres","og_description":"El festival de talento joven contar\u00e1 con artistas de renombre nacional como Serrulla o Ainoa Buitrago y se consolida como uno de los eventos musicales m\u00e1s interesantes de Cantabria Colindres, 9 de julio.- La quinta edici\u00f3n del festival \u2018Sunset Acoustic\u2019 se celebrar\u00e1 en Colindres los d\u00edas 18 y 24 de julio y contar\u00e1 con artistas [&hellip;]","og_url":"https:\/\/www.colindres.es\/index.php\/project\/la-quinta-edicion-del-sunset-acoustic-se-celebrara-en-colindres-los-dias-18-y-24-de-julio\/","og_site_name":"Ayuntamiento de Colindres","og_image":[{"width":1024,"height":783,"url":"https:\/\/www.colindres.es\/wp-content\/uploads\/2019\/07\/Presentaci\u00f3n-Sunset-Festival.jpg","type":"image\/jpeg"}],"twitter_card":"summary_large_image","twitter_misc":{"Tiempo de lectura":"2 minutos"},"schema":{"@context":"https:\/\/schema.org","@graph":[{"@type":"WebPage","@id":"https:\/\/www.colindres.es\/index.php\/project\/la-quinta-edicion-del-sunset-acoustic-se-celebrara-en-colindres-los-dias-18-y-24-de-julio\/","url":"https:\/\/www.colindres.es\/index.php\/project\/la-quinta-edicion-del-sunset-acoustic-se-celebrara-en-colindres-los-dias-18-y-24-de-julio\/","name":"La quinta edici\u00f3n del \u2018Sunset Acoustic\u2019 se celebrar\u00e1 en Colindres los d\u00edas 18 y 24 de julio - Ayuntamiento de Colindres","isPartOf":{"@id":"https:\/\/www.colindres.es\/#website"},"primaryImageOfPage":{"@id":"https:\/\/www.colindres.es\/index.php\/project\/la-quinta-edicion-del-sunset-acoustic-se-celebrara-en-colindres-los-dias-18-y-24-de-julio\/#primaryimage"},"image":{"@id":"https:\/\/www.colindres.es\/index.php\/project\/la-quinta-edicion-del-sunset-acoustic-se-celebrara-en-colindres-los-dias-18-y-24-de-julio\/#primaryimage"},"thumbnailUrl":"https:\/\/www.colindres.es\/wp-content\/uploads\/2019\/07\/Presentaci\u00f3n-Sunset-Festival.jpg","datePublished":"2019-07-09T22:02:39+00:00","breadcrumb":{"@id":"https:\/\/www.colindres.es\/index.php\/project\/la-quinta-edicion-del-sunset-acoustic-se-celebrara-en-colindres-los-dias-18-y-24-de-julio\/#breadcrumb"},"inLanguage":"es","potentialAction":[{"@type":"ReadAction","target":["https:\/\/www.colindres.es\/index.php\/project\/la-quinta-edicion-del-sunset-acoustic-se-celebrara-en-colindres-los-dias-18-y-24-de-julio\/"]}]},{"@type":"ImageObject","inLanguage":"es","@id":"https:\/\/www.colindres.es\/index.php\/project\/la-quinta-edicion-del-sunset-acoustic-se-celebrara-en-colindres-los-dias-18-y-24-de-julio\/#primaryimage","url":"https:\/\/www.colindres.es\/wp-content\/uploads\/2019\/07\/Presentaci\u00f3n-Sunset-Festival.jpg","contentUrl":"https:\/\/www.colindres.es\/wp-content\/uploads\/2019\/07\/Presentaci\u00f3n-Sunset-Festival.jpg","width":1024,"height":783,"caption":"Presentaci\u00f3n Sunset Festival"},{"@type":"BreadcrumbList","@id":"https:\/\/www.colindres.es\/index.php\/project\/la-quinta-edicion-del-sunset-acoustic-se-celebrara-en-colindres-los-dias-18-y-24-de-julio\/#breadcrumb","itemListElement":[{"@type":"ListItem","position":1,"name":"Portada","item":"https:\/\/www.colindres.es\/"},{"@type":"ListItem","position":2,"name":"Proyectos","item":"https:\/\/www.colindres.es\/index.php\/project\/"},{"@type":"ListItem","position":3,"name":"La quinta edici\u00f3n del \u2018Sunset Acoustic\u2019 se celebrar\u00e1 en Colindres los d\u00edas 18 y 24 de julio"}]},{"@type":"WebSite","@id":"https:\/\/www.colindres.es\/#website","url":"https:\/\/www.colindres.es\/","name":"Ayuntamiento de Colindres","description":"Dise\u00f1ado por NTIC&#039;s","publisher":{"@id":"https:\/\/www.colindres.es\/#organization"},"potentialAction":[{"@type":"SearchAction","target":{"@type":"EntryPoint","urlTemplate":"https:\/\/www.colindres.es\/?s={search_term_string}"},"query-input":{"@type":"PropertyValueSpecification","valueRequired":true,"valueName":"search_term_string"}}],"inLanguage":"es"},{"@type":"Organization","@id":"https:\/\/www.colindres.es\/#organization","name":"AYUNTAMIENTO DE COLINDRES","url":"https:\/\/www.colindres.es\/","logo":{"@type":"ImageObject","inLanguage":"es","@id":"https:\/\/www.colindres.es\/#\/schema\/logo\/image\/","url":"https:\/\/www.colindres.es\/wp-content\/uploads\/2017\/01\/LOGO-PRINCIPAL.jpg","contentUrl":"https:\/\/www.colindres.es\/wp-content\/uploads\/2017\/01\/LOGO-PRINCIPAL.jpg","width":1209,"height":579,"caption":"AYUNTAMIENTO DE COLINDRES"},"image":{"@id":"https:\/\/www.colindres.es\/#\/schema\/logo\/image\/"}}]}},"_links":{"self":[{"href":"https:\/\/www.colindres.es\/index.php\/wp-json\/wp\/v2\/project\/14819","targetHints":{"allow":["GET"]}}],"collection":[{"href":"https:\/\/www.colindres.es\/index.php\/wp-json\/wp\/v2\/project"}],"about":[{"href":"https:\/\/www.colindres.es\/index.php\/wp-json\/wp\/v2\/types\/project"}],"author":[{"embeddable":true,"href":"https:\/\/www.colindres.es\/index.php\/wp-json\/wp\/v2\/users\/1"}],"replies":[{"embeddable":true,"href":"https:\/\/www.colindres.es\/index.php\/wp-json\/wp\/v2\/comments?post=14819"}],"version-history":[{"count":1,"href":"https:\/\/www.colindres.es\/index.php\/wp-json\/wp\/v2\/project\/14819\/revisions"}],"predecessor-version":[{"id":14821,"href":"https:\/\/www.colindres.es\/index.php\/wp-json\/wp\/v2\/project\/14819\/revisions\/14821"}],"wp:featuredmedia":[{"embeddable":true,"href":"https:\/\/www.colindres.es\/index.php\/wp-json\/wp\/v2\/media\/14820"}],"wp:attachment":[{"href":"https:\/\/www.colindres.es\/index.php\/wp-json\/wp\/v2\/media?parent=14819"}],"wp:term":[{"taxonomy":"project_category","embeddable":true,"href":"https:\/\/www.colindres.es\/index.php\/wp-json\/wp\/v2\/project_category?post=14819"},{"taxonomy":"project_tag","embeddable":true,"href":"https:\/\/www.colindres.es\/index.php\/wp-json\/wp\/v2\/project_tag?post=14819"}],"curies":[{"name":"wp","href":"https:\/\/api.w.org\/{rel}","templated":true}]}}