{"id":14800,"date":"2019-07-04T11:25:16","date_gmt":"2019-07-04T09:25:16","guid":{"rendered":"https:\/\/www.colindres.es\/?post_type=project&#038;p=14800"},"modified":"2019-07-04T11:37:13","modified_gmt":"2019-07-04T09:37:13","slug":"fiestas-colindres","status":"publish","type":"project","link":"https:\/\/www.colindres.es\/index.php\/project\/fiestas-colindres\/","title":{"rendered":"FIESTAS JULIO 2019 &#8211; COLINDRES"},"content":{"rendered":"<p><img loading=\"lazy\" decoding=\"async\" class=\"alignnone size-medium wp-image-14802\" src=\"https:\/\/www.colindres.es\/wp-content\/uploads\/2019\/07\/diptico-a-300x210.jpg\" alt=\"\" width=\"300\" height=\"210\" srcset=\"https:\/\/www.colindres.es\/wp-content\/uploads\/2019\/07\/diptico-a-300x210.jpg 300w, https:\/\/www.colindres.es\/wp-content\/uploads\/2019\/07\/diptico-a-768x538.jpg 768w, https:\/\/www.colindres.es\/wp-content\/uploads\/2019\/07\/diptico-a-1024x717.jpg 1024w, https:\/\/www.colindres.es\/wp-content\/uploads\/2019\/07\/diptico-a-610x427.jpg 610w, https:\/\/www.colindres.es\/wp-content\/uploads\/2019\/07\/diptico-a-1080x756.jpg 1080w\" sizes=\"(max-width: 300px) 100vw, 300px\" \/> <img loading=\"lazy\" decoding=\"async\" class=\"alignnone size-medium wp-image-14803\" src=\"https:\/\/www.colindres.es\/wp-content\/uploads\/2019\/07\/diptico-b-300x210.jpg\" alt=\"\" width=\"300\" height=\"210\" srcset=\"https:\/\/www.colindres.es\/wp-content\/uploads\/2019\/07\/diptico-b-300x210.jpg 300w, https:\/\/www.colindres.es\/wp-content\/uploads\/2019\/07\/diptico-b-768x538.jpg 768w, https:\/\/www.colindres.es\/wp-content\/uploads\/2019\/07\/diptico-b-1024x717.jpg 1024w, https:\/\/www.colindres.es\/wp-content\/uploads\/2019\/07\/diptico-b-610x427.jpg 610w, https:\/\/www.colindres.es\/wp-content\/uploads\/2019\/07\/diptico-b-1080x756.jpg 1080w\" sizes=\"(max-width: 300px) 100vw, 300px\" \/><\/p>\n<p><strong><em><u>DEL VIERNES 12 AL DOMINGO 14 DE JULIO:<\/u><\/em><\/strong><\/p>\n<ul>\n<li>COLINDRES ASTILLERO REAL. FIESTA EN CONMEMORACI\u00d3N DE LOS REALES ASTILLEROS DE FALGOTE.<\/li>\n<li>Mercado Pirata\n<ul>\n<li>Hinchables, tren gratis desde el mercado al puerto, actua\u00adciones, pasacalles, artesanos de ribera, campamento pirata etc.<\/li>\n<li>Recreaci\u00f3n de la botadura de un barco y teatro a cargo del instituto (viernes 20:30 en la plaza de la iglesia)<\/li>\n<li>Todos los d\u00edas se sortear\u00e1 un cofre del tesoro entre los ni\u00f1os que vengan vestidos para la ocasi\u00f3n (dorsal en los hinchables)<\/li>\n<li>Consigue tu cartilla en los establecimientos APYMECO y participar\u00e1s en el sorteo de <strong>300<\/strong>\u20ac en vales de compra y la entrada gratis al barco.<\/li>\n<\/ul>\n<\/li>\n<li>M\u00fasica, teatro, COMIDA &amp; BEBIDA, ANIMACION Y FIESTA\n<ul>\n<li>Cerveza a pi\u00e9 de calle a precios especiales.<\/li>\n<\/ul>\n<\/li>\n<li>S\u00e1bado 13: Concierto de los Blues Yeyes en la Plaza de la Constituci\u00f3n. Para los adultos vestidos de \u00e9poca, la primera consumici\u00f3n gratis.<\/li>\n<\/ul>\n<p><strong><em><u>S\u00c1BADO 13 DE JULIO:<\/u><\/em><\/strong><\/p>\n<ul>\n<li>Exposici\u00f3n de veh\u00edculos MINI de todos los modelos.\n<ul>\n<li>A partir de las 10 h. Recepci\u00f3n de los MINI.<\/li>\n<li>A partir de las 12 h. Exposici\u00f3n en la Alameda del Ayuntamiento.<\/li>\n<\/ul>\n<\/li>\n<li>A las 21 h. M\u00daSICA PARA UNA NOCHE DE VERANO por la Coral Salv\u00e9 de Laredo, en la Iglesia de San Juan.<\/li>\n<\/ul>\n<p><strong><em><u>DOMINGO 14 DE JULIO<\/u><\/em><\/strong><\/p>\n<ul>\n<li>A las 06.00 h., comienza en la Cruz de Mor\u00ed, el tradicional <strong>ROSARIO DE LA AURORA<\/strong>, que finaliza en la iglesia de San Juan.<\/li>\n<li>A partir de las 16.00 h. en la bolera de Pasabolo Tabl\u00f3n Final <strong>Gran Premio San Gin\u00e9s de 2\u00aa Categor\u00eda individual.<\/strong><\/li>\n<\/ul>\n<p><strong><em><u>MARTES 16 DE JULIO \u2013 FESTIVIDAD DE LA VIRGEN DEL CARMEN<\/u><\/em><\/strong><\/p>\n<ul>\n<li>A las 12.30 h<strong>. MISA EN LA COFRAD\u00cdA DE PESCADORES <\/strong>y procesi\u00f3n hasta la Iglesia del Carmen.<\/li>\n<\/ul>\n<p><strong><em><u>JUEVES 18 DE JULIO:<\/u><\/em><\/strong><\/p>\n<ul>\n<li>A las 21.15 h. en el Parque del Riego Concierto del SUNSET ACOUSTIC con la actuaci\u00f3n de \u201cDREI\u201d, \u201cSERGIO\u201d, \u201cMARIA DE LA FLOR\u201d y \u201cEVA MCBEL\u201d.<\/li>\n<\/ul>\n<p><strong><em><u>DEL 22 AL 28 DE JULIO-SEMANA DE LA JUVENTUD<\/u><\/em><\/strong><\/p>\n<ul>\n<li><strong>Programa espec\u00edfico en Facebook, www.colindres.es.<\/strong><\/li>\n<\/ul>\n<p><strong><em><u>S\u00c1BADO 20 DE JULIO:<\/u><\/em><\/strong><\/p>\n<ul>\n<li>A partir de las 20.30 h. Concierto \u201cMUJERES COMPOSITORAS\u201d, a cargo del d\u00fao Laura Colina (soprano) y Marie-Vida Obeid (piano) en el Sal\u00f3n de Actos de la Casa de Cultura.<\/li>\n<\/ul>\n<p><strong><em><u>DEL 19 AL 21 DE JULIO:<\/u><\/em><\/strong><\/p>\n<ul>\n<li>V Torneo EL JUNCU de Futbol sala en los polideportivos municipales.\n<ul>\n<li>Grandes premios para el campe\u00f3n, subcampe\u00f3n y tercer y cuarto puesto.<\/li>\n<li>Exhibici\u00f3n Freestyle y mucho m\u00e1s\u2026<\/li>\n<\/ul>\n<\/li>\n<\/ul>\n<p><strong><em><u>MIERCOLES 24 DE JULIO:<\/u><\/em><\/strong><\/p>\n<ul>\n<li>A las 21.15 h. en el Parque del Riego Concierto del SUNSET ACOUSTIC, con la actuaci\u00f3n de \u201cNOVIA DEL OJANCANO\u201d, \u201cCACHO\u201d, \u201cAINOA BUITRAGO\u201d y \u201cSERULLA\u201d.<\/li>\n<\/ul>\n<p><strong><em><u>MIERCOLES 25 DE JULIO-FESTIVIDAD DE SANTIAGO<\/u><\/em><\/strong><\/p>\n<ul>\n<li>A las 12.00 h. <strong>Misa en la iglesia del Carmen y Procesi\u00f3n del Santo.<\/strong><\/li>\n<li>De 12.45 a 14.00 h. y de 17.00 a 20.00 h. <strong>Hinchable Tobog\u00e1n y Circuito de Quads Gasolina<\/strong> en la Plaza de San Gin\u00e9s.<\/li>\n<\/ul>\n<p><strong><em><u>VIERNES 26 DE JULIO:<\/u><\/em><\/strong><\/p>\n<ul>\n<li>A partir de las 22.00 h. en los Jardines de la Casa de Cultura y dentro de la XXXI Muestra Folkl\u00f3rica \u201cPor las Tierras de Cantabria\u201d la actuaci\u00f3n del Conjunto Folkl\u00f3rico \u201cCAMAGUA\u201d de Cuba.<\/li>\n<\/ul>\n<p><strong><em><u>S\u00c1BADO 27 DE JULIO:<\/u><\/em><\/strong><\/p>\n<ul>\n<li>A las 12.30 h. IV Bandera Traineras Femenina Villa de Colindres.<\/li>\n<li>A partir de las 22 h. LOCOS POR LA M\u00daSICA presenta FESTIVAL LOCOS COLINDRES con la actuaci\u00f3n de:\n<ul>\n<li>NACHA POP<\/li>\n<li>LA FORNTERA<\/li>\n<li>AMISTADES PELIGROSAS<\/li>\n<li>GUARANA<\/li>\n<li>MELOCOS<\/li>\n<li>TAXI<\/li>\n<li>THE REFRESCOS<\/li>\n<li>EL PULPO<\/li>\n<\/ul>\n<\/li>\n<\/ul>\n<p><strong><em>ORGANIZA:<\/em><\/strong> Excmo. Ayuntamiento de Colindres.<\/p>\n<p><strong><em>COLABORAN:<\/em><\/strong> Cofrad\u00eda de Pescadores, Pe\u00f1a El juncu, Pe\u00f1a San Juan, Escuela Municipal de Folclore y la Agrupaci\u00f3n Local de Protecci\u00f3n Civil, y adem\u00e1s las asociaciones, entidades deportivas y vecinos que hacen posible que todos disfrutemos de estas fiestas.<\/p>\n","protected":false},"excerpt":{"rendered":"<p>DEL VIERNES 12 AL DOMINGO 14 DE JULIO: COLINDRES ASTILLERO REAL. FIESTA EN CONMEMORACI\u00d3N DE LOS REALES ASTILLEROS DE FALGOTE. Mercado Pirata Hinchables, tren gratis desde el mercado al puerto, actua\u00adciones, pasacalles, artesanos de ribera, campamento pirata etc. Recreaci\u00f3n de la botadura de un barco y teatro a cargo del instituto (viernes 20:30 en la [&hellip;]<\/p>\n","protected":false},"author":1,"featured_media":14801,"comment_status":"open","ping_status":"closed","template":"","meta":{"_et_pb_use_builder":"","_et_pb_old_content":"","_et_gb_content_width":"","footnotes":""},"project_category":[6],"project_tag":[],"class_list":["post-14800","project","type-project","status-publish","has-post-thumbnail","hentry","project_category-noticias"],"yoast_head":"<!-- This site is optimized with the Yoast SEO plugin v24.9 - https:\/\/yoast.com\/wordpress\/plugins\/seo\/ -->\n<title>FIESTAS JULIO 2019 - COLINDRES - Ayuntamiento de Colindres<\/title>\n<meta name=\"robots\" content=\"index, follow, max-snippet:-1, max-image-preview:large, max-video-preview:-1\" \/>\n<link rel=\"canonical\" href=\"https:\/\/www.colindres.es\/index.php\/project\/fiestas-colindres\/\" \/>\n<meta property=\"og:locale\" content=\"es_ES\" \/>\n<meta property=\"og:type\" content=\"article\" \/>\n<meta property=\"og:title\" content=\"FIESTAS JULIO 2019 - COLINDRES - Ayuntamiento de Colindres\" \/>\n<meta property=\"og:description\" content=\"DEL VIERNES 12 AL DOMINGO 14 DE JULIO: COLINDRES ASTILLERO REAL. FIESTA EN CONMEMORACI\u00d3N DE LOS REALES ASTILLEROS DE FALGOTE. Mercado Pirata Hinchables, tren gratis desde el mercado al puerto, actua\u00adciones, pasacalles, artesanos de ribera, campamento pirata etc. Recreaci\u00f3n de la botadura de un barco y teatro a cargo del instituto (viernes 20:30 en la [&hellip;]\" \/>\n<meta property=\"og:url\" content=\"https:\/\/www.colindres.es\/index.php\/project\/fiestas-colindres\/\" \/>\n<meta property=\"og:site_name\" content=\"Ayuntamiento de Colindres\" \/>\n<meta property=\"article:modified_time\" content=\"2019-07-04T09:37:13+00:00\" \/>\n<meta property=\"og:image\" content=\"https:\/\/www.colindres.es\/wp-content\/uploads\/2019\/07\/cartel-760x1024.jpg\" \/>\n\t<meta property=\"og:image:width\" content=\"760\" \/>\n\t<meta property=\"og:image:height\" content=\"1024\" \/>\n\t<meta property=\"og:image:type\" content=\"image\/jpeg\" \/>\n<meta name=\"twitter:card\" content=\"summary_large_image\" \/>\n<meta name=\"twitter:label1\" content=\"Tiempo de lectura\" \/>\n\t<meta name=\"twitter:data1\" content=\"3 minutos\" \/>\n<script type=\"application\/ld+json\" class=\"yoast-schema-graph\">{\"@context\":\"https:\/\/schema.org\",\"@graph\":[{\"@type\":\"WebPage\",\"@id\":\"https:\/\/www.colindres.es\/index.php\/project\/fiestas-colindres\/\",\"url\":\"https:\/\/www.colindres.es\/index.php\/project\/fiestas-colindres\/\",\"name\":\"FIESTAS JULIO 2019 - COLINDRES - Ayuntamiento de Colindres\",\"isPartOf\":{\"@id\":\"https:\/\/www.colindres.es\/#website\"},\"primaryImageOfPage\":{\"@id\":\"https:\/\/www.colindres.es\/index.php\/project\/fiestas-colindres\/#primaryimage\"},\"image\":{\"@id\":\"https:\/\/www.colindres.es\/index.php\/project\/fiestas-colindres\/#primaryimage\"},\"thumbnailUrl\":\"https:\/\/www.colindres.es\/wp-content\/uploads\/2019\/07\/cartel.jpg\",\"datePublished\":\"2019-07-04T09:25:16+00:00\",\"dateModified\":\"2019-07-04T09:37:13+00:00\",\"breadcrumb\":{\"@id\":\"https:\/\/www.colindres.es\/index.php\/project\/fiestas-colindres\/#breadcrumb\"},\"inLanguage\":\"es\",\"potentialAction\":[{\"@type\":\"ReadAction\",\"target\":[\"https:\/\/www.colindres.es\/index.php\/project\/fiestas-colindres\/\"]}]},{\"@type\":\"ImageObject\",\"inLanguage\":\"es\",\"@id\":\"https:\/\/www.colindres.es\/index.php\/project\/fiestas-colindres\/#primaryimage\",\"url\":\"https:\/\/www.colindres.es\/wp-content\/uploads\/2019\/07\/cartel.jpg\",\"contentUrl\":\"https:\/\/www.colindres.es\/wp-content\/uploads\/2019\/07\/cartel.jpg\",\"width\":3508,\"height\":4724},{\"@type\":\"BreadcrumbList\",\"@id\":\"https:\/\/www.colindres.es\/index.php\/project\/fiestas-colindres\/#breadcrumb\",\"itemListElement\":[{\"@type\":\"ListItem\",\"position\":1,\"name\":\"Portada\",\"item\":\"https:\/\/www.colindres.es\/\"},{\"@type\":\"ListItem\",\"position\":2,\"name\":\"Proyectos\",\"item\":\"https:\/\/www.colindres.es\/index.php\/project\/\"},{\"@type\":\"ListItem\",\"position\":3,\"name\":\"FIESTAS JULIO 2019 &#8211; COLINDRES\"}]},{\"@type\":\"WebSite\",\"@id\":\"https:\/\/www.colindres.es\/#website\",\"url\":\"https:\/\/www.colindres.es\/\",\"name\":\"Ayuntamiento de Colindres\",\"description\":\"Dise\u00f1ado por NTIC&#039;s\",\"publisher\":{\"@id\":\"https:\/\/www.colindres.es\/#organization\"},\"potentialAction\":[{\"@type\":\"SearchAction\",\"target\":{\"@type\":\"EntryPoint\",\"urlTemplate\":\"https:\/\/www.colindres.es\/?s={search_term_string}\"},\"query-input\":{\"@type\":\"PropertyValueSpecification\",\"valueRequired\":true,\"valueName\":\"search_term_string\"}}],\"inLanguage\":\"es\"},{\"@type\":\"Organization\",\"@id\":\"https:\/\/www.colindres.es\/#organization\",\"name\":\"AYUNTAMIENTO DE COLINDRES\",\"url\":\"https:\/\/www.colindres.es\/\",\"logo\":{\"@type\":\"ImageObject\",\"inLanguage\":\"es\",\"@id\":\"https:\/\/www.colindres.es\/#\/schema\/logo\/image\/\",\"url\":\"https:\/\/www.colindres.es\/wp-content\/uploads\/2017\/01\/LOGO-PRINCIPAL.jpg\",\"contentUrl\":\"https:\/\/www.colindres.es\/wp-content\/uploads\/2017\/01\/LOGO-PRINCIPAL.jpg\",\"width\":1209,\"height\":579,\"caption\":\"AYUNTAMIENTO DE COLINDRES\"},\"image\":{\"@id\":\"https:\/\/www.colindres.es\/#\/schema\/logo\/image\/\"}}]}<\/script>\n<!-- \/ Yoast SEO plugin. -->","yoast_head_json":{"title":"FIESTAS JULIO 2019 - COLINDRES - Ayuntamiento de Colindres","robots":{"index":"index","follow":"follow","max-snippet":"max-snippet:-1","max-image-preview":"max-image-preview:large","max-video-preview":"max-video-preview:-1"},"canonical":"https:\/\/www.colindres.es\/index.php\/project\/fiestas-colindres\/","og_locale":"es_ES","og_type":"article","og_title":"FIESTAS JULIO 2019 - COLINDRES - Ayuntamiento de Colindres","og_description":"DEL VIERNES 12 AL DOMINGO 14 DE JULIO: COLINDRES ASTILLERO REAL. FIESTA EN CONMEMORACI\u00d3N DE LOS REALES ASTILLEROS DE FALGOTE. Mercado Pirata Hinchables, tren gratis desde el mercado al puerto, actua\u00adciones, pasacalles, artesanos de ribera, campamento pirata etc. Recreaci\u00f3n de la botadura de un barco y teatro a cargo del instituto (viernes 20:30 en la [&hellip;]","og_url":"https:\/\/www.colindres.es\/index.php\/project\/fiestas-colindres\/","og_site_name":"Ayuntamiento de Colindres","article_modified_time":"2019-07-04T09:37:13+00:00","og_image":[{"width":760,"height":1024,"url":"https:\/\/www.colindres.es\/wp-content\/uploads\/2019\/07\/cartel-760x1024.jpg","type":"image\/jpeg"}],"twitter_card":"summary_large_image","twitter_misc":{"Tiempo de lectura":"3 minutos"},"schema":{"@context":"https:\/\/schema.org","@graph":[{"@type":"WebPage","@id":"https:\/\/www.colindres.es\/index.php\/project\/fiestas-colindres\/","url":"https:\/\/www.colindres.es\/index.php\/project\/fiestas-colindres\/","name":"FIESTAS JULIO 2019 - COLINDRES - Ayuntamiento de Colindres","isPartOf":{"@id":"https:\/\/www.colindres.es\/#website"},"primaryImageOfPage":{"@id":"https:\/\/www.colindres.es\/index.php\/project\/fiestas-colindres\/#primaryimage"},"image":{"@id":"https:\/\/www.colindres.es\/index.php\/project\/fiestas-colindres\/#primaryimage"},"thumbnailUrl":"https:\/\/www.colindres.es\/wp-content\/uploads\/2019\/07\/cartel.jpg","datePublished":"2019-07-04T09:25:16+00:00","dateModified":"2019-07-04T09:37:13+00:00","breadcrumb":{"@id":"https:\/\/www.colindres.es\/index.php\/project\/fiestas-colindres\/#breadcrumb"},"inLanguage":"es","potentialAction":[{"@type":"ReadAction","target":["https:\/\/www.colindres.es\/index.php\/project\/fiestas-colindres\/"]}]},{"@type":"ImageObject","inLanguage":"es","@id":"https:\/\/www.colindres.es\/index.php\/project\/fiestas-colindres\/#primaryimage","url":"https:\/\/www.colindres.es\/wp-content\/uploads\/2019\/07\/cartel.jpg","contentUrl":"https:\/\/www.colindres.es\/wp-content\/uploads\/2019\/07\/cartel.jpg","width":3508,"height":4724},{"@type":"BreadcrumbList","@id":"https:\/\/www.colindres.es\/index.php\/project\/fiestas-colindres\/#breadcrumb","itemListElement":[{"@type":"ListItem","position":1,"name":"Portada","item":"https:\/\/www.colindres.es\/"},{"@type":"ListItem","position":2,"name":"Proyectos","item":"https:\/\/www.colindres.es\/index.php\/project\/"},{"@type":"ListItem","position":3,"name":"FIESTAS JULIO 2019 &#8211; COLINDRES"}]},{"@type":"WebSite","@id":"https:\/\/www.colindres.es\/#website","url":"https:\/\/www.colindres.es\/","name":"Ayuntamiento de Colindres","description":"Dise\u00f1ado por NTIC&#039;s","publisher":{"@id":"https:\/\/www.colindres.es\/#organization"},"potentialAction":[{"@type":"SearchAction","target":{"@type":"EntryPoint","urlTemplate":"https:\/\/www.colindres.es\/?s={search_term_string}"},"query-input":{"@type":"PropertyValueSpecification","valueRequired":true,"valueName":"search_term_string"}}],"inLanguage":"es"},{"@type":"Organization","@id":"https:\/\/www.colindres.es\/#organization","name":"AYUNTAMIENTO DE COLINDRES","url":"https:\/\/www.colindres.es\/","logo":{"@type":"ImageObject","inLanguage":"es","@id":"https:\/\/www.colindres.es\/#\/schema\/logo\/image\/","url":"https:\/\/www.colindres.es\/wp-content\/uploads\/2017\/01\/LOGO-PRINCIPAL.jpg","contentUrl":"https:\/\/www.colindres.es\/wp-content\/uploads\/2017\/01\/LOGO-PRINCIPAL.jpg","width":1209,"height":579,"caption":"AYUNTAMIENTO DE COLINDRES"},"image":{"@id":"https:\/\/www.colindres.es\/#\/schema\/logo\/image\/"}}]}},"_links":{"self":[{"href":"https:\/\/www.colindres.es\/index.php\/wp-json\/wp\/v2\/project\/14800","targetHints":{"allow":["GET"]}}],"collection":[{"href":"https:\/\/www.colindres.es\/index.php\/wp-json\/wp\/v2\/project"}],"about":[{"href":"https:\/\/www.colindres.es\/index.php\/wp-json\/wp\/v2\/types\/project"}],"author":[{"embeddable":true,"href":"https:\/\/www.colindres.es\/index.php\/wp-json\/wp\/v2\/users\/1"}],"replies":[{"embeddable":true,"href":"https:\/\/www.colindres.es\/index.php\/wp-json\/wp\/v2\/comments?post=14800"}],"version-history":[{"count":2,"href":"https:\/\/www.colindres.es\/index.php\/wp-json\/wp\/v2\/project\/14800\/revisions"}],"predecessor-version":[{"id":14805,"href":"https:\/\/www.colindres.es\/index.php\/wp-json\/wp\/v2\/project\/14800\/revisions\/14805"}],"wp:featuredmedia":[{"embeddable":true,"href":"https:\/\/www.colindres.es\/index.php\/wp-json\/wp\/v2\/media\/14801"}],"wp:attachment":[{"href":"https:\/\/www.colindres.es\/index.php\/wp-json\/wp\/v2\/media?parent=14800"}],"wp:term":[{"taxonomy":"project_category","embeddable":true,"href":"https:\/\/www.colindres.es\/index.php\/wp-json\/wp\/v2\/project_category?post=14800"},{"taxonomy":"project_tag","embeddable":true,"href":"https:\/\/www.colindres.es\/index.php\/wp-json\/wp\/v2\/project_tag?post=14800"}],"curies":[{"name":"wp","href":"https:\/\/api.w.org\/{rel}","templated":true}]}}