{"id":14790,"date":"2019-07-02T07:10:28","date_gmt":"2019-07-02T05:10:28","guid":{"rendered":"https:\/\/www.colindres.es\/?post_type=project&#038;p=14790"},"modified":"2019-07-02T07:10:28","modified_gmt":"2019-07-02T05:10:28","slug":"mas-de-2-000-personas-participaron-en-el-dia-del-cocido-de-colindres","status":"publish","type":"project","link":"https:\/\/www.colindres.es\/index.php\/project\/mas-de-2-000-personas-participaron-en-el-dia-del-cocido-de-colindres\/","title":{"rendered":"M\u00e1s de 2.000 personas participaron en el D\u00eda del Cocido de Colindres"},"content":{"rendered":"<p><strong>Incera destaca que \u201cel D\u00eda del Cocido es mucho m\u00e1s que un evento gastron\u00f3mico, es una fiesta popular en la que los vecinos de Colindres nos reunimos todos a la mesa para compartir una jornada d\u00eda de amistad y fraternidad\u201d.<\/strong><\/p>\n<p><em>Colindres, 1 de julio.<\/em> El \u2018D\u00eda del Cocido\u2019 de Colindres, que se celebr\u00f3 este domingo en el Parque de El Riego, congreg\u00f3 a m\u00e1s de 2.000 personas que saborearon uno de los platos m\u00e1s t\u00edpicos y apreciados de Cantabria: el cocido monta\u00f1\u00e9s.<\/p>\n<p>Los colindreses y visitantes disfrutaron de una de las jornadas m\u00e1s populares de las fiestas patronales de San Juan, que culminaron con la celebraci\u00f3n de este evento gastron\u00f3mico que cada a\u00f1o re\u00fane \u201ca m\u00e1s y m\u00e1s personas\u201d.<\/p>\n<p>El cocido monta\u00f1\u00e9s fue elaborado por las pe\u00f1as locales, a las que el alcalde del municipio, Javier Incera, y la concejala de Festejos, Mar\u00eda Eugenia Casta\u00f1eda, han agradecido \u201csu trabajo inconmensurable\u201d.<\/p>\n<p>\u201cUna vez m\u00e1s han demostrado su pasi\u00f3n por Colindres y por sus vecinos, poniendo de forma desinteresada todo su esfuerzo y dedicaci\u00f3n para que todos pudi\u00e9ramos disfrutar de esta fiesta popular que cada a\u00f1o tiene m\u00e1s arraigo dentro y fuera de nuestro municipio\u201d, ha resaltado el regidor.<\/p>\n<p>Incera y Casta\u00f1eda han valorado la \u201cmasiva afluencia\u201d de p\u00fablico durante esta nueva edici\u00f3n de las Fiestas de San Juan y han querido reconocer p\u00fablicamente \u201cel trabajo de todos aquellos que lo han hecho posible\u201d.<\/p>\n<p>Finalmente, el alcalde ha destacado que \u201cel D\u00eda del Cocido, m\u00e1s que un evento gastron\u00f3mico, es una fiesta popular y familiar en la que los vecinos de Colindres nos reunimos todos a la mesa para compartir un d\u00eda de amistad y fraternidad\u201d.<\/p>\n<p>Adem\u00e1s de la degustaci\u00f3n del cocido, durante todo el d\u00eda tambi\u00e9n hubo distintas actividades \u201cpensadas especialmente en los m\u00e1s peque\u00f1os\u201d, como un tren de calle, hinchables, un ca\u00f1\u00f3n de espuma y la celebraci\u00f3n de las \u2018olimpiadas del pueblo\u2019 con el tradicional lanzamiento de boinas y escobas, entre otros objetos.<\/p>\n<p><img loading=\"lazy\" decoding=\"async\" class=\"alignnone size-medium wp-image-14792\" src=\"https:\/\/www.colindres.es\/wp-content\/uploads\/2019\/07\/D\u00eda-del-Cocido-2019-300x174.jpg\" alt=\"\" width=\"300\" height=\"174\" srcset=\"https:\/\/www.colindres.es\/wp-content\/uploads\/2019\/07\/D\u00eda-del-Cocido-2019-300x174.jpg 300w, https:\/\/www.colindres.es\/wp-content\/uploads\/2019\/07\/D\u00eda-del-Cocido-2019-768x445.jpg 768w, https:\/\/www.colindres.es\/wp-content\/uploads\/2019\/07\/D\u00eda-del-Cocido-2019.jpg 1024w, https:\/\/www.colindres.es\/wp-content\/uploads\/2019\/07\/D\u00eda-del-Cocido-2019-610x353.jpg 610w\" sizes=\"(max-width: 300px) 100vw, 300px\" \/><\/p>\n","protected":false},"excerpt":{"rendered":"<p>Incera destaca que \u201cel D\u00eda del Cocido es mucho m\u00e1s que un evento gastron\u00f3mico, es una fiesta popular en la que los vecinos de Colindres nos reunimos todos a la mesa para compartir una jornada d\u00eda de amistad y fraternidad\u201d. Colindres, 1 de julio. El \u2018D\u00eda del Cocido\u2019 de Colindres, que se celebr\u00f3 este domingo [&hellip;]<\/p>\n","protected":false},"author":1,"featured_media":14791,"comment_status":"open","ping_status":"closed","template":"","meta":{"_et_pb_use_builder":"","_et_pb_old_content":"","_et_gb_content_width":"","footnotes":""},"project_category":[6],"project_tag":[],"class_list":["post-14790","project","type-project","status-publish","has-post-thumbnail","hentry","project_category-noticias"],"yoast_head":"<!-- This site is optimized with the Yoast SEO plugin v24.9 - https:\/\/yoast.com\/wordpress\/plugins\/seo\/ -->\n<title>M\u00e1s de 2.000 personas participaron en el D\u00eda del Cocido de Colindres - Ayuntamiento de Colindres<\/title>\n<meta name=\"robots\" content=\"index, follow, max-snippet:-1, max-image-preview:large, max-video-preview:-1\" \/>\n<link rel=\"canonical\" href=\"https:\/\/www.colindres.es\/index.php\/project\/mas-de-2-000-personas-participaron-en-el-dia-del-cocido-de-colindres\/\" \/>\n<meta property=\"og:locale\" content=\"es_ES\" \/>\n<meta property=\"og:type\" content=\"article\" \/>\n<meta property=\"og:title\" content=\"M\u00e1s de 2.000 personas participaron en el D\u00eda del Cocido de Colindres - Ayuntamiento de Colindres\" \/>\n<meta property=\"og:description\" content=\"Incera destaca que \u201cel D\u00eda del Cocido es mucho m\u00e1s que un evento gastron\u00f3mico, es una fiesta popular en la que los vecinos de Colindres nos reunimos todos a la mesa para compartir una jornada d\u00eda de amistad y fraternidad\u201d. Colindres, 1 de julio. El \u2018D\u00eda del Cocido\u2019 de Colindres, que se celebr\u00f3 este domingo [&hellip;]\" \/>\n<meta property=\"og:url\" content=\"https:\/\/www.colindres.es\/index.php\/project\/mas-de-2-000-personas-participaron-en-el-dia-del-cocido-de-colindres\/\" \/>\n<meta property=\"og:site_name\" content=\"Ayuntamiento de Colindres\" \/>\n<meta property=\"og:image\" content=\"https:\/\/www.colindres.es\/wp-content\/uploads\/2019\/07\/D\u00eda-del-Cocido-2019_2.jpg\" \/>\n\t<meta property=\"og:image:width\" content=\"1024\" \/>\n\t<meta property=\"og:image:height\" content=\"592\" \/>\n\t<meta property=\"og:image:type\" content=\"image\/jpeg\" \/>\n<meta name=\"twitter:card\" content=\"summary_large_image\" \/>\n<meta name=\"twitter:label1\" content=\"Tiempo de lectura\" \/>\n\t<meta name=\"twitter:data1\" content=\"2 minutos\" \/>\n<script type=\"application\/ld+json\" class=\"yoast-schema-graph\">{\"@context\":\"https:\/\/schema.org\",\"@graph\":[{\"@type\":\"WebPage\",\"@id\":\"https:\/\/www.colindres.es\/index.php\/project\/mas-de-2-000-personas-participaron-en-el-dia-del-cocido-de-colindres\/\",\"url\":\"https:\/\/www.colindres.es\/index.php\/project\/mas-de-2-000-personas-participaron-en-el-dia-del-cocido-de-colindres\/\",\"name\":\"M\u00e1s de 2.000 personas participaron en el D\u00eda del Cocido de Colindres - Ayuntamiento de Colindres\",\"isPartOf\":{\"@id\":\"https:\/\/www.colindres.es\/#website\"},\"primaryImageOfPage\":{\"@id\":\"https:\/\/www.colindres.es\/index.php\/project\/mas-de-2-000-personas-participaron-en-el-dia-del-cocido-de-colindres\/#primaryimage\"},\"image\":{\"@id\":\"https:\/\/www.colindres.es\/index.php\/project\/mas-de-2-000-personas-participaron-en-el-dia-del-cocido-de-colindres\/#primaryimage\"},\"thumbnailUrl\":\"https:\/\/www.colindres.es\/wp-content\/uploads\/2019\/07\/D\u00eda-del-Cocido-2019_2.jpg\",\"datePublished\":\"2019-07-02T05:10:28+00:00\",\"breadcrumb\":{\"@id\":\"https:\/\/www.colindres.es\/index.php\/project\/mas-de-2-000-personas-participaron-en-el-dia-del-cocido-de-colindres\/#breadcrumb\"},\"inLanguage\":\"es\",\"potentialAction\":[{\"@type\":\"ReadAction\",\"target\":[\"https:\/\/www.colindres.es\/index.php\/project\/mas-de-2-000-personas-participaron-en-el-dia-del-cocido-de-colindres\/\"]}]},{\"@type\":\"ImageObject\",\"inLanguage\":\"es\",\"@id\":\"https:\/\/www.colindres.es\/index.php\/project\/mas-de-2-000-personas-participaron-en-el-dia-del-cocido-de-colindres\/#primaryimage\",\"url\":\"https:\/\/www.colindres.es\/wp-content\/uploads\/2019\/07\/D\u00eda-del-Cocido-2019_2.jpg\",\"contentUrl\":\"https:\/\/www.colindres.es\/wp-content\/uploads\/2019\/07\/D\u00eda-del-Cocido-2019_2.jpg\",\"width\":1024,\"height\":592},{\"@type\":\"BreadcrumbList\",\"@id\":\"https:\/\/www.colindres.es\/index.php\/project\/mas-de-2-000-personas-participaron-en-el-dia-del-cocido-de-colindres\/#breadcrumb\",\"itemListElement\":[{\"@type\":\"ListItem\",\"position\":1,\"name\":\"Portada\",\"item\":\"https:\/\/www.colindres.es\/\"},{\"@type\":\"ListItem\",\"position\":2,\"name\":\"Proyectos\",\"item\":\"https:\/\/www.colindres.es\/index.php\/project\/\"},{\"@type\":\"ListItem\",\"position\":3,\"name\":\"M\u00e1s de 2.000 personas participaron en el D\u00eda del Cocido de Colindres\"}]},{\"@type\":\"WebSite\",\"@id\":\"https:\/\/www.colindres.es\/#website\",\"url\":\"https:\/\/www.colindres.es\/\",\"name\":\"Ayuntamiento de Colindres\",\"description\":\"Dise\u00f1ado por NTIC&#039;s\",\"publisher\":{\"@id\":\"https:\/\/www.colindres.es\/#organization\"},\"potentialAction\":[{\"@type\":\"SearchAction\",\"target\":{\"@type\":\"EntryPoint\",\"urlTemplate\":\"https:\/\/www.colindres.es\/?s={search_term_string}\"},\"query-input\":{\"@type\":\"PropertyValueSpecification\",\"valueRequired\":true,\"valueName\":\"search_term_string\"}}],\"inLanguage\":\"es\"},{\"@type\":\"Organization\",\"@id\":\"https:\/\/www.colindres.es\/#organization\",\"name\":\"AYUNTAMIENTO DE COLINDRES\",\"url\":\"https:\/\/www.colindres.es\/\",\"logo\":{\"@type\":\"ImageObject\",\"inLanguage\":\"es\",\"@id\":\"https:\/\/www.colindres.es\/#\/schema\/logo\/image\/\",\"url\":\"https:\/\/www.colindres.es\/wp-content\/uploads\/2017\/01\/LOGO-PRINCIPAL.jpg\",\"contentUrl\":\"https:\/\/www.colindres.es\/wp-content\/uploads\/2017\/01\/LOGO-PRINCIPAL.jpg\",\"width\":1209,\"height\":579,\"caption\":\"AYUNTAMIENTO DE COLINDRES\"},\"image\":{\"@id\":\"https:\/\/www.colindres.es\/#\/schema\/logo\/image\/\"}}]}<\/script>\n<!-- \/ Yoast SEO plugin. -->","yoast_head_json":{"title":"M\u00e1s de 2.000 personas participaron en el D\u00eda del Cocido de Colindres - Ayuntamiento de Colindres","robots":{"index":"index","follow":"follow","max-snippet":"max-snippet:-1","max-image-preview":"max-image-preview:large","max-video-preview":"max-video-preview:-1"},"canonical":"https:\/\/www.colindres.es\/index.php\/project\/mas-de-2-000-personas-participaron-en-el-dia-del-cocido-de-colindres\/","og_locale":"es_ES","og_type":"article","og_title":"M\u00e1s de 2.000 personas participaron en el D\u00eda del Cocido de Colindres - Ayuntamiento de Colindres","og_description":"Incera destaca que \u201cel D\u00eda del Cocido es mucho m\u00e1s que un evento gastron\u00f3mico, es una fiesta popular en la que los vecinos de Colindres nos reunimos todos a la mesa para compartir una jornada d\u00eda de amistad y fraternidad\u201d. Colindres, 1 de julio. El \u2018D\u00eda del Cocido\u2019 de Colindres, que se celebr\u00f3 este domingo [&hellip;]","og_url":"https:\/\/www.colindres.es\/index.php\/project\/mas-de-2-000-personas-participaron-en-el-dia-del-cocido-de-colindres\/","og_site_name":"Ayuntamiento de Colindres","og_image":[{"width":1024,"height":592,"url":"https:\/\/www.colindres.es\/wp-content\/uploads\/2019\/07\/D\u00eda-del-Cocido-2019_2.jpg","type":"image\/jpeg"}],"twitter_card":"summary_large_image","twitter_misc":{"Tiempo de lectura":"2 minutos"},"schema":{"@context":"https:\/\/schema.org","@graph":[{"@type":"WebPage","@id":"https:\/\/www.colindres.es\/index.php\/project\/mas-de-2-000-personas-participaron-en-el-dia-del-cocido-de-colindres\/","url":"https:\/\/www.colindres.es\/index.php\/project\/mas-de-2-000-personas-participaron-en-el-dia-del-cocido-de-colindres\/","name":"M\u00e1s de 2.000 personas participaron en el D\u00eda del Cocido de Colindres - Ayuntamiento de Colindres","isPartOf":{"@id":"https:\/\/www.colindres.es\/#website"},"primaryImageOfPage":{"@id":"https:\/\/www.colindres.es\/index.php\/project\/mas-de-2-000-personas-participaron-en-el-dia-del-cocido-de-colindres\/#primaryimage"},"image":{"@id":"https:\/\/www.colindres.es\/index.php\/project\/mas-de-2-000-personas-participaron-en-el-dia-del-cocido-de-colindres\/#primaryimage"},"thumbnailUrl":"https:\/\/www.colindres.es\/wp-content\/uploads\/2019\/07\/D\u00eda-del-Cocido-2019_2.jpg","datePublished":"2019-07-02T05:10:28+00:00","breadcrumb":{"@id":"https:\/\/www.colindres.es\/index.php\/project\/mas-de-2-000-personas-participaron-en-el-dia-del-cocido-de-colindres\/#breadcrumb"},"inLanguage":"es","potentialAction":[{"@type":"ReadAction","target":["https:\/\/www.colindres.es\/index.php\/project\/mas-de-2-000-personas-participaron-en-el-dia-del-cocido-de-colindres\/"]}]},{"@type":"ImageObject","inLanguage":"es","@id":"https:\/\/www.colindres.es\/index.php\/project\/mas-de-2-000-personas-participaron-en-el-dia-del-cocido-de-colindres\/#primaryimage","url":"https:\/\/www.colindres.es\/wp-content\/uploads\/2019\/07\/D\u00eda-del-Cocido-2019_2.jpg","contentUrl":"https:\/\/www.colindres.es\/wp-content\/uploads\/2019\/07\/D\u00eda-del-Cocido-2019_2.jpg","width":1024,"height":592},{"@type":"BreadcrumbList","@id":"https:\/\/www.colindres.es\/index.php\/project\/mas-de-2-000-personas-participaron-en-el-dia-del-cocido-de-colindres\/#breadcrumb","itemListElement":[{"@type":"ListItem","position":1,"name":"Portada","item":"https:\/\/www.colindres.es\/"},{"@type":"ListItem","position":2,"name":"Proyectos","item":"https:\/\/www.colindres.es\/index.php\/project\/"},{"@type":"ListItem","position":3,"name":"M\u00e1s de 2.000 personas participaron en el D\u00eda del Cocido de Colindres"}]},{"@type":"WebSite","@id":"https:\/\/www.colindres.es\/#website","url":"https:\/\/www.colindres.es\/","name":"Ayuntamiento de Colindres","description":"Dise\u00f1ado por NTIC&#039;s","publisher":{"@id":"https:\/\/www.colindres.es\/#organization"},"potentialAction":[{"@type":"SearchAction","target":{"@type":"EntryPoint","urlTemplate":"https:\/\/www.colindres.es\/?s={search_term_string}"},"query-input":{"@type":"PropertyValueSpecification","valueRequired":true,"valueName":"search_term_string"}}],"inLanguage":"es"},{"@type":"Organization","@id":"https:\/\/www.colindres.es\/#organization","name":"AYUNTAMIENTO DE COLINDRES","url":"https:\/\/www.colindres.es\/","logo":{"@type":"ImageObject","inLanguage":"es","@id":"https:\/\/www.colindres.es\/#\/schema\/logo\/image\/","url":"https:\/\/www.colindres.es\/wp-content\/uploads\/2017\/01\/LOGO-PRINCIPAL.jpg","contentUrl":"https:\/\/www.colindres.es\/wp-content\/uploads\/2017\/01\/LOGO-PRINCIPAL.jpg","width":1209,"height":579,"caption":"AYUNTAMIENTO DE COLINDRES"},"image":{"@id":"https:\/\/www.colindres.es\/#\/schema\/logo\/image\/"}}]}},"_links":{"self":[{"href":"https:\/\/www.colindres.es\/index.php\/wp-json\/wp\/v2\/project\/14790","targetHints":{"allow":["GET"]}}],"collection":[{"href":"https:\/\/www.colindres.es\/index.php\/wp-json\/wp\/v2\/project"}],"about":[{"href":"https:\/\/www.colindres.es\/index.php\/wp-json\/wp\/v2\/types\/project"}],"author":[{"embeddable":true,"href":"https:\/\/www.colindres.es\/index.php\/wp-json\/wp\/v2\/users\/1"}],"replies":[{"embeddable":true,"href":"https:\/\/www.colindres.es\/index.php\/wp-json\/wp\/v2\/comments?post=14790"}],"version-history":[{"count":1,"href":"https:\/\/www.colindres.es\/index.php\/wp-json\/wp\/v2\/project\/14790\/revisions"}],"predecessor-version":[{"id":14793,"href":"https:\/\/www.colindres.es\/index.php\/wp-json\/wp\/v2\/project\/14790\/revisions\/14793"}],"wp:featuredmedia":[{"embeddable":true,"href":"https:\/\/www.colindres.es\/index.php\/wp-json\/wp\/v2\/media\/14791"}],"wp:attachment":[{"href":"https:\/\/www.colindres.es\/index.php\/wp-json\/wp\/v2\/media?parent=14790"}],"wp:term":[{"taxonomy":"project_category","embeddable":true,"href":"https:\/\/www.colindres.es\/index.php\/wp-json\/wp\/v2\/project_category?post=14790"},{"taxonomy":"project_tag","embeddable":true,"href":"https:\/\/www.colindres.es\/index.php\/wp-json\/wp\/v2\/project_tag?post=14790"}],"curies":[{"name":"wp","href":"https:\/\/api.w.org\/{rel}","templated":true}]}}