{"id":14787,"date":"2019-06-29T10:52:39","date_gmt":"2019-06-29T08:52:39","guid":{"rendered":"https:\/\/www.colindres.es\/?post_type=project&#038;p=14787"},"modified":"2019-06-29T10:52:39","modified_gmt":"2019-06-29T08:52:39","slug":"el-programa-aprovecha-tu-segunda-juventud-concluye-con-una-visita-a-lierganes-y-al-parque-mitologico-de-la-mina-pepita","status":"publish","type":"project","link":"https:\/\/www.colindres.es\/index.php\/project\/el-programa-aprovecha-tu-segunda-juventud-concluye-con-una-visita-a-lierganes-y-al-parque-mitologico-de-la-mina-pepita\/","title":{"rendered":"El programa \u2018Aprovecha tu segunda juventud\u2019 concluye con una visita a Li\u00e9rganes y al Parque Mitol\u00f3gico de la Mina Pepita"},"content":{"rendered":"<p><b>La excursi\u00f3n ha servido como acto de fin de curso de este programa que busca mejorar la autonom\u00eda de las personas mayores y promover su participaci\u00f3n social<\/b><\/p>\n<p><i>Colindres, 28 de Junio.-<\/i> Una excursi\u00f3n a Li\u00e9rganes y al Parque Mitol\u00f3gico de la Mina Pepita, en Solares, ha servido para poner el punto y final a una nueva edici\u00f3n del programa \u2018Aprovecha tu segunda juventud\u2019.<\/p>\n<p>El programa \u2018Aprovecha tu segunda juventud\u2019 est\u00e1 organizado por la Concejal\u00eda de Servicios Sociales del Ayuntamiento de Colindres y consiste en la realizaci\u00f3n de ejercicios de gimnasia adaptados a personas mayores dirigidas por un monitor especializado.<\/p>\n<p>El objetivo es mejorar la autonom\u00eda de las personas de mayor edad, as\u00ed como promover su participaci\u00f3n social, las relaciones personales y la integraci\u00f3n, \u201cmuy importante en estas edades para que los m\u00e1s mayores no se sientan solos o aislados\u201d.<\/p>\n<p>La excursi\u00f3n, que se celebra todos los a\u00f1os para despedir el programa, tuvo en esta ocasi\u00f3n como destino varias paradas dentro de Cantabria. Acompa\u00f1ados por el alcalde, Javier Incera, y por la concejala de Servicios Sociales, Mar\u00eda Eugenia Casta\u00f1eda, una veintena de personas salieron a primera hora de la ma\u00f1ana del municipio para visitar una conocida f\u00e1brica de productos t\u00edpicos de la Comunidad.<\/p>\n<p>A continuaci\u00f3n el grupo se dirigi\u00f3 a Li\u00e9rganes, donde conocieron parte de la historia de este municipio c\u00e1ntabro que forma parte dentro de la asociaci\u00f3n \u2018Los pueblos m\u00e1s bonitos de Espa\u00f1a\u2019. Tras reponer fuerzas en Hoznayo, la excursi\u00f3n concluy\u00f3 con una visita al Parque Mitol\u00f3gico de la Mina Pepita, ubicado sobre una antigua explotaci\u00f3n minera a cielo abierto en Solares.<\/p>\n<p>Incera y Casta\u00f1eda han reiterado el \u201ccompromiso firme\u201d del Ayuntamiento de Colindres por continuar impulsando en esta nueva legislatura que acaba de iniciarse \u201cpol\u00edticas y actividades orientadas a favorecer un envejecimiento activo y saludable de los mayores, as\u00ed como a la ocupaci\u00f3n positiva del ocio y tiempo libre\u201d.<\/p>\n","protected":false},"excerpt":{"rendered":"<p>La excursi\u00f3n ha servido como acto de fin de curso de este programa que busca mejorar la autonom\u00eda de las personas mayores y promover su participaci\u00f3n social Colindres, 28 de Junio.- Una excursi\u00f3n a Li\u00e9rganes y al Parque Mitol\u00f3gico de la Mina Pepita, en Solares, ha servido para poner el punto y final a una [&hellip;]<\/p>\n","protected":false},"author":1,"featured_media":14788,"comment_status":"open","ping_status":"closed","template":"","meta":{"_et_pb_use_builder":"","_et_pb_old_content":"","_et_gb_content_width":"","footnotes":""},"project_category":[6],"project_tag":[],"class_list":["post-14787","project","type-project","status-publish","has-post-thumbnail","hentry","project_category-noticias"],"yoast_head":"<!-- This site is optimized with the Yoast SEO plugin v24.9 - https:\/\/yoast.com\/wordpress\/plugins\/seo\/ -->\n<title>El programa \u2018Aprovecha tu segunda juventud\u2019 concluye con una visita a Li\u00e9rganes y al Parque Mitol\u00f3gico de la Mina Pepita - Ayuntamiento de Colindres<\/title>\n<meta name=\"robots\" content=\"index, follow, max-snippet:-1, max-image-preview:large, max-video-preview:-1\" \/>\n<link rel=\"canonical\" href=\"https:\/\/www.colindres.es\/index.php\/project\/el-programa-aprovecha-tu-segunda-juventud-concluye-con-una-visita-a-lierganes-y-al-parque-mitologico-de-la-mina-pepita\/\" \/>\n<meta property=\"og:locale\" content=\"es_ES\" \/>\n<meta property=\"og:type\" content=\"article\" \/>\n<meta property=\"og:title\" content=\"El programa \u2018Aprovecha tu segunda juventud\u2019 concluye con una visita a Li\u00e9rganes y al Parque Mitol\u00f3gico de la Mina Pepita - Ayuntamiento de Colindres\" \/>\n<meta property=\"og:description\" content=\"La excursi\u00f3n ha servido como acto de fin de curso de este programa que busca mejorar la autonom\u00eda de las personas mayores y promover su participaci\u00f3n social Colindres, 28 de Junio.- Una excursi\u00f3n a Li\u00e9rganes y al Parque Mitol\u00f3gico de la Mina Pepita, en Solares, ha servido para poner el punto y final a una [&hellip;]\" \/>\n<meta property=\"og:url\" content=\"https:\/\/www.colindres.es\/index.php\/project\/el-programa-aprovecha-tu-segunda-juventud-concluye-con-una-visita-a-lierganes-y-al-parque-mitologico-de-la-mina-pepita\/\" \/>\n<meta property=\"og:site_name\" content=\"Ayuntamiento de Colindres\" \/>\n<meta property=\"og:image\" content=\"https:\/\/www.colindres.es\/wp-content\/uploads\/2019\/06\/Excursi\u00f3n-Aprovecha-tu-Segunda-Juventud.jpg\" \/>\n\t<meta property=\"og:image:width\" content=\"1024\" \/>\n\t<meta property=\"og:image:height\" content=\"768\" \/>\n\t<meta property=\"og:image:type\" content=\"image\/jpeg\" \/>\n<meta name=\"twitter:card\" content=\"summary_large_image\" \/>\n<meta name=\"twitter:label1\" content=\"Tiempo de lectura\" \/>\n\t<meta name=\"twitter:data1\" content=\"2 minutos\" \/>\n<script type=\"application\/ld+json\" class=\"yoast-schema-graph\">{\"@context\":\"https:\/\/schema.org\",\"@graph\":[{\"@type\":\"WebPage\",\"@id\":\"https:\/\/www.colindres.es\/index.php\/project\/el-programa-aprovecha-tu-segunda-juventud-concluye-con-una-visita-a-lierganes-y-al-parque-mitologico-de-la-mina-pepita\/\",\"url\":\"https:\/\/www.colindres.es\/index.php\/project\/el-programa-aprovecha-tu-segunda-juventud-concluye-con-una-visita-a-lierganes-y-al-parque-mitologico-de-la-mina-pepita\/\",\"name\":\"El programa \u2018Aprovecha tu segunda juventud\u2019 concluye con una visita a Li\u00e9rganes y al Parque Mitol\u00f3gico de la Mina Pepita - Ayuntamiento de Colindres\",\"isPartOf\":{\"@id\":\"https:\/\/www.colindres.es\/#website\"},\"primaryImageOfPage\":{\"@id\":\"https:\/\/www.colindres.es\/index.php\/project\/el-programa-aprovecha-tu-segunda-juventud-concluye-con-una-visita-a-lierganes-y-al-parque-mitologico-de-la-mina-pepita\/#primaryimage\"},\"image\":{\"@id\":\"https:\/\/www.colindres.es\/index.php\/project\/el-programa-aprovecha-tu-segunda-juventud-concluye-con-una-visita-a-lierganes-y-al-parque-mitologico-de-la-mina-pepita\/#primaryimage\"},\"thumbnailUrl\":\"https:\/\/www.colindres.es\/wp-content\/uploads\/2019\/06\/Excursi\u00f3n-Aprovecha-tu-Segunda-Juventud.jpg\",\"datePublished\":\"2019-06-29T08:52:39+00:00\",\"breadcrumb\":{\"@id\":\"https:\/\/www.colindres.es\/index.php\/project\/el-programa-aprovecha-tu-segunda-juventud-concluye-con-una-visita-a-lierganes-y-al-parque-mitologico-de-la-mina-pepita\/#breadcrumb\"},\"inLanguage\":\"es\",\"potentialAction\":[{\"@type\":\"ReadAction\",\"target\":[\"https:\/\/www.colindres.es\/index.php\/project\/el-programa-aprovecha-tu-segunda-juventud-concluye-con-una-visita-a-lierganes-y-al-parque-mitologico-de-la-mina-pepita\/\"]}]},{\"@type\":\"ImageObject\",\"inLanguage\":\"es\",\"@id\":\"https:\/\/www.colindres.es\/index.php\/project\/el-programa-aprovecha-tu-segunda-juventud-concluye-con-una-visita-a-lierganes-y-al-parque-mitologico-de-la-mina-pepita\/#primaryimage\",\"url\":\"https:\/\/www.colindres.es\/wp-content\/uploads\/2019\/06\/Excursi\u00f3n-Aprovecha-tu-Segunda-Juventud.jpg\",\"contentUrl\":\"https:\/\/www.colindres.es\/wp-content\/uploads\/2019\/06\/Excursi\u00f3n-Aprovecha-tu-Segunda-Juventud.jpg\",\"width\":1024,\"height\":768,\"caption\":\"Excursi\u00f3n Aprovecha tu Segunda Juventud\"},{\"@type\":\"BreadcrumbList\",\"@id\":\"https:\/\/www.colindres.es\/index.php\/project\/el-programa-aprovecha-tu-segunda-juventud-concluye-con-una-visita-a-lierganes-y-al-parque-mitologico-de-la-mina-pepita\/#breadcrumb\",\"itemListElement\":[{\"@type\":\"ListItem\",\"position\":1,\"name\":\"Portada\",\"item\":\"https:\/\/www.colindres.es\/\"},{\"@type\":\"ListItem\",\"position\":2,\"name\":\"Proyectos\",\"item\":\"https:\/\/www.colindres.es\/index.php\/project\/\"},{\"@type\":\"ListItem\",\"position\":3,\"name\":\"El programa \u2018Aprovecha tu segunda juventud\u2019 concluye con una visita a Li\u00e9rganes y al Parque Mitol\u00f3gico de la Mina Pepita\"}]},{\"@type\":\"WebSite\",\"@id\":\"https:\/\/www.colindres.es\/#website\",\"url\":\"https:\/\/www.colindres.es\/\",\"name\":\"Ayuntamiento de Colindres\",\"description\":\"Dise\u00f1ado por NTIC&#039;s\",\"publisher\":{\"@id\":\"https:\/\/www.colindres.es\/#organization\"},\"potentialAction\":[{\"@type\":\"SearchAction\",\"target\":{\"@type\":\"EntryPoint\",\"urlTemplate\":\"https:\/\/www.colindres.es\/?s={search_term_string}\"},\"query-input\":{\"@type\":\"PropertyValueSpecification\",\"valueRequired\":true,\"valueName\":\"search_term_string\"}}],\"inLanguage\":\"es\"},{\"@type\":\"Organization\",\"@id\":\"https:\/\/www.colindres.es\/#organization\",\"name\":\"AYUNTAMIENTO DE COLINDRES\",\"url\":\"https:\/\/www.colindres.es\/\",\"logo\":{\"@type\":\"ImageObject\",\"inLanguage\":\"es\",\"@id\":\"https:\/\/www.colindres.es\/#\/schema\/logo\/image\/\",\"url\":\"https:\/\/www.colindres.es\/wp-content\/uploads\/2017\/01\/LOGO-PRINCIPAL.jpg\",\"contentUrl\":\"https:\/\/www.colindres.es\/wp-content\/uploads\/2017\/01\/LOGO-PRINCIPAL.jpg\",\"width\":1209,\"height\":579,\"caption\":\"AYUNTAMIENTO DE COLINDRES\"},\"image\":{\"@id\":\"https:\/\/www.colindres.es\/#\/schema\/logo\/image\/\"}}]}<\/script>\n<!-- \/ Yoast SEO plugin. -->","yoast_head_json":{"title":"El programa \u2018Aprovecha tu segunda juventud\u2019 concluye con una visita a Li\u00e9rganes y al Parque Mitol\u00f3gico de la Mina Pepita - Ayuntamiento de Colindres","robots":{"index":"index","follow":"follow","max-snippet":"max-snippet:-1","max-image-preview":"max-image-preview:large","max-video-preview":"max-video-preview:-1"},"canonical":"https:\/\/www.colindres.es\/index.php\/project\/el-programa-aprovecha-tu-segunda-juventud-concluye-con-una-visita-a-lierganes-y-al-parque-mitologico-de-la-mina-pepita\/","og_locale":"es_ES","og_type":"article","og_title":"El programa \u2018Aprovecha tu segunda juventud\u2019 concluye con una visita a Li\u00e9rganes y al Parque Mitol\u00f3gico de la Mina Pepita - Ayuntamiento de Colindres","og_description":"La excursi\u00f3n ha servido como acto de fin de curso de este programa que busca mejorar la autonom\u00eda de las personas mayores y promover su participaci\u00f3n social Colindres, 28 de Junio.- Una excursi\u00f3n a Li\u00e9rganes y al Parque Mitol\u00f3gico de la Mina Pepita, en Solares, ha servido para poner el punto y final a una [&hellip;]","og_url":"https:\/\/www.colindres.es\/index.php\/project\/el-programa-aprovecha-tu-segunda-juventud-concluye-con-una-visita-a-lierganes-y-al-parque-mitologico-de-la-mina-pepita\/","og_site_name":"Ayuntamiento de Colindres","og_image":[{"width":1024,"height":768,"url":"https:\/\/www.colindres.es\/wp-content\/uploads\/2019\/06\/Excursi\u00f3n-Aprovecha-tu-Segunda-Juventud.jpg","type":"image\/jpeg"}],"twitter_card":"summary_large_image","twitter_misc":{"Tiempo de lectura":"2 minutos"},"schema":{"@context":"https:\/\/schema.org","@graph":[{"@type":"WebPage","@id":"https:\/\/www.colindres.es\/index.php\/project\/el-programa-aprovecha-tu-segunda-juventud-concluye-con-una-visita-a-lierganes-y-al-parque-mitologico-de-la-mina-pepita\/","url":"https:\/\/www.colindres.es\/index.php\/project\/el-programa-aprovecha-tu-segunda-juventud-concluye-con-una-visita-a-lierganes-y-al-parque-mitologico-de-la-mina-pepita\/","name":"El programa \u2018Aprovecha tu segunda juventud\u2019 concluye con una visita a Li\u00e9rganes y al Parque Mitol\u00f3gico de la Mina Pepita - Ayuntamiento de Colindres","isPartOf":{"@id":"https:\/\/www.colindres.es\/#website"},"primaryImageOfPage":{"@id":"https:\/\/www.colindres.es\/index.php\/project\/el-programa-aprovecha-tu-segunda-juventud-concluye-con-una-visita-a-lierganes-y-al-parque-mitologico-de-la-mina-pepita\/#primaryimage"},"image":{"@id":"https:\/\/www.colindres.es\/index.php\/project\/el-programa-aprovecha-tu-segunda-juventud-concluye-con-una-visita-a-lierganes-y-al-parque-mitologico-de-la-mina-pepita\/#primaryimage"},"thumbnailUrl":"https:\/\/www.colindres.es\/wp-content\/uploads\/2019\/06\/Excursi\u00f3n-Aprovecha-tu-Segunda-Juventud.jpg","datePublished":"2019-06-29T08:52:39+00:00","breadcrumb":{"@id":"https:\/\/www.colindres.es\/index.php\/project\/el-programa-aprovecha-tu-segunda-juventud-concluye-con-una-visita-a-lierganes-y-al-parque-mitologico-de-la-mina-pepita\/#breadcrumb"},"inLanguage":"es","potentialAction":[{"@type":"ReadAction","target":["https:\/\/www.colindres.es\/index.php\/project\/el-programa-aprovecha-tu-segunda-juventud-concluye-con-una-visita-a-lierganes-y-al-parque-mitologico-de-la-mina-pepita\/"]}]},{"@type":"ImageObject","inLanguage":"es","@id":"https:\/\/www.colindres.es\/index.php\/project\/el-programa-aprovecha-tu-segunda-juventud-concluye-con-una-visita-a-lierganes-y-al-parque-mitologico-de-la-mina-pepita\/#primaryimage","url":"https:\/\/www.colindres.es\/wp-content\/uploads\/2019\/06\/Excursi\u00f3n-Aprovecha-tu-Segunda-Juventud.jpg","contentUrl":"https:\/\/www.colindres.es\/wp-content\/uploads\/2019\/06\/Excursi\u00f3n-Aprovecha-tu-Segunda-Juventud.jpg","width":1024,"height":768,"caption":"Excursi\u00f3n Aprovecha tu Segunda Juventud"},{"@type":"BreadcrumbList","@id":"https:\/\/www.colindres.es\/index.php\/project\/el-programa-aprovecha-tu-segunda-juventud-concluye-con-una-visita-a-lierganes-y-al-parque-mitologico-de-la-mina-pepita\/#breadcrumb","itemListElement":[{"@type":"ListItem","position":1,"name":"Portada","item":"https:\/\/www.colindres.es\/"},{"@type":"ListItem","position":2,"name":"Proyectos","item":"https:\/\/www.colindres.es\/index.php\/project\/"},{"@type":"ListItem","position":3,"name":"El programa \u2018Aprovecha tu segunda juventud\u2019 concluye con una visita a Li\u00e9rganes y al Parque Mitol\u00f3gico de la Mina Pepita"}]},{"@type":"WebSite","@id":"https:\/\/www.colindres.es\/#website","url":"https:\/\/www.colindres.es\/","name":"Ayuntamiento de Colindres","description":"Dise\u00f1ado por NTIC&#039;s","publisher":{"@id":"https:\/\/www.colindres.es\/#organization"},"potentialAction":[{"@type":"SearchAction","target":{"@type":"EntryPoint","urlTemplate":"https:\/\/www.colindres.es\/?s={search_term_string}"},"query-input":{"@type":"PropertyValueSpecification","valueRequired":true,"valueName":"search_term_string"}}],"inLanguage":"es"},{"@type":"Organization","@id":"https:\/\/www.colindres.es\/#organization","name":"AYUNTAMIENTO DE COLINDRES","url":"https:\/\/www.colindres.es\/","logo":{"@type":"ImageObject","inLanguage":"es","@id":"https:\/\/www.colindres.es\/#\/schema\/logo\/image\/","url":"https:\/\/www.colindres.es\/wp-content\/uploads\/2017\/01\/LOGO-PRINCIPAL.jpg","contentUrl":"https:\/\/www.colindres.es\/wp-content\/uploads\/2017\/01\/LOGO-PRINCIPAL.jpg","width":1209,"height":579,"caption":"AYUNTAMIENTO DE COLINDRES"},"image":{"@id":"https:\/\/www.colindres.es\/#\/schema\/logo\/image\/"}}]}},"_links":{"self":[{"href":"https:\/\/www.colindres.es\/index.php\/wp-json\/wp\/v2\/project\/14787","targetHints":{"allow":["GET"]}}],"collection":[{"href":"https:\/\/www.colindres.es\/index.php\/wp-json\/wp\/v2\/project"}],"about":[{"href":"https:\/\/www.colindres.es\/index.php\/wp-json\/wp\/v2\/types\/project"}],"author":[{"embeddable":true,"href":"https:\/\/www.colindres.es\/index.php\/wp-json\/wp\/v2\/users\/1"}],"replies":[{"embeddable":true,"href":"https:\/\/www.colindres.es\/index.php\/wp-json\/wp\/v2\/comments?post=14787"}],"version-history":[{"count":1,"href":"https:\/\/www.colindres.es\/index.php\/wp-json\/wp\/v2\/project\/14787\/revisions"}],"predecessor-version":[{"id":14789,"href":"https:\/\/www.colindres.es\/index.php\/wp-json\/wp\/v2\/project\/14787\/revisions\/14789"}],"wp:featuredmedia":[{"embeddable":true,"href":"https:\/\/www.colindres.es\/index.php\/wp-json\/wp\/v2\/media\/14788"}],"wp:attachment":[{"href":"https:\/\/www.colindres.es\/index.php\/wp-json\/wp\/v2\/media?parent=14787"}],"wp:term":[{"taxonomy":"project_category","embeddable":true,"href":"https:\/\/www.colindres.es\/index.php\/wp-json\/wp\/v2\/project_category?post=14787"},{"taxonomy":"project_tag","embeddable":true,"href":"https:\/\/www.colindres.es\/index.php\/wp-json\/wp\/v2\/project_tag?post=14787"}],"curies":[{"name":"wp","href":"https:\/\/api.w.org\/{rel}","templated":true}]}}