{"id":14728,"date":"2019-06-26T08:43:46","date_gmt":"2019-06-26T06:43:46","guid":{"rendered":"https:\/\/www.colindres.es\/?post_type=project&#038;p=14728"},"modified":"2019-06-26T08:43:46","modified_gmt":"2019-06-26T06:43:46","slug":"el-ayuntamiento-de-colindres-hace-un-balance-muy-positivo-de-las-fiestas-de-san-juan","status":"publish","type":"project","link":"https:\/\/www.colindres.es\/index.php\/project\/el-ayuntamiento-de-colindres-hace-un-balance-muy-positivo-de-las-fiestas-de-san-juan\/","title":{"rendered":"El Ayuntamiento de Colindres hace un balance \u201cmuy positivo\u201d de las Fiestas de San Juan"},"content":{"rendered":"<p><strong>El alcalde, Javier Incera, destaca la \u201cmasiva afluencia\u201d de p\u00fablico y se\u00f1ala que \u201clos colindreses y visitantes se han volcado con las actividades previstas en el programa\u201d<\/strong><\/p>\n<p>Colindres, 25 de junio.- El alcalde de Colindres, Javier Incera, y la concejala de Festejos, Mar\u00eda Eugenia Casta\u00f1eda, han realizado un balance \u201cmuy positivo\u201d sobre el desarrollo de la programaci\u00f3n de las fiestas patronales de San Juan.<\/p>\n<p>Seg\u00fan han apuntado, m\u00e1s de 3.000 personas abarrotaron el domingo los jardines de la Casa de Cultura para presenciar el saluda desde el balc\u00f3n y el posterior concierto a cargo de Los Chunguitos, en una noche de San Juan que se prolong\u00f3 hasta altas horas de la madrugada con la macro discoteca y la fiesta de la espuma.<\/p>\n<p>En este sentido, el alcalde ha destacado la \u201cmasiva afluencia\u201d de p\u00fablico: \u201cLos colindreses y visitantes se han volcado con las actividades previstas en el programa y han disfrutado plenamente de todo lo que ofrece nuestro municipio\u201d, ha resaltado.<\/p>\n<p>Igualmente, el regidor y la edil de Festejos han querido \u201cfelicitar a todos cuantos han hecho posible estas fiestas, desde las pe\u00f1as, asociaciones y clubes del municipio hasta los efectivos de la Polic\u00eda Local y los voluntarios de Protecci\u00f3n Civil\u201d. Tambi\u00e9n a los operarios municipales y a los trabajadores del servicio de limpieza \u201cpor el esfuerzo realizado en estas fechas especiales\u201d.<\/p>\n<p>\u201cHemos disfrutado de unas fiestas multitudinarias y espectaculares, que adem\u00e1s de servir como un acontecimiento l\u00fadico y de convivencia, han supuesto un est\u00edmulo econ\u00f3mico para el comercio y la hosteler\u00eda locales\u201d, ha incidido Incera.<\/p>\n<p>Finalmente, Casta\u00f1eda ha alabado la participaci\u00f3n en la treintena de actividades deportivas, culturales, gastron\u00f3micas y l\u00fadicas que conten\u00eda el programa de fiestas y ha recordado que de las cinco carrozas que participaron en el concurso, la ganadora fue el Grupo Family con su propuesta \u2018Y la acera para cu\u00e1ndo\u2019.<\/p>\n<p>Las fiestas concluyeron este lunes con la tradicional misa y procesi\u00f3n del Santo en la Iglesia de San Juan en Colindres de Arriba y la actuaci\u00f3n del grupo de folclore de Tanos y la Pe\u00f1a de San Juan, y por la tarde, tras la comida campestre, hubo juegos para los ni\u00f1os y una salchichada y chocolate con bizcochos amenizadas con romer\u00eda.<\/p>\n<p><strong>D\u00eda del Cocido<\/strong><\/p>\n<p>Las actividades familiares y de ocio en Colindres continuar\u00e1 este fin de semana con una oferta \u201cmuy interesante\u201d ligada al tradicional D\u00eda del Cocido.<\/p>\n<p>El domingo ser\u00e1 el d\u00eda grande con el reparto de uno de los platos t\u00edpicos c\u00e1ntabros, el pasacalles a cargo de la Pe\u00f1a San Juan y la Pe\u00f1a El Juncu acompa\u00f1ados por la Escuela de Folclore y la XV Olimpiada del Pueblu, mientras que la tradicional pela de patatas se har\u00e1 el s\u00e1bado a las 17.00 horas. Este mismo d\u00eda la Coral Maristerra ofrecer\u00e1 un concierto a las 20.30 horas en la Iglesia del Carmen.<\/p>\n","protected":false},"excerpt":{"rendered":"<p>El alcalde, Javier Incera, destaca la \u201cmasiva afluencia\u201d de p\u00fablico y se\u00f1ala que \u201clos colindreses y visitantes se han volcado con las actividades previstas en el programa\u201d Colindres, 25 de junio.- El alcalde de Colindres, Javier Incera, y la concejala de Festejos, Mar\u00eda Eugenia Casta\u00f1eda, han realizado un balance \u201cmuy positivo\u201d sobre el desarrollo de [&hellip;]<\/p>\n","protected":false},"author":1,"featured_media":14729,"comment_status":"open","ping_status":"closed","template":"","meta":{"_et_pb_use_builder":"","_et_pb_old_content":"","_et_gb_content_width":"","footnotes":""},"project_category":[6],"project_tag":[],"class_list":["post-14728","project","type-project","status-publish","has-post-thumbnail","hentry","project_category-noticias"],"yoast_head":"<!-- This site is optimized with the Yoast SEO plugin v24.9 - https:\/\/yoast.com\/wordpress\/plugins\/seo\/ -->\n<title>El Ayuntamiento de Colindres hace un balance \u201cmuy positivo\u201d de las Fiestas de San Juan - Ayuntamiento de Colindres<\/title>\n<meta name=\"robots\" content=\"index, follow, max-snippet:-1, max-image-preview:large, max-video-preview:-1\" \/>\n<link rel=\"canonical\" href=\"https:\/\/www.colindres.es\/index.php\/project\/el-ayuntamiento-de-colindres-hace-un-balance-muy-positivo-de-las-fiestas-de-san-juan\/\" \/>\n<meta property=\"og:locale\" content=\"es_ES\" \/>\n<meta property=\"og:type\" content=\"article\" \/>\n<meta property=\"og:title\" content=\"El Ayuntamiento de Colindres hace un balance \u201cmuy positivo\u201d de las Fiestas de San Juan - Ayuntamiento de Colindres\" \/>\n<meta property=\"og:description\" content=\"El alcalde, Javier Incera, destaca la \u201cmasiva afluencia\u201d de p\u00fablico y se\u00f1ala que \u201clos colindreses y visitantes se han volcado con las actividades previstas en el programa\u201d Colindres, 25 de junio.- El alcalde de Colindres, Javier Incera, y la concejala de Festejos, Mar\u00eda Eugenia Casta\u00f1eda, han realizado un balance \u201cmuy positivo\u201d sobre el desarrollo de [&hellip;]\" \/>\n<meta property=\"og:url\" content=\"https:\/\/www.colindres.es\/index.php\/project\/el-ayuntamiento-de-colindres-hace-un-balance-muy-positivo-de-las-fiestas-de-san-juan\/\" \/>\n<meta property=\"og:site_name\" content=\"Ayuntamiento de Colindres\" \/>\n<meta property=\"og:image\" content=\"https:\/\/www.colindres.es\/wp-content\/uploads\/2019\/06\/photo_2019-06-25_15-40-40.jpg\" \/>\n\t<meta property=\"og:image:width\" content=\"434\" \/>\n\t<meta property=\"og:image:height\" content=\"603\" \/>\n\t<meta property=\"og:image:type\" content=\"image\/jpeg\" \/>\n<meta name=\"twitter:card\" content=\"summary_large_image\" \/>\n<meta name=\"twitter:label1\" content=\"Tiempo de lectura\" \/>\n\t<meta name=\"twitter:data1\" content=\"3 minutos\" \/>\n<script type=\"application\/ld+json\" class=\"yoast-schema-graph\">{\"@context\":\"https:\/\/schema.org\",\"@graph\":[{\"@type\":\"WebPage\",\"@id\":\"https:\/\/www.colindres.es\/index.php\/project\/el-ayuntamiento-de-colindres-hace-un-balance-muy-positivo-de-las-fiestas-de-san-juan\/\",\"url\":\"https:\/\/www.colindres.es\/index.php\/project\/el-ayuntamiento-de-colindres-hace-un-balance-muy-positivo-de-las-fiestas-de-san-juan\/\",\"name\":\"El Ayuntamiento de Colindres hace un balance \u201cmuy positivo\u201d de las Fiestas de San Juan - Ayuntamiento de Colindres\",\"isPartOf\":{\"@id\":\"https:\/\/www.colindres.es\/#website\"},\"primaryImageOfPage\":{\"@id\":\"https:\/\/www.colindres.es\/index.php\/project\/el-ayuntamiento-de-colindres-hace-un-balance-muy-positivo-de-las-fiestas-de-san-juan\/#primaryimage\"},\"image\":{\"@id\":\"https:\/\/www.colindres.es\/index.php\/project\/el-ayuntamiento-de-colindres-hace-un-balance-muy-positivo-de-las-fiestas-de-san-juan\/#primaryimage\"},\"thumbnailUrl\":\"https:\/\/www.colindres.es\/wp-content\/uploads\/2019\/06\/photo_2019-06-25_15-40-40.jpg\",\"datePublished\":\"2019-06-26T06:43:46+00:00\",\"breadcrumb\":{\"@id\":\"https:\/\/www.colindres.es\/index.php\/project\/el-ayuntamiento-de-colindres-hace-un-balance-muy-positivo-de-las-fiestas-de-san-juan\/#breadcrumb\"},\"inLanguage\":\"es\",\"potentialAction\":[{\"@type\":\"ReadAction\",\"target\":[\"https:\/\/www.colindres.es\/index.php\/project\/el-ayuntamiento-de-colindres-hace-un-balance-muy-positivo-de-las-fiestas-de-san-juan\/\"]}]},{\"@type\":\"ImageObject\",\"inLanguage\":\"es\",\"@id\":\"https:\/\/www.colindres.es\/index.php\/project\/el-ayuntamiento-de-colindres-hace-un-balance-muy-positivo-de-las-fiestas-de-san-juan\/#primaryimage\",\"url\":\"https:\/\/www.colindres.es\/wp-content\/uploads\/2019\/06\/photo_2019-06-25_15-40-40.jpg\",\"contentUrl\":\"https:\/\/www.colindres.es\/wp-content\/uploads\/2019\/06\/photo_2019-06-25_15-40-40.jpg\",\"width\":434,\"height\":603,\"caption\":\"Los chunguitos colindres\"},{\"@type\":\"BreadcrumbList\",\"@id\":\"https:\/\/www.colindres.es\/index.php\/project\/el-ayuntamiento-de-colindres-hace-un-balance-muy-positivo-de-las-fiestas-de-san-juan\/#breadcrumb\",\"itemListElement\":[{\"@type\":\"ListItem\",\"position\":1,\"name\":\"Portada\",\"item\":\"https:\/\/www.colindres.es\/\"},{\"@type\":\"ListItem\",\"position\":2,\"name\":\"Proyectos\",\"item\":\"https:\/\/www.colindres.es\/index.php\/project\/\"},{\"@type\":\"ListItem\",\"position\":3,\"name\":\"El Ayuntamiento de Colindres hace un balance \u201cmuy positivo\u201d de las Fiestas de San Juan\"}]},{\"@type\":\"WebSite\",\"@id\":\"https:\/\/www.colindres.es\/#website\",\"url\":\"https:\/\/www.colindres.es\/\",\"name\":\"Ayuntamiento de Colindres\",\"description\":\"Dise\u00f1ado por NTIC&#039;s\",\"publisher\":{\"@id\":\"https:\/\/www.colindres.es\/#organization\"},\"potentialAction\":[{\"@type\":\"SearchAction\",\"target\":{\"@type\":\"EntryPoint\",\"urlTemplate\":\"https:\/\/www.colindres.es\/?s={search_term_string}\"},\"query-input\":{\"@type\":\"PropertyValueSpecification\",\"valueRequired\":true,\"valueName\":\"search_term_string\"}}],\"inLanguage\":\"es\"},{\"@type\":\"Organization\",\"@id\":\"https:\/\/www.colindres.es\/#organization\",\"name\":\"AYUNTAMIENTO DE COLINDRES\",\"url\":\"https:\/\/www.colindres.es\/\",\"logo\":{\"@type\":\"ImageObject\",\"inLanguage\":\"es\",\"@id\":\"https:\/\/www.colindres.es\/#\/schema\/logo\/image\/\",\"url\":\"https:\/\/www.colindres.es\/wp-content\/uploads\/2017\/01\/LOGO-PRINCIPAL.jpg\",\"contentUrl\":\"https:\/\/www.colindres.es\/wp-content\/uploads\/2017\/01\/LOGO-PRINCIPAL.jpg\",\"width\":1209,\"height\":579,\"caption\":\"AYUNTAMIENTO DE COLINDRES\"},\"image\":{\"@id\":\"https:\/\/www.colindres.es\/#\/schema\/logo\/image\/\"}}]}<\/script>\n<!-- \/ Yoast SEO plugin. -->","yoast_head_json":{"title":"El Ayuntamiento de Colindres hace un balance \u201cmuy positivo\u201d de las Fiestas de San Juan - Ayuntamiento de Colindres","robots":{"index":"index","follow":"follow","max-snippet":"max-snippet:-1","max-image-preview":"max-image-preview:large","max-video-preview":"max-video-preview:-1"},"canonical":"https:\/\/www.colindres.es\/index.php\/project\/el-ayuntamiento-de-colindres-hace-un-balance-muy-positivo-de-las-fiestas-de-san-juan\/","og_locale":"es_ES","og_type":"article","og_title":"El Ayuntamiento de Colindres hace un balance \u201cmuy positivo\u201d de las Fiestas de San Juan - Ayuntamiento de Colindres","og_description":"El alcalde, Javier Incera, destaca la \u201cmasiva afluencia\u201d de p\u00fablico y se\u00f1ala que \u201clos colindreses y visitantes se han volcado con las actividades previstas en el programa\u201d Colindres, 25 de junio.- El alcalde de Colindres, Javier Incera, y la concejala de Festejos, Mar\u00eda Eugenia Casta\u00f1eda, han realizado un balance \u201cmuy positivo\u201d sobre el desarrollo de [&hellip;]","og_url":"https:\/\/www.colindres.es\/index.php\/project\/el-ayuntamiento-de-colindres-hace-un-balance-muy-positivo-de-las-fiestas-de-san-juan\/","og_site_name":"Ayuntamiento de Colindres","og_image":[{"width":434,"height":603,"url":"https:\/\/www.colindres.es\/wp-content\/uploads\/2019\/06\/photo_2019-06-25_15-40-40.jpg","type":"image\/jpeg"}],"twitter_card":"summary_large_image","twitter_misc":{"Tiempo de lectura":"3 minutos"},"schema":{"@context":"https:\/\/schema.org","@graph":[{"@type":"WebPage","@id":"https:\/\/www.colindres.es\/index.php\/project\/el-ayuntamiento-de-colindres-hace-un-balance-muy-positivo-de-las-fiestas-de-san-juan\/","url":"https:\/\/www.colindres.es\/index.php\/project\/el-ayuntamiento-de-colindres-hace-un-balance-muy-positivo-de-las-fiestas-de-san-juan\/","name":"El Ayuntamiento de Colindres hace un balance \u201cmuy positivo\u201d de las Fiestas de San Juan - Ayuntamiento de Colindres","isPartOf":{"@id":"https:\/\/www.colindres.es\/#website"},"primaryImageOfPage":{"@id":"https:\/\/www.colindres.es\/index.php\/project\/el-ayuntamiento-de-colindres-hace-un-balance-muy-positivo-de-las-fiestas-de-san-juan\/#primaryimage"},"image":{"@id":"https:\/\/www.colindres.es\/index.php\/project\/el-ayuntamiento-de-colindres-hace-un-balance-muy-positivo-de-las-fiestas-de-san-juan\/#primaryimage"},"thumbnailUrl":"https:\/\/www.colindres.es\/wp-content\/uploads\/2019\/06\/photo_2019-06-25_15-40-40.jpg","datePublished":"2019-06-26T06:43:46+00:00","breadcrumb":{"@id":"https:\/\/www.colindres.es\/index.php\/project\/el-ayuntamiento-de-colindres-hace-un-balance-muy-positivo-de-las-fiestas-de-san-juan\/#breadcrumb"},"inLanguage":"es","potentialAction":[{"@type":"ReadAction","target":["https:\/\/www.colindres.es\/index.php\/project\/el-ayuntamiento-de-colindres-hace-un-balance-muy-positivo-de-las-fiestas-de-san-juan\/"]}]},{"@type":"ImageObject","inLanguage":"es","@id":"https:\/\/www.colindres.es\/index.php\/project\/el-ayuntamiento-de-colindres-hace-un-balance-muy-positivo-de-las-fiestas-de-san-juan\/#primaryimage","url":"https:\/\/www.colindres.es\/wp-content\/uploads\/2019\/06\/photo_2019-06-25_15-40-40.jpg","contentUrl":"https:\/\/www.colindres.es\/wp-content\/uploads\/2019\/06\/photo_2019-06-25_15-40-40.jpg","width":434,"height":603,"caption":"Los chunguitos colindres"},{"@type":"BreadcrumbList","@id":"https:\/\/www.colindres.es\/index.php\/project\/el-ayuntamiento-de-colindres-hace-un-balance-muy-positivo-de-las-fiestas-de-san-juan\/#breadcrumb","itemListElement":[{"@type":"ListItem","position":1,"name":"Portada","item":"https:\/\/www.colindres.es\/"},{"@type":"ListItem","position":2,"name":"Proyectos","item":"https:\/\/www.colindres.es\/index.php\/project\/"},{"@type":"ListItem","position":3,"name":"El Ayuntamiento de Colindres hace un balance \u201cmuy positivo\u201d de las Fiestas de San Juan"}]},{"@type":"WebSite","@id":"https:\/\/www.colindres.es\/#website","url":"https:\/\/www.colindres.es\/","name":"Ayuntamiento de Colindres","description":"Dise\u00f1ado por NTIC&#039;s","publisher":{"@id":"https:\/\/www.colindres.es\/#organization"},"potentialAction":[{"@type":"SearchAction","target":{"@type":"EntryPoint","urlTemplate":"https:\/\/www.colindres.es\/?s={search_term_string}"},"query-input":{"@type":"PropertyValueSpecification","valueRequired":true,"valueName":"search_term_string"}}],"inLanguage":"es"},{"@type":"Organization","@id":"https:\/\/www.colindres.es\/#organization","name":"AYUNTAMIENTO DE COLINDRES","url":"https:\/\/www.colindres.es\/","logo":{"@type":"ImageObject","inLanguage":"es","@id":"https:\/\/www.colindres.es\/#\/schema\/logo\/image\/","url":"https:\/\/www.colindres.es\/wp-content\/uploads\/2017\/01\/LOGO-PRINCIPAL.jpg","contentUrl":"https:\/\/www.colindres.es\/wp-content\/uploads\/2017\/01\/LOGO-PRINCIPAL.jpg","width":1209,"height":579,"caption":"AYUNTAMIENTO DE COLINDRES"},"image":{"@id":"https:\/\/www.colindres.es\/#\/schema\/logo\/image\/"}}]}},"_links":{"self":[{"href":"https:\/\/www.colindres.es\/index.php\/wp-json\/wp\/v2\/project\/14728","targetHints":{"allow":["GET"]}}],"collection":[{"href":"https:\/\/www.colindres.es\/index.php\/wp-json\/wp\/v2\/project"}],"about":[{"href":"https:\/\/www.colindres.es\/index.php\/wp-json\/wp\/v2\/types\/project"}],"author":[{"embeddable":true,"href":"https:\/\/www.colindres.es\/index.php\/wp-json\/wp\/v2\/users\/1"}],"replies":[{"embeddable":true,"href":"https:\/\/www.colindres.es\/index.php\/wp-json\/wp\/v2\/comments?post=14728"}],"version-history":[{"count":1,"href":"https:\/\/www.colindres.es\/index.php\/wp-json\/wp\/v2\/project\/14728\/revisions"}],"predecessor-version":[{"id":14730,"href":"https:\/\/www.colindres.es\/index.php\/wp-json\/wp\/v2\/project\/14728\/revisions\/14730"}],"wp:featuredmedia":[{"embeddable":true,"href":"https:\/\/www.colindres.es\/index.php\/wp-json\/wp\/v2\/media\/14729"}],"wp:attachment":[{"href":"https:\/\/www.colindres.es\/index.php\/wp-json\/wp\/v2\/media?parent=14728"}],"wp:term":[{"taxonomy":"project_category","embeddable":true,"href":"https:\/\/www.colindres.es\/index.php\/wp-json\/wp\/v2\/project_category?post=14728"},{"taxonomy":"project_tag","embeddable":true,"href":"https:\/\/www.colindres.es\/index.php\/wp-json\/wp\/v2\/project_tag?post=14728"}],"curies":[{"name":"wp","href":"https:\/\/api.w.org\/{rel}","templated":true}]}}