{"id":14707,"date":"2019-06-19T09:54:21","date_gmt":"2019-06-19T07:54:21","guid":{"rendered":"https:\/\/www.colindres.es\/?post_type=project&#038;p=14707"},"modified":"2019-06-19T09:54:21","modified_gmt":"2019-06-19T07:54:21","slug":"los-usuarios-del-centro-de-dia-de-colindres-recuperan-parte-de-la-historia-de-la-finca-villa-luz","status":"publish","type":"project","link":"https:\/\/www.colindres.es\/index.php\/project\/los-usuarios-del-centro-de-dia-de-colindres-recuperan-parte-de-la-historia-de-la-finca-villa-luz\/","title":{"rendered":"Los usuarios del Centro de D\u00eda de Colindres recuperan parte de la historia de la finca Villa Luz"},"content":{"rendered":"<p><strong>Han entregado al alcalde, Javier Incera, un mural con fotograf\u00edas que estar\u00e1 expuesto en la Oficina de Turismo del municipio<\/strong><\/p>\n<p><em>Colindres, 19 de Junio.-<\/em> Los usuarios del Centro de D\u00eda de Colindres han hecho entrega al alcalde del municipio, Javier Incera, y a la concejala de Servicios Sociales, Econom\u00eda y Festejos en funciones, Mar\u00eda Eugenia Casta\u00f1eda, de un mural en el que explican parte de la historia de la finca Villa Luz.<\/p>\n<p>El mural ha quedado expuesto en la Oficina de Turismo de Colindres y a trav\u00e9s de fotograf\u00edas repasa las distintas estancias as\u00ed como parte de la historia de este singular palecete afrancesado construido a principios del siglo XX y dise\u00f1ado por el arquitecto c\u00e1ntabro Joaqu\u00edn Rucoca.<\/p>\n<p>La iniciativa surgi\u00f3 hace aproximadamente un mes, cuando los usuarios del Centro de D\u00eda acudieron a visitar la casona con motivo de las jornadas de puertas abiertas que organiz\u00f3 el Ayuntamiento a ra\u00edz de que el alcalde y los propietarios de la finca firmaran un acuerdo mediante el cual el terreno y el inmueble pasaron a ser de titularidad municipal, saldando as\u00ed la deuda hist\u00f3rica de 2,2 millones de euros que la familia Ben\u00edtez Bringas manten\u00eda con el Consistorio debido a un litigio urban\u00edstica que se hab\u00eda prolongado desde hace m\u00e1s de 20 a\u00f1os.<\/p>\n<p>Varios de esos usuarios hab\u00edan trabajado en su juventud en la finca dentro del servicio dom\u00e9stico y conoc\u00edan perfectamente los detalles y peculiaridades del inmueble y del estilo de vida y algunas an\u00e9cdotas de aquella \u00e9poca.<\/p>\n<p>El alcalde, Javier Incera, ha destacado que se trata de una iniciativa \u201cmaravillosa, con una enorme carga emocional\u201d y ha agradecido a los usuarios y trabajadores del Centro su esfuerzo para contribuir a mantener \u201cviva\u201d la historia de Colindres y de sus vecinos.<\/p>\n<p>Asimismo, el regidor ha reiterado su apuesta por convertir la finca Villa Luz en un centro dedicado a la atenci\u00f3n, cuidado y envejecimiento activo de las personas mayores y ha apuntado que una vez tomen posesi\u00f3n de sus cargos, el equipo de Gobierno se pondr\u00e1 a trabajar \u201cde forma inmediata\u201d para que este proyecto sea una realidad \u201clo antes posible\u201d.<\/p>\n<p>Por su parte, Mar\u00eda Eugenia Casta\u00f1eda ha manifestado que tanto desde la Concejal\u00eda de Servicios Sociales como desde la Alcald\u00eda tienen la \u201cplena intenci\u00f3n\u201d de seguir haciendo part\u00edcipes a los usuarios del Centro de D\u00eda en la vida diaria del municipio y, en este sentido, ha anunciado que continuar\u00e1n potenciando esa relaci\u00f3n con otras instituciones, como se ha hecho con los colegios que ya visitan el Centro.<\/p>\n","protected":false},"excerpt":{"rendered":"<p>Han entregado al alcalde, Javier Incera, un mural con fotograf\u00edas que estar\u00e1 expuesto en la Oficina de Turismo del municipio Colindres, 19 de Junio.- Los usuarios del Centro de D\u00eda de Colindres han hecho entrega al alcalde del municipio, Javier Incera, y a la concejala de Servicios Sociales, Econom\u00eda y Festejos en funciones, Mar\u00eda Eugenia [&hellip;]<\/p>\n","protected":false},"author":1,"featured_media":14708,"comment_status":"open","ping_status":"closed","template":"","meta":{"_et_pb_use_builder":"","_et_pb_old_content":"","_et_gb_content_width":"","footnotes":""},"project_category":[6],"project_tag":[],"class_list":["post-14707","project","type-project","status-publish","has-post-thumbnail","hentry","project_category-noticias"],"yoast_head":"<!-- This site is optimized with the Yoast SEO plugin v24.9 - https:\/\/yoast.com\/wordpress\/plugins\/seo\/ -->\n<title>Los usuarios del Centro de D\u00eda de Colindres recuperan parte de la historia de la finca Villa Luz - Ayuntamiento de Colindres<\/title>\n<meta name=\"robots\" content=\"index, follow, max-snippet:-1, max-image-preview:large, max-video-preview:-1\" \/>\n<link rel=\"canonical\" href=\"https:\/\/www.colindres.es\/index.php\/project\/los-usuarios-del-centro-de-dia-de-colindres-recuperan-parte-de-la-historia-de-la-finca-villa-luz\/\" \/>\n<meta property=\"og:locale\" content=\"es_ES\" \/>\n<meta property=\"og:type\" content=\"article\" \/>\n<meta property=\"og:title\" content=\"Los usuarios del Centro de D\u00eda de Colindres recuperan parte de la historia de la finca Villa Luz - Ayuntamiento de Colindres\" \/>\n<meta property=\"og:description\" content=\"Han entregado al alcalde, Javier Incera, un mural con fotograf\u00edas que estar\u00e1 expuesto en la Oficina de Turismo del municipio Colindres, 19 de Junio.- Los usuarios del Centro de D\u00eda de Colindres han hecho entrega al alcalde del municipio, Javier Incera, y a la concejala de Servicios Sociales, Econom\u00eda y Festejos en funciones, Mar\u00eda Eugenia [&hellip;]\" \/>\n<meta property=\"og:url\" content=\"https:\/\/www.colindres.es\/index.php\/project\/los-usuarios-del-centro-de-dia-de-colindres-recuperan-parte-de-la-historia-de-la-finca-villa-luz\/\" \/>\n<meta property=\"og:site_name\" content=\"Ayuntamiento de Colindres\" \/>\n<meta property=\"og:image\" content=\"https:\/\/www.colindres.es\/wp-content\/uploads\/2019\/06\/Centro-de-D\u00eda-Finca-Villa-Luz.jpg\" \/>\n\t<meta property=\"og:image:width\" content=\"1024\" \/>\n\t<meta property=\"og:image:height\" content=\"712\" \/>\n\t<meta property=\"og:image:type\" content=\"image\/jpeg\" \/>\n<meta name=\"twitter:card\" content=\"summary_large_image\" \/>\n<meta name=\"twitter:label1\" content=\"Tiempo de lectura\" \/>\n\t<meta name=\"twitter:data1\" content=\"2 minutos\" \/>\n<script type=\"application\/ld+json\" class=\"yoast-schema-graph\">{\"@context\":\"https:\/\/schema.org\",\"@graph\":[{\"@type\":\"WebPage\",\"@id\":\"https:\/\/www.colindres.es\/index.php\/project\/los-usuarios-del-centro-de-dia-de-colindres-recuperan-parte-de-la-historia-de-la-finca-villa-luz\/\",\"url\":\"https:\/\/www.colindres.es\/index.php\/project\/los-usuarios-del-centro-de-dia-de-colindres-recuperan-parte-de-la-historia-de-la-finca-villa-luz\/\",\"name\":\"Los usuarios del Centro de D\u00eda de Colindres recuperan parte de la historia de la finca Villa Luz - Ayuntamiento de Colindres\",\"isPartOf\":{\"@id\":\"https:\/\/www.colindres.es\/#website\"},\"primaryImageOfPage\":{\"@id\":\"https:\/\/www.colindres.es\/index.php\/project\/los-usuarios-del-centro-de-dia-de-colindres-recuperan-parte-de-la-historia-de-la-finca-villa-luz\/#primaryimage\"},\"image\":{\"@id\":\"https:\/\/www.colindres.es\/index.php\/project\/los-usuarios-del-centro-de-dia-de-colindres-recuperan-parte-de-la-historia-de-la-finca-villa-luz\/#primaryimage\"},\"thumbnailUrl\":\"https:\/\/www.colindres.es\/wp-content\/uploads\/2019\/06\/Centro-de-D\u00eda-Finca-Villa-Luz.jpg\",\"datePublished\":\"2019-06-19T07:54:21+00:00\",\"breadcrumb\":{\"@id\":\"https:\/\/www.colindres.es\/index.php\/project\/los-usuarios-del-centro-de-dia-de-colindres-recuperan-parte-de-la-historia-de-la-finca-villa-luz\/#breadcrumb\"},\"inLanguage\":\"es\",\"potentialAction\":[{\"@type\":\"ReadAction\",\"target\":[\"https:\/\/www.colindres.es\/index.php\/project\/los-usuarios-del-centro-de-dia-de-colindres-recuperan-parte-de-la-historia-de-la-finca-villa-luz\/\"]}]},{\"@type\":\"ImageObject\",\"inLanguage\":\"es\",\"@id\":\"https:\/\/www.colindres.es\/index.php\/project\/los-usuarios-del-centro-de-dia-de-colindres-recuperan-parte-de-la-historia-de-la-finca-villa-luz\/#primaryimage\",\"url\":\"https:\/\/www.colindres.es\/wp-content\/uploads\/2019\/06\/Centro-de-D\u00eda-Finca-Villa-Luz.jpg\",\"contentUrl\":\"https:\/\/www.colindres.es\/wp-content\/uploads\/2019\/06\/Centro-de-D\u00eda-Finca-Villa-Luz.jpg\",\"width\":1024,\"height\":712,\"caption\":\"Centro de D\u00eda - Finca Villa Luz\"},{\"@type\":\"BreadcrumbList\",\"@id\":\"https:\/\/www.colindres.es\/index.php\/project\/los-usuarios-del-centro-de-dia-de-colindres-recuperan-parte-de-la-historia-de-la-finca-villa-luz\/#breadcrumb\",\"itemListElement\":[{\"@type\":\"ListItem\",\"position\":1,\"name\":\"Portada\",\"item\":\"https:\/\/www.colindres.es\/\"},{\"@type\":\"ListItem\",\"position\":2,\"name\":\"Proyectos\",\"item\":\"https:\/\/www.colindres.es\/index.php\/project\/\"},{\"@type\":\"ListItem\",\"position\":3,\"name\":\"Los usuarios del Centro de D\u00eda de Colindres recuperan parte de la historia de la finca Villa Luz\"}]},{\"@type\":\"WebSite\",\"@id\":\"https:\/\/www.colindres.es\/#website\",\"url\":\"https:\/\/www.colindres.es\/\",\"name\":\"Ayuntamiento de Colindres\",\"description\":\"Dise\u00f1ado por NTIC&#039;s\",\"publisher\":{\"@id\":\"https:\/\/www.colindres.es\/#organization\"},\"potentialAction\":[{\"@type\":\"SearchAction\",\"target\":{\"@type\":\"EntryPoint\",\"urlTemplate\":\"https:\/\/www.colindres.es\/?s={search_term_string}\"},\"query-input\":{\"@type\":\"PropertyValueSpecification\",\"valueRequired\":true,\"valueName\":\"search_term_string\"}}],\"inLanguage\":\"es\"},{\"@type\":\"Organization\",\"@id\":\"https:\/\/www.colindres.es\/#organization\",\"name\":\"AYUNTAMIENTO DE COLINDRES\",\"url\":\"https:\/\/www.colindres.es\/\",\"logo\":{\"@type\":\"ImageObject\",\"inLanguage\":\"es\",\"@id\":\"https:\/\/www.colindres.es\/#\/schema\/logo\/image\/\",\"url\":\"https:\/\/www.colindres.es\/wp-content\/uploads\/2017\/01\/LOGO-PRINCIPAL.jpg\",\"contentUrl\":\"https:\/\/www.colindres.es\/wp-content\/uploads\/2017\/01\/LOGO-PRINCIPAL.jpg\",\"width\":1209,\"height\":579,\"caption\":\"AYUNTAMIENTO DE COLINDRES\"},\"image\":{\"@id\":\"https:\/\/www.colindres.es\/#\/schema\/logo\/image\/\"}}]}<\/script>\n<!-- \/ Yoast SEO plugin. -->","yoast_head_json":{"title":"Los usuarios del Centro de D\u00eda de Colindres recuperan parte de la historia de la finca Villa Luz - Ayuntamiento de Colindres","robots":{"index":"index","follow":"follow","max-snippet":"max-snippet:-1","max-image-preview":"max-image-preview:large","max-video-preview":"max-video-preview:-1"},"canonical":"https:\/\/www.colindres.es\/index.php\/project\/los-usuarios-del-centro-de-dia-de-colindres-recuperan-parte-de-la-historia-de-la-finca-villa-luz\/","og_locale":"es_ES","og_type":"article","og_title":"Los usuarios del Centro de D\u00eda de Colindres recuperan parte de la historia de la finca Villa Luz - Ayuntamiento de Colindres","og_description":"Han entregado al alcalde, Javier Incera, un mural con fotograf\u00edas que estar\u00e1 expuesto en la Oficina de Turismo del municipio Colindres, 19 de Junio.- Los usuarios del Centro de D\u00eda de Colindres han hecho entrega al alcalde del municipio, Javier Incera, y a la concejala de Servicios Sociales, Econom\u00eda y Festejos en funciones, Mar\u00eda Eugenia [&hellip;]","og_url":"https:\/\/www.colindres.es\/index.php\/project\/los-usuarios-del-centro-de-dia-de-colindres-recuperan-parte-de-la-historia-de-la-finca-villa-luz\/","og_site_name":"Ayuntamiento de Colindres","og_image":[{"width":1024,"height":712,"url":"https:\/\/www.colindres.es\/wp-content\/uploads\/2019\/06\/Centro-de-D\u00eda-Finca-Villa-Luz.jpg","type":"image\/jpeg"}],"twitter_card":"summary_large_image","twitter_misc":{"Tiempo de lectura":"2 minutos"},"schema":{"@context":"https:\/\/schema.org","@graph":[{"@type":"WebPage","@id":"https:\/\/www.colindres.es\/index.php\/project\/los-usuarios-del-centro-de-dia-de-colindres-recuperan-parte-de-la-historia-de-la-finca-villa-luz\/","url":"https:\/\/www.colindres.es\/index.php\/project\/los-usuarios-del-centro-de-dia-de-colindres-recuperan-parte-de-la-historia-de-la-finca-villa-luz\/","name":"Los usuarios del Centro de D\u00eda de Colindres recuperan parte de la historia de la finca Villa Luz - Ayuntamiento de Colindres","isPartOf":{"@id":"https:\/\/www.colindres.es\/#website"},"primaryImageOfPage":{"@id":"https:\/\/www.colindres.es\/index.php\/project\/los-usuarios-del-centro-de-dia-de-colindres-recuperan-parte-de-la-historia-de-la-finca-villa-luz\/#primaryimage"},"image":{"@id":"https:\/\/www.colindres.es\/index.php\/project\/los-usuarios-del-centro-de-dia-de-colindres-recuperan-parte-de-la-historia-de-la-finca-villa-luz\/#primaryimage"},"thumbnailUrl":"https:\/\/www.colindres.es\/wp-content\/uploads\/2019\/06\/Centro-de-D\u00eda-Finca-Villa-Luz.jpg","datePublished":"2019-06-19T07:54:21+00:00","breadcrumb":{"@id":"https:\/\/www.colindres.es\/index.php\/project\/los-usuarios-del-centro-de-dia-de-colindres-recuperan-parte-de-la-historia-de-la-finca-villa-luz\/#breadcrumb"},"inLanguage":"es","potentialAction":[{"@type":"ReadAction","target":["https:\/\/www.colindres.es\/index.php\/project\/los-usuarios-del-centro-de-dia-de-colindres-recuperan-parte-de-la-historia-de-la-finca-villa-luz\/"]}]},{"@type":"ImageObject","inLanguage":"es","@id":"https:\/\/www.colindres.es\/index.php\/project\/los-usuarios-del-centro-de-dia-de-colindres-recuperan-parte-de-la-historia-de-la-finca-villa-luz\/#primaryimage","url":"https:\/\/www.colindres.es\/wp-content\/uploads\/2019\/06\/Centro-de-D\u00eda-Finca-Villa-Luz.jpg","contentUrl":"https:\/\/www.colindres.es\/wp-content\/uploads\/2019\/06\/Centro-de-D\u00eda-Finca-Villa-Luz.jpg","width":1024,"height":712,"caption":"Centro de D\u00eda - Finca Villa Luz"},{"@type":"BreadcrumbList","@id":"https:\/\/www.colindres.es\/index.php\/project\/los-usuarios-del-centro-de-dia-de-colindres-recuperan-parte-de-la-historia-de-la-finca-villa-luz\/#breadcrumb","itemListElement":[{"@type":"ListItem","position":1,"name":"Portada","item":"https:\/\/www.colindres.es\/"},{"@type":"ListItem","position":2,"name":"Proyectos","item":"https:\/\/www.colindres.es\/index.php\/project\/"},{"@type":"ListItem","position":3,"name":"Los usuarios del Centro de D\u00eda de Colindres recuperan parte de la historia de la finca Villa Luz"}]},{"@type":"WebSite","@id":"https:\/\/www.colindres.es\/#website","url":"https:\/\/www.colindres.es\/","name":"Ayuntamiento de Colindres","description":"Dise\u00f1ado por NTIC&#039;s","publisher":{"@id":"https:\/\/www.colindres.es\/#organization"},"potentialAction":[{"@type":"SearchAction","target":{"@type":"EntryPoint","urlTemplate":"https:\/\/www.colindres.es\/?s={search_term_string}"},"query-input":{"@type":"PropertyValueSpecification","valueRequired":true,"valueName":"search_term_string"}}],"inLanguage":"es"},{"@type":"Organization","@id":"https:\/\/www.colindres.es\/#organization","name":"AYUNTAMIENTO DE COLINDRES","url":"https:\/\/www.colindres.es\/","logo":{"@type":"ImageObject","inLanguage":"es","@id":"https:\/\/www.colindres.es\/#\/schema\/logo\/image\/","url":"https:\/\/www.colindres.es\/wp-content\/uploads\/2017\/01\/LOGO-PRINCIPAL.jpg","contentUrl":"https:\/\/www.colindres.es\/wp-content\/uploads\/2017\/01\/LOGO-PRINCIPAL.jpg","width":1209,"height":579,"caption":"AYUNTAMIENTO DE COLINDRES"},"image":{"@id":"https:\/\/www.colindres.es\/#\/schema\/logo\/image\/"}}]}},"_links":{"self":[{"href":"https:\/\/www.colindres.es\/index.php\/wp-json\/wp\/v2\/project\/14707","targetHints":{"allow":["GET"]}}],"collection":[{"href":"https:\/\/www.colindres.es\/index.php\/wp-json\/wp\/v2\/project"}],"about":[{"href":"https:\/\/www.colindres.es\/index.php\/wp-json\/wp\/v2\/types\/project"}],"author":[{"embeddable":true,"href":"https:\/\/www.colindres.es\/index.php\/wp-json\/wp\/v2\/users\/1"}],"replies":[{"embeddable":true,"href":"https:\/\/www.colindres.es\/index.php\/wp-json\/wp\/v2\/comments?post=14707"}],"version-history":[{"count":1,"href":"https:\/\/www.colindres.es\/index.php\/wp-json\/wp\/v2\/project\/14707\/revisions"}],"predecessor-version":[{"id":14709,"href":"https:\/\/www.colindres.es\/index.php\/wp-json\/wp\/v2\/project\/14707\/revisions\/14709"}],"wp:featuredmedia":[{"embeddable":true,"href":"https:\/\/www.colindres.es\/index.php\/wp-json\/wp\/v2\/media\/14708"}],"wp:attachment":[{"href":"https:\/\/www.colindres.es\/index.php\/wp-json\/wp\/v2\/media?parent=14707"}],"wp:term":[{"taxonomy":"project_category","embeddable":true,"href":"https:\/\/www.colindres.es\/index.php\/wp-json\/wp\/v2\/project_category?post=14707"},{"taxonomy":"project_tag","embeddable":true,"href":"https:\/\/www.colindres.es\/index.php\/wp-json\/wp\/v2\/project_tag?post=14707"}],"curies":[{"name":"wp","href":"https:\/\/api.w.org\/{rel}","templated":true}]}}