{"id":1467,"date":"2018-04-23T09:01:00","date_gmt":"2018-04-23T09:01:00","guid":{"rendered":"http:\/\/colindres.es\/?post_type=project&#038;p=1467"},"modified":"2018-04-23T09:01:00","modified_gmt":"2018-04-23T09:01:00","slug":"el-rincon-de-los-alcaldes","status":"publish","type":"project","link":"https:\/\/www.colindres.es\/index.php\/project\/el-rincon-de-los-alcaldes\/","title":{"rendered":"EL RINC\u00d3N DE LOS ALCALDES"},"content":{"rendered":"<p>Hace unos quince a\u00f1os, en 2003, coincidimos trabajando en el Ayuntamiento de Colindres los arriba firmantes, Yolanda Arce y \u00c1ngel Revuelta, junto a Adri\u00e1n Seti\u00e9n. Desarroll\u00e1bamos dos proyectos centrados en la recuperaci\u00f3n y valoraci\u00f3n del patrimonio hist\u00f3rico y medioambiental del municipio.<\/p>\n<p>Uno de ellos se llev\u00f3 a cabo en el Archivo Municipal, y su fin era la organizaci\u00f3n de sus fondos.<\/p>\n<p>El otro, era un proyecto del \u00e1rea de medioambiente que precisaba de informaci\u00f3n antigua para la localizaci\u00f3n de determinados lugares del municipio objetos de un estudio.<\/p>\n<p>En el ambiente de colaboraci\u00f3n que se cre\u00f3, surgi\u00f3 la idea de un nuevo proyecto que mucho iba a tener que ver con el edificio del ayuntamiento, que por aquellas fechas estaba en pleno proceso de restauraci\u00f3n: se trataba de conseguir representar a todos los alcaldes que hab\u00edan desempe\u00f1ado su cargo en Colindres en el nuevo sal\u00f3n de plenos de la Casa Consistorial.<\/p>\n<p>Evidentemente, \u201ctodos\u201d era misi\u00f3n imposible ya que el archivo de Colindres no guarda informaci\u00f3n m\u00e1s all\u00e1 de 1820. As\u00ed pues, nuestra recopilaci\u00f3n comenz\u00f3 a partir de esa fecha.<\/p>\n<p>La primera parte del trabajo consisti\u00f3 en revisar los libros de actas y localizar, de entre todos los alcaldes que ejercieron el cargo, a los que lo hicieron como titulares. Se consigui\u00f3 un listado correlativo de todos ellos clasificados por per\u00edodos hist\u00f3ricos. Los siete primeros alcaldes de nuestra lista desde 1825, lo fueron durante los vaivenes del reinado de Fernando VII, veintid\u00f3s durante el de su hija Isabel II, dos durante el Sexenio Democr\u00e1tico, dieciocho durante la Restauraci\u00f3n, siete bajo la Dictadura de Primo de Rivera, cinco durante la II Rep\u00fablica, dos durante la Guerra Civil, seis durante el Franquismo, y cinco, hasta hoy, en Democracia. En este computo no coincide el n\u00famero de alcaldes totales (sesenta y ocho), con el n\u00famero de alcald\u00edas (ochenta y cuatro), ya que algunos de ellos desempe\u00f1aron este cargo en dos periodos diferentes e incluso varias veces dentro de un mismo per\u00edodo.<\/p>\n<p>Cierto es que a unos les toc\u00f3 vivir momentos memorables y a otros dolorosos y puede que ambos, durante sus mandatos, pero hoy queremos destacar tres:<\/p>\n<p>Durante las primeras elecciones mediante sufragio universal masculino, celebradas el 1 de febrero de 1891, presid\u00eda la corporaci\u00f3n municipal Miguel Bengoechea L\u00f3pez.<\/p>\n<p>El 19 de noviembre de 1933, cuando tuvieron lugar las segundas elecciones generales de la Rep\u00fablica proclamada el 14 de abril de 1931, en las que las mujeres pudieron elegir por vez primera a sus representantes, presid\u00eda la corporaci\u00f3n Aquilino Zubillaga Bringas.<\/p>\n<p>Y la primera vez que una mujer fue concejal de Colindres, Blanqui Bah\u00f3n Veci (1979-1983), presid\u00eda la corporaci\u00f3n Jos\u00e9 M\u00aa Alonso Blanco.<\/p>\n<p>La segunda parte dio m\u00e1s problemas. Comenzamos la recopilaci\u00f3n de fotograf\u00edas con los alcaldes m\u00e1s recientes, con un resultado inmediato y positivo. Los inconvenientes llegaron a medida que nos alej\u00e1bamos en el tiempo por varios motivos. El primero, la imposibilidad de localizar a las familias y descendientes de ciertos alcaldes. Algunos (maestros como Marcelo Mart\u00ednez Simancas o militares como Pedro Espinosa), ejercieron el cargo coincidiendo con un periodo laboral temporal en el municipio. Cuando \u00e9ste finaliz\u00f3 ocuparon sus plazas en otros destinos sin dejar rastro familiar en Colindres. Pero superar este primer obst\u00e1culo no siempre dio resultados: hab\u00eda familias que no conservaban fotos tan antiguas. Otras contaban varias en su haber, muchas de ellas casi veladas y ning\u00fan retrato, sino composiciones familiares de donde se consigui\u00f3, por ejemplo, el de Manuel Caviedes P\u00e9rez. Alguna lleg\u00f3 por correo desde Paris en formato \u201cfotocopia\u201d (Aquilino Zubillaga Bringas), y otras las rescatamos de una min\u00fascula imagen de un recordatorio de difuntos (Fernando Pedrosa). Parad\u00f3jicamente el retrato m\u00e1s antiguo de la galer\u00eda, Miguel Mar\u00eda Valle, alcalde por primera vez en 1844, abre un bache fotogr\u00e1fico de m\u00e1s de 40 a\u00f1os.<\/p>\n<p>Finalmente, conseguir que las fotograf\u00edas lucieran como una galer\u00eda de retratos homog\u00e9neos fue una ardua tarea, pero con m\u00e1s o menos definici\u00f3n, todos resultaron identificables.<\/p>\n<p>El fin era obtener una relaci\u00f3n iconogr\u00e1fica completa, sin m\u00e1s pretensiones que su car\u00e1cter documental, de los alcaldes que desempe\u00f1aron su cargo en este consistorio entre 1825 y la actualidad. El resultado hoy en d\u00eda es una colecci\u00f3n de veintiocho retratos de veintiocho alcaldes titulares (a\u00fan falta la del actual alcalde Javier Incera) de los \u00faltimos sesenta y ocho que han gobernado y gestionado los destinos de esta villa, y que queda, por supuesto, abierta a nuevas aportaciones.<\/p>\n<p>Pie de foto: \u201cGaler\u00eda de los alcaldes en el Sal\u00f3n de Plenos\u201d. Foto de Ignacio S\u00e1inz<\/p>\n","protected":false},"excerpt":{"rendered":"<p>Hace unos quince a\u00f1os, en 2003, coincidimos trabajando en el Ayuntamiento de Colindres los arriba firmantes, Yolanda Arce y \u00c1ngel Revuelta, junto a Adri\u00e1n Seti\u00e9n. Desarroll\u00e1bamos dos proyectos centrados en la recuperaci\u00f3n y valoraci\u00f3n del patrimonio hist\u00f3rico y medioambiental del municipio. Uno de ellos se llev\u00f3 a cabo en el Archivo Municipal, y su fin [&hellip;]<\/p>\n","protected":false},"author":1,"featured_media":1468,"comment_status":"open","ping_status":"closed","template":"","meta":{"_et_pb_use_builder":"","_et_pb_old_content":"","_et_gb_content_width":"","footnotes":""},"project_category":[],"project_tag":[],"class_list":["post-1467","project","type-project","status-publish","has-post-thumbnail","hentry"],"yoast_head":"<!-- This site is optimized with the Yoast SEO plugin v24.9 - https:\/\/yoast.com\/wordpress\/plugins\/seo\/ -->\n<title>EL RINC\u00d3N DE LOS ALCALDES - Ayuntamiento de Colindres<\/title>\n<meta name=\"robots\" content=\"index, follow, max-snippet:-1, max-image-preview:large, max-video-preview:-1\" \/>\n<link rel=\"canonical\" href=\"https:\/\/www.colindres.es\/index.php\/project\/el-rincon-de-los-alcaldes\/\" \/>\n<meta property=\"og:locale\" content=\"es_ES\" \/>\n<meta property=\"og:type\" content=\"article\" \/>\n<meta property=\"og:title\" content=\"EL RINC\u00d3N DE LOS ALCALDES - Ayuntamiento de Colindres\" \/>\n<meta property=\"og:description\" content=\"Hace unos quince a\u00f1os, en 2003, coincidimos trabajando en el Ayuntamiento de Colindres los arriba firmantes, Yolanda Arce y \u00c1ngel Revuelta, junto a Adri\u00e1n Seti\u00e9n. Desarroll\u00e1bamos dos proyectos centrados en la recuperaci\u00f3n y valoraci\u00f3n del patrimonio hist\u00f3rico y medioambiental del municipio. Uno de ellos se llev\u00f3 a cabo en el Archivo Municipal, y su fin [&hellip;]\" \/>\n<meta property=\"og:url\" content=\"https:\/\/www.colindres.es\/index.php\/project\/el-rincon-de-los-alcaldes\/\" \/>\n<meta property=\"og:site_name\" content=\"Ayuntamiento de Colindres\" \/>\n<meta property=\"og:image\" content=\"https:\/\/www.colindres.es\/wp-content\/uploads\/2018\/04\/ALCALDESSALONPLENOS-web.jpg\" \/>\n\t<meta property=\"og:image:width\" content=\"3944\" \/>\n\t<meta property=\"og:image:height\" content=\"1534\" \/>\n\t<meta property=\"og:image:type\" content=\"image\/jpeg\" \/>\n<meta name=\"twitter:card\" content=\"summary_large_image\" \/>\n<meta name=\"twitter:label1\" content=\"Tiempo de lectura\" \/>\n\t<meta name=\"twitter:data1\" content=\"4 minutos\" \/>\n<script type=\"application\/ld+json\" class=\"yoast-schema-graph\">{\"@context\":\"https:\/\/schema.org\",\"@graph\":[{\"@type\":\"WebPage\",\"@id\":\"https:\/\/www.colindres.es\/index.php\/project\/el-rincon-de-los-alcaldes\/\",\"url\":\"https:\/\/www.colindres.es\/index.php\/project\/el-rincon-de-los-alcaldes\/\",\"name\":\"EL RINC\u00d3N DE LOS ALCALDES - Ayuntamiento de Colindres\",\"isPartOf\":{\"@id\":\"https:\/\/www.colindres.es\/#website\"},\"primaryImageOfPage\":{\"@id\":\"https:\/\/www.colindres.es\/index.php\/project\/el-rincon-de-los-alcaldes\/#primaryimage\"},\"image\":{\"@id\":\"https:\/\/www.colindres.es\/index.php\/project\/el-rincon-de-los-alcaldes\/#primaryimage\"},\"thumbnailUrl\":\"https:\/\/www.colindres.es\/wp-content\/uploads\/2018\/04\/ALCALDESSALONPLENOS-web.jpg\",\"datePublished\":\"2018-04-23T09:01:00+00:00\",\"breadcrumb\":{\"@id\":\"https:\/\/www.colindres.es\/index.php\/project\/el-rincon-de-los-alcaldes\/#breadcrumb\"},\"inLanguage\":\"es\",\"potentialAction\":[{\"@type\":\"ReadAction\",\"target\":[\"https:\/\/www.colindres.es\/index.php\/project\/el-rincon-de-los-alcaldes\/\"]}]},{\"@type\":\"ImageObject\",\"inLanguage\":\"es\",\"@id\":\"https:\/\/www.colindres.es\/index.php\/project\/el-rincon-de-los-alcaldes\/#primaryimage\",\"url\":\"https:\/\/www.colindres.es\/wp-content\/uploads\/2018\/04\/ALCALDESSALONPLENOS-web.jpg\",\"contentUrl\":\"https:\/\/www.colindres.es\/wp-content\/uploads\/2018\/04\/ALCALDESSALONPLENOS-web.jpg\",\"width\":3944,\"height\":1534},{\"@type\":\"BreadcrumbList\",\"@id\":\"https:\/\/www.colindres.es\/index.php\/project\/el-rincon-de-los-alcaldes\/#breadcrumb\",\"itemListElement\":[{\"@type\":\"ListItem\",\"position\":1,\"name\":\"Portada\",\"item\":\"https:\/\/www.colindres.es\/\"},{\"@type\":\"ListItem\",\"position\":2,\"name\":\"Proyectos\",\"item\":\"https:\/\/www.colindres.es\/index.php\/project\/\"},{\"@type\":\"ListItem\",\"position\":3,\"name\":\"EL RINC\u00d3N DE LOS ALCALDES\"}]},{\"@type\":\"WebSite\",\"@id\":\"https:\/\/www.colindres.es\/#website\",\"url\":\"https:\/\/www.colindres.es\/\",\"name\":\"Ayuntamiento de Colindres\",\"description\":\"Dise\u00f1ado por NTIC&#039;s\",\"publisher\":{\"@id\":\"https:\/\/www.colindres.es\/#organization\"},\"potentialAction\":[{\"@type\":\"SearchAction\",\"target\":{\"@type\":\"EntryPoint\",\"urlTemplate\":\"https:\/\/www.colindres.es\/?s={search_term_string}\"},\"query-input\":{\"@type\":\"PropertyValueSpecification\",\"valueRequired\":true,\"valueName\":\"search_term_string\"}}],\"inLanguage\":\"es\"},{\"@type\":\"Organization\",\"@id\":\"https:\/\/www.colindres.es\/#organization\",\"name\":\"AYUNTAMIENTO DE COLINDRES\",\"url\":\"https:\/\/www.colindres.es\/\",\"logo\":{\"@type\":\"ImageObject\",\"inLanguage\":\"es\",\"@id\":\"https:\/\/www.colindres.es\/#\/schema\/logo\/image\/\",\"url\":\"https:\/\/www.colindres.es\/wp-content\/uploads\/2017\/01\/LOGO-PRINCIPAL.jpg\",\"contentUrl\":\"https:\/\/www.colindres.es\/wp-content\/uploads\/2017\/01\/LOGO-PRINCIPAL.jpg\",\"width\":1209,\"height\":579,\"caption\":\"AYUNTAMIENTO DE COLINDRES\"},\"image\":{\"@id\":\"https:\/\/www.colindres.es\/#\/schema\/logo\/image\/\"}}]}<\/script>\n<!-- \/ Yoast SEO plugin. -->","yoast_head_json":{"title":"EL RINC\u00d3N DE LOS ALCALDES - Ayuntamiento de Colindres","robots":{"index":"index","follow":"follow","max-snippet":"max-snippet:-1","max-image-preview":"max-image-preview:large","max-video-preview":"max-video-preview:-1"},"canonical":"https:\/\/www.colindres.es\/index.php\/project\/el-rincon-de-los-alcaldes\/","og_locale":"es_ES","og_type":"article","og_title":"EL RINC\u00d3N DE LOS ALCALDES - Ayuntamiento de Colindres","og_description":"Hace unos quince a\u00f1os, en 2003, coincidimos trabajando en el Ayuntamiento de Colindres los arriba firmantes, Yolanda Arce y \u00c1ngel Revuelta, junto a Adri\u00e1n Seti\u00e9n. Desarroll\u00e1bamos dos proyectos centrados en la recuperaci\u00f3n y valoraci\u00f3n del patrimonio hist\u00f3rico y medioambiental del municipio. Uno de ellos se llev\u00f3 a cabo en el Archivo Municipal, y su fin [&hellip;]","og_url":"https:\/\/www.colindres.es\/index.php\/project\/el-rincon-de-los-alcaldes\/","og_site_name":"Ayuntamiento de Colindres","og_image":[{"width":3944,"height":1534,"url":"https:\/\/www.colindres.es\/wp-content\/uploads\/2018\/04\/ALCALDESSALONPLENOS-web.jpg","type":"image\/jpeg"}],"twitter_card":"summary_large_image","twitter_misc":{"Tiempo de lectura":"4 minutos"},"schema":{"@context":"https:\/\/schema.org","@graph":[{"@type":"WebPage","@id":"https:\/\/www.colindres.es\/index.php\/project\/el-rincon-de-los-alcaldes\/","url":"https:\/\/www.colindres.es\/index.php\/project\/el-rincon-de-los-alcaldes\/","name":"EL RINC\u00d3N DE LOS ALCALDES - Ayuntamiento de Colindres","isPartOf":{"@id":"https:\/\/www.colindres.es\/#website"},"primaryImageOfPage":{"@id":"https:\/\/www.colindres.es\/index.php\/project\/el-rincon-de-los-alcaldes\/#primaryimage"},"image":{"@id":"https:\/\/www.colindres.es\/index.php\/project\/el-rincon-de-los-alcaldes\/#primaryimage"},"thumbnailUrl":"https:\/\/www.colindres.es\/wp-content\/uploads\/2018\/04\/ALCALDESSALONPLENOS-web.jpg","datePublished":"2018-04-23T09:01:00+00:00","breadcrumb":{"@id":"https:\/\/www.colindres.es\/index.php\/project\/el-rincon-de-los-alcaldes\/#breadcrumb"},"inLanguage":"es","potentialAction":[{"@type":"ReadAction","target":["https:\/\/www.colindres.es\/index.php\/project\/el-rincon-de-los-alcaldes\/"]}]},{"@type":"ImageObject","inLanguage":"es","@id":"https:\/\/www.colindres.es\/index.php\/project\/el-rincon-de-los-alcaldes\/#primaryimage","url":"https:\/\/www.colindres.es\/wp-content\/uploads\/2018\/04\/ALCALDESSALONPLENOS-web.jpg","contentUrl":"https:\/\/www.colindres.es\/wp-content\/uploads\/2018\/04\/ALCALDESSALONPLENOS-web.jpg","width":3944,"height":1534},{"@type":"BreadcrumbList","@id":"https:\/\/www.colindres.es\/index.php\/project\/el-rincon-de-los-alcaldes\/#breadcrumb","itemListElement":[{"@type":"ListItem","position":1,"name":"Portada","item":"https:\/\/www.colindres.es\/"},{"@type":"ListItem","position":2,"name":"Proyectos","item":"https:\/\/www.colindres.es\/index.php\/project\/"},{"@type":"ListItem","position":3,"name":"EL RINC\u00d3N DE LOS ALCALDES"}]},{"@type":"WebSite","@id":"https:\/\/www.colindres.es\/#website","url":"https:\/\/www.colindres.es\/","name":"Ayuntamiento de Colindres","description":"Dise\u00f1ado por NTIC&#039;s","publisher":{"@id":"https:\/\/www.colindres.es\/#organization"},"potentialAction":[{"@type":"SearchAction","target":{"@type":"EntryPoint","urlTemplate":"https:\/\/www.colindres.es\/?s={search_term_string}"},"query-input":{"@type":"PropertyValueSpecification","valueRequired":true,"valueName":"search_term_string"}}],"inLanguage":"es"},{"@type":"Organization","@id":"https:\/\/www.colindres.es\/#organization","name":"AYUNTAMIENTO DE COLINDRES","url":"https:\/\/www.colindres.es\/","logo":{"@type":"ImageObject","inLanguage":"es","@id":"https:\/\/www.colindres.es\/#\/schema\/logo\/image\/","url":"https:\/\/www.colindres.es\/wp-content\/uploads\/2017\/01\/LOGO-PRINCIPAL.jpg","contentUrl":"https:\/\/www.colindres.es\/wp-content\/uploads\/2017\/01\/LOGO-PRINCIPAL.jpg","width":1209,"height":579,"caption":"AYUNTAMIENTO DE COLINDRES"},"image":{"@id":"https:\/\/www.colindres.es\/#\/schema\/logo\/image\/"}}]}},"_links":{"self":[{"href":"https:\/\/www.colindres.es\/index.php\/wp-json\/wp\/v2\/project\/1467","targetHints":{"allow":["GET"]}}],"collection":[{"href":"https:\/\/www.colindres.es\/index.php\/wp-json\/wp\/v2\/project"}],"about":[{"href":"https:\/\/www.colindres.es\/index.php\/wp-json\/wp\/v2\/types\/project"}],"author":[{"embeddable":true,"href":"https:\/\/www.colindres.es\/index.php\/wp-json\/wp\/v2\/users\/1"}],"replies":[{"embeddable":true,"href":"https:\/\/www.colindres.es\/index.php\/wp-json\/wp\/v2\/comments?post=1467"}],"version-history":[{"count":1,"href":"https:\/\/www.colindres.es\/index.php\/wp-json\/wp\/v2\/project\/1467\/revisions"}],"predecessor-version":[{"id":1469,"href":"https:\/\/www.colindres.es\/index.php\/wp-json\/wp\/v2\/project\/1467\/revisions\/1469"}],"wp:featuredmedia":[{"embeddable":true,"href":"https:\/\/www.colindres.es\/index.php\/wp-json\/wp\/v2\/media\/1468"}],"wp:attachment":[{"href":"https:\/\/www.colindres.es\/index.php\/wp-json\/wp\/v2\/media?parent=1467"}],"wp:term":[{"taxonomy":"project_category","embeddable":true,"href":"https:\/\/www.colindres.es\/index.php\/wp-json\/wp\/v2\/project_category?post=1467"},{"taxonomy":"project_tag","embeddable":true,"href":"https:\/\/www.colindres.es\/index.php\/wp-json\/wp\/v2\/project_tag?post=1467"}],"curies":[{"name":"wp","href":"https:\/\/api.w.org\/{rel}","templated":true}]}}