{"id":14663,"date":"2019-06-07T07:39:45","date_gmt":"2019-06-07T05:39:45","guid":{"rendered":"https:\/\/www.colindres.es\/?post_type=project&#038;p=14663"},"modified":"2019-06-07T07:39:45","modified_gmt":"2019-06-07T05:39:45","slug":"cursos-de-verano-de-la-universidad-de-cantabria-mesas-redondas-deporte","status":"publish","type":"project","link":"https:\/\/www.colindres.es\/index.php\/project\/cursos-de-verano-de-la-universidad-de-cantabria-mesas-redondas-deporte\/","title":{"rendered":"CURSOS DE VERANO DE LA UNIVERSIDAD DE CANTABRIA &#8211; MESAS REDONDAS DEPORTE"},"content":{"rendered":"<p>Como todos los a\u00f1os, se celebran en Colindres, tres mesas redondas sobre Deporte dentro del marco de los CURSOS DE VERANO DE LA UNIVERSIDAD DE CANTABRIA. En esta ocasi\u00f3n son:<\/p>\n<p>REALIDAD Y FICCI\u00d3N DEL DEPORTE INCLUSIVO<br \/>\nLunes, 17 de junio 19:00h.<br \/>\nSal\u00f3n de Plenos del Ayuntamiento. Colindres<br \/>\nPARTICIPANTES<br \/>\nJAVIER P\u00c9REZ TEJERO<br \/>\nDirector de la C\u00e1tedra \u201cFundaci\u00f3n Sanitas\u201d de Estudios sobre Deporte Inclusivo. Universidad Polit\u00e9cnica de Madrid<br \/>\nALBERTO ABARCA SOS<br \/>\nProfesor Contratado Doctor del Departamento de Expresi\u00f3n Musical, Pl\u00e1stica y Corporal de la Universidad de Zaragoza<br \/>\nJOS\u00c9 RUIZ DE SALAZAR ECHEVERR\u00cdA<br \/>\nDirector de la Escuela de Surf MOBILE<br \/>\nMODERADOR<br \/>\nMIKEL P\u00c9REZ GUTI\u00c9RREZ<br \/>\nProfesor Ayudante Doctor del Departamento de Educaci\u00f3n de la Universidad de Cantabria<\/p>\n<p><img loading=\"lazy\" decoding=\"async\" class=\"size-medium wp-image-14658\" src=\"https:\/\/www.colindres.es\/wp-content\/uploads\/2019\/06\/Cartel-mesa-redonda_17-junio_Colindres-212x300.jpg\" alt=\"\" width=\"212\" height=\"300\" srcset=\"https:\/\/www.colindres.es\/wp-content\/uploads\/2019\/06\/Cartel-mesa-redonda_17-junio_Colindres-212x300.jpg 212w, https:\/\/www.colindres.es\/wp-content\/uploads\/2019\/06\/Cartel-mesa-redonda_17-junio_Colindres-768x1087.jpg 768w, https:\/\/www.colindres.es\/wp-content\/uploads\/2019\/06\/Cartel-mesa-redonda_17-junio_Colindres-723x1024.jpg 723w, https:\/\/www.colindres.es\/wp-content\/uploads\/2019\/06\/Cartel-mesa-redonda_17-junio_Colindres-610x864.jpg 610w, https:\/\/www.colindres.es\/wp-content\/uploads\/2019\/06\/Cartel-mesa-redonda_17-junio_Colindres-1080x1529.jpg 1080w, https:\/\/www.colindres.es\/wp-content\/uploads\/2019\/06\/Cartel-mesa-redonda_17-junio_Colindres.jpg 1530w\" sizes=\"(max-width: 212px) 100vw, 212px\" \/><\/p>\n<p>LA LUCHA CONTRA EL DOPAJE: CONSUMO COMPETITIVO Y RECREATIVO<br \/>\nMi\u00e9rcoles, 19 de junio 19:00h.<br \/>\nSal\u00f3n de Plenos del Ayuntamiento. Colindres<br \/>\nPARTICIPANTES<br \/>\nJES\u00daS GARRIDO ESCOBAR<br \/>\nDirector del Departamento de Educaci\u00f3n e Investigaci\u00f3n Cient\u00edfica. Agencia Espa\u00f1ola de Protecci\u00f3n de la Salud en el Deporte (AEPSAD)<br \/>\nVICTOR AGULL\u00d3 CALATAYUD<br \/>\nProfesor Contratado Doctor del Departamento de Sociolog\u00eda y Antropolog\u00eda Social de la Universidad de Valencia<br \/>\nCARLOS COBO CORRALES<br \/>\nProfesor Ayudante del Departamento de Educaci\u00f3n de la Universidad de Cantabria<br \/>\nMODERADOR<br \/>\nMIKEL P\u00c9REZ GUTI\u00c9RREZ<br \/>\nProfesor Ayudante Doctor del Departamento de Educaci\u00f3n<\/p>\n<p><img loading=\"lazy\" decoding=\"async\" class=\"size-medium wp-image-14660\" src=\"https:\/\/www.colindres.es\/wp-content\/uploads\/2019\/06\/Cartel-mesa-redonda_19-junio_Colindres-212x300.jpg\" alt=\"\" width=\"212\" height=\"300\" srcset=\"https:\/\/www.colindres.es\/wp-content\/uploads\/2019\/06\/Cartel-mesa-redonda_19-junio_Colindres-212x300.jpg 212w, https:\/\/www.colindres.es\/wp-content\/uploads\/2019\/06\/Cartel-mesa-redonda_19-junio_Colindres-768x1087.jpg 768w, https:\/\/www.colindres.es\/wp-content\/uploads\/2019\/06\/Cartel-mesa-redonda_19-junio_Colindres-723x1024.jpg 723w, https:\/\/www.colindres.es\/wp-content\/uploads\/2019\/06\/Cartel-mesa-redonda_19-junio_Colindres-610x864.jpg 610w, https:\/\/www.colindres.es\/wp-content\/uploads\/2019\/06\/Cartel-mesa-redonda_19-junio_Colindres-1080x1529.jpg 1080w, https:\/\/www.colindres.es\/wp-content\/uploads\/2019\/06\/Cartel-mesa-redonda_19-junio_Colindres.jpg 1530w\" sizes=\"(max-width: 212px) 100vw, 212px\" \/><\/p>\n<p>VIOLENCIA EN EL DEPORTE: EDUCANDO FAMILIAS PARA CREAR DEPORTISTAS<br \/>\nJueves, 20 de junio 19:00h.<br \/>\nSal\u00f3n de Plenos del Ayuntamiento. Colindres<br \/>\nPARTICIPANTES<br \/>\nCARLOS MOURIZ CASTRO<br \/>\nDirector Deportivo del Racing Club Ferrol<br \/>\nFERNANDO GIMENO MARCO<br \/>\nProfesor Titular de la Universidad de Zaragoza<br \/>\nJOAQU\u00cdN D\u00cdAZ RODR\u00cdGUEZ<br \/>\nPresidente de la Federaci\u00f3n Espa\u00f1ola de Psicolog\u00eda del Deporte<br \/>\nMODERADOR<br \/>\nMIKEL P\u00c9REZ GUTI\u00c9RREZ<br \/>\nProfesor Ayudante Doctor del Departamento de Educaci\u00f3n de la Universidad de Cantabria de la Universidad de Cantabria<\/p>\n<p><img loading=\"lazy\" decoding=\"async\" class=\"size-medium wp-image-14662\" src=\"https:\/\/www.colindres.es\/wp-content\/uploads\/2019\/06\/Cartel-mesa-redonda_20-junio_Colindres-212x300.jpg\" alt=\"\" width=\"212\" height=\"300\" srcset=\"https:\/\/www.colindres.es\/wp-content\/uploads\/2019\/06\/Cartel-mesa-redonda_20-junio_Colindres-212x300.jpg 212w, https:\/\/www.colindres.es\/wp-content\/uploads\/2019\/06\/Cartel-mesa-redonda_20-junio_Colindres-768x1087.jpg 768w, https:\/\/www.colindres.es\/wp-content\/uploads\/2019\/06\/Cartel-mesa-redonda_20-junio_Colindres-723x1024.jpg 723w, https:\/\/www.colindres.es\/wp-content\/uploads\/2019\/06\/Cartel-mesa-redonda_20-junio_Colindres-610x864.jpg 610w, https:\/\/www.colindres.es\/wp-content\/uploads\/2019\/06\/Cartel-mesa-redonda_20-junio_Colindres-1080x1529.jpg 1080w, https:\/\/www.colindres.es\/wp-content\/uploads\/2019\/06\/Cartel-mesa-redonda_20-junio_Colindres.jpg 1530w\" sizes=\"(max-width: 212px) 100vw, 212px\" \/><\/p>\n","protected":false},"excerpt":{"rendered":"<p>Como todos los a\u00f1os, se celebran en Colindres, tres mesas redondas sobre Deporte dentro del marco de los CURSOS DE VERANO DE LA UNIVERSIDAD DE CANTABRIA. En esta ocasi\u00f3n son: REALIDAD Y FICCI\u00d3N DEL DEPORTE INCLUSIVO Lunes, 17 de junio 19:00h. Sal\u00f3n de Plenos del Ayuntamiento. Colindres PARTICIPANTES JAVIER P\u00c9REZ TEJERO Director de la C\u00e1tedra [&hellip;]<\/p>\n","protected":false},"author":1,"featured_media":14658,"comment_status":"open","ping_status":"closed","template":"","meta":{"_et_pb_use_builder":"","_et_pb_old_content":"","_et_gb_content_width":"","footnotes":""},"project_category":[6],"project_tag":[],"class_list":["post-14663","project","type-project","status-publish","has-post-thumbnail","hentry","project_category-noticias"],"yoast_head":"<!-- This site is optimized with the Yoast SEO plugin v24.9 - https:\/\/yoast.com\/wordpress\/plugins\/seo\/ -->\n<title>CURSOS DE VERANO DE LA UNIVERSIDAD DE CANTABRIA - MESAS REDONDAS DEPORTE - Ayuntamiento de Colindres<\/title>\n<meta name=\"robots\" content=\"index, follow, max-snippet:-1, max-image-preview:large, max-video-preview:-1\" \/>\n<link rel=\"canonical\" href=\"https:\/\/www.colindres.es\/index.php\/project\/cursos-de-verano-de-la-universidad-de-cantabria-mesas-redondas-deporte\/\" \/>\n<meta property=\"og:locale\" content=\"es_ES\" \/>\n<meta property=\"og:type\" content=\"article\" \/>\n<meta property=\"og:title\" content=\"CURSOS DE VERANO DE LA UNIVERSIDAD DE CANTABRIA - MESAS REDONDAS DEPORTE - Ayuntamiento de Colindres\" \/>\n<meta property=\"og:description\" content=\"Como todos los a\u00f1os, se celebran en Colindres, tres mesas redondas sobre Deporte dentro del marco de los CURSOS DE VERANO DE LA UNIVERSIDAD DE CANTABRIA. En esta ocasi\u00f3n son: REALIDAD Y FICCI\u00d3N DEL DEPORTE INCLUSIVO Lunes, 17 de junio 19:00h. Sal\u00f3n de Plenos del Ayuntamiento. Colindres PARTICIPANTES JAVIER P\u00c9REZ TEJERO Director de la C\u00e1tedra [&hellip;]\" \/>\n<meta property=\"og:url\" content=\"https:\/\/www.colindres.es\/index.php\/project\/cursos-de-verano-de-la-universidad-de-cantabria-mesas-redondas-deporte\/\" \/>\n<meta property=\"og:site_name\" content=\"Ayuntamiento de Colindres\" \/>\n<meta property=\"og:image\" content=\"https:\/\/www.colindres.es\/wp-content\/uploads\/2019\/06\/Cartel-mesa-redonda_17-junio_Colindres.jpg\" \/>\n\t<meta property=\"og:image:width\" content=\"1530\" \/>\n\t<meta property=\"og:image:height\" content=\"2166\" \/>\n\t<meta property=\"og:image:type\" content=\"image\/jpeg\" \/>\n<meta name=\"twitter:card\" content=\"summary_large_image\" \/>\n<meta name=\"twitter:label1\" content=\"Tiempo de lectura\" \/>\n\t<meta name=\"twitter:data1\" content=\"2 minutos\" \/>\n<script type=\"application\/ld+json\" class=\"yoast-schema-graph\">{\"@context\":\"https:\/\/schema.org\",\"@graph\":[{\"@type\":\"WebPage\",\"@id\":\"https:\/\/www.colindres.es\/index.php\/project\/cursos-de-verano-de-la-universidad-de-cantabria-mesas-redondas-deporte\/\",\"url\":\"https:\/\/www.colindres.es\/index.php\/project\/cursos-de-verano-de-la-universidad-de-cantabria-mesas-redondas-deporte\/\",\"name\":\"CURSOS DE VERANO DE LA UNIVERSIDAD DE CANTABRIA - MESAS REDONDAS DEPORTE - Ayuntamiento de Colindres\",\"isPartOf\":{\"@id\":\"https:\/\/www.colindres.es\/#website\"},\"primaryImageOfPage\":{\"@id\":\"https:\/\/www.colindres.es\/index.php\/project\/cursos-de-verano-de-la-universidad-de-cantabria-mesas-redondas-deporte\/#primaryimage\"},\"image\":{\"@id\":\"https:\/\/www.colindres.es\/index.php\/project\/cursos-de-verano-de-la-universidad-de-cantabria-mesas-redondas-deporte\/#primaryimage\"},\"thumbnailUrl\":\"https:\/\/www.colindres.es\/wp-content\/uploads\/2019\/06\/Cartel-mesa-redonda_17-junio_Colindres.jpg\",\"datePublished\":\"2019-06-07T05:39:45+00:00\",\"breadcrumb\":{\"@id\":\"https:\/\/www.colindres.es\/index.php\/project\/cursos-de-verano-de-la-universidad-de-cantabria-mesas-redondas-deporte\/#breadcrumb\"},\"inLanguage\":\"es\",\"potentialAction\":[{\"@type\":\"ReadAction\",\"target\":[\"https:\/\/www.colindres.es\/index.php\/project\/cursos-de-verano-de-la-universidad-de-cantabria-mesas-redondas-deporte\/\"]}]},{\"@type\":\"ImageObject\",\"inLanguage\":\"es\",\"@id\":\"https:\/\/www.colindres.es\/index.php\/project\/cursos-de-verano-de-la-universidad-de-cantabria-mesas-redondas-deporte\/#primaryimage\",\"url\":\"https:\/\/www.colindres.es\/wp-content\/uploads\/2019\/06\/Cartel-mesa-redonda_17-junio_Colindres.jpg\",\"contentUrl\":\"https:\/\/www.colindres.es\/wp-content\/uploads\/2019\/06\/Cartel-mesa-redonda_17-junio_Colindres.jpg\",\"width\":1530,\"height\":2166,\"caption\":\"Cartel mesa redonda_17 junio_Colindres\"},{\"@type\":\"BreadcrumbList\",\"@id\":\"https:\/\/www.colindres.es\/index.php\/project\/cursos-de-verano-de-la-universidad-de-cantabria-mesas-redondas-deporte\/#breadcrumb\",\"itemListElement\":[{\"@type\":\"ListItem\",\"position\":1,\"name\":\"Portada\",\"item\":\"https:\/\/www.colindres.es\/\"},{\"@type\":\"ListItem\",\"position\":2,\"name\":\"Proyectos\",\"item\":\"https:\/\/www.colindres.es\/index.php\/project\/\"},{\"@type\":\"ListItem\",\"position\":3,\"name\":\"CURSOS DE VERANO DE LA UNIVERSIDAD DE CANTABRIA &#8211; MESAS REDONDAS DEPORTE\"}]},{\"@type\":\"WebSite\",\"@id\":\"https:\/\/www.colindres.es\/#website\",\"url\":\"https:\/\/www.colindres.es\/\",\"name\":\"Ayuntamiento de Colindres\",\"description\":\"Dise\u00f1ado por NTIC&#039;s\",\"publisher\":{\"@id\":\"https:\/\/www.colindres.es\/#organization\"},\"potentialAction\":[{\"@type\":\"SearchAction\",\"target\":{\"@type\":\"EntryPoint\",\"urlTemplate\":\"https:\/\/www.colindres.es\/?s={search_term_string}\"},\"query-input\":{\"@type\":\"PropertyValueSpecification\",\"valueRequired\":true,\"valueName\":\"search_term_string\"}}],\"inLanguage\":\"es\"},{\"@type\":\"Organization\",\"@id\":\"https:\/\/www.colindres.es\/#organization\",\"name\":\"AYUNTAMIENTO DE COLINDRES\",\"url\":\"https:\/\/www.colindres.es\/\",\"logo\":{\"@type\":\"ImageObject\",\"inLanguage\":\"es\",\"@id\":\"https:\/\/www.colindres.es\/#\/schema\/logo\/image\/\",\"url\":\"https:\/\/www.colindres.es\/wp-content\/uploads\/2017\/01\/LOGO-PRINCIPAL.jpg\",\"contentUrl\":\"https:\/\/www.colindres.es\/wp-content\/uploads\/2017\/01\/LOGO-PRINCIPAL.jpg\",\"width\":1209,\"height\":579,\"caption\":\"AYUNTAMIENTO DE COLINDRES\"},\"image\":{\"@id\":\"https:\/\/www.colindres.es\/#\/schema\/logo\/image\/\"}}]}<\/script>\n<!-- \/ Yoast SEO plugin. -->","yoast_head_json":{"title":"CURSOS DE VERANO DE LA UNIVERSIDAD DE CANTABRIA - MESAS REDONDAS DEPORTE - Ayuntamiento de Colindres","robots":{"index":"index","follow":"follow","max-snippet":"max-snippet:-1","max-image-preview":"max-image-preview:large","max-video-preview":"max-video-preview:-1"},"canonical":"https:\/\/www.colindres.es\/index.php\/project\/cursos-de-verano-de-la-universidad-de-cantabria-mesas-redondas-deporte\/","og_locale":"es_ES","og_type":"article","og_title":"CURSOS DE VERANO DE LA UNIVERSIDAD DE CANTABRIA - MESAS REDONDAS DEPORTE - Ayuntamiento de Colindres","og_description":"Como todos los a\u00f1os, se celebran en Colindres, tres mesas redondas sobre Deporte dentro del marco de los CURSOS DE VERANO DE LA UNIVERSIDAD DE CANTABRIA. En esta ocasi\u00f3n son: REALIDAD Y FICCI\u00d3N DEL DEPORTE INCLUSIVO Lunes, 17 de junio 19:00h. Sal\u00f3n de Plenos del Ayuntamiento. Colindres PARTICIPANTES JAVIER P\u00c9REZ TEJERO Director de la C\u00e1tedra [&hellip;]","og_url":"https:\/\/www.colindres.es\/index.php\/project\/cursos-de-verano-de-la-universidad-de-cantabria-mesas-redondas-deporte\/","og_site_name":"Ayuntamiento de Colindres","og_image":[{"width":1530,"height":2166,"url":"https:\/\/www.colindres.es\/wp-content\/uploads\/2019\/06\/Cartel-mesa-redonda_17-junio_Colindres.jpg","type":"image\/jpeg"}],"twitter_card":"summary_large_image","twitter_misc":{"Tiempo de lectura":"2 minutos"},"schema":{"@context":"https:\/\/schema.org","@graph":[{"@type":"WebPage","@id":"https:\/\/www.colindres.es\/index.php\/project\/cursos-de-verano-de-la-universidad-de-cantabria-mesas-redondas-deporte\/","url":"https:\/\/www.colindres.es\/index.php\/project\/cursos-de-verano-de-la-universidad-de-cantabria-mesas-redondas-deporte\/","name":"CURSOS DE VERANO DE LA UNIVERSIDAD DE CANTABRIA - MESAS REDONDAS DEPORTE - Ayuntamiento de Colindres","isPartOf":{"@id":"https:\/\/www.colindres.es\/#website"},"primaryImageOfPage":{"@id":"https:\/\/www.colindres.es\/index.php\/project\/cursos-de-verano-de-la-universidad-de-cantabria-mesas-redondas-deporte\/#primaryimage"},"image":{"@id":"https:\/\/www.colindres.es\/index.php\/project\/cursos-de-verano-de-la-universidad-de-cantabria-mesas-redondas-deporte\/#primaryimage"},"thumbnailUrl":"https:\/\/www.colindres.es\/wp-content\/uploads\/2019\/06\/Cartel-mesa-redonda_17-junio_Colindres.jpg","datePublished":"2019-06-07T05:39:45+00:00","breadcrumb":{"@id":"https:\/\/www.colindres.es\/index.php\/project\/cursos-de-verano-de-la-universidad-de-cantabria-mesas-redondas-deporte\/#breadcrumb"},"inLanguage":"es","potentialAction":[{"@type":"ReadAction","target":["https:\/\/www.colindres.es\/index.php\/project\/cursos-de-verano-de-la-universidad-de-cantabria-mesas-redondas-deporte\/"]}]},{"@type":"ImageObject","inLanguage":"es","@id":"https:\/\/www.colindres.es\/index.php\/project\/cursos-de-verano-de-la-universidad-de-cantabria-mesas-redondas-deporte\/#primaryimage","url":"https:\/\/www.colindres.es\/wp-content\/uploads\/2019\/06\/Cartel-mesa-redonda_17-junio_Colindres.jpg","contentUrl":"https:\/\/www.colindres.es\/wp-content\/uploads\/2019\/06\/Cartel-mesa-redonda_17-junio_Colindres.jpg","width":1530,"height":2166,"caption":"Cartel mesa redonda_17 junio_Colindres"},{"@type":"BreadcrumbList","@id":"https:\/\/www.colindres.es\/index.php\/project\/cursos-de-verano-de-la-universidad-de-cantabria-mesas-redondas-deporte\/#breadcrumb","itemListElement":[{"@type":"ListItem","position":1,"name":"Portada","item":"https:\/\/www.colindres.es\/"},{"@type":"ListItem","position":2,"name":"Proyectos","item":"https:\/\/www.colindres.es\/index.php\/project\/"},{"@type":"ListItem","position":3,"name":"CURSOS DE VERANO DE LA UNIVERSIDAD DE CANTABRIA &#8211; MESAS REDONDAS DEPORTE"}]},{"@type":"WebSite","@id":"https:\/\/www.colindres.es\/#website","url":"https:\/\/www.colindres.es\/","name":"Ayuntamiento de Colindres","description":"Dise\u00f1ado por NTIC&#039;s","publisher":{"@id":"https:\/\/www.colindres.es\/#organization"},"potentialAction":[{"@type":"SearchAction","target":{"@type":"EntryPoint","urlTemplate":"https:\/\/www.colindres.es\/?s={search_term_string}"},"query-input":{"@type":"PropertyValueSpecification","valueRequired":true,"valueName":"search_term_string"}}],"inLanguage":"es"},{"@type":"Organization","@id":"https:\/\/www.colindres.es\/#organization","name":"AYUNTAMIENTO DE COLINDRES","url":"https:\/\/www.colindres.es\/","logo":{"@type":"ImageObject","inLanguage":"es","@id":"https:\/\/www.colindres.es\/#\/schema\/logo\/image\/","url":"https:\/\/www.colindres.es\/wp-content\/uploads\/2017\/01\/LOGO-PRINCIPAL.jpg","contentUrl":"https:\/\/www.colindres.es\/wp-content\/uploads\/2017\/01\/LOGO-PRINCIPAL.jpg","width":1209,"height":579,"caption":"AYUNTAMIENTO DE COLINDRES"},"image":{"@id":"https:\/\/www.colindres.es\/#\/schema\/logo\/image\/"}}]}},"_links":{"self":[{"href":"https:\/\/www.colindres.es\/index.php\/wp-json\/wp\/v2\/project\/14663","targetHints":{"allow":["GET"]}}],"collection":[{"href":"https:\/\/www.colindres.es\/index.php\/wp-json\/wp\/v2\/project"}],"about":[{"href":"https:\/\/www.colindres.es\/index.php\/wp-json\/wp\/v2\/types\/project"}],"author":[{"embeddable":true,"href":"https:\/\/www.colindres.es\/index.php\/wp-json\/wp\/v2\/users\/1"}],"replies":[{"embeddable":true,"href":"https:\/\/www.colindres.es\/index.php\/wp-json\/wp\/v2\/comments?post=14663"}],"version-history":[{"count":1,"href":"https:\/\/www.colindres.es\/index.php\/wp-json\/wp\/v2\/project\/14663\/revisions"}],"predecessor-version":[{"id":14664,"href":"https:\/\/www.colindres.es\/index.php\/wp-json\/wp\/v2\/project\/14663\/revisions\/14664"}],"wp:featuredmedia":[{"embeddable":true,"href":"https:\/\/www.colindres.es\/index.php\/wp-json\/wp\/v2\/media\/14658"}],"wp:attachment":[{"href":"https:\/\/www.colindres.es\/index.php\/wp-json\/wp\/v2\/media?parent=14663"}],"wp:term":[{"taxonomy":"project_category","embeddable":true,"href":"https:\/\/www.colindres.es\/index.php\/wp-json\/wp\/v2\/project_category?post=14663"},{"taxonomy":"project_tag","embeddable":true,"href":"https:\/\/www.colindres.es\/index.php\/wp-json\/wp\/v2\/project_tag?post=14663"}],"curies":[{"name":"wp","href":"https:\/\/api.w.org\/{rel}","templated":true}]}}