{"id":1456,"date":"2018-04-23T07:04:02","date_gmt":"2018-04-23T07:04:02","guid":{"rendered":"http:\/\/colindres.es\/?post_type=project&#038;p=1456"},"modified":"2018-04-23T07:04:02","modified_gmt":"2018-04-23T07:04:02","slug":"entregados-los-premios-del-xx-certamen-literario-de-relato-breve-villa-de-colindres","status":"publish","type":"project","link":"https:\/\/www.colindres.es\/index.php\/project\/entregados-los-premios-del-xx-certamen-literario-de-relato-breve-villa-de-colindres\/","title":{"rendered":"Entregados los premios del XX Certamen Literario de Relato Breve \u2018Villa de Colindres\u2019"},"content":{"rendered":"<p>Los escritores Esteban Jos\u00e9 Lozano y Jos\u00e9 Antonio Palomares se han proclamado vencedoras entre los 255 trabajos presentados al concurso<\/p>\n<p>Colindres, 22 de abril. El alcalde de Colindres, Javier Incera, y la concejala de Cultura, Araceli Ayesa, han presidido el acto de entrega de los premios del XX Certamen Literario de Relato Breve \u2018Villa de Colindres\u2019, que en esta edici\u00f3n han reca\u00eddo en el escritor argentino Esteban Jos\u00e9 Lozano y en el madrile\u00f1o Jos\u00e9 Antonio Palomares.<\/p>\n<p>El concreto, el primer premio, dotado con 3.000 euros, ha sido para Lozano por su obra \u2018En el nombre del padre\u2019, mientras que el acc\u00e9sit, dotado con 900 euros, ha sido para el relato \u2018Ha resultado ganador del concurso literario\u2019 de Palomares. Ambos ser\u00e1n editados y publicados junto a las otras dos obras finalistas: \u2018Gacelas en el cementerio\u2019, de Eduardo Kadener, y \u2018Pa\u00f1ales\u2019, de Manuel Ram\u00f3n Moya.<\/p>\n<p>El alcalde ha destacado la \u201cconsolidaci\u00f3n internacional\u201d del certamen \u2018Villa de Colindres\u2019, como as\u00ed lo atestiguan tanto el elevado n\u00famero de trabajos presentados como la calidad de los mismos. En esta edici\u00f3n el Consistorio ha recibido 255 relatos que han llegado procedentes no solo desde distintos puntos de la geograf\u00eda espa\u00f1ola sino tambi\u00e9n de pa\u00edses de habla hispana como Cuba, Argentina, M\u00e9jico, Colombia y Chile, as\u00ed como de pa\u00edses europeos como Alemania, B\u00e9lgica, Italia, Portugal, Inglaterra y Francia.<\/p>\n<p>Asimismo, Incera ha agradecido a los miembros del jurado su \u201ccompromiso\u201d con el certamen. En este sentido, ha recordado que la fil\u00f3loga Elena Echeverr\u00eda Arce, la poeta Mar\u00eda Jos\u00e9 Echeverr\u00eda Solar, el etn\u00f3grafo y editor Jos\u00e9 Manuel Cabrales Artaha y el escritor Jos\u00e9 Ram\u00f3n Saiz Viadero, que \u201cconforman un jurado de prestigio\u201d, forman parte del mismo desde que se puso en marcha el certamen hace ya dos d\u00e9cadas. Igualmente, el regidor municipal ha destacado el trabajo de Margarita Solar, responsable de la Biblioteca y de las actividades culturales del Ayuntamiento, que ejerce como secretaria de este concurso literario.<\/p>\n<p>Durante la ceremonia, a la que han asistido distintas personalidades p\u00fablicas y pol\u00edticas, la Concejal\u00eda de Cultura ha presentado el libro que recoge los relatos de los dos ganadores y los dos finalistas m\u00e1s de la edici\u00f3n anterior y los ha repartido entre el p\u00fablico asistente. El acto ha estado amenizado con un recital a cargo de la coral \u2018Portus Victoriae\u2019 de Santo\u00f1a, el coro \u2018Joven 7 Villas\u2019 y \u2018Susurros del Mar\u2019.<\/p>\n<p><img loading=\"lazy\" decoding=\"async\" class=\"alignnone size-medium wp-image-1457\" src=\"http:\/\/colindres.es\/wp-content\/uploads\/2018\/04\/Certamen-Literario-II-300x225.jpg\" alt=\"\" width=\"300\" height=\"225\" srcset=\"https:\/\/www.colindres.es\/wp-content\/uploads\/2018\/04\/Certamen-Literario-II-300x225.jpg 300w, https:\/\/www.colindres.es\/wp-content\/uploads\/2018\/04\/Certamen-Literario-II-768x576.jpg 768w, https:\/\/www.colindres.es\/wp-content\/uploads\/2018\/04\/Certamen-Literario-II-1024x768.jpg 1024w, https:\/\/www.colindres.es\/wp-content\/uploads\/2018\/04\/Certamen-Literario-II-510x382.jpg 510w, https:\/\/www.colindres.es\/wp-content\/uploads\/2018\/04\/Certamen-Literario-II-1080x810.jpg 1080w, https:\/\/www.colindres.es\/wp-content\/uploads\/2018\/04\/Certamen-Literario-II.jpg 1280w\" sizes=\"(max-width: 300px) 100vw, 300px\" \/><\/p>\n","protected":false},"excerpt":{"rendered":"<p>Los escritores Esteban Jos\u00e9 Lozano y Jos\u00e9 Antonio Palomares se han proclamado vencedoras entre los 255 trabajos presentados al concurso Colindres, 22 de abril. El alcalde de Colindres, Javier Incera, y la concejala de Cultura, Araceli Ayesa, han presidido el acto de entrega de los premios del XX Certamen Literario de Relato Breve \u2018Villa de [&hellip;]<\/p>\n","protected":false},"author":1,"featured_media":1458,"comment_status":"open","ping_status":"closed","template":"","meta":{"_et_pb_use_builder":"","_et_pb_old_content":"","_et_gb_content_width":"","footnotes":""},"project_category":[],"project_tag":[],"class_list":["post-1456","project","type-project","status-publish","has-post-thumbnail","hentry"],"yoast_head":"<!-- This site is optimized with the Yoast SEO plugin v24.9 - https:\/\/yoast.com\/wordpress\/plugins\/seo\/ -->\n<title>Entregados los premios del XX Certamen Literario de Relato Breve \u2018Villa de Colindres\u2019 - Ayuntamiento de Colindres<\/title>\n<meta name=\"robots\" content=\"index, follow, max-snippet:-1, max-image-preview:large, max-video-preview:-1\" \/>\n<link rel=\"canonical\" href=\"https:\/\/www.colindres.es\/index.php\/project\/entregados-los-premios-del-xx-certamen-literario-de-relato-breve-villa-de-colindres\/\" \/>\n<meta property=\"og:locale\" content=\"es_ES\" \/>\n<meta property=\"og:type\" content=\"article\" \/>\n<meta property=\"og:title\" content=\"Entregados los premios del XX Certamen Literario de Relato Breve \u2018Villa de Colindres\u2019 - Ayuntamiento de Colindres\" \/>\n<meta property=\"og:description\" content=\"Los escritores Esteban Jos\u00e9 Lozano y Jos\u00e9 Antonio Palomares se han proclamado vencedoras entre los 255 trabajos presentados al concurso Colindres, 22 de abril. El alcalde de Colindres, Javier Incera, y la concejala de Cultura, Araceli Ayesa, han presidido el acto de entrega de los premios del XX Certamen Literario de Relato Breve \u2018Villa de [&hellip;]\" \/>\n<meta property=\"og:url\" content=\"https:\/\/www.colindres.es\/index.php\/project\/entregados-los-premios-del-xx-certamen-literario-de-relato-breve-villa-de-colindres\/\" \/>\n<meta property=\"og:site_name\" content=\"Ayuntamiento de Colindres\" \/>\n<meta property=\"og:image\" content=\"https:\/\/www.colindres.es\/wp-content\/uploads\/2018\/04\/Certamen-Literario.jpg\" \/>\n\t<meta property=\"og:image:width\" content=\"1280\" \/>\n\t<meta property=\"og:image:height\" content=\"960\" \/>\n\t<meta property=\"og:image:type\" content=\"image\/jpeg\" \/>\n<meta name=\"twitter:card\" content=\"summary_large_image\" \/>\n<meta name=\"twitter:label1\" content=\"Tiempo de lectura\" \/>\n\t<meta name=\"twitter:data1\" content=\"2 minutos\" \/>\n<script type=\"application\/ld+json\" class=\"yoast-schema-graph\">{\"@context\":\"https:\/\/schema.org\",\"@graph\":[{\"@type\":\"WebPage\",\"@id\":\"https:\/\/www.colindres.es\/index.php\/project\/entregados-los-premios-del-xx-certamen-literario-de-relato-breve-villa-de-colindres\/\",\"url\":\"https:\/\/www.colindres.es\/index.php\/project\/entregados-los-premios-del-xx-certamen-literario-de-relato-breve-villa-de-colindres\/\",\"name\":\"Entregados los premios del XX Certamen Literario de Relato Breve \u2018Villa de Colindres\u2019 - Ayuntamiento de Colindres\",\"isPartOf\":{\"@id\":\"https:\/\/www.colindres.es\/#website\"},\"primaryImageOfPage\":{\"@id\":\"https:\/\/www.colindres.es\/index.php\/project\/entregados-los-premios-del-xx-certamen-literario-de-relato-breve-villa-de-colindres\/#primaryimage\"},\"image\":{\"@id\":\"https:\/\/www.colindres.es\/index.php\/project\/entregados-los-premios-del-xx-certamen-literario-de-relato-breve-villa-de-colindres\/#primaryimage\"},\"thumbnailUrl\":\"https:\/\/www.colindres.es\/wp-content\/uploads\/2018\/04\/Certamen-Literario.jpg\",\"datePublished\":\"2018-04-23T07:04:02+00:00\",\"breadcrumb\":{\"@id\":\"https:\/\/www.colindres.es\/index.php\/project\/entregados-los-premios-del-xx-certamen-literario-de-relato-breve-villa-de-colindres\/#breadcrumb\"},\"inLanguage\":\"es\",\"potentialAction\":[{\"@type\":\"ReadAction\",\"target\":[\"https:\/\/www.colindres.es\/index.php\/project\/entregados-los-premios-del-xx-certamen-literario-de-relato-breve-villa-de-colindres\/\"]}]},{\"@type\":\"ImageObject\",\"inLanguage\":\"es\",\"@id\":\"https:\/\/www.colindres.es\/index.php\/project\/entregados-los-premios-del-xx-certamen-literario-de-relato-breve-villa-de-colindres\/#primaryimage\",\"url\":\"https:\/\/www.colindres.es\/wp-content\/uploads\/2018\/04\/Certamen-Literario.jpg\",\"contentUrl\":\"https:\/\/www.colindres.es\/wp-content\/uploads\/2018\/04\/Certamen-Literario.jpg\",\"width\":1280,\"height\":960},{\"@type\":\"BreadcrumbList\",\"@id\":\"https:\/\/www.colindres.es\/index.php\/project\/entregados-los-premios-del-xx-certamen-literario-de-relato-breve-villa-de-colindres\/#breadcrumb\",\"itemListElement\":[{\"@type\":\"ListItem\",\"position\":1,\"name\":\"Portada\",\"item\":\"https:\/\/www.colindres.es\/\"},{\"@type\":\"ListItem\",\"position\":2,\"name\":\"Proyectos\",\"item\":\"https:\/\/www.colindres.es\/index.php\/project\/\"},{\"@type\":\"ListItem\",\"position\":3,\"name\":\"Entregados los premios del XX Certamen Literario de Relato Breve \u2018Villa de Colindres\u2019\"}]},{\"@type\":\"WebSite\",\"@id\":\"https:\/\/www.colindres.es\/#website\",\"url\":\"https:\/\/www.colindres.es\/\",\"name\":\"Ayuntamiento de Colindres\",\"description\":\"Dise\u00f1ado por NTIC&#039;s\",\"publisher\":{\"@id\":\"https:\/\/www.colindres.es\/#organization\"},\"potentialAction\":[{\"@type\":\"SearchAction\",\"target\":{\"@type\":\"EntryPoint\",\"urlTemplate\":\"https:\/\/www.colindres.es\/?s={search_term_string}\"},\"query-input\":{\"@type\":\"PropertyValueSpecification\",\"valueRequired\":true,\"valueName\":\"search_term_string\"}}],\"inLanguage\":\"es\"},{\"@type\":\"Organization\",\"@id\":\"https:\/\/www.colindres.es\/#organization\",\"name\":\"AYUNTAMIENTO DE COLINDRES\",\"url\":\"https:\/\/www.colindres.es\/\",\"logo\":{\"@type\":\"ImageObject\",\"inLanguage\":\"es\",\"@id\":\"https:\/\/www.colindres.es\/#\/schema\/logo\/image\/\",\"url\":\"https:\/\/www.colindres.es\/wp-content\/uploads\/2017\/01\/LOGO-PRINCIPAL.jpg\",\"contentUrl\":\"https:\/\/www.colindres.es\/wp-content\/uploads\/2017\/01\/LOGO-PRINCIPAL.jpg\",\"width\":1209,\"height\":579,\"caption\":\"AYUNTAMIENTO DE COLINDRES\"},\"image\":{\"@id\":\"https:\/\/www.colindres.es\/#\/schema\/logo\/image\/\"}}]}<\/script>\n<!-- \/ Yoast SEO plugin. -->","yoast_head_json":{"title":"Entregados los premios del XX Certamen Literario de Relato Breve \u2018Villa de Colindres\u2019 - Ayuntamiento de Colindres","robots":{"index":"index","follow":"follow","max-snippet":"max-snippet:-1","max-image-preview":"max-image-preview:large","max-video-preview":"max-video-preview:-1"},"canonical":"https:\/\/www.colindres.es\/index.php\/project\/entregados-los-premios-del-xx-certamen-literario-de-relato-breve-villa-de-colindres\/","og_locale":"es_ES","og_type":"article","og_title":"Entregados los premios del XX Certamen Literario de Relato Breve \u2018Villa de Colindres\u2019 - Ayuntamiento de Colindres","og_description":"Los escritores Esteban Jos\u00e9 Lozano y Jos\u00e9 Antonio Palomares se han proclamado vencedoras entre los 255 trabajos presentados al concurso Colindres, 22 de abril. El alcalde de Colindres, Javier Incera, y la concejala de Cultura, Araceli Ayesa, han presidido el acto de entrega de los premios del XX Certamen Literario de Relato Breve \u2018Villa de [&hellip;]","og_url":"https:\/\/www.colindres.es\/index.php\/project\/entregados-los-premios-del-xx-certamen-literario-de-relato-breve-villa-de-colindres\/","og_site_name":"Ayuntamiento de Colindres","og_image":[{"width":1280,"height":960,"url":"https:\/\/www.colindres.es\/wp-content\/uploads\/2018\/04\/Certamen-Literario.jpg","type":"image\/jpeg"}],"twitter_card":"summary_large_image","twitter_misc":{"Tiempo de lectura":"2 minutos"},"schema":{"@context":"https:\/\/schema.org","@graph":[{"@type":"WebPage","@id":"https:\/\/www.colindres.es\/index.php\/project\/entregados-los-premios-del-xx-certamen-literario-de-relato-breve-villa-de-colindres\/","url":"https:\/\/www.colindres.es\/index.php\/project\/entregados-los-premios-del-xx-certamen-literario-de-relato-breve-villa-de-colindres\/","name":"Entregados los premios del XX Certamen Literario de Relato Breve \u2018Villa de Colindres\u2019 - Ayuntamiento de Colindres","isPartOf":{"@id":"https:\/\/www.colindres.es\/#website"},"primaryImageOfPage":{"@id":"https:\/\/www.colindres.es\/index.php\/project\/entregados-los-premios-del-xx-certamen-literario-de-relato-breve-villa-de-colindres\/#primaryimage"},"image":{"@id":"https:\/\/www.colindres.es\/index.php\/project\/entregados-los-premios-del-xx-certamen-literario-de-relato-breve-villa-de-colindres\/#primaryimage"},"thumbnailUrl":"https:\/\/www.colindres.es\/wp-content\/uploads\/2018\/04\/Certamen-Literario.jpg","datePublished":"2018-04-23T07:04:02+00:00","breadcrumb":{"@id":"https:\/\/www.colindres.es\/index.php\/project\/entregados-los-premios-del-xx-certamen-literario-de-relato-breve-villa-de-colindres\/#breadcrumb"},"inLanguage":"es","potentialAction":[{"@type":"ReadAction","target":["https:\/\/www.colindres.es\/index.php\/project\/entregados-los-premios-del-xx-certamen-literario-de-relato-breve-villa-de-colindres\/"]}]},{"@type":"ImageObject","inLanguage":"es","@id":"https:\/\/www.colindres.es\/index.php\/project\/entregados-los-premios-del-xx-certamen-literario-de-relato-breve-villa-de-colindres\/#primaryimage","url":"https:\/\/www.colindres.es\/wp-content\/uploads\/2018\/04\/Certamen-Literario.jpg","contentUrl":"https:\/\/www.colindres.es\/wp-content\/uploads\/2018\/04\/Certamen-Literario.jpg","width":1280,"height":960},{"@type":"BreadcrumbList","@id":"https:\/\/www.colindres.es\/index.php\/project\/entregados-los-premios-del-xx-certamen-literario-de-relato-breve-villa-de-colindres\/#breadcrumb","itemListElement":[{"@type":"ListItem","position":1,"name":"Portada","item":"https:\/\/www.colindres.es\/"},{"@type":"ListItem","position":2,"name":"Proyectos","item":"https:\/\/www.colindres.es\/index.php\/project\/"},{"@type":"ListItem","position":3,"name":"Entregados los premios del XX Certamen Literario de Relato Breve \u2018Villa de Colindres\u2019"}]},{"@type":"WebSite","@id":"https:\/\/www.colindres.es\/#website","url":"https:\/\/www.colindres.es\/","name":"Ayuntamiento de Colindres","description":"Dise\u00f1ado por NTIC&#039;s","publisher":{"@id":"https:\/\/www.colindres.es\/#organization"},"potentialAction":[{"@type":"SearchAction","target":{"@type":"EntryPoint","urlTemplate":"https:\/\/www.colindres.es\/?s={search_term_string}"},"query-input":{"@type":"PropertyValueSpecification","valueRequired":true,"valueName":"search_term_string"}}],"inLanguage":"es"},{"@type":"Organization","@id":"https:\/\/www.colindres.es\/#organization","name":"AYUNTAMIENTO DE COLINDRES","url":"https:\/\/www.colindres.es\/","logo":{"@type":"ImageObject","inLanguage":"es","@id":"https:\/\/www.colindres.es\/#\/schema\/logo\/image\/","url":"https:\/\/www.colindres.es\/wp-content\/uploads\/2017\/01\/LOGO-PRINCIPAL.jpg","contentUrl":"https:\/\/www.colindres.es\/wp-content\/uploads\/2017\/01\/LOGO-PRINCIPAL.jpg","width":1209,"height":579,"caption":"AYUNTAMIENTO DE COLINDRES"},"image":{"@id":"https:\/\/www.colindres.es\/#\/schema\/logo\/image\/"}}]}},"_links":{"self":[{"href":"https:\/\/www.colindres.es\/index.php\/wp-json\/wp\/v2\/project\/1456","targetHints":{"allow":["GET"]}}],"collection":[{"href":"https:\/\/www.colindres.es\/index.php\/wp-json\/wp\/v2\/project"}],"about":[{"href":"https:\/\/www.colindres.es\/index.php\/wp-json\/wp\/v2\/types\/project"}],"author":[{"embeddable":true,"href":"https:\/\/www.colindres.es\/index.php\/wp-json\/wp\/v2\/users\/1"}],"replies":[{"embeddable":true,"href":"https:\/\/www.colindres.es\/index.php\/wp-json\/wp\/v2\/comments?post=1456"}],"version-history":[{"count":1,"href":"https:\/\/www.colindres.es\/index.php\/wp-json\/wp\/v2\/project\/1456\/revisions"}],"predecessor-version":[{"id":1459,"href":"https:\/\/www.colindres.es\/index.php\/wp-json\/wp\/v2\/project\/1456\/revisions\/1459"}],"wp:featuredmedia":[{"embeddable":true,"href":"https:\/\/www.colindres.es\/index.php\/wp-json\/wp\/v2\/media\/1458"}],"wp:attachment":[{"href":"https:\/\/www.colindres.es\/index.php\/wp-json\/wp\/v2\/media?parent=1456"}],"wp:term":[{"taxonomy":"project_category","embeddable":true,"href":"https:\/\/www.colindres.es\/index.php\/wp-json\/wp\/v2\/project_category?post=1456"},{"taxonomy":"project_tag","embeddable":true,"href":"https:\/\/www.colindres.es\/index.php\/wp-json\/wp\/v2\/project_tag?post=1456"}],"curies":[{"name":"wp","href":"https:\/\/api.w.org\/{rel}","templated":true}]}}