{"id":1440,"date":"2018-04-20T07:28:36","date_gmt":"2018-04-20T07:28:36","guid":{"rendered":"http:\/\/colindres.es\/?post_type=project&#038;p=1440"},"modified":"2018-04-20T07:28:36","modified_gmt":"2018-04-20T07:28:36","slug":"mas-de-600-alumnos-de-23-centros-educativos-participaran-en-colindres-en-la-sexta-edicion-de-cantabrobots","status":"publish","type":"project","link":"https:\/\/www.colindres.es\/index.php\/project\/mas-de-600-alumnos-de-23-centros-educativos-participaran-en-colindres-en-la-sexta-edicion-de-cantabrobots\/","title":{"rendered":"M\u00e1s de 600 alumnos de 23 centros educativos participar\u00e1n en Colindres en la sexta edici\u00f3n de \u2018CantabRobots\u2019"},"content":{"rendered":"<p>El encuentro educativo de tecnolog\u00eda y rob\u00f3tica dar\u00e1 comienzo a las 10:00 horas en el IES Valent\u00edn Turienzo<\/p>\n<p>Colindres, 19 de abril.- M\u00e1s de 600 alumnos de 23 centros educativos de Cantabria y uno del Pa\u00eds Vasco participar\u00e1n en la sexta edici\u00f3n de Cantabrobots. El acto inaugural tendr\u00e1 lugar ma\u00f1ana viernes, a las 10:00 horas en el IES Valent\u00edn Turienzo de Colindres, y a la clausura, prevista para las 13:00 horas, asistir\u00e1n el consejero de Educaci\u00f3n, Cultura y Deporte, Francisco Fern\u00e1ndez Ma\u00f1anes, y el alcalde del municipio, Javier Incera.<\/p>\n<p>\u2018CantabRobots\u2019 es un concurso-exhibici\u00f3n de car\u00e1cter educativo dirigido a potenciar la tecnolog\u00eda y la rob\u00f3tica entre el alumnado de los centros educativos de Cantabria.<\/p>\n<p>Se trata de una iniciativa de la Consejer\u00eda de Educaci\u00f3n, Cultura y Deporte del Gobierno de Cantabria, en colaboraci\u00f3n con la Asociaci\u00f3n de Profesores de Tecnolog\u00eda de Cantabria, para el fomento de la creatividad, el trabajo de equipo, el esp\u00edritu emprendedor, el uso de las nuevas tecnolog\u00edas y la sostenibilidad, en l\u00ednea con los objetivos marco de la estrategia Europa 2020.<\/p>\n<p>En la presente edici\u00f3n se batir\u00e1 un nuevo record de participaci\u00f3n, con un total de 680 intervinientes, una cifra que revela el impacto cada vez mayor de este certamen.<\/p>\n<p>En la edici\u00f3n anterior, el IES Valent\u00edn Turienzo de Colindres present\u00f3 dos equipos al campeonato nacional OpenRoboCup Junior Spain en las modalidades de OnStage y categor\u00eda libre, alz\u00e1ndose ambos con la victoria y participando en el campeonato mundial que se celebr\u00f3 en Jap\u00f3n.<\/p>\n<p>As\u00ed, por cuarta vez Colindres acoger\u00e1 este concurso -la tercera de manera consecutiva-, habi\u00e9ndose convertido el municipio en \u201cun referente\u201d en este \u00e1mbito en Cantabria y en Espa\u00f1a, seg\u00fan ha destacado el concejal de Educaci\u00f3n, Adri\u00e1n Seti\u00e9n, quien tambi\u00e9n ha alabado la labor que realizan los alumnos del IES Valet\u00edn Turienzo y el profesor Jos\u00e9 Andr\u00e9s Zuazo, \u201calma mater\u201d de este certamen.<\/p>\n","protected":false},"excerpt":{"rendered":"<p>El encuentro educativo de tecnolog\u00eda y rob\u00f3tica dar\u00e1 comienzo a las 10:00 horas en el IES Valent\u00edn Turienzo Colindres, 19 de abril.- M\u00e1s de 600 alumnos de 23 centros educativos de Cantabria y uno del Pa\u00eds Vasco participar\u00e1n en la sexta edici\u00f3n de Cantabrobots. El acto inaugural tendr\u00e1 lugar ma\u00f1ana viernes, a las 10:00 horas [&hellip;]<\/p>\n","protected":false},"author":1,"featured_media":1441,"comment_status":"open","ping_status":"closed","template":"","meta":{"_et_pb_use_builder":"","_et_pb_old_content":"","_et_gb_content_width":"","footnotes":""},"project_category":[],"project_tag":[],"class_list":["post-1440","project","type-project","status-publish","has-post-thumbnail","hentry"],"yoast_head":"<!-- This site is optimized with the Yoast SEO plugin v24.9 - https:\/\/yoast.com\/wordpress\/plugins\/seo\/ -->\n<title>M\u00e1s de 600 alumnos de 23 centros educativos participar\u00e1n en Colindres en la sexta edici\u00f3n de \u2018CantabRobots\u2019 - Ayuntamiento de Colindres<\/title>\n<meta name=\"robots\" content=\"index, follow, max-snippet:-1, max-image-preview:large, max-video-preview:-1\" \/>\n<link rel=\"canonical\" href=\"https:\/\/www.colindres.es\/index.php\/project\/mas-de-600-alumnos-de-23-centros-educativos-participaran-en-colindres-en-la-sexta-edicion-de-cantabrobots\/\" \/>\n<meta property=\"og:locale\" content=\"es_ES\" \/>\n<meta property=\"og:type\" content=\"article\" \/>\n<meta property=\"og:title\" content=\"M\u00e1s de 600 alumnos de 23 centros educativos participar\u00e1n en Colindres en la sexta edici\u00f3n de \u2018CantabRobots\u2019 - Ayuntamiento de Colindres\" \/>\n<meta property=\"og:description\" content=\"El encuentro educativo de tecnolog\u00eda y rob\u00f3tica dar\u00e1 comienzo a las 10:00 horas en el IES Valent\u00edn Turienzo Colindres, 19 de abril.- M\u00e1s de 600 alumnos de 23 centros educativos de Cantabria y uno del Pa\u00eds Vasco participar\u00e1n en la sexta edici\u00f3n de Cantabrobots. El acto inaugural tendr\u00e1 lugar ma\u00f1ana viernes, a las 10:00 horas [&hellip;]\" \/>\n<meta property=\"og:url\" content=\"https:\/\/www.colindres.es\/index.php\/project\/mas-de-600-alumnos-de-23-centros-educativos-participaran-en-colindres-en-la-sexta-edicion-de-cantabrobots\/\" \/>\n<meta property=\"og:site_name\" content=\"Ayuntamiento de Colindres\" \/>\n<meta property=\"og:image\" content=\"https:\/\/www.colindres.es\/wp-content\/uploads\/2018\/04\/intituto.jpg\" \/>\n\t<meta property=\"og:image:width\" content=\"3478\" \/>\n\t<meta property=\"og:image:height\" content=\"1530\" \/>\n\t<meta property=\"og:image:type\" content=\"image\/jpeg\" \/>\n<meta name=\"twitter:card\" content=\"summary_large_image\" \/>\n<meta name=\"twitter:label1\" content=\"Tiempo de lectura\" \/>\n\t<meta name=\"twitter:data1\" content=\"2 minutos\" \/>\n<script type=\"application\/ld+json\" class=\"yoast-schema-graph\">{\"@context\":\"https:\/\/schema.org\",\"@graph\":[{\"@type\":\"WebPage\",\"@id\":\"https:\/\/www.colindres.es\/index.php\/project\/mas-de-600-alumnos-de-23-centros-educativos-participaran-en-colindres-en-la-sexta-edicion-de-cantabrobots\/\",\"url\":\"https:\/\/www.colindres.es\/index.php\/project\/mas-de-600-alumnos-de-23-centros-educativos-participaran-en-colindres-en-la-sexta-edicion-de-cantabrobots\/\",\"name\":\"M\u00e1s de 600 alumnos de 23 centros educativos participar\u00e1n en Colindres en la sexta edici\u00f3n de \u2018CantabRobots\u2019 - Ayuntamiento de Colindres\",\"isPartOf\":{\"@id\":\"https:\/\/www.colindres.es\/#website\"},\"primaryImageOfPage\":{\"@id\":\"https:\/\/www.colindres.es\/index.php\/project\/mas-de-600-alumnos-de-23-centros-educativos-participaran-en-colindres-en-la-sexta-edicion-de-cantabrobots\/#primaryimage\"},\"image\":{\"@id\":\"https:\/\/www.colindres.es\/index.php\/project\/mas-de-600-alumnos-de-23-centros-educativos-participaran-en-colindres-en-la-sexta-edicion-de-cantabrobots\/#primaryimage\"},\"thumbnailUrl\":\"https:\/\/www.colindres.es\/wp-content\/uploads\/2018\/04\/intituto.jpg\",\"datePublished\":\"2018-04-20T07:28:36+00:00\",\"breadcrumb\":{\"@id\":\"https:\/\/www.colindres.es\/index.php\/project\/mas-de-600-alumnos-de-23-centros-educativos-participaran-en-colindres-en-la-sexta-edicion-de-cantabrobots\/#breadcrumb\"},\"inLanguage\":\"es\",\"potentialAction\":[{\"@type\":\"ReadAction\",\"target\":[\"https:\/\/www.colindres.es\/index.php\/project\/mas-de-600-alumnos-de-23-centros-educativos-participaran-en-colindres-en-la-sexta-edicion-de-cantabrobots\/\"]}]},{\"@type\":\"ImageObject\",\"inLanguage\":\"es\",\"@id\":\"https:\/\/www.colindres.es\/index.php\/project\/mas-de-600-alumnos-de-23-centros-educativos-participaran-en-colindres-en-la-sexta-edicion-de-cantabrobots\/#primaryimage\",\"url\":\"https:\/\/www.colindres.es\/wp-content\/uploads\/2018\/04\/intituto.jpg\",\"contentUrl\":\"https:\/\/www.colindres.es\/wp-content\/uploads\/2018\/04\/intituto.jpg\",\"width\":3478,\"height\":1530},{\"@type\":\"BreadcrumbList\",\"@id\":\"https:\/\/www.colindres.es\/index.php\/project\/mas-de-600-alumnos-de-23-centros-educativos-participaran-en-colindres-en-la-sexta-edicion-de-cantabrobots\/#breadcrumb\",\"itemListElement\":[{\"@type\":\"ListItem\",\"position\":1,\"name\":\"Portada\",\"item\":\"https:\/\/www.colindres.es\/\"},{\"@type\":\"ListItem\",\"position\":2,\"name\":\"Proyectos\",\"item\":\"https:\/\/www.colindres.es\/index.php\/project\/\"},{\"@type\":\"ListItem\",\"position\":3,\"name\":\"M\u00e1s de 600 alumnos de 23 centros educativos participar\u00e1n en Colindres en la sexta edici\u00f3n de \u2018CantabRobots\u2019\"}]},{\"@type\":\"WebSite\",\"@id\":\"https:\/\/www.colindres.es\/#website\",\"url\":\"https:\/\/www.colindres.es\/\",\"name\":\"Ayuntamiento de Colindres\",\"description\":\"Dise\u00f1ado por NTIC&#039;s\",\"publisher\":{\"@id\":\"https:\/\/www.colindres.es\/#organization\"},\"potentialAction\":[{\"@type\":\"SearchAction\",\"target\":{\"@type\":\"EntryPoint\",\"urlTemplate\":\"https:\/\/www.colindres.es\/?s={search_term_string}\"},\"query-input\":{\"@type\":\"PropertyValueSpecification\",\"valueRequired\":true,\"valueName\":\"search_term_string\"}}],\"inLanguage\":\"es\"},{\"@type\":\"Organization\",\"@id\":\"https:\/\/www.colindres.es\/#organization\",\"name\":\"AYUNTAMIENTO DE COLINDRES\",\"url\":\"https:\/\/www.colindres.es\/\",\"logo\":{\"@type\":\"ImageObject\",\"inLanguage\":\"es\",\"@id\":\"https:\/\/www.colindres.es\/#\/schema\/logo\/image\/\",\"url\":\"https:\/\/www.colindres.es\/wp-content\/uploads\/2017\/01\/LOGO-PRINCIPAL.jpg\",\"contentUrl\":\"https:\/\/www.colindres.es\/wp-content\/uploads\/2017\/01\/LOGO-PRINCIPAL.jpg\",\"width\":1209,\"height\":579,\"caption\":\"AYUNTAMIENTO DE COLINDRES\"},\"image\":{\"@id\":\"https:\/\/www.colindres.es\/#\/schema\/logo\/image\/\"}}]}<\/script>\n<!-- \/ Yoast SEO plugin. -->","yoast_head_json":{"title":"M\u00e1s de 600 alumnos de 23 centros educativos participar\u00e1n en Colindres en la sexta edici\u00f3n de \u2018CantabRobots\u2019 - Ayuntamiento de Colindres","robots":{"index":"index","follow":"follow","max-snippet":"max-snippet:-1","max-image-preview":"max-image-preview:large","max-video-preview":"max-video-preview:-1"},"canonical":"https:\/\/www.colindres.es\/index.php\/project\/mas-de-600-alumnos-de-23-centros-educativos-participaran-en-colindres-en-la-sexta-edicion-de-cantabrobots\/","og_locale":"es_ES","og_type":"article","og_title":"M\u00e1s de 600 alumnos de 23 centros educativos participar\u00e1n en Colindres en la sexta edici\u00f3n de \u2018CantabRobots\u2019 - Ayuntamiento de Colindres","og_description":"El encuentro educativo de tecnolog\u00eda y rob\u00f3tica dar\u00e1 comienzo a las 10:00 horas en el IES Valent\u00edn Turienzo Colindres, 19 de abril.- M\u00e1s de 600 alumnos de 23 centros educativos de Cantabria y uno del Pa\u00eds Vasco participar\u00e1n en la sexta edici\u00f3n de Cantabrobots. El acto inaugural tendr\u00e1 lugar ma\u00f1ana viernes, a las 10:00 horas [&hellip;]","og_url":"https:\/\/www.colindres.es\/index.php\/project\/mas-de-600-alumnos-de-23-centros-educativos-participaran-en-colindres-en-la-sexta-edicion-de-cantabrobots\/","og_site_name":"Ayuntamiento de Colindres","og_image":[{"width":3478,"height":1530,"url":"https:\/\/www.colindres.es\/wp-content\/uploads\/2018\/04\/intituto.jpg","type":"image\/jpeg"}],"twitter_card":"summary_large_image","twitter_misc":{"Tiempo de lectura":"2 minutos"},"schema":{"@context":"https:\/\/schema.org","@graph":[{"@type":"WebPage","@id":"https:\/\/www.colindres.es\/index.php\/project\/mas-de-600-alumnos-de-23-centros-educativos-participaran-en-colindres-en-la-sexta-edicion-de-cantabrobots\/","url":"https:\/\/www.colindres.es\/index.php\/project\/mas-de-600-alumnos-de-23-centros-educativos-participaran-en-colindres-en-la-sexta-edicion-de-cantabrobots\/","name":"M\u00e1s de 600 alumnos de 23 centros educativos participar\u00e1n en Colindres en la sexta edici\u00f3n de \u2018CantabRobots\u2019 - Ayuntamiento de Colindres","isPartOf":{"@id":"https:\/\/www.colindres.es\/#website"},"primaryImageOfPage":{"@id":"https:\/\/www.colindres.es\/index.php\/project\/mas-de-600-alumnos-de-23-centros-educativos-participaran-en-colindres-en-la-sexta-edicion-de-cantabrobots\/#primaryimage"},"image":{"@id":"https:\/\/www.colindres.es\/index.php\/project\/mas-de-600-alumnos-de-23-centros-educativos-participaran-en-colindres-en-la-sexta-edicion-de-cantabrobots\/#primaryimage"},"thumbnailUrl":"https:\/\/www.colindres.es\/wp-content\/uploads\/2018\/04\/intituto.jpg","datePublished":"2018-04-20T07:28:36+00:00","breadcrumb":{"@id":"https:\/\/www.colindres.es\/index.php\/project\/mas-de-600-alumnos-de-23-centros-educativos-participaran-en-colindres-en-la-sexta-edicion-de-cantabrobots\/#breadcrumb"},"inLanguage":"es","potentialAction":[{"@type":"ReadAction","target":["https:\/\/www.colindres.es\/index.php\/project\/mas-de-600-alumnos-de-23-centros-educativos-participaran-en-colindres-en-la-sexta-edicion-de-cantabrobots\/"]}]},{"@type":"ImageObject","inLanguage":"es","@id":"https:\/\/www.colindres.es\/index.php\/project\/mas-de-600-alumnos-de-23-centros-educativos-participaran-en-colindres-en-la-sexta-edicion-de-cantabrobots\/#primaryimage","url":"https:\/\/www.colindres.es\/wp-content\/uploads\/2018\/04\/intituto.jpg","contentUrl":"https:\/\/www.colindres.es\/wp-content\/uploads\/2018\/04\/intituto.jpg","width":3478,"height":1530},{"@type":"BreadcrumbList","@id":"https:\/\/www.colindres.es\/index.php\/project\/mas-de-600-alumnos-de-23-centros-educativos-participaran-en-colindres-en-la-sexta-edicion-de-cantabrobots\/#breadcrumb","itemListElement":[{"@type":"ListItem","position":1,"name":"Portada","item":"https:\/\/www.colindres.es\/"},{"@type":"ListItem","position":2,"name":"Proyectos","item":"https:\/\/www.colindres.es\/index.php\/project\/"},{"@type":"ListItem","position":3,"name":"M\u00e1s de 600 alumnos de 23 centros educativos participar\u00e1n en Colindres en la sexta edici\u00f3n de \u2018CantabRobots\u2019"}]},{"@type":"WebSite","@id":"https:\/\/www.colindres.es\/#website","url":"https:\/\/www.colindres.es\/","name":"Ayuntamiento de Colindres","description":"Dise\u00f1ado por NTIC&#039;s","publisher":{"@id":"https:\/\/www.colindres.es\/#organization"},"potentialAction":[{"@type":"SearchAction","target":{"@type":"EntryPoint","urlTemplate":"https:\/\/www.colindres.es\/?s={search_term_string}"},"query-input":{"@type":"PropertyValueSpecification","valueRequired":true,"valueName":"search_term_string"}}],"inLanguage":"es"},{"@type":"Organization","@id":"https:\/\/www.colindres.es\/#organization","name":"AYUNTAMIENTO DE COLINDRES","url":"https:\/\/www.colindres.es\/","logo":{"@type":"ImageObject","inLanguage":"es","@id":"https:\/\/www.colindres.es\/#\/schema\/logo\/image\/","url":"https:\/\/www.colindres.es\/wp-content\/uploads\/2017\/01\/LOGO-PRINCIPAL.jpg","contentUrl":"https:\/\/www.colindres.es\/wp-content\/uploads\/2017\/01\/LOGO-PRINCIPAL.jpg","width":1209,"height":579,"caption":"AYUNTAMIENTO DE COLINDRES"},"image":{"@id":"https:\/\/www.colindres.es\/#\/schema\/logo\/image\/"}}]}},"_links":{"self":[{"href":"https:\/\/www.colindres.es\/index.php\/wp-json\/wp\/v2\/project\/1440","targetHints":{"allow":["GET"]}}],"collection":[{"href":"https:\/\/www.colindres.es\/index.php\/wp-json\/wp\/v2\/project"}],"about":[{"href":"https:\/\/www.colindres.es\/index.php\/wp-json\/wp\/v2\/types\/project"}],"author":[{"embeddable":true,"href":"https:\/\/www.colindres.es\/index.php\/wp-json\/wp\/v2\/users\/1"}],"replies":[{"embeddable":true,"href":"https:\/\/www.colindres.es\/index.php\/wp-json\/wp\/v2\/comments?post=1440"}],"version-history":[{"count":1,"href":"https:\/\/www.colindres.es\/index.php\/wp-json\/wp\/v2\/project\/1440\/revisions"}],"predecessor-version":[{"id":1442,"href":"https:\/\/www.colindres.es\/index.php\/wp-json\/wp\/v2\/project\/1440\/revisions\/1442"}],"wp:featuredmedia":[{"embeddable":true,"href":"https:\/\/www.colindres.es\/index.php\/wp-json\/wp\/v2\/media\/1441"}],"wp:attachment":[{"href":"https:\/\/www.colindres.es\/index.php\/wp-json\/wp\/v2\/media?parent=1440"}],"wp:term":[{"taxonomy":"project_category","embeddable":true,"href":"https:\/\/www.colindres.es\/index.php\/wp-json\/wp\/v2\/project_category?post=1440"},{"taxonomy":"project_tag","embeddable":true,"href":"https:\/\/www.colindres.es\/index.php\/wp-json\/wp\/v2\/project_tag?post=1440"}],"curies":[{"name":"wp","href":"https:\/\/api.w.org\/{rel}","templated":true}]}}