{"id":1433,"date":"2018-04-13T05:03:24","date_gmt":"2018-04-13T05:03:24","guid":{"rendered":"http:\/\/colindres.es\/?post_type=project&#038;p=1433"},"modified":"2018-04-13T05:03:42","modified_gmt":"2018-04-13T05:03:42","slug":"xx-certamen-literario-villa-de-colindres-entrega-de-premios-y-presentacion-de-libro","status":"publish","type":"project","link":"https:\/\/www.colindres.es\/index.php\/project\/xx-certamen-literario-villa-de-colindres-entrega-de-premios-y-presentacion-de-libro\/","title":{"rendered":"XX CERTAMEN LITERARIO VILLA DE COLINDRES, ENTREGA DE PREMIOS Y PRESENTACI\u00d3N DE LIBRO"},"content":{"rendered":"<p>El S\u00e1bado 14 de Abril de 2018 a partir de las 20.30 h. en el Sal\u00f3n de Actos de la Casa de Cultura de Colindres.<\/p>\n<p>A continuaci\u00f3n del acto, CONCIERTO a cargo de:<\/p>\n<ul>\n<li>\u00abCoral Portus Victoriae\u00bb &#8211; Santo\u00f1a<\/li>\n<li>\u00abCoro Joven Siete Villas\u00bb<\/li>\n<li>\u00abSusurrus Del Mar\u00bb<\/li>\n<\/ul>\n<p>Al finalizar el acto se entregar\u00e1 a los presentes un ejemplar del libro presentado.<\/p>\n<p><img loading=\"lazy\" decoding=\"async\" class=\"alignnone size-medium wp-image-1435\" src=\"http:\/\/colindres.es\/wp-content\/uploads\/2018\/04\/concierto-certamen-literario-212x300.jpg\" alt=\"\" width=\"212\" height=\"300\" srcset=\"https:\/\/www.colindres.es\/wp-content\/uploads\/2018\/04\/concierto-certamen-literario-212x300.jpg 212w, https:\/\/www.colindres.es\/wp-content\/uploads\/2018\/04\/concierto-certamen-literario-768x1086.jpg 768w, https:\/\/www.colindres.es\/wp-content\/uploads\/2018\/04\/concierto-certamen-literario-724x1024.jpg 724w, https:\/\/www.colindres.es\/wp-content\/uploads\/2018\/04\/concierto-certamen-literario-1080x1527.jpg 1080w\" sizes=\"(max-width: 212px) 100vw, 212px\" \/><\/p>\n","protected":false},"excerpt":{"rendered":"<p>El S\u00e1bado 14 de Abril de 2018 a partir de las 20.30 h. en el Sal\u00f3n de Actos de la Casa de Cultura de Colindres. A continuaci\u00f3n del acto, CONCIERTO a cargo de: \u00abCoral Portus Victoriae\u00bb &#8211; Santo\u00f1a \u00abCoro Joven Siete Villas\u00bb \u00abSusurrus Del Mar\u00bb Al finalizar el acto se entregar\u00e1 a los presentes un [&hellip;]<\/p>\n","protected":false},"author":1,"featured_media":1436,"comment_status":"open","ping_status":"closed","template":"","meta":{"_et_pb_use_builder":"","_et_pb_old_content":"","_et_gb_content_width":"","footnotes":""},"project_category":[],"project_tag":[],"class_list":["post-1433","project","type-project","status-publish","has-post-thumbnail","hentry"],"yoast_head":"<!-- This site is optimized with the Yoast SEO plugin v24.9 - https:\/\/yoast.com\/wordpress\/plugins\/seo\/ -->\n<title>XX CERTAMEN LITERARIO VILLA DE COLINDRES, ENTREGA DE PREMIOS Y PRESENTACI\u00d3N DE LIBRO - Ayuntamiento de Colindres<\/title>\n<meta name=\"robots\" content=\"index, follow, max-snippet:-1, max-image-preview:large, max-video-preview:-1\" \/>\n<link rel=\"canonical\" href=\"https:\/\/www.colindres.es\/index.php\/project\/xx-certamen-literario-villa-de-colindres-entrega-de-premios-y-presentacion-de-libro\/\" \/>\n<meta property=\"og:locale\" content=\"es_ES\" \/>\n<meta property=\"og:type\" content=\"article\" \/>\n<meta property=\"og:title\" content=\"XX CERTAMEN LITERARIO VILLA DE COLINDRES, ENTREGA DE PREMIOS Y PRESENTACI\u00d3N DE LIBRO - Ayuntamiento de Colindres\" \/>\n<meta property=\"og:description\" content=\"El S\u00e1bado 14 de Abril de 2018 a partir de las 20.30 h. en el Sal\u00f3n de Actos de la Casa de Cultura de Colindres. A continuaci\u00f3n del acto, CONCIERTO a cargo de: \u00abCoral Portus Victoriae\u00bb &#8211; Santo\u00f1a \u00abCoro Joven Siete Villas\u00bb \u00abSusurrus Del Mar\u00bb Al finalizar el acto se entregar\u00e1 a los presentes un [&hellip;]\" \/>\n<meta property=\"og:url\" content=\"https:\/\/www.colindres.es\/index.php\/project\/xx-certamen-literario-villa-de-colindres-entrega-de-premios-y-presentacion-de-libro\/\" \/>\n<meta property=\"og:site_name\" content=\"Ayuntamiento de Colindres\" \/>\n<meta property=\"article:modified_time\" content=\"2018-04-13T05:03:42+00:00\" \/>\n<meta property=\"og:image\" content=\"https:\/\/www.colindres.es\/wp-content\/uploads\/2018\/04\/xx-certamen-literario.jpg\" \/>\n\t<meta property=\"og:image:width\" content=\"4960\" \/>\n\t<meta property=\"og:image:height\" content=\"7015\" \/>\n\t<meta property=\"og:image:type\" content=\"image\/jpeg\" \/>\n<meta name=\"twitter:card\" content=\"summary_large_image\" \/>\n<script type=\"application\/ld+json\" class=\"yoast-schema-graph\">{\"@context\":\"https:\/\/schema.org\",\"@graph\":[{\"@type\":\"WebPage\",\"@id\":\"https:\/\/www.colindres.es\/index.php\/project\/xx-certamen-literario-villa-de-colindres-entrega-de-premios-y-presentacion-de-libro\/\",\"url\":\"https:\/\/www.colindres.es\/index.php\/project\/xx-certamen-literario-villa-de-colindres-entrega-de-premios-y-presentacion-de-libro\/\",\"name\":\"XX CERTAMEN LITERARIO VILLA DE COLINDRES, ENTREGA DE PREMIOS Y PRESENTACI\u00d3N DE LIBRO - Ayuntamiento de Colindres\",\"isPartOf\":{\"@id\":\"https:\/\/www.colindres.es\/#website\"},\"primaryImageOfPage\":{\"@id\":\"https:\/\/www.colindres.es\/index.php\/project\/xx-certamen-literario-villa-de-colindres-entrega-de-premios-y-presentacion-de-libro\/#primaryimage\"},\"image\":{\"@id\":\"https:\/\/www.colindres.es\/index.php\/project\/xx-certamen-literario-villa-de-colindres-entrega-de-premios-y-presentacion-de-libro\/#primaryimage\"},\"thumbnailUrl\":\"https:\/\/www.colindres.es\/wp-content\/uploads\/2018\/04\/xx-certamen-literario.jpg\",\"datePublished\":\"2018-04-13T05:03:24+00:00\",\"dateModified\":\"2018-04-13T05:03:42+00:00\",\"breadcrumb\":{\"@id\":\"https:\/\/www.colindres.es\/index.php\/project\/xx-certamen-literario-villa-de-colindres-entrega-de-premios-y-presentacion-de-libro\/#breadcrumb\"},\"inLanguage\":\"es\",\"potentialAction\":[{\"@type\":\"ReadAction\",\"target\":[\"https:\/\/www.colindres.es\/index.php\/project\/xx-certamen-literario-villa-de-colindres-entrega-de-premios-y-presentacion-de-libro\/\"]}]},{\"@type\":\"ImageObject\",\"inLanguage\":\"es\",\"@id\":\"https:\/\/www.colindres.es\/index.php\/project\/xx-certamen-literario-villa-de-colindres-entrega-de-premios-y-presentacion-de-libro\/#primaryimage\",\"url\":\"https:\/\/www.colindres.es\/wp-content\/uploads\/2018\/04\/xx-certamen-literario.jpg\",\"contentUrl\":\"https:\/\/www.colindres.es\/wp-content\/uploads\/2018\/04\/xx-certamen-literario.jpg\",\"width\":4960,\"height\":7015},{\"@type\":\"BreadcrumbList\",\"@id\":\"https:\/\/www.colindres.es\/index.php\/project\/xx-certamen-literario-villa-de-colindres-entrega-de-premios-y-presentacion-de-libro\/#breadcrumb\",\"itemListElement\":[{\"@type\":\"ListItem\",\"position\":1,\"name\":\"Portada\",\"item\":\"https:\/\/www.colindres.es\/\"},{\"@type\":\"ListItem\",\"position\":2,\"name\":\"Proyectos\",\"item\":\"https:\/\/www.colindres.es\/index.php\/project\/\"},{\"@type\":\"ListItem\",\"position\":3,\"name\":\"XX CERTAMEN LITERARIO VILLA DE COLINDRES, ENTREGA DE PREMIOS Y PRESENTACI\u00d3N DE LIBRO\"}]},{\"@type\":\"WebSite\",\"@id\":\"https:\/\/www.colindres.es\/#website\",\"url\":\"https:\/\/www.colindres.es\/\",\"name\":\"Ayuntamiento de Colindres\",\"description\":\"Dise\u00f1ado por NTIC&#039;s\",\"publisher\":{\"@id\":\"https:\/\/www.colindres.es\/#organization\"},\"potentialAction\":[{\"@type\":\"SearchAction\",\"target\":{\"@type\":\"EntryPoint\",\"urlTemplate\":\"https:\/\/www.colindres.es\/?s={search_term_string}\"},\"query-input\":{\"@type\":\"PropertyValueSpecification\",\"valueRequired\":true,\"valueName\":\"search_term_string\"}}],\"inLanguage\":\"es\"},{\"@type\":\"Organization\",\"@id\":\"https:\/\/www.colindres.es\/#organization\",\"name\":\"AYUNTAMIENTO DE COLINDRES\",\"url\":\"https:\/\/www.colindres.es\/\",\"logo\":{\"@type\":\"ImageObject\",\"inLanguage\":\"es\",\"@id\":\"https:\/\/www.colindres.es\/#\/schema\/logo\/image\/\",\"url\":\"https:\/\/www.colindres.es\/wp-content\/uploads\/2017\/01\/LOGO-PRINCIPAL.jpg\",\"contentUrl\":\"https:\/\/www.colindres.es\/wp-content\/uploads\/2017\/01\/LOGO-PRINCIPAL.jpg\",\"width\":1209,\"height\":579,\"caption\":\"AYUNTAMIENTO DE COLINDRES\"},\"image\":{\"@id\":\"https:\/\/www.colindres.es\/#\/schema\/logo\/image\/\"}}]}<\/script>\n<!-- \/ Yoast SEO plugin. -->","yoast_head_json":{"title":"XX CERTAMEN LITERARIO VILLA DE COLINDRES, ENTREGA DE PREMIOS Y PRESENTACI\u00d3N DE LIBRO - Ayuntamiento de Colindres","robots":{"index":"index","follow":"follow","max-snippet":"max-snippet:-1","max-image-preview":"max-image-preview:large","max-video-preview":"max-video-preview:-1"},"canonical":"https:\/\/www.colindres.es\/index.php\/project\/xx-certamen-literario-villa-de-colindres-entrega-de-premios-y-presentacion-de-libro\/","og_locale":"es_ES","og_type":"article","og_title":"XX CERTAMEN LITERARIO VILLA DE COLINDRES, ENTREGA DE PREMIOS Y PRESENTACI\u00d3N DE LIBRO - Ayuntamiento de Colindres","og_description":"El S\u00e1bado 14 de Abril de 2018 a partir de las 20.30 h. en el Sal\u00f3n de Actos de la Casa de Cultura de Colindres. A continuaci\u00f3n del acto, CONCIERTO a cargo de: \u00abCoral Portus Victoriae\u00bb &#8211; Santo\u00f1a \u00abCoro Joven Siete Villas\u00bb \u00abSusurrus Del Mar\u00bb Al finalizar el acto se entregar\u00e1 a los presentes un [&hellip;]","og_url":"https:\/\/www.colindres.es\/index.php\/project\/xx-certamen-literario-villa-de-colindres-entrega-de-premios-y-presentacion-de-libro\/","og_site_name":"Ayuntamiento de Colindres","article_modified_time":"2018-04-13T05:03:42+00:00","og_image":[{"width":4960,"height":7015,"url":"https:\/\/www.colindres.es\/wp-content\/uploads\/2018\/04\/xx-certamen-literario.jpg","type":"image\/jpeg"}],"twitter_card":"summary_large_image","schema":{"@context":"https:\/\/schema.org","@graph":[{"@type":"WebPage","@id":"https:\/\/www.colindres.es\/index.php\/project\/xx-certamen-literario-villa-de-colindres-entrega-de-premios-y-presentacion-de-libro\/","url":"https:\/\/www.colindres.es\/index.php\/project\/xx-certamen-literario-villa-de-colindres-entrega-de-premios-y-presentacion-de-libro\/","name":"XX CERTAMEN LITERARIO VILLA DE COLINDRES, ENTREGA DE PREMIOS Y PRESENTACI\u00d3N DE LIBRO - Ayuntamiento de Colindres","isPartOf":{"@id":"https:\/\/www.colindres.es\/#website"},"primaryImageOfPage":{"@id":"https:\/\/www.colindres.es\/index.php\/project\/xx-certamen-literario-villa-de-colindres-entrega-de-premios-y-presentacion-de-libro\/#primaryimage"},"image":{"@id":"https:\/\/www.colindres.es\/index.php\/project\/xx-certamen-literario-villa-de-colindres-entrega-de-premios-y-presentacion-de-libro\/#primaryimage"},"thumbnailUrl":"https:\/\/www.colindres.es\/wp-content\/uploads\/2018\/04\/xx-certamen-literario.jpg","datePublished":"2018-04-13T05:03:24+00:00","dateModified":"2018-04-13T05:03:42+00:00","breadcrumb":{"@id":"https:\/\/www.colindres.es\/index.php\/project\/xx-certamen-literario-villa-de-colindres-entrega-de-premios-y-presentacion-de-libro\/#breadcrumb"},"inLanguage":"es","potentialAction":[{"@type":"ReadAction","target":["https:\/\/www.colindres.es\/index.php\/project\/xx-certamen-literario-villa-de-colindres-entrega-de-premios-y-presentacion-de-libro\/"]}]},{"@type":"ImageObject","inLanguage":"es","@id":"https:\/\/www.colindres.es\/index.php\/project\/xx-certamen-literario-villa-de-colindres-entrega-de-premios-y-presentacion-de-libro\/#primaryimage","url":"https:\/\/www.colindres.es\/wp-content\/uploads\/2018\/04\/xx-certamen-literario.jpg","contentUrl":"https:\/\/www.colindres.es\/wp-content\/uploads\/2018\/04\/xx-certamen-literario.jpg","width":4960,"height":7015},{"@type":"BreadcrumbList","@id":"https:\/\/www.colindres.es\/index.php\/project\/xx-certamen-literario-villa-de-colindres-entrega-de-premios-y-presentacion-de-libro\/#breadcrumb","itemListElement":[{"@type":"ListItem","position":1,"name":"Portada","item":"https:\/\/www.colindres.es\/"},{"@type":"ListItem","position":2,"name":"Proyectos","item":"https:\/\/www.colindres.es\/index.php\/project\/"},{"@type":"ListItem","position":3,"name":"XX CERTAMEN LITERARIO VILLA DE COLINDRES, ENTREGA DE PREMIOS Y PRESENTACI\u00d3N DE LIBRO"}]},{"@type":"WebSite","@id":"https:\/\/www.colindres.es\/#website","url":"https:\/\/www.colindres.es\/","name":"Ayuntamiento de Colindres","description":"Dise\u00f1ado por NTIC&#039;s","publisher":{"@id":"https:\/\/www.colindres.es\/#organization"},"potentialAction":[{"@type":"SearchAction","target":{"@type":"EntryPoint","urlTemplate":"https:\/\/www.colindres.es\/?s={search_term_string}"},"query-input":{"@type":"PropertyValueSpecification","valueRequired":true,"valueName":"search_term_string"}}],"inLanguage":"es"},{"@type":"Organization","@id":"https:\/\/www.colindres.es\/#organization","name":"AYUNTAMIENTO DE COLINDRES","url":"https:\/\/www.colindres.es\/","logo":{"@type":"ImageObject","inLanguage":"es","@id":"https:\/\/www.colindres.es\/#\/schema\/logo\/image\/","url":"https:\/\/www.colindres.es\/wp-content\/uploads\/2017\/01\/LOGO-PRINCIPAL.jpg","contentUrl":"https:\/\/www.colindres.es\/wp-content\/uploads\/2017\/01\/LOGO-PRINCIPAL.jpg","width":1209,"height":579,"caption":"AYUNTAMIENTO DE COLINDRES"},"image":{"@id":"https:\/\/www.colindres.es\/#\/schema\/logo\/image\/"}}]}},"_links":{"self":[{"href":"https:\/\/www.colindres.es\/index.php\/wp-json\/wp\/v2\/project\/1433","targetHints":{"allow":["GET"]}}],"collection":[{"href":"https:\/\/www.colindres.es\/index.php\/wp-json\/wp\/v2\/project"}],"about":[{"href":"https:\/\/www.colindres.es\/index.php\/wp-json\/wp\/v2\/types\/project"}],"author":[{"embeddable":true,"href":"https:\/\/www.colindres.es\/index.php\/wp-json\/wp\/v2\/users\/1"}],"replies":[{"embeddable":true,"href":"https:\/\/www.colindres.es\/index.php\/wp-json\/wp\/v2\/comments?post=1433"}],"version-history":[{"count":2,"href":"https:\/\/www.colindres.es\/index.php\/wp-json\/wp\/v2\/project\/1433\/revisions"}],"predecessor-version":[{"id":1438,"href":"https:\/\/www.colindres.es\/index.php\/wp-json\/wp\/v2\/project\/1433\/revisions\/1438"}],"wp:featuredmedia":[{"embeddable":true,"href":"https:\/\/www.colindres.es\/index.php\/wp-json\/wp\/v2\/media\/1436"}],"wp:attachment":[{"href":"https:\/\/www.colindres.es\/index.php\/wp-json\/wp\/v2\/media?parent=1433"}],"wp:term":[{"taxonomy":"project_category","embeddable":true,"href":"https:\/\/www.colindres.es\/index.php\/wp-json\/wp\/v2\/project_category?post=1433"},{"taxonomy":"project_tag","embeddable":true,"href":"https:\/\/www.colindres.es\/index.php\/wp-json\/wp\/v2\/project_tag?post=1433"}],"curies":[{"name":"wp","href":"https:\/\/api.w.org\/{rel}","templated":true}]}}