{"id":1403,"date":"2018-04-11T08:48:13","date_gmt":"2018-04-11T08:48:13","guid":{"rendered":"http:\/\/colindres.es\/?post_type=project&#038;p=1403"},"modified":"2018-04-11T08:48:31","modified_gmt":"2018-04-11T08:48:31","slug":"1403","status":"publish","type":"project","link":"https:\/\/www.colindres.es\/index.php\/project\/1403\/","title":{"rendered":"Del Barrio de la Serna a Le Parc de la Serna"},"content":{"rendered":"<p>\u00bfQu\u00e9 relaci\u00f3n existe entre el Barrio de la Serna y la casona del mismo nombre erigida en Colindres de arriba, y dos parques situados en Charleroi (B\u00e9lgica) y Keukenhof (Holanda)?<\/p>\n<p>Estos \u00faltimos est\u00e1n ubicados sobre terrenos vinculados a Sim\u00f3n de Santander, emparentado con el linaje de la Serna; adem\u00e1s, el parque belga lleva el nombre de su sobrino, el erudito y bibli\u00f3grafo colindr\u00e9s Charles Antoine de la Serna.<\/p>\n<p>Carlos Antonio de la Serna y Santander naci\u00f3 en Colindres el 1 de enero de 1752. Estudi\u00f3 en el colegio jesuita de Villagarc\u00eda y, tras cursar filosof\u00eda en la Universidad de Valladolid, fue ordenado sacerdote e ingres\u00f3 en la Compa\u00f1\u00eda de Jes\u00fas.<\/p>\n<p>Su carrera eclesial, sin embargo, se vio alterada por los eventos y decisiones que le llevaron a residir en el extranjero y a sumergirse en un mundo al que dedicar\u00eda su vida y talento: el de los libros. En efecto, en 1772, antes de finalizar su noviciado, Carlos Antonio se vio obligado a abandonar Espa\u00f1a tras la orden de expulsi\u00f3n contra la Compa\u00f1\u00eda dictada por Carlos III en 1767.<\/p>\n<p>El joven exiliado se asent\u00f3 en Bruselas, donde resid\u00eda la familia de su madre. All\u00ed conoci\u00f3 a la persona que marc\u00f3 su destino: su t\u00edo Sim\u00f3n de Santander y San Juan, secretario de su Cat\u00f3lica Majestad y se\u00f1or de Hodiarbois y de Keukenhof. \u00c9ste hab\u00eda reunido a lo largo de los a\u00f1os una relevante biblioteca de la que, por avatares de la vida, se vio obligado a desprenderse en subasta p\u00fablica realizada en su domicilio de la Rue Haute el 1 de octubre de 1767: el cat\u00e1logo que elabor\u00f3 comprend\u00eda unas 1.850 referencias. No obstante, su amor por los libros le embarc\u00f3 en la adquisici\u00f3n de una nueva biblioteca: una labor en la que involucr\u00f3 a su sobrino Carlos Antonio, despert\u00e1ndole una pasi\u00f3n bibli\u00f3fila que ya no le abandonar\u00eda.<\/p>\n<p>La nueva biblioteca super\u00f3 en importancia a su predecesora, llegando a ser calificada como la mejor de entre las librer\u00edas privadas de los Pa\u00edses Bajos. Hito al cual sumaron la salvaguarda de la antigua biblioteca de los duques de Borgo\u00f1a en Bruselas, v\u00edctima de sucesivos saqueos tras la invasi\u00f3n francesa. Una labor bibliogr\u00e1fica que se gan\u00f3 la dedicatoria que el historiador y magistrado alem\u00e1n Christoph Gottlieb von Murr incluy\u00f3 en su obra Notitia libri\u2026 (Nuremberg, 1790).<\/p>\n<p>Carlos Antonio, sin embargo, no olvid\u00f3 sus ra\u00edces, manteniendo correspondencia con otros jesuitas exiliados, como el escritor e historiador Manuel Luengo Rodr\u00edguez.<\/p>\n<p>Tras la muerte de su t\u00edo Sim\u00f3n en 1792, hered\u00f3 la biblioteca que le hab\u00eda ayudado a reunir. Aunque, iron\u00edas del destino, hubo de seguir sus pasos cuando se vio tambi\u00e9n obligado a desprenderse de la colecci\u00f3n de libros. Y, al igual que su t\u00edo, elabor\u00f3 un cuidadoso cat\u00e1logo para su venta, ejecutada en Par\u00eds en 1809; \u00e9ste va precedido por una emotiva carta en la que expone los motivos de la enajenaci\u00f3n, dedicada a su hermano mayor Fernando de la Serna (1747-1820): \u201csacrifico a la necesidad imperiosa, el \u00fanico placer que he tenido en el curso de mi vida, el \u00fanico que me queda y el \u00fanico que puedo esperar\u201d.<\/p>\n<p>Como experto en libros antiguos public\u00f3 varios tratados: M\u00e9moire, Praefatio, Dictionnaire\u2026 Pero, adem\u00e1s, convirti\u00f3 aquella pasi\u00f3n en su profesi\u00f3n. As\u00ed, tras ejercer como bibliotecario en el departamento de Lyde y ser Correspondant del Institut de France, fue nombrado primer director de la Biblioteca P\u00fablica de Bruselas, creada a partir los fondos rescatados de la biblioteca de Borgo\u00f1a y embri\u00f3n de la futura Biblioteca Nacional de B\u00e9lgica.<\/p>\n<p>Esta actividad no le hizo aislarse de la realidad que lo rodeaba y en 1811 firm\u00f3 un manifiesto de apoyo a Fernando VII (retenido en Francia tras su renuncia a la corona espa\u00f1ola en favor de Napole\u00f3n), por lo que fue obligado a cesar de su cargo. Prueba de que no se hab\u00eda desentendido de su pa\u00eds natal, pues, como expresara a su hermano cuando enajen\u00f3 su colecci\u00f3n: \u201cconsolaci\u00f3n que me ser\u00e1 todav\u00eda m\u00e1s agradable, si tuviera la suerte de poder establecerla en Espa\u00f1a\u201d.<\/p>\n<p>Muri\u00f3 en Bruselas en 1813, en su residencia de la Rue Haute, a los sesenta y un a\u00f1os. Su legado lo componen las obras que escribi\u00f3, los libros que preserv\u00f3 y la biblioteca que puso en marcha, adem\u00e1s del hermoso Parc de la Serna. Ser\u00eda apropiado homenajearlo tambi\u00e9n en su pueblo natal, quiz\u00e1 bautizando con su nombre alg\u00fan espacio o dependencia municipal.<\/p>\n<p>Pie de foto: \u201cLe Parc de la Serna, un rinc\u00f3n colindr\u00e9s en B\u00e9lgica\u201d. Cedida por el Ayuntamiento de Charleroi (B\u00e9lgica).<\/p>\n<p>Textos: Yolanda Arce y \u00c1ngel Revuelta<\/p>\n","protected":false},"excerpt":{"rendered":"<p>\u00bfQu\u00e9 relaci\u00f3n existe entre el Barrio de la Serna y la casona del mismo nombre erigida en Colindres de arriba, y dos parques situados en Charleroi (B\u00e9lgica) y Keukenhof (Holanda)? Estos \u00faltimos est\u00e1n ubicados sobre terrenos vinculados a Sim\u00f3n de Santander, emparentado con el linaje de la Serna; adem\u00e1s, el parque belga lleva el nombre [&hellip;]<\/p>\n","protected":false},"author":1,"featured_media":1405,"comment_status":"open","ping_status":"closed","template":"","meta":{"_et_pb_use_builder":"","_et_pb_old_content":"","_et_gb_content_width":"","footnotes":""},"project_category":[],"project_tag":[],"class_list":["post-1403","project","type-project","status-publish","has-post-thumbnail","hentry"],"yoast_head":"<!-- This site is optimized with the Yoast SEO plugin v24.9 - https:\/\/yoast.com\/wordpress\/plugins\/seo\/ -->\n<title>Del Barrio de la Serna a Le Parc de la Serna - Ayuntamiento de Colindres<\/title>\n<meta name=\"robots\" content=\"index, follow, max-snippet:-1, max-image-preview:large, max-video-preview:-1\" \/>\n<link rel=\"canonical\" href=\"https:\/\/www.colindres.es\/index.php\/project\/1403\/\" \/>\n<meta property=\"og:locale\" content=\"es_ES\" \/>\n<meta property=\"og:type\" content=\"article\" \/>\n<meta property=\"og:title\" content=\"Del Barrio de la Serna a Le Parc de la Serna - Ayuntamiento de Colindres\" \/>\n<meta property=\"og:description\" content=\"\u00bfQu\u00e9 relaci\u00f3n existe entre el Barrio de la Serna y la casona del mismo nombre erigida en Colindres de arriba, y dos parques situados en Charleroi (B\u00e9lgica) y Keukenhof (Holanda)? Estos \u00faltimos est\u00e1n ubicados sobre terrenos vinculados a Sim\u00f3n de Santander, emparentado con el linaje de la Serna; adem\u00e1s, el parque belga lleva el nombre [&hellip;]\" \/>\n<meta property=\"og:url\" content=\"https:\/\/www.colindres.es\/index.php\/project\/1403\/\" \/>\n<meta property=\"og:site_name\" content=\"Ayuntamiento de Colindres\" \/>\n<meta property=\"article:modified_time\" content=\"2018-04-11T08:48:31+00:00\" \/>\n<meta property=\"og:image\" content=\"https:\/\/www.colindres.es\/wp-content\/uploads\/2018\/04\/Parc-de-la-Serna.jpg\" \/>\n\t<meta property=\"og:image:width\" content=\"3264\" \/>\n\t<meta property=\"og:image:height\" content=\"2448\" \/>\n\t<meta property=\"og:image:type\" content=\"image\/jpeg\" \/>\n<meta name=\"twitter:card\" content=\"summary_large_image\" \/>\n<meta name=\"twitter:label1\" content=\"Tiempo de lectura\" \/>\n\t<meta name=\"twitter:data1\" content=\"4 minutos\" \/>\n<script type=\"application\/ld+json\" class=\"yoast-schema-graph\">{\"@context\":\"https:\/\/schema.org\",\"@graph\":[{\"@type\":\"WebPage\",\"@id\":\"https:\/\/www.colindres.es\/index.php\/project\/1403\/\",\"url\":\"https:\/\/www.colindres.es\/index.php\/project\/1403\/\",\"name\":\"Del Barrio de la Serna a Le Parc de la Serna - Ayuntamiento de Colindres\",\"isPartOf\":{\"@id\":\"https:\/\/www.colindres.es\/#website\"},\"primaryImageOfPage\":{\"@id\":\"https:\/\/www.colindres.es\/index.php\/project\/1403\/#primaryimage\"},\"image\":{\"@id\":\"https:\/\/www.colindres.es\/index.php\/project\/1403\/#primaryimage\"},\"thumbnailUrl\":\"https:\/\/www.colindres.es\/wp-content\/uploads\/2018\/04\/Parc-de-la-Serna.jpg\",\"datePublished\":\"2018-04-11T08:48:13+00:00\",\"dateModified\":\"2018-04-11T08:48:31+00:00\",\"breadcrumb\":{\"@id\":\"https:\/\/www.colindres.es\/index.php\/project\/1403\/#breadcrumb\"},\"inLanguage\":\"es\",\"potentialAction\":[{\"@type\":\"ReadAction\",\"target\":[\"https:\/\/www.colindres.es\/index.php\/project\/1403\/\"]}]},{\"@type\":\"ImageObject\",\"inLanguage\":\"es\",\"@id\":\"https:\/\/www.colindres.es\/index.php\/project\/1403\/#primaryimage\",\"url\":\"https:\/\/www.colindres.es\/wp-content\/uploads\/2018\/04\/Parc-de-la-Serna.jpg\",\"contentUrl\":\"https:\/\/www.colindres.es\/wp-content\/uploads\/2018\/04\/Parc-de-la-Serna.jpg\",\"width\":3264,\"height\":2448},{\"@type\":\"BreadcrumbList\",\"@id\":\"https:\/\/www.colindres.es\/index.php\/project\/1403\/#breadcrumb\",\"itemListElement\":[{\"@type\":\"ListItem\",\"position\":1,\"name\":\"Portada\",\"item\":\"https:\/\/www.colindres.es\/\"},{\"@type\":\"ListItem\",\"position\":2,\"name\":\"Proyectos\",\"item\":\"https:\/\/www.colindres.es\/index.php\/project\/\"},{\"@type\":\"ListItem\",\"position\":3,\"name\":\"Del Barrio de la Serna a Le Parc de la Serna\"}]},{\"@type\":\"WebSite\",\"@id\":\"https:\/\/www.colindres.es\/#website\",\"url\":\"https:\/\/www.colindres.es\/\",\"name\":\"Ayuntamiento de Colindres\",\"description\":\"Dise\u00f1ado por NTIC&#039;s\",\"publisher\":{\"@id\":\"https:\/\/www.colindres.es\/#organization\"},\"potentialAction\":[{\"@type\":\"SearchAction\",\"target\":{\"@type\":\"EntryPoint\",\"urlTemplate\":\"https:\/\/www.colindres.es\/?s={search_term_string}\"},\"query-input\":{\"@type\":\"PropertyValueSpecification\",\"valueRequired\":true,\"valueName\":\"search_term_string\"}}],\"inLanguage\":\"es\"},{\"@type\":\"Organization\",\"@id\":\"https:\/\/www.colindres.es\/#organization\",\"name\":\"AYUNTAMIENTO DE COLINDRES\",\"url\":\"https:\/\/www.colindres.es\/\",\"logo\":{\"@type\":\"ImageObject\",\"inLanguage\":\"es\",\"@id\":\"https:\/\/www.colindres.es\/#\/schema\/logo\/image\/\",\"url\":\"https:\/\/www.colindres.es\/wp-content\/uploads\/2017\/01\/LOGO-PRINCIPAL.jpg\",\"contentUrl\":\"https:\/\/www.colindres.es\/wp-content\/uploads\/2017\/01\/LOGO-PRINCIPAL.jpg\",\"width\":1209,\"height\":579,\"caption\":\"AYUNTAMIENTO DE COLINDRES\"},\"image\":{\"@id\":\"https:\/\/www.colindres.es\/#\/schema\/logo\/image\/\"}}]}<\/script>\n<!-- \/ Yoast SEO plugin. -->","yoast_head_json":{"title":"Del Barrio de la Serna a Le Parc de la Serna - Ayuntamiento de Colindres","robots":{"index":"index","follow":"follow","max-snippet":"max-snippet:-1","max-image-preview":"max-image-preview:large","max-video-preview":"max-video-preview:-1"},"canonical":"https:\/\/www.colindres.es\/index.php\/project\/1403\/","og_locale":"es_ES","og_type":"article","og_title":"Del Barrio de la Serna a Le Parc de la Serna - Ayuntamiento de Colindres","og_description":"\u00bfQu\u00e9 relaci\u00f3n existe entre el Barrio de la Serna y la casona del mismo nombre erigida en Colindres de arriba, y dos parques situados en Charleroi (B\u00e9lgica) y Keukenhof (Holanda)? Estos \u00faltimos est\u00e1n ubicados sobre terrenos vinculados a Sim\u00f3n de Santander, emparentado con el linaje de la Serna; adem\u00e1s, el parque belga lleva el nombre [&hellip;]","og_url":"https:\/\/www.colindres.es\/index.php\/project\/1403\/","og_site_name":"Ayuntamiento de Colindres","article_modified_time":"2018-04-11T08:48:31+00:00","og_image":[{"width":3264,"height":2448,"url":"https:\/\/www.colindres.es\/wp-content\/uploads\/2018\/04\/Parc-de-la-Serna.jpg","type":"image\/jpeg"}],"twitter_card":"summary_large_image","twitter_misc":{"Tiempo de lectura":"4 minutos"},"schema":{"@context":"https:\/\/schema.org","@graph":[{"@type":"WebPage","@id":"https:\/\/www.colindres.es\/index.php\/project\/1403\/","url":"https:\/\/www.colindres.es\/index.php\/project\/1403\/","name":"Del Barrio de la Serna a Le Parc de la Serna - Ayuntamiento de Colindres","isPartOf":{"@id":"https:\/\/www.colindres.es\/#website"},"primaryImageOfPage":{"@id":"https:\/\/www.colindres.es\/index.php\/project\/1403\/#primaryimage"},"image":{"@id":"https:\/\/www.colindres.es\/index.php\/project\/1403\/#primaryimage"},"thumbnailUrl":"https:\/\/www.colindres.es\/wp-content\/uploads\/2018\/04\/Parc-de-la-Serna.jpg","datePublished":"2018-04-11T08:48:13+00:00","dateModified":"2018-04-11T08:48:31+00:00","breadcrumb":{"@id":"https:\/\/www.colindres.es\/index.php\/project\/1403\/#breadcrumb"},"inLanguage":"es","potentialAction":[{"@type":"ReadAction","target":["https:\/\/www.colindres.es\/index.php\/project\/1403\/"]}]},{"@type":"ImageObject","inLanguage":"es","@id":"https:\/\/www.colindres.es\/index.php\/project\/1403\/#primaryimage","url":"https:\/\/www.colindres.es\/wp-content\/uploads\/2018\/04\/Parc-de-la-Serna.jpg","contentUrl":"https:\/\/www.colindres.es\/wp-content\/uploads\/2018\/04\/Parc-de-la-Serna.jpg","width":3264,"height":2448},{"@type":"BreadcrumbList","@id":"https:\/\/www.colindres.es\/index.php\/project\/1403\/#breadcrumb","itemListElement":[{"@type":"ListItem","position":1,"name":"Portada","item":"https:\/\/www.colindres.es\/"},{"@type":"ListItem","position":2,"name":"Proyectos","item":"https:\/\/www.colindres.es\/index.php\/project\/"},{"@type":"ListItem","position":3,"name":"Del Barrio de la Serna a Le Parc de la Serna"}]},{"@type":"WebSite","@id":"https:\/\/www.colindres.es\/#website","url":"https:\/\/www.colindres.es\/","name":"Ayuntamiento de Colindres","description":"Dise\u00f1ado por NTIC&#039;s","publisher":{"@id":"https:\/\/www.colindres.es\/#organization"},"potentialAction":[{"@type":"SearchAction","target":{"@type":"EntryPoint","urlTemplate":"https:\/\/www.colindres.es\/?s={search_term_string}"},"query-input":{"@type":"PropertyValueSpecification","valueRequired":true,"valueName":"search_term_string"}}],"inLanguage":"es"},{"@type":"Organization","@id":"https:\/\/www.colindres.es\/#organization","name":"AYUNTAMIENTO DE COLINDRES","url":"https:\/\/www.colindres.es\/","logo":{"@type":"ImageObject","inLanguage":"es","@id":"https:\/\/www.colindres.es\/#\/schema\/logo\/image\/","url":"https:\/\/www.colindres.es\/wp-content\/uploads\/2017\/01\/LOGO-PRINCIPAL.jpg","contentUrl":"https:\/\/www.colindres.es\/wp-content\/uploads\/2017\/01\/LOGO-PRINCIPAL.jpg","width":1209,"height":579,"caption":"AYUNTAMIENTO DE COLINDRES"},"image":{"@id":"https:\/\/www.colindres.es\/#\/schema\/logo\/image\/"}}]}},"_links":{"self":[{"href":"https:\/\/www.colindres.es\/index.php\/wp-json\/wp\/v2\/project\/1403","targetHints":{"allow":["GET"]}}],"collection":[{"href":"https:\/\/www.colindres.es\/index.php\/wp-json\/wp\/v2\/project"}],"about":[{"href":"https:\/\/www.colindres.es\/index.php\/wp-json\/wp\/v2\/types\/project"}],"author":[{"embeddable":true,"href":"https:\/\/www.colindres.es\/index.php\/wp-json\/wp\/v2\/users\/1"}],"replies":[{"embeddable":true,"href":"https:\/\/www.colindres.es\/index.php\/wp-json\/wp\/v2\/comments?post=1403"}],"version-history":[{"count":2,"href":"https:\/\/www.colindres.es\/index.php\/wp-json\/wp\/v2\/project\/1403\/revisions"}],"predecessor-version":[{"id":1407,"href":"https:\/\/www.colindres.es\/index.php\/wp-json\/wp\/v2\/project\/1403\/revisions\/1407"}],"wp:featuredmedia":[{"embeddable":true,"href":"https:\/\/www.colindres.es\/index.php\/wp-json\/wp\/v2\/media\/1405"}],"wp:attachment":[{"href":"https:\/\/www.colindres.es\/index.php\/wp-json\/wp\/v2\/media?parent=1403"}],"wp:term":[{"taxonomy":"project_category","embeddable":true,"href":"https:\/\/www.colindres.es\/index.php\/wp-json\/wp\/v2\/project_category?post=1403"},{"taxonomy":"project_tag","embeddable":true,"href":"https:\/\/www.colindres.es\/index.php\/wp-json\/wp\/v2\/project_tag?post=1403"}],"curies":[{"name":"wp","href":"https:\/\/api.w.org\/{rel}","templated":true}]}}