{"id":1400,"date":"2018-04-10T08:37:59","date_gmt":"2018-04-10T08:37:59","guid":{"rendered":"http:\/\/colindres.es\/?post_type=project&#038;p=1400"},"modified":"2018-04-10T08:38:53","modified_gmt":"2018-04-10T08:38:53","slug":"el-chacoli-de-colindres","status":"publish","type":"project","link":"https:\/\/www.colindres.es\/index.php\/project\/el-chacoli-de-colindres\/","title":{"rendered":"El chacol\u00ed de Colindres"},"content":{"rendered":"<p>Un aspecto llamativo en el paisaje urbano colindr\u00e9s son las referencias al cultivo de la vid, tanto en la toponimia: \u201cCallej\u00f3n de las Parras\u201d, \u201cEl Solar de la Vi\u00f1as\u201d o \u201cLa Vi\u00f1uca\u201d, como en algunos elementos constructivos, caso de los parrales presentes en ciertas parcelas. Algo que puede sorprender, ante la actual ausencia de cultivos vit\u00edcolas en el municipio. La respuesta la hallaremos en la historia de la villa, pues durante siglos el cultivo de uvas para la elaboraci\u00f3n de vino fue una de sus principales actividades.<\/p>\n<p>El vino chacol\u00ed era una producci\u00f3n extendida por el norte peninsular, especialmente en las provincias vascas, Burgos y Cantabria, y se le conoc\u00eda como \u201cpatrimonial\u201d o \u201cde la tierra\u201d. Se elaboraba a partir de uvas con cierta acidez y reducida graduaci\u00f3n alcoh\u00f3lica, caracter\u00edsticas debidas a sus vi\u00f1as emparradas.<\/p>\n<p>En Colindres se plantaba en toda parcela aprovechable de huertos, tapiales y mieses, vendimi\u00e1ndose la primera semana de octubre, para lo cual se convocaba a los vecinos con un repique de campanas. No estaba sujeto a impuesto gracias al Privilegio concedido por la corona en 1399, pudi\u00e9ndose adem\u00e1s prohibir la importaci\u00f3n de caldos for\u00e1neos: \u201cninguna persona sea osada a entrarlo en \u00e9l por mayor o por menor hasta que se haya consumido su patrimonio\u201d. Para su venta estaban habilitadas dos tabernas, una en el barrio de La Magdalena y otra en Colindres de Arriba. El diccionario de Pascual Madoz (1850) lo valor\u00f3 en su momento como un caldo \u201cde muy buena calidad, que bien elaborado compite con el de Burdeos\u201d.<\/p>\n<p>Su relevancia viene confirmada por el hecho de que, a finales del siglo XVIII, los r\u00e9ditos de su comercializaci\u00f3n pretendieron ser utilizados para financiar la renovaci\u00f3n del camino entre Laredo y Burgos a trav\u00e9s de Los Tornos, el antiguo Camino Real que cruzaba Colindres. Se impuso un tributo de medio real sobre cada c\u00e1ntara de vino, adem\u00e1s de un real por cada fanega de casta\u00f1as embarcada en puertos y riberos (otra importante producci\u00f3n colindresa). Aprobado el proyecto en 1792 y confirmado por Real Orden de 1798, su construcci\u00f3n habr\u00eda compensado a las comarcas orientales por la apertura del \u201cCamino de las Harinas\u201d, que conectaba a Santander con los campos de trigo castellanos a trav\u00e9s de El Escudo. La crisis desencadenada por la Guerra de Independencia, sin embargo, frustr\u00f3 el proyecto.<\/p>\n<p>Aquella pol\u00edtica proteccionista finaliz\u00f3 con la abolici\u00f3n de los privilegios forales en la d\u00e9cada de 1830, lo que deriv\u00f3 en un progresivo decaimiento de la producci\u00f3n y el consumo de caldos aut\u00f3ctonos. La articulaci\u00f3n por el r\u00e9gimen liberal de un mercado nacional \u00fanico, impulsado por la mejora de transportes y comunicaciones, hicieron imposible la competencia frente a vinos de mayor calidad provenientes de las comarcas del Duero y La Rioja.<\/p>\n<p>Para tratar de revertir la situaci\u00f3n se fund\u00f3 en enero de 1852 el Gremio de Cosecheros de Colindres, que reuni\u00f3 a setenta y cinco productores dispuestos a cooperar para la preservaci\u00f3n del vino patrimonial. Algunos de ellos, liderados por el entonces alcalde Jos\u00e9 Mar\u00eda Maz\u00f3n, solicitaron al gobernador de la provincia el mantenimiento de las franquicias tributarias incluidas en el Privilegio; aunque otros industriales defendieron la esterilidad de tal estrategia.<\/p>\n<p>El golpe de gracia, sin embargo, no vino de la mano de cambios legislativos o evoluciones del mercado, sino por la intervenci\u00f3n de la naturaleza. Aquel mismo a\u00f1o de 1852 una plaga provocada por el hongo Oidium Tuckeri atac\u00f3 todos los cultivos vit\u00edcolas del litoral cant\u00e1brico. Los emparrados se vieron convertidos en eriales, con el agravante de que en Colindres esos terrenos no pod\u00edan reorientarse hacia otro tipo de cultivo, pues se localizaban en posiciones elevadas y de secano.<\/p>\n<p>Hacia 1860 los casi 3.000 carros de tierra dedicados a la vi\u00f1a languidec\u00edan, plagados de vestigios de cepas e invadidos por zarzas y abrojos. Su \u00fanica utilidad era ya su uso como le\u00f1a en los hogares de los vecinos. La plaga lleg\u00f3 a atacar, tambi\u00e9n, a los \u00e1rboles frutales y probablemente a las plantaciones de ma\u00edz, puesto que durante diez a\u00f1os no se consigui\u00f3 regularizar las cosechas en Colindres.<\/p>\n<p>En la d\u00e9cada de 1870 se reconoc\u00eda que el escaso vino chacol\u00ed que a\u00fan se produc\u00eda en el pueblo era de mala calidad y que su coste de producci\u00f3n era superior al de venta, lo que le llev\u00f3 a perder, definitivamente, la batalla frente a los vinos for\u00e1neos, cuyo consumo se impuso en el municipio.<\/p>\n<p>Pie de foto: \u201cAntiguos parrales sobre el muro de acceso a la Casa del Mazo\u201d.<\/p>\n<p>Textos: Yolanda Arce y \u00c1ngel Revuelta<\/p>\n","protected":false},"excerpt":{"rendered":"<p>Un aspecto llamativo en el paisaje urbano colindr\u00e9s son las referencias al cultivo de la vid, tanto en la toponimia: \u201cCallej\u00f3n de las Parras\u201d, \u201cEl Solar de la Vi\u00f1as\u201d o \u201cLa Vi\u00f1uca\u201d, como en algunos elementos constructivos, caso de los parrales presentes en ciertas parcelas. Algo que puede sorprender, ante la actual ausencia de cultivos [&hellip;]<\/p>\n","protected":false},"author":1,"featured_media":1401,"comment_status":"open","ping_status":"closed","template":"","meta":{"_et_pb_use_builder":"","_et_pb_old_content":"","_et_gb_content_width":"","footnotes":""},"project_category":[],"project_tag":[],"class_list":["post-1400","project","type-project","status-publish","has-post-thumbnail","hentry"],"yoast_head":"<!-- This site is optimized with the Yoast SEO plugin v24.9 - https:\/\/yoast.com\/wordpress\/plugins\/seo\/ -->\n<title>El chacol\u00ed de Colindres - Ayuntamiento de Colindres<\/title>\n<meta name=\"robots\" content=\"index, follow, max-snippet:-1, max-image-preview:large, max-video-preview:-1\" \/>\n<link rel=\"canonical\" href=\"https:\/\/www.colindres.es\/index.php\/project\/el-chacoli-de-colindres\/\" \/>\n<meta property=\"og:locale\" content=\"es_ES\" \/>\n<meta property=\"og:type\" content=\"article\" \/>\n<meta property=\"og:title\" content=\"El chacol\u00ed de Colindres - Ayuntamiento de Colindres\" \/>\n<meta property=\"og:description\" content=\"Un aspecto llamativo en el paisaje urbano colindr\u00e9s son las referencias al cultivo de la vid, tanto en la toponimia: \u201cCallej\u00f3n de las Parras\u201d, \u201cEl Solar de la Vi\u00f1as\u201d o \u201cLa Vi\u00f1uca\u201d, como en algunos elementos constructivos, caso de los parrales presentes en ciertas parcelas. Algo que puede sorprender, ante la actual ausencia de cultivos [&hellip;]\" \/>\n<meta property=\"og:url\" content=\"https:\/\/www.colindres.es\/index.php\/project\/el-chacoli-de-colindres\/\" \/>\n<meta property=\"og:site_name\" content=\"Ayuntamiento de Colindres\" \/>\n<meta property=\"article:modified_time\" content=\"2018-04-10T08:38:53+00:00\" \/>\n<meta property=\"og:image\" content=\"https:\/\/www.colindres.es\/wp-content\/uploads\/2018\/04\/Muro-Casa-Mazo.jpg\" \/>\n\t<meta property=\"og:image:width\" content=\"3236\" \/>\n\t<meta property=\"og:image:height\" content=\"2182\" \/>\n\t<meta property=\"og:image:type\" content=\"image\/jpeg\" \/>\n<meta name=\"twitter:card\" content=\"summary_large_image\" \/>\n<meta name=\"twitter:label1\" content=\"Tiempo de lectura\" \/>\n\t<meta name=\"twitter:data1\" content=\"4 minutos\" \/>\n<script type=\"application\/ld+json\" class=\"yoast-schema-graph\">{\"@context\":\"https:\/\/schema.org\",\"@graph\":[{\"@type\":\"WebPage\",\"@id\":\"https:\/\/www.colindres.es\/index.php\/project\/el-chacoli-de-colindres\/\",\"url\":\"https:\/\/www.colindres.es\/index.php\/project\/el-chacoli-de-colindres\/\",\"name\":\"El chacol\u00ed de Colindres - Ayuntamiento de Colindres\",\"isPartOf\":{\"@id\":\"https:\/\/www.colindres.es\/#website\"},\"primaryImageOfPage\":{\"@id\":\"https:\/\/www.colindres.es\/index.php\/project\/el-chacoli-de-colindres\/#primaryimage\"},\"image\":{\"@id\":\"https:\/\/www.colindres.es\/index.php\/project\/el-chacoli-de-colindres\/#primaryimage\"},\"thumbnailUrl\":\"https:\/\/www.colindres.es\/wp-content\/uploads\/2018\/04\/Muro-Casa-Mazo.jpg\",\"datePublished\":\"2018-04-10T08:37:59+00:00\",\"dateModified\":\"2018-04-10T08:38:53+00:00\",\"breadcrumb\":{\"@id\":\"https:\/\/www.colindres.es\/index.php\/project\/el-chacoli-de-colindres\/#breadcrumb\"},\"inLanguage\":\"es\",\"potentialAction\":[{\"@type\":\"ReadAction\",\"target\":[\"https:\/\/www.colindres.es\/index.php\/project\/el-chacoli-de-colindres\/\"]}]},{\"@type\":\"ImageObject\",\"inLanguage\":\"es\",\"@id\":\"https:\/\/www.colindres.es\/index.php\/project\/el-chacoli-de-colindres\/#primaryimage\",\"url\":\"https:\/\/www.colindres.es\/wp-content\/uploads\/2018\/04\/Muro-Casa-Mazo.jpg\",\"contentUrl\":\"https:\/\/www.colindres.es\/wp-content\/uploads\/2018\/04\/Muro-Casa-Mazo.jpg\",\"width\":3236,\"height\":2182},{\"@type\":\"BreadcrumbList\",\"@id\":\"https:\/\/www.colindres.es\/index.php\/project\/el-chacoli-de-colindres\/#breadcrumb\",\"itemListElement\":[{\"@type\":\"ListItem\",\"position\":1,\"name\":\"Portada\",\"item\":\"https:\/\/www.colindres.es\/\"},{\"@type\":\"ListItem\",\"position\":2,\"name\":\"Proyectos\",\"item\":\"https:\/\/www.colindres.es\/index.php\/project\/\"},{\"@type\":\"ListItem\",\"position\":3,\"name\":\"El chacol\u00ed de Colindres\"}]},{\"@type\":\"WebSite\",\"@id\":\"https:\/\/www.colindres.es\/#website\",\"url\":\"https:\/\/www.colindres.es\/\",\"name\":\"Ayuntamiento de Colindres\",\"description\":\"Dise\u00f1ado por NTIC&#039;s\",\"publisher\":{\"@id\":\"https:\/\/www.colindres.es\/#organization\"},\"potentialAction\":[{\"@type\":\"SearchAction\",\"target\":{\"@type\":\"EntryPoint\",\"urlTemplate\":\"https:\/\/www.colindres.es\/?s={search_term_string}\"},\"query-input\":{\"@type\":\"PropertyValueSpecification\",\"valueRequired\":true,\"valueName\":\"search_term_string\"}}],\"inLanguage\":\"es\"},{\"@type\":\"Organization\",\"@id\":\"https:\/\/www.colindres.es\/#organization\",\"name\":\"AYUNTAMIENTO DE COLINDRES\",\"url\":\"https:\/\/www.colindres.es\/\",\"logo\":{\"@type\":\"ImageObject\",\"inLanguage\":\"es\",\"@id\":\"https:\/\/www.colindres.es\/#\/schema\/logo\/image\/\",\"url\":\"https:\/\/www.colindres.es\/wp-content\/uploads\/2017\/01\/LOGO-PRINCIPAL.jpg\",\"contentUrl\":\"https:\/\/www.colindres.es\/wp-content\/uploads\/2017\/01\/LOGO-PRINCIPAL.jpg\",\"width\":1209,\"height\":579,\"caption\":\"AYUNTAMIENTO DE COLINDRES\"},\"image\":{\"@id\":\"https:\/\/www.colindres.es\/#\/schema\/logo\/image\/\"}}]}<\/script>\n<!-- \/ Yoast SEO plugin. -->","yoast_head_json":{"title":"El chacol\u00ed de Colindres - Ayuntamiento de Colindres","robots":{"index":"index","follow":"follow","max-snippet":"max-snippet:-1","max-image-preview":"max-image-preview:large","max-video-preview":"max-video-preview:-1"},"canonical":"https:\/\/www.colindres.es\/index.php\/project\/el-chacoli-de-colindres\/","og_locale":"es_ES","og_type":"article","og_title":"El chacol\u00ed de Colindres - Ayuntamiento de Colindres","og_description":"Un aspecto llamativo en el paisaje urbano colindr\u00e9s son las referencias al cultivo de la vid, tanto en la toponimia: \u201cCallej\u00f3n de las Parras\u201d, \u201cEl Solar de la Vi\u00f1as\u201d o \u201cLa Vi\u00f1uca\u201d, como en algunos elementos constructivos, caso de los parrales presentes en ciertas parcelas. Algo que puede sorprender, ante la actual ausencia de cultivos [&hellip;]","og_url":"https:\/\/www.colindres.es\/index.php\/project\/el-chacoli-de-colindres\/","og_site_name":"Ayuntamiento de Colindres","article_modified_time":"2018-04-10T08:38:53+00:00","og_image":[{"width":3236,"height":2182,"url":"https:\/\/www.colindres.es\/wp-content\/uploads\/2018\/04\/Muro-Casa-Mazo.jpg","type":"image\/jpeg"}],"twitter_card":"summary_large_image","twitter_misc":{"Tiempo de lectura":"4 minutos"},"schema":{"@context":"https:\/\/schema.org","@graph":[{"@type":"WebPage","@id":"https:\/\/www.colindres.es\/index.php\/project\/el-chacoli-de-colindres\/","url":"https:\/\/www.colindres.es\/index.php\/project\/el-chacoli-de-colindres\/","name":"El chacol\u00ed de Colindres - Ayuntamiento de Colindres","isPartOf":{"@id":"https:\/\/www.colindres.es\/#website"},"primaryImageOfPage":{"@id":"https:\/\/www.colindres.es\/index.php\/project\/el-chacoli-de-colindres\/#primaryimage"},"image":{"@id":"https:\/\/www.colindres.es\/index.php\/project\/el-chacoli-de-colindres\/#primaryimage"},"thumbnailUrl":"https:\/\/www.colindres.es\/wp-content\/uploads\/2018\/04\/Muro-Casa-Mazo.jpg","datePublished":"2018-04-10T08:37:59+00:00","dateModified":"2018-04-10T08:38:53+00:00","breadcrumb":{"@id":"https:\/\/www.colindres.es\/index.php\/project\/el-chacoli-de-colindres\/#breadcrumb"},"inLanguage":"es","potentialAction":[{"@type":"ReadAction","target":["https:\/\/www.colindres.es\/index.php\/project\/el-chacoli-de-colindres\/"]}]},{"@type":"ImageObject","inLanguage":"es","@id":"https:\/\/www.colindres.es\/index.php\/project\/el-chacoli-de-colindres\/#primaryimage","url":"https:\/\/www.colindres.es\/wp-content\/uploads\/2018\/04\/Muro-Casa-Mazo.jpg","contentUrl":"https:\/\/www.colindres.es\/wp-content\/uploads\/2018\/04\/Muro-Casa-Mazo.jpg","width":3236,"height":2182},{"@type":"BreadcrumbList","@id":"https:\/\/www.colindres.es\/index.php\/project\/el-chacoli-de-colindres\/#breadcrumb","itemListElement":[{"@type":"ListItem","position":1,"name":"Portada","item":"https:\/\/www.colindres.es\/"},{"@type":"ListItem","position":2,"name":"Proyectos","item":"https:\/\/www.colindres.es\/index.php\/project\/"},{"@type":"ListItem","position":3,"name":"El chacol\u00ed de Colindres"}]},{"@type":"WebSite","@id":"https:\/\/www.colindres.es\/#website","url":"https:\/\/www.colindres.es\/","name":"Ayuntamiento de Colindres","description":"Dise\u00f1ado por NTIC&#039;s","publisher":{"@id":"https:\/\/www.colindres.es\/#organization"},"potentialAction":[{"@type":"SearchAction","target":{"@type":"EntryPoint","urlTemplate":"https:\/\/www.colindres.es\/?s={search_term_string}"},"query-input":{"@type":"PropertyValueSpecification","valueRequired":true,"valueName":"search_term_string"}}],"inLanguage":"es"},{"@type":"Organization","@id":"https:\/\/www.colindres.es\/#organization","name":"AYUNTAMIENTO DE COLINDRES","url":"https:\/\/www.colindres.es\/","logo":{"@type":"ImageObject","inLanguage":"es","@id":"https:\/\/www.colindres.es\/#\/schema\/logo\/image\/","url":"https:\/\/www.colindres.es\/wp-content\/uploads\/2017\/01\/LOGO-PRINCIPAL.jpg","contentUrl":"https:\/\/www.colindres.es\/wp-content\/uploads\/2017\/01\/LOGO-PRINCIPAL.jpg","width":1209,"height":579,"caption":"AYUNTAMIENTO DE COLINDRES"},"image":{"@id":"https:\/\/www.colindres.es\/#\/schema\/logo\/image\/"}}]}},"_links":{"self":[{"href":"https:\/\/www.colindres.es\/index.php\/wp-json\/wp\/v2\/project\/1400","targetHints":{"allow":["GET"]}}],"collection":[{"href":"https:\/\/www.colindres.es\/index.php\/wp-json\/wp\/v2\/project"}],"about":[{"href":"https:\/\/www.colindres.es\/index.php\/wp-json\/wp\/v2\/types\/project"}],"author":[{"embeddable":true,"href":"https:\/\/www.colindres.es\/index.php\/wp-json\/wp\/v2\/users\/1"}],"replies":[{"embeddable":true,"href":"https:\/\/www.colindres.es\/index.php\/wp-json\/wp\/v2\/comments?post=1400"}],"version-history":[{"count":1,"href":"https:\/\/www.colindres.es\/index.php\/wp-json\/wp\/v2\/project\/1400\/revisions"}],"predecessor-version":[{"id":1402,"href":"https:\/\/www.colindres.es\/index.php\/wp-json\/wp\/v2\/project\/1400\/revisions\/1402"}],"wp:featuredmedia":[{"embeddable":true,"href":"https:\/\/www.colindres.es\/index.php\/wp-json\/wp\/v2\/media\/1401"}],"wp:attachment":[{"href":"https:\/\/www.colindres.es\/index.php\/wp-json\/wp\/v2\/media?parent=1400"}],"wp:term":[{"taxonomy":"project_category","embeddable":true,"href":"https:\/\/www.colindres.es\/index.php\/wp-json\/wp\/v2\/project_category?post=1400"},{"taxonomy":"project_tag","embeddable":true,"href":"https:\/\/www.colindres.es\/index.php\/wp-json\/wp\/v2\/project_tag?post=1400"}],"curies":[{"name":"wp","href":"https:\/\/api.w.org\/{rel}","templated":true}]}}