{"id":1386,"date":"2018-04-04T13:23:02","date_gmt":"2018-04-04T13:23:02","guid":{"rendered":"http:\/\/colindres.es\/?post_type=project&#038;p=1386"},"modified":"2018-04-04T13:23:02","modified_gmt":"2018-04-04T13:23:02","slug":"david-demaria-cafe-quijano-y-merche-actuaran-en-las-fiestas-de-san-gines-de-colindres","status":"publish","type":"project","link":"https:\/\/www.colindres.es\/index.php\/project\/david-demaria-cafe-quijano-y-merche-actuaran-en-las-fiestas-de-san-gines-de-colindres\/","title":{"rendered":"David DeMar\u00eda, Caf\u00e9 Quijano y Merche actuar\u00e1n en las fiestas de San Gin\u00e9s de Colindres"},"content":{"rendered":"<p>La Orquesta Mondrag\u00f3n y Javier Gurruchaga animar\u00e1n la noche de San Juan<\/p>\n<p>Colindres, 4 de abril.- David DeMar\u00eda, Caf\u00e9 Quijano y Merche actuar\u00e1n el pr\u00f3ximo mes de agosto en Colindres con motivo de la celebraci\u00f3n de la festividad de San Gin\u00e9s, patr\u00f3n del municipio, mientras que la Orquesta Mondrag\u00f3n y Javier Gurruchaga animar\u00e1n la noche de San Juan (23 de junio).<\/p>\n<p>As\u00ed lo ha confirmado este mi\u00e9rcoles la concejala de Servicios Sociales, Econom\u00eda y Festejos, Mar\u00eda Eugenia Casta\u00f1eda, quien ha dado a conocer un avance de la programaci\u00f3n estival a todos los grupos municipales durante la Comisi\u00f3n de Festejos celebrada en la tarde noche de ayer martes.<\/p>\n<p>Seg\u00fan ha destacado Casta\u00f1eda, el programa de San Gin\u00e9s de este a\u00f1o traer\u00e1 conciertos con nombres conocidos y de calidad, \u201cofreciendo a vecinos y visitantes la posibilidad de disfrutar de los \u00e9xitos de artistas de relevancia nacional con espect\u00e1culos con una cuidada puesta en escena\u201d.<\/p>\n<p>Adem\u00e1s de estas actuaciones, que ser\u00e1n gratuitas, la Concejal\u00eda de Festejos y la Comisi\u00f3n de Fiestas de la Cofrad\u00eda de Pescadores est\u00e1n trabajando conjuntamente para dise\u00f1ar un amplio programa de actividades pensadas para todas las edades y que se dar\u00e1n a conocer de forma detallada a medida que se acerquen las fechas.<\/p>\n<p>As\u00ed, seg\u00fan ha avanzado la edil de Festejos, no faltar\u00e1n la tradicional carrera de artefactos navegables, los fuegos artificiales, la regata de traineras, el concurso de la marmita, las exhibiciones deportivas, los conciertos tributo, los talleres infantiles, hinchables y un largo etc\u00e9tera con el deseo de que las fiestas vuelvan a ser un \u00e9xito.<\/p>\n<p>En cuanto a las fiestas de San Juan ser\u00e1n amenizadas por la m\u00edtica e inigualable Orquesta Mondrag\u00f3n que capitanea el cantante, actor y presentador Javier Gurruchaga, quien saludar\u00e1 a todos los asistentes desde el balc\u00f3n del ayuntamiento. Fundada en 1976, esta orquesta es pionera en la fusi\u00f3n de m\u00fasica y teatro y recalar\u00e1 en Colindres con la gira \u2018Anda Suelto Satan\u00e1s\u2019.<\/p>\n<p>Finalmente, Casta\u00f1eda ha agradecido el \u201cenorme trabajo\u201d que est\u00e1n realizando los voluntarios de la Comisi\u00f3n de Festejos de la Cofrad\u00eda de Pescadores, as\u00ed como a todas las entidades, asociaciones y pe\u00f1as locales, que \u201csin duda alguna hacen que las fiestas de Colindres sean especiales\u201d.<\/p>\n<p>Conciertos<\/p>\n<p>El encargado de abrir los festejos de San Gin\u00e9s el jueves 23 de agosto ser\u00e1 David Jim\u00e9nez Pinte\u00f1o, conocido art\u00edsticamente como David DeMar\u00eda. El cantautor y compositor espa\u00f1ol arrancar\u00e1 gira el pr\u00f3ximo mes de mayo para presentar su \u00faltimo trabajo \u201920 a\u00f1os\u2019, en el que repasa los temas m\u00e1s destacados de su dilatada carrera, como \u2018Precisamente ahora\u2019, \u2018Barcos de papel\u2019, \u2018Cada vez que estoy sin ti\u2019 o \u2018Que yo no quiero problemas\u2019. En este disco ha contado adem\u00e1s con las colaboraciones de Manuel Carrasco, Vanesa Mart\u00edn y Sergio Dalma, entre muchos otros artistas.<\/p>\n<p>Desde que comenz\u00f3 su carrera en solitario en 1997, DeMar\u00eda ha publicado trece \u00e1lbumes, ha sido disco de oro, triple disco de platino y ha ganado varios Premios Onda. Tambi\u00e9n ha destacado como compositor de canciones para numerosos artistas, como David Bustamante, Mal\u00fa o Tamara, y ha interpretado el tema principal de la popular pel\u00edcula \u2018Ocho Apellidos Vascos\u2019.<\/p>\n<p>El s\u00e1bado 25 ser\u00e1 el turno de Caf\u00e9 Quijano. Los hermanos Manuel, \u00d3scar y Ra\u00fal Quijano regresaron en 2011 como grupo despu\u00e9s de haber afrontado retos en solitario y en este tiempo han publicado la trilog\u00eda \u2018Or\u00edgenes: El Bolero\u2019, con muy buena acogida por parte del p\u00fablico. Este mismo verano han sido de lo m\u00e1s visto de internet con su \u00faltimo trabajo \u2018Perdonarme\u2019, con Willy, de \u2018Taburete\u2019, cuyo videoclip en YouTube ya acumula m\u00e1s de tres millones de visitas.<\/p>\n<p>El grupo de Le\u00f3n ha tenido una carrera mete\u00f3rica. En 1998 publicaron su primer trabajo discogr\u00e1fico \u2013hom\u00f3nimo al nombre de la banda- y tan solo un a\u00f1o m\u00e1s tarde, en 1999, se situaron como uno de los referentes de la m\u00fasica en castellano a nivel internacional, siendo su primer sencillo \u2018Lola\u2019, n\u00famero 1 en emisoras de radio de m\u00e1s de 30 pa\u00edses y convirti\u00e9ndose en el primer grupo espa\u00f1ol en ser nominado al Grammy estadounidense en sus 43 ediciones.<\/p>\n<p>Su \u00e9xito continu\u00f3 con \u2018La Taberna del Buda\u2019 (2001), con el que vendieron cerca de un mill\u00f3n de copias, y \u2018Qu\u00e9 grande es esto del amor\u2019, en el que contaron con la participaci\u00f3n de C\u00e9line Dion. Tras a\u00f1os de incombustible trabajo y una vez finalizada la gira de su \u00faltimo disco, los hermanos Quijano decidieron afrontar nuevos retos en solitario hasta que en 2011 han vuelto como grupo.<\/p>\n<p>Mercedes Trujillo Callealta \u2018Merche\u2019 pondr\u00e1 el colof\u00f3n a las fiestas patronales el domingo 26. La cantante gaditana inici\u00f3 el pasado mes de marzo nueva gira para presentar su octavo \u00e1lbum \u2018De Otra Manera\u2019. Con su primer trabajo \u2018Mi sue\u00f1o\u2019 (2002) vendi\u00f3 m\u00e1s de 100.000 copias y el tema \u2018No Me Pidas M\u00e1s Amor\u2019 fue la banda sonora del concurso Gran Hermano, lo que le hizo ganarse un hueco en la televisi\u00f3n. Ha formado parte del jurado para seleccionar al representante de Espa\u00f1a en Eurovisi\u00f3n 2011 y 2014 y del espacio \u2018T\u00fa S\u00ed Que Vales\u2019 de Telecinco, adem\u00e1s de presentar el programa de Canal Sur Cerca De Ti.<\/p>\n<p>En 2003 lanz\u00f3 \u2018Aut\u00e9ntica\u2019. Despu\u00e9s llegaron \u2018Necesito Libertad\u2019 (2005), \u2018Cal Y Arena\u2019 (2007) y \u2018Acordes De Mi Diario\u2019 (2010), con el que consigui\u00f3 debutar en el primer puesto de la lista de \u00e9xitos de Espa\u00f1a y su primer n\u00famero 1 en ventas de \u00e1lbumes de su carrera musical.<\/p>\n","protected":false},"excerpt":{"rendered":"<p>La Orquesta Mondrag\u00f3n y Javier Gurruchaga animar\u00e1n la noche de San Juan Colindres, 4 de abril.- David DeMar\u00eda, Caf\u00e9 Quijano y Merche actuar\u00e1n el pr\u00f3ximo mes de agosto en Colindres con motivo de la celebraci\u00f3n de la festividad de San Gin\u00e9s, patr\u00f3n del municipio, mientras que la Orquesta Mondrag\u00f3n y Javier Gurruchaga animar\u00e1n la noche [&hellip;]<\/p>\n","protected":false},"author":1,"featured_media":1387,"comment_status":"open","ping_status":"closed","template":"","meta":{"_et_pb_use_builder":"","_et_pb_old_content":"","_et_gb_content_width":"","footnotes":""},"project_category":[],"project_tag":[],"class_list":["post-1386","project","type-project","status-publish","has-post-thumbnail","hentry"],"yoast_head":"<!-- This site is optimized with the Yoast SEO plugin v24.9 - https:\/\/yoast.com\/wordpress\/plugins\/seo\/ -->\n<title>David DeMar\u00eda, Caf\u00e9 Quijano y Merche actuar\u00e1n en las fiestas de San Gin\u00e9s de Colindres - Ayuntamiento de Colindres<\/title>\n<meta name=\"robots\" content=\"index, follow, max-snippet:-1, max-image-preview:large, max-video-preview:-1\" \/>\n<link rel=\"canonical\" href=\"https:\/\/www.colindres.es\/index.php\/project\/david-demaria-cafe-quijano-y-merche-actuaran-en-las-fiestas-de-san-gines-de-colindres\/\" \/>\n<meta property=\"og:locale\" content=\"es_ES\" \/>\n<meta property=\"og:type\" content=\"article\" \/>\n<meta property=\"og:title\" content=\"David DeMar\u00eda, Caf\u00e9 Quijano y Merche actuar\u00e1n en las fiestas de San Gin\u00e9s de Colindres - Ayuntamiento de Colindres\" \/>\n<meta property=\"og:description\" content=\"La Orquesta Mondrag\u00f3n y Javier Gurruchaga animar\u00e1n la noche de San Juan Colindres, 4 de abril.- David DeMar\u00eda, Caf\u00e9 Quijano y Merche actuar\u00e1n el pr\u00f3ximo mes de agosto en Colindres con motivo de la celebraci\u00f3n de la festividad de San Gin\u00e9s, patr\u00f3n del municipio, mientras que la Orquesta Mondrag\u00f3n y Javier Gurruchaga animar\u00e1n la noche [&hellip;]\" \/>\n<meta property=\"og:url\" content=\"https:\/\/www.colindres.es\/index.php\/project\/david-demaria-cafe-quijano-y-merche-actuaran-en-las-fiestas-de-san-gines-de-colindres\/\" \/>\n<meta property=\"og:site_name\" content=\"Ayuntamiento de Colindres\" \/>\n<meta property=\"og:image\" content=\"https:\/\/www.colindres.es\/wp-content\/uploads\/2018\/04\/Caf\u00e9-Quijano_gira2017.jpg\" \/>\n\t<meta property=\"og:image:width\" content=\"1000\" \/>\n\t<meta property=\"og:image:height\" content=\"667\" \/>\n\t<meta property=\"og:image:type\" content=\"image\/jpeg\" \/>\n<meta name=\"twitter:card\" content=\"summary_large_image\" \/>\n<meta name=\"twitter:label1\" content=\"Tiempo de lectura\" \/>\n\t<meta name=\"twitter:data1\" content=\"5 minutos\" \/>\n<script type=\"application\/ld+json\" class=\"yoast-schema-graph\">{\"@context\":\"https:\/\/schema.org\",\"@graph\":[{\"@type\":\"WebPage\",\"@id\":\"https:\/\/www.colindres.es\/index.php\/project\/david-demaria-cafe-quijano-y-merche-actuaran-en-las-fiestas-de-san-gines-de-colindres\/\",\"url\":\"https:\/\/www.colindres.es\/index.php\/project\/david-demaria-cafe-quijano-y-merche-actuaran-en-las-fiestas-de-san-gines-de-colindres\/\",\"name\":\"David DeMar\u00eda, Caf\u00e9 Quijano y Merche actuar\u00e1n en las fiestas de San Gin\u00e9s de Colindres - Ayuntamiento de Colindres\",\"isPartOf\":{\"@id\":\"https:\/\/www.colindres.es\/#website\"},\"primaryImageOfPage\":{\"@id\":\"https:\/\/www.colindres.es\/index.php\/project\/david-demaria-cafe-quijano-y-merche-actuaran-en-las-fiestas-de-san-gines-de-colindres\/#primaryimage\"},\"image\":{\"@id\":\"https:\/\/www.colindres.es\/index.php\/project\/david-demaria-cafe-quijano-y-merche-actuaran-en-las-fiestas-de-san-gines-de-colindres\/#primaryimage\"},\"thumbnailUrl\":\"https:\/\/www.colindres.es\/wp-content\/uploads\/2018\/04\/Caf\u00e9-Quijano_gira2017.jpg\",\"datePublished\":\"2018-04-04T13:23:02+00:00\",\"breadcrumb\":{\"@id\":\"https:\/\/www.colindres.es\/index.php\/project\/david-demaria-cafe-quijano-y-merche-actuaran-en-las-fiestas-de-san-gines-de-colindres\/#breadcrumb\"},\"inLanguage\":\"es\",\"potentialAction\":[{\"@type\":\"ReadAction\",\"target\":[\"https:\/\/www.colindres.es\/index.php\/project\/david-demaria-cafe-quijano-y-merche-actuaran-en-las-fiestas-de-san-gines-de-colindres\/\"]}]},{\"@type\":\"ImageObject\",\"inLanguage\":\"es\",\"@id\":\"https:\/\/www.colindres.es\/index.php\/project\/david-demaria-cafe-quijano-y-merche-actuaran-en-las-fiestas-de-san-gines-de-colindres\/#primaryimage\",\"url\":\"https:\/\/www.colindres.es\/wp-content\/uploads\/2018\/04\/Caf\u00e9-Quijano_gira2017.jpg\",\"contentUrl\":\"https:\/\/www.colindres.es\/wp-content\/uploads\/2018\/04\/Caf\u00e9-Quijano_gira2017.jpg\",\"width\":1000,\"height\":667},{\"@type\":\"BreadcrumbList\",\"@id\":\"https:\/\/www.colindres.es\/index.php\/project\/david-demaria-cafe-quijano-y-merche-actuaran-en-las-fiestas-de-san-gines-de-colindres\/#breadcrumb\",\"itemListElement\":[{\"@type\":\"ListItem\",\"position\":1,\"name\":\"Portada\",\"item\":\"https:\/\/www.colindres.es\/\"},{\"@type\":\"ListItem\",\"position\":2,\"name\":\"Proyectos\",\"item\":\"https:\/\/www.colindres.es\/index.php\/project\/\"},{\"@type\":\"ListItem\",\"position\":3,\"name\":\"David DeMar\u00eda, Caf\u00e9 Quijano y Merche actuar\u00e1n en las fiestas de San Gin\u00e9s de Colindres\"}]},{\"@type\":\"WebSite\",\"@id\":\"https:\/\/www.colindres.es\/#website\",\"url\":\"https:\/\/www.colindres.es\/\",\"name\":\"Ayuntamiento de Colindres\",\"description\":\"Dise\u00f1ado por NTIC&#039;s\",\"publisher\":{\"@id\":\"https:\/\/www.colindres.es\/#organization\"},\"potentialAction\":[{\"@type\":\"SearchAction\",\"target\":{\"@type\":\"EntryPoint\",\"urlTemplate\":\"https:\/\/www.colindres.es\/?s={search_term_string}\"},\"query-input\":{\"@type\":\"PropertyValueSpecification\",\"valueRequired\":true,\"valueName\":\"search_term_string\"}}],\"inLanguage\":\"es\"},{\"@type\":\"Organization\",\"@id\":\"https:\/\/www.colindres.es\/#organization\",\"name\":\"AYUNTAMIENTO DE COLINDRES\",\"url\":\"https:\/\/www.colindres.es\/\",\"logo\":{\"@type\":\"ImageObject\",\"inLanguage\":\"es\",\"@id\":\"https:\/\/www.colindres.es\/#\/schema\/logo\/image\/\",\"url\":\"https:\/\/www.colindres.es\/wp-content\/uploads\/2017\/01\/LOGO-PRINCIPAL.jpg\",\"contentUrl\":\"https:\/\/www.colindres.es\/wp-content\/uploads\/2017\/01\/LOGO-PRINCIPAL.jpg\",\"width\":1209,\"height\":579,\"caption\":\"AYUNTAMIENTO DE COLINDRES\"},\"image\":{\"@id\":\"https:\/\/www.colindres.es\/#\/schema\/logo\/image\/\"}}]}<\/script>\n<!-- \/ Yoast SEO plugin. -->","yoast_head_json":{"title":"David DeMar\u00eda, Caf\u00e9 Quijano y Merche actuar\u00e1n en las fiestas de San Gin\u00e9s de Colindres - Ayuntamiento de Colindres","robots":{"index":"index","follow":"follow","max-snippet":"max-snippet:-1","max-image-preview":"max-image-preview:large","max-video-preview":"max-video-preview:-1"},"canonical":"https:\/\/www.colindres.es\/index.php\/project\/david-demaria-cafe-quijano-y-merche-actuaran-en-las-fiestas-de-san-gines-de-colindres\/","og_locale":"es_ES","og_type":"article","og_title":"David DeMar\u00eda, Caf\u00e9 Quijano y Merche actuar\u00e1n en las fiestas de San Gin\u00e9s de Colindres - Ayuntamiento de Colindres","og_description":"La Orquesta Mondrag\u00f3n y Javier Gurruchaga animar\u00e1n la noche de San Juan Colindres, 4 de abril.- David DeMar\u00eda, Caf\u00e9 Quijano y Merche actuar\u00e1n el pr\u00f3ximo mes de agosto en Colindres con motivo de la celebraci\u00f3n de la festividad de San Gin\u00e9s, patr\u00f3n del municipio, mientras que la Orquesta Mondrag\u00f3n y Javier Gurruchaga animar\u00e1n la noche [&hellip;]","og_url":"https:\/\/www.colindres.es\/index.php\/project\/david-demaria-cafe-quijano-y-merche-actuaran-en-las-fiestas-de-san-gines-de-colindres\/","og_site_name":"Ayuntamiento de Colindres","og_image":[{"width":1000,"height":667,"url":"https:\/\/www.colindres.es\/wp-content\/uploads\/2018\/04\/Caf\u00e9-Quijano_gira2017.jpg","type":"image\/jpeg"}],"twitter_card":"summary_large_image","twitter_misc":{"Tiempo de lectura":"5 minutos"},"schema":{"@context":"https:\/\/schema.org","@graph":[{"@type":"WebPage","@id":"https:\/\/www.colindres.es\/index.php\/project\/david-demaria-cafe-quijano-y-merche-actuaran-en-las-fiestas-de-san-gines-de-colindres\/","url":"https:\/\/www.colindres.es\/index.php\/project\/david-demaria-cafe-quijano-y-merche-actuaran-en-las-fiestas-de-san-gines-de-colindres\/","name":"David DeMar\u00eda, Caf\u00e9 Quijano y Merche actuar\u00e1n en las fiestas de San Gin\u00e9s de Colindres - Ayuntamiento de Colindres","isPartOf":{"@id":"https:\/\/www.colindres.es\/#website"},"primaryImageOfPage":{"@id":"https:\/\/www.colindres.es\/index.php\/project\/david-demaria-cafe-quijano-y-merche-actuaran-en-las-fiestas-de-san-gines-de-colindres\/#primaryimage"},"image":{"@id":"https:\/\/www.colindres.es\/index.php\/project\/david-demaria-cafe-quijano-y-merche-actuaran-en-las-fiestas-de-san-gines-de-colindres\/#primaryimage"},"thumbnailUrl":"https:\/\/www.colindres.es\/wp-content\/uploads\/2018\/04\/Caf\u00e9-Quijano_gira2017.jpg","datePublished":"2018-04-04T13:23:02+00:00","breadcrumb":{"@id":"https:\/\/www.colindres.es\/index.php\/project\/david-demaria-cafe-quijano-y-merche-actuaran-en-las-fiestas-de-san-gines-de-colindres\/#breadcrumb"},"inLanguage":"es","potentialAction":[{"@type":"ReadAction","target":["https:\/\/www.colindres.es\/index.php\/project\/david-demaria-cafe-quijano-y-merche-actuaran-en-las-fiestas-de-san-gines-de-colindres\/"]}]},{"@type":"ImageObject","inLanguage":"es","@id":"https:\/\/www.colindres.es\/index.php\/project\/david-demaria-cafe-quijano-y-merche-actuaran-en-las-fiestas-de-san-gines-de-colindres\/#primaryimage","url":"https:\/\/www.colindres.es\/wp-content\/uploads\/2018\/04\/Caf\u00e9-Quijano_gira2017.jpg","contentUrl":"https:\/\/www.colindres.es\/wp-content\/uploads\/2018\/04\/Caf\u00e9-Quijano_gira2017.jpg","width":1000,"height":667},{"@type":"BreadcrumbList","@id":"https:\/\/www.colindres.es\/index.php\/project\/david-demaria-cafe-quijano-y-merche-actuaran-en-las-fiestas-de-san-gines-de-colindres\/#breadcrumb","itemListElement":[{"@type":"ListItem","position":1,"name":"Portada","item":"https:\/\/www.colindres.es\/"},{"@type":"ListItem","position":2,"name":"Proyectos","item":"https:\/\/www.colindres.es\/index.php\/project\/"},{"@type":"ListItem","position":3,"name":"David DeMar\u00eda, Caf\u00e9 Quijano y Merche actuar\u00e1n en las fiestas de San Gin\u00e9s de Colindres"}]},{"@type":"WebSite","@id":"https:\/\/www.colindres.es\/#website","url":"https:\/\/www.colindres.es\/","name":"Ayuntamiento de Colindres","description":"Dise\u00f1ado por NTIC&#039;s","publisher":{"@id":"https:\/\/www.colindres.es\/#organization"},"potentialAction":[{"@type":"SearchAction","target":{"@type":"EntryPoint","urlTemplate":"https:\/\/www.colindres.es\/?s={search_term_string}"},"query-input":{"@type":"PropertyValueSpecification","valueRequired":true,"valueName":"search_term_string"}}],"inLanguage":"es"},{"@type":"Organization","@id":"https:\/\/www.colindres.es\/#organization","name":"AYUNTAMIENTO DE COLINDRES","url":"https:\/\/www.colindres.es\/","logo":{"@type":"ImageObject","inLanguage":"es","@id":"https:\/\/www.colindres.es\/#\/schema\/logo\/image\/","url":"https:\/\/www.colindres.es\/wp-content\/uploads\/2017\/01\/LOGO-PRINCIPAL.jpg","contentUrl":"https:\/\/www.colindres.es\/wp-content\/uploads\/2017\/01\/LOGO-PRINCIPAL.jpg","width":1209,"height":579,"caption":"AYUNTAMIENTO DE COLINDRES"},"image":{"@id":"https:\/\/www.colindres.es\/#\/schema\/logo\/image\/"}}]}},"_links":{"self":[{"href":"https:\/\/www.colindres.es\/index.php\/wp-json\/wp\/v2\/project\/1386","targetHints":{"allow":["GET"]}}],"collection":[{"href":"https:\/\/www.colindres.es\/index.php\/wp-json\/wp\/v2\/project"}],"about":[{"href":"https:\/\/www.colindres.es\/index.php\/wp-json\/wp\/v2\/types\/project"}],"author":[{"embeddable":true,"href":"https:\/\/www.colindres.es\/index.php\/wp-json\/wp\/v2\/users\/1"}],"replies":[{"embeddable":true,"href":"https:\/\/www.colindres.es\/index.php\/wp-json\/wp\/v2\/comments?post=1386"}],"version-history":[{"count":1,"href":"https:\/\/www.colindres.es\/index.php\/wp-json\/wp\/v2\/project\/1386\/revisions"}],"predecessor-version":[{"id":1388,"href":"https:\/\/www.colindres.es\/index.php\/wp-json\/wp\/v2\/project\/1386\/revisions\/1388"}],"wp:featuredmedia":[{"embeddable":true,"href":"https:\/\/www.colindres.es\/index.php\/wp-json\/wp\/v2\/media\/1387"}],"wp:attachment":[{"href":"https:\/\/www.colindres.es\/index.php\/wp-json\/wp\/v2\/media?parent=1386"}],"wp:term":[{"taxonomy":"project_category","embeddable":true,"href":"https:\/\/www.colindres.es\/index.php\/wp-json\/wp\/v2\/project_category?post=1386"},{"taxonomy":"project_tag","embeddable":true,"href":"https:\/\/www.colindres.es\/index.php\/wp-json\/wp\/v2\/project_tag?post=1386"}],"curies":[{"name":"wp","href":"https:\/\/api.w.org\/{rel}","templated":true}]}}