{"id":1381,"date":"2018-03-29T13:32:55","date_gmt":"2018-03-29T13:32:55","guid":{"rendered":"http:\/\/colindres.es\/?post_type=project&#038;p=1381"},"modified":"2018-03-29T13:32:55","modified_gmt":"2018-03-29T13:32:55","slug":"javier-incera-felicita-al-equipo-juvenil-masculino-del-club-balonmano-colindres-por-su-victoria-en-el-campeonato-de-cantabria","status":"publish","type":"project","link":"https:\/\/www.colindres.es\/index.php\/project\/javier-incera-felicita-al-equipo-juvenil-masculino-del-club-balonmano-colindres-por-su-victoria-en-el-campeonato-de-cantabria\/","title":{"rendered":"Javier Incera felicita al equipo juvenil masculino del Club Balonmano Colindres por su victoria en el Campeonato de Cantabria"},"content":{"rendered":"<p>El alcalde emplaza a los j\u00f3venes a acudir a Valladolid al Sector del Campeonato de Espa\u00f1a \u201ccon el \u00e1nimo de disfrutar la experiencia y sin presionarse por el resultado\u201d<\/p>\n<p>Colindres, 29 de Marzo.- El alcalde de Colindres, Javier Incera, ha recibido en el Sal\u00f3n de Plenos del Ayuntamiento al equipo juvenil masculino del Club Balonmano Colindres, que acaba de proclamarse campe\u00f3n de Cantabria en su categor\u00eda.<\/p>\n<p>El Club Balonmano Colindres se impuso en la fase final del campeonato celebrado este fin de semana en el Pabell\u00f3n Polideportivo N\u00famero 1 del municipio y se desplazar\u00e1 este mes de abril a Valladolid para disputar el Sector del Campeonato de Espa\u00f1a.<\/p>\n<p>Incera ha felicitado en nombre de todos los colindreses a los jugadores, al equipo t\u00e9cnico y al presidente de la entidad por el triunfo y ha apuntado que han tenido a todos los seguidores \u201ccon el coraz\u00f3n en un pu\u00f1o\u201d ante una fase final que ha sido \u201cmuy emocionante\u201d y ha hecho \u201cvibrar\u201d a todo el pueblo.<\/p>\n<p>\u00abParticipar en el Sector del Campeonato de Espa\u00f1a es un premio al esfuerzo que hab\u00e9is realizado a lo largo de toda la temporada\u201d, ha se\u00f1alado el alcalde, que por ello ha emplazado a los j\u00f3venes a acudir a Valladolid \u201ccon el \u00e1nimo de disfrutar de esa recompensa, pensando en rendir a vuestro nivel y el resultado final ser\u00e1 el que os corresponda\u201d.<\/p>\n<p>As\u00ed, se ha mostrado convencido de que defender\u00e1n con orgullo, \u201ccomo siempre hacen\u201d, los colores de Colindres y ha incidido en que su objetivo en el siguiente torneo ha de ser rendir a su nivel y, sobre todo, vivir la experiencia.<\/p>\n<p>Tambi\u00e9n ha destacado la \u201cgran labor\u201d que han realizado durante muchos a\u00f1os todos los monitores y entrenadores del Club, as\u00ed como la directiva, y ha afirmado que \u201cen este equipo se ven claramente reflejados los valores positivos del deporte, como son el esfuerzo, el compa\u00f1erismo, el trabajo en equipo y el deseo de ganar pero tambi\u00e9n sabiendo perder\u201d.<\/p>\n<p>Adem\u00e1s, durante el encuentro Incera les ha comentado que su victoria tiene un \u201csentido emocional especial\u201d para \u00e9l porque al haber sido concejal de Deportes en legislaturas anteriores, les ha seguido de cerca durante muchas temporadas y les ha visto crecer \u201ctanto en lo deportivo como en lo personal\u201d.<\/p>\n","protected":false},"excerpt":{"rendered":"<p>El alcalde emplaza a los j\u00f3venes a acudir a Valladolid al Sector del Campeonato de Espa\u00f1a \u201ccon el \u00e1nimo de disfrutar la experiencia y sin presionarse por el resultado\u201d Colindres, 29 de Marzo.- El alcalde de Colindres, Javier Incera, ha recibido en el Sal\u00f3n de Plenos del Ayuntamiento al equipo juvenil masculino del Club Balonmano [&hellip;]<\/p>\n","protected":false},"author":1,"featured_media":1382,"comment_status":"open","ping_status":"closed","template":"","meta":{"_et_pb_use_builder":"","_et_pb_old_content":"","_et_gb_content_width":"","footnotes":""},"project_category":[],"project_tag":[],"class_list":["post-1381","project","type-project","status-publish","has-post-thumbnail","hentry"],"yoast_head":"<!-- This site is optimized with the Yoast SEO plugin v24.9 - https:\/\/yoast.com\/wordpress\/plugins\/seo\/ -->\n<title>Javier Incera felicita al equipo juvenil masculino del Club Balonmano Colindres por su victoria en el Campeonato de Cantabria - Ayuntamiento de Colindres<\/title>\n<meta name=\"robots\" content=\"index, follow, max-snippet:-1, max-image-preview:large, max-video-preview:-1\" \/>\n<link rel=\"canonical\" href=\"https:\/\/www.colindres.es\/index.php\/project\/javier-incera-felicita-al-equipo-juvenil-masculino-del-club-balonmano-colindres-por-su-victoria-en-el-campeonato-de-cantabria\/\" \/>\n<meta property=\"og:locale\" content=\"es_ES\" \/>\n<meta property=\"og:type\" content=\"article\" \/>\n<meta property=\"og:title\" content=\"Javier Incera felicita al equipo juvenil masculino del Club Balonmano Colindres por su victoria en el Campeonato de Cantabria - Ayuntamiento de Colindres\" \/>\n<meta property=\"og:description\" content=\"El alcalde emplaza a los j\u00f3venes a acudir a Valladolid al Sector del Campeonato de Espa\u00f1a \u201ccon el \u00e1nimo de disfrutar la experiencia y sin presionarse por el resultado\u201d Colindres, 29 de Marzo.- El alcalde de Colindres, Javier Incera, ha recibido en el Sal\u00f3n de Plenos del Ayuntamiento al equipo juvenil masculino del Club Balonmano [&hellip;]\" \/>\n<meta property=\"og:url\" content=\"https:\/\/www.colindres.es\/index.php\/project\/javier-incera-felicita-al-equipo-juvenil-masculino-del-club-balonmano-colindres-por-su-victoria-en-el-campeonato-de-cantabria\/\" \/>\n<meta property=\"og:site_name\" content=\"Ayuntamiento de Colindres\" \/>\n<meta property=\"og:image\" content=\"https:\/\/www.colindres.es\/wp-content\/uploads\/2018\/03\/3D89E540-FD02-4418-8032-69902E573B4D.jpeg\" \/>\n\t<meta property=\"og:image:width\" content=\"1600\" \/>\n\t<meta property=\"og:image:height\" content=\"1200\" \/>\n\t<meta property=\"og:image:type\" content=\"image\/jpeg\" \/>\n<meta name=\"twitter:card\" content=\"summary_large_image\" \/>\n<meta name=\"twitter:label1\" content=\"Tiempo de lectura\" \/>\n\t<meta name=\"twitter:data1\" content=\"2 minutos\" \/>\n<script type=\"application\/ld+json\" class=\"yoast-schema-graph\">{\"@context\":\"https:\/\/schema.org\",\"@graph\":[{\"@type\":\"WebPage\",\"@id\":\"https:\/\/www.colindres.es\/index.php\/project\/javier-incera-felicita-al-equipo-juvenil-masculino-del-club-balonmano-colindres-por-su-victoria-en-el-campeonato-de-cantabria\/\",\"url\":\"https:\/\/www.colindres.es\/index.php\/project\/javier-incera-felicita-al-equipo-juvenil-masculino-del-club-balonmano-colindres-por-su-victoria-en-el-campeonato-de-cantabria\/\",\"name\":\"Javier Incera felicita al equipo juvenil masculino del Club Balonmano Colindres por su victoria en el Campeonato de Cantabria - Ayuntamiento de Colindres\",\"isPartOf\":{\"@id\":\"https:\/\/www.colindres.es\/#website\"},\"primaryImageOfPage\":{\"@id\":\"https:\/\/www.colindres.es\/index.php\/project\/javier-incera-felicita-al-equipo-juvenil-masculino-del-club-balonmano-colindres-por-su-victoria-en-el-campeonato-de-cantabria\/#primaryimage\"},\"image\":{\"@id\":\"https:\/\/www.colindres.es\/index.php\/project\/javier-incera-felicita-al-equipo-juvenil-masculino-del-club-balonmano-colindres-por-su-victoria-en-el-campeonato-de-cantabria\/#primaryimage\"},\"thumbnailUrl\":\"https:\/\/www.colindres.es\/wp-content\/uploads\/2018\/03\/3D89E540-FD02-4418-8032-69902E573B4D.jpeg\",\"datePublished\":\"2018-03-29T13:32:55+00:00\",\"breadcrumb\":{\"@id\":\"https:\/\/www.colindres.es\/index.php\/project\/javier-incera-felicita-al-equipo-juvenil-masculino-del-club-balonmano-colindres-por-su-victoria-en-el-campeonato-de-cantabria\/#breadcrumb\"},\"inLanguage\":\"es\",\"potentialAction\":[{\"@type\":\"ReadAction\",\"target\":[\"https:\/\/www.colindres.es\/index.php\/project\/javier-incera-felicita-al-equipo-juvenil-masculino-del-club-balonmano-colindres-por-su-victoria-en-el-campeonato-de-cantabria\/\"]}]},{\"@type\":\"ImageObject\",\"inLanguage\":\"es\",\"@id\":\"https:\/\/www.colindres.es\/index.php\/project\/javier-incera-felicita-al-equipo-juvenil-masculino-del-club-balonmano-colindres-por-su-victoria-en-el-campeonato-de-cantabria\/#primaryimage\",\"url\":\"https:\/\/www.colindres.es\/wp-content\/uploads\/2018\/03\/3D89E540-FD02-4418-8032-69902E573B4D.jpeg\",\"contentUrl\":\"https:\/\/www.colindres.es\/wp-content\/uploads\/2018\/03\/3D89E540-FD02-4418-8032-69902E573B4D.jpeg\",\"width\":1600,\"height\":1200},{\"@type\":\"BreadcrumbList\",\"@id\":\"https:\/\/www.colindres.es\/index.php\/project\/javier-incera-felicita-al-equipo-juvenil-masculino-del-club-balonmano-colindres-por-su-victoria-en-el-campeonato-de-cantabria\/#breadcrumb\",\"itemListElement\":[{\"@type\":\"ListItem\",\"position\":1,\"name\":\"Portada\",\"item\":\"https:\/\/www.colindres.es\/\"},{\"@type\":\"ListItem\",\"position\":2,\"name\":\"Proyectos\",\"item\":\"https:\/\/www.colindres.es\/index.php\/project\/\"},{\"@type\":\"ListItem\",\"position\":3,\"name\":\"Javier Incera felicita al equipo juvenil masculino del Club Balonmano Colindres por su victoria en el Campeonato de Cantabria\"}]},{\"@type\":\"WebSite\",\"@id\":\"https:\/\/www.colindres.es\/#website\",\"url\":\"https:\/\/www.colindres.es\/\",\"name\":\"Ayuntamiento de Colindres\",\"description\":\"Dise\u00f1ado por NTIC&#039;s\",\"publisher\":{\"@id\":\"https:\/\/www.colindres.es\/#organization\"},\"potentialAction\":[{\"@type\":\"SearchAction\",\"target\":{\"@type\":\"EntryPoint\",\"urlTemplate\":\"https:\/\/www.colindres.es\/?s={search_term_string}\"},\"query-input\":{\"@type\":\"PropertyValueSpecification\",\"valueRequired\":true,\"valueName\":\"search_term_string\"}}],\"inLanguage\":\"es\"},{\"@type\":\"Organization\",\"@id\":\"https:\/\/www.colindres.es\/#organization\",\"name\":\"AYUNTAMIENTO DE COLINDRES\",\"url\":\"https:\/\/www.colindres.es\/\",\"logo\":{\"@type\":\"ImageObject\",\"inLanguage\":\"es\",\"@id\":\"https:\/\/www.colindres.es\/#\/schema\/logo\/image\/\",\"url\":\"https:\/\/www.colindres.es\/wp-content\/uploads\/2017\/01\/LOGO-PRINCIPAL.jpg\",\"contentUrl\":\"https:\/\/www.colindres.es\/wp-content\/uploads\/2017\/01\/LOGO-PRINCIPAL.jpg\",\"width\":1209,\"height\":579,\"caption\":\"AYUNTAMIENTO DE COLINDRES\"},\"image\":{\"@id\":\"https:\/\/www.colindres.es\/#\/schema\/logo\/image\/\"}}]}<\/script>\n<!-- \/ Yoast SEO plugin. -->","yoast_head_json":{"title":"Javier Incera felicita al equipo juvenil masculino del Club Balonmano Colindres por su victoria en el Campeonato de Cantabria - Ayuntamiento de Colindres","robots":{"index":"index","follow":"follow","max-snippet":"max-snippet:-1","max-image-preview":"max-image-preview:large","max-video-preview":"max-video-preview:-1"},"canonical":"https:\/\/www.colindres.es\/index.php\/project\/javier-incera-felicita-al-equipo-juvenil-masculino-del-club-balonmano-colindres-por-su-victoria-en-el-campeonato-de-cantabria\/","og_locale":"es_ES","og_type":"article","og_title":"Javier Incera felicita al equipo juvenil masculino del Club Balonmano Colindres por su victoria en el Campeonato de Cantabria - Ayuntamiento de Colindres","og_description":"El alcalde emplaza a los j\u00f3venes a acudir a Valladolid al Sector del Campeonato de Espa\u00f1a \u201ccon el \u00e1nimo de disfrutar la experiencia y sin presionarse por el resultado\u201d Colindres, 29 de Marzo.- El alcalde de Colindres, Javier Incera, ha recibido en el Sal\u00f3n de Plenos del Ayuntamiento al equipo juvenil masculino del Club Balonmano [&hellip;]","og_url":"https:\/\/www.colindres.es\/index.php\/project\/javier-incera-felicita-al-equipo-juvenil-masculino-del-club-balonmano-colindres-por-su-victoria-en-el-campeonato-de-cantabria\/","og_site_name":"Ayuntamiento de Colindres","og_image":[{"width":1600,"height":1200,"url":"https:\/\/www.colindres.es\/wp-content\/uploads\/2018\/03\/3D89E540-FD02-4418-8032-69902E573B4D.jpeg","type":"image\/jpeg"}],"twitter_card":"summary_large_image","twitter_misc":{"Tiempo de lectura":"2 minutos"},"schema":{"@context":"https:\/\/schema.org","@graph":[{"@type":"WebPage","@id":"https:\/\/www.colindres.es\/index.php\/project\/javier-incera-felicita-al-equipo-juvenil-masculino-del-club-balonmano-colindres-por-su-victoria-en-el-campeonato-de-cantabria\/","url":"https:\/\/www.colindres.es\/index.php\/project\/javier-incera-felicita-al-equipo-juvenil-masculino-del-club-balonmano-colindres-por-su-victoria-en-el-campeonato-de-cantabria\/","name":"Javier Incera felicita al equipo juvenil masculino del Club Balonmano Colindres por su victoria en el Campeonato de Cantabria - Ayuntamiento de Colindres","isPartOf":{"@id":"https:\/\/www.colindres.es\/#website"},"primaryImageOfPage":{"@id":"https:\/\/www.colindres.es\/index.php\/project\/javier-incera-felicita-al-equipo-juvenil-masculino-del-club-balonmano-colindres-por-su-victoria-en-el-campeonato-de-cantabria\/#primaryimage"},"image":{"@id":"https:\/\/www.colindres.es\/index.php\/project\/javier-incera-felicita-al-equipo-juvenil-masculino-del-club-balonmano-colindres-por-su-victoria-en-el-campeonato-de-cantabria\/#primaryimage"},"thumbnailUrl":"https:\/\/www.colindres.es\/wp-content\/uploads\/2018\/03\/3D89E540-FD02-4418-8032-69902E573B4D.jpeg","datePublished":"2018-03-29T13:32:55+00:00","breadcrumb":{"@id":"https:\/\/www.colindres.es\/index.php\/project\/javier-incera-felicita-al-equipo-juvenil-masculino-del-club-balonmano-colindres-por-su-victoria-en-el-campeonato-de-cantabria\/#breadcrumb"},"inLanguage":"es","potentialAction":[{"@type":"ReadAction","target":["https:\/\/www.colindres.es\/index.php\/project\/javier-incera-felicita-al-equipo-juvenil-masculino-del-club-balonmano-colindres-por-su-victoria-en-el-campeonato-de-cantabria\/"]}]},{"@type":"ImageObject","inLanguage":"es","@id":"https:\/\/www.colindres.es\/index.php\/project\/javier-incera-felicita-al-equipo-juvenil-masculino-del-club-balonmano-colindres-por-su-victoria-en-el-campeonato-de-cantabria\/#primaryimage","url":"https:\/\/www.colindres.es\/wp-content\/uploads\/2018\/03\/3D89E540-FD02-4418-8032-69902E573B4D.jpeg","contentUrl":"https:\/\/www.colindres.es\/wp-content\/uploads\/2018\/03\/3D89E540-FD02-4418-8032-69902E573B4D.jpeg","width":1600,"height":1200},{"@type":"BreadcrumbList","@id":"https:\/\/www.colindres.es\/index.php\/project\/javier-incera-felicita-al-equipo-juvenil-masculino-del-club-balonmano-colindres-por-su-victoria-en-el-campeonato-de-cantabria\/#breadcrumb","itemListElement":[{"@type":"ListItem","position":1,"name":"Portada","item":"https:\/\/www.colindres.es\/"},{"@type":"ListItem","position":2,"name":"Proyectos","item":"https:\/\/www.colindres.es\/index.php\/project\/"},{"@type":"ListItem","position":3,"name":"Javier Incera felicita al equipo juvenil masculino del Club Balonmano Colindres por su victoria en el Campeonato de Cantabria"}]},{"@type":"WebSite","@id":"https:\/\/www.colindres.es\/#website","url":"https:\/\/www.colindres.es\/","name":"Ayuntamiento de Colindres","description":"Dise\u00f1ado por NTIC&#039;s","publisher":{"@id":"https:\/\/www.colindres.es\/#organization"},"potentialAction":[{"@type":"SearchAction","target":{"@type":"EntryPoint","urlTemplate":"https:\/\/www.colindres.es\/?s={search_term_string}"},"query-input":{"@type":"PropertyValueSpecification","valueRequired":true,"valueName":"search_term_string"}}],"inLanguage":"es"},{"@type":"Organization","@id":"https:\/\/www.colindres.es\/#organization","name":"AYUNTAMIENTO DE COLINDRES","url":"https:\/\/www.colindres.es\/","logo":{"@type":"ImageObject","inLanguage":"es","@id":"https:\/\/www.colindres.es\/#\/schema\/logo\/image\/","url":"https:\/\/www.colindres.es\/wp-content\/uploads\/2017\/01\/LOGO-PRINCIPAL.jpg","contentUrl":"https:\/\/www.colindres.es\/wp-content\/uploads\/2017\/01\/LOGO-PRINCIPAL.jpg","width":1209,"height":579,"caption":"AYUNTAMIENTO DE COLINDRES"},"image":{"@id":"https:\/\/www.colindres.es\/#\/schema\/logo\/image\/"}}]}},"_links":{"self":[{"href":"https:\/\/www.colindres.es\/index.php\/wp-json\/wp\/v2\/project\/1381","targetHints":{"allow":["GET"]}}],"collection":[{"href":"https:\/\/www.colindres.es\/index.php\/wp-json\/wp\/v2\/project"}],"about":[{"href":"https:\/\/www.colindres.es\/index.php\/wp-json\/wp\/v2\/types\/project"}],"author":[{"embeddable":true,"href":"https:\/\/www.colindres.es\/index.php\/wp-json\/wp\/v2\/users\/1"}],"replies":[{"embeddable":true,"href":"https:\/\/www.colindres.es\/index.php\/wp-json\/wp\/v2\/comments?post=1381"}],"version-history":[{"count":1,"href":"https:\/\/www.colindres.es\/index.php\/wp-json\/wp\/v2\/project\/1381\/revisions"}],"predecessor-version":[{"id":1383,"href":"https:\/\/www.colindres.es\/index.php\/wp-json\/wp\/v2\/project\/1381\/revisions\/1383"}],"wp:featuredmedia":[{"embeddable":true,"href":"https:\/\/www.colindres.es\/index.php\/wp-json\/wp\/v2\/media\/1382"}],"wp:attachment":[{"href":"https:\/\/www.colindres.es\/index.php\/wp-json\/wp\/v2\/media?parent=1381"}],"wp:term":[{"taxonomy":"project_category","embeddable":true,"href":"https:\/\/www.colindres.es\/index.php\/wp-json\/wp\/v2\/project_category?post=1381"},{"taxonomy":"project_tag","embeddable":true,"href":"https:\/\/www.colindres.es\/index.php\/wp-json\/wp\/v2\/project_tag?post=1381"}],"curies":[{"name":"wp","href":"https:\/\/api.w.org\/{rel}","templated":true}]}}