{"id":1378,"date":"2018-03-27T07:12:25","date_gmt":"2018-03-27T07:12:25","guid":{"rendered":"http:\/\/colindres.es\/?post_type=project&#038;p=1378"},"modified":"2018-03-27T07:12:25","modified_gmt":"2018-03-27T07:12:25","slug":"colindres-acoge-el-iii-encuentro-de-trabajadores-juveniles-de-cantabria","status":"publish","type":"project","link":"https:\/\/www.colindres.es\/index.php\/project\/colindres-acoge-el-iii-encuentro-de-trabajadores-juveniles-de-cantabria\/","title":{"rendered":"Colindres acoge el III Encuentro de Trabajadores Juveniles de Cantabria"},"content":{"rendered":"<p>El alcalde, Javier Incera, destaca la \u201cgran labor\u201d de los dinamizadores juveniles de la regi\u00f3n y les felicita por esta iniciativa pensada para compartir experiencias<\/p>\n<p>Colindres, 27 de marzo.- La Casa de la Juventud de Colindres ha organizado el III Encuentro de Trabajadores Juveniles Municipales de Cantabria, una iniciativa puesta en marcha por los empleados del sector con el objetivo de compartir experiencias de organizaci\u00f3n y funcionamiento de los centros y actividades que contribuyan a formar j\u00f3venes activos.<\/p>\n<p>En el encuentro han participado los responsables de los Centros Juveniles y Oficinas de Informaci\u00f3n Juvenil de Santo\u00f1a, Castro Urdiales, Astillero, B\u00e1rcena de Cicero, Camargo, Ramales, Bareyo, Santillana del Mar, Argo\u00f1os, Santander, Ampuero y el propio Colindres. Otros como Noja o Reoc\u00edn no pudieron acudir por agenda, aunque no obstante se unir\u00e1n en siguientes ediciones.<\/p>\n<p>La jornada comenz\u00f3 con la bienvenida institucional a cargo del alcalde, Javier Incera, que destac\u00f3 la \u201cgran labor\u201d y la importancia del trabajo de los informadores y dinamizadores municipales juveniles en la regi\u00f3n y emplaz\u00f3 a los asistentes a compartir experiencias y buenas pr\u00e1cticas para mejorar nuestros servicios de Juventud.<\/p>\n<p>Posteriormente, se realiz\u00f3 una visita por las diferentes instalaciones de la Casa de la Juventud con una breve explicaci\u00f3n del responsable municipal, H\u00e9ctor Cruz. El centro juvenil de Colindres recuper\u00f3 recientemente su actividad habitual tras finalizar las obras llevadas a cabo por el Ayuntamiento que han permitido reorganizar los espacios de una forma m\u00e1s funcional y pr\u00e1ctica y dotarlos de nuevos servicios, como un estudio fotogr\u00e1fico y de v\u00eddeo.<\/p>\n<p>El encuentro termin\u00f3 con una mesa redonda donde surgieron iniciativas \u201cmuy interesantes\u201d en torno al trabajo con la juventud en Cantabria y que \u201cen un breve espacio de tiempo\u201d ver\u00e1n la luz.<\/p>\n","protected":false},"excerpt":{"rendered":"<p>El alcalde, Javier Incera, destaca la \u201cgran labor\u201d de los dinamizadores juveniles de la regi\u00f3n y les felicita por esta iniciativa pensada para compartir experiencias Colindres, 27 de marzo.- La Casa de la Juventud de Colindres ha organizado el III Encuentro de Trabajadores Juveniles Municipales de Cantabria, una iniciativa puesta en marcha por los empleados [&hellip;]<\/p>\n","protected":false},"author":1,"featured_media":1379,"comment_status":"open","ping_status":"closed","template":"","meta":{"_et_pb_use_builder":"","_et_pb_old_content":"","_et_gb_content_width":"","footnotes":""},"project_category":[],"project_tag":[],"class_list":["post-1378","project","type-project","status-publish","has-post-thumbnail","hentry"],"yoast_head":"<!-- This site is optimized with the Yoast SEO plugin v24.9 - https:\/\/yoast.com\/wordpress\/plugins\/seo\/ -->\n<title>Colindres acoge el III Encuentro de Trabajadores Juveniles de Cantabria - Ayuntamiento de Colindres<\/title>\n<meta name=\"robots\" content=\"index, follow, max-snippet:-1, max-image-preview:large, max-video-preview:-1\" \/>\n<link rel=\"canonical\" href=\"https:\/\/www.colindres.es\/index.php\/project\/colindres-acoge-el-iii-encuentro-de-trabajadores-juveniles-de-cantabria\/\" \/>\n<meta property=\"og:locale\" content=\"es_ES\" \/>\n<meta property=\"og:type\" content=\"article\" \/>\n<meta property=\"og:title\" content=\"Colindres acoge el III Encuentro de Trabajadores Juveniles de Cantabria - Ayuntamiento de Colindres\" \/>\n<meta property=\"og:description\" content=\"El alcalde, Javier Incera, destaca la \u201cgran labor\u201d de los dinamizadores juveniles de la regi\u00f3n y les felicita por esta iniciativa pensada para compartir experiencias Colindres, 27 de marzo.- La Casa de la Juventud de Colindres ha organizado el III Encuentro de Trabajadores Juveniles Municipales de Cantabria, una iniciativa puesta en marcha por los empleados [&hellip;]\" \/>\n<meta property=\"og:url\" content=\"https:\/\/www.colindres.es\/index.php\/project\/colindres-acoge-el-iii-encuentro-de-trabajadores-juveniles-de-cantabria\/\" \/>\n<meta property=\"og:site_name\" content=\"Ayuntamiento de Colindres\" \/>\n<meta property=\"og:image\" content=\"https:\/\/www.colindres.es\/wp-content\/uploads\/2018\/03\/Trabajadores-Juveniles.jpg\" \/>\n\t<meta property=\"og:image:width\" content=\"1280\" \/>\n\t<meta property=\"og:image:height\" content=\"853\" \/>\n\t<meta property=\"og:image:type\" content=\"image\/jpeg\" \/>\n<meta name=\"twitter:card\" content=\"summary_large_image\" \/>\n<meta name=\"twitter:label1\" content=\"Tiempo de lectura\" \/>\n\t<meta name=\"twitter:data1\" content=\"2 minutos\" \/>\n<script type=\"application\/ld+json\" class=\"yoast-schema-graph\">{\"@context\":\"https:\/\/schema.org\",\"@graph\":[{\"@type\":\"WebPage\",\"@id\":\"https:\/\/www.colindres.es\/index.php\/project\/colindres-acoge-el-iii-encuentro-de-trabajadores-juveniles-de-cantabria\/\",\"url\":\"https:\/\/www.colindres.es\/index.php\/project\/colindres-acoge-el-iii-encuentro-de-trabajadores-juveniles-de-cantabria\/\",\"name\":\"Colindres acoge el III Encuentro de Trabajadores Juveniles de Cantabria - Ayuntamiento de Colindres\",\"isPartOf\":{\"@id\":\"https:\/\/www.colindres.es\/#website\"},\"primaryImageOfPage\":{\"@id\":\"https:\/\/www.colindres.es\/index.php\/project\/colindres-acoge-el-iii-encuentro-de-trabajadores-juveniles-de-cantabria\/#primaryimage\"},\"image\":{\"@id\":\"https:\/\/www.colindres.es\/index.php\/project\/colindres-acoge-el-iii-encuentro-de-trabajadores-juveniles-de-cantabria\/#primaryimage\"},\"thumbnailUrl\":\"https:\/\/www.colindres.es\/wp-content\/uploads\/2018\/03\/Trabajadores-Juveniles.jpg\",\"datePublished\":\"2018-03-27T07:12:25+00:00\",\"breadcrumb\":{\"@id\":\"https:\/\/www.colindres.es\/index.php\/project\/colindres-acoge-el-iii-encuentro-de-trabajadores-juveniles-de-cantabria\/#breadcrumb\"},\"inLanguage\":\"es\",\"potentialAction\":[{\"@type\":\"ReadAction\",\"target\":[\"https:\/\/www.colindres.es\/index.php\/project\/colindres-acoge-el-iii-encuentro-de-trabajadores-juveniles-de-cantabria\/\"]}]},{\"@type\":\"ImageObject\",\"inLanguage\":\"es\",\"@id\":\"https:\/\/www.colindres.es\/index.php\/project\/colindres-acoge-el-iii-encuentro-de-trabajadores-juveniles-de-cantabria\/#primaryimage\",\"url\":\"https:\/\/www.colindres.es\/wp-content\/uploads\/2018\/03\/Trabajadores-Juveniles.jpg\",\"contentUrl\":\"https:\/\/www.colindres.es\/wp-content\/uploads\/2018\/03\/Trabajadores-Juveniles.jpg\",\"width\":1280,\"height\":853},{\"@type\":\"BreadcrumbList\",\"@id\":\"https:\/\/www.colindres.es\/index.php\/project\/colindres-acoge-el-iii-encuentro-de-trabajadores-juveniles-de-cantabria\/#breadcrumb\",\"itemListElement\":[{\"@type\":\"ListItem\",\"position\":1,\"name\":\"Portada\",\"item\":\"https:\/\/www.colindres.es\/\"},{\"@type\":\"ListItem\",\"position\":2,\"name\":\"Proyectos\",\"item\":\"https:\/\/www.colindres.es\/index.php\/project\/\"},{\"@type\":\"ListItem\",\"position\":3,\"name\":\"Colindres acoge el III Encuentro de Trabajadores Juveniles de Cantabria\"}]},{\"@type\":\"WebSite\",\"@id\":\"https:\/\/www.colindres.es\/#website\",\"url\":\"https:\/\/www.colindres.es\/\",\"name\":\"Ayuntamiento de Colindres\",\"description\":\"Dise\u00f1ado por NTIC&#039;s\",\"publisher\":{\"@id\":\"https:\/\/www.colindres.es\/#organization\"},\"potentialAction\":[{\"@type\":\"SearchAction\",\"target\":{\"@type\":\"EntryPoint\",\"urlTemplate\":\"https:\/\/www.colindres.es\/?s={search_term_string}\"},\"query-input\":{\"@type\":\"PropertyValueSpecification\",\"valueRequired\":true,\"valueName\":\"search_term_string\"}}],\"inLanguage\":\"es\"},{\"@type\":\"Organization\",\"@id\":\"https:\/\/www.colindres.es\/#organization\",\"name\":\"AYUNTAMIENTO DE COLINDRES\",\"url\":\"https:\/\/www.colindres.es\/\",\"logo\":{\"@type\":\"ImageObject\",\"inLanguage\":\"es\",\"@id\":\"https:\/\/www.colindres.es\/#\/schema\/logo\/image\/\",\"url\":\"https:\/\/www.colindres.es\/wp-content\/uploads\/2017\/01\/LOGO-PRINCIPAL.jpg\",\"contentUrl\":\"https:\/\/www.colindres.es\/wp-content\/uploads\/2017\/01\/LOGO-PRINCIPAL.jpg\",\"width\":1209,\"height\":579,\"caption\":\"AYUNTAMIENTO DE COLINDRES\"},\"image\":{\"@id\":\"https:\/\/www.colindres.es\/#\/schema\/logo\/image\/\"}}]}<\/script>\n<!-- \/ Yoast SEO plugin. -->","yoast_head_json":{"title":"Colindres acoge el III Encuentro de Trabajadores Juveniles de Cantabria - Ayuntamiento de Colindres","robots":{"index":"index","follow":"follow","max-snippet":"max-snippet:-1","max-image-preview":"max-image-preview:large","max-video-preview":"max-video-preview:-1"},"canonical":"https:\/\/www.colindres.es\/index.php\/project\/colindres-acoge-el-iii-encuentro-de-trabajadores-juveniles-de-cantabria\/","og_locale":"es_ES","og_type":"article","og_title":"Colindres acoge el III Encuentro de Trabajadores Juveniles de Cantabria - Ayuntamiento de Colindres","og_description":"El alcalde, Javier Incera, destaca la \u201cgran labor\u201d de los dinamizadores juveniles de la regi\u00f3n y les felicita por esta iniciativa pensada para compartir experiencias Colindres, 27 de marzo.- La Casa de la Juventud de Colindres ha organizado el III Encuentro de Trabajadores Juveniles Municipales de Cantabria, una iniciativa puesta en marcha por los empleados [&hellip;]","og_url":"https:\/\/www.colindres.es\/index.php\/project\/colindres-acoge-el-iii-encuentro-de-trabajadores-juveniles-de-cantabria\/","og_site_name":"Ayuntamiento de Colindres","og_image":[{"width":1280,"height":853,"url":"https:\/\/www.colindres.es\/wp-content\/uploads\/2018\/03\/Trabajadores-Juveniles.jpg","type":"image\/jpeg"}],"twitter_card":"summary_large_image","twitter_misc":{"Tiempo de lectura":"2 minutos"},"schema":{"@context":"https:\/\/schema.org","@graph":[{"@type":"WebPage","@id":"https:\/\/www.colindres.es\/index.php\/project\/colindres-acoge-el-iii-encuentro-de-trabajadores-juveniles-de-cantabria\/","url":"https:\/\/www.colindres.es\/index.php\/project\/colindres-acoge-el-iii-encuentro-de-trabajadores-juveniles-de-cantabria\/","name":"Colindres acoge el III Encuentro de Trabajadores Juveniles de Cantabria - Ayuntamiento de Colindres","isPartOf":{"@id":"https:\/\/www.colindres.es\/#website"},"primaryImageOfPage":{"@id":"https:\/\/www.colindres.es\/index.php\/project\/colindres-acoge-el-iii-encuentro-de-trabajadores-juveniles-de-cantabria\/#primaryimage"},"image":{"@id":"https:\/\/www.colindres.es\/index.php\/project\/colindres-acoge-el-iii-encuentro-de-trabajadores-juveniles-de-cantabria\/#primaryimage"},"thumbnailUrl":"https:\/\/www.colindres.es\/wp-content\/uploads\/2018\/03\/Trabajadores-Juveniles.jpg","datePublished":"2018-03-27T07:12:25+00:00","breadcrumb":{"@id":"https:\/\/www.colindres.es\/index.php\/project\/colindres-acoge-el-iii-encuentro-de-trabajadores-juveniles-de-cantabria\/#breadcrumb"},"inLanguage":"es","potentialAction":[{"@type":"ReadAction","target":["https:\/\/www.colindres.es\/index.php\/project\/colindres-acoge-el-iii-encuentro-de-trabajadores-juveniles-de-cantabria\/"]}]},{"@type":"ImageObject","inLanguage":"es","@id":"https:\/\/www.colindres.es\/index.php\/project\/colindres-acoge-el-iii-encuentro-de-trabajadores-juveniles-de-cantabria\/#primaryimage","url":"https:\/\/www.colindres.es\/wp-content\/uploads\/2018\/03\/Trabajadores-Juveniles.jpg","contentUrl":"https:\/\/www.colindres.es\/wp-content\/uploads\/2018\/03\/Trabajadores-Juveniles.jpg","width":1280,"height":853},{"@type":"BreadcrumbList","@id":"https:\/\/www.colindres.es\/index.php\/project\/colindres-acoge-el-iii-encuentro-de-trabajadores-juveniles-de-cantabria\/#breadcrumb","itemListElement":[{"@type":"ListItem","position":1,"name":"Portada","item":"https:\/\/www.colindres.es\/"},{"@type":"ListItem","position":2,"name":"Proyectos","item":"https:\/\/www.colindres.es\/index.php\/project\/"},{"@type":"ListItem","position":3,"name":"Colindres acoge el III Encuentro de Trabajadores Juveniles de Cantabria"}]},{"@type":"WebSite","@id":"https:\/\/www.colindres.es\/#website","url":"https:\/\/www.colindres.es\/","name":"Ayuntamiento de Colindres","description":"Dise\u00f1ado por NTIC&#039;s","publisher":{"@id":"https:\/\/www.colindres.es\/#organization"},"potentialAction":[{"@type":"SearchAction","target":{"@type":"EntryPoint","urlTemplate":"https:\/\/www.colindres.es\/?s={search_term_string}"},"query-input":{"@type":"PropertyValueSpecification","valueRequired":true,"valueName":"search_term_string"}}],"inLanguage":"es"},{"@type":"Organization","@id":"https:\/\/www.colindres.es\/#organization","name":"AYUNTAMIENTO DE COLINDRES","url":"https:\/\/www.colindres.es\/","logo":{"@type":"ImageObject","inLanguage":"es","@id":"https:\/\/www.colindres.es\/#\/schema\/logo\/image\/","url":"https:\/\/www.colindres.es\/wp-content\/uploads\/2017\/01\/LOGO-PRINCIPAL.jpg","contentUrl":"https:\/\/www.colindres.es\/wp-content\/uploads\/2017\/01\/LOGO-PRINCIPAL.jpg","width":1209,"height":579,"caption":"AYUNTAMIENTO DE COLINDRES"},"image":{"@id":"https:\/\/www.colindres.es\/#\/schema\/logo\/image\/"}}]}},"_links":{"self":[{"href":"https:\/\/www.colindres.es\/index.php\/wp-json\/wp\/v2\/project\/1378","targetHints":{"allow":["GET"]}}],"collection":[{"href":"https:\/\/www.colindres.es\/index.php\/wp-json\/wp\/v2\/project"}],"about":[{"href":"https:\/\/www.colindres.es\/index.php\/wp-json\/wp\/v2\/types\/project"}],"author":[{"embeddable":true,"href":"https:\/\/www.colindres.es\/index.php\/wp-json\/wp\/v2\/users\/1"}],"replies":[{"embeddable":true,"href":"https:\/\/www.colindres.es\/index.php\/wp-json\/wp\/v2\/comments?post=1378"}],"version-history":[{"count":1,"href":"https:\/\/www.colindres.es\/index.php\/wp-json\/wp\/v2\/project\/1378\/revisions"}],"predecessor-version":[{"id":1380,"href":"https:\/\/www.colindres.es\/index.php\/wp-json\/wp\/v2\/project\/1378\/revisions\/1380"}],"wp:featuredmedia":[{"embeddable":true,"href":"https:\/\/www.colindres.es\/index.php\/wp-json\/wp\/v2\/media\/1379"}],"wp:attachment":[{"href":"https:\/\/www.colindres.es\/index.php\/wp-json\/wp\/v2\/media?parent=1378"}],"wp:term":[{"taxonomy":"project_category","embeddable":true,"href":"https:\/\/www.colindres.es\/index.php\/wp-json\/wp\/v2\/project_category?post=1378"},{"taxonomy":"project_tag","embeddable":true,"href":"https:\/\/www.colindres.es\/index.php\/wp-json\/wp\/v2\/project_tag?post=1378"}],"curies":[{"name":"wp","href":"https:\/\/api.w.org\/{rel}","templated":true}]}}