{"id":1369,"date":"2018-03-21T14:06:55","date_gmt":"2018-03-21T14:06:55","guid":{"rendered":"http:\/\/colindres.es\/?post_type=project&#038;p=1369"},"modified":"2018-03-21T14:06:55","modified_gmt":"2018-03-21T14:06:55","slug":"el-ayuntamiento-de-colindres-acomete-obras-de-acondicionamiento-y-mejora-en-la-calle-cantabria","status":"publish","type":"project","link":"https:\/\/www.colindres.es\/index.php\/project\/el-ayuntamiento-de-colindres-acomete-obras-de-acondicionamiento-y-mejora-en-la-calle-cantabria\/","title":{"rendered":"El Ayuntamiento de Colindres acomete obras de acondicionamiento y mejora en la calle Cantabria"},"content":{"rendered":"<p>Se ha asfaltado la v\u00eda y actualmente se est\u00e1n reparando las aceras que se hab\u00eda levantado en algunos tramos debido a las ra\u00edces de los \u00e1rboles<\/p>\n<p>Colindres, 21 de Marzo.- El Ayuntamiento de Colindres, a trav\u00e9s de la Concejal\u00eda de Obras y Medio Ambiente, est\u00e1 llevando a cabo distintos trabajos de acondicionamiento y mejora de la calle Cantabria.<\/p>\n<p>El concejal del \u00e1rea, Pablo Ruiz, ha explicado que ya ha concluido la primera fase de las obras, que ha consistido en el asfaltado completo de la calle, y ha apuntado que en la actualidad se est\u00e1 terminando la segunda parte, que supone la reparaci\u00f3n de las aceras de ambos lados de la v\u00eda.<\/p>\n<p>Ruiz, que ha visitado las obras junto al alcalde, Javier Incera, ha se\u00f1alado que el Consistorio tambi\u00e9n ha llevado a cabo una reposici\u00f3n de arbolado con 18 nuevos ejemplares de Pyrus Calleriana. Finalmente, la obra acabar\u00e1 con el pintado de la calle.<\/p>\n<p>Por su parte, Incera ha indicado que esta actuaci\u00f3n responde a la petici\u00f3n que hab\u00edan cursado varias personas y comunidades de vecinos de la zona, quienes hab\u00edan planteado al Ayuntamiento la necesidad de actuar sobre el pavimento y los desperfectos en las aceras causados por las ra\u00edces de los \u00e1rboles.<\/p>\n<p>\u201cSe trata de una serie de peque\u00f1os trabajos que permitir\u00e1n a los vecinos pasear por esta calle con total seguridad, con aceras perfectamente acondicionadas e iluminadas\u201d, ha manifestado el alcalde, que ha enmarcado las obras dentro de la apuesta del Ayuntamiento por regenerar el espacio urbano de Colindres para convertirlo en punto de atracci\u00f3n y encuentro de los vecinos.<\/p>\n<p>Finalmente, Ruiz ha adelantado que una vez est\u00e9n concluidas esta<\/p>\n","protected":false},"excerpt":{"rendered":"<p>Se ha asfaltado la v\u00eda y actualmente se est\u00e1n reparando las aceras que se hab\u00eda levantado en algunos tramos debido a las ra\u00edces de los \u00e1rboles Colindres, 21 de Marzo.- El Ayuntamiento de Colindres, a trav\u00e9s de la Concejal\u00eda de Obras y Medio Ambiente, est\u00e1 llevando a cabo distintos trabajos de acondicionamiento y mejora de [&hellip;]<\/p>\n","protected":false},"author":1,"featured_media":1370,"comment_status":"open","ping_status":"closed","template":"","meta":{"_et_pb_use_builder":"","_et_pb_old_content":"","_et_gb_content_width":"","footnotes":""},"project_category":[],"project_tag":[],"class_list":["post-1369","project","type-project","status-publish","has-post-thumbnail","hentry"],"yoast_head":"<!-- This site is optimized with the Yoast SEO plugin v24.9 - https:\/\/yoast.com\/wordpress\/plugins\/seo\/ -->\n<title>El Ayuntamiento de Colindres acomete obras de acondicionamiento y mejora en la calle Cantabria - Ayuntamiento de Colindres<\/title>\n<meta name=\"robots\" content=\"index, follow, max-snippet:-1, max-image-preview:large, max-video-preview:-1\" \/>\n<link rel=\"canonical\" href=\"https:\/\/www.colindres.es\/index.php\/project\/el-ayuntamiento-de-colindres-acomete-obras-de-acondicionamiento-y-mejora-en-la-calle-cantabria\/\" \/>\n<meta property=\"og:locale\" content=\"es_ES\" \/>\n<meta property=\"og:type\" content=\"article\" \/>\n<meta property=\"og:title\" content=\"El Ayuntamiento de Colindres acomete obras de acondicionamiento y mejora en la calle Cantabria - Ayuntamiento de Colindres\" \/>\n<meta property=\"og:description\" content=\"Se ha asfaltado la v\u00eda y actualmente se est\u00e1n reparando las aceras que se hab\u00eda levantado en algunos tramos debido a las ra\u00edces de los \u00e1rboles Colindres, 21 de Marzo.- El Ayuntamiento de Colindres, a trav\u00e9s de la Concejal\u00eda de Obras y Medio Ambiente, est\u00e1 llevando a cabo distintos trabajos de acondicionamiento y mejora de [&hellip;]\" \/>\n<meta property=\"og:url\" content=\"https:\/\/www.colindres.es\/index.php\/project\/el-ayuntamiento-de-colindres-acomete-obras-de-acondicionamiento-y-mejora-en-la-calle-cantabria\/\" \/>\n<meta property=\"og:site_name\" content=\"Ayuntamiento de Colindres\" \/>\n<meta property=\"og:image\" content=\"https:\/\/www.colindres.es\/wp-content\/uploads\/2018\/03\/Obras-Calle-Cantabria.jpg\" \/>\n\t<meta property=\"og:image:width\" content=\"1280\" \/>\n\t<meta property=\"og:image:height\" content=\"960\" \/>\n\t<meta property=\"og:image:type\" content=\"image\/jpeg\" \/>\n<meta name=\"twitter:card\" content=\"summary_large_image\" \/>\n<meta name=\"twitter:label1\" content=\"Tiempo de lectura\" \/>\n\t<meta name=\"twitter:data1\" content=\"1 minuto\" \/>\n<script type=\"application\/ld+json\" class=\"yoast-schema-graph\">{\"@context\":\"https:\/\/schema.org\",\"@graph\":[{\"@type\":\"WebPage\",\"@id\":\"https:\/\/www.colindres.es\/index.php\/project\/el-ayuntamiento-de-colindres-acomete-obras-de-acondicionamiento-y-mejora-en-la-calle-cantabria\/\",\"url\":\"https:\/\/www.colindres.es\/index.php\/project\/el-ayuntamiento-de-colindres-acomete-obras-de-acondicionamiento-y-mejora-en-la-calle-cantabria\/\",\"name\":\"El Ayuntamiento de Colindres acomete obras de acondicionamiento y mejora en la calle Cantabria - Ayuntamiento de Colindres\",\"isPartOf\":{\"@id\":\"https:\/\/www.colindres.es\/#website\"},\"primaryImageOfPage\":{\"@id\":\"https:\/\/www.colindres.es\/index.php\/project\/el-ayuntamiento-de-colindres-acomete-obras-de-acondicionamiento-y-mejora-en-la-calle-cantabria\/#primaryimage\"},\"image\":{\"@id\":\"https:\/\/www.colindres.es\/index.php\/project\/el-ayuntamiento-de-colindres-acomete-obras-de-acondicionamiento-y-mejora-en-la-calle-cantabria\/#primaryimage\"},\"thumbnailUrl\":\"https:\/\/www.colindres.es\/wp-content\/uploads\/2018\/03\/Obras-Calle-Cantabria.jpg\",\"datePublished\":\"2018-03-21T14:06:55+00:00\",\"breadcrumb\":{\"@id\":\"https:\/\/www.colindres.es\/index.php\/project\/el-ayuntamiento-de-colindres-acomete-obras-de-acondicionamiento-y-mejora-en-la-calle-cantabria\/#breadcrumb\"},\"inLanguage\":\"es\",\"potentialAction\":[{\"@type\":\"ReadAction\",\"target\":[\"https:\/\/www.colindres.es\/index.php\/project\/el-ayuntamiento-de-colindres-acomete-obras-de-acondicionamiento-y-mejora-en-la-calle-cantabria\/\"]}]},{\"@type\":\"ImageObject\",\"inLanguage\":\"es\",\"@id\":\"https:\/\/www.colindres.es\/index.php\/project\/el-ayuntamiento-de-colindres-acomete-obras-de-acondicionamiento-y-mejora-en-la-calle-cantabria\/#primaryimage\",\"url\":\"https:\/\/www.colindres.es\/wp-content\/uploads\/2018\/03\/Obras-Calle-Cantabria.jpg\",\"contentUrl\":\"https:\/\/www.colindres.es\/wp-content\/uploads\/2018\/03\/Obras-Calle-Cantabria.jpg\",\"width\":1280,\"height\":960},{\"@type\":\"BreadcrumbList\",\"@id\":\"https:\/\/www.colindres.es\/index.php\/project\/el-ayuntamiento-de-colindres-acomete-obras-de-acondicionamiento-y-mejora-en-la-calle-cantabria\/#breadcrumb\",\"itemListElement\":[{\"@type\":\"ListItem\",\"position\":1,\"name\":\"Portada\",\"item\":\"https:\/\/www.colindres.es\/\"},{\"@type\":\"ListItem\",\"position\":2,\"name\":\"Proyectos\",\"item\":\"https:\/\/www.colindres.es\/index.php\/project\/\"},{\"@type\":\"ListItem\",\"position\":3,\"name\":\"El Ayuntamiento de Colindres acomete obras de acondicionamiento y mejora en la calle Cantabria\"}]},{\"@type\":\"WebSite\",\"@id\":\"https:\/\/www.colindres.es\/#website\",\"url\":\"https:\/\/www.colindres.es\/\",\"name\":\"Ayuntamiento de Colindres\",\"description\":\"Dise\u00f1ado por NTIC&#039;s\",\"publisher\":{\"@id\":\"https:\/\/www.colindres.es\/#organization\"},\"potentialAction\":[{\"@type\":\"SearchAction\",\"target\":{\"@type\":\"EntryPoint\",\"urlTemplate\":\"https:\/\/www.colindres.es\/?s={search_term_string}\"},\"query-input\":{\"@type\":\"PropertyValueSpecification\",\"valueRequired\":true,\"valueName\":\"search_term_string\"}}],\"inLanguage\":\"es\"},{\"@type\":\"Organization\",\"@id\":\"https:\/\/www.colindres.es\/#organization\",\"name\":\"AYUNTAMIENTO DE COLINDRES\",\"url\":\"https:\/\/www.colindres.es\/\",\"logo\":{\"@type\":\"ImageObject\",\"inLanguage\":\"es\",\"@id\":\"https:\/\/www.colindres.es\/#\/schema\/logo\/image\/\",\"url\":\"https:\/\/www.colindres.es\/wp-content\/uploads\/2017\/01\/LOGO-PRINCIPAL.jpg\",\"contentUrl\":\"https:\/\/www.colindres.es\/wp-content\/uploads\/2017\/01\/LOGO-PRINCIPAL.jpg\",\"width\":1209,\"height\":579,\"caption\":\"AYUNTAMIENTO DE COLINDRES\"},\"image\":{\"@id\":\"https:\/\/www.colindres.es\/#\/schema\/logo\/image\/\"}}]}<\/script>\n<!-- \/ Yoast SEO plugin. -->","yoast_head_json":{"title":"El Ayuntamiento de Colindres acomete obras de acondicionamiento y mejora en la calle Cantabria - Ayuntamiento de Colindres","robots":{"index":"index","follow":"follow","max-snippet":"max-snippet:-1","max-image-preview":"max-image-preview:large","max-video-preview":"max-video-preview:-1"},"canonical":"https:\/\/www.colindres.es\/index.php\/project\/el-ayuntamiento-de-colindres-acomete-obras-de-acondicionamiento-y-mejora-en-la-calle-cantabria\/","og_locale":"es_ES","og_type":"article","og_title":"El Ayuntamiento de Colindres acomete obras de acondicionamiento y mejora en la calle Cantabria - Ayuntamiento de Colindres","og_description":"Se ha asfaltado la v\u00eda y actualmente se est\u00e1n reparando las aceras que se hab\u00eda levantado en algunos tramos debido a las ra\u00edces de los \u00e1rboles Colindres, 21 de Marzo.- El Ayuntamiento de Colindres, a trav\u00e9s de la Concejal\u00eda de Obras y Medio Ambiente, est\u00e1 llevando a cabo distintos trabajos de acondicionamiento y mejora de [&hellip;]","og_url":"https:\/\/www.colindres.es\/index.php\/project\/el-ayuntamiento-de-colindres-acomete-obras-de-acondicionamiento-y-mejora-en-la-calle-cantabria\/","og_site_name":"Ayuntamiento de Colindres","og_image":[{"width":1280,"height":960,"url":"https:\/\/www.colindres.es\/wp-content\/uploads\/2018\/03\/Obras-Calle-Cantabria.jpg","type":"image\/jpeg"}],"twitter_card":"summary_large_image","twitter_misc":{"Tiempo de lectura":"1 minuto"},"schema":{"@context":"https:\/\/schema.org","@graph":[{"@type":"WebPage","@id":"https:\/\/www.colindres.es\/index.php\/project\/el-ayuntamiento-de-colindres-acomete-obras-de-acondicionamiento-y-mejora-en-la-calle-cantabria\/","url":"https:\/\/www.colindres.es\/index.php\/project\/el-ayuntamiento-de-colindres-acomete-obras-de-acondicionamiento-y-mejora-en-la-calle-cantabria\/","name":"El Ayuntamiento de Colindres acomete obras de acondicionamiento y mejora en la calle Cantabria - Ayuntamiento de Colindres","isPartOf":{"@id":"https:\/\/www.colindres.es\/#website"},"primaryImageOfPage":{"@id":"https:\/\/www.colindres.es\/index.php\/project\/el-ayuntamiento-de-colindres-acomete-obras-de-acondicionamiento-y-mejora-en-la-calle-cantabria\/#primaryimage"},"image":{"@id":"https:\/\/www.colindres.es\/index.php\/project\/el-ayuntamiento-de-colindres-acomete-obras-de-acondicionamiento-y-mejora-en-la-calle-cantabria\/#primaryimage"},"thumbnailUrl":"https:\/\/www.colindres.es\/wp-content\/uploads\/2018\/03\/Obras-Calle-Cantabria.jpg","datePublished":"2018-03-21T14:06:55+00:00","breadcrumb":{"@id":"https:\/\/www.colindres.es\/index.php\/project\/el-ayuntamiento-de-colindres-acomete-obras-de-acondicionamiento-y-mejora-en-la-calle-cantabria\/#breadcrumb"},"inLanguage":"es","potentialAction":[{"@type":"ReadAction","target":["https:\/\/www.colindres.es\/index.php\/project\/el-ayuntamiento-de-colindres-acomete-obras-de-acondicionamiento-y-mejora-en-la-calle-cantabria\/"]}]},{"@type":"ImageObject","inLanguage":"es","@id":"https:\/\/www.colindres.es\/index.php\/project\/el-ayuntamiento-de-colindres-acomete-obras-de-acondicionamiento-y-mejora-en-la-calle-cantabria\/#primaryimage","url":"https:\/\/www.colindres.es\/wp-content\/uploads\/2018\/03\/Obras-Calle-Cantabria.jpg","contentUrl":"https:\/\/www.colindres.es\/wp-content\/uploads\/2018\/03\/Obras-Calle-Cantabria.jpg","width":1280,"height":960},{"@type":"BreadcrumbList","@id":"https:\/\/www.colindres.es\/index.php\/project\/el-ayuntamiento-de-colindres-acomete-obras-de-acondicionamiento-y-mejora-en-la-calle-cantabria\/#breadcrumb","itemListElement":[{"@type":"ListItem","position":1,"name":"Portada","item":"https:\/\/www.colindres.es\/"},{"@type":"ListItem","position":2,"name":"Proyectos","item":"https:\/\/www.colindres.es\/index.php\/project\/"},{"@type":"ListItem","position":3,"name":"El Ayuntamiento de Colindres acomete obras de acondicionamiento y mejora en la calle Cantabria"}]},{"@type":"WebSite","@id":"https:\/\/www.colindres.es\/#website","url":"https:\/\/www.colindres.es\/","name":"Ayuntamiento de Colindres","description":"Dise\u00f1ado por NTIC&#039;s","publisher":{"@id":"https:\/\/www.colindres.es\/#organization"},"potentialAction":[{"@type":"SearchAction","target":{"@type":"EntryPoint","urlTemplate":"https:\/\/www.colindres.es\/?s={search_term_string}"},"query-input":{"@type":"PropertyValueSpecification","valueRequired":true,"valueName":"search_term_string"}}],"inLanguage":"es"},{"@type":"Organization","@id":"https:\/\/www.colindres.es\/#organization","name":"AYUNTAMIENTO DE COLINDRES","url":"https:\/\/www.colindres.es\/","logo":{"@type":"ImageObject","inLanguage":"es","@id":"https:\/\/www.colindres.es\/#\/schema\/logo\/image\/","url":"https:\/\/www.colindres.es\/wp-content\/uploads\/2017\/01\/LOGO-PRINCIPAL.jpg","contentUrl":"https:\/\/www.colindres.es\/wp-content\/uploads\/2017\/01\/LOGO-PRINCIPAL.jpg","width":1209,"height":579,"caption":"AYUNTAMIENTO DE COLINDRES"},"image":{"@id":"https:\/\/www.colindres.es\/#\/schema\/logo\/image\/"}}]}},"_links":{"self":[{"href":"https:\/\/www.colindres.es\/index.php\/wp-json\/wp\/v2\/project\/1369","targetHints":{"allow":["GET"]}}],"collection":[{"href":"https:\/\/www.colindres.es\/index.php\/wp-json\/wp\/v2\/project"}],"about":[{"href":"https:\/\/www.colindres.es\/index.php\/wp-json\/wp\/v2\/types\/project"}],"author":[{"embeddable":true,"href":"https:\/\/www.colindres.es\/index.php\/wp-json\/wp\/v2\/users\/1"}],"replies":[{"embeddable":true,"href":"https:\/\/www.colindres.es\/index.php\/wp-json\/wp\/v2\/comments?post=1369"}],"version-history":[{"count":1,"href":"https:\/\/www.colindres.es\/index.php\/wp-json\/wp\/v2\/project\/1369\/revisions"}],"predecessor-version":[{"id":1371,"href":"https:\/\/www.colindres.es\/index.php\/wp-json\/wp\/v2\/project\/1369\/revisions\/1371"}],"wp:featuredmedia":[{"embeddable":true,"href":"https:\/\/www.colindres.es\/index.php\/wp-json\/wp\/v2\/media\/1370"}],"wp:attachment":[{"href":"https:\/\/www.colindres.es\/index.php\/wp-json\/wp\/v2\/media?parent=1369"}],"wp:term":[{"taxonomy":"project_category","embeddable":true,"href":"https:\/\/www.colindres.es\/index.php\/wp-json\/wp\/v2\/project_category?post=1369"},{"taxonomy":"project_tag","embeddable":true,"href":"https:\/\/www.colindres.es\/index.php\/wp-json\/wp\/v2\/project_tag?post=1369"}],"curies":[{"name":"wp","href":"https:\/\/api.w.org\/{rel}","templated":true}]}}