{"id":1365,"date":"2018-03-19T12:07:53","date_gmt":"2018-03-19T12:07:53","guid":{"rendered":"http:\/\/colindres.es\/?post_type=project&#038;p=1365"},"modified":"2018-03-20T06:06:50","modified_gmt":"2018-03-20T06:06:50","slug":"la-plaza-de-la-constitucion","status":"publish","type":"project","link":"https:\/\/www.colindres.es\/index.php\/project\/la-plaza-de-la-constitucion\/","title":{"rendered":"LA PLAZA DE LA CONSTITUCI\u00d3N"},"content":{"rendered":"<p>No cabe duda de que los espacios p\u00fablicos contribuyen al fomento de la ciudadan\u00eda y de la identidad. Adem\u00e1s dicen mucho de c\u00f3mo se relacionan los habitantes de una comunidad, de ah\u00ed su relevancia dentro del \u00e1mbito urbano.<\/p>\n<p>En Colindres, la Plaza de la Constituci\u00f3n re\u00fane tales atributos, pues \u00a0es uno de esos espacios que elegimos y al que acudimos para celebrar en \u00e9l muchos de los eventos l\u00fadico-festivos de la villa. Por ello, en breve, en esta plaza se acometer\u00e1n diversas intervenciones que mejorar\u00e1n ostensiblemente sus prestaciones, dirigidas a todo tipo de usuarios, con la dotaci\u00f3n de una zona de juegos infantiles, espacios de tertulia y zona para la celebraci\u00f3n de ferias y eventos varios.<\/p>\n<p>Mucho cambi\u00f3 este entorno, en la d\u00e9cada de los setenta del pasado siglo, cuando se recuper\u00f3 como espacio p\u00fablico en un momento en el que el crecimiento urban\u00edstico y poblacional de Colindres no paraba de crecer.<\/p>\n<p>La plaza ocupa hoy lo que entonces era un \u201cdescampado\u201d bald\u00edo, un solar que a\u00fan delataba un terreno dunar degradado entre nuevas construcciones. Su aspecto mut\u00f3 dr\u00e1sticamente tras replantearse el trazado del camino de arena que un\u00eda las calles Manuel Fern\u00e1ndez Madrazo y Heliodoro A. Fern\u00e1ndez. \u00c9ste, atravesaba el solar diagonalmente y el punto donde hoy confluyen ambas calles estaba ocupado por los huertos de los inquilinos de la Casa de los Maestros (1960).<\/p>\n<p>El motor que aceler\u00f3 la recuperaci\u00f3n del paraje en cuesti\u00f3n fue la construcci\u00f3n del edificio de la Telef\u00f3nica. Y esto no iba a ser gratuito pues, sin querer, aport\u00f3 un nombre oficioso al lugar lleg\u00e1ndosele a conocer popularmente como \u201cPlaza de la Telef\u00f3nica\u201d; poco despu\u00e9s le toc\u00f3 al mobiliario urbano usurpar la notoriedad del lugar y algo tan inocentemente trivial como la dotaci\u00f3n de unas luminarias, eso s\u00ed, ostentosas o numerosas para aquella \u00e9poca, consigui\u00f3 atraer la atenci\u00f3n de los ciudadanos tanto como para llamarla \u201cLa plaza de las Farolas\u201d.<\/p>\n<p>Con tantos elementos nuevos nos cost\u00f3 acostumbrarnos al nombre de \u201cPlaza de la Constituci\u00f3n\u201d aunque dicha denominaci\u00f3n ya se hab\u00eda estrenado en el callejero colindr\u00e9s un siglo antes.<\/p>\n<p>Y es que, alrededor del \u00faltimo tercio del siglo XIX, estar en la plaza de la Constituci\u00f3n de Colindres nos situar\u00eda en la actual Calle de Puerta o Cant\u00f3n de Puerta de entonces. En el cruce de caminos donde confluyen el Camino Real, que viene por Raposil en direcci\u00f3n a San Juan, con el camino de la Cuesta de Mori. All\u00ed se formaba una plazoleta llamada El Moradal, delante de la que fue casa del secretario real de Felipe II, Pedro del Hoyo (Casa de Valle posteriormente), antes de ser \u00e9sta vallada en beneficio de la familia Valle, no sin antes pleitear con el ayuntamiento por su titularidad.<\/p>\n<p>Ya entonces pose\u00eda esta plazoleta una dimensi\u00f3n sociocultural como lugar de encuentro, y es que era costumbre celebrar en ella algunas de las romer\u00edas m\u00e1s populares de Colindres. Y precisamente por ser lugar de asamblea, de\u00a0 fiesta, de juego y de m\u00fasica debi\u00f3 de ser elegida en su d\u00eda para llevar el nombre de Plaza de la Constituci\u00f3n, denominaci\u00f3n que ya la identificaba en 1860. Para entonces, ya se hab\u00edan promulgado tres Constituciones en Espa\u00f1a (1812, 1837 y 1845).<\/p>\n<p>Probablemente, cuando la poblaci\u00f3n comenz\u00f3 a desplazarse a los nuevos terrenos de Colindres de Abajo, la plaza hubo de competir con otros espacios de reuni\u00f3n por lo que fue perdiendo concurrencia ciudadana. No obstante, sigui\u00f3 teniendo inter\u00e9s para los vecinos de la zona quienes en 1877 reclamaban la rehabilitaci\u00f3n del juego de bolos que a\u00f1os antes ya se ubicaba justo all\u00ed. Desconocemos si finalmente lo consiguieron; lo cierto es que antes de 1886 el juego de bolos ya se hab\u00eda establecido en las inmediaciones de la Alameda del Barrio Nuevo.<\/p>\n<p>Estos movimientos poblacionales fueron desplazando el inter\u00e9s de unos espacios de reuni\u00f3n por otros m\u00e1s pr\u00f3ximos a los nuevos asentamientos. As\u00ed pues, muy poco a poco -cien a\u00f1os despu\u00e9s-, tambi\u00e9n acab\u00f3 instal\u00e1ndose en uno de ellos la denominaci\u00f3n de Plaza de la Constituci\u00f3n aludiendo, obviamente, a la de 1978, pero con id\u00e9ntica intenci\u00f3n, la de dar nombre a un espacio p\u00fablico en el que se fomenta el ejercicio de la ciudadan\u00eda y el sentimiento de identidad.<\/p>\n<p>Pie de foto: Casa Valle antes de su restauraci\u00f3n en 1909. Archivo Carmen Urriola.<\/p>\n<p>Textos: Yolanda Arce &amp; \u00c1ngel Revuelta<\/p>\n","protected":false},"excerpt":{"rendered":"<p>No cabe duda de que los espacios p\u00fablicos contribuyen al fomento de la ciudadan\u00eda y de la identidad. Adem\u00e1s dicen mucho de c\u00f3mo se relacionan los habitantes de una comunidad, de ah\u00ed su relevancia dentro del \u00e1mbito urbano. En Colindres, la Plaza de la Constituci\u00f3n re\u00fane tales atributos, pues \u00a0es uno de esos espacios que [&hellip;]<\/p>\n","protected":false},"author":1,"featured_media":1366,"comment_status":"open","ping_status":"closed","template":"","meta":{"_et_pb_use_builder":"","_et_pb_old_content":"","_et_gb_content_width":"","footnotes":""},"project_category":[],"project_tag":[],"class_list":["post-1365","project","type-project","status-publish","has-post-thumbnail","hentry"],"yoast_head":"<!-- This site is optimized with the Yoast SEO plugin v24.9 - https:\/\/yoast.com\/wordpress\/plugins\/seo\/ -->\n<title>LA PLAZA DE LA CONSTITUCI\u00d3N - Ayuntamiento de Colindres<\/title>\n<meta name=\"robots\" content=\"index, follow, max-snippet:-1, max-image-preview:large, max-video-preview:-1\" \/>\n<link rel=\"canonical\" href=\"https:\/\/www.colindres.es\/index.php\/project\/la-plaza-de-la-constitucion\/\" \/>\n<meta property=\"og:locale\" content=\"es_ES\" \/>\n<meta property=\"og:type\" content=\"article\" \/>\n<meta property=\"og:title\" content=\"LA PLAZA DE LA CONSTITUCI\u00d3N - Ayuntamiento de Colindres\" \/>\n<meta property=\"og:description\" content=\"No cabe duda de que los espacios p\u00fablicos contribuyen al fomento de la ciudadan\u00eda y de la identidad. Adem\u00e1s dicen mucho de c\u00f3mo se relacionan los habitantes de una comunidad, de ah\u00ed su relevancia dentro del \u00e1mbito urbano. En Colindres, la Plaza de la Constituci\u00f3n re\u00fane tales atributos, pues \u00a0es uno de esos espacios que [&hellip;]\" \/>\n<meta property=\"og:url\" content=\"https:\/\/www.colindres.es\/index.php\/project\/la-plaza-de-la-constitucion\/\" \/>\n<meta property=\"og:site_name\" content=\"Ayuntamiento de Colindres\" \/>\n<meta property=\"article:modified_time\" content=\"2018-03-20T06:06:50+00:00\" \/>\n<meta property=\"og:image\" content=\"https:\/\/www.colindres.es\/wp-content\/uploads\/2018\/03\/Casa-Valle.jpg\" \/>\n\t<meta property=\"og:image:width\" content=\"1280\" \/>\n\t<meta property=\"og:image:height\" content=\"902\" \/>\n\t<meta property=\"og:image:type\" content=\"image\/jpeg\" \/>\n<meta name=\"twitter:card\" content=\"summary_large_image\" \/>\n<meta name=\"twitter:label1\" content=\"Tiempo de lectura\" \/>\n\t<meta name=\"twitter:data1\" content=\"4 minutos\" \/>\n<script type=\"application\/ld+json\" class=\"yoast-schema-graph\">{\"@context\":\"https:\/\/schema.org\",\"@graph\":[{\"@type\":\"WebPage\",\"@id\":\"https:\/\/www.colindres.es\/index.php\/project\/la-plaza-de-la-constitucion\/\",\"url\":\"https:\/\/www.colindres.es\/index.php\/project\/la-plaza-de-la-constitucion\/\",\"name\":\"LA PLAZA DE LA CONSTITUCI\u00d3N - Ayuntamiento de Colindres\",\"isPartOf\":{\"@id\":\"https:\/\/www.colindres.es\/#website\"},\"primaryImageOfPage\":{\"@id\":\"https:\/\/www.colindres.es\/index.php\/project\/la-plaza-de-la-constitucion\/#primaryimage\"},\"image\":{\"@id\":\"https:\/\/www.colindres.es\/index.php\/project\/la-plaza-de-la-constitucion\/#primaryimage\"},\"thumbnailUrl\":\"https:\/\/www.colindres.es\/wp-content\/uploads\/2018\/03\/Casa-Valle.jpg\",\"datePublished\":\"2018-03-19T12:07:53+00:00\",\"dateModified\":\"2018-03-20T06:06:50+00:00\",\"breadcrumb\":{\"@id\":\"https:\/\/www.colindres.es\/index.php\/project\/la-plaza-de-la-constitucion\/#breadcrumb\"},\"inLanguage\":\"es\",\"potentialAction\":[{\"@type\":\"ReadAction\",\"target\":[\"https:\/\/www.colindres.es\/index.php\/project\/la-plaza-de-la-constitucion\/\"]}]},{\"@type\":\"ImageObject\",\"inLanguage\":\"es\",\"@id\":\"https:\/\/www.colindres.es\/index.php\/project\/la-plaza-de-la-constitucion\/#primaryimage\",\"url\":\"https:\/\/www.colindres.es\/wp-content\/uploads\/2018\/03\/Casa-Valle.jpg\",\"contentUrl\":\"https:\/\/www.colindres.es\/wp-content\/uploads\/2018\/03\/Casa-Valle.jpg\",\"width\":1280,\"height\":902},{\"@type\":\"BreadcrumbList\",\"@id\":\"https:\/\/www.colindres.es\/index.php\/project\/la-plaza-de-la-constitucion\/#breadcrumb\",\"itemListElement\":[{\"@type\":\"ListItem\",\"position\":1,\"name\":\"Portada\",\"item\":\"https:\/\/www.colindres.es\/\"},{\"@type\":\"ListItem\",\"position\":2,\"name\":\"Proyectos\",\"item\":\"https:\/\/www.colindres.es\/index.php\/project\/\"},{\"@type\":\"ListItem\",\"position\":3,\"name\":\"LA PLAZA DE LA CONSTITUCI\u00d3N\"}]},{\"@type\":\"WebSite\",\"@id\":\"https:\/\/www.colindres.es\/#website\",\"url\":\"https:\/\/www.colindres.es\/\",\"name\":\"Ayuntamiento de Colindres\",\"description\":\"Dise\u00f1ado por NTIC&#039;s\",\"publisher\":{\"@id\":\"https:\/\/www.colindres.es\/#organization\"},\"potentialAction\":[{\"@type\":\"SearchAction\",\"target\":{\"@type\":\"EntryPoint\",\"urlTemplate\":\"https:\/\/www.colindres.es\/?s={search_term_string}\"},\"query-input\":{\"@type\":\"PropertyValueSpecification\",\"valueRequired\":true,\"valueName\":\"search_term_string\"}}],\"inLanguage\":\"es\"},{\"@type\":\"Organization\",\"@id\":\"https:\/\/www.colindres.es\/#organization\",\"name\":\"AYUNTAMIENTO DE COLINDRES\",\"url\":\"https:\/\/www.colindres.es\/\",\"logo\":{\"@type\":\"ImageObject\",\"inLanguage\":\"es\",\"@id\":\"https:\/\/www.colindres.es\/#\/schema\/logo\/image\/\",\"url\":\"https:\/\/www.colindres.es\/wp-content\/uploads\/2017\/01\/LOGO-PRINCIPAL.jpg\",\"contentUrl\":\"https:\/\/www.colindres.es\/wp-content\/uploads\/2017\/01\/LOGO-PRINCIPAL.jpg\",\"width\":1209,\"height\":579,\"caption\":\"AYUNTAMIENTO DE COLINDRES\"},\"image\":{\"@id\":\"https:\/\/www.colindres.es\/#\/schema\/logo\/image\/\"}}]}<\/script>\n<!-- \/ Yoast SEO plugin. -->","yoast_head_json":{"title":"LA PLAZA DE LA CONSTITUCI\u00d3N - Ayuntamiento de Colindres","robots":{"index":"index","follow":"follow","max-snippet":"max-snippet:-1","max-image-preview":"max-image-preview:large","max-video-preview":"max-video-preview:-1"},"canonical":"https:\/\/www.colindres.es\/index.php\/project\/la-plaza-de-la-constitucion\/","og_locale":"es_ES","og_type":"article","og_title":"LA PLAZA DE LA CONSTITUCI\u00d3N - Ayuntamiento de Colindres","og_description":"No cabe duda de que los espacios p\u00fablicos contribuyen al fomento de la ciudadan\u00eda y de la identidad. Adem\u00e1s dicen mucho de c\u00f3mo se relacionan los habitantes de una comunidad, de ah\u00ed su relevancia dentro del \u00e1mbito urbano. En Colindres, la Plaza de la Constituci\u00f3n re\u00fane tales atributos, pues \u00a0es uno de esos espacios que [&hellip;]","og_url":"https:\/\/www.colindres.es\/index.php\/project\/la-plaza-de-la-constitucion\/","og_site_name":"Ayuntamiento de Colindres","article_modified_time":"2018-03-20T06:06:50+00:00","og_image":[{"width":1280,"height":902,"url":"https:\/\/www.colindres.es\/wp-content\/uploads\/2018\/03\/Casa-Valle.jpg","type":"image\/jpeg"}],"twitter_card":"summary_large_image","twitter_misc":{"Tiempo de lectura":"4 minutos"},"schema":{"@context":"https:\/\/schema.org","@graph":[{"@type":"WebPage","@id":"https:\/\/www.colindres.es\/index.php\/project\/la-plaza-de-la-constitucion\/","url":"https:\/\/www.colindres.es\/index.php\/project\/la-plaza-de-la-constitucion\/","name":"LA PLAZA DE LA CONSTITUCI\u00d3N - Ayuntamiento de Colindres","isPartOf":{"@id":"https:\/\/www.colindres.es\/#website"},"primaryImageOfPage":{"@id":"https:\/\/www.colindres.es\/index.php\/project\/la-plaza-de-la-constitucion\/#primaryimage"},"image":{"@id":"https:\/\/www.colindres.es\/index.php\/project\/la-plaza-de-la-constitucion\/#primaryimage"},"thumbnailUrl":"https:\/\/www.colindres.es\/wp-content\/uploads\/2018\/03\/Casa-Valle.jpg","datePublished":"2018-03-19T12:07:53+00:00","dateModified":"2018-03-20T06:06:50+00:00","breadcrumb":{"@id":"https:\/\/www.colindres.es\/index.php\/project\/la-plaza-de-la-constitucion\/#breadcrumb"},"inLanguage":"es","potentialAction":[{"@type":"ReadAction","target":["https:\/\/www.colindres.es\/index.php\/project\/la-plaza-de-la-constitucion\/"]}]},{"@type":"ImageObject","inLanguage":"es","@id":"https:\/\/www.colindres.es\/index.php\/project\/la-plaza-de-la-constitucion\/#primaryimage","url":"https:\/\/www.colindres.es\/wp-content\/uploads\/2018\/03\/Casa-Valle.jpg","contentUrl":"https:\/\/www.colindres.es\/wp-content\/uploads\/2018\/03\/Casa-Valle.jpg","width":1280,"height":902},{"@type":"BreadcrumbList","@id":"https:\/\/www.colindres.es\/index.php\/project\/la-plaza-de-la-constitucion\/#breadcrumb","itemListElement":[{"@type":"ListItem","position":1,"name":"Portada","item":"https:\/\/www.colindres.es\/"},{"@type":"ListItem","position":2,"name":"Proyectos","item":"https:\/\/www.colindres.es\/index.php\/project\/"},{"@type":"ListItem","position":3,"name":"LA PLAZA DE LA CONSTITUCI\u00d3N"}]},{"@type":"WebSite","@id":"https:\/\/www.colindres.es\/#website","url":"https:\/\/www.colindres.es\/","name":"Ayuntamiento de Colindres","description":"Dise\u00f1ado por NTIC&#039;s","publisher":{"@id":"https:\/\/www.colindres.es\/#organization"},"potentialAction":[{"@type":"SearchAction","target":{"@type":"EntryPoint","urlTemplate":"https:\/\/www.colindres.es\/?s={search_term_string}"},"query-input":{"@type":"PropertyValueSpecification","valueRequired":true,"valueName":"search_term_string"}}],"inLanguage":"es"},{"@type":"Organization","@id":"https:\/\/www.colindres.es\/#organization","name":"AYUNTAMIENTO DE COLINDRES","url":"https:\/\/www.colindres.es\/","logo":{"@type":"ImageObject","inLanguage":"es","@id":"https:\/\/www.colindres.es\/#\/schema\/logo\/image\/","url":"https:\/\/www.colindres.es\/wp-content\/uploads\/2017\/01\/LOGO-PRINCIPAL.jpg","contentUrl":"https:\/\/www.colindres.es\/wp-content\/uploads\/2017\/01\/LOGO-PRINCIPAL.jpg","width":1209,"height":579,"caption":"AYUNTAMIENTO DE COLINDRES"},"image":{"@id":"https:\/\/www.colindres.es\/#\/schema\/logo\/image\/"}}]}},"_links":{"self":[{"href":"https:\/\/www.colindres.es\/index.php\/wp-json\/wp\/v2\/project\/1365","targetHints":{"allow":["GET"]}}],"collection":[{"href":"https:\/\/www.colindres.es\/index.php\/wp-json\/wp\/v2\/project"}],"about":[{"href":"https:\/\/www.colindres.es\/index.php\/wp-json\/wp\/v2\/types\/project"}],"author":[{"embeddable":true,"href":"https:\/\/www.colindres.es\/index.php\/wp-json\/wp\/v2\/users\/1"}],"replies":[{"embeddable":true,"href":"https:\/\/www.colindres.es\/index.php\/wp-json\/wp\/v2\/comments?post=1365"}],"version-history":[{"count":2,"href":"https:\/\/www.colindres.es\/index.php\/wp-json\/wp\/v2\/project\/1365\/revisions"}],"predecessor-version":[{"id":1368,"href":"https:\/\/www.colindres.es\/index.php\/wp-json\/wp\/v2\/project\/1365\/revisions\/1368"}],"wp:featuredmedia":[{"embeddable":true,"href":"https:\/\/www.colindres.es\/index.php\/wp-json\/wp\/v2\/media\/1366"}],"wp:attachment":[{"href":"https:\/\/www.colindres.es\/index.php\/wp-json\/wp\/v2\/media?parent=1365"}],"wp:term":[{"taxonomy":"project_category","embeddable":true,"href":"https:\/\/www.colindres.es\/index.php\/wp-json\/wp\/v2\/project_category?post=1365"},{"taxonomy":"project_tag","embeddable":true,"href":"https:\/\/www.colindres.es\/index.php\/wp-json\/wp\/v2\/project_tag?post=1365"}],"curies":[{"name":"wp","href":"https:\/\/api.w.org\/{rel}","templated":true}]}}