{"id":1362,"date":"2018-03-16T09:42:25","date_gmt":"2018-03-16T09:42:25","guid":{"rendered":"http:\/\/colindres.es\/?post_type=project&#038;p=1362"},"modified":"2018-03-16T09:42:25","modified_gmt":"2018-03-16T09:42:25","slug":"la-alameda-del-barrio-nuevo","status":"publish","type":"project","link":"https:\/\/www.colindres.es\/index.php\/project\/la-alameda-del-barrio-nuevo\/","title":{"rendered":"LA ALAMEDA DEL BARRIO NUEVO"},"content":{"rendered":"<p>La actual Alameda del Ayuntamiento fue elegida, de entre las tres con las que contaba Colindres de Abajo -Barrio Nuevo, Las Ferias y la Magdalena-, como el centro de reuni\u00f3n y ocio del municipio. El barrio que le da nombre aparece mencionado ya a principios del siglo XVII. Y como alameda la encontramos citada en 1842, cuando se solicita hacer mercado en ella todos los domingos.<\/p>\n<p>Hacia 1890 se hizo patente la necesidad de recuperar las tres alamedas, que se hallaban en un lamentable estado de abandono. Se eligi\u00f3 la m\u00e1s poblada, la del Barrio Nuevo, para convertirla en el caracter\u00edstico paseo arbolado de la \u00e9poca. Fue entonces cuando empezaron a llegar capitales indianos procedentes de ultramar, fortunas acumuladas por familias oriundas de Colindres, germen de una ascendente burgues\u00eda. Una nueva clase social que demandaba mayor calidad de vida que dotara a su entorno de espacios p\u00fablicos para su ocio y recreo.<\/p>\n<p>Entre sus residencias destacan el chalet \u201cVilla Amelia\u201d, proyectado por Alfredo de la Escalera y propiedad de D. Miguel Bengoechea L\u00f3pez, promotor, en buena medida, del Barrio Nuevo como alcalde de la villa en aquella \u00e9poca; la \u201cCasa de D\u00aa Serafina\u201d, de D. Mart\u00edn Bengoechea Solar; la actual Casa de Cultura, construida por D. Felipe Bustillo Bengoechea, del arquitecto Gonzalo Bringas; y el desaparecido chalet \u201cVilla Elena\u201d, donde hoy se levanta la anteriormente Escuela Municipal de M\u00fasica.<\/p>\n<p>El acondicionamiento de la Alameda no fue tarea f\u00e1cil: se inundaba a menudo a causa de su posici\u00f3n deprimida, por lo que se construy\u00f3 junto al Ayuntamiento un pozo artesiano que paliara situaciones de encharcamiento.<\/p>\n<p>Para acometer las obras, se talaron sus cuarenta y dos chopos, cubriendo con el importe de la madera los primeros gastos de urbanizaci\u00f3n y reforestaci\u00f3n. Aqu\u00e9llos se sol\u00edan podar tambi\u00e9n para afrontar algunos pagos en situaciones cr\u00edticas, como en el caso de un incendio que dej\u00f3 sin casa a una familia y \u00e9sta solicita la tala de algunos de sus \u00e1rboles para poder solucionar su problema temporalmente. Estas intervenciones quedaban justificadas ya que su frondosidad llegaba a juzgarse como un problema:<\/p>\n<p>\u201cSe\u00f1or alcalde D. Miguel M\u00aa Valle. Considerando que esta finca abunda tanto de \u00e1rboles por su espesura y frondosidad, que a\u00fan en la \u00e9poca de verano se siente en ella fr\u00edo constantemente; de forma que sobre dejar de ser por esta circunstancia ya punto de recreo, carece de higiene por el grave riesgo que existe al entrar en ella de otro punto, pudiendo cualquiera persona ser acometida de una pulmon\u00eda o por lo menos de un fuerte constipado\u201d.<\/p>\n<p>Fue el arquitecto provincial Alfredo de la Escalera y Amblard quien dise\u00f1\u00f3 la Alameda, al modo de los ensanches urbanos de la \u00e9poca. El cierre perimetral fue ejecutado hacia 1905, mediante un peque\u00f1o muro de unos cincuenta cent\u00edmetros de altura, aunque las verjas de hierro que deb\u00edan completarlo nunca se instalaron. Esta intervenci\u00f3n fue financiada por el indiano Heliodoro A. Fern\u00e1ndez, donante tambi\u00e9n del reloj del Ayuntamiento y del Kiosco.<\/p>\n<p>La denominaci\u00f3n de Alameda se debe a las primeras plantaciones de \u00e1rboles que se conocieron en este lugar, que eran \u201cchopos\u201d o \u00e1lamos. Los actuales pl\u00e1tanos corresponder\u00edan a una plantaci\u00f3n efectuada hacia 1892.<\/p>\n<p>En 1914 aparece nombrada como \u201cAlameda de Eduardo Durante\u201d, en honor a un m\u00e9dico que ejerci\u00f3 varios a\u00f1os en Colindres. Es en esta \u00e9poca cuando la distribuci\u00f3n de todos los edificios residenciales queda definida, adem\u00e1s del edificio de las Escuelas P\u00fablicas y Ayuntamiento, inaugurado tres a\u00f1os antes.<\/p>\n<p>En el a\u00f1o 1931 conoce un nuevo cambio de nombre, el de \u201cAlameda de los Capitanes Gal\u00e1n y Garc\u00eda Hern\u00e1ndez\u201d, quienes cayeron en el levantamiento de Jaca en defensa de la instauraci\u00f3n de la Rep\u00fablica. Posteriormente, en 1937, fue rebautizada como \u201cAlameda del General\u00edsimo\u201d.<\/p>\n<p>En su interior destacan elementos constructivos como el Kiosco o Templete de la M\u00fasica y la Fuente de la Bellota (hoy fuera del recinto de la Alameda). Tambi\u00e9n ha albergado dos boleras en distintas \u00e9pocas, una al lado de la Fuente y otra junto al actual parque infantil. Asimismo, en este escenario aparece el Casino, lugar de reuni\u00f3n de la burgues\u00eda local \u00a0durante el primer tercio del siglo XX . Ocupaba la planta baja de uno de los edificios aleda\u00f1os, donde posteriormente se ubicaron los consultorios m\u00e9dicos de D. Pablo Puente de la Maza.<\/p>\n<p>La Alameda ha sido escenario de verbenas y romer\u00edas, como la de la Festividad de Santiago, de conciertos, ferias, reuniones, paseantes, lectores&#8230;<\/p>\n<p>Desde comienzos de la d\u00e9cada de 1990 su nombre es \u201cAlameda del Ayuntamiento\u201d y su funci\u00f3n de espacio p\u00fablico de recreo y ocio sigue vigente.<\/p>\n<p>Pie de foto: \u201cLa Alameda a comienzos de la d\u00e9cada de 1960. Archivo Carmen Urriola\u201d.<\/p>\n<p>Textos: Yolanda Arce y \u00c1ngel Revuelta<\/p>\n","protected":false},"excerpt":{"rendered":"<p>La actual Alameda del Ayuntamiento fue elegida, de entre las tres con las que contaba Colindres de Abajo -Barrio Nuevo, Las Ferias y la Magdalena-, como el centro de reuni\u00f3n y ocio del municipio. El barrio que le da nombre aparece mencionado ya a principios del siglo XVII. Y como alameda la encontramos citada en [&hellip;]<\/p>\n","protected":false},"author":1,"featured_media":1363,"comment_status":"open","ping_status":"closed","template":"","meta":{"_et_pb_use_builder":"","_et_pb_old_content":"","_et_gb_content_width":"","footnotes":""},"project_category":[],"project_tag":[],"class_list":["post-1362","project","type-project","status-publish","has-post-thumbnail","hentry"],"yoast_head":"<!-- This site is optimized with the Yoast SEO plugin v24.9 - https:\/\/yoast.com\/wordpress\/plugins\/seo\/ -->\n<title>LA ALAMEDA DEL BARRIO NUEVO - Ayuntamiento de Colindres<\/title>\n<meta name=\"robots\" content=\"index, follow, max-snippet:-1, max-image-preview:large, max-video-preview:-1\" \/>\n<link rel=\"canonical\" href=\"https:\/\/www.colindres.es\/index.php\/project\/la-alameda-del-barrio-nuevo\/\" \/>\n<meta property=\"og:locale\" content=\"es_ES\" \/>\n<meta property=\"og:type\" content=\"article\" \/>\n<meta property=\"og:title\" content=\"LA ALAMEDA DEL BARRIO NUEVO - Ayuntamiento de Colindres\" \/>\n<meta property=\"og:description\" content=\"La actual Alameda del Ayuntamiento fue elegida, de entre las tres con las que contaba Colindres de Abajo -Barrio Nuevo, Las Ferias y la Magdalena-, como el centro de reuni\u00f3n y ocio del municipio. El barrio que le da nombre aparece mencionado ya a principios del siglo XVII. Y como alameda la encontramos citada en [&hellip;]\" \/>\n<meta property=\"og:url\" content=\"https:\/\/www.colindres.es\/index.php\/project\/la-alameda-del-barrio-nuevo\/\" \/>\n<meta property=\"og:site_name\" content=\"Ayuntamiento de Colindres\" \/>\n<meta property=\"og:image\" content=\"https:\/\/www.colindres.es\/wp-content\/uploads\/2018\/03\/Alameda-del-Barrio-Nuevo.jpg\" \/>\n\t<meta property=\"og:image:width\" content=\"1754\" \/>\n\t<meta property=\"og:image:height\" content=\"1157\" \/>\n\t<meta property=\"og:image:type\" content=\"image\/jpeg\" \/>\n<meta name=\"twitter:card\" content=\"summary_large_image\" \/>\n<meta name=\"twitter:label1\" content=\"Tiempo de lectura\" \/>\n\t<meta name=\"twitter:data1\" content=\"4 minutos\" \/>\n<script type=\"application\/ld+json\" class=\"yoast-schema-graph\">{\"@context\":\"https:\/\/schema.org\",\"@graph\":[{\"@type\":\"WebPage\",\"@id\":\"https:\/\/www.colindres.es\/index.php\/project\/la-alameda-del-barrio-nuevo\/\",\"url\":\"https:\/\/www.colindres.es\/index.php\/project\/la-alameda-del-barrio-nuevo\/\",\"name\":\"LA ALAMEDA DEL BARRIO NUEVO - Ayuntamiento de Colindres\",\"isPartOf\":{\"@id\":\"https:\/\/www.colindres.es\/#website\"},\"primaryImageOfPage\":{\"@id\":\"https:\/\/www.colindres.es\/index.php\/project\/la-alameda-del-barrio-nuevo\/#primaryimage\"},\"image\":{\"@id\":\"https:\/\/www.colindres.es\/index.php\/project\/la-alameda-del-barrio-nuevo\/#primaryimage\"},\"thumbnailUrl\":\"https:\/\/www.colindres.es\/wp-content\/uploads\/2018\/03\/Alameda-del-Barrio-Nuevo.jpg\",\"datePublished\":\"2018-03-16T09:42:25+00:00\",\"breadcrumb\":{\"@id\":\"https:\/\/www.colindres.es\/index.php\/project\/la-alameda-del-barrio-nuevo\/#breadcrumb\"},\"inLanguage\":\"es\",\"potentialAction\":[{\"@type\":\"ReadAction\",\"target\":[\"https:\/\/www.colindres.es\/index.php\/project\/la-alameda-del-barrio-nuevo\/\"]}]},{\"@type\":\"ImageObject\",\"inLanguage\":\"es\",\"@id\":\"https:\/\/www.colindres.es\/index.php\/project\/la-alameda-del-barrio-nuevo\/#primaryimage\",\"url\":\"https:\/\/www.colindres.es\/wp-content\/uploads\/2018\/03\/Alameda-del-Barrio-Nuevo.jpg\",\"contentUrl\":\"https:\/\/www.colindres.es\/wp-content\/uploads\/2018\/03\/Alameda-del-Barrio-Nuevo.jpg\",\"width\":1754,\"height\":1157},{\"@type\":\"BreadcrumbList\",\"@id\":\"https:\/\/www.colindres.es\/index.php\/project\/la-alameda-del-barrio-nuevo\/#breadcrumb\",\"itemListElement\":[{\"@type\":\"ListItem\",\"position\":1,\"name\":\"Portada\",\"item\":\"https:\/\/www.colindres.es\/\"},{\"@type\":\"ListItem\",\"position\":2,\"name\":\"Proyectos\",\"item\":\"https:\/\/www.colindres.es\/index.php\/project\/\"},{\"@type\":\"ListItem\",\"position\":3,\"name\":\"LA ALAMEDA DEL BARRIO NUEVO\"}]},{\"@type\":\"WebSite\",\"@id\":\"https:\/\/www.colindres.es\/#website\",\"url\":\"https:\/\/www.colindres.es\/\",\"name\":\"Ayuntamiento de Colindres\",\"description\":\"Dise\u00f1ado por NTIC&#039;s\",\"publisher\":{\"@id\":\"https:\/\/www.colindres.es\/#organization\"},\"potentialAction\":[{\"@type\":\"SearchAction\",\"target\":{\"@type\":\"EntryPoint\",\"urlTemplate\":\"https:\/\/www.colindres.es\/?s={search_term_string}\"},\"query-input\":{\"@type\":\"PropertyValueSpecification\",\"valueRequired\":true,\"valueName\":\"search_term_string\"}}],\"inLanguage\":\"es\"},{\"@type\":\"Organization\",\"@id\":\"https:\/\/www.colindres.es\/#organization\",\"name\":\"AYUNTAMIENTO DE COLINDRES\",\"url\":\"https:\/\/www.colindres.es\/\",\"logo\":{\"@type\":\"ImageObject\",\"inLanguage\":\"es\",\"@id\":\"https:\/\/www.colindres.es\/#\/schema\/logo\/image\/\",\"url\":\"https:\/\/www.colindres.es\/wp-content\/uploads\/2017\/01\/LOGO-PRINCIPAL.jpg\",\"contentUrl\":\"https:\/\/www.colindres.es\/wp-content\/uploads\/2017\/01\/LOGO-PRINCIPAL.jpg\",\"width\":1209,\"height\":579,\"caption\":\"AYUNTAMIENTO DE COLINDRES\"},\"image\":{\"@id\":\"https:\/\/www.colindres.es\/#\/schema\/logo\/image\/\"}}]}<\/script>\n<!-- \/ Yoast SEO plugin. -->","yoast_head_json":{"title":"LA ALAMEDA DEL BARRIO NUEVO - Ayuntamiento de Colindres","robots":{"index":"index","follow":"follow","max-snippet":"max-snippet:-1","max-image-preview":"max-image-preview:large","max-video-preview":"max-video-preview:-1"},"canonical":"https:\/\/www.colindres.es\/index.php\/project\/la-alameda-del-barrio-nuevo\/","og_locale":"es_ES","og_type":"article","og_title":"LA ALAMEDA DEL BARRIO NUEVO - Ayuntamiento de Colindres","og_description":"La actual Alameda del Ayuntamiento fue elegida, de entre las tres con las que contaba Colindres de Abajo -Barrio Nuevo, Las Ferias y la Magdalena-, como el centro de reuni\u00f3n y ocio del municipio. El barrio que le da nombre aparece mencionado ya a principios del siglo XVII. Y como alameda la encontramos citada en [&hellip;]","og_url":"https:\/\/www.colindres.es\/index.php\/project\/la-alameda-del-barrio-nuevo\/","og_site_name":"Ayuntamiento de Colindres","og_image":[{"width":1754,"height":1157,"url":"https:\/\/www.colindres.es\/wp-content\/uploads\/2018\/03\/Alameda-del-Barrio-Nuevo.jpg","type":"image\/jpeg"}],"twitter_card":"summary_large_image","twitter_misc":{"Tiempo de lectura":"4 minutos"},"schema":{"@context":"https:\/\/schema.org","@graph":[{"@type":"WebPage","@id":"https:\/\/www.colindres.es\/index.php\/project\/la-alameda-del-barrio-nuevo\/","url":"https:\/\/www.colindres.es\/index.php\/project\/la-alameda-del-barrio-nuevo\/","name":"LA ALAMEDA DEL BARRIO NUEVO - Ayuntamiento de Colindres","isPartOf":{"@id":"https:\/\/www.colindres.es\/#website"},"primaryImageOfPage":{"@id":"https:\/\/www.colindres.es\/index.php\/project\/la-alameda-del-barrio-nuevo\/#primaryimage"},"image":{"@id":"https:\/\/www.colindres.es\/index.php\/project\/la-alameda-del-barrio-nuevo\/#primaryimage"},"thumbnailUrl":"https:\/\/www.colindres.es\/wp-content\/uploads\/2018\/03\/Alameda-del-Barrio-Nuevo.jpg","datePublished":"2018-03-16T09:42:25+00:00","breadcrumb":{"@id":"https:\/\/www.colindres.es\/index.php\/project\/la-alameda-del-barrio-nuevo\/#breadcrumb"},"inLanguage":"es","potentialAction":[{"@type":"ReadAction","target":["https:\/\/www.colindres.es\/index.php\/project\/la-alameda-del-barrio-nuevo\/"]}]},{"@type":"ImageObject","inLanguage":"es","@id":"https:\/\/www.colindres.es\/index.php\/project\/la-alameda-del-barrio-nuevo\/#primaryimage","url":"https:\/\/www.colindres.es\/wp-content\/uploads\/2018\/03\/Alameda-del-Barrio-Nuevo.jpg","contentUrl":"https:\/\/www.colindres.es\/wp-content\/uploads\/2018\/03\/Alameda-del-Barrio-Nuevo.jpg","width":1754,"height":1157},{"@type":"BreadcrumbList","@id":"https:\/\/www.colindres.es\/index.php\/project\/la-alameda-del-barrio-nuevo\/#breadcrumb","itemListElement":[{"@type":"ListItem","position":1,"name":"Portada","item":"https:\/\/www.colindres.es\/"},{"@type":"ListItem","position":2,"name":"Proyectos","item":"https:\/\/www.colindres.es\/index.php\/project\/"},{"@type":"ListItem","position":3,"name":"LA ALAMEDA DEL BARRIO NUEVO"}]},{"@type":"WebSite","@id":"https:\/\/www.colindres.es\/#website","url":"https:\/\/www.colindres.es\/","name":"Ayuntamiento de Colindres","description":"Dise\u00f1ado por NTIC&#039;s","publisher":{"@id":"https:\/\/www.colindres.es\/#organization"},"potentialAction":[{"@type":"SearchAction","target":{"@type":"EntryPoint","urlTemplate":"https:\/\/www.colindres.es\/?s={search_term_string}"},"query-input":{"@type":"PropertyValueSpecification","valueRequired":true,"valueName":"search_term_string"}}],"inLanguage":"es"},{"@type":"Organization","@id":"https:\/\/www.colindres.es\/#organization","name":"AYUNTAMIENTO DE COLINDRES","url":"https:\/\/www.colindres.es\/","logo":{"@type":"ImageObject","inLanguage":"es","@id":"https:\/\/www.colindres.es\/#\/schema\/logo\/image\/","url":"https:\/\/www.colindres.es\/wp-content\/uploads\/2017\/01\/LOGO-PRINCIPAL.jpg","contentUrl":"https:\/\/www.colindres.es\/wp-content\/uploads\/2017\/01\/LOGO-PRINCIPAL.jpg","width":1209,"height":579,"caption":"AYUNTAMIENTO DE COLINDRES"},"image":{"@id":"https:\/\/www.colindres.es\/#\/schema\/logo\/image\/"}}]}},"_links":{"self":[{"href":"https:\/\/www.colindres.es\/index.php\/wp-json\/wp\/v2\/project\/1362","targetHints":{"allow":["GET"]}}],"collection":[{"href":"https:\/\/www.colindres.es\/index.php\/wp-json\/wp\/v2\/project"}],"about":[{"href":"https:\/\/www.colindres.es\/index.php\/wp-json\/wp\/v2\/types\/project"}],"author":[{"embeddable":true,"href":"https:\/\/www.colindres.es\/index.php\/wp-json\/wp\/v2\/users\/1"}],"replies":[{"embeddable":true,"href":"https:\/\/www.colindres.es\/index.php\/wp-json\/wp\/v2\/comments?post=1362"}],"version-history":[{"count":1,"href":"https:\/\/www.colindres.es\/index.php\/wp-json\/wp\/v2\/project\/1362\/revisions"}],"predecessor-version":[{"id":1364,"href":"https:\/\/www.colindres.es\/index.php\/wp-json\/wp\/v2\/project\/1362\/revisions\/1364"}],"wp:featuredmedia":[{"embeddable":true,"href":"https:\/\/www.colindres.es\/index.php\/wp-json\/wp\/v2\/media\/1363"}],"wp:attachment":[{"href":"https:\/\/www.colindres.es\/index.php\/wp-json\/wp\/v2\/media?parent=1362"}],"wp:term":[{"taxonomy":"project_category","embeddable":true,"href":"https:\/\/www.colindres.es\/index.php\/wp-json\/wp\/v2\/project_category?post=1362"},{"taxonomy":"project_tag","embeddable":true,"href":"https:\/\/www.colindres.es\/index.php\/wp-json\/wp\/v2\/project_tag?post=1362"}],"curies":[{"name":"wp","href":"https:\/\/api.w.org\/{rel}","templated":true}]}}