{"id":1358,"date":"2018-03-15T08:48:25","date_gmt":"2018-03-15T08:48:25","guid":{"rendered":"http:\/\/colindres.es\/?post_type=project&#038;p=1358"},"modified":"2018-03-15T08:48:25","modified_gmt":"2018-03-15T08:48:25","slug":"quien-fue-heliodoro-a-fernandez","status":"publish","type":"project","link":"https:\/\/www.colindres.es\/index.php\/project\/quien-fue-heliodoro-a-fernandez\/","title":{"rendered":"\u00bfQUI\u00c9N FUE HELIODORO A. FERN\u00c1NDEZ?"},"content":{"rendered":"<p>Entre las actuaciones que el Ayuntamiento de Colindres ha efectuado en el \u00faltimo a\u00f1o para la mejora y acondicionamiento de diferentes calles, podemos destacar las realizadas sobre una de las arterias principales del municipio: la Calle Heliodoro A. Fern\u00e1ndez. La finalizaci\u00f3n de su renovaci\u00f3n es una ocasi\u00f3n ideal para recordar y reivindicar a la figura hist\u00f3rica que le da nombre, profundizando en lo posible en su biograf\u00eda y su personalidad, y valorando la importancia que ha tenido para el devenir de la villa.<\/p>\n<p>Heliodoro A. Fern\u00e1ndez es, sin duda, para los colindreses el nombre de una de las calles m\u00e1s din\u00e1micas del municipio. Pero esta nomenclatura vial, que a\u00fan no es centenaria en nuestro callejero, responde al homenaje que el ayuntamiento de Colindres hizo a Heliodoro Antonio Fern\u00e1ndez Amieyro, indiano de capital argentino y natural de Colindres, poni\u00e9ndole su nombre a una de sus calles tras sufragar \u00e9ste altruistamente varias obras, hoy emblem\u00e1ticas, en su Colindres natal: el Kiosco de la m\u00fasica, el reloj del Ayuntamiento y el vallado perimetral de la alameda del Barrio Nuevo.<\/p>\n<p>Aunque Heliodoro naci\u00f3 en Colindres en el a\u00f1o 1878, era hijo de padres gallegos que por motivos laborales se asentaron en esta villa: Nicol\u00e1s Fern\u00e1ndez y Matilde Amieyro, naturales de Mondo\u00f1edo y Vilela (Lugo) respectivamente, llegaron a Colindres tras asign\u00e1rsele a \u00e9l el puesto de Carabinero de esta plaza.<\/p>\n<p>La residencia familiar fue una vivienda en el Campo de las Ferias en la que permaneci\u00f3 su madre, tras el fallecimiento de su padre, hasta su defunci\u00f3n en 1927. Matilde Amieyro fue enterrada en el cementerio de Colindres en donde a\u00fan se conserva una l\u00e1pida en la que reza el recuerdo de su hijo.<\/p>\n<p>Apenas cumplidos los 14 a\u00f1os Heliodoro emigr\u00f3 a Argentina reclamado por uno de sus hermanos mayores, Manuel. Este resid\u00eda en San Antonio de Areco con su familia, trabajando como maestro en un proyecto de alfabetizaci\u00f3n dentro de un acuerdo entre los gobiernos espa\u00f1ol y argentino.<\/p>\n<p>Y fue en San Antonio de Areco donde Heliodoro dio sus primeros pasos como comerciante tras la apertura de una tienda, tipo almac\u00e9n, en la que vend\u00eda un poco de todo: alimentaci\u00f3n, enseres, herramientas, aperos agr\u00edcolas, etc. Poco despu\u00e9s invirti\u00f3 en tierras pampeanas para pasto de ganado vacuno.<\/p>\n<p><img loading=\"lazy\" decoding=\"async\" class=\"alignnone size-medium wp-image-1359\" src=\"http:\/\/colindres.es\/wp-content\/uploads\/2018\/03\/Heliodoro-Fernandez-209x300.jpg\" alt=\"\" width=\"209\" height=\"300\" srcset=\"https:\/\/www.colindres.es\/wp-content\/uploads\/2018\/03\/Heliodoro-Fernandez-209x300.jpg 209w, https:\/\/www.colindres.es\/wp-content\/uploads\/2018\/03\/Heliodoro-Fernandez.jpg 252w\" sizes=\"(max-width: 209px) 100vw, 209px\" \/><\/p>\n<p>Sus habilidades en los negocios le permitieron crecer diversificando sus horizontes comerciales: estudi\u00f3 las necesidades del momento y decidi\u00f3 abrir un taller de confecci\u00f3n de ropa para obreros en Buenos Aires.<\/p>\n<p>Tras el \u00e9xito de esta iniciativa dio un paso m\u00e1s y ampli\u00f3 el negocio textil dirigiendo sus creaciones a otros destinatarios con la apertura de una secci\u00f3n de confecci\u00f3n de ropa para beb\u00e9s. En esta secci\u00f3n conoci\u00f3 a Mar\u00eda C\u00e1nepa Solari, una modista de 20 a\u00f1os de origen italiano, con la que acab\u00f3 cas\u00e1ndose en 1909.<\/p>\n<p>Tuvieron dos hijos, Mar\u00eda Luisa y Heliodoro, responsables, a\u00f1os m\u00e1s tarde, del regreso de Heliodoro a Espa\u00f1a al elegir para ellos el sistema educativo espa\u00f1ol. En 1920 la familia se traslad\u00f3 definitivamente a Madrid. Heliodoro y su mujer viajaron posteriormente en numerosas ocasiones a Buenos Aires para atender aquellos negocios cuyos beneficios acabaron convirti\u00e9ndole en benefactor del municipio de Colindres, en junio del a\u00f1o 1923, tras la financiaci\u00f3n de un templete para la m\u00fasica en la alameda llamada por aquel entonces Alameda de Eduardo Durante.<\/p>\n<p>Su mecenazgo hab\u00eda comenzado diez a\u00f1os antes, en 1913, donando el reloj de la fachada del ayuntamiento. En junio de 1923 el ayuntamiento de Colindres, en sesi\u00f3n extraordinaria y por unanimidad, acord\u00f3 nombrarle hijo predilecto de la villa, y se le emplaz\u00f3 a asistir el d\u00eda 8 de julio a Colindres a una fiesta en su honor, en la que se le hizo entrega de una placa de plata repujada agradeciendo su munificencia para con este pueblo.<\/p>\n<p>Heliodoro A. Fern\u00e1ndez falleci\u00f3 en Madrid el 17 de octubre de 1955.<\/p>\n<p>Sus dos nietos, quienes nos han facilitado esta informaci\u00f3n, mantienen que siempre tuvo un cari\u00f1o y afecto muy especial por Colindres.<\/p>\n<p>Pie de foto: Heliodoro A. Fern\u00e1ndez y actual reloj del ayuntamiento<\/p>\n<p>Textos: Yolanda Arce y \u00c1ngel Revuelta<\/p>\n","protected":false},"excerpt":{"rendered":"<p>Entre las actuaciones que el Ayuntamiento de Colindres ha efectuado en el \u00faltimo a\u00f1o para la mejora y acondicionamiento de diferentes calles, podemos destacar las realizadas sobre una de las arterias principales del municipio: la Calle Heliodoro A. Fern\u00e1ndez. La finalizaci\u00f3n de su renovaci\u00f3n es una ocasi\u00f3n ideal para recordar y reivindicar a la figura [&hellip;]<\/p>\n","protected":false},"author":1,"featured_media":1360,"comment_status":"open","ping_status":"closed","template":"","meta":{"_et_pb_use_builder":"","_et_pb_old_content":"","_et_gb_content_width":"","footnotes":""},"project_category":[],"project_tag":[],"class_list":["post-1358","project","type-project","status-publish","has-post-thumbnail","hentry"],"yoast_head":"<!-- This site is optimized with the Yoast SEO plugin v24.9 - https:\/\/yoast.com\/wordpress\/plugins\/seo\/ -->\n<title>\u00bfQUI\u00c9N FUE HELIODORO A. FERN\u00c1NDEZ? - Ayuntamiento de Colindres<\/title>\n<meta name=\"robots\" content=\"index, follow, max-snippet:-1, max-image-preview:large, max-video-preview:-1\" \/>\n<link rel=\"canonical\" href=\"https:\/\/www.colindres.es\/index.php\/project\/quien-fue-heliodoro-a-fernandez\/\" \/>\n<meta property=\"og:locale\" content=\"es_ES\" \/>\n<meta property=\"og:type\" content=\"article\" \/>\n<meta property=\"og:title\" content=\"\u00bfQUI\u00c9N FUE HELIODORO A. FERN\u00c1NDEZ? - Ayuntamiento de Colindres\" \/>\n<meta property=\"og:description\" content=\"Entre las actuaciones que el Ayuntamiento de Colindres ha efectuado en el \u00faltimo a\u00f1o para la mejora y acondicionamiento de diferentes calles, podemos destacar las realizadas sobre una de las arterias principales del municipio: la Calle Heliodoro A. Fern\u00e1ndez. La finalizaci\u00f3n de su renovaci\u00f3n es una ocasi\u00f3n ideal para recordar y reivindicar a la figura [&hellip;]\" \/>\n<meta property=\"og:url\" content=\"https:\/\/www.colindres.es\/index.php\/project\/quien-fue-heliodoro-a-fernandez\/\" \/>\n<meta property=\"og:site_name\" content=\"Ayuntamiento de Colindres\" \/>\n<meta property=\"og:image\" content=\"https:\/\/www.colindres.es\/wp-content\/uploads\/2018\/03\/Reloj-Ayuntamiento-1024x768.jpg\" \/>\n\t<meta property=\"og:image:width\" content=\"1024\" \/>\n\t<meta property=\"og:image:height\" content=\"768\" \/>\n\t<meta property=\"og:image:type\" content=\"image\/jpeg\" \/>\n<meta name=\"twitter:card\" content=\"summary_large_image\" \/>\n<meta name=\"twitter:label1\" content=\"Tiempo de lectura\" \/>\n\t<meta name=\"twitter:data1\" content=\"4 minutos\" \/>\n<script type=\"application\/ld+json\" class=\"yoast-schema-graph\">{\"@context\":\"https:\/\/schema.org\",\"@graph\":[{\"@type\":\"WebPage\",\"@id\":\"https:\/\/www.colindres.es\/index.php\/project\/quien-fue-heliodoro-a-fernandez\/\",\"url\":\"https:\/\/www.colindres.es\/index.php\/project\/quien-fue-heliodoro-a-fernandez\/\",\"name\":\"\u00bfQUI\u00c9N FUE HELIODORO A. FERN\u00c1NDEZ? - Ayuntamiento de Colindres\",\"isPartOf\":{\"@id\":\"https:\/\/www.colindres.es\/#website\"},\"primaryImageOfPage\":{\"@id\":\"https:\/\/www.colindres.es\/index.php\/project\/quien-fue-heliodoro-a-fernandez\/#primaryimage\"},\"image\":{\"@id\":\"https:\/\/www.colindres.es\/index.php\/project\/quien-fue-heliodoro-a-fernandez\/#primaryimage\"},\"thumbnailUrl\":\"https:\/\/www.colindres.es\/wp-content\/uploads\/2018\/03\/Reloj-Ayuntamiento.jpg\",\"datePublished\":\"2018-03-15T08:48:25+00:00\",\"breadcrumb\":{\"@id\":\"https:\/\/www.colindres.es\/index.php\/project\/quien-fue-heliodoro-a-fernandez\/#breadcrumb\"},\"inLanguage\":\"es\",\"potentialAction\":[{\"@type\":\"ReadAction\",\"target\":[\"https:\/\/www.colindres.es\/index.php\/project\/quien-fue-heliodoro-a-fernandez\/\"]}]},{\"@type\":\"ImageObject\",\"inLanguage\":\"es\",\"@id\":\"https:\/\/www.colindres.es\/index.php\/project\/quien-fue-heliodoro-a-fernandez\/#primaryimage\",\"url\":\"https:\/\/www.colindres.es\/wp-content\/uploads\/2018\/03\/Reloj-Ayuntamiento.jpg\",\"contentUrl\":\"https:\/\/www.colindres.es\/wp-content\/uploads\/2018\/03\/Reloj-Ayuntamiento.jpg\",\"width\":2560,\"height\":1920},{\"@type\":\"BreadcrumbList\",\"@id\":\"https:\/\/www.colindres.es\/index.php\/project\/quien-fue-heliodoro-a-fernandez\/#breadcrumb\",\"itemListElement\":[{\"@type\":\"ListItem\",\"position\":1,\"name\":\"Portada\",\"item\":\"https:\/\/www.colindres.es\/\"},{\"@type\":\"ListItem\",\"position\":2,\"name\":\"Proyectos\",\"item\":\"https:\/\/www.colindres.es\/index.php\/project\/\"},{\"@type\":\"ListItem\",\"position\":3,\"name\":\"\u00bfQUI\u00c9N FUE HELIODORO A. FERN\u00c1NDEZ?\"}]},{\"@type\":\"WebSite\",\"@id\":\"https:\/\/www.colindres.es\/#website\",\"url\":\"https:\/\/www.colindres.es\/\",\"name\":\"Ayuntamiento de Colindres\",\"description\":\"Dise\u00f1ado por NTIC&#039;s\",\"publisher\":{\"@id\":\"https:\/\/www.colindres.es\/#organization\"},\"potentialAction\":[{\"@type\":\"SearchAction\",\"target\":{\"@type\":\"EntryPoint\",\"urlTemplate\":\"https:\/\/www.colindres.es\/?s={search_term_string}\"},\"query-input\":{\"@type\":\"PropertyValueSpecification\",\"valueRequired\":true,\"valueName\":\"search_term_string\"}}],\"inLanguage\":\"es\"},{\"@type\":\"Organization\",\"@id\":\"https:\/\/www.colindres.es\/#organization\",\"name\":\"AYUNTAMIENTO DE COLINDRES\",\"url\":\"https:\/\/www.colindres.es\/\",\"logo\":{\"@type\":\"ImageObject\",\"inLanguage\":\"es\",\"@id\":\"https:\/\/www.colindres.es\/#\/schema\/logo\/image\/\",\"url\":\"https:\/\/www.colindres.es\/wp-content\/uploads\/2017\/01\/LOGO-PRINCIPAL.jpg\",\"contentUrl\":\"https:\/\/www.colindres.es\/wp-content\/uploads\/2017\/01\/LOGO-PRINCIPAL.jpg\",\"width\":1209,\"height\":579,\"caption\":\"AYUNTAMIENTO DE COLINDRES\"},\"image\":{\"@id\":\"https:\/\/www.colindres.es\/#\/schema\/logo\/image\/\"}}]}<\/script>\n<!-- \/ Yoast SEO plugin. -->","yoast_head_json":{"title":"\u00bfQUI\u00c9N FUE HELIODORO A. FERN\u00c1NDEZ? - Ayuntamiento de Colindres","robots":{"index":"index","follow":"follow","max-snippet":"max-snippet:-1","max-image-preview":"max-image-preview:large","max-video-preview":"max-video-preview:-1"},"canonical":"https:\/\/www.colindres.es\/index.php\/project\/quien-fue-heliodoro-a-fernandez\/","og_locale":"es_ES","og_type":"article","og_title":"\u00bfQUI\u00c9N FUE HELIODORO A. FERN\u00c1NDEZ? - Ayuntamiento de Colindres","og_description":"Entre las actuaciones que el Ayuntamiento de Colindres ha efectuado en el \u00faltimo a\u00f1o para la mejora y acondicionamiento de diferentes calles, podemos destacar las realizadas sobre una de las arterias principales del municipio: la Calle Heliodoro A. Fern\u00e1ndez. La finalizaci\u00f3n de su renovaci\u00f3n es una ocasi\u00f3n ideal para recordar y reivindicar a la figura [&hellip;]","og_url":"https:\/\/www.colindres.es\/index.php\/project\/quien-fue-heliodoro-a-fernandez\/","og_site_name":"Ayuntamiento de Colindres","og_image":[{"width":1024,"height":768,"url":"https:\/\/www.colindres.es\/wp-content\/uploads\/2018\/03\/Reloj-Ayuntamiento-1024x768.jpg","type":"image\/jpeg"}],"twitter_card":"summary_large_image","twitter_misc":{"Tiempo de lectura":"4 minutos"},"schema":{"@context":"https:\/\/schema.org","@graph":[{"@type":"WebPage","@id":"https:\/\/www.colindres.es\/index.php\/project\/quien-fue-heliodoro-a-fernandez\/","url":"https:\/\/www.colindres.es\/index.php\/project\/quien-fue-heliodoro-a-fernandez\/","name":"\u00bfQUI\u00c9N FUE HELIODORO A. FERN\u00c1NDEZ? - Ayuntamiento de Colindres","isPartOf":{"@id":"https:\/\/www.colindres.es\/#website"},"primaryImageOfPage":{"@id":"https:\/\/www.colindres.es\/index.php\/project\/quien-fue-heliodoro-a-fernandez\/#primaryimage"},"image":{"@id":"https:\/\/www.colindres.es\/index.php\/project\/quien-fue-heliodoro-a-fernandez\/#primaryimage"},"thumbnailUrl":"https:\/\/www.colindres.es\/wp-content\/uploads\/2018\/03\/Reloj-Ayuntamiento.jpg","datePublished":"2018-03-15T08:48:25+00:00","breadcrumb":{"@id":"https:\/\/www.colindres.es\/index.php\/project\/quien-fue-heliodoro-a-fernandez\/#breadcrumb"},"inLanguage":"es","potentialAction":[{"@type":"ReadAction","target":["https:\/\/www.colindres.es\/index.php\/project\/quien-fue-heliodoro-a-fernandez\/"]}]},{"@type":"ImageObject","inLanguage":"es","@id":"https:\/\/www.colindres.es\/index.php\/project\/quien-fue-heliodoro-a-fernandez\/#primaryimage","url":"https:\/\/www.colindres.es\/wp-content\/uploads\/2018\/03\/Reloj-Ayuntamiento.jpg","contentUrl":"https:\/\/www.colindres.es\/wp-content\/uploads\/2018\/03\/Reloj-Ayuntamiento.jpg","width":2560,"height":1920},{"@type":"BreadcrumbList","@id":"https:\/\/www.colindres.es\/index.php\/project\/quien-fue-heliodoro-a-fernandez\/#breadcrumb","itemListElement":[{"@type":"ListItem","position":1,"name":"Portada","item":"https:\/\/www.colindres.es\/"},{"@type":"ListItem","position":2,"name":"Proyectos","item":"https:\/\/www.colindres.es\/index.php\/project\/"},{"@type":"ListItem","position":3,"name":"\u00bfQUI\u00c9N FUE HELIODORO A. FERN\u00c1NDEZ?"}]},{"@type":"WebSite","@id":"https:\/\/www.colindres.es\/#website","url":"https:\/\/www.colindres.es\/","name":"Ayuntamiento de Colindres","description":"Dise\u00f1ado por NTIC&#039;s","publisher":{"@id":"https:\/\/www.colindres.es\/#organization"},"potentialAction":[{"@type":"SearchAction","target":{"@type":"EntryPoint","urlTemplate":"https:\/\/www.colindres.es\/?s={search_term_string}"},"query-input":{"@type":"PropertyValueSpecification","valueRequired":true,"valueName":"search_term_string"}}],"inLanguage":"es"},{"@type":"Organization","@id":"https:\/\/www.colindres.es\/#organization","name":"AYUNTAMIENTO DE COLINDRES","url":"https:\/\/www.colindres.es\/","logo":{"@type":"ImageObject","inLanguage":"es","@id":"https:\/\/www.colindres.es\/#\/schema\/logo\/image\/","url":"https:\/\/www.colindres.es\/wp-content\/uploads\/2017\/01\/LOGO-PRINCIPAL.jpg","contentUrl":"https:\/\/www.colindres.es\/wp-content\/uploads\/2017\/01\/LOGO-PRINCIPAL.jpg","width":1209,"height":579,"caption":"AYUNTAMIENTO DE COLINDRES"},"image":{"@id":"https:\/\/www.colindres.es\/#\/schema\/logo\/image\/"}}]}},"_links":{"self":[{"href":"https:\/\/www.colindres.es\/index.php\/wp-json\/wp\/v2\/project\/1358","targetHints":{"allow":["GET"]}}],"collection":[{"href":"https:\/\/www.colindres.es\/index.php\/wp-json\/wp\/v2\/project"}],"about":[{"href":"https:\/\/www.colindres.es\/index.php\/wp-json\/wp\/v2\/types\/project"}],"author":[{"embeddable":true,"href":"https:\/\/www.colindres.es\/index.php\/wp-json\/wp\/v2\/users\/1"}],"replies":[{"embeddable":true,"href":"https:\/\/www.colindres.es\/index.php\/wp-json\/wp\/v2\/comments?post=1358"}],"version-history":[{"count":1,"href":"https:\/\/www.colindres.es\/index.php\/wp-json\/wp\/v2\/project\/1358\/revisions"}],"predecessor-version":[{"id":1361,"href":"https:\/\/www.colindres.es\/index.php\/wp-json\/wp\/v2\/project\/1358\/revisions\/1361"}],"wp:featuredmedia":[{"embeddable":true,"href":"https:\/\/www.colindres.es\/index.php\/wp-json\/wp\/v2\/media\/1360"}],"wp:attachment":[{"href":"https:\/\/www.colindres.es\/index.php\/wp-json\/wp\/v2\/media?parent=1358"}],"wp:term":[{"taxonomy":"project_category","embeddable":true,"href":"https:\/\/www.colindres.es\/index.php\/wp-json\/wp\/v2\/project_category?post=1358"},{"taxonomy":"project_tag","embeddable":true,"href":"https:\/\/www.colindres.es\/index.php\/wp-json\/wp\/v2\/project_tag?post=1358"}],"curies":[{"name":"wp","href":"https:\/\/api.w.org\/{rel}","templated":true}]}}