{"id":1354,"date":"2018-03-14T12:49:53","date_gmt":"2018-03-14T12:49:53","guid":{"rendered":"http:\/\/colindres.es\/?post_type=project&#038;p=1354"},"modified":"2018-03-14T12:49:53","modified_gmt":"2018-03-14T12:49:53","slug":"el-ayuntamiento-de-colindres-convoca-ayudas-para-los-deportistas-destacados-del-municipio-y-para-la-formacion-de-entrenadores-y-monitores","status":"publish","type":"project","link":"https:\/\/www.colindres.es\/index.php\/project\/el-ayuntamiento-de-colindres-convoca-ayudas-para-los-deportistas-destacados-del-municipio-y-para-la-formacion-de-entrenadores-y-monitores\/","title":{"rendered":"El Ayuntamiento de Colindres convoca ayudas para los deportistas destacados del municipio y para la formaci\u00f3n de entrenadores y monitores"},"content":{"rendered":"<p><strong>El presupuesto total de ambas convocatorias es de 11.000 euros y el plazo para la solicitud de las subvenciones finaliza el pr\u00f3ximo 2 de abril <\/strong><\/p>\n<p><em>Colindres, 13 de marzo.-<\/em> El Ayuntamiento de Colindres, a trav\u00e9s de la Concejal\u00eda de Deportes, ha convocado becas para todos aquellos deportistas de la localidad que hayan participado en competiciones oficiales de car\u00e1cter nacional o internacional durante el a\u00f1o 2017, as\u00ed como ayudas para sufragar la formaci\u00f3n de entrenadores, monitores y deportistas.<\/p>\n<p>La concejala de Deportes, Saray Villal\u00f3n, ha explicado que \u201cla primera de las iniciativas est\u00e1 destinada a apoyar el esfuerzo que hacen los deportistas de alto nivel del municipio, ya que en la mayor\u00eda de los casos son ellos los que financian \u00edntegramente la actividad y sufragan todos los gastos que se generan como desplazamientos, material deportivo, inscripciones, etc\u00e9tera\u201d.<\/p>\n<p>\u201cLo que pretendemos con estas ayudas es contribuir a sufragar parte de los gastos que suponen estas competiciones y evitar que ninguno de estos deportistas, que con tanto orgullo llevan el nombre de Colindres por toda Espa\u00f1a y por muchos otros pa\u00edses, quede fuera de una prueba por razones econ\u00f3micas\u201d, ha expresado.<\/p>\n<p>En cuanto a la segunda l\u00ednea de ayudas Villal\u00f3n ha indicado que tiene por objetivo compensar los gastos originados por los tr\u00e1mites de obtenci\u00f3n de los t\u00edtulos de entrenador o monitor deportivo y sufragar los cursos de tecnificaci\u00f3n realizados por deportistas locales fuera de Cantabria.<\/p>\n<p>A este respecto, la concejala ha destacado la importancia de una buena formaci\u00f3n de los entrenadores y monitores deportivos, ya que \u201ctrabajan con ni\u00f1os y ni\u00f1as y, por tanto, forman parte de su desarrollo educativo, transmiti\u00e9ndoles valores como el trabajo en equipo, la cooperaci\u00f3n, la responsabilidad y el esfuerzo, adem\u00e1s de ense\u00f1ar h\u00e1bitos de vida saludables\u201d.<\/p>\n<p><strong>Requisitos y plazo<\/strong><\/p>\n<p>Entre los requisitos para poder solicitar las subvenciones se encuentra el ser mayor de edad, no disponer de una remuneraci\u00f3n econ\u00f3mica por la pr\u00e1ctica deportiva y estar empadronado en el municipio durante los dos \u00faltimos a\u00f1os, teniendo una antig\u00fcedad de empadronamiento de al menos cinco a\u00f1os, no teniendo por qu\u00e9 ser consecutivos.<\/p>\n<p>Tambi\u00e9n podr\u00e1n optar monitores o entrenadores que no hayan estado empadronados en el municipio pero hayan desarrollado su actividad en alg\u00fan club o escuela local al menos durante cinco temporadas completas y dispongan de una licencia federativa con una entidad de la localidad en el presente a\u00f1o.<\/p>\n<p>Adem\u00e1s, para los deportistas individuales que opten a las becas es necesario acreditar un primero, segundo o tercer puesto en competici\u00f3n de \u00e1mbito nacional durante la temporada pasada o bien entre los diez primeros clasificados en el caso de ser campe\u00f3n de Cantabria o tratarse de una competici\u00f3n europea o mundial. Igualmente, pueden acceder a estas ayudas quienes hayan participado con la selecci\u00f3n espa\u00f1ola en campeonatos oficiales.<\/p>\n<p>El modelo de solicitud y las bases que rigen la convocatoria han sido aprobados en Pleno y est\u00e1n a disposici\u00f3n de los interesados en las Oficinas Generales del Ayuntamiento de Colindres y en la p\u00e1gina web del Consistorio (<a href=\"https:\/\/www.colindres.es\/\">www.colindres.es<\/a>), siendo el plazo l\u00edmite para la petici\u00f3n de ayudas el d\u00eda 2 de abril. La cuant\u00eda total de ambas convocatorias asciende a 11.000 euros.<\/p>\n","protected":false},"excerpt":{"rendered":"<p>El presupuesto total de ambas convocatorias es de 11.000 euros y el plazo para la solicitud de las subvenciones finaliza el pr\u00f3ximo 2 de abril Colindres, 13 de marzo.- El Ayuntamiento de Colindres, a trav\u00e9s de la Concejal\u00eda de Deportes, ha convocado becas para todos aquellos deportistas de la localidad que hayan participado en competiciones [&hellip;]<\/p>\n","protected":false},"author":1,"featured_media":1355,"comment_status":"open","ping_status":"closed","template":"","meta":{"_et_pb_use_builder":"","_et_pb_old_content":"","_et_gb_content_width":"","footnotes":""},"project_category":[],"project_tag":[],"class_list":["post-1354","project","type-project","status-publish","has-post-thumbnail","hentry"],"yoast_head":"<!-- This site is optimized with the Yoast SEO plugin v24.9 - https:\/\/yoast.com\/wordpress\/plugins\/seo\/ -->\n<title>El Ayuntamiento de Colindres convoca ayudas para los deportistas destacados del municipio y para la formaci\u00f3n de entrenadores y monitores - Ayuntamiento de Colindres<\/title>\n<meta name=\"robots\" content=\"index, follow, max-snippet:-1, max-image-preview:large, max-video-preview:-1\" \/>\n<link rel=\"canonical\" href=\"https:\/\/www.colindres.es\/index.php\/project\/el-ayuntamiento-de-colindres-convoca-ayudas-para-los-deportistas-destacados-del-municipio-y-para-la-formacion-de-entrenadores-y-monitores\/\" \/>\n<meta property=\"og:locale\" content=\"es_ES\" \/>\n<meta property=\"og:type\" content=\"article\" \/>\n<meta property=\"og:title\" content=\"El Ayuntamiento de Colindres convoca ayudas para los deportistas destacados del municipio y para la formaci\u00f3n de entrenadores y monitores - Ayuntamiento de Colindres\" \/>\n<meta property=\"og:description\" content=\"El presupuesto total de ambas convocatorias es de 11.000 euros y el plazo para la solicitud de las subvenciones finaliza el pr\u00f3ximo 2 de abril Colindres, 13 de marzo.- El Ayuntamiento de Colindres, a trav\u00e9s de la Concejal\u00eda de Deportes, ha convocado becas para todos aquellos deportistas de la localidad que hayan participado en competiciones [&hellip;]\" \/>\n<meta property=\"og:url\" content=\"https:\/\/www.colindres.es\/index.php\/project\/el-ayuntamiento-de-colindres-convoca-ayudas-para-los-deportistas-destacados-del-municipio-y-para-la-formacion-de-entrenadores-y-monitores\/\" \/>\n<meta property=\"og:site_name\" content=\"Ayuntamiento de Colindres\" \/>\n<meta property=\"og:image\" content=\"https:\/\/www.colindres.es\/wp-content\/uploads\/2018\/03\/foto-piraguismo.jpg\" \/>\n\t<meta property=\"og:image:width\" content=\"960\" \/>\n\t<meta property=\"og:image:height\" content=\"571\" \/>\n\t<meta property=\"og:image:type\" content=\"image\/jpeg\" \/>\n<meta name=\"twitter:card\" content=\"summary_large_image\" \/>\n<meta name=\"twitter:label1\" content=\"Tiempo de lectura\" \/>\n\t<meta name=\"twitter:data1\" content=\"3 minutos\" \/>\n<script type=\"application\/ld+json\" class=\"yoast-schema-graph\">{\"@context\":\"https:\/\/schema.org\",\"@graph\":[{\"@type\":\"WebPage\",\"@id\":\"https:\/\/www.colindres.es\/index.php\/project\/el-ayuntamiento-de-colindres-convoca-ayudas-para-los-deportistas-destacados-del-municipio-y-para-la-formacion-de-entrenadores-y-monitores\/\",\"url\":\"https:\/\/www.colindres.es\/index.php\/project\/el-ayuntamiento-de-colindres-convoca-ayudas-para-los-deportistas-destacados-del-municipio-y-para-la-formacion-de-entrenadores-y-monitores\/\",\"name\":\"El Ayuntamiento de Colindres convoca ayudas para los deportistas destacados del municipio y para la formaci\u00f3n de entrenadores y monitores - Ayuntamiento de Colindres\",\"isPartOf\":{\"@id\":\"https:\/\/www.colindres.es\/#website\"},\"primaryImageOfPage\":{\"@id\":\"https:\/\/www.colindres.es\/index.php\/project\/el-ayuntamiento-de-colindres-convoca-ayudas-para-los-deportistas-destacados-del-municipio-y-para-la-formacion-de-entrenadores-y-monitores\/#primaryimage\"},\"image\":{\"@id\":\"https:\/\/www.colindres.es\/index.php\/project\/el-ayuntamiento-de-colindres-convoca-ayudas-para-los-deportistas-destacados-del-municipio-y-para-la-formacion-de-entrenadores-y-monitores\/#primaryimage\"},\"thumbnailUrl\":\"https:\/\/www.colindres.es\/wp-content\/uploads\/2018\/03\/foto-piraguismo.jpg\",\"datePublished\":\"2018-03-14T12:49:53+00:00\",\"breadcrumb\":{\"@id\":\"https:\/\/www.colindres.es\/index.php\/project\/el-ayuntamiento-de-colindres-convoca-ayudas-para-los-deportistas-destacados-del-municipio-y-para-la-formacion-de-entrenadores-y-monitores\/#breadcrumb\"},\"inLanguage\":\"es\",\"potentialAction\":[{\"@type\":\"ReadAction\",\"target\":[\"https:\/\/www.colindres.es\/index.php\/project\/el-ayuntamiento-de-colindres-convoca-ayudas-para-los-deportistas-destacados-del-municipio-y-para-la-formacion-de-entrenadores-y-monitores\/\"]}]},{\"@type\":\"ImageObject\",\"inLanguage\":\"es\",\"@id\":\"https:\/\/www.colindres.es\/index.php\/project\/el-ayuntamiento-de-colindres-convoca-ayudas-para-los-deportistas-destacados-del-municipio-y-para-la-formacion-de-entrenadores-y-monitores\/#primaryimage\",\"url\":\"https:\/\/www.colindres.es\/wp-content\/uploads\/2018\/03\/foto-piraguismo.jpg\",\"contentUrl\":\"https:\/\/www.colindres.es\/wp-content\/uploads\/2018\/03\/foto-piraguismo.jpg\",\"width\":960,\"height\":571},{\"@type\":\"BreadcrumbList\",\"@id\":\"https:\/\/www.colindres.es\/index.php\/project\/el-ayuntamiento-de-colindres-convoca-ayudas-para-los-deportistas-destacados-del-municipio-y-para-la-formacion-de-entrenadores-y-monitores\/#breadcrumb\",\"itemListElement\":[{\"@type\":\"ListItem\",\"position\":1,\"name\":\"Portada\",\"item\":\"https:\/\/www.colindres.es\/\"},{\"@type\":\"ListItem\",\"position\":2,\"name\":\"Proyectos\",\"item\":\"https:\/\/www.colindres.es\/index.php\/project\/\"},{\"@type\":\"ListItem\",\"position\":3,\"name\":\"El Ayuntamiento de Colindres convoca ayudas para los deportistas destacados del municipio y para la formaci\u00f3n de entrenadores y monitores\"}]},{\"@type\":\"WebSite\",\"@id\":\"https:\/\/www.colindres.es\/#website\",\"url\":\"https:\/\/www.colindres.es\/\",\"name\":\"Ayuntamiento de Colindres\",\"description\":\"Dise\u00f1ado por NTIC&#039;s\",\"publisher\":{\"@id\":\"https:\/\/www.colindres.es\/#organization\"},\"potentialAction\":[{\"@type\":\"SearchAction\",\"target\":{\"@type\":\"EntryPoint\",\"urlTemplate\":\"https:\/\/www.colindres.es\/?s={search_term_string}\"},\"query-input\":{\"@type\":\"PropertyValueSpecification\",\"valueRequired\":true,\"valueName\":\"search_term_string\"}}],\"inLanguage\":\"es\"},{\"@type\":\"Organization\",\"@id\":\"https:\/\/www.colindres.es\/#organization\",\"name\":\"AYUNTAMIENTO DE COLINDRES\",\"url\":\"https:\/\/www.colindres.es\/\",\"logo\":{\"@type\":\"ImageObject\",\"inLanguage\":\"es\",\"@id\":\"https:\/\/www.colindres.es\/#\/schema\/logo\/image\/\",\"url\":\"https:\/\/www.colindres.es\/wp-content\/uploads\/2017\/01\/LOGO-PRINCIPAL.jpg\",\"contentUrl\":\"https:\/\/www.colindres.es\/wp-content\/uploads\/2017\/01\/LOGO-PRINCIPAL.jpg\",\"width\":1209,\"height\":579,\"caption\":\"AYUNTAMIENTO DE COLINDRES\"},\"image\":{\"@id\":\"https:\/\/www.colindres.es\/#\/schema\/logo\/image\/\"}}]}<\/script>\n<!-- \/ Yoast SEO plugin. -->","yoast_head_json":{"title":"El Ayuntamiento de Colindres convoca ayudas para los deportistas destacados del municipio y para la formaci\u00f3n de entrenadores y monitores - Ayuntamiento de Colindres","robots":{"index":"index","follow":"follow","max-snippet":"max-snippet:-1","max-image-preview":"max-image-preview:large","max-video-preview":"max-video-preview:-1"},"canonical":"https:\/\/www.colindres.es\/index.php\/project\/el-ayuntamiento-de-colindres-convoca-ayudas-para-los-deportistas-destacados-del-municipio-y-para-la-formacion-de-entrenadores-y-monitores\/","og_locale":"es_ES","og_type":"article","og_title":"El Ayuntamiento de Colindres convoca ayudas para los deportistas destacados del municipio y para la formaci\u00f3n de entrenadores y monitores - Ayuntamiento de Colindres","og_description":"El presupuesto total de ambas convocatorias es de 11.000 euros y el plazo para la solicitud de las subvenciones finaliza el pr\u00f3ximo 2 de abril Colindres, 13 de marzo.- El Ayuntamiento de Colindres, a trav\u00e9s de la Concejal\u00eda de Deportes, ha convocado becas para todos aquellos deportistas de la localidad que hayan participado en competiciones [&hellip;]","og_url":"https:\/\/www.colindres.es\/index.php\/project\/el-ayuntamiento-de-colindres-convoca-ayudas-para-los-deportistas-destacados-del-municipio-y-para-la-formacion-de-entrenadores-y-monitores\/","og_site_name":"Ayuntamiento de Colindres","og_image":[{"width":960,"height":571,"url":"https:\/\/www.colindres.es\/wp-content\/uploads\/2018\/03\/foto-piraguismo.jpg","type":"image\/jpeg"}],"twitter_card":"summary_large_image","twitter_misc":{"Tiempo de lectura":"3 minutos"},"schema":{"@context":"https:\/\/schema.org","@graph":[{"@type":"WebPage","@id":"https:\/\/www.colindres.es\/index.php\/project\/el-ayuntamiento-de-colindres-convoca-ayudas-para-los-deportistas-destacados-del-municipio-y-para-la-formacion-de-entrenadores-y-monitores\/","url":"https:\/\/www.colindres.es\/index.php\/project\/el-ayuntamiento-de-colindres-convoca-ayudas-para-los-deportistas-destacados-del-municipio-y-para-la-formacion-de-entrenadores-y-monitores\/","name":"El Ayuntamiento de Colindres convoca ayudas para los deportistas destacados del municipio y para la formaci\u00f3n de entrenadores y monitores - Ayuntamiento de Colindres","isPartOf":{"@id":"https:\/\/www.colindres.es\/#website"},"primaryImageOfPage":{"@id":"https:\/\/www.colindres.es\/index.php\/project\/el-ayuntamiento-de-colindres-convoca-ayudas-para-los-deportistas-destacados-del-municipio-y-para-la-formacion-de-entrenadores-y-monitores\/#primaryimage"},"image":{"@id":"https:\/\/www.colindres.es\/index.php\/project\/el-ayuntamiento-de-colindres-convoca-ayudas-para-los-deportistas-destacados-del-municipio-y-para-la-formacion-de-entrenadores-y-monitores\/#primaryimage"},"thumbnailUrl":"https:\/\/www.colindres.es\/wp-content\/uploads\/2018\/03\/foto-piraguismo.jpg","datePublished":"2018-03-14T12:49:53+00:00","breadcrumb":{"@id":"https:\/\/www.colindres.es\/index.php\/project\/el-ayuntamiento-de-colindres-convoca-ayudas-para-los-deportistas-destacados-del-municipio-y-para-la-formacion-de-entrenadores-y-monitores\/#breadcrumb"},"inLanguage":"es","potentialAction":[{"@type":"ReadAction","target":["https:\/\/www.colindres.es\/index.php\/project\/el-ayuntamiento-de-colindres-convoca-ayudas-para-los-deportistas-destacados-del-municipio-y-para-la-formacion-de-entrenadores-y-monitores\/"]}]},{"@type":"ImageObject","inLanguage":"es","@id":"https:\/\/www.colindres.es\/index.php\/project\/el-ayuntamiento-de-colindres-convoca-ayudas-para-los-deportistas-destacados-del-municipio-y-para-la-formacion-de-entrenadores-y-monitores\/#primaryimage","url":"https:\/\/www.colindres.es\/wp-content\/uploads\/2018\/03\/foto-piraguismo.jpg","contentUrl":"https:\/\/www.colindres.es\/wp-content\/uploads\/2018\/03\/foto-piraguismo.jpg","width":960,"height":571},{"@type":"BreadcrumbList","@id":"https:\/\/www.colindres.es\/index.php\/project\/el-ayuntamiento-de-colindres-convoca-ayudas-para-los-deportistas-destacados-del-municipio-y-para-la-formacion-de-entrenadores-y-monitores\/#breadcrumb","itemListElement":[{"@type":"ListItem","position":1,"name":"Portada","item":"https:\/\/www.colindres.es\/"},{"@type":"ListItem","position":2,"name":"Proyectos","item":"https:\/\/www.colindres.es\/index.php\/project\/"},{"@type":"ListItem","position":3,"name":"El Ayuntamiento de Colindres convoca ayudas para los deportistas destacados del municipio y para la formaci\u00f3n de entrenadores y monitores"}]},{"@type":"WebSite","@id":"https:\/\/www.colindres.es\/#website","url":"https:\/\/www.colindres.es\/","name":"Ayuntamiento de Colindres","description":"Dise\u00f1ado por NTIC&#039;s","publisher":{"@id":"https:\/\/www.colindres.es\/#organization"},"potentialAction":[{"@type":"SearchAction","target":{"@type":"EntryPoint","urlTemplate":"https:\/\/www.colindres.es\/?s={search_term_string}"},"query-input":{"@type":"PropertyValueSpecification","valueRequired":true,"valueName":"search_term_string"}}],"inLanguage":"es"},{"@type":"Organization","@id":"https:\/\/www.colindres.es\/#organization","name":"AYUNTAMIENTO DE COLINDRES","url":"https:\/\/www.colindres.es\/","logo":{"@type":"ImageObject","inLanguage":"es","@id":"https:\/\/www.colindres.es\/#\/schema\/logo\/image\/","url":"https:\/\/www.colindres.es\/wp-content\/uploads\/2017\/01\/LOGO-PRINCIPAL.jpg","contentUrl":"https:\/\/www.colindres.es\/wp-content\/uploads\/2017\/01\/LOGO-PRINCIPAL.jpg","width":1209,"height":579,"caption":"AYUNTAMIENTO DE COLINDRES"},"image":{"@id":"https:\/\/www.colindres.es\/#\/schema\/logo\/image\/"}}]}},"_links":{"self":[{"href":"https:\/\/www.colindres.es\/index.php\/wp-json\/wp\/v2\/project\/1354","targetHints":{"allow":["GET"]}}],"collection":[{"href":"https:\/\/www.colindres.es\/index.php\/wp-json\/wp\/v2\/project"}],"about":[{"href":"https:\/\/www.colindres.es\/index.php\/wp-json\/wp\/v2\/types\/project"}],"author":[{"embeddable":true,"href":"https:\/\/www.colindres.es\/index.php\/wp-json\/wp\/v2\/users\/1"}],"replies":[{"embeddable":true,"href":"https:\/\/www.colindres.es\/index.php\/wp-json\/wp\/v2\/comments?post=1354"}],"version-history":[{"count":1,"href":"https:\/\/www.colindres.es\/index.php\/wp-json\/wp\/v2\/project\/1354\/revisions"}],"predecessor-version":[{"id":1356,"href":"https:\/\/www.colindres.es\/index.php\/wp-json\/wp\/v2\/project\/1354\/revisions\/1356"}],"wp:featuredmedia":[{"embeddable":true,"href":"https:\/\/www.colindres.es\/index.php\/wp-json\/wp\/v2\/media\/1355"}],"wp:attachment":[{"href":"https:\/\/www.colindres.es\/index.php\/wp-json\/wp\/v2\/media?parent=1354"}],"wp:term":[{"taxonomy":"project_category","embeddable":true,"href":"https:\/\/www.colindres.es\/index.php\/wp-json\/wp\/v2\/project_category?post=1354"},{"taxonomy":"project_tag","embeddable":true,"href":"https:\/\/www.colindres.es\/index.php\/wp-json\/wp\/v2\/project_tag?post=1354"}],"curies":[{"name":"wp","href":"https:\/\/api.w.org\/{rel}","templated":true}]}}