{"id":1351,"date":"2018-03-10T09:21:21","date_gmt":"2018-03-10T09:21:21","guid":{"rendered":"http:\/\/colindres.es\/?post_type=project&#038;p=1351"},"modified":"2018-03-10T09:21:21","modified_gmt":"2018-03-10T09:21:21","slug":"el-pleno-del-ayuntamiento-de-colindres-aprueba-la-mayor-inversion-en-obra-publica-de-los-ultimos-anos","status":"publish","type":"project","link":"https:\/\/www.colindres.es\/index.php\/project\/el-pleno-del-ayuntamiento-de-colindres-aprueba-la-mayor-inversion-en-obra-publica-de-los-ultimos-anos\/","title":{"rendered":"El Pleno del Ayuntamiento de Colindres aprueba la mayor inversi\u00f3n en obra p\u00fablica de los \u00faltimos a\u00f1os"},"content":{"rendered":"<p><strong>La Corporaci\u00f3n da luz verde a los proyectos de rehabilitaci\u00f3n de la Casa de los Maestros y la remodelaci\u00f3n de las plazas de la Constituci\u00f3n y La Charca, que movilizar\u00e1n cerca de un mill\u00f3n de euros<\/strong><\/p>\n<p><em>Colindres, 9 de marzo.-<\/em> El Ayuntamiento de Colindres ha aprobado en sesi\u00f3n plenaria sendos proyectos para acometer obras de remodelaci\u00f3n en las plazas de La Constituci\u00f3n y La Charca y la rehabilitaci\u00f3n de la Casa de los Maestros, que en conjunto movilizar\u00e1n cerca de un mill\u00f3n de euros.<\/p>\n<p>Seg\u00fan ha destacado el alcalde, Javier Incera, \u201cse trata de la mayor inversi\u00f3n de los \u00faltimos a\u00f1os aprobada por el Ayuntamiento de Colindres, que permitir\u00e1 potenciar los espacios p\u00fablicos del municipio y convertirlos en verdaderos puntos de encuentro y de ocio para los vecinos, lo que a su vez dinamizar\u00e1 las calles del pueblo en beneficio de los comercios y la hosteler\u00eda local\u201d.<\/p>\n<p>En un comunicado, Incera ha destacado que al mismo tiempo que se est\u00e1n regenerando las plazas y barrios de Colindres, el Ayuntamiento tambi\u00e9n ha trabajado para garantizar que los servicios b\u00e1sicos como la sanidad y la educaci\u00f3n est\u00e9n cubiertos \u201cpara los pr\u00f3ximos a\u00f1os\u201d, y en este sentido ha recordado la ampliaci\u00f3n del Centro de Salud Doctor L\u00f3pez Albo, cuyas obras se est\u00e1n ejecutando, y la ampliaci\u00f3n del IES Valent\u00edn Turienzo, la cual ha confiado en que la Consejer\u00eda de Educaci\u00f3n resuelva pr\u00f3ximamente.<\/p>\n<p>Tras la aprobaci\u00f3n en el pleno municipal de los proyectos y de los pliegos de condiciones, el Ayuntamiento iniciar\u00e1 ahora la tramitaci\u00f3n para sacar a concurso p\u00fablico estas tres obras, que seg\u00fan ha indicado el alcalde comenzar\u00e1n a ejecutarse \u201cen un plazo m\u00e1ximo de seis meses\u201d.<\/p>\n<p>En concreto, las obras de la Plaza de la Constituci\u00f3n cuentan con un presupuesto de 400.000 euros y comprenden la renovaci\u00f3n del pavimento, el mobiliario urbano y el sistema de iluminaci\u00f3n, as\u00ed como la instalaci\u00f3n de un \u00e1rea de juego infantil \u00abmuy original\u00bb en la zona oeste de la plaza como elemento de ocio y diversi\u00f3n para los m\u00e1s peque\u00f1os. Al mismo tiempo la plaza seguir\u00e1 contando con una \u00abgran superficie di\u00e1fana\u00bb para la celebraci\u00f3n de las distintas ferias y eventos que ocasionalmente se realizan en este espacio.<\/p>\n<p><strong>La Charca, un proyecto \u201cmuy ambicioso\u201d<\/strong><\/p>\n<p>Por su parte, la remodelaci\u00f3n de la zona conocida como La Charca y el entorno de Viar es uno de los proyectos \u201cm\u00e1s ambiciosos\u201d del Consistorio. A trav\u00e9s de estas obras el Ayuntamiento transformar\u00e1 un terreno inaccesible e inutilizado en un \u201cpunto singular de esparcimiento\u201d para el disfrute de los colindreses, que contar\u00e1n con un nuevo parque p\u00fablico de 3.000 metros cuadrados en el que se dispondr\u00e1 una l\u00e1mina de agua de muy poca profundidad que generar\u00e1 la sensaci\u00f3n de laguna y que se podr\u00e1 recorrer a trav\u00e9s de una pasarela de madera.\u00a0Estos trabajos cuentan con un presupuesto de 455.000 euros.<\/p>\n<p>Adem\u00e1s, el Ayuntamiento completar\u00e1 esta actuaci\u00f3n con trabajos de urbanizaci\u00f3n en un tramo de la calle de la Alameda para ganar m\u00e1s plazas de aparcamiento, reubicar los contenedores de basura y reciclaje y homogeneizar su est\u00e9tica y estructura al nuevo espacio p\u00fablico. De igual forma, dado que este parque se encuentra en el tr\u00e1nsito de camino hacia Colindres el de Arrriba, el Consistorio dotar\u00e1 a esta zona con contenidos informativos con el objetivo de que funcione como \u00abelemento evocador\u00bb de lo que los visitantes pueden encontrar en el casco hist\u00f3rico del municipio.<\/p>\n<p>Finalmente, el \u00faltimo proyecto aprobado dispone de un presupuesto de 100.000 euros y prev\u00e9 la rehabilitaci\u00f3n de la fachada del edificio de la Casa de los Maestros al objeto de proteger el valor patrimonial del inmueble y solucionar algunas patolog\u00edas que padece. De este modo, se solucionar\u00e1n los problemas de humedades y condensaciones existentes en la fachada exterior y se mejorar\u00e1 la eficiencia energ\u00e9tica y ac\u00fastica.<\/p>\n<p>La Casa de los Maestros, situada en la calle Heliodoro Fern\u00e1ndez, es un edificio de 1960 de cuatro plantas construido originalmente para albergar las viviendas de los maestros de Colindres. Hoy acoge la sede del<strong>\u00a0<\/strong>Centro Social de Mayores y el Albergue de Peregrinos del Camino de Santiago, as\u00ed como varias asociaciones del municipio.<\/p>\n<p>El Ayuntamiento de Colindres ha presentado estos tres proyectos al plan de obras municipal puesto en marcha por la Consejer\u00eda de Obras P\u00fablicas y Vivienda del Gobierno de Cantabria, que cofinanciar\u00e1 las obras con un importe m\u00e1ximo de 375.000 euros.<\/p>\n","protected":false},"excerpt":{"rendered":"<p>La Corporaci\u00f3n da luz verde a los proyectos de rehabilitaci\u00f3n de la Casa de los Maestros y la remodelaci\u00f3n de las plazas de la Constituci\u00f3n y La Charca, que movilizar\u00e1n cerca de un mill\u00f3n de euros Colindres, 9 de marzo.- El Ayuntamiento de Colindres ha aprobado en sesi\u00f3n plenaria sendos proyectos para acometer obras de [&hellip;]<\/p>\n","protected":false},"author":1,"featured_media":1352,"comment_status":"open","ping_status":"closed","template":"","meta":{"_et_pb_use_builder":"","_et_pb_old_content":"","_et_gb_content_width":"","footnotes":""},"project_category":[],"project_tag":[],"class_list":["post-1351","project","type-project","status-publish","has-post-thumbnail","hentry"],"yoast_head":"<!-- This site is optimized with the Yoast SEO plugin v24.9 - https:\/\/yoast.com\/wordpress\/plugins\/seo\/ -->\n<title>El Pleno del Ayuntamiento de Colindres aprueba la mayor inversi\u00f3n en obra p\u00fablica de los \u00faltimos a\u00f1os - Ayuntamiento de Colindres<\/title>\n<meta name=\"robots\" content=\"index, follow, max-snippet:-1, max-image-preview:large, max-video-preview:-1\" \/>\n<link rel=\"canonical\" href=\"https:\/\/www.colindres.es\/index.php\/project\/el-pleno-del-ayuntamiento-de-colindres-aprueba-la-mayor-inversion-en-obra-publica-de-los-ultimos-anos\/\" \/>\n<meta property=\"og:locale\" content=\"es_ES\" \/>\n<meta property=\"og:type\" content=\"article\" \/>\n<meta property=\"og:title\" content=\"El Pleno del Ayuntamiento de Colindres aprueba la mayor inversi\u00f3n en obra p\u00fablica de los \u00faltimos a\u00f1os - Ayuntamiento de Colindres\" \/>\n<meta property=\"og:description\" content=\"La Corporaci\u00f3n da luz verde a los proyectos de rehabilitaci\u00f3n de la Casa de los Maestros y la remodelaci\u00f3n de las plazas de la Constituci\u00f3n y La Charca, que movilizar\u00e1n cerca de un mill\u00f3n de euros Colindres, 9 de marzo.- El Ayuntamiento de Colindres ha aprobado en sesi\u00f3n plenaria sendos proyectos para acometer obras de [&hellip;]\" \/>\n<meta property=\"og:url\" content=\"https:\/\/www.colindres.es\/index.php\/project\/el-pleno-del-ayuntamiento-de-colindres-aprueba-la-mayor-inversion-en-obra-publica-de-los-ultimos-anos\/\" \/>\n<meta property=\"og:site_name\" content=\"Ayuntamiento de Colindres\" \/>\n<meta property=\"og:image\" content=\"https:\/\/www.colindres.es\/wp-content\/uploads\/2018\/03\/Image.jpg\" \/>\n\t<meta property=\"og:image:width\" content=\"3528\" \/>\n\t<meta property=\"og:image:height\" content=\"1528\" \/>\n\t<meta property=\"og:image:type\" content=\"image\/jpeg\" \/>\n<meta name=\"twitter:card\" content=\"summary_large_image\" \/>\n<meta name=\"twitter:label1\" content=\"Tiempo de lectura\" \/>\n\t<meta name=\"twitter:data1\" content=\"4 minutos\" \/>\n<script type=\"application\/ld+json\" class=\"yoast-schema-graph\">{\"@context\":\"https:\/\/schema.org\",\"@graph\":[{\"@type\":\"WebPage\",\"@id\":\"https:\/\/www.colindres.es\/index.php\/project\/el-pleno-del-ayuntamiento-de-colindres-aprueba-la-mayor-inversion-en-obra-publica-de-los-ultimos-anos\/\",\"url\":\"https:\/\/www.colindres.es\/index.php\/project\/el-pleno-del-ayuntamiento-de-colindres-aprueba-la-mayor-inversion-en-obra-publica-de-los-ultimos-anos\/\",\"name\":\"El Pleno del Ayuntamiento de Colindres aprueba la mayor inversi\u00f3n en obra p\u00fablica de los \u00faltimos a\u00f1os - Ayuntamiento de Colindres\",\"isPartOf\":{\"@id\":\"https:\/\/www.colindres.es\/#website\"},\"primaryImageOfPage\":{\"@id\":\"https:\/\/www.colindres.es\/index.php\/project\/el-pleno-del-ayuntamiento-de-colindres-aprueba-la-mayor-inversion-en-obra-publica-de-los-ultimos-anos\/#primaryimage\"},\"image\":{\"@id\":\"https:\/\/www.colindres.es\/index.php\/project\/el-pleno-del-ayuntamiento-de-colindres-aprueba-la-mayor-inversion-en-obra-publica-de-los-ultimos-anos\/#primaryimage\"},\"thumbnailUrl\":\"https:\/\/www.colindres.es\/wp-content\/uploads\/2018\/03\/Image.jpg\",\"datePublished\":\"2018-03-10T09:21:21+00:00\",\"breadcrumb\":{\"@id\":\"https:\/\/www.colindres.es\/index.php\/project\/el-pleno-del-ayuntamiento-de-colindres-aprueba-la-mayor-inversion-en-obra-publica-de-los-ultimos-anos\/#breadcrumb\"},\"inLanguage\":\"es\",\"potentialAction\":[{\"@type\":\"ReadAction\",\"target\":[\"https:\/\/www.colindres.es\/index.php\/project\/el-pleno-del-ayuntamiento-de-colindres-aprueba-la-mayor-inversion-en-obra-publica-de-los-ultimos-anos\/\"]}]},{\"@type\":\"ImageObject\",\"inLanguage\":\"es\",\"@id\":\"https:\/\/www.colindres.es\/index.php\/project\/el-pleno-del-ayuntamiento-de-colindres-aprueba-la-mayor-inversion-en-obra-publica-de-los-ultimos-anos\/#primaryimage\",\"url\":\"https:\/\/www.colindres.es\/wp-content\/uploads\/2018\/03\/Image.jpg\",\"contentUrl\":\"https:\/\/www.colindres.es\/wp-content\/uploads\/2018\/03\/Image.jpg\",\"width\":3528,\"height\":1528},{\"@type\":\"BreadcrumbList\",\"@id\":\"https:\/\/www.colindres.es\/index.php\/project\/el-pleno-del-ayuntamiento-de-colindres-aprueba-la-mayor-inversion-en-obra-publica-de-los-ultimos-anos\/#breadcrumb\",\"itemListElement\":[{\"@type\":\"ListItem\",\"position\":1,\"name\":\"Portada\",\"item\":\"https:\/\/www.colindres.es\/\"},{\"@type\":\"ListItem\",\"position\":2,\"name\":\"Proyectos\",\"item\":\"https:\/\/www.colindres.es\/index.php\/project\/\"},{\"@type\":\"ListItem\",\"position\":3,\"name\":\"El Pleno del Ayuntamiento de Colindres aprueba la mayor inversi\u00f3n en obra p\u00fablica de los \u00faltimos a\u00f1os\"}]},{\"@type\":\"WebSite\",\"@id\":\"https:\/\/www.colindres.es\/#website\",\"url\":\"https:\/\/www.colindres.es\/\",\"name\":\"Ayuntamiento de Colindres\",\"description\":\"Dise\u00f1ado por NTIC&#039;s\",\"publisher\":{\"@id\":\"https:\/\/www.colindres.es\/#organization\"},\"potentialAction\":[{\"@type\":\"SearchAction\",\"target\":{\"@type\":\"EntryPoint\",\"urlTemplate\":\"https:\/\/www.colindres.es\/?s={search_term_string}\"},\"query-input\":{\"@type\":\"PropertyValueSpecification\",\"valueRequired\":true,\"valueName\":\"search_term_string\"}}],\"inLanguage\":\"es\"},{\"@type\":\"Organization\",\"@id\":\"https:\/\/www.colindres.es\/#organization\",\"name\":\"AYUNTAMIENTO DE COLINDRES\",\"url\":\"https:\/\/www.colindres.es\/\",\"logo\":{\"@type\":\"ImageObject\",\"inLanguage\":\"es\",\"@id\":\"https:\/\/www.colindres.es\/#\/schema\/logo\/image\/\",\"url\":\"https:\/\/www.colindres.es\/wp-content\/uploads\/2017\/01\/LOGO-PRINCIPAL.jpg\",\"contentUrl\":\"https:\/\/www.colindres.es\/wp-content\/uploads\/2017\/01\/LOGO-PRINCIPAL.jpg\",\"width\":1209,\"height\":579,\"caption\":\"AYUNTAMIENTO DE COLINDRES\"},\"image\":{\"@id\":\"https:\/\/www.colindres.es\/#\/schema\/logo\/image\/\"}}]}<\/script>\n<!-- \/ Yoast SEO plugin. -->","yoast_head_json":{"title":"El Pleno del Ayuntamiento de Colindres aprueba la mayor inversi\u00f3n en obra p\u00fablica de los \u00faltimos a\u00f1os - Ayuntamiento de Colindres","robots":{"index":"index","follow":"follow","max-snippet":"max-snippet:-1","max-image-preview":"max-image-preview:large","max-video-preview":"max-video-preview:-1"},"canonical":"https:\/\/www.colindres.es\/index.php\/project\/el-pleno-del-ayuntamiento-de-colindres-aprueba-la-mayor-inversion-en-obra-publica-de-los-ultimos-anos\/","og_locale":"es_ES","og_type":"article","og_title":"El Pleno del Ayuntamiento de Colindres aprueba la mayor inversi\u00f3n en obra p\u00fablica de los \u00faltimos a\u00f1os - Ayuntamiento de Colindres","og_description":"La Corporaci\u00f3n da luz verde a los proyectos de rehabilitaci\u00f3n de la Casa de los Maestros y la remodelaci\u00f3n de las plazas de la Constituci\u00f3n y La Charca, que movilizar\u00e1n cerca de un mill\u00f3n de euros Colindres, 9 de marzo.- El Ayuntamiento de Colindres ha aprobado en sesi\u00f3n plenaria sendos proyectos para acometer obras de [&hellip;]","og_url":"https:\/\/www.colindres.es\/index.php\/project\/el-pleno-del-ayuntamiento-de-colindres-aprueba-la-mayor-inversion-en-obra-publica-de-los-ultimos-anos\/","og_site_name":"Ayuntamiento de Colindres","og_image":[{"width":3528,"height":1528,"url":"https:\/\/www.colindres.es\/wp-content\/uploads\/2018\/03\/Image.jpg","type":"image\/jpeg"}],"twitter_card":"summary_large_image","twitter_misc":{"Tiempo de lectura":"4 minutos"},"schema":{"@context":"https:\/\/schema.org","@graph":[{"@type":"WebPage","@id":"https:\/\/www.colindres.es\/index.php\/project\/el-pleno-del-ayuntamiento-de-colindres-aprueba-la-mayor-inversion-en-obra-publica-de-los-ultimos-anos\/","url":"https:\/\/www.colindres.es\/index.php\/project\/el-pleno-del-ayuntamiento-de-colindres-aprueba-la-mayor-inversion-en-obra-publica-de-los-ultimos-anos\/","name":"El Pleno del Ayuntamiento de Colindres aprueba la mayor inversi\u00f3n en obra p\u00fablica de los \u00faltimos a\u00f1os - Ayuntamiento de Colindres","isPartOf":{"@id":"https:\/\/www.colindres.es\/#website"},"primaryImageOfPage":{"@id":"https:\/\/www.colindres.es\/index.php\/project\/el-pleno-del-ayuntamiento-de-colindres-aprueba-la-mayor-inversion-en-obra-publica-de-los-ultimos-anos\/#primaryimage"},"image":{"@id":"https:\/\/www.colindres.es\/index.php\/project\/el-pleno-del-ayuntamiento-de-colindres-aprueba-la-mayor-inversion-en-obra-publica-de-los-ultimos-anos\/#primaryimage"},"thumbnailUrl":"https:\/\/www.colindres.es\/wp-content\/uploads\/2018\/03\/Image.jpg","datePublished":"2018-03-10T09:21:21+00:00","breadcrumb":{"@id":"https:\/\/www.colindres.es\/index.php\/project\/el-pleno-del-ayuntamiento-de-colindres-aprueba-la-mayor-inversion-en-obra-publica-de-los-ultimos-anos\/#breadcrumb"},"inLanguage":"es","potentialAction":[{"@type":"ReadAction","target":["https:\/\/www.colindres.es\/index.php\/project\/el-pleno-del-ayuntamiento-de-colindres-aprueba-la-mayor-inversion-en-obra-publica-de-los-ultimos-anos\/"]}]},{"@type":"ImageObject","inLanguage":"es","@id":"https:\/\/www.colindres.es\/index.php\/project\/el-pleno-del-ayuntamiento-de-colindres-aprueba-la-mayor-inversion-en-obra-publica-de-los-ultimos-anos\/#primaryimage","url":"https:\/\/www.colindres.es\/wp-content\/uploads\/2018\/03\/Image.jpg","contentUrl":"https:\/\/www.colindres.es\/wp-content\/uploads\/2018\/03\/Image.jpg","width":3528,"height":1528},{"@type":"BreadcrumbList","@id":"https:\/\/www.colindres.es\/index.php\/project\/el-pleno-del-ayuntamiento-de-colindres-aprueba-la-mayor-inversion-en-obra-publica-de-los-ultimos-anos\/#breadcrumb","itemListElement":[{"@type":"ListItem","position":1,"name":"Portada","item":"https:\/\/www.colindres.es\/"},{"@type":"ListItem","position":2,"name":"Proyectos","item":"https:\/\/www.colindres.es\/index.php\/project\/"},{"@type":"ListItem","position":3,"name":"El Pleno del Ayuntamiento de Colindres aprueba la mayor inversi\u00f3n en obra p\u00fablica de los \u00faltimos a\u00f1os"}]},{"@type":"WebSite","@id":"https:\/\/www.colindres.es\/#website","url":"https:\/\/www.colindres.es\/","name":"Ayuntamiento de Colindres","description":"Dise\u00f1ado por NTIC&#039;s","publisher":{"@id":"https:\/\/www.colindres.es\/#organization"},"potentialAction":[{"@type":"SearchAction","target":{"@type":"EntryPoint","urlTemplate":"https:\/\/www.colindres.es\/?s={search_term_string}"},"query-input":{"@type":"PropertyValueSpecification","valueRequired":true,"valueName":"search_term_string"}}],"inLanguage":"es"},{"@type":"Organization","@id":"https:\/\/www.colindres.es\/#organization","name":"AYUNTAMIENTO DE COLINDRES","url":"https:\/\/www.colindres.es\/","logo":{"@type":"ImageObject","inLanguage":"es","@id":"https:\/\/www.colindres.es\/#\/schema\/logo\/image\/","url":"https:\/\/www.colindres.es\/wp-content\/uploads\/2017\/01\/LOGO-PRINCIPAL.jpg","contentUrl":"https:\/\/www.colindres.es\/wp-content\/uploads\/2017\/01\/LOGO-PRINCIPAL.jpg","width":1209,"height":579,"caption":"AYUNTAMIENTO DE COLINDRES"},"image":{"@id":"https:\/\/www.colindres.es\/#\/schema\/logo\/image\/"}}]}},"_links":{"self":[{"href":"https:\/\/www.colindres.es\/index.php\/wp-json\/wp\/v2\/project\/1351","targetHints":{"allow":["GET"]}}],"collection":[{"href":"https:\/\/www.colindres.es\/index.php\/wp-json\/wp\/v2\/project"}],"about":[{"href":"https:\/\/www.colindres.es\/index.php\/wp-json\/wp\/v2\/types\/project"}],"author":[{"embeddable":true,"href":"https:\/\/www.colindres.es\/index.php\/wp-json\/wp\/v2\/users\/1"}],"replies":[{"embeddable":true,"href":"https:\/\/www.colindres.es\/index.php\/wp-json\/wp\/v2\/comments?post=1351"}],"version-history":[{"count":1,"href":"https:\/\/www.colindres.es\/index.php\/wp-json\/wp\/v2\/project\/1351\/revisions"}],"predecessor-version":[{"id":1353,"href":"https:\/\/www.colindres.es\/index.php\/wp-json\/wp\/v2\/project\/1351\/revisions\/1353"}],"wp:featuredmedia":[{"embeddable":true,"href":"https:\/\/www.colindres.es\/index.php\/wp-json\/wp\/v2\/media\/1352"}],"wp:attachment":[{"href":"https:\/\/www.colindres.es\/index.php\/wp-json\/wp\/v2\/media?parent=1351"}],"wp:term":[{"taxonomy":"project_category","embeddable":true,"href":"https:\/\/www.colindres.es\/index.php\/wp-json\/wp\/v2\/project_category?post=1351"},{"taxonomy":"project_tag","embeddable":true,"href":"https:\/\/www.colindres.es\/index.php\/wp-json\/wp\/v2\/project_tag?post=1351"}],"curies":[{"name":"wp","href":"https:\/\/api.w.org\/{rel}","templated":true}]}}