{"id":1323,"date":"2018-03-05T11:55:54","date_gmt":"2018-03-05T11:55:54","guid":{"rendered":"http:\/\/colindres.es\/?post_type=project&#038;p=1323"},"modified":"2018-03-05T11:55:54","modified_gmt":"2018-03-05T11:55:54","slug":"el-ayuntamiento-solicita-a-obras-publicas-colaboracion-en-el-argayo-de-san-roque-en-colindres-de-arriba","status":"publish","type":"project","link":"https:\/\/www.colindres.es\/index.php\/project\/el-ayuntamiento-solicita-a-obras-publicas-colaboracion-en-el-argayo-de-san-roque-en-colindres-de-arriba\/","title":{"rendered":"El Ayuntamiento solicita a Obras P\u00fablicas colaboraci\u00f3n en el argayo de San Roque en Colindres de Arriba"},"content":{"rendered":"<p>El consejero de Obras P\u00fablicas, Jos\u00e9 Mar\u00eda Maz\u00f3n, ya tiene el proyecto elaborado por el Ayuntamiento y adelant\u00f3 que su departamento se har\u00e1 cargo de la ejecuci\u00f3n de la obra<\/p>\n<p>Colindres, 5 de marzo de 2018.- El Grupo Municipal del PRC en el Ayuntamiento de Colindres, formado por los concejales Aurora Cuero y Antonio P\u00e9rez, han respondido a la petici\u00f3n del alcalde, Javier Incera, para trasladar al consejero de Obras P\u00fablicas, Jos\u00e9 Mar\u00eda Maz\u00f3n, la petici\u00f3n de colaboraci\u00f3n de su departamento en la obra de reconstrucci\u00f3n del muro y vial del Barrio de San Roque en Colindres de Arriba, tras su derrumbe el pasado mes de diciembre.<\/p>\n<p>As\u00ed, en una reuni\u00f3n mantenida con el consejero, al que previamente ya le hab\u00edan enviado el proyecto, el titular de Obras P\u00fablicas adelant\u00f3 a los representantes municipales su intenci\u00f3n de ejecutar la obra, salvo imprevistos, mientras que el proyecto t\u00e9cnico correr\u00e1 a cargo del propio Ayuntamiento, agradeciendo estos la colaboraci\u00f3n y r\u00e1pida respuesta de Jos\u00e9 Mar\u00eda Maz\u00f3n a su petici\u00f3n.<\/p>\n<p>Las continuas lluvias ca\u00eddas recientemente provocaron el desprendimiento del muro\u00a0 ubicado en la curva del Barrio de San Roque, en el que se encuentra el antiguo bebedero, concretamente el muro que sostiene al vial aguas arriba de la obra de drenaje existente. Como resultado de dicho derrumbe se ha reducido significativamente la anchura del vial quedando sin protecci\u00f3n, tanto el camino por la ca\u00edda del muro como los veh\u00edculos y peatones por la ca\u00edda del murete de protecci\u00f3n. Asimismo, la obra de drenaje existente ha quedado totalmente anegada por los desprendimientos. En la actualidad ha sido cerrado al tr\u00e1fico de veh\u00edculos y peatones hasta su arreglo.<\/p>\n<p>Proyecto de reconstrucci\u00f3n<\/p>\n<p>Los criterios generales que se han adoptado en el proyecto de reconstrucci\u00f3n est\u00e1n encaminados a definir los elementos y actuaciones necesarias para reconstruir el muro desprendido, dando soluci\u00f3n, igualmente, a la estabilidad del vial y por tanto la de los usuarios correspondientes.<\/p>\n<p>Para ello se proyecta una escollera de bloques de peso superior a 1000 kg, en la que se dispondr\u00e1 una anchura en coronaci\u00f3n de 1,5 metros y un talud 3v:1h; la cimentaci\u00f3n se ejecutar\u00e1 con escollera hormigonada, enterr\u00e1ndose al menos 1 metro. La altura del muro ser\u00e1 variable entre 3 y 4,5 metros aproximadamente, rellen\u00e1ndose el trasd\u00f3s de material drenante. Asimismo, se dispondr\u00e1 de una puntera de 78 cm y un tac\u00f3n de 15 cm.<\/p>\n<p>Previamente a la ejecuci\u00f3n de la escollera se proceder\u00e1 a la reposici\u00f3n de la obra de drenaje, seg\u00fan las caracter\u00edsticas geom\u00e9tricas e hidr\u00e1ulicas existentes en la actualidad.<\/p>\n<p>Simult\u00e1neamente a la ejecuci\u00f3n del alzado de la escollera se rellenar\u00e1 su trasd\u00f3s con material drenante y voladura de cantera hasta alcanzar la cota de la sub-base, la cual se ejecutar\u00e1 mediante la extensi\u00f3n de zahorra artificial. Posteriormente se pavimentar\u00e1 el vial con 5 cm de mezcla bituminosa en caliente.<\/p>\n<p>Durante la ejecuci\u00f3n de las obras se prev\u00e9 pueda romperse la canalizaci\u00f3n de abastecimiento existente, por lo que se plantea la reposici\u00f3n de la misma mediante un tuber\u00eda de PE. Asimismo se colocar\u00e1 un nuevo tramo de barrera met\u00e1lica en la zona donde actualmente no existe y se repondr\u00e1 el murete de mamposter\u00eda de 70&#215;40 cm, dando continuidad al existente antes y despu\u00e9s de la zona de derrumbe.<\/p>\n<p>Anexo al vial existe un lavadero p\u00fablico cuyo acceso se encuentra pavimentado mediante lajas de piedra natural. Dicho acceso, as\u00ed como el entorno del mencionado lavadero, se repondr\u00e1 con lajas de piedra natural similares a las actuales. Se propone el revestimiento del muro de hormig\u00f3n existente igualmente con lajas de piedra natural.<\/p>\n","protected":false},"excerpt":{"rendered":"<p>El consejero de Obras P\u00fablicas, Jos\u00e9 Mar\u00eda Maz\u00f3n, ya tiene el proyecto elaborado por el Ayuntamiento y adelant\u00f3 que su departamento se har\u00e1 cargo de la ejecuci\u00f3n de la obra Colindres, 5 de marzo de 2018.- El Grupo Municipal del PRC en el Ayuntamiento de Colindres, formado por los concejales Aurora Cuero y Antonio P\u00e9rez, [&hellip;]<\/p>\n","protected":false},"author":1,"featured_media":1324,"comment_status":"open","ping_status":"closed","template":"","meta":{"_et_pb_use_builder":"","_et_pb_old_content":"","_et_gb_content_width":"","footnotes":""},"project_category":[],"project_tag":[],"class_list":["post-1323","project","type-project","status-publish","has-post-thumbnail","hentry"],"yoast_head":"<!-- This site is optimized with the Yoast SEO plugin v24.9 - https:\/\/yoast.com\/wordpress\/plugins\/seo\/ -->\n<title>El Ayuntamiento solicita a Obras P\u00fablicas colaboraci\u00f3n en el argayo de San Roque en Colindres de Arriba - Ayuntamiento de Colindres<\/title>\n<meta name=\"robots\" content=\"index, follow, max-snippet:-1, max-image-preview:large, max-video-preview:-1\" \/>\n<link rel=\"canonical\" href=\"https:\/\/www.colindres.es\/index.php\/project\/el-ayuntamiento-solicita-a-obras-publicas-colaboracion-en-el-argayo-de-san-roque-en-colindres-de-arriba\/\" \/>\n<meta property=\"og:locale\" content=\"es_ES\" \/>\n<meta property=\"og:type\" content=\"article\" \/>\n<meta property=\"og:title\" content=\"El Ayuntamiento solicita a Obras P\u00fablicas colaboraci\u00f3n en el argayo de San Roque en Colindres de Arriba - Ayuntamiento de Colindres\" \/>\n<meta property=\"og:description\" content=\"El consejero de Obras P\u00fablicas, Jos\u00e9 Mar\u00eda Maz\u00f3n, ya tiene el proyecto elaborado por el Ayuntamiento y adelant\u00f3 que su departamento se har\u00e1 cargo de la ejecuci\u00f3n de la obra Colindres, 5 de marzo de 2018.- El Grupo Municipal del PRC en el Ayuntamiento de Colindres, formado por los concejales Aurora Cuero y Antonio P\u00e9rez, [&hellip;]\" \/>\n<meta property=\"og:url\" content=\"https:\/\/www.colindres.es\/index.php\/project\/el-ayuntamiento-solicita-a-obras-publicas-colaboracion-en-el-argayo-de-san-roque-en-colindres-de-arriba\/\" \/>\n<meta property=\"og:site_name\" content=\"Ayuntamiento de Colindres\" \/>\n<meta property=\"og:image\" content=\"https:\/\/www.colindres.es\/wp-content\/uploads\/2018\/03\/Argayo-San-Roque-1024x768.jpg\" \/>\n\t<meta property=\"og:image:width\" content=\"1024\" \/>\n\t<meta property=\"og:image:height\" content=\"768\" \/>\n\t<meta property=\"og:image:type\" content=\"image\/jpeg\" \/>\n<meta name=\"twitter:card\" content=\"summary_large_image\" \/>\n<meta name=\"twitter:label1\" content=\"Tiempo de lectura\" \/>\n\t<meta name=\"twitter:data1\" content=\"3 minutos\" \/>\n<script type=\"application\/ld+json\" class=\"yoast-schema-graph\">{\"@context\":\"https:\/\/schema.org\",\"@graph\":[{\"@type\":\"WebPage\",\"@id\":\"https:\/\/www.colindres.es\/index.php\/project\/el-ayuntamiento-solicita-a-obras-publicas-colaboracion-en-el-argayo-de-san-roque-en-colindres-de-arriba\/\",\"url\":\"https:\/\/www.colindres.es\/index.php\/project\/el-ayuntamiento-solicita-a-obras-publicas-colaboracion-en-el-argayo-de-san-roque-en-colindres-de-arriba\/\",\"name\":\"El Ayuntamiento solicita a Obras P\u00fablicas colaboraci\u00f3n en el argayo de San Roque en Colindres de Arriba - Ayuntamiento de Colindres\",\"isPartOf\":{\"@id\":\"https:\/\/www.colindres.es\/#website\"},\"primaryImageOfPage\":{\"@id\":\"https:\/\/www.colindres.es\/index.php\/project\/el-ayuntamiento-solicita-a-obras-publicas-colaboracion-en-el-argayo-de-san-roque-en-colindres-de-arriba\/#primaryimage\"},\"image\":{\"@id\":\"https:\/\/www.colindres.es\/index.php\/project\/el-ayuntamiento-solicita-a-obras-publicas-colaboracion-en-el-argayo-de-san-roque-en-colindres-de-arriba\/#primaryimage\"},\"thumbnailUrl\":\"https:\/\/www.colindres.es\/wp-content\/uploads\/2018\/03\/Argayo-San-Roque.jpg\",\"datePublished\":\"2018-03-05T11:55:54+00:00\",\"breadcrumb\":{\"@id\":\"https:\/\/www.colindres.es\/index.php\/project\/el-ayuntamiento-solicita-a-obras-publicas-colaboracion-en-el-argayo-de-san-roque-en-colindres-de-arriba\/#breadcrumb\"},\"inLanguage\":\"es\",\"potentialAction\":[{\"@type\":\"ReadAction\",\"target\":[\"https:\/\/www.colindres.es\/index.php\/project\/el-ayuntamiento-solicita-a-obras-publicas-colaboracion-en-el-argayo-de-san-roque-en-colindres-de-arriba\/\"]}]},{\"@type\":\"ImageObject\",\"inLanguage\":\"es\",\"@id\":\"https:\/\/www.colindres.es\/index.php\/project\/el-ayuntamiento-solicita-a-obras-publicas-colaboracion-en-el-argayo-de-san-roque-en-colindres-de-arriba\/#primaryimage\",\"url\":\"https:\/\/www.colindres.es\/wp-content\/uploads\/2018\/03\/Argayo-San-Roque.jpg\",\"contentUrl\":\"https:\/\/www.colindres.es\/wp-content\/uploads\/2018\/03\/Argayo-San-Roque.jpg\",\"width\":4128,\"height\":3096},{\"@type\":\"BreadcrumbList\",\"@id\":\"https:\/\/www.colindres.es\/index.php\/project\/el-ayuntamiento-solicita-a-obras-publicas-colaboracion-en-el-argayo-de-san-roque-en-colindres-de-arriba\/#breadcrumb\",\"itemListElement\":[{\"@type\":\"ListItem\",\"position\":1,\"name\":\"Portada\",\"item\":\"https:\/\/www.colindres.es\/\"},{\"@type\":\"ListItem\",\"position\":2,\"name\":\"Proyectos\",\"item\":\"https:\/\/www.colindres.es\/index.php\/project\/\"},{\"@type\":\"ListItem\",\"position\":3,\"name\":\"El Ayuntamiento solicita a Obras P\u00fablicas colaboraci\u00f3n en el argayo de San Roque en Colindres de Arriba\"}]},{\"@type\":\"WebSite\",\"@id\":\"https:\/\/www.colindres.es\/#website\",\"url\":\"https:\/\/www.colindres.es\/\",\"name\":\"Ayuntamiento de Colindres\",\"description\":\"Dise\u00f1ado por NTIC&#039;s\",\"publisher\":{\"@id\":\"https:\/\/www.colindres.es\/#organization\"},\"potentialAction\":[{\"@type\":\"SearchAction\",\"target\":{\"@type\":\"EntryPoint\",\"urlTemplate\":\"https:\/\/www.colindres.es\/?s={search_term_string}\"},\"query-input\":{\"@type\":\"PropertyValueSpecification\",\"valueRequired\":true,\"valueName\":\"search_term_string\"}}],\"inLanguage\":\"es\"},{\"@type\":\"Organization\",\"@id\":\"https:\/\/www.colindres.es\/#organization\",\"name\":\"AYUNTAMIENTO DE COLINDRES\",\"url\":\"https:\/\/www.colindres.es\/\",\"logo\":{\"@type\":\"ImageObject\",\"inLanguage\":\"es\",\"@id\":\"https:\/\/www.colindres.es\/#\/schema\/logo\/image\/\",\"url\":\"https:\/\/www.colindres.es\/wp-content\/uploads\/2017\/01\/LOGO-PRINCIPAL.jpg\",\"contentUrl\":\"https:\/\/www.colindres.es\/wp-content\/uploads\/2017\/01\/LOGO-PRINCIPAL.jpg\",\"width\":1209,\"height\":579,\"caption\":\"AYUNTAMIENTO DE COLINDRES\"},\"image\":{\"@id\":\"https:\/\/www.colindres.es\/#\/schema\/logo\/image\/\"}}]}<\/script>\n<!-- \/ Yoast SEO plugin. -->","yoast_head_json":{"title":"El Ayuntamiento solicita a Obras P\u00fablicas colaboraci\u00f3n en el argayo de San Roque en Colindres de Arriba - Ayuntamiento de Colindres","robots":{"index":"index","follow":"follow","max-snippet":"max-snippet:-1","max-image-preview":"max-image-preview:large","max-video-preview":"max-video-preview:-1"},"canonical":"https:\/\/www.colindres.es\/index.php\/project\/el-ayuntamiento-solicita-a-obras-publicas-colaboracion-en-el-argayo-de-san-roque-en-colindres-de-arriba\/","og_locale":"es_ES","og_type":"article","og_title":"El Ayuntamiento solicita a Obras P\u00fablicas colaboraci\u00f3n en el argayo de San Roque en Colindres de Arriba - Ayuntamiento de Colindres","og_description":"El consejero de Obras P\u00fablicas, Jos\u00e9 Mar\u00eda Maz\u00f3n, ya tiene el proyecto elaborado por el Ayuntamiento y adelant\u00f3 que su departamento se har\u00e1 cargo de la ejecuci\u00f3n de la obra Colindres, 5 de marzo de 2018.- El Grupo Municipal del PRC en el Ayuntamiento de Colindres, formado por los concejales Aurora Cuero y Antonio P\u00e9rez, [&hellip;]","og_url":"https:\/\/www.colindres.es\/index.php\/project\/el-ayuntamiento-solicita-a-obras-publicas-colaboracion-en-el-argayo-de-san-roque-en-colindres-de-arriba\/","og_site_name":"Ayuntamiento de Colindres","og_image":[{"width":1024,"height":768,"url":"https:\/\/www.colindres.es\/wp-content\/uploads\/2018\/03\/Argayo-San-Roque-1024x768.jpg","type":"image\/jpeg"}],"twitter_card":"summary_large_image","twitter_misc":{"Tiempo de lectura":"3 minutos"},"schema":{"@context":"https:\/\/schema.org","@graph":[{"@type":"WebPage","@id":"https:\/\/www.colindres.es\/index.php\/project\/el-ayuntamiento-solicita-a-obras-publicas-colaboracion-en-el-argayo-de-san-roque-en-colindres-de-arriba\/","url":"https:\/\/www.colindres.es\/index.php\/project\/el-ayuntamiento-solicita-a-obras-publicas-colaboracion-en-el-argayo-de-san-roque-en-colindres-de-arriba\/","name":"El Ayuntamiento solicita a Obras P\u00fablicas colaboraci\u00f3n en el argayo de San Roque en Colindres de Arriba - Ayuntamiento de Colindres","isPartOf":{"@id":"https:\/\/www.colindres.es\/#website"},"primaryImageOfPage":{"@id":"https:\/\/www.colindres.es\/index.php\/project\/el-ayuntamiento-solicita-a-obras-publicas-colaboracion-en-el-argayo-de-san-roque-en-colindres-de-arriba\/#primaryimage"},"image":{"@id":"https:\/\/www.colindres.es\/index.php\/project\/el-ayuntamiento-solicita-a-obras-publicas-colaboracion-en-el-argayo-de-san-roque-en-colindres-de-arriba\/#primaryimage"},"thumbnailUrl":"https:\/\/www.colindres.es\/wp-content\/uploads\/2018\/03\/Argayo-San-Roque.jpg","datePublished":"2018-03-05T11:55:54+00:00","breadcrumb":{"@id":"https:\/\/www.colindres.es\/index.php\/project\/el-ayuntamiento-solicita-a-obras-publicas-colaboracion-en-el-argayo-de-san-roque-en-colindres-de-arriba\/#breadcrumb"},"inLanguage":"es","potentialAction":[{"@type":"ReadAction","target":["https:\/\/www.colindres.es\/index.php\/project\/el-ayuntamiento-solicita-a-obras-publicas-colaboracion-en-el-argayo-de-san-roque-en-colindres-de-arriba\/"]}]},{"@type":"ImageObject","inLanguage":"es","@id":"https:\/\/www.colindres.es\/index.php\/project\/el-ayuntamiento-solicita-a-obras-publicas-colaboracion-en-el-argayo-de-san-roque-en-colindres-de-arriba\/#primaryimage","url":"https:\/\/www.colindres.es\/wp-content\/uploads\/2018\/03\/Argayo-San-Roque.jpg","contentUrl":"https:\/\/www.colindres.es\/wp-content\/uploads\/2018\/03\/Argayo-San-Roque.jpg","width":4128,"height":3096},{"@type":"BreadcrumbList","@id":"https:\/\/www.colindres.es\/index.php\/project\/el-ayuntamiento-solicita-a-obras-publicas-colaboracion-en-el-argayo-de-san-roque-en-colindres-de-arriba\/#breadcrumb","itemListElement":[{"@type":"ListItem","position":1,"name":"Portada","item":"https:\/\/www.colindres.es\/"},{"@type":"ListItem","position":2,"name":"Proyectos","item":"https:\/\/www.colindres.es\/index.php\/project\/"},{"@type":"ListItem","position":3,"name":"El Ayuntamiento solicita a Obras P\u00fablicas colaboraci\u00f3n en el argayo de San Roque en Colindres de Arriba"}]},{"@type":"WebSite","@id":"https:\/\/www.colindres.es\/#website","url":"https:\/\/www.colindres.es\/","name":"Ayuntamiento de Colindres","description":"Dise\u00f1ado por NTIC&#039;s","publisher":{"@id":"https:\/\/www.colindres.es\/#organization"},"potentialAction":[{"@type":"SearchAction","target":{"@type":"EntryPoint","urlTemplate":"https:\/\/www.colindres.es\/?s={search_term_string}"},"query-input":{"@type":"PropertyValueSpecification","valueRequired":true,"valueName":"search_term_string"}}],"inLanguage":"es"},{"@type":"Organization","@id":"https:\/\/www.colindres.es\/#organization","name":"AYUNTAMIENTO DE COLINDRES","url":"https:\/\/www.colindres.es\/","logo":{"@type":"ImageObject","inLanguage":"es","@id":"https:\/\/www.colindres.es\/#\/schema\/logo\/image\/","url":"https:\/\/www.colindres.es\/wp-content\/uploads\/2017\/01\/LOGO-PRINCIPAL.jpg","contentUrl":"https:\/\/www.colindres.es\/wp-content\/uploads\/2017\/01\/LOGO-PRINCIPAL.jpg","width":1209,"height":579,"caption":"AYUNTAMIENTO DE COLINDRES"},"image":{"@id":"https:\/\/www.colindres.es\/#\/schema\/logo\/image\/"}}]}},"_links":{"self":[{"href":"https:\/\/www.colindres.es\/index.php\/wp-json\/wp\/v2\/project\/1323","targetHints":{"allow":["GET"]}}],"collection":[{"href":"https:\/\/www.colindres.es\/index.php\/wp-json\/wp\/v2\/project"}],"about":[{"href":"https:\/\/www.colindres.es\/index.php\/wp-json\/wp\/v2\/types\/project"}],"author":[{"embeddable":true,"href":"https:\/\/www.colindres.es\/index.php\/wp-json\/wp\/v2\/users\/1"}],"replies":[{"embeddable":true,"href":"https:\/\/www.colindres.es\/index.php\/wp-json\/wp\/v2\/comments?post=1323"}],"version-history":[{"count":1,"href":"https:\/\/www.colindres.es\/index.php\/wp-json\/wp\/v2\/project\/1323\/revisions"}],"predecessor-version":[{"id":1325,"href":"https:\/\/www.colindres.es\/index.php\/wp-json\/wp\/v2\/project\/1323\/revisions\/1325"}],"wp:featuredmedia":[{"embeddable":true,"href":"https:\/\/www.colindres.es\/index.php\/wp-json\/wp\/v2\/media\/1324"}],"wp:attachment":[{"href":"https:\/\/www.colindres.es\/index.php\/wp-json\/wp\/v2\/media?parent=1323"}],"wp:term":[{"taxonomy":"project_category","embeddable":true,"href":"https:\/\/www.colindres.es\/index.php\/wp-json\/wp\/v2\/project_category?post=1323"},{"taxonomy":"project_tag","embeddable":true,"href":"https:\/\/www.colindres.es\/index.php\/wp-json\/wp\/v2\/project_tag?post=1323"}],"curies":[{"name":"wp","href":"https:\/\/api.w.org\/{rel}","templated":true}]}}