{"id":1310,"date":"2018-02-27T14:44:43","date_gmt":"2018-02-27T14:44:43","guid":{"rendered":"http:\/\/colindres.es\/?post_type=project&#038;p=1310"},"modified":"2018-02-27T14:44:43","modified_gmt":"2018-02-27T14:44:43","slug":"la-casa-de-la-juventud-estrena-estudio-fotografico-y-de-video","status":"publish","type":"project","link":"https:\/\/www.colindres.es\/index.php\/project\/la-casa-de-la-juventud-estrena-estudio-fotografico-y-de-video\/","title":{"rendered":"La Casa de la Juventud estrena estudio fotogr\u00e1fico y de v\u00eddeo"},"content":{"rendered":"<p>El servicio municipal recupera su actividad tras concluir las obras en el inmueble que han servido para habilitar nuevos espacios y servicios<\/p>\n<p>Colindres, 27 de febrero.- La Casa de la Juventud de Colindres ha recuperado esta semana su actividad habitual tras concluir las obras de reforma y acondicionamiento del inmueble. Los trabajos han servido para reorganizar los espacios de una forma \u201cm\u00e1s funcional y pr\u00e1ctica\u201d, as\u00ed como para dotarlos de nuevos servicios, como un estudio fotogr\u00e1fico y de v\u00eddeo.<\/p>\n<p>As\u00ed, la sala de encuentro, conocida como \u2018La Zona\u2019, ha sido ampliada para disponer de mayor aforo, la terraza cerrada ha pasado a ser un espacio polivalente de multiactividad donde se podr\u00e1 jugar al ping-pong, hacer talleres, ver pel\u00edculas y seguir retransmisiones de eventos deportivos.<\/p>\n<p>En la segunda planta se ha dispuesto un aula para los trabajos en grupo y estudio, que servir\u00e1 a su vez para realizar charlas y cursos. Una de las grandes novedades es la creaci\u00f3n de un espacio multimedia que cuenta con un estudio fotogr\u00e1fico y de v\u00eddeo. Por otra parte, se ha habilitado un nuevo almac\u00e9n para los instrumentos de los cinco grupos que residen actualmente en la sala de ensayo.<\/p>\n<p>Con motivo de la reapertura, en la tarde de este lunes se celebr\u00f3 un acto en el que han participado el alcalde, Javier Incera, y la concejala de Juventud, Araceli Ayesa, y en el que ha habido varias sorpresas, entre ellas, las actuaciones de\u00a0los j\u00f3venes raperos locales Pablo\u00a0\u2018Ferpa\u2019 y Antonio. En un comunicado, Incera y Ayesa han animado a los j\u00f3venes del municipio a pasarse por la renovada Casa de la Juventud y conocer al mismo tiempo la nueva programaci\u00f3n.<\/p>\n<p>El alcalde ha recordado que este espacio naci\u00f3 como un gran proyecto para desarrollar actividades pensadas para los j\u00f3venes de Colindres y ha destacado que su apertura ha transformado en positivo las pol\u00edticas de juventud en el municipio.<\/p>\n<p>As\u00ed, ha resaltado que \u201cla Casa de la Juventud es mucho m\u00e1s que un \u00e1rea de ocio; es un punto de encuentro, de convivencia y de formaci\u00f3n donde se generan pol\u00edticas para los j\u00f3venes en aquellos \u00e1mbitos que m\u00e1s les interesan, pues se trata de un espacio din\u00e1mico donde los j\u00f3venes reclaman las actividades y proyectos a realizar\u201d.<\/p>\n<p>Por su parte, Ayesa ha informado de que se ha habilitado un espacio web institucional (http:\/\/casadelajuventudcolindres.blogspot.com.es) que se suma a la presencia en redes sociales con las que ya contaba este departamento. \u201cDe este modo, existe ahora una web de referencia para todo aquel que quiera obtener informaci\u00f3n sobre este servicio municipal\u201d, ha indicado.<\/p>\n<p><img loading=\"lazy\" decoding=\"async\" class=\"alignnone size-medium wp-image-1312\" src=\"http:\/\/colindres.es\/wp-content\/uploads\/2018\/02\/Reapertura-Casa-de-la-Juventud-300x200.jpg\" alt=\"\" width=\"300\" height=\"200\" srcset=\"https:\/\/www.colindres.es\/wp-content\/uploads\/2018\/02\/Reapertura-Casa-de-la-Juventud-300x200.jpg 300w, https:\/\/www.colindres.es\/wp-content\/uploads\/2018\/02\/Reapertura-Casa-de-la-Juventud-768x511.jpg 768w, https:\/\/www.colindres.es\/wp-content\/uploads\/2018\/02\/Reapertura-Casa-de-la-Juventud-1024x682.jpg 1024w, https:\/\/www.colindres.es\/wp-content\/uploads\/2018\/02\/Reapertura-Casa-de-la-Juventud-1080x719.jpg 1080w, https:\/\/www.colindres.es\/wp-content\/uploads\/2018\/02\/Reapertura-Casa-de-la-Juventud.jpg 1280w\" sizes=\"(max-width: 300px) 100vw, 300px\" \/><\/p>\n","protected":false},"excerpt":{"rendered":"<p>El servicio municipal recupera su actividad tras concluir las obras en el inmueble que han servido para habilitar nuevos espacios y servicios Colindres, 27 de febrero.- La Casa de la Juventud de Colindres ha recuperado esta semana su actividad habitual tras concluir las obras de reforma y acondicionamiento del inmueble. Los trabajos han servido para [&hellip;]<\/p>\n","protected":false},"author":1,"featured_media":1311,"comment_status":"open","ping_status":"closed","template":"","meta":{"_et_pb_use_builder":"","_et_pb_old_content":"","_et_gb_content_width":"","footnotes":""},"project_category":[],"project_tag":[],"class_list":["post-1310","project","type-project","status-publish","has-post-thumbnail","hentry"],"yoast_head":"<!-- This site is optimized with the Yoast SEO plugin v24.9 - https:\/\/yoast.com\/wordpress\/plugins\/seo\/ -->\n<title>La Casa de la Juventud estrena estudio fotogr\u00e1fico y de v\u00eddeo - Ayuntamiento de Colindres<\/title>\n<meta name=\"robots\" content=\"index, follow, max-snippet:-1, max-image-preview:large, max-video-preview:-1\" \/>\n<link rel=\"canonical\" href=\"https:\/\/www.colindres.es\/index.php\/project\/la-casa-de-la-juventud-estrena-estudio-fotografico-y-de-video\/\" \/>\n<meta property=\"og:locale\" content=\"es_ES\" \/>\n<meta property=\"og:type\" content=\"article\" \/>\n<meta property=\"og:title\" content=\"La Casa de la Juventud estrena estudio fotogr\u00e1fico y de v\u00eddeo - Ayuntamiento de Colindres\" \/>\n<meta property=\"og:description\" content=\"El servicio municipal recupera su actividad tras concluir las obras en el inmueble que han servido para habilitar nuevos espacios y servicios Colindres, 27 de febrero.- La Casa de la Juventud de Colindres ha recuperado esta semana su actividad habitual tras concluir las obras de reforma y acondicionamiento del inmueble. Los trabajos han servido para [&hellip;]\" \/>\n<meta property=\"og:url\" content=\"https:\/\/www.colindres.es\/index.php\/project\/la-casa-de-la-juventud-estrena-estudio-fotografico-y-de-video\/\" \/>\n<meta property=\"og:site_name\" content=\"Ayuntamiento de Colindres\" \/>\n<meta property=\"og:image\" content=\"https:\/\/www.colindres.es\/wp-content\/uploads\/2018\/02\/Reapertura-Casa-de-la-Juventud-2.jpg\" \/>\n\t<meta property=\"og:image:width\" content=\"1280\" \/>\n\t<meta property=\"og:image:height\" content=\"852\" \/>\n\t<meta property=\"og:image:type\" content=\"image\/jpeg\" \/>\n<meta name=\"twitter:card\" content=\"summary_large_image\" \/>\n<meta name=\"twitter:label1\" content=\"Tiempo de lectura\" \/>\n\t<meta name=\"twitter:data1\" content=\"2 minutos\" \/>\n<script type=\"application\/ld+json\" class=\"yoast-schema-graph\">{\"@context\":\"https:\/\/schema.org\",\"@graph\":[{\"@type\":\"WebPage\",\"@id\":\"https:\/\/www.colindres.es\/index.php\/project\/la-casa-de-la-juventud-estrena-estudio-fotografico-y-de-video\/\",\"url\":\"https:\/\/www.colindres.es\/index.php\/project\/la-casa-de-la-juventud-estrena-estudio-fotografico-y-de-video\/\",\"name\":\"La Casa de la Juventud estrena estudio fotogr\u00e1fico y de v\u00eddeo - Ayuntamiento de Colindres\",\"isPartOf\":{\"@id\":\"https:\/\/www.colindres.es\/#website\"},\"primaryImageOfPage\":{\"@id\":\"https:\/\/www.colindres.es\/index.php\/project\/la-casa-de-la-juventud-estrena-estudio-fotografico-y-de-video\/#primaryimage\"},\"image\":{\"@id\":\"https:\/\/www.colindres.es\/index.php\/project\/la-casa-de-la-juventud-estrena-estudio-fotografico-y-de-video\/#primaryimage\"},\"thumbnailUrl\":\"https:\/\/www.colindres.es\/wp-content\/uploads\/2018\/02\/Reapertura-Casa-de-la-Juventud-2.jpg\",\"datePublished\":\"2018-02-27T14:44:43+00:00\",\"breadcrumb\":{\"@id\":\"https:\/\/www.colindres.es\/index.php\/project\/la-casa-de-la-juventud-estrena-estudio-fotografico-y-de-video\/#breadcrumb\"},\"inLanguage\":\"es\",\"potentialAction\":[{\"@type\":\"ReadAction\",\"target\":[\"https:\/\/www.colindres.es\/index.php\/project\/la-casa-de-la-juventud-estrena-estudio-fotografico-y-de-video\/\"]}]},{\"@type\":\"ImageObject\",\"inLanguage\":\"es\",\"@id\":\"https:\/\/www.colindres.es\/index.php\/project\/la-casa-de-la-juventud-estrena-estudio-fotografico-y-de-video\/#primaryimage\",\"url\":\"https:\/\/www.colindres.es\/wp-content\/uploads\/2018\/02\/Reapertura-Casa-de-la-Juventud-2.jpg\",\"contentUrl\":\"https:\/\/www.colindres.es\/wp-content\/uploads\/2018\/02\/Reapertura-Casa-de-la-Juventud-2.jpg\",\"width\":1280,\"height\":852},{\"@type\":\"BreadcrumbList\",\"@id\":\"https:\/\/www.colindres.es\/index.php\/project\/la-casa-de-la-juventud-estrena-estudio-fotografico-y-de-video\/#breadcrumb\",\"itemListElement\":[{\"@type\":\"ListItem\",\"position\":1,\"name\":\"Portada\",\"item\":\"https:\/\/www.colindres.es\/\"},{\"@type\":\"ListItem\",\"position\":2,\"name\":\"Proyectos\",\"item\":\"https:\/\/www.colindres.es\/index.php\/project\/\"},{\"@type\":\"ListItem\",\"position\":3,\"name\":\"La Casa de la Juventud estrena estudio fotogr\u00e1fico y de v\u00eddeo\"}]},{\"@type\":\"WebSite\",\"@id\":\"https:\/\/www.colindres.es\/#website\",\"url\":\"https:\/\/www.colindres.es\/\",\"name\":\"Ayuntamiento de Colindres\",\"description\":\"Dise\u00f1ado por NTIC&#039;s\",\"publisher\":{\"@id\":\"https:\/\/www.colindres.es\/#organization\"},\"potentialAction\":[{\"@type\":\"SearchAction\",\"target\":{\"@type\":\"EntryPoint\",\"urlTemplate\":\"https:\/\/www.colindres.es\/?s={search_term_string}\"},\"query-input\":{\"@type\":\"PropertyValueSpecification\",\"valueRequired\":true,\"valueName\":\"search_term_string\"}}],\"inLanguage\":\"es\"},{\"@type\":\"Organization\",\"@id\":\"https:\/\/www.colindres.es\/#organization\",\"name\":\"AYUNTAMIENTO DE COLINDRES\",\"url\":\"https:\/\/www.colindres.es\/\",\"logo\":{\"@type\":\"ImageObject\",\"inLanguage\":\"es\",\"@id\":\"https:\/\/www.colindres.es\/#\/schema\/logo\/image\/\",\"url\":\"https:\/\/www.colindres.es\/wp-content\/uploads\/2017\/01\/LOGO-PRINCIPAL.jpg\",\"contentUrl\":\"https:\/\/www.colindres.es\/wp-content\/uploads\/2017\/01\/LOGO-PRINCIPAL.jpg\",\"width\":1209,\"height\":579,\"caption\":\"AYUNTAMIENTO DE COLINDRES\"},\"image\":{\"@id\":\"https:\/\/www.colindres.es\/#\/schema\/logo\/image\/\"}}]}<\/script>\n<!-- \/ Yoast SEO plugin. -->","yoast_head_json":{"title":"La Casa de la Juventud estrena estudio fotogr\u00e1fico y de v\u00eddeo - Ayuntamiento de Colindres","robots":{"index":"index","follow":"follow","max-snippet":"max-snippet:-1","max-image-preview":"max-image-preview:large","max-video-preview":"max-video-preview:-1"},"canonical":"https:\/\/www.colindres.es\/index.php\/project\/la-casa-de-la-juventud-estrena-estudio-fotografico-y-de-video\/","og_locale":"es_ES","og_type":"article","og_title":"La Casa de la Juventud estrena estudio fotogr\u00e1fico y de v\u00eddeo - Ayuntamiento de Colindres","og_description":"El servicio municipal recupera su actividad tras concluir las obras en el inmueble que han servido para habilitar nuevos espacios y servicios Colindres, 27 de febrero.- La Casa de la Juventud de Colindres ha recuperado esta semana su actividad habitual tras concluir las obras de reforma y acondicionamiento del inmueble. Los trabajos han servido para [&hellip;]","og_url":"https:\/\/www.colindres.es\/index.php\/project\/la-casa-de-la-juventud-estrena-estudio-fotografico-y-de-video\/","og_site_name":"Ayuntamiento de Colindres","og_image":[{"width":1280,"height":852,"url":"https:\/\/www.colindres.es\/wp-content\/uploads\/2018\/02\/Reapertura-Casa-de-la-Juventud-2.jpg","type":"image\/jpeg"}],"twitter_card":"summary_large_image","twitter_misc":{"Tiempo de lectura":"2 minutos"},"schema":{"@context":"https:\/\/schema.org","@graph":[{"@type":"WebPage","@id":"https:\/\/www.colindres.es\/index.php\/project\/la-casa-de-la-juventud-estrena-estudio-fotografico-y-de-video\/","url":"https:\/\/www.colindres.es\/index.php\/project\/la-casa-de-la-juventud-estrena-estudio-fotografico-y-de-video\/","name":"La Casa de la Juventud estrena estudio fotogr\u00e1fico y de v\u00eddeo - Ayuntamiento de Colindres","isPartOf":{"@id":"https:\/\/www.colindres.es\/#website"},"primaryImageOfPage":{"@id":"https:\/\/www.colindres.es\/index.php\/project\/la-casa-de-la-juventud-estrena-estudio-fotografico-y-de-video\/#primaryimage"},"image":{"@id":"https:\/\/www.colindres.es\/index.php\/project\/la-casa-de-la-juventud-estrena-estudio-fotografico-y-de-video\/#primaryimage"},"thumbnailUrl":"https:\/\/www.colindres.es\/wp-content\/uploads\/2018\/02\/Reapertura-Casa-de-la-Juventud-2.jpg","datePublished":"2018-02-27T14:44:43+00:00","breadcrumb":{"@id":"https:\/\/www.colindres.es\/index.php\/project\/la-casa-de-la-juventud-estrena-estudio-fotografico-y-de-video\/#breadcrumb"},"inLanguage":"es","potentialAction":[{"@type":"ReadAction","target":["https:\/\/www.colindres.es\/index.php\/project\/la-casa-de-la-juventud-estrena-estudio-fotografico-y-de-video\/"]}]},{"@type":"ImageObject","inLanguage":"es","@id":"https:\/\/www.colindres.es\/index.php\/project\/la-casa-de-la-juventud-estrena-estudio-fotografico-y-de-video\/#primaryimage","url":"https:\/\/www.colindres.es\/wp-content\/uploads\/2018\/02\/Reapertura-Casa-de-la-Juventud-2.jpg","contentUrl":"https:\/\/www.colindres.es\/wp-content\/uploads\/2018\/02\/Reapertura-Casa-de-la-Juventud-2.jpg","width":1280,"height":852},{"@type":"BreadcrumbList","@id":"https:\/\/www.colindres.es\/index.php\/project\/la-casa-de-la-juventud-estrena-estudio-fotografico-y-de-video\/#breadcrumb","itemListElement":[{"@type":"ListItem","position":1,"name":"Portada","item":"https:\/\/www.colindres.es\/"},{"@type":"ListItem","position":2,"name":"Proyectos","item":"https:\/\/www.colindres.es\/index.php\/project\/"},{"@type":"ListItem","position":3,"name":"La Casa de la Juventud estrena estudio fotogr\u00e1fico y de v\u00eddeo"}]},{"@type":"WebSite","@id":"https:\/\/www.colindres.es\/#website","url":"https:\/\/www.colindres.es\/","name":"Ayuntamiento de Colindres","description":"Dise\u00f1ado por NTIC&#039;s","publisher":{"@id":"https:\/\/www.colindres.es\/#organization"},"potentialAction":[{"@type":"SearchAction","target":{"@type":"EntryPoint","urlTemplate":"https:\/\/www.colindres.es\/?s={search_term_string}"},"query-input":{"@type":"PropertyValueSpecification","valueRequired":true,"valueName":"search_term_string"}}],"inLanguage":"es"},{"@type":"Organization","@id":"https:\/\/www.colindres.es\/#organization","name":"AYUNTAMIENTO DE COLINDRES","url":"https:\/\/www.colindres.es\/","logo":{"@type":"ImageObject","inLanguage":"es","@id":"https:\/\/www.colindres.es\/#\/schema\/logo\/image\/","url":"https:\/\/www.colindres.es\/wp-content\/uploads\/2017\/01\/LOGO-PRINCIPAL.jpg","contentUrl":"https:\/\/www.colindres.es\/wp-content\/uploads\/2017\/01\/LOGO-PRINCIPAL.jpg","width":1209,"height":579,"caption":"AYUNTAMIENTO DE COLINDRES"},"image":{"@id":"https:\/\/www.colindres.es\/#\/schema\/logo\/image\/"}}]}},"_links":{"self":[{"href":"https:\/\/www.colindres.es\/index.php\/wp-json\/wp\/v2\/project\/1310","targetHints":{"allow":["GET"]}}],"collection":[{"href":"https:\/\/www.colindres.es\/index.php\/wp-json\/wp\/v2\/project"}],"about":[{"href":"https:\/\/www.colindres.es\/index.php\/wp-json\/wp\/v2\/types\/project"}],"author":[{"embeddable":true,"href":"https:\/\/www.colindres.es\/index.php\/wp-json\/wp\/v2\/users\/1"}],"replies":[{"embeddable":true,"href":"https:\/\/www.colindres.es\/index.php\/wp-json\/wp\/v2\/comments?post=1310"}],"version-history":[{"count":1,"href":"https:\/\/www.colindres.es\/index.php\/wp-json\/wp\/v2\/project\/1310\/revisions"}],"predecessor-version":[{"id":1313,"href":"https:\/\/www.colindres.es\/index.php\/wp-json\/wp\/v2\/project\/1310\/revisions\/1313"}],"wp:featuredmedia":[{"embeddable":true,"href":"https:\/\/www.colindres.es\/index.php\/wp-json\/wp\/v2\/media\/1311"}],"wp:attachment":[{"href":"https:\/\/www.colindres.es\/index.php\/wp-json\/wp\/v2\/media?parent=1310"}],"wp:term":[{"taxonomy":"project_category","embeddable":true,"href":"https:\/\/www.colindres.es\/index.php\/wp-json\/wp\/v2\/project_category?post=1310"},{"taxonomy":"project_tag","embeddable":true,"href":"https:\/\/www.colindres.es\/index.php\/wp-json\/wp\/v2\/project_tag?post=1310"}],"curies":[{"name":"wp","href":"https:\/\/api.w.org\/{rel}","templated":true}]}}