{"id":1301,"date":"2018-02-20T19:38:05","date_gmt":"2018-02-20T19:38:05","guid":{"rendered":"http:\/\/colindres.es\/?post_type=project&#038;p=1301"},"modified":"2018-02-20T19:38:05","modified_gmt":"2018-02-20T19:38:05","slug":"incera-participa-en-la-comision-de-integracion-y-cohesion-social-de-la-femp","status":"publish","type":"project","link":"https:\/\/www.colindres.es\/index.php\/project\/incera-participa-en-la-comision-de-integracion-y-cohesion-social-de-la-femp\/","title":{"rendered":"Incera participa en la Comisi\u00f3n de Integraci\u00f3n y Cohesi\u00f3n Social de la FEMP"},"content":{"rendered":"<p>El encuentro ha servido para presentar el manual de herramientas para la igualdad y pol\u00edticas locales contra el racismo<\/p>\n<p>Colindres, 20 de febrero.- El alcalde de Colindres, Javier Incera, ha participado este martes en la Comisi\u00f3n de Integraci\u00f3n y Cohesi\u00f3n Social de la Federaci\u00f3n Espa\u00f1ola de Municipios y Provincias (FEMP), de la cual es vicepresidente.<\/p>\n<p>La reuni\u00f3n celebrada en la sede de la instituci\u00f3n en Madrid ha servido para presentar el manual de herramientas para la igualdad y pol\u00edticas locales contra el racismo. Este documento tiene como finalidad servir de apoyo a los consistorios para la implementaci\u00f3n de pol\u00edticas que combatan con \u00e9xito el racismo y la discriminaci\u00f3n por motivos raciales.<\/p>\n<p>Adem\u00e1s, en el encuentro tambi\u00e9n ha participado la jefa del \u00c1rea de Migraciones Igualdad de Trato del Defensor del Pueblo, Elena Arce Jim\u00e9nez, quien ha desgranado las recomendaciones de esta instituci\u00f3n en materia de integraci\u00f3n.<\/p>\n<p>Igualmente, se han abordado los trabajos realizados para la aprobaci\u00f3n del Pacto Mundial promovido por las Naciones Unidad para una migraci\u00f3n segura, regular y ordenada.<\/p>\n<p><img loading=\"lazy\" decoding=\"async\" class=\"alignnone size-medium wp-image-1302\" src=\"http:\/\/colindres.es\/wp-content\/uploads\/2018\/02\/Comisi\u00f3n-FEMP-2-300x200.jpg\" alt=\"\" width=\"300\" height=\"200\" srcset=\"https:\/\/www.colindres.es\/wp-content\/uploads\/2018\/02\/Comisi\u00f3n-FEMP-2-300x200.jpg 300w, https:\/\/www.colindres.es\/wp-content\/uploads\/2018\/02\/Comisi\u00f3n-FEMP-2-768x513.jpg 768w, https:\/\/www.colindres.es\/wp-content\/uploads\/2018\/02\/Comisi\u00f3n-FEMP-2-1024x684.jpg 1024w, https:\/\/www.colindres.es\/wp-content\/uploads\/2018\/02\/Comisi\u00f3n-FEMP-2-1080x721.jpg 1080w, https:\/\/www.colindres.es\/wp-content\/uploads\/2018\/02\/Comisi\u00f3n-FEMP-2.jpg 1280w\" sizes=\"(max-width: 300px) 100vw, 300px\" \/> <img loading=\"lazy\" decoding=\"async\" class=\"alignnone size-medium wp-image-1303\" src=\"http:\/\/colindres.es\/wp-content\/uploads\/2018\/02\/Comisi\u00f3n-FEMP-300x200.jpg\" alt=\"\" width=\"300\" height=\"200\" srcset=\"https:\/\/www.colindres.es\/wp-content\/uploads\/2018\/02\/Comisi\u00f3n-FEMP-300x200.jpg 300w, https:\/\/www.colindres.es\/wp-content\/uploads\/2018\/02\/Comisi\u00f3n-FEMP-768x513.jpg 768w, https:\/\/www.colindres.es\/wp-content\/uploads\/2018\/02\/Comisi\u00f3n-FEMP-1024x684.jpg 1024w, https:\/\/www.colindres.es\/wp-content\/uploads\/2018\/02\/Comisi\u00f3n-FEMP-1080x721.jpg 1080w, https:\/\/www.colindres.es\/wp-content\/uploads\/2018\/02\/Comisi\u00f3n-FEMP.jpg 1280w\" sizes=\"(max-width: 300px) 100vw, 300px\" \/><\/p>\n","protected":false},"excerpt":{"rendered":"<p>El encuentro ha servido para presentar el manual de herramientas para la igualdad y pol\u00edticas locales contra el racismo Colindres, 20 de febrero.- El alcalde de Colindres, Javier Incera, ha participado este martes en la Comisi\u00f3n de Integraci\u00f3n y Cohesi\u00f3n Social de la Federaci\u00f3n Espa\u00f1ola de Municipios y Provincias (FEMP), de la cual es vicepresidente. [&hellip;]<\/p>\n","protected":false},"author":1,"featured_media":1302,"comment_status":"open","ping_status":"closed","template":"","meta":{"_et_pb_use_builder":"","_et_pb_old_content":"","_et_gb_content_width":"","footnotes":""},"project_category":[],"project_tag":[],"class_list":["post-1301","project","type-project","status-publish","has-post-thumbnail","hentry"],"yoast_head":"<!-- This site is optimized with the Yoast SEO plugin v24.9 - https:\/\/yoast.com\/wordpress\/plugins\/seo\/ -->\n<title>Incera participa en la Comisi\u00f3n de Integraci\u00f3n y Cohesi\u00f3n Social de la FEMP - Ayuntamiento de Colindres<\/title>\n<meta name=\"robots\" content=\"index, follow, max-snippet:-1, max-image-preview:large, max-video-preview:-1\" \/>\n<link rel=\"canonical\" href=\"https:\/\/www.colindres.es\/index.php\/project\/incera-participa-en-la-comision-de-integracion-y-cohesion-social-de-la-femp\/\" \/>\n<meta property=\"og:locale\" content=\"es_ES\" \/>\n<meta property=\"og:type\" content=\"article\" \/>\n<meta property=\"og:title\" content=\"Incera participa en la Comisi\u00f3n de Integraci\u00f3n y Cohesi\u00f3n Social de la FEMP - Ayuntamiento de Colindres\" \/>\n<meta property=\"og:description\" content=\"El encuentro ha servido para presentar el manual de herramientas para la igualdad y pol\u00edticas locales contra el racismo Colindres, 20 de febrero.- El alcalde de Colindres, Javier Incera, ha participado este martes en la Comisi\u00f3n de Integraci\u00f3n y Cohesi\u00f3n Social de la Federaci\u00f3n Espa\u00f1ola de Municipios y Provincias (FEMP), de la cual es vicepresidente. [&hellip;]\" \/>\n<meta property=\"og:url\" content=\"https:\/\/www.colindres.es\/index.php\/project\/incera-participa-en-la-comision-de-integracion-y-cohesion-social-de-la-femp\/\" \/>\n<meta property=\"og:site_name\" content=\"Ayuntamiento de Colindres\" \/>\n<meta property=\"og:image\" content=\"https:\/\/www.colindres.es\/wp-content\/uploads\/2018\/02\/Comisi\u00f3n-FEMP-2.jpg\" \/>\n\t<meta property=\"og:image:width\" content=\"1280\" \/>\n\t<meta property=\"og:image:height\" content=\"855\" \/>\n\t<meta property=\"og:image:type\" content=\"image\/jpeg\" \/>\n<meta name=\"twitter:card\" content=\"summary_large_image\" \/>\n<meta name=\"twitter:label1\" content=\"Tiempo de lectura\" \/>\n\t<meta name=\"twitter:data1\" content=\"1 minuto\" \/>\n<script type=\"application\/ld+json\" class=\"yoast-schema-graph\">{\"@context\":\"https:\/\/schema.org\",\"@graph\":[{\"@type\":\"WebPage\",\"@id\":\"https:\/\/www.colindres.es\/index.php\/project\/incera-participa-en-la-comision-de-integracion-y-cohesion-social-de-la-femp\/\",\"url\":\"https:\/\/www.colindres.es\/index.php\/project\/incera-participa-en-la-comision-de-integracion-y-cohesion-social-de-la-femp\/\",\"name\":\"Incera participa en la Comisi\u00f3n de Integraci\u00f3n y Cohesi\u00f3n Social de la FEMP - Ayuntamiento de Colindres\",\"isPartOf\":{\"@id\":\"https:\/\/www.colindres.es\/#website\"},\"primaryImageOfPage\":{\"@id\":\"https:\/\/www.colindres.es\/index.php\/project\/incera-participa-en-la-comision-de-integracion-y-cohesion-social-de-la-femp\/#primaryimage\"},\"image\":{\"@id\":\"https:\/\/www.colindres.es\/index.php\/project\/incera-participa-en-la-comision-de-integracion-y-cohesion-social-de-la-femp\/#primaryimage\"},\"thumbnailUrl\":\"https:\/\/www.colindres.es\/wp-content\/uploads\/2018\/02\/Comisi\u00f3n-FEMP-2.jpg\",\"datePublished\":\"2018-02-20T19:38:05+00:00\",\"breadcrumb\":{\"@id\":\"https:\/\/www.colindres.es\/index.php\/project\/incera-participa-en-la-comision-de-integracion-y-cohesion-social-de-la-femp\/#breadcrumb\"},\"inLanguage\":\"es\",\"potentialAction\":[{\"@type\":\"ReadAction\",\"target\":[\"https:\/\/www.colindres.es\/index.php\/project\/incera-participa-en-la-comision-de-integracion-y-cohesion-social-de-la-femp\/\"]}]},{\"@type\":\"ImageObject\",\"inLanguage\":\"es\",\"@id\":\"https:\/\/www.colindres.es\/index.php\/project\/incera-participa-en-la-comision-de-integracion-y-cohesion-social-de-la-femp\/#primaryimage\",\"url\":\"https:\/\/www.colindres.es\/wp-content\/uploads\/2018\/02\/Comisi\u00f3n-FEMP-2.jpg\",\"contentUrl\":\"https:\/\/www.colindres.es\/wp-content\/uploads\/2018\/02\/Comisi\u00f3n-FEMP-2.jpg\",\"width\":1280,\"height\":855},{\"@type\":\"BreadcrumbList\",\"@id\":\"https:\/\/www.colindres.es\/index.php\/project\/incera-participa-en-la-comision-de-integracion-y-cohesion-social-de-la-femp\/#breadcrumb\",\"itemListElement\":[{\"@type\":\"ListItem\",\"position\":1,\"name\":\"Portada\",\"item\":\"https:\/\/www.colindres.es\/\"},{\"@type\":\"ListItem\",\"position\":2,\"name\":\"Proyectos\",\"item\":\"https:\/\/www.colindres.es\/index.php\/project\/\"},{\"@type\":\"ListItem\",\"position\":3,\"name\":\"Incera participa en la Comisi\u00f3n de Integraci\u00f3n y Cohesi\u00f3n Social de la FEMP\"}]},{\"@type\":\"WebSite\",\"@id\":\"https:\/\/www.colindres.es\/#website\",\"url\":\"https:\/\/www.colindres.es\/\",\"name\":\"Ayuntamiento de Colindres\",\"description\":\"Dise\u00f1ado por NTIC&#039;s\",\"publisher\":{\"@id\":\"https:\/\/www.colindres.es\/#organization\"},\"potentialAction\":[{\"@type\":\"SearchAction\",\"target\":{\"@type\":\"EntryPoint\",\"urlTemplate\":\"https:\/\/www.colindres.es\/?s={search_term_string}\"},\"query-input\":{\"@type\":\"PropertyValueSpecification\",\"valueRequired\":true,\"valueName\":\"search_term_string\"}}],\"inLanguage\":\"es\"},{\"@type\":\"Organization\",\"@id\":\"https:\/\/www.colindres.es\/#organization\",\"name\":\"AYUNTAMIENTO DE COLINDRES\",\"url\":\"https:\/\/www.colindres.es\/\",\"logo\":{\"@type\":\"ImageObject\",\"inLanguage\":\"es\",\"@id\":\"https:\/\/www.colindres.es\/#\/schema\/logo\/image\/\",\"url\":\"https:\/\/www.colindres.es\/wp-content\/uploads\/2017\/01\/LOGO-PRINCIPAL.jpg\",\"contentUrl\":\"https:\/\/www.colindres.es\/wp-content\/uploads\/2017\/01\/LOGO-PRINCIPAL.jpg\",\"width\":1209,\"height\":579,\"caption\":\"AYUNTAMIENTO DE COLINDRES\"},\"image\":{\"@id\":\"https:\/\/www.colindres.es\/#\/schema\/logo\/image\/\"}}]}<\/script>\n<!-- \/ Yoast SEO plugin. -->","yoast_head_json":{"title":"Incera participa en la Comisi\u00f3n de Integraci\u00f3n y Cohesi\u00f3n Social de la FEMP - Ayuntamiento de Colindres","robots":{"index":"index","follow":"follow","max-snippet":"max-snippet:-1","max-image-preview":"max-image-preview:large","max-video-preview":"max-video-preview:-1"},"canonical":"https:\/\/www.colindres.es\/index.php\/project\/incera-participa-en-la-comision-de-integracion-y-cohesion-social-de-la-femp\/","og_locale":"es_ES","og_type":"article","og_title":"Incera participa en la Comisi\u00f3n de Integraci\u00f3n y Cohesi\u00f3n Social de la FEMP - Ayuntamiento de Colindres","og_description":"El encuentro ha servido para presentar el manual de herramientas para la igualdad y pol\u00edticas locales contra el racismo Colindres, 20 de febrero.- El alcalde de Colindres, Javier Incera, ha participado este martes en la Comisi\u00f3n de Integraci\u00f3n y Cohesi\u00f3n Social de la Federaci\u00f3n Espa\u00f1ola de Municipios y Provincias (FEMP), de la cual es vicepresidente. [&hellip;]","og_url":"https:\/\/www.colindres.es\/index.php\/project\/incera-participa-en-la-comision-de-integracion-y-cohesion-social-de-la-femp\/","og_site_name":"Ayuntamiento de Colindres","og_image":[{"width":1280,"height":855,"url":"https:\/\/www.colindres.es\/wp-content\/uploads\/2018\/02\/Comisi\u00f3n-FEMP-2.jpg","type":"image\/jpeg"}],"twitter_card":"summary_large_image","twitter_misc":{"Tiempo de lectura":"1 minuto"},"schema":{"@context":"https:\/\/schema.org","@graph":[{"@type":"WebPage","@id":"https:\/\/www.colindres.es\/index.php\/project\/incera-participa-en-la-comision-de-integracion-y-cohesion-social-de-la-femp\/","url":"https:\/\/www.colindres.es\/index.php\/project\/incera-participa-en-la-comision-de-integracion-y-cohesion-social-de-la-femp\/","name":"Incera participa en la Comisi\u00f3n de Integraci\u00f3n y Cohesi\u00f3n Social de la FEMP - Ayuntamiento de Colindres","isPartOf":{"@id":"https:\/\/www.colindres.es\/#website"},"primaryImageOfPage":{"@id":"https:\/\/www.colindres.es\/index.php\/project\/incera-participa-en-la-comision-de-integracion-y-cohesion-social-de-la-femp\/#primaryimage"},"image":{"@id":"https:\/\/www.colindres.es\/index.php\/project\/incera-participa-en-la-comision-de-integracion-y-cohesion-social-de-la-femp\/#primaryimage"},"thumbnailUrl":"https:\/\/www.colindres.es\/wp-content\/uploads\/2018\/02\/Comisi\u00f3n-FEMP-2.jpg","datePublished":"2018-02-20T19:38:05+00:00","breadcrumb":{"@id":"https:\/\/www.colindres.es\/index.php\/project\/incera-participa-en-la-comision-de-integracion-y-cohesion-social-de-la-femp\/#breadcrumb"},"inLanguage":"es","potentialAction":[{"@type":"ReadAction","target":["https:\/\/www.colindres.es\/index.php\/project\/incera-participa-en-la-comision-de-integracion-y-cohesion-social-de-la-femp\/"]}]},{"@type":"ImageObject","inLanguage":"es","@id":"https:\/\/www.colindres.es\/index.php\/project\/incera-participa-en-la-comision-de-integracion-y-cohesion-social-de-la-femp\/#primaryimage","url":"https:\/\/www.colindres.es\/wp-content\/uploads\/2018\/02\/Comisi\u00f3n-FEMP-2.jpg","contentUrl":"https:\/\/www.colindres.es\/wp-content\/uploads\/2018\/02\/Comisi\u00f3n-FEMP-2.jpg","width":1280,"height":855},{"@type":"BreadcrumbList","@id":"https:\/\/www.colindres.es\/index.php\/project\/incera-participa-en-la-comision-de-integracion-y-cohesion-social-de-la-femp\/#breadcrumb","itemListElement":[{"@type":"ListItem","position":1,"name":"Portada","item":"https:\/\/www.colindres.es\/"},{"@type":"ListItem","position":2,"name":"Proyectos","item":"https:\/\/www.colindres.es\/index.php\/project\/"},{"@type":"ListItem","position":3,"name":"Incera participa en la Comisi\u00f3n de Integraci\u00f3n y Cohesi\u00f3n Social de la FEMP"}]},{"@type":"WebSite","@id":"https:\/\/www.colindres.es\/#website","url":"https:\/\/www.colindres.es\/","name":"Ayuntamiento de Colindres","description":"Dise\u00f1ado por NTIC&#039;s","publisher":{"@id":"https:\/\/www.colindres.es\/#organization"},"potentialAction":[{"@type":"SearchAction","target":{"@type":"EntryPoint","urlTemplate":"https:\/\/www.colindres.es\/?s={search_term_string}"},"query-input":{"@type":"PropertyValueSpecification","valueRequired":true,"valueName":"search_term_string"}}],"inLanguage":"es"},{"@type":"Organization","@id":"https:\/\/www.colindres.es\/#organization","name":"AYUNTAMIENTO DE COLINDRES","url":"https:\/\/www.colindres.es\/","logo":{"@type":"ImageObject","inLanguage":"es","@id":"https:\/\/www.colindres.es\/#\/schema\/logo\/image\/","url":"https:\/\/www.colindres.es\/wp-content\/uploads\/2017\/01\/LOGO-PRINCIPAL.jpg","contentUrl":"https:\/\/www.colindres.es\/wp-content\/uploads\/2017\/01\/LOGO-PRINCIPAL.jpg","width":1209,"height":579,"caption":"AYUNTAMIENTO DE COLINDRES"},"image":{"@id":"https:\/\/www.colindres.es\/#\/schema\/logo\/image\/"}}]}},"_links":{"self":[{"href":"https:\/\/www.colindres.es\/index.php\/wp-json\/wp\/v2\/project\/1301","targetHints":{"allow":["GET"]}}],"collection":[{"href":"https:\/\/www.colindres.es\/index.php\/wp-json\/wp\/v2\/project"}],"about":[{"href":"https:\/\/www.colindres.es\/index.php\/wp-json\/wp\/v2\/types\/project"}],"author":[{"embeddable":true,"href":"https:\/\/www.colindres.es\/index.php\/wp-json\/wp\/v2\/users\/1"}],"replies":[{"embeddable":true,"href":"https:\/\/www.colindres.es\/index.php\/wp-json\/wp\/v2\/comments?post=1301"}],"version-history":[{"count":1,"href":"https:\/\/www.colindres.es\/index.php\/wp-json\/wp\/v2\/project\/1301\/revisions"}],"predecessor-version":[{"id":1304,"href":"https:\/\/www.colindres.es\/index.php\/wp-json\/wp\/v2\/project\/1301\/revisions\/1304"}],"wp:featuredmedia":[{"embeddable":true,"href":"https:\/\/www.colindres.es\/index.php\/wp-json\/wp\/v2\/media\/1302"}],"wp:attachment":[{"href":"https:\/\/www.colindres.es\/index.php\/wp-json\/wp\/v2\/media?parent=1301"}],"wp:term":[{"taxonomy":"project_category","embeddable":true,"href":"https:\/\/www.colindres.es\/index.php\/wp-json\/wp\/v2\/project_category?post=1301"},{"taxonomy":"project_tag","embeddable":true,"href":"https:\/\/www.colindres.es\/index.php\/wp-json\/wp\/v2\/project_tag?post=1301"}],"curies":[{"name":"wp","href":"https:\/\/api.w.org\/{rel}","templated":true}]}}