{"id":1294,"date":"2018-02-17T08:58:08","date_gmt":"2018-02-17T08:58:08","guid":{"rendered":"http:\/\/colindres.es\/?post_type=project&#038;p=1294"},"modified":"2018-02-17T13:09:03","modified_gmt":"2018-02-17T13:09:03","slug":"colindres-rinde-homenaje-a-maria-dolores-ibanez-por-sus-casi-40-anos-de-trabajo-en-el-centro-de-atencion-a-la-primera-infancia","status":"publish","type":"project","link":"https:\/\/www.colindres.es\/index.php\/project\/colindres-rinde-homenaje-a-maria-dolores-ibanez-por-sus-casi-40-anos-de-trabajo-en-el-centro-de-atencion-a-la-primera-infancia\/","title":{"rendered":"Colindres rinde homenaje a Manoli Ib\u00e1\u00f1ez por sus casi 40 a\u00f1os de trabajo en el Centro de Atenci\u00f3n a la Primera Infancia"},"content":{"rendered":"<p>Colindres, 16 de febrero.- Familiares, compa\u00f1eros de trabajo y miembros de la Corporaci\u00f3n municipal de Colindres han rendido un homenaje a la directora del Centro de Atenci\u00f3n a la Primera Infancia (CAPI), Manoli Ib\u00e1\u00f1ez, quien se jubilar\u00e1 a finales de este mes tras casi 40 a\u00f1os de servicio.<\/p>\n<p>Con todos ellos se ha celebrado un \u00absencillo pero emotivo\u201d acto en el que el alcalde del municipio, Javier Incera, ha agradecido la labor y dedicaci\u00f3n de Mar\u00eda Dolores Ib\u00e1\u00f1ez, \u201cpor cuyas manos han pasado el desarrollo y la educaci\u00f3n de muchos ni\u00f1os y ni\u00f1as de Colindres\u201d.<\/p>\n<p>Manoli, como se la conoce en el municipio, empez\u00f3 a trabajar en el Centro de Atenci\u00f3n a la Primera Infancia de Colindres en noviembre de 1980 y se jubilar\u00e1 el pr\u00f3ximo 27 de febrero despu\u00e9s de 38 a\u00f1os velando por el cuidado y la educaci\u00f3n de cientos de ni\u00f1os y ni\u00f1as.<\/p>\n<p>\u201cPor su dedicaci\u00f3n, trabajo y compromiso con este Centro, Manoli ya forma parte de la historia de Colindres\u201d, ha afirmado el regidor, quien ha destacado que la directora del CAPI es una persona \u201cmuy querida\u201d por todos los vecinos. \u201cSu trabajo ha servido para hacer ciudadan\u00eda y para construir en parte el Colindres que hoy somos\u201d, ha incidido el alcalde.<\/p>\n<p>En el acto han estado presentes, adem\u00e1s de Incera, la concejala de Bienestar Social, Mar\u00eda Eugenia Casta\u00f1eda, otros miembros de la Corporaci\u00f3n municipal, y los exalcaldes Sabino Vadillo y Jos\u00e9 \u00c1ngel Hierrro con los que la protagonista ha compartido trabajo a lo largo de su trayectoria laboral en Colindres.<\/p>\n<p>Tambi\u00e9n han estado presentes tres exalumnos del Centro, la concejala de Deportes, Saray Villal\u00f3n, y los j\u00f3venes artistas \u00c1lvaro Cacho, cantautor, y Laura Colina, soprano, quienes quisieron compartir este momento con una emocionante actuaci\u00f3n.<\/p>\n<p>Aprovechando la ocasi\u00f3n, el alcalde ha querido reconocer igualmente el \u201cexcelente\u201d trabajo que est\u00e1n realizando los trabajadores del Centro de Atenci\u00f3n a la Primera Infancia de Colindres, as\u00ed como a todos los equipos anteriores, a los extrabajadores, por formar en valores a los m\u00e1s peque\u00f1os del municipio en una edad especialmente sensible.<\/p>\n<p>El CAPI de Colindres es uno de los centros de atenci\u00f3n a la Primera Infancia con los que cuenta la Consejer\u00eda de Pol\u00edtica Social del Gobierno de Cantabria, y en la actualidad atiende a 64 ni\u00f1os de entre 0 y 2 a\u00f1os con 10 t\u00e9cnicos de Educaci\u00f3n Infantil, cuatro empleados de limpieza, dos de cocina y uno de mantenimiento.<\/p>\n","protected":false},"excerpt":{"rendered":"<p>Colindres, 16 de febrero.- Familiares, compa\u00f1eros de trabajo y miembros de la Corporaci\u00f3n municipal de Colindres han rendido un homenaje a la directora del Centro de Atenci\u00f3n a la Primera Infancia (CAPI), Manoli Ib\u00e1\u00f1ez, quien se jubilar\u00e1 a finales de este mes tras casi 40 a\u00f1os de servicio. Con todos ellos se ha celebrado un [&hellip;]<\/p>\n","protected":false},"author":1,"featured_media":1295,"comment_status":"open","ping_status":"closed","template":"","meta":{"_et_pb_use_builder":"","_et_pb_old_content":"","_et_gb_content_width":"","footnotes":""},"project_category":[],"project_tag":[],"class_list":["post-1294","project","type-project","status-publish","has-post-thumbnail","hentry"],"yoast_head":"<!-- This site is optimized with the Yoast SEO plugin v24.9 - https:\/\/yoast.com\/wordpress\/plugins\/seo\/ -->\n<title>Colindres rinde homenaje a Manoli Ib\u00e1\u00f1ez por sus casi 40 a\u00f1os de trabajo en el Centro de Atenci\u00f3n a la Primera Infancia - Ayuntamiento de Colindres<\/title>\n<meta name=\"robots\" content=\"index, follow, max-snippet:-1, max-image-preview:large, max-video-preview:-1\" \/>\n<link rel=\"canonical\" href=\"https:\/\/www.colindres.es\/index.php\/project\/colindres-rinde-homenaje-a-maria-dolores-ibanez-por-sus-casi-40-anos-de-trabajo-en-el-centro-de-atencion-a-la-primera-infancia\/\" \/>\n<meta property=\"og:locale\" content=\"es_ES\" \/>\n<meta property=\"og:type\" content=\"article\" \/>\n<meta property=\"og:title\" content=\"Colindres rinde homenaje a Manoli Ib\u00e1\u00f1ez por sus casi 40 a\u00f1os de trabajo en el Centro de Atenci\u00f3n a la Primera Infancia - Ayuntamiento de Colindres\" \/>\n<meta property=\"og:description\" content=\"Colindres, 16 de febrero.- Familiares, compa\u00f1eros de trabajo y miembros de la Corporaci\u00f3n municipal de Colindres han rendido un homenaje a la directora del Centro de Atenci\u00f3n a la Primera Infancia (CAPI), Manoli Ib\u00e1\u00f1ez, quien se jubilar\u00e1 a finales de este mes tras casi 40 a\u00f1os de servicio. Con todos ellos se ha celebrado un [&hellip;]\" \/>\n<meta property=\"og:url\" content=\"https:\/\/www.colindres.es\/index.php\/project\/colindres-rinde-homenaje-a-maria-dolores-ibanez-por-sus-casi-40-anos-de-trabajo-en-el-centro-de-atencion-a-la-primera-infancia\/\" \/>\n<meta property=\"og:site_name\" content=\"Ayuntamiento de Colindres\" \/>\n<meta property=\"article:modified_time\" content=\"2018-02-17T13:09:03+00:00\" \/>\n<meta property=\"og:image\" content=\"https:\/\/www.colindres.es\/wp-content\/uploads\/2018\/02\/Homenaje-Manoli.jpg\" \/>\n\t<meta property=\"og:image:width\" content=\"1280\" \/>\n\t<meta property=\"og:image:height\" content=\"853\" \/>\n\t<meta property=\"og:image:type\" content=\"image\/jpeg\" \/>\n<meta name=\"twitter:card\" content=\"summary_large_image\" \/>\n<meta name=\"twitter:label1\" content=\"Tiempo de lectura\" \/>\n\t<meta name=\"twitter:data1\" content=\"2 minutos\" \/>\n<script type=\"application\/ld+json\" class=\"yoast-schema-graph\">{\"@context\":\"https:\/\/schema.org\",\"@graph\":[{\"@type\":\"WebPage\",\"@id\":\"https:\/\/www.colindres.es\/index.php\/project\/colindres-rinde-homenaje-a-maria-dolores-ibanez-por-sus-casi-40-anos-de-trabajo-en-el-centro-de-atencion-a-la-primera-infancia\/\",\"url\":\"https:\/\/www.colindres.es\/index.php\/project\/colindres-rinde-homenaje-a-maria-dolores-ibanez-por-sus-casi-40-anos-de-trabajo-en-el-centro-de-atencion-a-la-primera-infancia\/\",\"name\":\"Colindres rinde homenaje a Manoli Ib\u00e1\u00f1ez por sus casi 40 a\u00f1os de trabajo en el Centro de Atenci\u00f3n a la Primera Infancia - Ayuntamiento de Colindres\",\"isPartOf\":{\"@id\":\"https:\/\/www.colindres.es\/#website\"},\"primaryImageOfPage\":{\"@id\":\"https:\/\/www.colindres.es\/index.php\/project\/colindres-rinde-homenaje-a-maria-dolores-ibanez-por-sus-casi-40-anos-de-trabajo-en-el-centro-de-atencion-a-la-primera-infancia\/#primaryimage\"},\"image\":{\"@id\":\"https:\/\/www.colindres.es\/index.php\/project\/colindres-rinde-homenaje-a-maria-dolores-ibanez-por-sus-casi-40-anos-de-trabajo-en-el-centro-de-atencion-a-la-primera-infancia\/#primaryimage\"},\"thumbnailUrl\":\"https:\/\/www.colindres.es\/wp-content\/uploads\/2018\/02\/Homenaje-Manoli.jpg\",\"datePublished\":\"2018-02-17T08:58:08+00:00\",\"dateModified\":\"2018-02-17T13:09:03+00:00\",\"breadcrumb\":{\"@id\":\"https:\/\/www.colindres.es\/index.php\/project\/colindres-rinde-homenaje-a-maria-dolores-ibanez-por-sus-casi-40-anos-de-trabajo-en-el-centro-de-atencion-a-la-primera-infancia\/#breadcrumb\"},\"inLanguage\":\"es\",\"potentialAction\":[{\"@type\":\"ReadAction\",\"target\":[\"https:\/\/www.colindres.es\/index.php\/project\/colindres-rinde-homenaje-a-maria-dolores-ibanez-por-sus-casi-40-anos-de-trabajo-en-el-centro-de-atencion-a-la-primera-infancia\/\"]}]},{\"@type\":\"ImageObject\",\"inLanguage\":\"es\",\"@id\":\"https:\/\/www.colindres.es\/index.php\/project\/colindres-rinde-homenaje-a-maria-dolores-ibanez-por-sus-casi-40-anos-de-trabajo-en-el-centro-de-atencion-a-la-primera-infancia\/#primaryimage\",\"url\":\"https:\/\/www.colindres.es\/wp-content\/uploads\/2018\/02\/Homenaje-Manoli.jpg\",\"contentUrl\":\"https:\/\/www.colindres.es\/wp-content\/uploads\/2018\/02\/Homenaje-Manoli.jpg\",\"width\":1280,\"height\":853},{\"@type\":\"BreadcrumbList\",\"@id\":\"https:\/\/www.colindres.es\/index.php\/project\/colindres-rinde-homenaje-a-maria-dolores-ibanez-por-sus-casi-40-anos-de-trabajo-en-el-centro-de-atencion-a-la-primera-infancia\/#breadcrumb\",\"itemListElement\":[{\"@type\":\"ListItem\",\"position\":1,\"name\":\"Portada\",\"item\":\"https:\/\/www.colindres.es\/\"},{\"@type\":\"ListItem\",\"position\":2,\"name\":\"Proyectos\",\"item\":\"https:\/\/www.colindres.es\/index.php\/project\/\"},{\"@type\":\"ListItem\",\"position\":3,\"name\":\"Colindres rinde homenaje a Manoli Ib\u00e1\u00f1ez por sus casi 40 a\u00f1os de trabajo en el Centro de Atenci\u00f3n a la Primera Infancia\"}]},{\"@type\":\"WebSite\",\"@id\":\"https:\/\/www.colindres.es\/#website\",\"url\":\"https:\/\/www.colindres.es\/\",\"name\":\"Ayuntamiento de Colindres\",\"description\":\"Dise\u00f1ado por NTIC&#039;s\",\"publisher\":{\"@id\":\"https:\/\/www.colindres.es\/#organization\"},\"potentialAction\":[{\"@type\":\"SearchAction\",\"target\":{\"@type\":\"EntryPoint\",\"urlTemplate\":\"https:\/\/www.colindres.es\/?s={search_term_string}\"},\"query-input\":{\"@type\":\"PropertyValueSpecification\",\"valueRequired\":true,\"valueName\":\"search_term_string\"}}],\"inLanguage\":\"es\"},{\"@type\":\"Organization\",\"@id\":\"https:\/\/www.colindres.es\/#organization\",\"name\":\"AYUNTAMIENTO DE COLINDRES\",\"url\":\"https:\/\/www.colindres.es\/\",\"logo\":{\"@type\":\"ImageObject\",\"inLanguage\":\"es\",\"@id\":\"https:\/\/www.colindres.es\/#\/schema\/logo\/image\/\",\"url\":\"https:\/\/www.colindres.es\/wp-content\/uploads\/2017\/01\/LOGO-PRINCIPAL.jpg\",\"contentUrl\":\"https:\/\/www.colindres.es\/wp-content\/uploads\/2017\/01\/LOGO-PRINCIPAL.jpg\",\"width\":1209,\"height\":579,\"caption\":\"AYUNTAMIENTO DE COLINDRES\"},\"image\":{\"@id\":\"https:\/\/www.colindres.es\/#\/schema\/logo\/image\/\"}}]}<\/script>\n<!-- \/ Yoast SEO plugin. -->","yoast_head_json":{"title":"Colindres rinde homenaje a Manoli Ib\u00e1\u00f1ez por sus casi 40 a\u00f1os de trabajo en el Centro de Atenci\u00f3n a la Primera Infancia - Ayuntamiento de Colindres","robots":{"index":"index","follow":"follow","max-snippet":"max-snippet:-1","max-image-preview":"max-image-preview:large","max-video-preview":"max-video-preview:-1"},"canonical":"https:\/\/www.colindres.es\/index.php\/project\/colindres-rinde-homenaje-a-maria-dolores-ibanez-por-sus-casi-40-anos-de-trabajo-en-el-centro-de-atencion-a-la-primera-infancia\/","og_locale":"es_ES","og_type":"article","og_title":"Colindres rinde homenaje a Manoli Ib\u00e1\u00f1ez por sus casi 40 a\u00f1os de trabajo en el Centro de Atenci\u00f3n a la Primera Infancia - Ayuntamiento de Colindres","og_description":"Colindres, 16 de febrero.- Familiares, compa\u00f1eros de trabajo y miembros de la Corporaci\u00f3n municipal de Colindres han rendido un homenaje a la directora del Centro de Atenci\u00f3n a la Primera Infancia (CAPI), Manoli Ib\u00e1\u00f1ez, quien se jubilar\u00e1 a finales de este mes tras casi 40 a\u00f1os de servicio. Con todos ellos se ha celebrado un [&hellip;]","og_url":"https:\/\/www.colindres.es\/index.php\/project\/colindres-rinde-homenaje-a-maria-dolores-ibanez-por-sus-casi-40-anos-de-trabajo-en-el-centro-de-atencion-a-la-primera-infancia\/","og_site_name":"Ayuntamiento de Colindres","article_modified_time":"2018-02-17T13:09:03+00:00","og_image":[{"width":1280,"height":853,"url":"https:\/\/www.colindres.es\/wp-content\/uploads\/2018\/02\/Homenaje-Manoli.jpg","type":"image\/jpeg"}],"twitter_card":"summary_large_image","twitter_misc":{"Tiempo de lectura":"2 minutos"},"schema":{"@context":"https:\/\/schema.org","@graph":[{"@type":"WebPage","@id":"https:\/\/www.colindres.es\/index.php\/project\/colindres-rinde-homenaje-a-maria-dolores-ibanez-por-sus-casi-40-anos-de-trabajo-en-el-centro-de-atencion-a-la-primera-infancia\/","url":"https:\/\/www.colindres.es\/index.php\/project\/colindres-rinde-homenaje-a-maria-dolores-ibanez-por-sus-casi-40-anos-de-trabajo-en-el-centro-de-atencion-a-la-primera-infancia\/","name":"Colindres rinde homenaje a Manoli Ib\u00e1\u00f1ez por sus casi 40 a\u00f1os de trabajo en el Centro de Atenci\u00f3n a la Primera Infancia - Ayuntamiento de Colindres","isPartOf":{"@id":"https:\/\/www.colindres.es\/#website"},"primaryImageOfPage":{"@id":"https:\/\/www.colindres.es\/index.php\/project\/colindres-rinde-homenaje-a-maria-dolores-ibanez-por-sus-casi-40-anos-de-trabajo-en-el-centro-de-atencion-a-la-primera-infancia\/#primaryimage"},"image":{"@id":"https:\/\/www.colindres.es\/index.php\/project\/colindres-rinde-homenaje-a-maria-dolores-ibanez-por-sus-casi-40-anos-de-trabajo-en-el-centro-de-atencion-a-la-primera-infancia\/#primaryimage"},"thumbnailUrl":"https:\/\/www.colindres.es\/wp-content\/uploads\/2018\/02\/Homenaje-Manoli.jpg","datePublished":"2018-02-17T08:58:08+00:00","dateModified":"2018-02-17T13:09:03+00:00","breadcrumb":{"@id":"https:\/\/www.colindres.es\/index.php\/project\/colindres-rinde-homenaje-a-maria-dolores-ibanez-por-sus-casi-40-anos-de-trabajo-en-el-centro-de-atencion-a-la-primera-infancia\/#breadcrumb"},"inLanguage":"es","potentialAction":[{"@type":"ReadAction","target":["https:\/\/www.colindres.es\/index.php\/project\/colindres-rinde-homenaje-a-maria-dolores-ibanez-por-sus-casi-40-anos-de-trabajo-en-el-centro-de-atencion-a-la-primera-infancia\/"]}]},{"@type":"ImageObject","inLanguage":"es","@id":"https:\/\/www.colindres.es\/index.php\/project\/colindres-rinde-homenaje-a-maria-dolores-ibanez-por-sus-casi-40-anos-de-trabajo-en-el-centro-de-atencion-a-la-primera-infancia\/#primaryimage","url":"https:\/\/www.colindres.es\/wp-content\/uploads\/2018\/02\/Homenaje-Manoli.jpg","contentUrl":"https:\/\/www.colindres.es\/wp-content\/uploads\/2018\/02\/Homenaje-Manoli.jpg","width":1280,"height":853},{"@type":"BreadcrumbList","@id":"https:\/\/www.colindres.es\/index.php\/project\/colindres-rinde-homenaje-a-maria-dolores-ibanez-por-sus-casi-40-anos-de-trabajo-en-el-centro-de-atencion-a-la-primera-infancia\/#breadcrumb","itemListElement":[{"@type":"ListItem","position":1,"name":"Portada","item":"https:\/\/www.colindres.es\/"},{"@type":"ListItem","position":2,"name":"Proyectos","item":"https:\/\/www.colindres.es\/index.php\/project\/"},{"@type":"ListItem","position":3,"name":"Colindres rinde homenaje a Manoli Ib\u00e1\u00f1ez por sus casi 40 a\u00f1os de trabajo en el Centro de Atenci\u00f3n a la Primera Infancia"}]},{"@type":"WebSite","@id":"https:\/\/www.colindres.es\/#website","url":"https:\/\/www.colindres.es\/","name":"Ayuntamiento de Colindres","description":"Dise\u00f1ado por NTIC&#039;s","publisher":{"@id":"https:\/\/www.colindres.es\/#organization"},"potentialAction":[{"@type":"SearchAction","target":{"@type":"EntryPoint","urlTemplate":"https:\/\/www.colindres.es\/?s={search_term_string}"},"query-input":{"@type":"PropertyValueSpecification","valueRequired":true,"valueName":"search_term_string"}}],"inLanguage":"es"},{"@type":"Organization","@id":"https:\/\/www.colindres.es\/#organization","name":"AYUNTAMIENTO DE COLINDRES","url":"https:\/\/www.colindres.es\/","logo":{"@type":"ImageObject","inLanguage":"es","@id":"https:\/\/www.colindres.es\/#\/schema\/logo\/image\/","url":"https:\/\/www.colindres.es\/wp-content\/uploads\/2017\/01\/LOGO-PRINCIPAL.jpg","contentUrl":"https:\/\/www.colindres.es\/wp-content\/uploads\/2017\/01\/LOGO-PRINCIPAL.jpg","width":1209,"height":579,"caption":"AYUNTAMIENTO DE COLINDRES"},"image":{"@id":"https:\/\/www.colindres.es\/#\/schema\/logo\/image\/"}}]}},"_links":{"self":[{"href":"https:\/\/www.colindres.es\/index.php\/wp-json\/wp\/v2\/project\/1294","targetHints":{"allow":["GET"]}}],"collection":[{"href":"https:\/\/www.colindres.es\/index.php\/wp-json\/wp\/v2\/project"}],"about":[{"href":"https:\/\/www.colindres.es\/index.php\/wp-json\/wp\/v2\/types\/project"}],"author":[{"embeddable":true,"href":"https:\/\/www.colindres.es\/index.php\/wp-json\/wp\/v2\/users\/1"}],"replies":[{"embeddable":true,"href":"https:\/\/www.colindres.es\/index.php\/wp-json\/wp\/v2\/comments?post=1294"}],"version-history":[{"count":2,"href":"https:\/\/www.colindres.es\/index.php\/wp-json\/wp\/v2\/project\/1294\/revisions"}],"predecessor-version":[{"id":1297,"href":"https:\/\/www.colindres.es\/index.php\/wp-json\/wp\/v2\/project\/1294\/revisions\/1297"}],"wp:featuredmedia":[{"embeddable":true,"href":"https:\/\/www.colindres.es\/index.php\/wp-json\/wp\/v2\/media\/1295"}],"wp:attachment":[{"href":"https:\/\/www.colindres.es\/index.php\/wp-json\/wp\/v2\/media?parent=1294"}],"wp:term":[{"taxonomy":"project_category","embeddable":true,"href":"https:\/\/www.colindres.es\/index.php\/wp-json\/wp\/v2\/project_category?post=1294"},{"taxonomy":"project_tag","embeddable":true,"href":"https:\/\/www.colindres.es\/index.php\/wp-json\/wp\/v2\/project_tag?post=1294"}],"curies":[{"name":"wp","href":"https:\/\/api.w.org\/{rel}","templated":true}]}}