{"id":1265,"date":"2018-01-27T09:18:20","date_gmt":"2018-01-27T09:18:20","guid":{"rendered":"http:\/\/colindres.es\/?post_type=project&#038;p=1265"},"modified":"2018-01-27T09:18:20","modified_gmt":"2018-01-27T09:18:20","slug":"el-ayuntamiento-de-colindres-pone-en-marcha-la-iii-lanzadera-de-empleo-y-emprendimiento-solidario","status":"publish","type":"project","link":"https:\/\/www.colindres.es\/index.php\/project\/el-ayuntamiento-de-colindres-pone-en-marcha-la-iii-lanzadera-de-empleo-y-emprendimiento-solidario\/","title":{"rendered":"El Ayuntamiento de Colindres pone en marcha la III Lanzadera de Empleo y Emprendimiento Solidario"},"content":{"rendered":"<p><strong>Abierto el plazo de inscripci\u00f3n para 20 plazas hasta el pr\u00f3ximo d\u00eda 31 de enero en la Agencia de Desarrollo Local del municipio<\/strong><\/p>\n<p><em>Colindres, 26 de enero.-<\/em> El Ayuntamiento de Colindres, a trav\u00e9s de la Agencia de Desarrollo Local, ha puesto en marcha la tercera Lanzadera de Empleo y Emprendimiento Solidario, que comenzar\u00e1 su actividad el pr\u00f3ximo 12 de febrero.<\/p>\n<p>Este programa es una herramienta de pol\u00edtica activa y social de empleo financiada por el Servicio C\u00e1ntabro de Empleo, en la que durante 6 meses las personas participantes, con la direcci\u00f3n de un coordinador, adquirir\u00e1n, mejorar\u00e1n y reforzar\u00e1n sus habilidades, capacidades y actitudes para la b\u00fasqueda activa de empleo.<\/p>\n<p>Las personas interesadas en participar pueden acudir a la jornada informativa que se celebrar\u00e1 el pr\u00f3ximo lunes d\u00eda 29 de enero, a las 11.00 horas, en el Sal\u00f3n de Plenos del Ayuntamiento de Colindres. El plazo m\u00e1ximo para apuntarse en la Agencia de Desarrollo Local del municipio es el d\u00eda 31 de enero en horario de 9.00 a 14.00 horas, realiz\u00e1ndose la selecci\u00f3n de las 20 personas participantes los d\u00edas 5 y 6 de febrero.<\/p>\n<p>El objetivo de la Lanzadera de Empleo es aumentar las posibilidades de empleabilidad en empresas o por cuenta propia con proyectos de emprendimiento. Los pilares b\u00e1sicos son la voluntariedad, la cooperaci\u00f3n, la solidaridad, el trabajo en equipo y el compromiso de las personas participantes mediante sesiones grupales tres d\u00edas a la semana y las sesiones individuales que cada persona necesite con la coordinadora.<\/p>\n<p>As\u00ed, en la Lanzadera se perfilan y descubren cualidades y competencias que ayudan a alcanzar los objetivos personales de cada persona participante mediante talleres, charlas y eventos. Se trabaja en inteligencia emocional, autoconocimiento, resoluci\u00f3n de conflictos, organizaci\u00f3n y gesti\u00f3n del tiempo, iniciativa personal y emprendimiento, trabajo en equipo y planificaci\u00f3n, comunicaci\u00f3n, marca personal, entrevistas de trabajo, finalizando el proceso con visitas a empresas del entorno seg\u00fan los perfiles profesionales.<\/p>\n","protected":false},"excerpt":{"rendered":"<p>Abierto el plazo de inscripci\u00f3n para 20 plazas hasta el pr\u00f3ximo d\u00eda 31 de enero en la Agencia de Desarrollo Local del municipio Colindres, 26 de enero.- El Ayuntamiento de Colindres, a trav\u00e9s de la Agencia de Desarrollo Local, ha puesto en marcha la tercera Lanzadera de Empleo y Emprendimiento Solidario, que comenzar\u00e1 su actividad [&hellip;]<\/p>\n","protected":false},"author":1,"featured_media":1266,"comment_status":"open","ping_status":"closed","template":"","meta":{"_et_pb_use_builder":"","_et_pb_old_content":"","_et_gb_content_width":"","footnotes":""},"project_category":[],"project_tag":[],"class_list":["post-1265","project","type-project","status-publish","has-post-thumbnail","hentry"],"yoast_head":"<!-- This site is optimized with the Yoast SEO plugin v24.9 - https:\/\/yoast.com\/wordpress\/plugins\/seo\/ -->\n<title>El Ayuntamiento de Colindres pone en marcha la III Lanzadera de Empleo y Emprendimiento Solidario - Ayuntamiento de Colindres<\/title>\n<meta name=\"robots\" content=\"index, follow, max-snippet:-1, max-image-preview:large, max-video-preview:-1\" \/>\n<link rel=\"canonical\" href=\"https:\/\/www.colindres.es\/index.php\/project\/el-ayuntamiento-de-colindres-pone-en-marcha-la-iii-lanzadera-de-empleo-y-emprendimiento-solidario\/\" \/>\n<meta property=\"og:locale\" content=\"es_ES\" \/>\n<meta property=\"og:type\" content=\"article\" \/>\n<meta property=\"og:title\" content=\"El Ayuntamiento de Colindres pone en marcha la III Lanzadera de Empleo y Emprendimiento Solidario - Ayuntamiento de Colindres\" \/>\n<meta property=\"og:description\" content=\"Abierto el plazo de inscripci\u00f3n para 20 plazas hasta el pr\u00f3ximo d\u00eda 31 de enero en la Agencia de Desarrollo Local del municipio Colindres, 26 de enero.- El Ayuntamiento de Colindres, a trav\u00e9s de la Agencia de Desarrollo Local, ha puesto en marcha la tercera Lanzadera de Empleo y Emprendimiento Solidario, que comenzar\u00e1 su actividad [&hellip;]\" \/>\n<meta property=\"og:url\" content=\"https:\/\/www.colindres.es\/index.php\/project\/el-ayuntamiento-de-colindres-pone-en-marcha-la-iii-lanzadera-de-empleo-y-emprendimiento-solidario\/\" \/>\n<meta property=\"og:site_name\" content=\"Ayuntamiento de Colindres\" \/>\n<meta property=\"og:image\" content=\"https:\/\/www.colindres.es\/wp-content\/uploads\/2018\/01\/Lanzadera-de-Empleo.jpg\" \/>\n\t<meta property=\"og:image:width\" content=\"1302\" \/>\n\t<meta property=\"og:image:height\" content=\"734\" \/>\n\t<meta property=\"og:image:type\" content=\"image\/jpeg\" \/>\n<meta name=\"twitter:card\" content=\"summary_large_image\" \/>\n<meta name=\"twitter:label1\" content=\"Tiempo de lectura\" \/>\n\t<meta name=\"twitter:data1\" content=\"2 minutos\" \/>\n<script type=\"application\/ld+json\" class=\"yoast-schema-graph\">{\"@context\":\"https:\/\/schema.org\",\"@graph\":[{\"@type\":\"WebPage\",\"@id\":\"https:\/\/www.colindres.es\/index.php\/project\/el-ayuntamiento-de-colindres-pone-en-marcha-la-iii-lanzadera-de-empleo-y-emprendimiento-solidario\/\",\"url\":\"https:\/\/www.colindres.es\/index.php\/project\/el-ayuntamiento-de-colindres-pone-en-marcha-la-iii-lanzadera-de-empleo-y-emprendimiento-solidario\/\",\"name\":\"El Ayuntamiento de Colindres pone en marcha la III Lanzadera de Empleo y Emprendimiento Solidario - Ayuntamiento de Colindres\",\"isPartOf\":{\"@id\":\"https:\/\/www.colindres.es\/#website\"},\"primaryImageOfPage\":{\"@id\":\"https:\/\/www.colindres.es\/index.php\/project\/el-ayuntamiento-de-colindres-pone-en-marcha-la-iii-lanzadera-de-empleo-y-emprendimiento-solidario\/#primaryimage\"},\"image\":{\"@id\":\"https:\/\/www.colindres.es\/index.php\/project\/el-ayuntamiento-de-colindres-pone-en-marcha-la-iii-lanzadera-de-empleo-y-emprendimiento-solidario\/#primaryimage\"},\"thumbnailUrl\":\"https:\/\/www.colindres.es\/wp-content\/uploads\/2018\/01\/Lanzadera-de-Empleo.jpg\",\"datePublished\":\"2018-01-27T09:18:20+00:00\",\"breadcrumb\":{\"@id\":\"https:\/\/www.colindres.es\/index.php\/project\/el-ayuntamiento-de-colindres-pone-en-marcha-la-iii-lanzadera-de-empleo-y-emprendimiento-solidario\/#breadcrumb\"},\"inLanguage\":\"es\",\"potentialAction\":[{\"@type\":\"ReadAction\",\"target\":[\"https:\/\/www.colindres.es\/index.php\/project\/el-ayuntamiento-de-colindres-pone-en-marcha-la-iii-lanzadera-de-empleo-y-emprendimiento-solidario\/\"]}]},{\"@type\":\"ImageObject\",\"inLanguage\":\"es\",\"@id\":\"https:\/\/www.colindres.es\/index.php\/project\/el-ayuntamiento-de-colindres-pone-en-marcha-la-iii-lanzadera-de-empleo-y-emprendimiento-solidario\/#primaryimage\",\"url\":\"https:\/\/www.colindres.es\/wp-content\/uploads\/2018\/01\/Lanzadera-de-Empleo.jpg\",\"contentUrl\":\"https:\/\/www.colindres.es\/wp-content\/uploads\/2018\/01\/Lanzadera-de-Empleo.jpg\",\"width\":1302,\"height\":734},{\"@type\":\"BreadcrumbList\",\"@id\":\"https:\/\/www.colindres.es\/index.php\/project\/el-ayuntamiento-de-colindres-pone-en-marcha-la-iii-lanzadera-de-empleo-y-emprendimiento-solidario\/#breadcrumb\",\"itemListElement\":[{\"@type\":\"ListItem\",\"position\":1,\"name\":\"Portada\",\"item\":\"https:\/\/www.colindres.es\/\"},{\"@type\":\"ListItem\",\"position\":2,\"name\":\"Proyectos\",\"item\":\"https:\/\/www.colindres.es\/index.php\/project\/\"},{\"@type\":\"ListItem\",\"position\":3,\"name\":\"El Ayuntamiento de Colindres pone en marcha la III Lanzadera de Empleo y Emprendimiento Solidario\"}]},{\"@type\":\"WebSite\",\"@id\":\"https:\/\/www.colindres.es\/#website\",\"url\":\"https:\/\/www.colindres.es\/\",\"name\":\"Ayuntamiento de Colindres\",\"description\":\"Dise\u00f1ado por NTIC&#039;s\",\"publisher\":{\"@id\":\"https:\/\/www.colindres.es\/#organization\"},\"potentialAction\":[{\"@type\":\"SearchAction\",\"target\":{\"@type\":\"EntryPoint\",\"urlTemplate\":\"https:\/\/www.colindres.es\/?s={search_term_string}\"},\"query-input\":{\"@type\":\"PropertyValueSpecification\",\"valueRequired\":true,\"valueName\":\"search_term_string\"}}],\"inLanguage\":\"es\"},{\"@type\":\"Organization\",\"@id\":\"https:\/\/www.colindres.es\/#organization\",\"name\":\"AYUNTAMIENTO DE COLINDRES\",\"url\":\"https:\/\/www.colindres.es\/\",\"logo\":{\"@type\":\"ImageObject\",\"inLanguage\":\"es\",\"@id\":\"https:\/\/www.colindres.es\/#\/schema\/logo\/image\/\",\"url\":\"https:\/\/www.colindres.es\/wp-content\/uploads\/2017\/01\/LOGO-PRINCIPAL.jpg\",\"contentUrl\":\"https:\/\/www.colindres.es\/wp-content\/uploads\/2017\/01\/LOGO-PRINCIPAL.jpg\",\"width\":1209,\"height\":579,\"caption\":\"AYUNTAMIENTO DE COLINDRES\"},\"image\":{\"@id\":\"https:\/\/www.colindres.es\/#\/schema\/logo\/image\/\"}}]}<\/script>\n<!-- \/ Yoast SEO plugin. -->","yoast_head_json":{"title":"El Ayuntamiento de Colindres pone en marcha la III Lanzadera de Empleo y Emprendimiento Solidario - Ayuntamiento de Colindres","robots":{"index":"index","follow":"follow","max-snippet":"max-snippet:-1","max-image-preview":"max-image-preview:large","max-video-preview":"max-video-preview:-1"},"canonical":"https:\/\/www.colindres.es\/index.php\/project\/el-ayuntamiento-de-colindres-pone-en-marcha-la-iii-lanzadera-de-empleo-y-emprendimiento-solidario\/","og_locale":"es_ES","og_type":"article","og_title":"El Ayuntamiento de Colindres pone en marcha la III Lanzadera de Empleo y Emprendimiento Solidario - Ayuntamiento de Colindres","og_description":"Abierto el plazo de inscripci\u00f3n para 20 plazas hasta el pr\u00f3ximo d\u00eda 31 de enero en la Agencia de Desarrollo Local del municipio Colindres, 26 de enero.- El Ayuntamiento de Colindres, a trav\u00e9s de la Agencia de Desarrollo Local, ha puesto en marcha la tercera Lanzadera de Empleo y Emprendimiento Solidario, que comenzar\u00e1 su actividad [&hellip;]","og_url":"https:\/\/www.colindres.es\/index.php\/project\/el-ayuntamiento-de-colindres-pone-en-marcha-la-iii-lanzadera-de-empleo-y-emprendimiento-solidario\/","og_site_name":"Ayuntamiento de Colindres","og_image":[{"width":1302,"height":734,"url":"https:\/\/www.colindres.es\/wp-content\/uploads\/2018\/01\/Lanzadera-de-Empleo.jpg","type":"image\/jpeg"}],"twitter_card":"summary_large_image","twitter_misc":{"Tiempo de lectura":"2 minutos"},"schema":{"@context":"https:\/\/schema.org","@graph":[{"@type":"WebPage","@id":"https:\/\/www.colindres.es\/index.php\/project\/el-ayuntamiento-de-colindres-pone-en-marcha-la-iii-lanzadera-de-empleo-y-emprendimiento-solidario\/","url":"https:\/\/www.colindres.es\/index.php\/project\/el-ayuntamiento-de-colindres-pone-en-marcha-la-iii-lanzadera-de-empleo-y-emprendimiento-solidario\/","name":"El Ayuntamiento de Colindres pone en marcha la III Lanzadera de Empleo y Emprendimiento Solidario - Ayuntamiento de Colindres","isPartOf":{"@id":"https:\/\/www.colindres.es\/#website"},"primaryImageOfPage":{"@id":"https:\/\/www.colindres.es\/index.php\/project\/el-ayuntamiento-de-colindres-pone-en-marcha-la-iii-lanzadera-de-empleo-y-emprendimiento-solidario\/#primaryimage"},"image":{"@id":"https:\/\/www.colindres.es\/index.php\/project\/el-ayuntamiento-de-colindres-pone-en-marcha-la-iii-lanzadera-de-empleo-y-emprendimiento-solidario\/#primaryimage"},"thumbnailUrl":"https:\/\/www.colindres.es\/wp-content\/uploads\/2018\/01\/Lanzadera-de-Empleo.jpg","datePublished":"2018-01-27T09:18:20+00:00","breadcrumb":{"@id":"https:\/\/www.colindres.es\/index.php\/project\/el-ayuntamiento-de-colindres-pone-en-marcha-la-iii-lanzadera-de-empleo-y-emprendimiento-solidario\/#breadcrumb"},"inLanguage":"es","potentialAction":[{"@type":"ReadAction","target":["https:\/\/www.colindres.es\/index.php\/project\/el-ayuntamiento-de-colindres-pone-en-marcha-la-iii-lanzadera-de-empleo-y-emprendimiento-solidario\/"]}]},{"@type":"ImageObject","inLanguage":"es","@id":"https:\/\/www.colindres.es\/index.php\/project\/el-ayuntamiento-de-colindres-pone-en-marcha-la-iii-lanzadera-de-empleo-y-emprendimiento-solidario\/#primaryimage","url":"https:\/\/www.colindres.es\/wp-content\/uploads\/2018\/01\/Lanzadera-de-Empleo.jpg","contentUrl":"https:\/\/www.colindres.es\/wp-content\/uploads\/2018\/01\/Lanzadera-de-Empleo.jpg","width":1302,"height":734},{"@type":"BreadcrumbList","@id":"https:\/\/www.colindres.es\/index.php\/project\/el-ayuntamiento-de-colindres-pone-en-marcha-la-iii-lanzadera-de-empleo-y-emprendimiento-solidario\/#breadcrumb","itemListElement":[{"@type":"ListItem","position":1,"name":"Portada","item":"https:\/\/www.colindres.es\/"},{"@type":"ListItem","position":2,"name":"Proyectos","item":"https:\/\/www.colindres.es\/index.php\/project\/"},{"@type":"ListItem","position":3,"name":"El Ayuntamiento de Colindres pone en marcha la III Lanzadera de Empleo y Emprendimiento Solidario"}]},{"@type":"WebSite","@id":"https:\/\/www.colindres.es\/#website","url":"https:\/\/www.colindres.es\/","name":"Ayuntamiento de Colindres","description":"Dise\u00f1ado por NTIC&#039;s","publisher":{"@id":"https:\/\/www.colindres.es\/#organization"},"potentialAction":[{"@type":"SearchAction","target":{"@type":"EntryPoint","urlTemplate":"https:\/\/www.colindres.es\/?s={search_term_string}"},"query-input":{"@type":"PropertyValueSpecification","valueRequired":true,"valueName":"search_term_string"}}],"inLanguage":"es"},{"@type":"Organization","@id":"https:\/\/www.colindres.es\/#organization","name":"AYUNTAMIENTO DE COLINDRES","url":"https:\/\/www.colindres.es\/","logo":{"@type":"ImageObject","inLanguage":"es","@id":"https:\/\/www.colindres.es\/#\/schema\/logo\/image\/","url":"https:\/\/www.colindres.es\/wp-content\/uploads\/2017\/01\/LOGO-PRINCIPAL.jpg","contentUrl":"https:\/\/www.colindres.es\/wp-content\/uploads\/2017\/01\/LOGO-PRINCIPAL.jpg","width":1209,"height":579,"caption":"AYUNTAMIENTO DE COLINDRES"},"image":{"@id":"https:\/\/www.colindres.es\/#\/schema\/logo\/image\/"}}]}},"_links":{"self":[{"href":"https:\/\/www.colindres.es\/index.php\/wp-json\/wp\/v2\/project\/1265","targetHints":{"allow":["GET"]}}],"collection":[{"href":"https:\/\/www.colindres.es\/index.php\/wp-json\/wp\/v2\/project"}],"about":[{"href":"https:\/\/www.colindres.es\/index.php\/wp-json\/wp\/v2\/types\/project"}],"author":[{"embeddable":true,"href":"https:\/\/www.colindres.es\/index.php\/wp-json\/wp\/v2\/users\/1"}],"replies":[{"embeddable":true,"href":"https:\/\/www.colindres.es\/index.php\/wp-json\/wp\/v2\/comments?post=1265"}],"version-history":[{"count":1,"href":"https:\/\/www.colindres.es\/index.php\/wp-json\/wp\/v2\/project\/1265\/revisions"}],"predecessor-version":[{"id":1267,"href":"https:\/\/www.colindres.es\/index.php\/wp-json\/wp\/v2\/project\/1265\/revisions\/1267"}],"wp:featuredmedia":[{"embeddable":true,"href":"https:\/\/www.colindres.es\/index.php\/wp-json\/wp\/v2\/media\/1266"}],"wp:attachment":[{"href":"https:\/\/www.colindres.es\/index.php\/wp-json\/wp\/v2\/media?parent=1265"}],"wp:term":[{"taxonomy":"project_category","embeddable":true,"href":"https:\/\/www.colindres.es\/index.php\/wp-json\/wp\/v2\/project_category?post=1265"},{"taxonomy":"project_tag","embeddable":true,"href":"https:\/\/www.colindres.es\/index.php\/wp-json\/wp\/v2\/project_tag?post=1265"}],"curies":[{"name":"wp","href":"https:\/\/api.w.org\/{rel}","templated":true}]}}