{"id":1259,"date":"2018-01-25T17:51:56","date_gmt":"2018-01-25T17:51:56","guid":{"rendered":"http:\/\/colindres.es\/?post_type=project&#038;p=1259"},"modified":"2018-01-25T17:51:56","modified_gmt":"2018-01-25T17:51:56","slug":"el-ayuntamiento-de-colindres-garantiza-la-continuidad-del-programa-social-respiro-familiar","status":"publish","type":"project","link":"https:\/\/www.colindres.es\/index.php\/project\/el-ayuntamiento-de-colindres-garantiza-la-continuidad-del-programa-social-respiro-familiar\/","title":{"rendered":"El Ayuntamiento de Colindres garantiza la continuidad del programa social \u2018Respiro familiar\u2019"},"content":{"rendered":"<p>Los usuarios organizan en el Sal\u00f3n de Plenos un acto sorpresa de agradecimiento por el servicio, que permite a los cuidadores de personas dependientes tomar \u201cun respiro\u201d<\/p>\n<p>Colindres, 25 de enero.- El alcalde de Colindres, Javier Incera, ha garantizado la continuidad del programa social \u2018Respiro familiar\u2019 a trav\u00e9s de una nueva convocatoria que se llevar\u00e1 a cabo durante el primer semestre del a\u00f1o, seg\u00fan ha anunciado este jueves en una nota de prensa.<\/p>\n<p>Este programa puesto en marcha por la Mancomunidad de Servicios Sociales del As\u00f3n, en coordinaci\u00f3n con la Concejal\u00eda de Servicios Sociales del Ayuntamiento de Colindres, ofrece la posibilidad de tomar \u201cun respiro\u201d durante una hora al d\u00eda a los cuidadores de personas dependientes, que en muchos casos suelen dejar a un lado sus propios cuidados, lo que repercute en su bienestar f\u00edsico y psicol\u00f3gico.<\/p>\n<p>As\u00ed, durante seis meses cinco auxiliares profesionales y un fisioterapeuta han acudido diariamente a los domicilios de los 30 beneficiarios de esta iniciativa en Colindres y se han encargado del cuidado de las personas dependientes. Durante ese tiempo, realizan diferentes actividades enfocadas a trabajar la psicomotricidad, la concentraci\u00f3n, la memoria, la escucha activa, la comprensi\u00f3n, la empat\u00eda y, sobre todo, la motivaci\u00f3n, el entusiasmo y el afecto.<\/p>\n<p>Con motivo de la conclusi\u00f3n de la actual convocatoria, la coordinadora del programa, Ana Isabel Ruiz, y los beneficiarios, acompa\u00f1ados por sus cuidadores, organizaron este mi\u00e9rcoles en el Sal\u00f3n de Plenos del Ayuntamiento un acto sorpresa en agradecimiento por el servicio. El encuentro fue \u201cmuy emotivo\u201d a la par que \u201cinesperado\u201d, ya que el alcalde y la trabajadora social del Ayuntamiento, Ana Gema D\u00edaz, desconoc\u00edan esta iniciativa que cont\u00f3 con la complicidad de la concejala de Servicios Sociales, Mar\u00eda Eugenia Casta\u00f1eda.<\/p>\n<p>En su intervenci\u00f3n, Incera elogi\u00f3 el \u201cesfuerzo, constancia y dedicaci\u00f3n\u201d de los cuidadores de personas dependientes, que \u201cen la mayor\u00eda de los casos son mujeres que dedican su tiempo a la atenci\u00f3n de sus familiares\u201d. Igualmente, destac\u00f3 que el programa \u2018Respiro familiar\u2019 es \u201cmuy importante\u201d para la Concejal\u00eda de Servicios Sociales, por lo que apost\u00f3 por su continuidad con una nueva convocatoria en pr\u00f3ximas fechas. Finalmente, el regidor municipal valor\u00f3 \u201cmuy positivamente\u201d la implicaci\u00f3n de los trabajadores, un agradecimiento que tambi\u00e9n hizo extensivo D\u00edaz.<\/p>\n<p>Por su parte, Casta\u00f1eda dedic\u00f3 unas entra\u00f1ables palabras a la trabajadora social por su \u201cdedicaci\u00f3n, buen hacer y entusiasmo\u201d y reafirm\u00f3 el compromiso del Ayuntamiento de Colindres por prestar unos servicios sociales \u201cde calidad\u201d. \u201cEn esta legislatura estamos haciendo un esfuerzo importante por ampliar la red de la atenci\u00f3n a las personas, aquellos programas que directamente ayudan a los vecinos que m\u00e1s lo necesitan\u201d, recalc\u00f3 la edil de Servicios Sociales.<\/p>\n<p>El acto finaliz\u00f3 de nuevo con sorpresas, tanto para los beneficiarios, que recibieron un bonito obsequio, como para el alcalde y la trabajadora social, a los que dos cuidadores hicieron entrega de un cuadro pintado por una beneficiaria.<\/p>\n","protected":false},"excerpt":{"rendered":"<p>Los usuarios organizan en el Sal\u00f3n de Plenos un acto sorpresa de agradecimiento por el servicio, que permite a los cuidadores de personas dependientes tomar \u201cun respiro\u201d Colindres, 25 de enero.- El alcalde de Colindres, Javier Incera, ha garantizado la continuidad del programa social \u2018Respiro familiar\u2019 a trav\u00e9s de una nueva convocatoria que se llevar\u00e1 [&hellip;]<\/p>\n","protected":false},"author":1,"featured_media":1260,"comment_status":"open","ping_status":"closed","template":"","meta":{"_et_pb_use_builder":"","_et_pb_old_content":"","_et_gb_content_width":"","footnotes":""},"project_category":[],"project_tag":[],"class_list":["post-1259","project","type-project","status-publish","has-post-thumbnail","hentry"],"yoast_head":"<!-- This site is optimized with the Yoast SEO plugin v24.9 - https:\/\/yoast.com\/wordpress\/plugins\/seo\/ -->\n<title>El Ayuntamiento de Colindres garantiza la continuidad del programa social \u2018Respiro familiar\u2019 - Ayuntamiento de Colindres<\/title>\n<meta name=\"robots\" content=\"index, follow, max-snippet:-1, max-image-preview:large, max-video-preview:-1\" \/>\n<link rel=\"canonical\" href=\"https:\/\/www.colindres.es\/index.php\/project\/el-ayuntamiento-de-colindres-garantiza-la-continuidad-del-programa-social-respiro-familiar\/\" \/>\n<meta property=\"og:locale\" content=\"es_ES\" \/>\n<meta property=\"og:type\" content=\"article\" \/>\n<meta property=\"og:title\" content=\"El Ayuntamiento de Colindres garantiza la continuidad del programa social \u2018Respiro familiar\u2019 - Ayuntamiento de Colindres\" \/>\n<meta property=\"og:description\" content=\"Los usuarios organizan en el Sal\u00f3n de Plenos un acto sorpresa de agradecimiento por el servicio, que permite a los cuidadores de personas dependientes tomar \u201cun respiro\u201d Colindres, 25 de enero.- El alcalde de Colindres, Javier Incera, ha garantizado la continuidad del programa social \u2018Respiro familiar\u2019 a trav\u00e9s de una nueva convocatoria que se llevar\u00e1 [&hellip;]\" \/>\n<meta property=\"og:url\" content=\"https:\/\/www.colindres.es\/index.php\/project\/el-ayuntamiento-de-colindres-garantiza-la-continuidad-del-programa-social-respiro-familiar\/\" \/>\n<meta property=\"og:site_name\" content=\"Ayuntamiento de Colindres\" \/>\n<meta property=\"og:image\" content=\"https:\/\/www.colindres.es\/wp-content\/uploads\/2018\/01\/Acto-Respiro-Familiar.jpg\" \/>\n\t<meta property=\"og:image:width\" content=\"1280\" \/>\n\t<meta property=\"og:image:height\" content=\"960\" \/>\n\t<meta property=\"og:image:type\" content=\"image\/jpeg\" \/>\n<meta name=\"twitter:card\" content=\"summary_large_image\" \/>\n<meta name=\"twitter:label1\" content=\"Tiempo de lectura\" \/>\n\t<meta name=\"twitter:data1\" content=\"3 minutos\" \/>\n<script type=\"application\/ld+json\" class=\"yoast-schema-graph\">{\"@context\":\"https:\/\/schema.org\",\"@graph\":[{\"@type\":\"WebPage\",\"@id\":\"https:\/\/www.colindres.es\/index.php\/project\/el-ayuntamiento-de-colindres-garantiza-la-continuidad-del-programa-social-respiro-familiar\/\",\"url\":\"https:\/\/www.colindres.es\/index.php\/project\/el-ayuntamiento-de-colindres-garantiza-la-continuidad-del-programa-social-respiro-familiar\/\",\"name\":\"El Ayuntamiento de Colindres garantiza la continuidad del programa social \u2018Respiro familiar\u2019 - Ayuntamiento de Colindres\",\"isPartOf\":{\"@id\":\"https:\/\/www.colindres.es\/#website\"},\"primaryImageOfPage\":{\"@id\":\"https:\/\/www.colindres.es\/index.php\/project\/el-ayuntamiento-de-colindres-garantiza-la-continuidad-del-programa-social-respiro-familiar\/#primaryimage\"},\"image\":{\"@id\":\"https:\/\/www.colindres.es\/index.php\/project\/el-ayuntamiento-de-colindres-garantiza-la-continuidad-del-programa-social-respiro-familiar\/#primaryimage\"},\"thumbnailUrl\":\"https:\/\/www.colindres.es\/wp-content\/uploads\/2018\/01\/Acto-Respiro-Familiar.jpg\",\"datePublished\":\"2018-01-25T17:51:56+00:00\",\"breadcrumb\":{\"@id\":\"https:\/\/www.colindres.es\/index.php\/project\/el-ayuntamiento-de-colindres-garantiza-la-continuidad-del-programa-social-respiro-familiar\/#breadcrumb\"},\"inLanguage\":\"es\",\"potentialAction\":[{\"@type\":\"ReadAction\",\"target\":[\"https:\/\/www.colindres.es\/index.php\/project\/el-ayuntamiento-de-colindres-garantiza-la-continuidad-del-programa-social-respiro-familiar\/\"]}]},{\"@type\":\"ImageObject\",\"inLanguage\":\"es\",\"@id\":\"https:\/\/www.colindres.es\/index.php\/project\/el-ayuntamiento-de-colindres-garantiza-la-continuidad-del-programa-social-respiro-familiar\/#primaryimage\",\"url\":\"https:\/\/www.colindres.es\/wp-content\/uploads\/2018\/01\/Acto-Respiro-Familiar.jpg\",\"contentUrl\":\"https:\/\/www.colindres.es\/wp-content\/uploads\/2018\/01\/Acto-Respiro-Familiar.jpg\",\"width\":1280,\"height\":960},{\"@type\":\"BreadcrumbList\",\"@id\":\"https:\/\/www.colindres.es\/index.php\/project\/el-ayuntamiento-de-colindres-garantiza-la-continuidad-del-programa-social-respiro-familiar\/#breadcrumb\",\"itemListElement\":[{\"@type\":\"ListItem\",\"position\":1,\"name\":\"Portada\",\"item\":\"https:\/\/www.colindres.es\/\"},{\"@type\":\"ListItem\",\"position\":2,\"name\":\"Proyectos\",\"item\":\"https:\/\/www.colindres.es\/index.php\/project\/\"},{\"@type\":\"ListItem\",\"position\":3,\"name\":\"El Ayuntamiento de Colindres garantiza la continuidad del programa social \u2018Respiro familiar\u2019\"}]},{\"@type\":\"WebSite\",\"@id\":\"https:\/\/www.colindres.es\/#website\",\"url\":\"https:\/\/www.colindres.es\/\",\"name\":\"Ayuntamiento de Colindres\",\"description\":\"Dise\u00f1ado por NTIC&#039;s\",\"publisher\":{\"@id\":\"https:\/\/www.colindres.es\/#organization\"},\"potentialAction\":[{\"@type\":\"SearchAction\",\"target\":{\"@type\":\"EntryPoint\",\"urlTemplate\":\"https:\/\/www.colindres.es\/?s={search_term_string}\"},\"query-input\":{\"@type\":\"PropertyValueSpecification\",\"valueRequired\":true,\"valueName\":\"search_term_string\"}}],\"inLanguage\":\"es\"},{\"@type\":\"Organization\",\"@id\":\"https:\/\/www.colindres.es\/#organization\",\"name\":\"AYUNTAMIENTO DE COLINDRES\",\"url\":\"https:\/\/www.colindres.es\/\",\"logo\":{\"@type\":\"ImageObject\",\"inLanguage\":\"es\",\"@id\":\"https:\/\/www.colindres.es\/#\/schema\/logo\/image\/\",\"url\":\"https:\/\/www.colindres.es\/wp-content\/uploads\/2017\/01\/LOGO-PRINCIPAL.jpg\",\"contentUrl\":\"https:\/\/www.colindres.es\/wp-content\/uploads\/2017\/01\/LOGO-PRINCIPAL.jpg\",\"width\":1209,\"height\":579,\"caption\":\"AYUNTAMIENTO DE COLINDRES\"},\"image\":{\"@id\":\"https:\/\/www.colindres.es\/#\/schema\/logo\/image\/\"}}]}<\/script>\n<!-- \/ Yoast SEO plugin. -->","yoast_head_json":{"title":"El Ayuntamiento de Colindres garantiza la continuidad del programa social \u2018Respiro familiar\u2019 - Ayuntamiento de Colindres","robots":{"index":"index","follow":"follow","max-snippet":"max-snippet:-1","max-image-preview":"max-image-preview:large","max-video-preview":"max-video-preview:-1"},"canonical":"https:\/\/www.colindres.es\/index.php\/project\/el-ayuntamiento-de-colindres-garantiza-la-continuidad-del-programa-social-respiro-familiar\/","og_locale":"es_ES","og_type":"article","og_title":"El Ayuntamiento de Colindres garantiza la continuidad del programa social \u2018Respiro familiar\u2019 - Ayuntamiento de Colindres","og_description":"Los usuarios organizan en el Sal\u00f3n de Plenos un acto sorpresa de agradecimiento por el servicio, que permite a los cuidadores de personas dependientes tomar \u201cun respiro\u201d Colindres, 25 de enero.- El alcalde de Colindres, Javier Incera, ha garantizado la continuidad del programa social \u2018Respiro familiar\u2019 a trav\u00e9s de una nueva convocatoria que se llevar\u00e1 [&hellip;]","og_url":"https:\/\/www.colindres.es\/index.php\/project\/el-ayuntamiento-de-colindres-garantiza-la-continuidad-del-programa-social-respiro-familiar\/","og_site_name":"Ayuntamiento de Colindres","og_image":[{"width":1280,"height":960,"url":"https:\/\/www.colindres.es\/wp-content\/uploads\/2018\/01\/Acto-Respiro-Familiar.jpg","type":"image\/jpeg"}],"twitter_card":"summary_large_image","twitter_misc":{"Tiempo de lectura":"3 minutos"},"schema":{"@context":"https:\/\/schema.org","@graph":[{"@type":"WebPage","@id":"https:\/\/www.colindres.es\/index.php\/project\/el-ayuntamiento-de-colindres-garantiza-la-continuidad-del-programa-social-respiro-familiar\/","url":"https:\/\/www.colindres.es\/index.php\/project\/el-ayuntamiento-de-colindres-garantiza-la-continuidad-del-programa-social-respiro-familiar\/","name":"El Ayuntamiento de Colindres garantiza la continuidad del programa social \u2018Respiro familiar\u2019 - Ayuntamiento de Colindres","isPartOf":{"@id":"https:\/\/www.colindres.es\/#website"},"primaryImageOfPage":{"@id":"https:\/\/www.colindres.es\/index.php\/project\/el-ayuntamiento-de-colindres-garantiza-la-continuidad-del-programa-social-respiro-familiar\/#primaryimage"},"image":{"@id":"https:\/\/www.colindres.es\/index.php\/project\/el-ayuntamiento-de-colindres-garantiza-la-continuidad-del-programa-social-respiro-familiar\/#primaryimage"},"thumbnailUrl":"https:\/\/www.colindres.es\/wp-content\/uploads\/2018\/01\/Acto-Respiro-Familiar.jpg","datePublished":"2018-01-25T17:51:56+00:00","breadcrumb":{"@id":"https:\/\/www.colindres.es\/index.php\/project\/el-ayuntamiento-de-colindres-garantiza-la-continuidad-del-programa-social-respiro-familiar\/#breadcrumb"},"inLanguage":"es","potentialAction":[{"@type":"ReadAction","target":["https:\/\/www.colindres.es\/index.php\/project\/el-ayuntamiento-de-colindres-garantiza-la-continuidad-del-programa-social-respiro-familiar\/"]}]},{"@type":"ImageObject","inLanguage":"es","@id":"https:\/\/www.colindres.es\/index.php\/project\/el-ayuntamiento-de-colindres-garantiza-la-continuidad-del-programa-social-respiro-familiar\/#primaryimage","url":"https:\/\/www.colindres.es\/wp-content\/uploads\/2018\/01\/Acto-Respiro-Familiar.jpg","contentUrl":"https:\/\/www.colindres.es\/wp-content\/uploads\/2018\/01\/Acto-Respiro-Familiar.jpg","width":1280,"height":960},{"@type":"BreadcrumbList","@id":"https:\/\/www.colindres.es\/index.php\/project\/el-ayuntamiento-de-colindres-garantiza-la-continuidad-del-programa-social-respiro-familiar\/#breadcrumb","itemListElement":[{"@type":"ListItem","position":1,"name":"Portada","item":"https:\/\/www.colindres.es\/"},{"@type":"ListItem","position":2,"name":"Proyectos","item":"https:\/\/www.colindres.es\/index.php\/project\/"},{"@type":"ListItem","position":3,"name":"El Ayuntamiento de Colindres garantiza la continuidad del programa social \u2018Respiro familiar\u2019"}]},{"@type":"WebSite","@id":"https:\/\/www.colindres.es\/#website","url":"https:\/\/www.colindres.es\/","name":"Ayuntamiento de Colindres","description":"Dise\u00f1ado por NTIC&#039;s","publisher":{"@id":"https:\/\/www.colindres.es\/#organization"},"potentialAction":[{"@type":"SearchAction","target":{"@type":"EntryPoint","urlTemplate":"https:\/\/www.colindres.es\/?s={search_term_string}"},"query-input":{"@type":"PropertyValueSpecification","valueRequired":true,"valueName":"search_term_string"}}],"inLanguage":"es"},{"@type":"Organization","@id":"https:\/\/www.colindres.es\/#organization","name":"AYUNTAMIENTO DE COLINDRES","url":"https:\/\/www.colindres.es\/","logo":{"@type":"ImageObject","inLanguage":"es","@id":"https:\/\/www.colindres.es\/#\/schema\/logo\/image\/","url":"https:\/\/www.colindres.es\/wp-content\/uploads\/2017\/01\/LOGO-PRINCIPAL.jpg","contentUrl":"https:\/\/www.colindres.es\/wp-content\/uploads\/2017\/01\/LOGO-PRINCIPAL.jpg","width":1209,"height":579,"caption":"AYUNTAMIENTO DE COLINDRES"},"image":{"@id":"https:\/\/www.colindres.es\/#\/schema\/logo\/image\/"}}]}},"_links":{"self":[{"href":"https:\/\/www.colindres.es\/index.php\/wp-json\/wp\/v2\/project\/1259","targetHints":{"allow":["GET"]}}],"collection":[{"href":"https:\/\/www.colindres.es\/index.php\/wp-json\/wp\/v2\/project"}],"about":[{"href":"https:\/\/www.colindres.es\/index.php\/wp-json\/wp\/v2\/types\/project"}],"author":[{"embeddable":true,"href":"https:\/\/www.colindres.es\/index.php\/wp-json\/wp\/v2\/users\/1"}],"replies":[{"embeddable":true,"href":"https:\/\/www.colindres.es\/index.php\/wp-json\/wp\/v2\/comments?post=1259"}],"version-history":[{"count":1,"href":"https:\/\/www.colindres.es\/index.php\/wp-json\/wp\/v2\/project\/1259\/revisions"}],"predecessor-version":[{"id":1261,"href":"https:\/\/www.colindres.es\/index.php\/wp-json\/wp\/v2\/project\/1259\/revisions\/1261"}],"wp:featuredmedia":[{"embeddable":true,"href":"https:\/\/www.colindres.es\/index.php\/wp-json\/wp\/v2\/media\/1260"}],"wp:attachment":[{"href":"https:\/\/www.colindres.es\/index.php\/wp-json\/wp\/v2\/media?parent=1259"}],"wp:term":[{"taxonomy":"project_category","embeddable":true,"href":"https:\/\/www.colindres.es\/index.php\/wp-json\/wp\/v2\/project_category?post=1259"},{"taxonomy":"project_tag","embeddable":true,"href":"https:\/\/www.colindres.es\/index.php\/wp-json\/wp\/v2\/project_tag?post=1259"}],"curies":[{"name":"wp","href":"https:\/\/api.w.org\/{rel}","templated":true}]}}