{"id":1255,"date":"2018-01-24T10:33:42","date_gmt":"2018-01-24T10:33:42","guid":{"rendered":"http:\/\/colindres.es\/?post_type=project&#038;p=1255"},"modified":"2018-01-24T10:33:42","modified_gmt":"2018-01-24T10:33:42","slug":"oferta-de-plazas-participantes-lanzadera-de-empleo-y-emprendimiento-solidario-de-colindres","status":"publish","type":"project","link":"https:\/\/www.colindres.es\/index.php\/project\/oferta-de-plazas-participantes-lanzadera-de-empleo-y-emprendimiento-solidario-de-colindres\/","title":{"rendered":"Oferta de plazas participantes Lanzadera de Empleo y Emprendimiento Solidario de Colindres"},"content":{"rendered":"<p>El 12 de febrero de 2018, se pondr\u00e1 en marcha la Lanzadera de Empleo y Emprendimiento Solidario de Colindres, dentro de la V Edici\u00f3n del Programa de Lanzaderas de Empleo y Emprendimiento de Cantabria. De acuerdo a la Orden HAC\/40\/2017, de 31 de agosto por la que se acuerdan las bases reguladoras del programa de Lanzaderas de Empleo y Emprendimiento Solidario y publicada en el BOC n\u00ba 175 de 11 de septiembre de 2017.<\/p>\n<p>Las personas interesadas en participar voluntariamente en el proceso de selecci\u00f3n de las 20 plazas disponibles para este programa, deber\u00e1n presentar una solicitud en la Agencia de Desarrollo Local de Colindres dentro del plazo de presentaci\u00f3n de solicitudes establecido, que finaliza el mi\u00e9rcoles 31 de enero de 2018 a las 14:00.<\/p>\n<p>Los requisitos a cumplir para poder participar en el proceso de selecci\u00f3n son los siguientes:<\/p>\n<p>&#8211; Estar en situaci\u00f3n de desempleo.<\/p>\n<p>&#8211; Estar inscritas en una oficina de Empleo del Servicio C\u00e1ntabro de Empleo, como demandantes de empleo y servicios o como solicitantes de servicios.<\/p>\n<p>* No obstante, tambi\u00e9n podr\u00e1n participar las personas inscritas como demandantes de empleo y servicios o como solicitantes de servicios, ocupadas, con una jornada de trabajo inferior a veinte horas semanales.<\/p>\n<p>\u00a1Aprovecha la oportunidad!<\/p>\n<p>No te quedes sin tu plaza dentro de un programa con grandes que ha dado grandes resultados para la consecuci\u00f3n de un empleo en las cuatro ediciones anteriores<\/p>\n<ul>\n<li>M\u00e1s informaci\u00f3n:<\/li>\n<li>ADL Colindres<\/li>\n<li>Alameda del Ayuntamiento, 4 39750 (Colindres)<\/li>\n<li>942 68 29 91<\/li>\n<li>adl@colindres.es \/ proyectos@colindres.es<\/li>\n<li>Informaci\u00f3n complementaria y Descarga de solicitudes:<\/li>\n<li>Tabl\u00f3n de anuncios de la Web Empleacantabria (www.empleacantabria.com)<\/li>\n<\/ul>\n","protected":false},"excerpt":{"rendered":"<p>El 12 de febrero de 2018, se pondr\u00e1 en marcha la Lanzadera de Empleo y Emprendimiento Solidario de Colindres, dentro de la V Edici\u00f3n del Programa de Lanzaderas de Empleo y Emprendimiento de Cantabria. De acuerdo a la Orden HAC\/40\/2017, de 31 de agosto por la que se acuerdan las bases reguladoras del programa de [&hellip;]<\/p>\n","protected":false},"author":1,"featured_media":206,"comment_status":"open","ping_status":"closed","template":"","meta":{"_et_pb_use_builder":"","_et_pb_old_content":"","_et_gb_content_width":"","footnotes":""},"project_category":[],"project_tag":[],"class_list":["post-1255","project","type-project","status-publish","has-post-thumbnail","hentry"],"yoast_head":"<!-- This site is optimized with the Yoast SEO plugin v24.9 - https:\/\/yoast.com\/wordpress\/plugins\/seo\/ -->\n<title>Oferta de plazas participantes Lanzadera de Empleo y Emprendimiento Solidario de Colindres - Ayuntamiento de Colindres<\/title>\n<meta name=\"robots\" content=\"index, follow, max-snippet:-1, max-image-preview:large, max-video-preview:-1\" \/>\n<link rel=\"canonical\" href=\"https:\/\/www.colindres.es\/index.php\/project\/oferta-de-plazas-participantes-lanzadera-de-empleo-y-emprendimiento-solidario-de-colindres\/\" \/>\n<meta property=\"og:locale\" content=\"es_ES\" \/>\n<meta property=\"og:type\" content=\"article\" \/>\n<meta property=\"og:title\" content=\"Oferta de plazas participantes Lanzadera de Empleo y Emprendimiento Solidario de Colindres - Ayuntamiento de Colindres\" \/>\n<meta property=\"og:description\" content=\"El 12 de febrero de 2018, se pondr\u00e1 en marcha la Lanzadera de Empleo y Emprendimiento Solidario de Colindres, dentro de la V Edici\u00f3n del Programa de Lanzaderas de Empleo y Emprendimiento de Cantabria. De acuerdo a la Orden HAC\/40\/2017, de 31 de agosto por la que se acuerdan las bases reguladoras del programa de [&hellip;]\" \/>\n<meta property=\"og:url\" content=\"https:\/\/www.colindres.es\/index.php\/project\/oferta-de-plazas-participantes-lanzadera-de-empleo-y-emprendimiento-solidario-de-colindres\/\" \/>\n<meta property=\"og:site_name\" content=\"Ayuntamiento de Colindres\" \/>\n<meta property=\"og:image\" content=\"https:\/\/www.colindres.es\/wp-content\/uploads\/2016\/09\/IMG_9250-2-1024x363.jpg\" \/>\n\t<meta property=\"og:image:width\" content=\"1024\" \/>\n\t<meta property=\"og:image:height\" content=\"363\" \/>\n\t<meta property=\"og:image:type\" content=\"image\/jpeg\" \/>\n<meta name=\"twitter:card\" content=\"summary_large_image\" \/>\n<meta name=\"twitter:label1\" content=\"Tiempo de lectura\" \/>\n\t<meta name=\"twitter:data1\" content=\"1 minuto\" \/>\n<script type=\"application\/ld+json\" class=\"yoast-schema-graph\">{\"@context\":\"https:\/\/schema.org\",\"@graph\":[{\"@type\":\"WebPage\",\"@id\":\"https:\/\/www.colindres.es\/index.php\/project\/oferta-de-plazas-participantes-lanzadera-de-empleo-y-emprendimiento-solidario-de-colindres\/\",\"url\":\"https:\/\/www.colindres.es\/index.php\/project\/oferta-de-plazas-participantes-lanzadera-de-empleo-y-emprendimiento-solidario-de-colindres\/\",\"name\":\"Oferta de plazas participantes Lanzadera de Empleo y Emprendimiento Solidario de Colindres - Ayuntamiento de Colindres\",\"isPartOf\":{\"@id\":\"https:\/\/www.colindres.es\/#website\"},\"primaryImageOfPage\":{\"@id\":\"https:\/\/www.colindres.es\/index.php\/project\/oferta-de-plazas-participantes-lanzadera-de-empleo-y-emprendimiento-solidario-de-colindres\/#primaryimage\"},\"image\":{\"@id\":\"https:\/\/www.colindres.es\/index.php\/project\/oferta-de-plazas-participantes-lanzadera-de-empleo-y-emprendimiento-solidario-de-colindres\/#primaryimage\"},\"thumbnailUrl\":\"https:\/\/www.colindres.es\/wp-content\/uploads\/2016\/09\/IMG_9250-2.jpg\",\"datePublished\":\"2018-01-24T10:33:42+00:00\",\"breadcrumb\":{\"@id\":\"https:\/\/www.colindres.es\/index.php\/project\/oferta-de-plazas-participantes-lanzadera-de-empleo-y-emprendimiento-solidario-de-colindres\/#breadcrumb\"},\"inLanguage\":\"es\",\"potentialAction\":[{\"@type\":\"ReadAction\",\"target\":[\"https:\/\/www.colindres.es\/index.php\/project\/oferta-de-plazas-participantes-lanzadera-de-empleo-y-emprendimiento-solidario-de-colindres\/\"]}]},{\"@type\":\"ImageObject\",\"inLanguage\":\"es\",\"@id\":\"https:\/\/www.colindres.es\/index.php\/project\/oferta-de-plazas-participantes-lanzadera-de-empleo-y-emprendimiento-solidario-de-colindres\/#primaryimage\",\"url\":\"https:\/\/www.colindres.es\/wp-content\/uploads\/2016\/09\/IMG_9250-2.jpg\",\"contentUrl\":\"https:\/\/www.colindres.es\/wp-content\/uploads\/2016\/09\/IMG_9250-2.jpg\",\"width\":10558,\"height\":3738},{\"@type\":\"BreadcrumbList\",\"@id\":\"https:\/\/www.colindres.es\/index.php\/project\/oferta-de-plazas-participantes-lanzadera-de-empleo-y-emprendimiento-solidario-de-colindres\/#breadcrumb\",\"itemListElement\":[{\"@type\":\"ListItem\",\"position\":1,\"name\":\"Portada\",\"item\":\"https:\/\/www.colindres.es\/\"},{\"@type\":\"ListItem\",\"position\":2,\"name\":\"Proyectos\",\"item\":\"https:\/\/www.colindres.es\/index.php\/project\/\"},{\"@type\":\"ListItem\",\"position\":3,\"name\":\"Oferta de plazas participantes Lanzadera de Empleo y Emprendimiento Solidario de Colindres\"}]},{\"@type\":\"WebSite\",\"@id\":\"https:\/\/www.colindres.es\/#website\",\"url\":\"https:\/\/www.colindres.es\/\",\"name\":\"Ayuntamiento de Colindres\",\"description\":\"Dise\u00f1ado por NTIC&#039;s\",\"publisher\":{\"@id\":\"https:\/\/www.colindres.es\/#organization\"},\"potentialAction\":[{\"@type\":\"SearchAction\",\"target\":{\"@type\":\"EntryPoint\",\"urlTemplate\":\"https:\/\/www.colindres.es\/?s={search_term_string}\"},\"query-input\":{\"@type\":\"PropertyValueSpecification\",\"valueRequired\":true,\"valueName\":\"search_term_string\"}}],\"inLanguage\":\"es\"},{\"@type\":\"Organization\",\"@id\":\"https:\/\/www.colindres.es\/#organization\",\"name\":\"AYUNTAMIENTO DE COLINDRES\",\"url\":\"https:\/\/www.colindres.es\/\",\"logo\":{\"@type\":\"ImageObject\",\"inLanguage\":\"es\",\"@id\":\"https:\/\/www.colindres.es\/#\/schema\/logo\/image\/\",\"url\":\"https:\/\/www.colindres.es\/wp-content\/uploads\/2017\/01\/LOGO-PRINCIPAL.jpg\",\"contentUrl\":\"https:\/\/www.colindres.es\/wp-content\/uploads\/2017\/01\/LOGO-PRINCIPAL.jpg\",\"width\":1209,\"height\":579,\"caption\":\"AYUNTAMIENTO DE COLINDRES\"},\"image\":{\"@id\":\"https:\/\/www.colindres.es\/#\/schema\/logo\/image\/\"}}]}<\/script>\n<!-- \/ Yoast SEO plugin. -->","yoast_head_json":{"title":"Oferta de plazas participantes Lanzadera de Empleo y Emprendimiento Solidario de Colindres - Ayuntamiento de Colindres","robots":{"index":"index","follow":"follow","max-snippet":"max-snippet:-1","max-image-preview":"max-image-preview:large","max-video-preview":"max-video-preview:-1"},"canonical":"https:\/\/www.colindres.es\/index.php\/project\/oferta-de-plazas-participantes-lanzadera-de-empleo-y-emprendimiento-solidario-de-colindres\/","og_locale":"es_ES","og_type":"article","og_title":"Oferta de plazas participantes Lanzadera de Empleo y Emprendimiento Solidario de Colindres - Ayuntamiento de Colindres","og_description":"El 12 de febrero de 2018, se pondr\u00e1 en marcha la Lanzadera de Empleo y Emprendimiento Solidario de Colindres, dentro de la V Edici\u00f3n del Programa de Lanzaderas de Empleo y Emprendimiento de Cantabria. De acuerdo a la Orden HAC\/40\/2017, de 31 de agosto por la que se acuerdan las bases reguladoras del programa de [&hellip;]","og_url":"https:\/\/www.colindres.es\/index.php\/project\/oferta-de-plazas-participantes-lanzadera-de-empleo-y-emprendimiento-solidario-de-colindres\/","og_site_name":"Ayuntamiento de Colindres","og_image":[{"width":1024,"height":363,"url":"https:\/\/www.colindres.es\/wp-content\/uploads\/2016\/09\/IMG_9250-2-1024x363.jpg","type":"image\/jpeg"}],"twitter_card":"summary_large_image","twitter_misc":{"Tiempo de lectura":"1 minuto"},"schema":{"@context":"https:\/\/schema.org","@graph":[{"@type":"WebPage","@id":"https:\/\/www.colindres.es\/index.php\/project\/oferta-de-plazas-participantes-lanzadera-de-empleo-y-emprendimiento-solidario-de-colindres\/","url":"https:\/\/www.colindres.es\/index.php\/project\/oferta-de-plazas-participantes-lanzadera-de-empleo-y-emprendimiento-solidario-de-colindres\/","name":"Oferta de plazas participantes Lanzadera de Empleo y Emprendimiento Solidario de Colindres - Ayuntamiento de Colindres","isPartOf":{"@id":"https:\/\/www.colindres.es\/#website"},"primaryImageOfPage":{"@id":"https:\/\/www.colindres.es\/index.php\/project\/oferta-de-plazas-participantes-lanzadera-de-empleo-y-emprendimiento-solidario-de-colindres\/#primaryimage"},"image":{"@id":"https:\/\/www.colindres.es\/index.php\/project\/oferta-de-plazas-participantes-lanzadera-de-empleo-y-emprendimiento-solidario-de-colindres\/#primaryimage"},"thumbnailUrl":"https:\/\/www.colindres.es\/wp-content\/uploads\/2016\/09\/IMG_9250-2.jpg","datePublished":"2018-01-24T10:33:42+00:00","breadcrumb":{"@id":"https:\/\/www.colindres.es\/index.php\/project\/oferta-de-plazas-participantes-lanzadera-de-empleo-y-emprendimiento-solidario-de-colindres\/#breadcrumb"},"inLanguage":"es","potentialAction":[{"@type":"ReadAction","target":["https:\/\/www.colindres.es\/index.php\/project\/oferta-de-plazas-participantes-lanzadera-de-empleo-y-emprendimiento-solidario-de-colindres\/"]}]},{"@type":"ImageObject","inLanguage":"es","@id":"https:\/\/www.colindres.es\/index.php\/project\/oferta-de-plazas-participantes-lanzadera-de-empleo-y-emprendimiento-solidario-de-colindres\/#primaryimage","url":"https:\/\/www.colindres.es\/wp-content\/uploads\/2016\/09\/IMG_9250-2.jpg","contentUrl":"https:\/\/www.colindres.es\/wp-content\/uploads\/2016\/09\/IMG_9250-2.jpg","width":10558,"height":3738},{"@type":"BreadcrumbList","@id":"https:\/\/www.colindres.es\/index.php\/project\/oferta-de-plazas-participantes-lanzadera-de-empleo-y-emprendimiento-solidario-de-colindres\/#breadcrumb","itemListElement":[{"@type":"ListItem","position":1,"name":"Portada","item":"https:\/\/www.colindres.es\/"},{"@type":"ListItem","position":2,"name":"Proyectos","item":"https:\/\/www.colindres.es\/index.php\/project\/"},{"@type":"ListItem","position":3,"name":"Oferta de plazas participantes Lanzadera de Empleo y Emprendimiento Solidario de Colindres"}]},{"@type":"WebSite","@id":"https:\/\/www.colindres.es\/#website","url":"https:\/\/www.colindres.es\/","name":"Ayuntamiento de Colindres","description":"Dise\u00f1ado por NTIC&#039;s","publisher":{"@id":"https:\/\/www.colindres.es\/#organization"},"potentialAction":[{"@type":"SearchAction","target":{"@type":"EntryPoint","urlTemplate":"https:\/\/www.colindres.es\/?s={search_term_string}"},"query-input":{"@type":"PropertyValueSpecification","valueRequired":true,"valueName":"search_term_string"}}],"inLanguage":"es"},{"@type":"Organization","@id":"https:\/\/www.colindres.es\/#organization","name":"AYUNTAMIENTO DE COLINDRES","url":"https:\/\/www.colindres.es\/","logo":{"@type":"ImageObject","inLanguage":"es","@id":"https:\/\/www.colindres.es\/#\/schema\/logo\/image\/","url":"https:\/\/www.colindres.es\/wp-content\/uploads\/2017\/01\/LOGO-PRINCIPAL.jpg","contentUrl":"https:\/\/www.colindres.es\/wp-content\/uploads\/2017\/01\/LOGO-PRINCIPAL.jpg","width":1209,"height":579,"caption":"AYUNTAMIENTO DE COLINDRES"},"image":{"@id":"https:\/\/www.colindres.es\/#\/schema\/logo\/image\/"}}]}},"_links":{"self":[{"href":"https:\/\/www.colindres.es\/index.php\/wp-json\/wp\/v2\/project\/1255","targetHints":{"allow":["GET"]}}],"collection":[{"href":"https:\/\/www.colindres.es\/index.php\/wp-json\/wp\/v2\/project"}],"about":[{"href":"https:\/\/www.colindres.es\/index.php\/wp-json\/wp\/v2\/types\/project"}],"author":[{"embeddable":true,"href":"https:\/\/www.colindres.es\/index.php\/wp-json\/wp\/v2\/users\/1"}],"replies":[{"embeddable":true,"href":"https:\/\/www.colindres.es\/index.php\/wp-json\/wp\/v2\/comments?post=1255"}],"version-history":[{"count":1,"href":"https:\/\/www.colindres.es\/index.php\/wp-json\/wp\/v2\/project\/1255\/revisions"}],"predecessor-version":[{"id":1256,"href":"https:\/\/www.colindres.es\/index.php\/wp-json\/wp\/v2\/project\/1255\/revisions\/1256"}],"wp:featuredmedia":[{"embeddable":true,"href":"https:\/\/www.colindres.es\/index.php\/wp-json\/wp\/v2\/media\/206"}],"wp:attachment":[{"href":"https:\/\/www.colindres.es\/index.php\/wp-json\/wp\/v2\/media?parent=1255"}],"wp:term":[{"taxonomy":"project_category","embeddable":true,"href":"https:\/\/www.colindres.es\/index.php\/wp-json\/wp\/v2\/project_category?post=1255"},{"taxonomy":"project_tag","embeddable":true,"href":"https:\/\/www.colindres.es\/index.php\/wp-json\/wp\/v2\/project_tag?post=1255"}],"curies":[{"name":"wp","href":"https:\/\/api.w.org\/{rel}","templated":true}]}}