{"id":1238,"date":"2018-01-14T09:54:06","date_gmt":"2018-01-14T09:54:06","guid":{"rendered":"http:\/\/colindres.es\/?post_type=project&#038;p=1238"},"modified":"2018-01-14T09:54:06","modified_gmt":"2018-01-14T09:54:06","slug":"el-ayuntamiento-de-colindres-convertira-la-charca-en-un-gran-parque-publico-de-3-000-metros-cuadrados","status":"publish","type":"project","link":"https:\/\/www.colindres.es\/index.php\/project\/el-ayuntamiento-de-colindres-convertira-la-charca-en-un-gran-parque-publico-de-3-000-metros-cuadrados\/","title":{"rendered":"El Ayuntamiento de Colindres convertir\u00e1 La Charca en un gran parque p\u00fablico de 3.000 metros cuadrados"},"content":{"rendered":"<p><strong>El proyecto contempla la construcci\u00f3n de una l\u00e1mina de agua de muy poca profundidad que generar\u00e1 la sensaci\u00f3n de laguna y que se podr\u00e1 recorrer a trav\u00e9s de una pasarela de madera<\/strong><\/p>\n<p><strong>Incera ha destacado que se trata de una actuaci\u00f3n \u201cmuy ambiciosa\u201d que servir\u00e1 para transformar un espacio degradado en una zona de ocio pensada en los vecinos<\/strong><\/p>\n<p><em>Colindres, 12 de enero.-<\/em> El alcalde de Colindres, Javier Incera, ha presentado este viernes un proyecto \u201cmuy ambicioso\u201d para transformar el espacio conocido popularmente como \u2018La Charca\u2019 en un gran parque p\u00fablico de 3.300 metros cuadrados.<\/p>\n<p>Seg\u00fan ha explicado Incera, el nuevo parque \u201ccontar\u00e1 con dos jardines diferenciados y con un dise\u00f1o adecuado al entorno, funcionando como un espacio complementario al Parque de La Alameda y los jardines de la Casa de Cultura y Casa Serafina, pero con entidad propia\u201d.<\/p>\n<p>As\u00ed, el proyecto encargado por el Ayuntamiento a la empresa Planea contempla la construcci\u00f3n de una l\u00e1mina de agua de muy poca profundidad que generar\u00e1 la sensaci\u00f3n de laguna y que se podr\u00e1 atravesar a trav\u00e9s de una pasarela de madera. En el interior de la l\u00e1mina se dispondr\u00e1n dos isletas de las que manar\u00e1n agua.<\/p>\n<p>Igualmente, sobre el estanque se habilitar\u00e1 un mirador, as\u00ed como una plataforma en la que se colocar\u00e1 una escalinata a modo de grada, donde los vecinos podr\u00e1n sentarse tranquilamente a disfrutar del entorno.<\/p>\n<p>Incera ha destacado que el Ayuntamiento completar\u00e1 esta actuaci\u00f3n con trabajos de urbanizaci\u00f3n en un tramo de la calle de la Alameda para ganar aparcamiento, reubicar los contenedores de basura y reciclaje y homogeneizar su est\u00e9tica y estructura al nuevo espacio p\u00fablico.<\/p>\n<p>Asimismo, dado que este parque se encuentra en el tr\u00e1nsito de camino hacia Colindres el de Arrriba, el Consistorio dotar\u00e1 a esta zona con contenidos informativos con el objetivo de que funcione como \u201celemento evocador\u201d de lo que los visitantes pueden encontrar en el casco hist\u00f3rico del municipio.<\/p>\n<p>\u201cEs un proyecto ambicioso e integrador que dar\u00e1 soluci\u00f3n a una demanda hist\u00f3rica y que convertir\u00e1 un terreno inaccesible e inutilizado en un punto singular de esparcimiento para el disfrute de los colindreses\u201d, ha subrayado Incera, que ha presentado la iniciativa junto al concejal de Obras y Medio Ambiente, Pablo Ruiz.<\/p>\n<p>El alcalde ha informado de que las obras, que est\u00e1n presupuestadas en 455.000 euros, comenzar\u00e1n a ejecutarse en el primer semestre, de forma que est\u00e1 previsto que el nuevo parque est\u00e9 a disposici\u00f3n de los ciudadanos \u201cal comienzo del pr\u00f3ximo a\u00f1o\u201d.<\/p>\n<p>La inversi\u00f3n ser\u00e1 cofinanciada por la Consejer\u00eda de Obras P\u00fablicas y Vivienda del Gobierno de Cantabria ya que es uno de los proyectos que el Ayuntamiento de Colindres present\u00f3 al Plan de obras municipal y contempla la construcci\u00f3n de bancos corridos de hormig\u00f3n, un muro de piedra y un paseo de piedra blanca con dibujos florales.<\/p>\n<p><strong>Una obra importante<\/strong><\/p>\n<p>La parcela conocida como La Charca, situada al suroeste del Ayuntamiento, en el Barrio de Cortinas, es de titularidad municipal y actualmente est\u00e1 colonizada por vegetaci\u00f3n (principalmente juncos), lo que genera molestias de olores e insectos.<\/p>\n<p>En este sentido, el concejal de Obras ha afirmado que \u201ces la actuaci\u00f3n dise\u00f1ada por el Ayuntamiento es una obra importante que beneficiar\u00e1 al conjunto de los vecinos al sustituir la actual charca por un espacio libre p\u00fablico que resolver\u00e1 adem\u00e1s los problemas de seguridad y salubridad\u201d.<\/p>\n","protected":false},"excerpt":{"rendered":"<p>El proyecto contempla la construcci\u00f3n de una l\u00e1mina de agua de muy poca profundidad que generar\u00e1 la sensaci\u00f3n de laguna y que se podr\u00e1 recorrer a trav\u00e9s de una pasarela de madera Incera ha destacado que se trata de una actuaci\u00f3n \u201cmuy ambiciosa\u201d que servir\u00e1 para transformar un espacio degradado en una zona de ocio [&hellip;]<\/p>\n","protected":false},"author":1,"featured_media":1239,"comment_status":"open","ping_status":"closed","template":"","meta":{"_et_pb_use_builder":"","_et_pb_old_content":"","_et_gb_content_width":"","footnotes":""},"project_category":[],"project_tag":[],"class_list":["post-1238","project","type-project","status-publish","has-post-thumbnail","hentry"],"yoast_head":"<!-- This site is optimized with the Yoast SEO plugin v24.9 - https:\/\/yoast.com\/wordpress\/plugins\/seo\/ -->\n<title>El Ayuntamiento de Colindres convertir\u00e1 La Charca en un gran parque p\u00fablico de 3.000 metros cuadrados - Ayuntamiento de Colindres<\/title>\n<meta name=\"robots\" content=\"index, follow, max-snippet:-1, max-image-preview:large, max-video-preview:-1\" \/>\n<link rel=\"canonical\" href=\"https:\/\/www.colindres.es\/index.php\/project\/el-ayuntamiento-de-colindres-convertira-la-charca-en-un-gran-parque-publico-de-3-000-metros-cuadrados\/\" \/>\n<meta property=\"og:locale\" content=\"es_ES\" \/>\n<meta property=\"og:type\" content=\"article\" \/>\n<meta property=\"og:title\" content=\"El Ayuntamiento de Colindres convertir\u00e1 La Charca en un gran parque p\u00fablico de 3.000 metros cuadrados - Ayuntamiento de Colindres\" \/>\n<meta property=\"og:description\" content=\"El proyecto contempla la construcci\u00f3n de una l\u00e1mina de agua de muy poca profundidad que generar\u00e1 la sensaci\u00f3n de laguna y que se podr\u00e1 recorrer a trav\u00e9s de una pasarela de madera Incera ha destacado que se trata de una actuaci\u00f3n \u201cmuy ambiciosa\u201d que servir\u00e1 para transformar un espacio degradado en una zona de ocio [&hellip;]\" \/>\n<meta property=\"og:url\" content=\"https:\/\/www.colindres.es\/index.php\/project\/el-ayuntamiento-de-colindres-convertira-la-charca-en-un-gran-parque-publico-de-3-000-metros-cuadrados\/\" \/>\n<meta property=\"og:site_name\" content=\"Ayuntamiento de Colindres\" \/>\n<meta property=\"og:image\" content=\"https:\/\/www.colindres.es\/wp-content\/uploads\/2018\/01\/Presentaci\u00f3n-Parque-La-Charca.jpg\" \/>\n\t<meta property=\"og:image:width\" content=\"1280\" \/>\n\t<meta property=\"og:image:height\" content=\"960\" \/>\n\t<meta property=\"og:image:type\" content=\"image\/jpeg\" \/>\n<meta name=\"twitter:card\" content=\"summary_large_image\" \/>\n<meta name=\"twitter:label1\" content=\"Tiempo de lectura\" \/>\n\t<meta name=\"twitter:data1\" content=\"3 minutos\" \/>\n<script type=\"application\/ld+json\" class=\"yoast-schema-graph\">{\"@context\":\"https:\/\/schema.org\",\"@graph\":[{\"@type\":\"WebPage\",\"@id\":\"https:\/\/www.colindres.es\/index.php\/project\/el-ayuntamiento-de-colindres-convertira-la-charca-en-un-gran-parque-publico-de-3-000-metros-cuadrados\/\",\"url\":\"https:\/\/www.colindres.es\/index.php\/project\/el-ayuntamiento-de-colindres-convertira-la-charca-en-un-gran-parque-publico-de-3-000-metros-cuadrados\/\",\"name\":\"El Ayuntamiento de Colindres convertir\u00e1 La Charca en un gran parque p\u00fablico de 3.000 metros cuadrados - Ayuntamiento de Colindres\",\"isPartOf\":{\"@id\":\"https:\/\/www.colindres.es\/#website\"},\"primaryImageOfPage\":{\"@id\":\"https:\/\/www.colindres.es\/index.php\/project\/el-ayuntamiento-de-colindres-convertira-la-charca-en-un-gran-parque-publico-de-3-000-metros-cuadrados\/#primaryimage\"},\"image\":{\"@id\":\"https:\/\/www.colindres.es\/index.php\/project\/el-ayuntamiento-de-colindres-convertira-la-charca-en-un-gran-parque-publico-de-3-000-metros-cuadrados\/#primaryimage\"},\"thumbnailUrl\":\"https:\/\/www.colindres.es\/wp-content\/uploads\/2018\/01\/Presentaci\u00f3n-Parque-La-Charca.jpg\",\"datePublished\":\"2018-01-14T09:54:06+00:00\",\"breadcrumb\":{\"@id\":\"https:\/\/www.colindres.es\/index.php\/project\/el-ayuntamiento-de-colindres-convertira-la-charca-en-un-gran-parque-publico-de-3-000-metros-cuadrados\/#breadcrumb\"},\"inLanguage\":\"es\",\"potentialAction\":[{\"@type\":\"ReadAction\",\"target\":[\"https:\/\/www.colindres.es\/index.php\/project\/el-ayuntamiento-de-colindres-convertira-la-charca-en-un-gran-parque-publico-de-3-000-metros-cuadrados\/\"]}]},{\"@type\":\"ImageObject\",\"inLanguage\":\"es\",\"@id\":\"https:\/\/www.colindres.es\/index.php\/project\/el-ayuntamiento-de-colindres-convertira-la-charca-en-un-gran-parque-publico-de-3-000-metros-cuadrados\/#primaryimage\",\"url\":\"https:\/\/www.colindres.es\/wp-content\/uploads\/2018\/01\/Presentaci\u00f3n-Parque-La-Charca.jpg\",\"contentUrl\":\"https:\/\/www.colindres.es\/wp-content\/uploads\/2018\/01\/Presentaci\u00f3n-Parque-La-Charca.jpg\",\"width\":1280,\"height\":960},{\"@type\":\"BreadcrumbList\",\"@id\":\"https:\/\/www.colindres.es\/index.php\/project\/el-ayuntamiento-de-colindres-convertira-la-charca-en-un-gran-parque-publico-de-3-000-metros-cuadrados\/#breadcrumb\",\"itemListElement\":[{\"@type\":\"ListItem\",\"position\":1,\"name\":\"Portada\",\"item\":\"https:\/\/www.colindres.es\/\"},{\"@type\":\"ListItem\",\"position\":2,\"name\":\"Proyectos\",\"item\":\"https:\/\/www.colindres.es\/index.php\/project\/\"},{\"@type\":\"ListItem\",\"position\":3,\"name\":\"El Ayuntamiento de Colindres convertir\u00e1 La Charca en un gran parque p\u00fablico de 3.000 metros cuadrados\"}]},{\"@type\":\"WebSite\",\"@id\":\"https:\/\/www.colindres.es\/#website\",\"url\":\"https:\/\/www.colindres.es\/\",\"name\":\"Ayuntamiento de Colindres\",\"description\":\"Dise\u00f1ado por NTIC&#039;s\",\"publisher\":{\"@id\":\"https:\/\/www.colindres.es\/#organization\"},\"potentialAction\":[{\"@type\":\"SearchAction\",\"target\":{\"@type\":\"EntryPoint\",\"urlTemplate\":\"https:\/\/www.colindres.es\/?s={search_term_string}\"},\"query-input\":{\"@type\":\"PropertyValueSpecification\",\"valueRequired\":true,\"valueName\":\"search_term_string\"}}],\"inLanguage\":\"es\"},{\"@type\":\"Organization\",\"@id\":\"https:\/\/www.colindres.es\/#organization\",\"name\":\"AYUNTAMIENTO DE COLINDRES\",\"url\":\"https:\/\/www.colindres.es\/\",\"logo\":{\"@type\":\"ImageObject\",\"inLanguage\":\"es\",\"@id\":\"https:\/\/www.colindres.es\/#\/schema\/logo\/image\/\",\"url\":\"https:\/\/www.colindres.es\/wp-content\/uploads\/2017\/01\/LOGO-PRINCIPAL.jpg\",\"contentUrl\":\"https:\/\/www.colindres.es\/wp-content\/uploads\/2017\/01\/LOGO-PRINCIPAL.jpg\",\"width\":1209,\"height\":579,\"caption\":\"AYUNTAMIENTO DE COLINDRES\"},\"image\":{\"@id\":\"https:\/\/www.colindres.es\/#\/schema\/logo\/image\/\"}}]}<\/script>\n<!-- \/ Yoast SEO plugin. -->","yoast_head_json":{"title":"El Ayuntamiento de Colindres convertir\u00e1 La Charca en un gran parque p\u00fablico de 3.000 metros cuadrados - Ayuntamiento de Colindres","robots":{"index":"index","follow":"follow","max-snippet":"max-snippet:-1","max-image-preview":"max-image-preview:large","max-video-preview":"max-video-preview:-1"},"canonical":"https:\/\/www.colindres.es\/index.php\/project\/el-ayuntamiento-de-colindres-convertira-la-charca-en-un-gran-parque-publico-de-3-000-metros-cuadrados\/","og_locale":"es_ES","og_type":"article","og_title":"El Ayuntamiento de Colindres convertir\u00e1 La Charca en un gran parque p\u00fablico de 3.000 metros cuadrados - Ayuntamiento de Colindres","og_description":"El proyecto contempla la construcci\u00f3n de una l\u00e1mina de agua de muy poca profundidad que generar\u00e1 la sensaci\u00f3n de laguna y que se podr\u00e1 recorrer a trav\u00e9s de una pasarela de madera Incera ha destacado que se trata de una actuaci\u00f3n \u201cmuy ambiciosa\u201d que servir\u00e1 para transformar un espacio degradado en una zona de ocio [&hellip;]","og_url":"https:\/\/www.colindres.es\/index.php\/project\/el-ayuntamiento-de-colindres-convertira-la-charca-en-un-gran-parque-publico-de-3-000-metros-cuadrados\/","og_site_name":"Ayuntamiento de Colindres","og_image":[{"width":1280,"height":960,"url":"https:\/\/www.colindres.es\/wp-content\/uploads\/2018\/01\/Presentaci\u00f3n-Parque-La-Charca.jpg","type":"image\/jpeg"}],"twitter_card":"summary_large_image","twitter_misc":{"Tiempo de lectura":"3 minutos"},"schema":{"@context":"https:\/\/schema.org","@graph":[{"@type":"WebPage","@id":"https:\/\/www.colindres.es\/index.php\/project\/el-ayuntamiento-de-colindres-convertira-la-charca-en-un-gran-parque-publico-de-3-000-metros-cuadrados\/","url":"https:\/\/www.colindres.es\/index.php\/project\/el-ayuntamiento-de-colindres-convertira-la-charca-en-un-gran-parque-publico-de-3-000-metros-cuadrados\/","name":"El Ayuntamiento de Colindres convertir\u00e1 La Charca en un gran parque p\u00fablico de 3.000 metros cuadrados - Ayuntamiento de Colindres","isPartOf":{"@id":"https:\/\/www.colindres.es\/#website"},"primaryImageOfPage":{"@id":"https:\/\/www.colindres.es\/index.php\/project\/el-ayuntamiento-de-colindres-convertira-la-charca-en-un-gran-parque-publico-de-3-000-metros-cuadrados\/#primaryimage"},"image":{"@id":"https:\/\/www.colindres.es\/index.php\/project\/el-ayuntamiento-de-colindres-convertira-la-charca-en-un-gran-parque-publico-de-3-000-metros-cuadrados\/#primaryimage"},"thumbnailUrl":"https:\/\/www.colindres.es\/wp-content\/uploads\/2018\/01\/Presentaci\u00f3n-Parque-La-Charca.jpg","datePublished":"2018-01-14T09:54:06+00:00","breadcrumb":{"@id":"https:\/\/www.colindres.es\/index.php\/project\/el-ayuntamiento-de-colindres-convertira-la-charca-en-un-gran-parque-publico-de-3-000-metros-cuadrados\/#breadcrumb"},"inLanguage":"es","potentialAction":[{"@type":"ReadAction","target":["https:\/\/www.colindres.es\/index.php\/project\/el-ayuntamiento-de-colindres-convertira-la-charca-en-un-gran-parque-publico-de-3-000-metros-cuadrados\/"]}]},{"@type":"ImageObject","inLanguage":"es","@id":"https:\/\/www.colindres.es\/index.php\/project\/el-ayuntamiento-de-colindres-convertira-la-charca-en-un-gran-parque-publico-de-3-000-metros-cuadrados\/#primaryimage","url":"https:\/\/www.colindres.es\/wp-content\/uploads\/2018\/01\/Presentaci\u00f3n-Parque-La-Charca.jpg","contentUrl":"https:\/\/www.colindres.es\/wp-content\/uploads\/2018\/01\/Presentaci\u00f3n-Parque-La-Charca.jpg","width":1280,"height":960},{"@type":"BreadcrumbList","@id":"https:\/\/www.colindres.es\/index.php\/project\/el-ayuntamiento-de-colindres-convertira-la-charca-en-un-gran-parque-publico-de-3-000-metros-cuadrados\/#breadcrumb","itemListElement":[{"@type":"ListItem","position":1,"name":"Portada","item":"https:\/\/www.colindres.es\/"},{"@type":"ListItem","position":2,"name":"Proyectos","item":"https:\/\/www.colindres.es\/index.php\/project\/"},{"@type":"ListItem","position":3,"name":"El Ayuntamiento de Colindres convertir\u00e1 La Charca en un gran parque p\u00fablico de 3.000 metros cuadrados"}]},{"@type":"WebSite","@id":"https:\/\/www.colindres.es\/#website","url":"https:\/\/www.colindres.es\/","name":"Ayuntamiento de Colindres","description":"Dise\u00f1ado por NTIC&#039;s","publisher":{"@id":"https:\/\/www.colindres.es\/#organization"},"potentialAction":[{"@type":"SearchAction","target":{"@type":"EntryPoint","urlTemplate":"https:\/\/www.colindres.es\/?s={search_term_string}"},"query-input":{"@type":"PropertyValueSpecification","valueRequired":true,"valueName":"search_term_string"}}],"inLanguage":"es"},{"@type":"Organization","@id":"https:\/\/www.colindres.es\/#organization","name":"AYUNTAMIENTO DE COLINDRES","url":"https:\/\/www.colindres.es\/","logo":{"@type":"ImageObject","inLanguage":"es","@id":"https:\/\/www.colindres.es\/#\/schema\/logo\/image\/","url":"https:\/\/www.colindres.es\/wp-content\/uploads\/2017\/01\/LOGO-PRINCIPAL.jpg","contentUrl":"https:\/\/www.colindres.es\/wp-content\/uploads\/2017\/01\/LOGO-PRINCIPAL.jpg","width":1209,"height":579,"caption":"AYUNTAMIENTO DE COLINDRES"},"image":{"@id":"https:\/\/www.colindres.es\/#\/schema\/logo\/image\/"}}]}},"_links":{"self":[{"href":"https:\/\/www.colindres.es\/index.php\/wp-json\/wp\/v2\/project\/1238","targetHints":{"allow":["GET"]}}],"collection":[{"href":"https:\/\/www.colindres.es\/index.php\/wp-json\/wp\/v2\/project"}],"about":[{"href":"https:\/\/www.colindres.es\/index.php\/wp-json\/wp\/v2\/types\/project"}],"author":[{"embeddable":true,"href":"https:\/\/www.colindres.es\/index.php\/wp-json\/wp\/v2\/users\/1"}],"replies":[{"embeddable":true,"href":"https:\/\/www.colindres.es\/index.php\/wp-json\/wp\/v2\/comments?post=1238"}],"version-history":[{"count":1,"href":"https:\/\/www.colindres.es\/index.php\/wp-json\/wp\/v2\/project\/1238\/revisions"}],"predecessor-version":[{"id":1240,"href":"https:\/\/www.colindres.es\/index.php\/wp-json\/wp\/v2\/project\/1238\/revisions\/1240"}],"wp:featuredmedia":[{"embeddable":true,"href":"https:\/\/www.colindres.es\/index.php\/wp-json\/wp\/v2\/media\/1239"}],"wp:attachment":[{"href":"https:\/\/www.colindres.es\/index.php\/wp-json\/wp\/v2\/media?parent=1238"}],"wp:term":[{"taxonomy":"project_category","embeddable":true,"href":"https:\/\/www.colindres.es\/index.php\/wp-json\/wp\/v2\/project_category?post=1238"},{"taxonomy":"project_tag","embeddable":true,"href":"https:\/\/www.colindres.es\/index.php\/wp-json\/wp\/v2\/project_tag?post=1238"}],"curies":[{"name":"wp","href":"https:\/\/api.w.org\/{rel}","templated":true}]}}