{"id":1218,"date":"2018-01-04T11:52:15","date_gmt":"2018-01-04T11:52:15","guid":{"rendered":"http:\/\/colindres.es\/?post_type=project&#038;p=1218"},"modified":"2018-01-04T11:54:24","modified_gmt":"2018-01-04T11:54:24","slug":"el-ayuntamiento-de-colindres-rehabilitara-la-plaza-de-la-constitucion-y-la-dotara-de-un-area-de-juegos-infantil","status":"publish","type":"project","link":"https:\/\/www.colindres.es\/index.php\/project\/el-ayuntamiento-de-colindres-rehabilitara-la-plaza-de-la-constitucion-y-la-dotara-de-un-area-de-juegos-infantil\/","title":{"rendered":"El Ayuntamiento de Colindres rehabilitar\u00e1 la Plaza de la Constituci\u00f3n y la dotar\u00e1 de un \u00e1rea de juegos infantil"},"content":{"rendered":"<p>Las obras cuentan con un presupuesto de 400.000 euros y comprenden la renovaci\u00f3n del pavimento y el mobiliario urbano, el cambio de sistema de iluminaci\u00f3n a led y la instalaci\u00f3n de un conjunto de p\u00e9rgolas<\/p>\n<p>Colindres, 04 de enero.- El alcalde de Colindres, Javier Incera, ha anunciado este jueves que el Ayuntamiento va a rehabilitar la Plaza de la Constituci\u00f3n, dot\u00e1ndola de un \u00e1rea de juegos infantil e instalando un conjunto de p\u00e9rgolas met\u00e1licas revestidas de madera.<\/p>\n<p>Tambi\u00e9n se renovar\u00e1 el pavimento de baldosas y el conjunto del mobiliario urbano y se aprovechar\u00e1n los trabajos para disponer de un sistema de iluminaci\u00f3n led m\u00e1s eficiente.<\/p>\n<p>La Plaza de la Constituci\u00f3n se encuentra en pleno casco urbano de Colindres y es punto de encuentro de numerosos vecinos. Su construcci\u00f3n data de hace m\u00e1s de 30 a\u00f1os y no ha sido rehabilitada a lo largo de este tiempo, por lo que se hac\u00eda necesario actuar sobre ella, seg\u00fan ha manifestado el alcalde.<\/p>\n<p>Las obras comprenden, adem\u00e1s de la renovaci\u00f3n del pavimento, el mobiliario urbano y el sistema de iluminaci\u00f3n, la instalaci\u00f3n de un \u00e1rea de juego infantil \u201cmuy original\u201d en la zona oeste de la plaza con la recreaci\u00f3n de un barco pirata como elemento de ocio y diversi\u00f3n para los m\u00e1s peque\u00f1os.<\/p>\n<p>No obstante, seg\u00fan ha indicado el alcalde, la plaza seguir\u00e1 contando con una \u201cgran superficie di\u00e1fana\u201d para la celebraci\u00f3n de las distintas ferias y eventos que ocasionalmente se realizan en este espacio. En este sentido, Incera ha apuntado que el proyecto contempla reforzar la solera de hormig\u00f3n con el objetivo de soportar la instalaci\u00f3n de ferias y carpas de espect\u00e1culos.<\/p>\n<p>\u201cDesde el equipo de Gobierno estamos empe\u00f1ados en seguir mejorando los espacios p\u00fablicos, para fomentar la convivencia entre los vecinos de Colindres y dinamizar al mismo tiempo las calles del municipio, lo que redunda en beneficio de los comercios y negocios de hosteler\u00eda locales\u201d, ha destacado Incera.<\/p>\n<p>El alcalde ha detallado que los trabajos comenzar\u00e1n durante el primer semestre del a\u00f1o y cuentan con un presupuesto de 400.000 euros. La rehabilitaci\u00f3n de la Plaza de la Constituci\u00f3n es uno de los tres proyectos que el Ayuntamiento de Colindres ha presentado al Plan de Obras municipal del Gobierno de Cantabria, que cofinanciar\u00e1 parte de la inversi\u00f3n.<\/p>\n<p>Descripci\u00f3n de los trabajos<\/p>\n<p>Las obras comenzar\u00e1n con el replanteo de las diferentes \u00e1reas definidas en el proyecto, para continuar posteriormente con la retirada de los elementos de mobiliario existentes, tales como bancos, p\u00e9rgolas, puntos de luz, barandillas, etc\u00e9tera.<\/p>\n<p>La reparaci\u00f3n de la plaza propiamente dicha comenzar\u00e1 con la demolici\u00f3n de las baldosas y su capa de mortero. Se ejecutar\u00e1 una solera de hormig\u00f3n de 15 cent\u00edmetros, sobre la que se adherir\u00e1n las baldosas con acabado pergamino. Los trabajos tambi\u00e9n comprender\u00e1n la reposici\u00f3n del colector de drenaje para captar la escorrent\u00eda y que esta vierta hacia los puntos de drenaje habilitados.<\/p>\n<p>La obra concluir\u00e1 con la urbanizaci\u00f3n de la plaza mediante la colocaci\u00f3n de elementos como papeleras y bancos, una fuente y la instalaci\u00f3n del parque infantil sobre suelo de seguridad y el conjunto de p\u00e9rgolas.<\/p>\n<p>Asimismo, se dispondr\u00e1 de alcorques en todos los \u00e1rboles perimetrales a la plaza.<\/p>\n","protected":false},"excerpt":{"rendered":"<p>Las obras cuentan con un presupuesto de 400.000 euros y comprenden la renovaci\u00f3n del pavimento y el mobiliario urbano, el cambio de sistema de iluminaci\u00f3n a led y la instalaci\u00f3n de un conjunto de p\u00e9rgolas Colindres, 04 de enero.- El alcalde de Colindres, Javier Incera, ha anunciado este jueves que el Ayuntamiento va a rehabilitar [&hellip;]<\/p>\n","protected":false},"author":1,"featured_media":1219,"comment_status":"open","ping_status":"closed","template":"","meta":{"_et_pb_use_builder":"","_et_pb_old_content":"","_et_gb_content_width":"","footnotes":""},"project_category":[],"project_tag":[],"class_list":["post-1218","project","type-project","status-publish","has-post-thumbnail","hentry"],"yoast_head":"<!-- This site is optimized with the Yoast SEO plugin v24.9 - https:\/\/yoast.com\/wordpress\/plugins\/seo\/ -->\n<title>El Ayuntamiento de Colindres rehabilitar\u00e1 la Plaza de la Constituci\u00f3n y la dotar\u00e1 de un \u00e1rea de juegos infantil - Ayuntamiento de Colindres<\/title>\n<meta name=\"robots\" content=\"index, follow, max-snippet:-1, max-image-preview:large, max-video-preview:-1\" \/>\n<link rel=\"canonical\" href=\"https:\/\/www.colindres.es\/index.php\/project\/el-ayuntamiento-de-colindres-rehabilitara-la-plaza-de-la-constitucion-y-la-dotara-de-un-area-de-juegos-infantil\/\" \/>\n<meta property=\"og:locale\" content=\"es_ES\" \/>\n<meta property=\"og:type\" content=\"article\" \/>\n<meta property=\"og:title\" content=\"El Ayuntamiento de Colindres rehabilitar\u00e1 la Plaza de la Constituci\u00f3n y la dotar\u00e1 de un \u00e1rea de juegos infantil - Ayuntamiento de Colindres\" \/>\n<meta property=\"og:description\" content=\"Las obras cuentan con un presupuesto de 400.000 euros y comprenden la renovaci\u00f3n del pavimento y el mobiliario urbano, el cambio de sistema de iluminaci\u00f3n a led y la instalaci\u00f3n de un conjunto de p\u00e9rgolas Colindres, 04 de enero.- El alcalde de Colindres, Javier Incera, ha anunciado este jueves que el Ayuntamiento va a rehabilitar [&hellip;]\" \/>\n<meta property=\"og:url\" content=\"https:\/\/www.colindres.es\/index.php\/project\/el-ayuntamiento-de-colindres-rehabilitara-la-plaza-de-la-constitucion-y-la-dotara-de-un-area-de-juegos-infantil\/\" \/>\n<meta property=\"og:site_name\" content=\"Ayuntamiento de Colindres\" \/>\n<meta property=\"article:modified_time\" content=\"2018-01-04T11:54:24+00:00\" \/>\n<meta property=\"og:image\" content=\"https:\/\/www.colindres.es\/wp-content\/uploads\/2018\/01\/Plaza-de-la-Constituci\u00f3n.jpg\" \/>\n\t<meta property=\"og:image:width\" content=\"1024\" \/>\n\t<meta property=\"og:image:height\" content=\"768\" \/>\n\t<meta property=\"og:image:type\" content=\"image\/jpeg\" \/>\n<meta name=\"twitter:card\" content=\"summary_large_image\" \/>\n<meta name=\"twitter:label1\" content=\"Tiempo de lectura\" \/>\n\t<meta name=\"twitter:data1\" content=\"3 minutos\" \/>\n<script type=\"application\/ld+json\" class=\"yoast-schema-graph\">{\"@context\":\"https:\/\/schema.org\",\"@graph\":[{\"@type\":\"WebPage\",\"@id\":\"https:\/\/www.colindres.es\/index.php\/project\/el-ayuntamiento-de-colindres-rehabilitara-la-plaza-de-la-constitucion-y-la-dotara-de-un-area-de-juegos-infantil\/\",\"url\":\"https:\/\/www.colindres.es\/index.php\/project\/el-ayuntamiento-de-colindres-rehabilitara-la-plaza-de-la-constitucion-y-la-dotara-de-un-area-de-juegos-infantil\/\",\"name\":\"El Ayuntamiento de Colindres rehabilitar\u00e1 la Plaza de la Constituci\u00f3n y la dotar\u00e1 de un \u00e1rea de juegos infantil - Ayuntamiento de Colindres\",\"isPartOf\":{\"@id\":\"https:\/\/www.colindres.es\/#website\"},\"primaryImageOfPage\":{\"@id\":\"https:\/\/www.colindres.es\/index.php\/project\/el-ayuntamiento-de-colindres-rehabilitara-la-plaza-de-la-constitucion-y-la-dotara-de-un-area-de-juegos-infantil\/#primaryimage\"},\"image\":{\"@id\":\"https:\/\/www.colindres.es\/index.php\/project\/el-ayuntamiento-de-colindres-rehabilitara-la-plaza-de-la-constitucion-y-la-dotara-de-un-area-de-juegos-infantil\/#primaryimage\"},\"thumbnailUrl\":\"https:\/\/www.colindres.es\/wp-content\/uploads\/2018\/01\/Plaza-de-la-Constituci\u00f3n.jpg\",\"datePublished\":\"2018-01-04T11:52:15+00:00\",\"dateModified\":\"2018-01-04T11:54:24+00:00\",\"breadcrumb\":{\"@id\":\"https:\/\/www.colindres.es\/index.php\/project\/el-ayuntamiento-de-colindres-rehabilitara-la-plaza-de-la-constitucion-y-la-dotara-de-un-area-de-juegos-infantil\/#breadcrumb\"},\"inLanguage\":\"es\",\"potentialAction\":[{\"@type\":\"ReadAction\",\"target\":[\"https:\/\/www.colindres.es\/index.php\/project\/el-ayuntamiento-de-colindres-rehabilitara-la-plaza-de-la-constitucion-y-la-dotara-de-un-area-de-juegos-infantil\/\"]}]},{\"@type\":\"ImageObject\",\"inLanguage\":\"es\",\"@id\":\"https:\/\/www.colindres.es\/index.php\/project\/el-ayuntamiento-de-colindres-rehabilitara-la-plaza-de-la-constitucion-y-la-dotara-de-un-area-de-juegos-infantil\/#primaryimage\",\"url\":\"https:\/\/www.colindres.es\/wp-content\/uploads\/2018\/01\/Plaza-de-la-Constituci\u00f3n.jpg\",\"contentUrl\":\"https:\/\/www.colindres.es\/wp-content\/uploads\/2018\/01\/Plaza-de-la-Constituci\u00f3n.jpg\",\"width\":1024,\"height\":768},{\"@type\":\"BreadcrumbList\",\"@id\":\"https:\/\/www.colindres.es\/index.php\/project\/el-ayuntamiento-de-colindres-rehabilitara-la-plaza-de-la-constitucion-y-la-dotara-de-un-area-de-juegos-infantil\/#breadcrumb\",\"itemListElement\":[{\"@type\":\"ListItem\",\"position\":1,\"name\":\"Portada\",\"item\":\"https:\/\/www.colindres.es\/\"},{\"@type\":\"ListItem\",\"position\":2,\"name\":\"Proyectos\",\"item\":\"https:\/\/www.colindres.es\/index.php\/project\/\"},{\"@type\":\"ListItem\",\"position\":3,\"name\":\"El Ayuntamiento de Colindres rehabilitar\u00e1 la Plaza de la Constituci\u00f3n y la dotar\u00e1 de un \u00e1rea de juegos infantil\"}]},{\"@type\":\"WebSite\",\"@id\":\"https:\/\/www.colindres.es\/#website\",\"url\":\"https:\/\/www.colindres.es\/\",\"name\":\"Ayuntamiento de Colindres\",\"description\":\"Dise\u00f1ado por NTIC&#039;s\",\"publisher\":{\"@id\":\"https:\/\/www.colindres.es\/#organization\"},\"potentialAction\":[{\"@type\":\"SearchAction\",\"target\":{\"@type\":\"EntryPoint\",\"urlTemplate\":\"https:\/\/www.colindres.es\/?s={search_term_string}\"},\"query-input\":{\"@type\":\"PropertyValueSpecification\",\"valueRequired\":true,\"valueName\":\"search_term_string\"}}],\"inLanguage\":\"es\"},{\"@type\":\"Organization\",\"@id\":\"https:\/\/www.colindres.es\/#organization\",\"name\":\"AYUNTAMIENTO DE COLINDRES\",\"url\":\"https:\/\/www.colindres.es\/\",\"logo\":{\"@type\":\"ImageObject\",\"inLanguage\":\"es\",\"@id\":\"https:\/\/www.colindres.es\/#\/schema\/logo\/image\/\",\"url\":\"https:\/\/www.colindres.es\/wp-content\/uploads\/2017\/01\/LOGO-PRINCIPAL.jpg\",\"contentUrl\":\"https:\/\/www.colindres.es\/wp-content\/uploads\/2017\/01\/LOGO-PRINCIPAL.jpg\",\"width\":1209,\"height\":579,\"caption\":\"AYUNTAMIENTO DE COLINDRES\"},\"image\":{\"@id\":\"https:\/\/www.colindres.es\/#\/schema\/logo\/image\/\"}}]}<\/script>\n<!-- \/ Yoast SEO plugin. -->","yoast_head_json":{"title":"El Ayuntamiento de Colindres rehabilitar\u00e1 la Plaza de la Constituci\u00f3n y la dotar\u00e1 de un \u00e1rea de juegos infantil - Ayuntamiento de Colindres","robots":{"index":"index","follow":"follow","max-snippet":"max-snippet:-1","max-image-preview":"max-image-preview:large","max-video-preview":"max-video-preview:-1"},"canonical":"https:\/\/www.colindres.es\/index.php\/project\/el-ayuntamiento-de-colindres-rehabilitara-la-plaza-de-la-constitucion-y-la-dotara-de-un-area-de-juegos-infantil\/","og_locale":"es_ES","og_type":"article","og_title":"El Ayuntamiento de Colindres rehabilitar\u00e1 la Plaza de la Constituci\u00f3n y la dotar\u00e1 de un \u00e1rea de juegos infantil - Ayuntamiento de Colindres","og_description":"Las obras cuentan con un presupuesto de 400.000 euros y comprenden la renovaci\u00f3n del pavimento y el mobiliario urbano, el cambio de sistema de iluminaci\u00f3n a led y la instalaci\u00f3n de un conjunto de p\u00e9rgolas Colindres, 04 de enero.- El alcalde de Colindres, Javier Incera, ha anunciado este jueves que el Ayuntamiento va a rehabilitar [&hellip;]","og_url":"https:\/\/www.colindres.es\/index.php\/project\/el-ayuntamiento-de-colindres-rehabilitara-la-plaza-de-la-constitucion-y-la-dotara-de-un-area-de-juegos-infantil\/","og_site_name":"Ayuntamiento de Colindres","article_modified_time":"2018-01-04T11:54:24+00:00","og_image":[{"width":1024,"height":768,"url":"https:\/\/www.colindres.es\/wp-content\/uploads\/2018\/01\/Plaza-de-la-Constituci\u00f3n.jpg","type":"image\/jpeg"}],"twitter_card":"summary_large_image","twitter_misc":{"Tiempo de lectura":"3 minutos"},"schema":{"@context":"https:\/\/schema.org","@graph":[{"@type":"WebPage","@id":"https:\/\/www.colindres.es\/index.php\/project\/el-ayuntamiento-de-colindres-rehabilitara-la-plaza-de-la-constitucion-y-la-dotara-de-un-area-de-juegos-infantil\/","url":"https:\/\/www.colindres.es\/index.php\/project\/el-ayuntamiento-de-colindres-rehabilitara-la-plaza-de-la-constitucion-y-la-dotara-de-un-area-de-juegos-infantil\/","name":"El Ayuntamiento de Colindres rehabilitar\u00e1 la Plaza de la Constituci\u00f3n y la dotar\u00e1 de un \u00e1rea de juegos infantil - Ayuntamiento de Colindres","isPartOf":{"@id":"https:\/\/www.colindres.es\/#website"},"primaryImageOfPage":{"@id":"https:\/\/www.colindres.es\/index.php\/project\/el-ayuntamiento-de-colindres-rehabilitara-la-plaza-de-la-constitucion-y-la-dotara-de-un-area-de-juegos-infantil\/#primaryimage"},"image":{"@id":"https:\/\/www.colindres.es\/index.php\/project\/el-ayuntamiento-de-colindres-rehabilitara-la-plaza-de-la-constitucion-y-la-dotara-de-un-area-de-juegos-infantil\/#primaryimage"},"thumbnailUrl":"https:\/\/www.colindres.es\/wp-content\/uploads\/2018\/01\/Plaza-de-la-Constituci\u00f3n.jpg","datePublished":"2018-01-04T11:52:15+00:00","dateModified":"2018-01-04T11:54:24+00:00","breadcrumb":{"@id":"https:\/\/www.colindres.es\/index.php\/project\/el-ayuntamiento-de-colindres-rehabilitara-la-plaza-de-la-constitucion-y-la-dotara-de-un-area-de-juegos-infantil\/#breadcrumb"},"inLanguage":"es","potentialAction":[{"@type":"ReadAction","target":["https:\/\/www.colindres.es\/index.php\/project\/el-ayuntamiento-de-colindres-rehabilitara-la-plaza-de-la-constitucion-y-la-dotara-de-un-area-de-juegos-infantil\/"]}]},{"@type":"ImageObject","inLanguage":"es","@id":"https:\/\/www.colindres.es\/index.php\/project\/el-ayuntamiento-de-colindres-rehabilitara-la-plaza-de-la-constitucion-y-la-dotara-de-un-area-de-juegos-infantil\/#primaryimage","url":"https:\/\/www.colindres.es\/wp-content\/uploads\/2018\/01\/Plaza-de-la-Constituci\u00f3n.jpg","contentUrl":"https:\/\/www.colindres.es\/wp-content\/uploads\/2018\/01\/Plaza-de-la-Constituci\u00f3n.jpg","width":1024,"height":768},{"@type":"BreadcrumbList","@id":"https:\/\/www.colindres.es\/index.php\/project\/el-ayuntamiento-de-colindres-rehabilitara-la-plaza-de-la-constitucion-y-la-dotara-de-un-area-de-juegos-infantil\/#breadcrumb","itemListElement":[{"@type":"ListItem","position":1,"name":"Portada","item":"https:\/\/www.colindres.es\/"},{"@type":"ListItem","position":2,"name":"Proyectos","item":"https:\/\/www.colindres.es\/index.php\/project\/"},{"@type":"ListItem","position":3,"name":"El Ayuntamiento de Colindres rehabilitar\u00e1 la Plaza de la Constituci\u00f3n y la dotar\u00e1 de un \u00e1rea de juegos infantil"}]},{"@type":"WebSite","@id":"https:\/\/www.colindres.es\/#website","url":"https:\/\/www.colindres.es\/","name":"Ayuntamiento de Colindres","description":"Dise\u00f1ado por NTIC&#039;s","publisher":{"@id":"https:\/\/www.colindres.es\/#organization"},"potentialAction":[{"@type":"SearchAction","target":{"@type":"EntryPoint","urlTemplate":"https:\/\/www.colindres.es\/?s={search_term_string}"},"query-input":{"@type":"PropertyValueSpecification","valueRequired":true,"valueName":"search_term_string"}}],"inLanguage":"es"},{"@type":"Organization","@id":"https:\/\/www.colindres.es\/#organization","name":"AYUNTAMIENTO DE COLINDRES","url":"https:\/\/www.colindres.es\/","logo":{"@type":"ImageObject","inLanguage":"es","@id":"https:\/\/www.colindres.es\/#\/schema\/logo\/image\/","url":"https:\/\/www.colindres.es\/wp-content\/uploads\/2017\/01\/LOGO-PRINCIPAL.jpg","contentUrl":"https:\/\/www.colindres.es\/wp-content\/uploads\/2017\/01\/LOGO-PRINCIPAL.jpg","width":1209,"height":579,"caption":"AYUNTAMIENTO DE COLINDRES"},"image":{"@id":"https:\/\/www.colindres.es\/#\/schema\/logo\/image\/"}}]}},"_links":{"self":[{"href":"https:\/\/www.colindres.es\/index.php\/wp-json\/wp\/v2\/project\/1218","targetHints":{"allow":["GET"]}}],"collection":[{"href":"https:\/\/www.colindres.es\/index.php\/wp-json\/wp\/v2\/project"}],"about":[{"href":"https:\/\/www.colindres.es\/index.php\/wp-json\/wp\/v2\/types\/project"}],"author":[{"embeddable":true,"href":"https:\/\/www.colindres.es\/index.php\/wp-json\/wp\/v2\/users\/1"}],"replies":[{"embeddable":true,"href":"https:\/\/www.colindres.es\/index.php\/wp-json\/wp\/v2\/comments?post=1218"}],"version-history":[{"count":1,"href":"https:\/\/www.colindres.es\/index.php\/wp-json\/wp\/v2\/project\/1218\/revisions"}],"predecessor-version":[{"id":1220,"href":"https:\/\/www.colindres.es\/index.php\/wp-json\/wp\/v2\/project\/1218\/revisions\/1220"}],"wp:featuredmedia":[{"embeddable":true,"href":"https:\/\/www.colindres.es\/index.php\/wp-json\/wp\/v2\/media\/1219"}],"wp:attachment":[{"href":"https:\/\/www.colindres.es\/index.php\/wp-json\/wp\/v2\/media?parent=1218"}],"wp:term":[{"taxonomy":"project_category","embeddable":true,"href":"https:\/\/www.colindres.es\/index.php\/wp-json\/wp\/v2\/project_category?post=1218"},{"taxonomy":"project_tag","embeddable":true,"href":"https:\/\/www.colindres.es\/index.php\/wp-json\/wp\/v2\/project_tag?post=1218"}],"curies":[{"name":"wp","href":"https:\/\/api.w.org\/{rel}","templated":true}]}}