{"id":1209,"date":"2017-12-30T21:15:26","date_gmt":"2017-12-30T21:15:26","guid":{"rendered":"http:\/\/colindres.es\/?post_type=project&#038;p=1209"},"modified":"2017-12-30T21:15:26","modified_gmt":"2017-12-30T21:15:26","slug":"el-ayuntamiento-de-colindres-rehabilitara-la-fachada-de-la-casa-de-los-maestros","status":"publish","type":"project","link":"https:\/\/www.colindres.es\/index.php\/project\/el-ayuntamiento-de-colindres-rehabilitara-la-fachada-de-la-casa-de-los-maestros\/","title":{"rendered":"El Ayuntamiento de Colindres rehabilitar\u00e1 la fachada de la Casa de los Maestros"},"content":{"rendered":"<p>Los trabajos cuentan con un presupuesto de 100.000 euros y est\u00e1n cofinanciados por el plan de obras municipal del Gobierno de Cantabria<\/p>\n<p>Colindres, 29 de diciembre.- El Ayuntamiento de Colindres rehabilitar\u00e1 la fachada del edificio de la Casa de los Maestros con el objetivo de proteger el valor patrimonial del inmueble y solucionar algunas patolog\u00edas existentes.<\/p>\n<p>El alcalde, Javier Incera, ha explicado en un comunicado que el Consistorio ya cuenta con el proyecto redactado y ha indicado que las obras saldr\u00e1n a concurso p\u00fablico en las pr\u00f3ximas semanas y, con toda seguridad, ser\u00e1n adjudicadas antes del primer semestre de 2018.<\/p>\n<p>La Casa de los Maestros, situada en la calle Heliodoro Fern\u00e1ndez, es un edificio de 1960 de cuatro plantas construido originalmente para albergar las viviendas de los maestros de Colindres. Hoy en d\u00eda es la sede del Centro Social de Mayores y el Albergue de Peregrinos del Camino de Santiago, as\u00ed como de varias asociaciones del municipio.<\/p>\n<p>Adem\u00e1s de eliminar los problemas de humedades y condensaciones existentes fundamentalmente en las fachadas exteriores, los trabajos de rehabilitaci\u00f3n se aprovechar\u00e1n para mejorar de forma considerable la eficiencia energ\u00e9tica y ac\u00fastica, \u201caumentando el grado de confort para los usuarios de las instalaciones municipales y el ahorro en la demanda de energ\u00eda\u201d, seg\u00fan ha destacado Incera.<\/p>\n<p>El presupuesto de la obra asciende a 99.128 euros y la misma ser\u00e1 cofinanciada con cargo al plan de obras municipal del Gobierno de Cantabria.<\/p>\n<p>Los trabajos<\/p>\n<p>El Informe de Evaluaci\u00f3n del Edificio, realizado por una empresa externa, ha determinado que el estado de la cubierta es bueno y que la estructura es la adecuada para la edad del inmueble, de modo que los trabajos se centrar\u00e1n en rehabilitar la envolvente de la edificaci\u00f3n para impedir que se produzcan humedades y mejorar la eficiencia energ\u00e9tica y ac\u00fastica.<\/p>\n<p>La actuaci\u00f3n se llevar\u00e1 a cabo en varias fases y la empresa responsable de las obras tomar\u00e1 las medidas de protecci\u00f3n necesarias para que los usuarios puedan seguir realizando sus actividades habituales mientras se ejecutan los trabajos de restauraci\u00f3n.<\/p>\n<p>En primer lugar se colocar\u00e1 un andamio alrededor del edificio y se proceder\u00e1 al desmontaje de todos aquellos elementos que puedan interferir en la obra, como las instalaciones de gas, las bajantes de la cubierta, el cableado o las rejas existentes. Tambi\u00e9n se retirar\u00e1 el chapado de piedra natural que ser\u00e1 trasladado a almacenes municipales para una posterior utilizaci\u00f3n.<\/p>\n<p>Posteriormente, se picar\u00e1 el mortero actual hasta dejar vista la f\u00e1brica de ladrillo de las fachadas. En la zona de los aleros y techos de balcones se rascar\u00e1 la pintura actual y se emplear\u00e1 una pintura al silicato en color.<\/p>\n<p>A continuaci\u00f3n se ejecutar\u00e1 una capa de regularizaci\u00f3n y nivelaci\u00f3n con un enfoscado maestrado de mortero hidr\u00f3fugo, con un espesor medio de 2 cent\u00edmetros, que resuelva todas las irregularidades hasta conseguir una planeidad de los pa\u00f1os de fachada para ser aptos para el SATE (Sistema de Aislamiento T\u00e9rmico Exterior), que comprender\u00e1 la colocaci\u00f3n de placas aislantes de 5 cent\u00edmetros que ser\u00e1n ancladas mec\u00e1nicamente.<\/p>\n<p><img loading=\"lazy\" decoding=\"async\" class=\"alignnone size-medium wp-image-1211\" src=\"http:\/\/colindres.es\/wp-content\/uploads\/2017\/12\/Infograf\u00eda-Rehabilitaci\u00f3n-Casa-de-los-Maestros-2-300x143.jpg\" alt=\"\" width=\"300\" height=\"143\" srcset=\"https:\/\/www.colindres.es\/wp-content\/uploads\/2017\/12\/Infograf\u00eda-Rehabilitaci\u00f3n-Casa-de-los-Maestros-2-300x143.jpg 300w, https:\/\/www.colindres.es\/wp-content\/uploads\/2017\/12\/Infograf\u00eda-Rehabilitaci\u00f3n-Casa-de-los-Maestros-2-768x367.jpg 768w, https:\/\/www.colindres.es\/wp-content\/uploads\/2017\/12\/Infograf\u00eda-Rehabilitaci\u00f3n-Casa-de-los-Maestros-2-1024x489.jpg 1024w, https:\/\/www.colindres.es\/wp-content\/uploads\/2017\/12\/Infograf\u00eda-Rehabilitaci\u00f3n-Casa-de-los-Maestros-2-1080x516.jpg 1080w\" sizes=\"(max-width: 300px) 100vw, 300px\" \/><\/p>\n","protected":false},"excerpt":{"rendered":"<p>Los trabajos cuentan con un presupuesto de 100.000 euros y est\u00e1n cofinanciados por el plan de obras municipal del Gobierno de Cantabria Colindres, 29 de diciembre.- El Ayuntamiento de Colindres rehabilitar\u00e1 la fachada del edificio de la Casa de los Maestros con el objetivo de proteger el valor patrimonial del inmueble y solucionar algunas patolog\u00edas [&hellip;]<\/p>\n","protected":false},"author":1,"featured_media":1210,"comment_status":"open","ping_status":"closed","template":"","meta":{"_et_pb_use_builder":"","_et_pb_old_content":"","_et_gb_content_width":"","footnotes":""},"project_category":[],"project_tag":[],"class_list":["post-1209","project","type-project","status-publish","has-post-thumbnail","hentry"],"yoast_head":"<!-- This site is optimized with the Yoast SEO plugin v24.9 - https:\/\/yoast.com\/wordpress\/plugins\/seo\/ -->\n<title>El Ayuntamiento de Colindres rehabilitar\u00e1 la fachada de la Casa de los Maestros - Ayuntamiento de Colindres<\/title>\n<meta name=\"robots\" content=\"index, follow, max-snippet:-1, max-image-preview:large, max-video-preview:-1\" \/>\n<link rel=\"canonical\" href=\"https:\/\/www.colindres.es\/index.php\/project\/el-ayuntamiento-de-colindres-rehabilitara-la-fachada-de-la-casa-de-los-maestros\/\" \/>\n<meta property=\"og:locale\" content=\"es_ES\" \/>\n<meta property=\"og:type\" content=\"article\" \/>\n<meta property=\"og:title\" content=\"El Ayuntamiento de Colindres rehabilitar\u00e1 la fachada de la Casa de los Maestros - Ayuntamiento de Colindres\" \/>\n<meta property=\"og:description\" content=\"Los trabajos cuentan con un presupuesto de 100.000 euros y est\u00e1n cofinanciados por el plan de obras municipal del Gobierno de Cantabria Colindres, 29 de diciembre.- El Ayuntamiento de Colindres rehabilitar\u00e1 la fachada del edificio de la Casa de los Maestros con el objetivo de proteger el valor patrimonial del inmueble y solucionar algunas patolog\u00edas [&hellip;]\" \/>\n<meta property=\"og:url\" content=\"https:\/\/www.colindres.es\/index.php\/project\/el-ayuntamiento-de-colindres-rehabilitara-la-fachada-de-la-casa-de-los-maestros\/\" \/>\n<meta property=\"og:site_name\" content=\"Ayuntamiento de Colindres\" \/>\n<meta property=\"og:image\" content=\"https:\/\/www.colindres.es\/wp-content\/uploads\/2017\/12\/Infograf\u00eda-Rehabilitaci\u00f3n-Casa-de-los-Maestros-1.jpg\" \/>\n\t<meta property=\"og:image:width\" content=\"6283\" \/>\n\t<meta property=\"og:image:height\" content=\"3000\" \/>\n\t<meta property=\"og:image:type\" content=\"image\/jpeg\" \/>\n<meta name=\"twitter:card\" content=\"summary_large_image\" \/>\n<meta name=\"twitter:label1\" content=\"Tiempo de lectura\" \/>\n\t<meta name=\"twitter:data1\" content=\"3 minutos\" \/>\n<script type=\"application\/ld+json\" class=\"yoast-schema-graph\">{\"@context\":\"https:\/\/schema.org\",\"@graph\":[{\"@type\":\"WebPage\",\"@id\":\"https:\/\/www.colindres.es\/index.php\/project\/el-ayuntamiento-de-colindres-rehabilitara-la-fachada-de-la-casa-de-los-maestros\/\",\"url\":\"https:\/\/www.colindres.es\/index.php\/project\/el-ayuntamiento-de-colindres-rehabilitara-la-fachada-de-la-casa-de-los-maestros\/\",\"name\":\"El Ayuntamiento de Colindres rehabilitar\u00e1 la fachada de la Casa de los Maestros - Ayuntamiento de Colindres\",\"isPartOf\":{\"@id\":\"https:\/\/www.colindres.es\/#website\"},\"primaryImageOfPage\":{\"@id\":\"https:\/\/www.colindres.es\/index.php\/project\/el-ayuntamiento-de-colindres-rehabilitara-la-fachada-de-la-casa-de-los-maestros\/#primaryimage\"},\"image\":{\"@id\":\"https:\/\/www.colindres.es\/index.php\/project\/el-ayuntamiento-de-colindres-rehabilitara-la-fachada-de-la-casa-de-los-maestros\/#primaryimage\"},\"thumbnailUrl\":\"https:\/\/www.colindres.es\/wp-content\/uploads\/2017\/12\/Infograf\u00eda-Rehabilitaci\u00f3n-Casa-de-los-Maestros-1.jpg\",\"datePublished\":\"2017-12-30T21:15:26+00:00\",\"breadcrumb\":{\"@id\":\"https:\/\/www.colindres.es\/index.php\/project\/el-ayuntamiento-de-colindres-rehabilitara-la-fachada-de-la-casa-de-los-maestros\/#breadcrumb\"},\"inLanguage\":\"es\",\"potentialAction\":[{\"@type\":\"ReadAction\",\"target\":[\"https:\/\/www.colindres.es\/index.php\/project\/el-ayuntamiento-de-colindres-rehabilitara-la-fachada-de-la-casa-de-los-maestros\/\"]}]},{\"@type\":\"ImageObject\",\"inLanguage\":\"es\",\"@id\":\"https:\/\/www.colindres.es\/index.php\/project\/el-ayuntamiento-de-colindres-rehabilitara-la-fachada-de-la-casa-de-los-maestros\/#primaryimage\",\"url\":\"https:\/\/www.colindres.es\/wp-content\/uploads\/2017\/12\/Infograf\u00eda-Rehabilitaci\u00f3n-Casa-de-los-Maestros-1.jpg\",\"contentUrl\":\"https:\/\/www.colindres.es\/wp-content\/uploads\/2017\/12\/Infograf\u00eda-Rehabilitaci\u00f3n-Casa-de-los-Maestros-1.jpg\",\"width\":6283,\"height\":3000},{\"@type\":\"BreadcrumbList\",\"@id\":\"https:\/\/www.colindres.es\/index.php\/project\/el-ayuntamiento-de-colindres-rehabilitara-la-fachada-de-la-casa-de-los-maestros\/#breadcrumb\",\"itemListElement\":[{\"@type\":\"ListItem\",\"position\":1,\"name\":\"Portada\",\"item\":\"https:\/\/www.colindres.es\/\"},{\"@type\":\"ListItem\",\"position\":2,\"name\":\"Proyectos\",\"item\":\"https:\/\/www.colindres.es\/index.php\/project\/\"},{\"@type\":\"ListItem\",\"position\":3,\"name\":\"El Ayuntamiento de Colindres rehabilitar\u00e1 la fachada de la Casa de los Maestros\"}]},{\"@type\":\"WebSite\",\"@id\":\"https:\/\/www.colindres.es\/#website\",\"url\":\"https:\/\/www.colindres.es\/\",\"name\":\"Ayuntamiento de Colindres\",\"description\":\"Dise\u00f1ado por NTIC&#039;s\",\"publisher\":{\"@id\":\"https:\/\/www.colindres.es\/#organization\"},\"potentialAction\":[{\"@type\":\"SearchAction\",\"target\":{\"@type\":\"EntryPoint\",\"urlTemplate\":\"https:\/\/www.colindres.es\/?s={search_term_string}\"},\"query-input\":{\"@type\":\"PropertyValueSpecification\",\"valueRequired\":true,\"valueName\":\"search_term_string\"}}],\"inLanguage\":\"es\"},{\"@type\":\"Organization\",\"@id\":\"https:\/\/www.colindres.es\/#organization\",\"name\":\"AYUNTAMIENTO DE COLINDRES\",\"url\":\"https:\/\/www.colindres.es\/\",\"logo\":{\"@type\":\"ImageObject\",\"inLanguage\":\"es\",\"@id\":\"https:\/\/www.colindres.es\/#\/schema\/logo\/image\/\",\"url\":\"https:\/\/www.colindres.es\/wp-content\/uploads\/2017\/01\/LOGO-PRINCIPAL.jpg\",\"contentUrl\":\"https:\/\/www.colindres.es\/wp-content\/uploads\/2017\/01\/LOGO-PRINCIPAL.jpg\",\"width\":1209,\"height\":579,\"caption\":\"AYUNTAMIENTO DE COLINDRES\"},\"image\":{\"@id\":\"https:\/\/www.colindres.es\/#\/schema\/logo\/image\/\"}}]}<\/script>\n<!-- \/ Yoast SEO plugin. -->","yoast_head_json":{"title":"El Ayuntamiento de Colindres rehabilitar\u00e1 la fachada de la Casa de los Maestros - Ayuntamiento de Colindres","robots":{"index":"index","follow":"follow","max-snippet":"max-snippet:-1","max-image-preview":"max-image-preview:large","max-video-preview":"max-video-preview:-1"},"canonical":"https:\/\/www.colindres.es\/index.php\/project\/el-ayuntamiento-de-colindres-rehabilitara-la-fachada-de-la-casa-de-los-maestros\/","og_locale":"es_ES","og_type":"article","og_title":"El Ayuntamiento de Colindres rehabilitar\u00e1 la fachada de la Casa de los Maestros - Ayuntamiento de Colindres","og_description":"Los trabajos cuentan con un presupuesto de 100.000 euros y est\u00e1n cofinanciados por el plan de obras municipal del Gobierno de Cantabria Colindres, 29 de diciembre.- El Ayuntamiento de Colindres rehabilitar\u00e1 la fachada del edificio de la Casa de los Maestros con el objetivo de proteger el valor patrimonial del inmueble y solucionar algunas patolog\u00edas [&hellip;]","og_url":"https:\/\/www.colindres.es\/index.php\/project\/el-ayuntamiento-de-colindres-rehabilitara-la-fachada-de-la-casa-de-los-maestros\/","og_site_name":"Ayuntamiento de Colindres","og_image":[{"width":6283,"height":3000,"url":"https:\/\/www.colindres.es\/wp-content\/uploads\/2017\/12\/Infograf\u00eda-Rehabilitaci\u00f3n-Casa-de-los-Maestros-1.jpg","type":"image\/jpeg"}],"twitter_card":"summary_large_image","twitter_misc":{"Tiempo de lectura":"3 minutos"},"schema":{"@context":"https:\/\/schema.org","@graph":[{"@type":"WebPage","@id":"https:\/\/www.colindres.es\/index.php\/project\/el-ayuntamiento-de-colindres-rehabilitara-la-fachada-de-la-casa-de-los-maestros\/","url":"https:\/\/www.colindres.es\/index.php\/project\/el-ayuntamiento-de-colindres-rehabilitara-la-fachada-de-la-casa-de-los-maestros\/","name":"El Ayuntamiento de Colindres rehabilitar\u00e1 la fachada de la Casa de los Maestros - Ayuntamiento de Colindres","isPartOf":{"@id":"https:\/\/www.colindres.es\/#website"},"primaryImageOfPage":{"@id":"https:\/\/www.colindres.es\/index.php\/project\/el-ayuntamiento-de-colindres-rehabilitara-la-fachada-de-la-casa-de-los-maestros\/#primaryimage"},"image":{"@id":"https:\/\/www.colindres.es\/index.php\/project\/el-ayuntamiento-de-colindres-rehabilitara-la-fachada-de-la-casa-de-los-maestros\/#primaryimage"},"thumbnailUrl":"https:\/\/www.colindres.es\/wp-content\/uploads\/2017\/12\/Infograf\u00eda-Rehabilitaci\u00f3n-Casa-de-los-Maestros-1.jpg","datePublished":"2017-12-30T21:15:26+00:00","breadcrumb":{"@id":"https:\/\/www.colindres.es\/index.php\/project\/el-ayuntamiento-de-colindres-rehabilitara-la-fachada-de-la-casa-de-los-maestros\/#breadcrumb"},"inLanguage":"es","potentialAction":[{"@type":"ReadAction","target":["https:\/\/www.colindres.es\/index.php\/project\/el-ayuntamiento-de-colindres-rehabilitara-la-fachada-de-la-casa-de-los-maestros\/"]}]},{"@type":"ImageObject","inLanguage":"es","@id":"https:\/\/www.colindres.es\/index.php\/project\/el-ayuntamiento-de-colindres-rehabilitara-la-fachada-de-la-casa-de-los-maestros\/#primaryimage","url":"https:\/\/www.colindres.es\/wp-content\/uploads\/2017\/12\/Infograf\u00eda-Rehabilitaci\u00f3n-Casa-de-los-Maestros-1.jpg","contentUrl":"https:\/\/www.colindres.es\/wp-content\/uploads\/2017\/12\/Infograf\u00eda-Rehabilitaci\u00f3n-Casa-de-los-Maestros-1.jpg","width":6283,"height":3000},{"@type":"BreadcrumbList","@id":"https:\/\/www.colindres.es\/index.php\/project\/el-ayuntamiento-de-colindres-rehabilitara-la-fachada-de-la-casa-de-los-maestros\/#breadcrumb","itemListElement":[{"@type":"ListItem","position":1,"name":"Portada","item":"https:\/\/www.colindres.es\/"},{"@type":"ListItem","position":2,"name":"Proyectos","item":"https:\/\/www.colindres.es\/index.php\/project\/"},{"@type":"ListItem","position":3,"name":"El Ayuntamiento de Colindres rehabilitar\u00e1 la fachada de la Casa de los Maestros"}]},{"@type":"WebSite","@id":"https:\/\/www.colindres.es\/#website","url":"https:\/\/www.colindres.es\/","name":"Ayuntamiento de Colindres","description":"Dise\u00f1ado por NTIC&#039;s","publisher":{"@id":"https:\/\/www.colindres.es\/#organization"},"potentialAction":[{"@type":"SearchAction","target":{"@type":"EntryPoint","urlTemplate":"https:\/\/www.colindres.es\/?s={search_term_string}"},"query-input":{"@type":"PropertyValueSpecification","valueRequired":true,"valueName":"search_term_string"}}],"inLanguage":"es"},{"@type":"Organization","@id":"https:\/\/www.colindres.es\/#organization","name":"AYUNTAMIENTO DE COLINDRES","url":"https:\/\/www.colindres.es\/","logo":{"@type":"ImageObject","inLanguage":"es","@id":"https:\/\/www.colindres.es\/#\/schema\/logo\/image\/","url":"https:\/\/www.colindres.es\/wp-content\/uploads\/2017\/01\/LOGO-PRINCIPAL.jpg","contentUrl":"https:\/\/www.colindres.es\/wp-content\/uploads\/2017\/01\/LOGO-PRINCIPAL.jpg","width":1209,"height":579,"caption":"AYUNTAMIENTO DE COLINDRES"},"image":{"@id":"https:\/\/www.colindres.es\/#\/schema\/logo\/image\/"}}]}},"_links":{"self":[{"href":"https:\/\/www.colindres.es\/index.php\/wp-json\/wp\/v2\/project\/1209","targetHints":{"allow":["GET"]}}],"collection":[{"href":"https:\/\/www.colindres.es\/index.php\/wp-json\/wp\/v2\/project"}],"about":[{"href":"https:\/\/www.colindres.es\/index.php\/wp-json\/wp\/v2\/types\/project"}],"author":[{"embeddable":true,"href":"https:\/\/www.colindres.es\/index.php\/wp-json\/wp\/v2\/users\/1"}],"replies":[{"embeddable":true,"href":"https:\/\/www.colindres.es\/index.php\/wp-json\/wp\/v2\/comments?post=1209"}],"version-history":[{"count":1,"href":"https:\/\/www.colindres.es\/index.php\/wp-json\/wp\/v2\/project\/1209\/revisions"}],"predecessor-version":[{"id":1212,"href":"https:\/\/www.colindres.es\/index.php\/wp-json\/wp\/v2\/project\/1209\/revisions\/1212"}],"wp:featuredmedia":[{"embeddable":true,"href":"https:\/\/www.colindres.es\/index.php\/wp-json\/wp\/v2\/media\/1210"}],"wp:attachment":[{"href":"https:\/\/www.colindres.es\/index.php\/wp-json\/wp\/v2\/media?parent=1209"}],"wp:term":[{"taxonomy":"project_category","embeddable":true,"href":"https:\/\/www.colindres.es\/index.php\/wp-json\/wp\/v2\/project_category?post=1209"},{"taxonomy":"project_tag","embeddable":true,"href":"https:\/\/www.colindres.es\/index.php\/wp-json\/wp\/v2\/project_tag?post=1209"}],"curies":[{"name":"wp","href":"https:\/\/api.w.org\/{rel}","templated":true}]}}