{"id":1196,"date":"2017-12-25T21:39:31","date_gmt":"2017-12-25T21:39:31","guid":{"rendered":"http:\/\/colindres.es\/?post_type=project&#038;p=1196"},"modified":"2017-12-25T21:39:31","modified_gmt":"2017-12-25T21:39:31","slug":"colindres-acogio-el-torneo-de-futbol-femenino-tods-contra-el-cancer","status":"publish","type":"project","link":"https:\/\/www.colindres.es\/index.php\/project\/colindres-acogio-el-torneo-de-futbol-femenino-tods-contra-el-cancer\/","title":{"rendered":"Colindres acogi\u00f3 el torneo de f\u00fatbol femenino \u2018Tod@s contra el c\u00e1ncer\u2019"},"content":{"rendered":"<p>Incera destaca el \u201ccar\u00e1cter solidario\u201d de Colindres y felicita a los organizadores del evento por su \u201cexcelente iniciativa\u201d<\/p>\n<p>La vicepresidenta del Gobierno hizo el saque de honor de la competici\u00f3n, cuya recaudaci\u00f3n ha ido destinada a la lucha e investigaci\u00f3n oncol\u00f3gica<\/p>\n<p>Colindres, 23 de diciembre.- El campo municipal del Carmen de Colindres acogi\u00f3 este s\u00e1bado 23 de diciembre el torneo ben\u00e9fico de f\u00fatbol femenino \u2018Tod@s contra el c\u00e1ncer\u2019. Adem\u00e1s de la competici\u00f3n deportiva, de forma paralela se organizaron m\u00faltiples actividades l\u00fadicas dirigidas a toda la familia con el fin de recaudar fondos destinados a la lucha e investigaci\u00f3n oncol\u00f3gica.<\/p>\n<p>La vicepresidenta y consejera de Universidades e Investigaci\u00f3n, Medio Ambiente y Pol\u00edtica Social, Eva D\u00edaz Tezanos, realiz\u00f3 el saque de honor dando inicio al torneo en el que han participado los equipos del CD Colindres, el San Rom\u00e1n de la Llanilla y el CD Laredo.<\/p>\n<p>D\u00edaz Tezanos ha ensalzado el car\u00e1cter solidario de este tipo de iniciativas que contribuyen, sin duda, a apoyar una \u00abcausa com\u00fan\u00bb que es la lucha contra esta enfermedad. Asimismo, ha reivindicado el papel de la mujer en el deporte y ha abogado por \u00abincrementar y normalizar la presencia femenina en algunos deportes, tradicionalmente masculinizados, como es el caso del f\u00fatbol\u00bb.<\/p>\n<p>En el acto la vicepresidenta ha estado acompa\u00f1ada por el alcalde de Colindres, Javier Incera; las directoras de Universidades y de Igualdad y Mujer, Marta Domingo y Alicia Renedo, respectivamente; el presidente de la Federaci\u00f3n C\u00e1ntabra de F\u00fatbol, Jos\u00e9 \u00c1ngel Pel\u00e1ez, y el presidente del CD Colindres, Jos\u00e9 Miranda, as\u00ed como diversos miembros de clubes deportivos y vecinos del municipio.<\/p>\n<p>Por su parte el regidor municipal, Javier Incera, ha felicitado a los organizadores del evento por su \u201cexcelente iniciativa\u201d, que ha contado con el respaldo del Ayuntamiento, y que tiene un \u201cdoble prop\u00f3sito\u201d, ya que sensibiliza a la sociedad sobre el c\u00e1ncer y al mismo tiempo contribuye a visibilizar el deporte femenino. Igualmente, ha alabado el \u00abcar\u00e1cter solidario\u00bb de Colindres y su compromiso en la lucha contra esta enfermedad.<\/p>\n<p>Seg\u00fan el presidente de la Federaci\u00f3n C\u00e1ntabra de F\u00fatbol estas pruebas permiten concienciar sobre un problema importante que es el c\u00e1ncer, destacando la presencia de estos tres equipos que compiten en la Liga Regional. Por \u00faltimo, ha realizado un llamamiento a los clubes deportivos de la regi\u00f3n para que \u00abse repitan iniciativas deportivas como esta en toda Cantabria\u00bb.<\/p>\n<p>Durante toda la ma\u00f1ana, los asistentes pudieron disfrutar de actuaciones de baile y de m\u00fasica, as\u00ed como de sorteos de diferentes productos, entre los que destaca un maillot del ciclista Alberto Contador. Adem\u00e1s, se ha instalado una zona infantil con hinchables para los m\u00e1s peque\u00f1os.<\/p>\n<div id=\"attachment_1198\" style=\"width: 310px\" class=\"wp-caption alignnone\"><img loading=\"lazy\" decoding=\"async\" aria-describedby=\"caption-attachment-1198\" class=\"size-medium wp-image-1198\" src=\"http:\/\/colindres.es\/wp-content\/uploads\/2017\/12\/vicepresidenta_partido_benefico_02-300x200.jpg\" alt=\"\" width=\"300\" height=\"200\" srcset=\"https:\/\/www.colindres.es\/wp-content\/uploads\/2017\/12\/vicepresidenta_partido_benefico_02-300x200.jpg 300w, https:\/\/www.colindres.es\/wp-content\/uploads\/2017\/12\/vicepresidenta_partido_benefico_02-768x512.jpg 768w, https:\/\/www.colindres.es\/wp-content\/uploads\/2017\/12\/vicepresidenta_partido_benefico_02-1024x683.jpg 1024w, https:\/\/www.colindres.es\/wp-content\/uploads\/2017\/12\/vicepresidenta_partido_benefico_02-1080x720.jpg 1080w\" sizes=\"(max-width: 300px) 100vw, 300px\" \/><p id=\"caption-attachment-1198\" class=\"wp-caption-text\">10:30 Campo<br \/>Municipal del<br \/>Carmen de<br \/>Colindres<br \/>La vicepresidenta y consejera de Universidades e<br \/>Investigaci\u00f3n, Medio Ambiente y Pol\u00edtica Social,<br \/>Eva D\u00edaz Tezanos, realiza el saque de honor del<br \/>triangular ben\u00e9fico \u2018Todos contra el c\u00e1ncer\u2019 de<br \/>f\u00fatbol femenino. 23 DICIEMBRE 2017 \u00a9\u00a0Miguel De la Parra<\/p><\/div>\n","protected":false},"excerpt":{"rendered":"<p>Incera destaca el \u201ccar\u00e1cter solidario\u201d de Colindres y felicita a los organizadores del evento por su \u201cexcelente iniciativa\u201d La vicepresidenta del Gobierno hizo el saque de honor de la competici\u00f3n, cuya recaudaci\u00f3n ha ido destinada a la lucha e investigaci\u00f3n oncol\u00f3gica Colindres, 23 de diciembre.- El campo municipal del Carmen de Colindres acogi\u00f3 este s\u00e1bado [&hellip;]<\/p>\n","protected":false},"author":1,"featured_media":1197,"comment_status":"open","ping_status":"closed","template":"","meta":{"_et_pb_use_builder":"","_et_pb_old_content":"","_et_gb_content_width":"","footnotes":""},"project_category":[],"project_tag":[],"class_list":["post-1196","project","type-project","status-publish","has-post-thumbnail","hentry"],"yoast_head":"<!-- This site is optimized with the Yoast SEO plugin v24.9 - https:\/\/yoast.com\/wordpress\/plugins\/seo\/ -->\n<title>Colindres acogi\u00f3 el torneo de f\u00fatbol femenino \u2018Tod@s contra el c\u00e1ncer\u2019 - Ayuntamiento de Colindres<\/title>\n<meta name=\"robots\" content=\"index, follow, max-snippet:-1, max-image-preview:large, max-video-preview:-1\" \/>\n<link rel=\"canonical\" href=\"https:\/\/www.colindres.es\/index.php\/project\/colindres-acogio-el-torneo-de-futbol-femenino-tods-contra-el-cancer\/\" \/>\n<meta property=\"og:locale\" content=\"es_ES\" \/>\n<meta property=\"og:type\" content=\"article\" \/>\n<meta property=\"og:title\" content=\"Colindres acogi\u00f3 el torneo de f\u00fatbol femenino \u2018Tod@s contra el c\u00e1ncer\u2019 - Ayuntamiento de Colindres\" \/>\n<meta property=\"og:description\" content=\"Incera destaca el \u201ccar\u00e1cter solidario\u201d de Colindres y felicita a los organizadores del evento por su \u201cexcelente iniciativa\u201d La vicepresidenta del Gobierno hizo el saque de honor de la competici\u00f3n, cuya recaudaci\u00f3n ha ido destinada a la lucha e investigaci\u00f3n oncol\u00f3gica Colindres, 23 de diciembre.- El campo municipal del Carmen de Colindres acogi\u00f3 este s\u00e1bado [&hellip;]\" \/>\n<meta property=\"og:url\" content=\"https:\/\/www.colindres.es\/index.php\/project\/colindres-acogio-el-torneo-de-futbol-femenino-tods-contra-el-cancer\/\" \/>\n<meta property=\"og:site_name\" content=\"Ayuntamiento de Colindres\" \/>\n<meta property=\"og:image\" content=\"https:\/\/www.colindres.es\/wp-content\/uploads\/2017\/12\/vicepresidenta_partido_benefico_01.jpg\" \/>\n\t<meta property=\"og:image:width\" content=\"4133\" \/>\n\t<meta property=\"og:image:height\" content=\"2755\" \/>\n\t<meta property=\"og:image:type\" content=\"image\/jpeg\" \/>\n<meta name=\"twitter:card\" content=\"summary_large_image\" \/>\n<meta name=\"twitter:label1\" content=\"Tiempo de lectura\" \/>\n\t<meta name=\"twitter:data1\" content=\"3 minutos\" \/>\n<script type=\"application\/ld+json\" class=\"yoast-schema-graph\">{\"@context\":\"https:\/\/schema.org\",\"@graph\":[{\"@type\":\"WebPage\",\"@id\":\"https:\/\/www.colindres.es\/index.php\/project\/colindres-acogio-el-torneo-de-futbol-femenino-tods-contra-el-cancer\/\",\"url\":\"https:\/\/www.colindres.es\/index.php\/project\/colindres-acogio-el-torneo-de-futbol-femenino-tods-contra-el-cancer\/\",\"name\":\"Colindres acogi\u00f3 el torneo de f\u00fatbol femenino \u2018Tod@s contra el c\u00e1ncer\u2019 - Ayuntamiento de Colindres\",\"isPartOf\":{\"@id\":\"https:\/\/www.colindres.es\/#website\"},\"primaryImageOfPage\":{\"@id\":\"https:\/\/www.colindres.es\/index.php\/project\/colindres-acogio-el-torneo-de-futbol-femenino-tods-contra-el-cancer\/#primaryimage\"},\"image\":{\"@id\":\"https:\/\/www.colindres.es\/index.php\/project\/colindres-acogio-el-torneo-de-futbol-femenino-tods-contra-el-cancer\/#primaryimage\"},\"thumbnailUrl\":\"https:\/\/www.colindres.es\/wp-content\/uploads\/2017\/12\/vicepresidenta_partido_benefico_01.jpg\",\"datePublished\":\"2017-12-25T21:39:31+00:00\",\"breadcrumb\":{\"@id\":\"https:\/\/www.colindres.es\/index.php\/project\/colindres-acogio-el-torneo-de-futbol-femenino-tods-contra-el-cancer\/#breadcrumb\"},\"inLanguage\":\"es\",\"potentialAction\":[{\"@type\":\"ReadAction\",\"target\":[\"https:\/\/www.colindres.es\/index.php\/project\/colindres-acogio-el-torneo-de-futbol-femenino-tods-contra-el-cancer\/\"]}]},{\"@type\":\"ImageObject\",\"inLanguage\":\"es\",\"@id\":\"https:\/\/www.colindres.es\/index.php\/project\/colindres-acogio-el-torneo-de-futbol-femenino-tods-contra-el-cancer\/#primaryimage\",\"url\":\"https:\/\/www.colindres.es\/wp-content\/uploads\/2017\/12\/vicepresidenta_partido_benefico_01.jpg\",\"contentUrl\":\"https:\/\/www.colindres.es\/wp-content\/uploads\/2017\/12\/vicepresidenta_partido_benefico_01.jpg\",\"width\":4133,\"height\":2755,\"caption\":\"10:30 Campo Municipal del Carmen de Colindres La vicepresidenta y consejera de Universidades e Investigaci\u00f3n, Medio Ambiente y Pol\u00edtica Social, Eva D\u00edaz Tezanos, realiza el saque de honor del triangular ben\u00e9fico \u2018Todos contra el c\u00e1ncer\u2019 de f\u00fatbol femenino. 23 DICIEMBRE 2017 \u00a9\u00a0Miguel De la Parra\"},{\"@type\":\"BreadcrumbList\",\"@id\":\"https:\/\/www.colindres.es\/index.php\/project\/colindres-acogio-el-torneo-de-futbol-femenino-tods-contra-el-cancer\/#breadcrumb\",\"itemListElement\":[{\"@type\":\"ListItem\",\"position\":1,\"name\":\"Portada\",\"item\":\"https:\/\/www.colindres.es\/\"},{\"@type\":\"ListItem\",\"position\":2,\"name\":\"Proyectos\",\"item\":\"https:\/\/www.colindres.es\/index.php\/project\/\"},{\"@type\":\"ListItem\",\"position\":3,\"name\":\"Colindres acogi\u00f3 el torneo de f\u00fatbol femenino \u2018Tod@s contra el c\u00e1ncer\u2019\"}]},{\"@type\":\"WebSite\",\"@id\":\"https:\/\/www.colindres.es\/#website\",\"url\":\"https:\/\/www.colindres.es\/\",\"name\":\"Ayuntamiento de Colindres\",\"description\":\"Dise\u00f1ado por NTIC&#039;s\",\"publisher\":{\"@id\":\"https:\/\/www.colindres.es\/#organization\"},\"potentialAction\":[{\"@type\":\"SearchAction\",\"target\":{\"@type\":\"EntryPoint\",\"urlTemplate\":\"https:\/\/www.colindres.es\/?s={search_term_string}\"},\"query-input\":{\"@type\":\"PropertyValueSpecification\",\"valueRequired\":true,\"valueName\":\"search_term_string\"}}],\"inLanguage\":\"es\"},{\"@type\":\"Organization\",\"@id\":\"https:\/\/www.colindres.es\/#organization\",\"name\":\"AYUNTAMIENTO DE COLINDRES\",\"url\":\"https:\/\/www.colindres.es\/\",\"logo\":{\"@type\":\"ImageObject\",\"inLanguage\":\"es\",\"@id\":\"https:\/\/www.colindres.es\/#\/schema\/logo\/image\/\",\"url\":\"https:\/\/www.colindres.es\/wp-content\/uploads\/2017\/01\/LOGO-PRINCIPAL.jpg\",\"contentUrl\":\"https:\/\/www.colindres.es\/wp-content\/uploads\/2017\/01\/LOGO-PRINCIPAL.jpg\",\"width\":1209,\"height\":579,\"caption\":\"AYUNTAMIENTO DE COLINDRES\"},\"image\":{\"@id\":\"https:\/\/www.colindres.es\/#\/schema\/logo\/image\/\"}}]}<\/script>\n<!-- \/ Yoast SEO plugin. -->","yoast_head_json":{"title":"Colindres acogi\u00f3 el torneo de f\u00fatbol femenino \u2018Tod@s contra el c\u00e1ncer\u2019 - Ayuntamiento de Colindres","robots":{"index":"index","follow":"follow","max-snippet":"max-snippet:-1","max-image-preview":"max-image-preview:large","max-video-preview":"max-video-preview:-1"},"canonical":"https:\/\/www.colindres.es\/index.php\/project\/colindres-acogio-el-torneo-de-futbol-femenino-tods-contra-el-cancer\/","og_locale":"es_ES","og_type":"article","og_title":"Colindres acogi\u00f3 el torneo de f\u00fatbol femenino \u2018Tod@s contra el c\u00e1ncer\u2019 - Ayuntamiento de Colindres","og_description":"Incera destaca el \u201ccar\u00e1cter solidario\u201d de Colindres y felicita a los organizadores del evento por su \u201cexcelente iniciativa\u201d La vicepresidenta del Gobierno hizo el saque de honor de la competici\u00f3n, cuya recaudaci\u00f3n ha ido destinada a la lucha e investigaci\u00f3n oncol\u00f3gica Colindres, 23 de diciembre.- El campo municipal del Carmen de Colindres acogi\u00f3 este s\u00e1bado [&hellip;]","og_url":"https:\/\/www.colindres.es\/index.php\/project\/colindres-acogio-el-torneo-de-futbol-femenino-tods-contra-el-cancer\/","og_site_name":"Ayuntamiento de Colindres","og_image":[{"width":4133,"height":2755,"url":"https:\/\/www.colindres.es\/wp-content\/uploads\/2017\/12\/vicepresidenta_partido_benefico_01.jpg","type":"image\/jpeg"}],"twitter_card":"summary_large_image","twitter_misc":{"Tiempo de lectura":"3 minutos"},"schema":{"@context":"https:\/\/schema.org","@graph":[{"@type":"WebPage","@id":"https:\/\/www.colindres.es\/index.php\/project\/colindres-acogio-el-torneo-de-futbol-femenino-tods-contra-el-cancer\/","url":"https:\/\/www.colindres.es\/index.php\/project\/colindres-acogio-el-torneo-de-futbol-femenino-tods-contra-el-cancer\/","name":"Colindres acogi\u00f3 el torneo de f\u00fatbol femenino \u2018Tod@s contra el c\u00e1ncer\u2019 - Ayuntamiento de Colindres","isPartOf":{"@id":"https:\/\/www.colindres.es\/#website"},"primaryImageOfPage":{"@id":"https:\/\/www.colindres.es\/index.php\/project\/colindres-acogio-el-torneo-de-futbol-femenino-tods-contra-el-cancer\/#primaryimage"},"image":{"@id":"https:\/\/www.colindres.es\/index.php\/project\/colindres-acogio-el-torneo-de-futbol-femenino-tods-contra-el-cancer\/#primaryimage"},"thumbnailUrl":"https:\/\/www.colindres.es\/wp-content\/uploads\/2017\/12\/vicepresidenta_partido_benefico_01.jpg","datePublished":"2017-12-25T21:39:31+00:00","breadcrumb":{"@id":"https:\/\/www.colindres.es\/index.php\/project\/colindres-acogio-el-torneo-de-futbol-femenino-tods-contra-el-cancer\/#breadcrumb"},"inLanguage":"es","potentialAction":[{"@type":"ReadAction","target":["https:\/\/www.colindres.es\/index.php\/project\/colindres-acogio-el-torneo-de-futbol-femenino-tods-contra-el-cancer\/"]}]},{"@type":"ImageObject","inLanguage":"es","@id":"https:\/\/www.colindres.es\/index.php\/project\/colindres-acogio-el-torneo-de-futbol-femenino-tods-contra-el-cancer\/#primaryimage","url":"https:\/\/www.colindres.es\/wp-content\/uploads\/2017\/12\/vicepresidenta_partido_benefico_01.jpg","contentUrl":"https:\/\/www.colindres.es\/wp-content\/uploads\/2017\/12\/vicepresidenta_partido_benefico_01.jpg","width":4133,"height":2755,"caption":"10:30 Campo Municipal del Carmen de Colindres La vicepresidenta y consejera de Universidades e Investigaci\u00f3n, Medio Ambiente y Pol\u00edtica Social, Eva D\u00edaz Tezanos, realiza el saque de honor del triangular ben\u00e9fico \u2018Todos contra el c\u00e1ncer\u2019 de f\u00fatbol femenino. 23 DICIEMBRE 2017 \u00a9\u00a0Miguel De la Parra"},{"@type":"BreadcrumbList","@id":"https:\/\/www.colindres.es\/index.php\/project\/colindres-acogio-el-torneo-de-futbol-femenino-tods-contra-el-cancer\/#breadcrumb","itemListElement":[{"@type":"ListItem","position":1,"name":"Portada","item":"https:\/\/www.colindres.es\/"},{"@type":"ListItem","position":2,"name":"Proyectos","item":"https:\/\/www.colindres.es\/index.php\/project\/"},{"@type":"ListItem","position":3,"name":"Colindres acogi\u00f3 el torneo de f\u00fatbol femenino \u2018Tod@s contra el c\u00e1ncer\u2019"}]},{"@type":"WebSite","@id":"https:\/\/www.colindres.es\/#website","url":"https:\/\/www.colindres.es\/","name":"Ayuntamiento de Colindres","description":"Dise\u00f1ado por NTIC&#039;s","publisher":{"@id":"https:\/\/www.colindres.es\/#organization"},"potentialAction":[{"@type":"SearchAction","target":{"@type":"EntryPoint","urlTemplate":"https:\/\/www.colindres.es\/?s={search_term_string}"},"query-input":{"@type":"PropertyValueSpecification","valueRequired":true,"valueName":"search_term_string"}}],"inLanguage":"es"},{"@type":"Organization","@id":"https:\/\/www.colindres.es\/#organization","name":"AYUNTAMIENTO DE COLINDRES","url":"https:\/\/www.colindres.es\/","logo":{"@type":"ImageObject","inLanguage":"es","@id":"https:\/\/www.colindres.es\/#\/schema\/logo\/image\/","url":"https:\/\/www.colindres.es\/wp-content\/uploads\/2017\/01\/LOGO-PRINCIPAL.jpg","contentUrl":"https:\/\/www.colindres.es\/wp-content\/uploads\/2017\/01\/LOGO-PRINCIPAL.jpg","width":1209,"height":579,"caption":"AYUNTAMIENTO DE COLINDRES"},"image":{"@id":"https:\/\/www.colindres.es\/#\/schema\/logo\/image\/"}}]}},"_links":{"self":[{"href":"https:\/\/www.colindres.es\/index.php\/wp-json\/wp\/v2\/project\/1196","targetHints":{"allow":["GET"]}}],"collection":[{"href":"https:\/\/www.colindres.es\/index.php\/wp-json\/wp\/v2\/project"}],"about":[{"href":"https:\/\/www.colindres.es\/index.php\/wp-json\/wp\/v2\/types\/project"}],"author":[{"embeddable":true,"href":"https:\/\/www.colindres.es\/index.php\/wp-json\/wp\/v2\/users\/1"}],"replies":[{"embeddable":true,"href":"https:\/\/www.colindres.es\/index.php\/wp-json\/wp\/v2\/comments?post=1196"}],"version-history":[{"count":1,"href":"https:\/\/www.colindres.es\/index.php\/wp-json\/wp\/v2\/project\/1196\/revisions"}],"predecessor-version":[{"id":1199,"href":"https:\/\/www.colindres.es\/index.php\/wp-json\/wp\/v2\/project\/1196\/revisions\/1199"}],"wp:featuredmedia":[{"embeddable":true,"href":"https:\/\/www.colindres.es\/index.php\/wp-json\/wp\/v2\/media\/1197"}],"wp:attachment":[{"href":"https:\/\/www.colindres.es\/index.php\/wp-json\/wp\/v2\/media?parent=1196"}],"wp:term":[{"taxonomy":"project_category","embeddable":true,"href":"https:\/\/www.colindres.es\/index.php\/wp-json\/wp\/v2\/project_category?post=1196"},{"taxonomy":"project_tag","embeddable":true,"href":"https:\/\/www.colindres.es\/index.php\/wp-json\/wp\/v2\/project_tag?post=1196"}],"curies":[{"name":"wp","href":"https:\/\/api.w.org\/{rel}","templated":true}]}}