{"id":1191,"date":"2017-12-21T08:26:59","date_gmt":"2017-12-21T08:26:59","guid":{"rendered":"http:\/\/colindres.es\/?post_type=project&#038;p=1191"},"modified":"2017-12-21T08:26:59","modified_gmt":"2017-12-21T08:26:59","slug":"el-ayuntamiento-de-colindres-llevara-a-cabo-un-proyecto-piloto-para-mejorar-la-estetica-de-las-calles-del-casco-historico","status":"publish","type":"project","link":"https:\/\/www.colindres.es\/index.php\/project\/el-ayuntamiento-de-colindres-llevara-a-cabo-un-proyecto-piloto-para-mejorar-la-estetica-de-las-calles-del-casco-historico\/","title":{"rendered":"El Ayuntamiento de Colindres llevar\u00e1 a cabo un proyecto piloto para\u00a0mejorar la est\u00e9tica de las calles del casco hist\u00f3rico"},"content":{"rendered":"<div>\n<p>El Consistorio asfaltar\u00e1 la calle Puerta con un pavimento especial que\u00a0simula el empedrado antiguo para mejorar el tr\u00e1nsito de veh\u00edculos y\u00a0preservar la est\u00e9tica del entorno<\/p>\n<p>Colindres, 20 de diciembre. El Ayuntamiento de Colindres va a llevar\u00a0cabo un proyecto piloto para renovar progresivamente el asfaltado del\u00a0casco hist\u00f3rico del municipio con un pavimento especial que simula el<br \/>\nempedrado antiguo.<\/p>\n<p>Esta experiencia piloto se probar\u00e1 en un tramo de la calle Puerta, a la\u00a0altura de la curva de Valle en la carretera que une el municipio con\u00a0Laredo, que ha sido recientemente levantada para acometer obras de\u00a0abastecimiento, y si el resultado es satisfactorio se extender\u00e1 al resto\u00a0de calles del casco hist\u00f3rico a medida que se haga necesario renovar el\u00a0pavimento.<\/p>\n<p>Los trabajos comenzar\u00e1n despu\u00e9s de las fiestas navide\u00f1as y se emplear\u00e1\u00a0un asfaltado impreso con marcas que simulan el empedrado hist\u00f3rico. \u201cEl\u00a0objetivo de esta iniciativa es utilizar el mejor material posible, el\u00a0m\u00e1s resistente, que no genere molestias al tr\u00e1fico rodado de veh\u00edculos\u00a0al tiempo que preservamos la est\u00e9tica del entorno\u201d, ha explicado el\u00a0concejal de Patrimonio, Adri\u00e1n Seti\u00e9n.<\/p>\n<p>En un comunicado, el edil ha destacado las actuaciones que ha llevado a\u00a0cabo el Ayuntamiento esta legislatura para proteger y poner en valor\u00a0esta zona conocida como \u2018Colindres el de Arriba\u2019, en la que se han\u00a0materializado distintas obras, como la instalaci\u00f3n de nuevo alumbrado en\u00a0el Camino de la Merced, y actividades como la organizaci\u00f3n de visitas\u00a0guiadas para dar a conocer la riqueza patrimonial del casco. En esta\u00a0misma l\u00ednea ha recordado que tambi\u00e9n se han ampliado los trabajos de\u00a0mantenimiento en los caminos del casco con la creaci\u00f3n de una brigada de\u00a0peones forestales espec\u00edfica para esta zona.<\/p>\n<p>As\u00ed, el concejal de Patrimonio ha ensalzado la \u201csensibilidad\u201d y\u00a0\u201cpreocupaci\u00f3n\u201d del equipo de Gobierno por \u201cproteger nuestro patrimonio y\u00a0nuestra historia\u201d con una serie de actuaciones que, seg\u00fan ha indicado,\u00a0continuar\u00e1n durante el pr\u00f3ximo a\u00f1o y a lo largo del resto de la\u00a0legislatura.<\/p>\n<p>Al mismo tiempo, en materia de obras, el alcalde, Javier Incera, ha\u00a0anunciado que el Consistorio va a encargar un proyecto t\u00e9cnico para\u00a0arreglar el camino que sale del casco antiguo y que conecta Colindres y\u00a0Laredo. Adem\u00e1s de reparar algunos tramos en los que es pertinente\u00a0reforzar el piso, el Ayuntamiento quiere estudiar la posibilidad de\u00a0ampliar la anchura del carril.<\/p>\n<\/div>\n<div><\/div>\n<div><\/div>\n","protected":false},"excerpt":{"rendered":"<p>El Consistorio asfaltar\u00e1 la calle Puerta con un pavimento especial que\u00a0simula el empedrado antiguo para mejorar el tr\u00e1nsito de veh\u00edculos y\u00a0preservar la est\u00e9tica del entorno Colindres, 20 de diciembre. El Ayuntamiento de Colindres va a llevar\u00a0cabo un proyecto piloto para renovar progresivamente el asfaltado del\u00a0casco hist\u00f3rico del municipio con un pavimento especial que simula el [&hellip;]<\/p>\n","protected":false},"author":1,"featured_media":1192,"comment_status":"open","ping_status":"closed","template":"","meta":{"_et_pb_use_builder":"","_et_pb_old_content":"","_et_gb_content_width":"","footnotes":""},"project_category":[],"project_tag":[],"class_list":["post-1191","project","type-project","status-publish","has-post-thumbnail","hentry"],"yoast_head":"<!-- This site is optimized with the Yoast SEO plugin v24.9 - https:\/\/yoast.com\/wordpress\/plugins\/seo\/ -->\n<title>El Ayuntamiento de Colindres llevar\u00e1 a cabo un proyecto piloto para\u00a0mejorar la est\u00e9tica de las calles del casco hist\u00f3rico - Ayuntamiento de Colindres<\/title>\n<meta name=\"robots\" content=\"index, follow, max-snippet:-1, max-image-preview:large, max-video-preview:-1\" \/>\n<link rel=\"canonical\" href=\"https:\/\/www.colindres.es\/index.php\/project\/el-ayuntamiento-de-colindres-llevara-a-cabo-un-proyecto-piloto-para-mejorar-la-estetica-de-las-calles-del-casco-historico\/\" \/>\n<meta property=\"og:locale\" content=\"es_ES\" \/>\n<meta property=\"og:type\" content=\"article\" \/>\n<meta property=\"og:title\" content=\"El Ayuntamiento de Colindres llevar\u00e1 a cabo un proyecto piloto para\u00a0mejorar la est\u00e9tica de las calles del casco hist\u00f3rico - Ayuntamiento de Colindres\" \/>\n<meta property=\"og:description\" content=\"El Consistorio asfaltar\u00e1 la calle Puerta con un pavimento especial que\u00a0simula el empedrado antiguo para mejorar el tr\u00e1nsito de veh\u00edculos y\u00a0preservar la est\u00e9tica del entorno Colindres, 20 de diciembre. El Ayuntamiento de Colindres va a llevar\u00a0cabo un proyecto piloto para renovar progresivamente el asfaltado del\u00a0casco hist\u00f3rico del municipio con un pavimento especial que simula el [&hellip;]\" \/>\n<meta property=\"og:url\" content=\"https:\/\/www.colindres.es\/index.php\/project\/el-ayuntamiento-de-colindres-llevara-a-cabo-un-proyecto-piloto-para-mejorar-la-estetica-de-las-calles-del-casco-historico\/\" \/>\n<meta property=\"og:site_name\" content=\"Ayuntamiento de Colindres\" \/>\n<meta property=\"og:image\" content=\"https:\/\/www.colindres.es\/wp-content\/uploads\/2017\/12\/Calle-Puerta.jpg\" \/>\n\t<meta property=\"og:image:width\" content=\"1280\" \/>\n\t<meta property=\"og:image:height\" content=\"720\" \/>\n\t<meta property=\"og:image:type\" content=\"image\/jpeg\" \/>\n<meta name=\"twitter:card\" content=\"summary_large_image\" \/>\n<meta name=\"twitter:label1\" content=\"Tiempo de lectura\" \/>\n\t<meta name=\"twitter:data1\" content=\"2 minutos\" \/>\n<script type=\"application\/ld+json\" class=\"yoast-schema-graph\">{\"@context\":\"https:\/\/schema.org\",\"@graph\":[{\"@type\":\"WebPage\",\"@id\":\"https:\/\/www.colindres.es\/index.php\/project\/el-ayuntamiento-de-colindres-llevara-a-cabo-un-proyecto-piloto-para-mejorar-la-estetica-de-las-calles-del-casco-historico\/\",\"url\":\"https:\/\/www.colindres.es\/index.php\/project\/el-ayuntamiento-de-colindres-llevara-a-cabo-un-proyecto-piloto-para-mejorar-la-estetica-de-las-calles-del-casco-historico\/\",\"name\":\"El Ayuntamiento de Colindres llevar\u00e1 a cabo un proyecto piloto para\u00a0mejorar la est\u00e9tica de las calles del casco hist\u00f3rico - Ayuntamiento de Colindres\",\"isPartOf\":{\"@id\":\"https:\/\/www.colindres.es\/#website\"},\"primaryImageOfPage\":{\"@id\":\"https:\/\/www.colindres.es\/index.php\/project\/el-ayuntamiento-de-colindres-llevara-a-cabo-un-proyecto-piloto-para-mejorar-la-estetica-de-las-calles-del-casco-historico\/#primaryimage\"},\"image\":{\"@id\":\"https:\/\/www.colindres.es\/index.php\/project\/el-ayuntamiento-de-colindres-llevara-a-cabo-un-proyecto-piloto-para-mejorar-la-estetica-de-las-calles-del-casco-historico\/#primaryimage\"},\"thumbnailUrl\":\"https:\/\/www.colindres.es\/wp-content\/uploads\/2017\/12\/Calle-Puerta.jpg\",\"datePublished\":\"2017-12-21T08:26:59+00:00\",\"breadcrumb\":{\"@id\":\"https:\/\/www.colindres.es\/index.php\/project\/el-ayuntamiento-de-colindres-llevara-a-cabo-un-proyecto-piloto-para-mejorar-la-estetica-de-las-calles-del-casco-historico\/#breadcrumb\"},\"inLanguage\":\"es\",\"potentialAction\":[{\"@type\":\"ReadAction\",\"target\":[\"https:\/\/www.colindres.es\/index.php\/project\/el-ayuntamiento-de-colindres-llevara-a-cabo-un-proyecto-piloto-para-mejorar-la-estetica-de-las-calles-del-casco-historico\/\"]}]},{\"@type\":\"ImageObject\",\"inLanguage\":\"es\",\"@id\":\"https:\/\/www.colindres.es\/index.php\/project\/el-ayuntamiento-de-colindres-llevara-a-cabo-un-proyecto-piloto-para-mejorar-la-estetica-de-las-calles-del-casco-historico\/#primaryimage\",\"url\":\"https:\/\/www.colindres.es\/wp-content\/uploads\/2017\/12\/Calle-Puerta.jpg\",\"contentUrl\":\"https:\/\/www.colindres.es\/wp-content\/uploads\/2017\/12\/Calle-Puerta.jpg\",\"width\":1280,\"height\":720},{\"@type\":\"BreadcrumbList\",\"@id\":\"https:\/\/www.colindres.es\/index.php\/project\/el-ayuntamiento-de-colindres-llevara-a-cabo-un-proyecto-piloto-para-mejorar-la-estetica-de-las-calles-del-casco-historico\/#breadcrumb\",\"itemListElement\":[{\"@type\":\"ListItem\",\"position\":1,\"name\":\"Portada\",\"item\":\"https:\/\/www.colindres.es\/\"},{\"@type\":\"ListItem\",\"position\":2,\"name\":\"Proyectos\",\"item\":\"https:\/\/www.colindres.es\/index.php\/project\/\"},{\"@type\":\"ListItem\",\"position\":3,\"name\":\"El Ayuntamiento de Colindres llevar\u00e1 a cabo un proyecto piloto para\u00a0mejorar la est\u00e9tica de las calles del casco hist\u00f3rico\"}]},{\"@type\":\"WebSite\",\"@id\":\"https:\/\/www.colindres.es\/#website\",\"url\":\"https:\/\/www.colindres.es\/\",\"name\":\"Ayuntamiento de Colindres\",\"description\":\"Dise\u00f1ado por NTIC&#039;s\",\"publisher\":{\"@id\":\"https:\/\/www.colindres.es\/#organization\"},\"potentialAction\":[{\"@type\":\"SearchAction\",\"target\":{\"@type\":\"EntryPoint\",\"urlTemplate\":\"https:\/\/www.colindres.es\/?s={search_term_string}\"},\"query-input\":{\"@type\":\"PropertyValueSpecification\",\"valueRequired\":true,\"valueName\":\"search_term_string\"}}],\"inLanguage\":\"es\"},{\"@type\":\"Organization\",\"@id\":\"https:\/\/www.colindres.es\/#organization\",\"name\":\"AYUNTAMIENTO DE COLINDRES\",\"url\":\"https:\/\/www.colindres.es\/\",\"logo\":{\"@type\":\"ImageObject\",\"inLanguage\":\"es\",\"@id\":\"https:\/\/www.colindres.es\/#\/schema\/logo\/image\/\",\"url\":\"https:\/\/www.colindres.es\/wp-content\/uploads\/2017\/01\/LOGO-PRINCIPAL.jpg\",\"contentUrl\":\"https:\/\/www.colindres.es\/wp-content\/uploads\/2017\/01\/LOGO-PRINCIPAL.jpg\",\"width\":1209,\"height\":579,\"caption\":\"AYUNTAMIENTO DE COLINDRES\"},\"image\":{\"@id\":\"https:\/\/www.colindres.es\/#\/schema\/logo\/image\/\"}}]}<\/script>\n<!-- \/ Yoast SEO plugin. -->","yoast_head_json":{"title":"El Ayuntamiento de Colindres llevar\u00e1 a cabo un proyecto piloto para\u00a0mejorar la est\u00e9tica de las calles del casco hist\u00f3rico - Ayuntamiento de Colindres","robots":{"index":"index","follow":"follow","max-snippet":"max-snippet:-1","max-image-preview":"max-image-preview:large","max-video-preview":"max-video-preview:-1"},"canonical":"https:\/\/www.colindres.es\/index.php\/project\/el-ayuntamiento-de-colindres-llevara-a-cabo-un-proyecto-piloto-para-mejorar-la-estetica-de-las-calles-del-casco-historico\/","og_locale":"es_ES","og_type":"article","og_title":"El Ayuntamiento de Colindres llevar\u00e1 a cabo un proyecto piloto para\u00a0mejorar la est\u00e9tica de las calles del casco hist\u00f3rico - Ayuntamiento de Colindres","og_description":"El Consistorio asfaltar\u00e1 la calle Puerta con un pavimento especial que\u00a0simula el empedrado antiguo para mejorar el tr\u00e1nsito de veh\u00edculos y\u00a0preservar la est\u00e9tica del entorno Colindres, 20 de diciembre. El Ayuntamiento de Colindres va a llevar\u00a0cabo un proyecto piloto para renovar progresivamente el asfaltado del\u00a0casco hist\u00f3rico del municipio con un pavimento especial que simula el [&hellip;]","og_url":"https:\/\/www.colindres.es\/index.php\/project\/el-ayuntamiento-de-colindres-llevara-a-cabo-un-proyecto-piloto-para-mejorar-la-estetica-de-las-calles-del-casco-historico\/","og_site_name":"Ayuntamiento de Colindres","og_image":[{"width":1280,"height":720,"url":"https:\/\/www.colindres.es\/wp-content\/uploads\/2017\/12\/Calle-Puerta.jpg","type":"image\/jpeg"}],"twitter_card":"summary_large_image","twitter_misc":{"Tiempo de lectura":"2 minutos"},"schema":{"@context":"https:\/\/schema.org","@graph":[{"@type":"WebPage","@id":"https:\/\/www.colindres.es\/index.php\/project\/el-ayuntamiento-de-colindres-llevara-a-cabo-un-proyecto-piloto-para-mejorar-la-estetica-de-las-calles-del-casco-historico\/","url":"https:\/\/www.colindres.es\/index.php\/project\/el-ayuntamiento-de-colindres-llevara-a-cabo-un-proyecto-piloto-para-mejorar-la-estetica-de-las-calles-del-casco-historico\/","name":"El Ayuntamiento de Colindres llevar\u00e1 a cabo un proyecto piloto para\u00a0mejorar la est\u00e9tica de las calles del casco hist\u00f3rico - Ayuntamiento de Colindres","isPartOf":{"@id":"https:\/\/www.colindres.es\/#website"},"primaryImageOfPage":{"@id":"https:\/\/www.colindres.es\/index.php\/project\/el-ayuntamiento-de-colindres-llevara-a-cabo-un-proyecto-piloto-para-mejorar-la-estetica-de-las-calles-del-casco-historico\/#primaryimage"},"image":{"@id":"https:\/\/www.colindres.es\/index.php\/project\/el-ayuntamiento-de-colindres-llevara-a-cabo-un-proyecto-piloto-para-mejorar-la-estetica-de-las-calles-del-casco-historico\/#primaryimage"},"thumbnailUrl":"https:\/\/www.colindres.es\/wp-content\/uploads\/2017\/12\/Calle-Puerta.jpg","datePublished":"2017-12-21T08:26:59+00:00","breadcrumb":{"@id":"https:\/\/www.colindres.es\/index.php\/project\/el-ayuntamiento-de-colindres-llevara-a-cabo-un-proyecto-piloto-para-mejorar-la-estetica-de-las-calles-del-casco-historico\/#breadcrumb"},"inLanguage":"es","potentialAction":[{"@type":"ReadAction","target":["https:\/\/www.colindres.es\/index.php\/project\/el-ayuntamiento-de-colindres-llevara-a-cabo-un-proyecto-piloto-para-mejorar-la-estetica-de-las-calles-del-casco-historico\/"]}]},{"@type":"ImageObject","inLanguage":"es","@id":"https:\/\/www.colindres.es\/index.php\/project\/el-ayuntamiento-de-colindres-llevara-a-cabo-un-proyecto-piloto-para-mejorar-la-estetica-de-las-calles-del-casco-historico\/#primaryimage","url":"https:\/\/www.colindres.es\/wp-content\/uploads\/2017\/12\/Calle-Puerta.jpg","contentUrl":"https:\/\/www.colindres.es\/wp-content\/uploads\/2017\/12\/Calle-Puerta.jpg","width":1280,"height":720},{"@type":"BreadcrumbList","@id":"https:\/\/www.colindres.es\/index.php\/project\/el-ayuntamiento-de-colindres-llevara-a-cabo-un-proyecto-piloto-para-mejorar-la-estetica-de-las-calles-del-casco-historico\/#breadcrumb","itemListElement":[{"@type":"ListItem","position":1,"name":"Portada","item":"https:\/\/www.colindres.es\/"},{"@type":"ListItem","position":2,"name":"Proyectos","item":"https:\/\/www.colindres.es\/index.php\/project\/"},{"@type":"ListItem","position":3,"name":"El Ayuntamiento de Colindres llevar\u00e1 a cabo un proyecto piloto para\u00a0mejorar la est\u00e9tica de las calles del casco hist\u00f3rico"}]},{"@type":"WebSite","@id":"https:\/\/www.colindres.es\/#website","url":"https:\/\/www.colindres.es\/","name":"Ayuntamiento de Colindres","description":"Dise\u00f1ado por NTIC&#039;s","publisher":{"@id":"https:\/\/www.colindres.es\/#organization"},"potentialAction":[{"@type":"SearchAction","target":{"@type":"EntryPoint","urlTemplate":"https:\/\/www.colindres.es\/?s={search_term_string}"},"query-input":{"@type":"PropertyValueSpecification","valueRequired":true,"valueName":"search_term_string"}}],"inLanguage":"es"},{"@type":"Organization","@id":"https:\/\/www.colindres.es\/#organization","name":"AYUNTAMIENTO DE COLINDRES","url":"https:\/\/www.colindres.es\/","logo":{"@type":"ImageObject","inLanguage":"es","@id":"https:\/\/www.colindres.es\/#\/schema\/logo\/image\/","url":"https:\/\/www.colindres.es\/wp-content\/uploads\/2017\/01\/LOGO-PRINCIPAL.jpg","contentUrl":"https:\/\/www.colindres.es\/wp-content\/uploads\/2017\/01\/LOGO-PRINCIPAL.jpg","width":1209,"height":579,"caption":"AYUNTAMIENTO DE COLINDRES"},"image":{"@id":"https:\/\/www.colindres.es\/#\/schema\/logo\/image\/"}}]}},"_links":{"self":[{"href":"https:\/\/www.colindres.es\/index.php\/wp-json\/wp\/v2\/project\/1191","targetHints":{"allow":["GET"]}}],"collection":[{"href":"https:\/\/www.colindres.es\/index.php\/wp-json\/wp\/v2\/project"}],"about":[{"href":"https:\/\/www.colindres.es\/index.php\/wp-json\/wp\/v2\/types\/project"}],"author":[{"embeddable":true,"href":"https:\/\/www.colindres.es\/index.php\/wp-json\/wp\/v2\/users\/1"}],"replies":[{"embeddable":true,"href":"https:\/\/www.colindres.es\/index.php\/wp-json\/wp\/v2\/comments?post=1191"}],"version-history":[{"count":1,"href":"https:\/\/www.colindres.es\/index.php\/wp-json\/wp\/v2\/project\/1191\/revisions"}],"predecessor-version":[{"id":1193,"href":"https:\/\/www.colindres.es\/index.php\/wp-json\/wp\/v2\/project\/1191\/revisions\/1193"}],"wp:featuredmedia":[{"embeddable":true,"href":"https:\/\/www.colindres.es\/index.php\/wp-json\/wp\/v2\/media\/1192"}],"wp:attachment":[{"href":"https:\/\/www.colindres.es\/index.php\/wp-json\/wp\/v2\/media?parent=1191"}],"wp:term":[{"taxonomy":"project_category","embeddable":true,"href":"https:\/\/www.colindres.es\/index.php\/wp-json\/wp\/v2\/project_category?post=1191"},{"taxonomy":"project_tag","embeddable":true,"href":"https:\/\/www.colindres.es\/index.php\/wp-json\/wp\/v2\/project_tag?post=1191"}],"curies":[{"name":"wp","href":"https:\/\/api.w.org\/{rel}","templated":true}]}}