{"id":1188,"date":"2017-12-19T15:46:31","date_gmt":"2017-12-19T15:46:31","guid":{"rendered":"http:\/\/colindres.es\/?post_type=project&#038;p=1188"},"modified":"2017-12-19T15:47:02","modified_gmt":"2017-12-19T15:47:02","slug":"union-de-consumidores-imparte-una-charla-el-martes-en-colindres-para-informar-y-resolver-dudas-sobre-consumo","status":"publish","type":"project","link":"https:\/\/www.colindres.es\/index.php\/project\/union-de-consumidores-imparte-una-charla-el-martes-en-colindres-para-informar-y-resolver-dudas-sobre-consumo\/","title":{"rendered":"Uni\u00f3n de Consumidores imparte una charla el martes en Colindres para\u00a0informar y resolver dudas sobre consumo"},"content":{"rendered":"<p>Se abordar\u00e1n temas bancarios, facturaci\u00f3n de suministros dom\u00e9sticos y se\u00a0responder\u00e1 a las cuestiones que planteen los asistentes<\/p>\n<p>Colindres, 17 de diciembre.- La Oficina Municipal de Informaci\u00f3n al\u00a0Consumidor (OMIC) del Ayuntamiento de Colindres, asistida por letrados\u00a0de la Uni\u00f3n de Consumidores de Cantabria, impartir\u00e1 el martes 19 de\u00a0diciembre un charla para informar a los vecinos sobre sus derechos en\u00a0materia de consumo.<\/p>\n<p>La charla divulgativa, abierta al p\u00fablico, se celebra a las siete y\u00a0media de la tarde en la casa de cultura de Colindres y abordar\u00e1 aspectos\u00a0bancarios, relacionados fundamentalmente con gastos hipotecarios y\u00a0cl\u00e1usulas suelo, facturaci\u00f3n de suministros dom\u00e9sticos: electricidad,\u00a0agua y gas, y cualquier otro tema o dudas que planteen los asistentes.<\/p>\n<p>La Oficina Municipal de Informaci\u00f3n al Consumidor (OMIC) es un servicio\u00a0de informaci\u00f3n y tramitaci\u00f3n de reclamaciones y quejas vinculadas con el\u00a0consumo que el Ayuntamiento de Colindres pone a disposici\u00f3n de sus\u00a0vecinos. Abre los viernes de nueve de la ma\u00f1ana a tres de la tarde y\u00a0est\u00e1 ubicada en Casa Serafina, avenida del Ayuntamiento.<\/p>\n","protected":false},"excerpt":{"rendered":"<p>Se abordar\u00e1n temas bancarios, facturaci\u00f3n de suministros dom\u00e9sticos y se\u00a0responder\u00e1 a las cuestiones que planteen los asistentes Colindres, 17 de diciembre.- La Oficina Municipal de Informaci\u00f3n al\u00a0Consumidor (OMIC) del Ayuntamiento de Colindres, asistida por letrados\u00a0de la Uni\u00f3n de Consumidores de Cantabria, impartir\u00e1 el martes 19 de\u00a0diciembre un charla para informar a los vecinos sobre sus [&hellip;]<\/p>\n","protected":false},"author":1,"featured_media":206,"comment_status":"open","ping_status":"closed","template":"","meta":{"_et_pb_use_builder":"","_et_pb_old_content":"","_et_gb_content_width":"","footnotes":""},"project_category":[],"project_tag":[],"class_list":["post-1188","project","type-project","status-publish","has-post-thumbnail","hentry"],"yoast_head":"<!-- This site is optimized with the Yoast SEO plugin v24.9 - https:\/\/yoast.com\/wordpress\/plugins\/seo\/ -->\n<title>Uni\u00f3n de Consumidores imparte una charla el martes en Colindres para\u00a0informar y resolver dudas sobre consumo - Ayuntamiento de Colindres<\/title>\n<meta name=\"robots\" content=\"index, follow, max-snippet:-1, max-image-preview:large, max-video-preview:-1\" \/>\n<link rel=\"canonical\" href=\"https:\/\/www.colindres.es\/index.php\/project\/union-de-consumidores-imparte-una-charla-el-martes-en-colindres-para-informar-y-resolver-dudas-sobre-consumo\/\" \/>\n<meta property=\"og:locale\" content=\"es_ES\" \/>\n<meta property=\"og:type\" content=\"article\" \/>\n<meta property=\"og:title\" content=\"Uni\u00f3n de Consumidores imparte una charla el martes en Colindres para\u00a0informar y resolver dudas sobre consumo - Ayuntamiento de Colindres\" \/>\n<meta property=\"og:description\" content=\"Se abordar\u00e1n temas bancarios, facturaci\u00f3n de suministros dom\u00e9sticos y se\u00a0responder\u00e1 a las cuestiones que planteen los asistentes Colindres, 17 de diciembre.- La Oficina Municipal de Informaci\u00f3n al\u00a0Consumidor (OMIC) del Ayuntamiento de Colindres, asistida por letrados\u00a0de la Uni\u00f3n de Consumidores de Cantabria, impartir\u00e1 el martes 19 de\u00a0diciembre un charla para informar a los vecinos sobre sus [&hellip;]\" \/>\n<meta property=\"og:url\" content=\"https:\/\/www.colindres.es\/index.php\/project\/union-de-consumidores-imparte-una-charla-el-martes-en-colindres-para-informar-y-resolver-dudas-sobre-consumo\/\" \/>\n<meta property=\"og:site_name\" content=\"Ayuntamiento de Colindres\" \/>\n<meta property=\"article:modified_time\" content=\"2017-12-19T15:47:02+00:00\" \/>\n<meta property=\"og:image\" content=\"https:\/\/www.colindres.es\/wp-content\/uploads\/2016\/09\/IMG_9250-2-1024x363.jpg\" \/>\n\t<meta property=\"og:image:width\" content=\"1024\" \/>\n\t<meta property=\"og:image:height\" content=\"363\" \/>\n\t<meta property=\"og:image:type\" content=\"image\/jpeg\" \/>\n<meta name=\"twitter:card\" content=\"summary_large_image\" \/>\n<meta name=\"twitter:label1\" content=\"Tiempo de lectura\" \/>\n\t<meta name=\"twitter:data1\" content=\"1 minuto\" \/>\n<script type=\"application\/ld+json\" class=\"yoast-schema-graph\">{\"@context\":\"https:\/\/schema.org\",\"@graph\":[{\"@type\":\"WebPage\",\"@id\":\"https:\/\/www.colindres.es\/index.php\/project\/union-de-consumidores-imparte-una-charla-el-martes-en-colindres-para-informar-y-resolver-dudas-sobre-consumo\/\",\"url\":\"https:\/\/www.colindres.es\/index.php\/project\/union-de-consumidores-imparte-una-charla-el-martes-en-colindres-para-informar-y-resolver-dudas-sobre-consumo\/\",\"name\":\"Uni\u00f3n de Consumidores imparte una charla el martes en Colindres para\u00a0informar y resolver dudas sobre consumo - Ayuntamiento de Colindres\",\"isPartOf\":{\"@id\":\"https:\/\/www.colindres.es\/#website\"},\"primaryImageOfPage\":{\"@id\":\"https:\/\/www.colindres.es\/index.php\/project\/union-de-consumidores-imparte-una-charla-el-martes-en-colindres-para-informar-y-resolver-dudas-sobre-consumo\/#primaryimage\"},\"image\":{\"@id\":\"https:\/\/www.colindres.es\/index.php\/project\/union-de-consumidores-imparte-una-charla-el-martes-en-colindres-para-informar-y-resolver-dudas-sobre-consumo\/#primaryimage\"},\"thumbnailUrl\":\"https:\/\/www.colindres.es\/wp-content\/uploads\/2016\/09\/IMG_9250-2.jpg\",\"datePublished\":\"2017-12-19T15:46:31+00:00\",\"dateModified\":\"2017-12-19T15:47:02+00:00\",\"breadcrumb\":{\"@id\":\"https:\/\/www.colindres.es\/index.php\/project\/union-de-consumidores-imparte-una-charla-el-martes-en-colindres-para-informar-y-resolver-dudas-sobre-consumo\/#breadcrumb\"},\"inLanguage\":\"es\",\"potentialAction\":[{\"@type\":\"ReadAction\",\"target\":[\"https:\/\/www.colindres.es\/index.php\/project\/union-de-consumidores-imparte-una-charla-el-martes-en-colindres-para-informar-y-resolver-dudas-sobre-consumo\/\"]}]},{\"@type\":\"ImageObject\",\"inLanguage\":\"es\",\"@id\":\"https:\/\/www.colindres.es\/index.php\/project\/union-de-consumidores-imparte-una-charla-el-martes-en-colindres-para-informar-y-resolver-dudas-sobre-consumo\/#primaryimage\",\"url\":\"https:\/\/www.colindres.es\/wp-content\/uploads\/2016\/09\/IMG_9250-2.jpg\",\"contentUrl\":\"https:\/\/www.colindres.es\/wp-content\/uploads\/2016\/09\/IMG_9250-2.jpg\",\"width\":10558,\"height\":3738},{\"@type\":\"BreadcrumbList\",\"@id\":\"https:\/\/www.colindres.es\/index.php\/project\/union-de-consumidores-imparte-una-charla-el-martes-en-colindres-para-informar-y-resolver-dudas-sobre-consumo\/#breadcrumb\",\"itemListElement\":[{\"@type\":\"ListItem\",\"position\":1,\"name\":\"Portada\",\"item\":\"https:\/\/www.colindres.es\/\"},{\"@type\":\"ListItem\",\"position\":2,\"name\":\"Proyectos\",\"item\":\"https:\/\/www.colindres.es\/index.php\/project\/\"},{\"@type\":\"ListItem\",\"position\":3,\"name\":\"Uni\u00f3n de Consumidores imparte una charla el martes en Colindres para\u00a0informar y resolver dudas sobre consumo\"}]},{\"@type\":\"WebSite\",\"@id\":\"https:\/\/www.colindres.es\/#website\",\"url\":\"https:\/\/www.colindres.es\/\",\"name\":\"Ayuntamiento de Colindres\",\"description\":\"Dise\u00f1ado por NTIC&#039;s\",\"publisher\":{\"@id\":\"https:\/\/www.colindres.es\/#organization\"},\"potentialAction\":[{\"@type\":\"SearchAction\",\"target\":{\"@type\":\"EntryPoint\",\"urlTemplate\":\"https:\/\/www.colindres.es\/?s={search_term_string}\"},\"query-input\":{\"@type\":\"PropertyValueSpecification\",\"valueRequired\":true,\"valueName\":\"search_term_string\"}}],\"inLanguage\":\"es\"},{\"@type\":\"Organization\",\"@id\":\"https:\/\/www.colindres.es\/#organization\",\"name\":\"AYUNTAMIENTO DE COLINDRES\",\"url\":\"https:\/\/www.colindres.es\/\",\"logo\":{\"@type\":\"ImageObject\",\"inLanguage\":\"es\",\"@id\":\"https:\/\/www.colindres.es\/#\/schema\/logo\/image\/\",\"url\":\"https:\/\/www.colindres.es\/wp-content\/uploads\/2017\/01\/LOGO-PRINCIPAL.jpg\",\"contentUrl\":\"https:\/\/www.colindres.es\/wp-content\/uploads\/2017\/01\/LOGO-PRINCIPAL.jpg\",\"width\":1209,\"height\":579,\"caption\":\"AYUNTAMIENTO DE COLINDRES\"},\"image\":{\"@id\":\"https:\/\/www.colindres.es\/#\/schema\/logo\/image\/\"}}]}<\/script>\n<!-- \/ Yoast SEO plugin. -->","yoast_head_json":{"title":"Uni\u00f3n de Consumidores imparte una charla el martes en Colindres para\u00a0informar y resolver dudas sobre consumo - Ayuntamiento de Colindres","robots":{"index":"index","follow":"follow","max-snippet":"max-snippet:-1","max-image-preview":"max-image-preview:large","max-video-preview":"max-video-preview:-1"},"canonical":"https:\/\/www.colindres.es\/index.php\/project\/union-de-consumidores-imparte-una-charla-el-martes-en-colindres-para-informar-y-resolver-dudas-sobre-consumo\/","og_locale":"es_ES","og_type":"article","og_title":"Uni\u00f3n de Consumidores imparte una charla el martes en Colindres para\u00a0informar y resolver dudas sobre consumo - Ayuntamiento de Colindres","og_description":"Se abordar\u00e1n temas bancarios, facturaci\u00f3n de suministros dom\u00e9sticos y se\u00a0responder\u00e1 a las cuestiones que planteen los asistentes Colindres, 17 de diciembre.- La Oficina Municipal de Informaci\u00f3n al\u00a0Consumidor (OMIC) del Ayuntamiento de Colindres, asistida por letrados\u00a0de la Uni\u00f3n de Consumidores de Cantabria, impartir\u00e1 el martes 19 de\u00a0diciembre un charla para informar a los vecinos sobre sus [&hellip;]","og_url":"https:\/\/www.colindres.es\/index.php\/project\/union-de-consumidores-imparte-una-charla-el-martes-en-colindres-para-informar-y-resolver-dudas-sobre-consumo\/","og_site_name":"Ayuntamiento de Colindres","article_modified_time":"2017-12-19T15:47:02+00:00","og_image":[{"width":1024,"height":363,"url":"https:\/\/www.colindres.es\/wp-content\/uploads\/2016\/09\/IMG_9250-2-1024x363.jpg","type":"image\/jpeg"}],"twitter_card":"summary_large_image","twitter_misc":{"Tiempo de lectura":"1 minuto"},"schema":{"@context":"https:\/\/schema.org","@graph":[{"@type":"WebPage","@id":"https:\/\/www.colindres.es\/index.php\/project\/union-de-consumidores-imparte-una-charla-el-martes-en-colindres-para-informar-y-resolver-dudas-sobre-consumo\/","url":"https:\/\/www.colindres.es\/index.php\/project\/union-de-consumidores-imparte-una-charla-el-martes-en-colindres-para-informar-y-resolver-dudas-sobre-consumo\/","name":"Uni\u00f3n de Consumidores imparte una charla el martes en Colindres para\u00a0informar y resolver dudas sobre consumo - Ayuntamiento de Colindres","isPartOf":{"@id":"https:\/\/www.colindres.es\/#website"},"primaryImageOfPage":{"@id":"https:\/\/www.colindres.es\/index.php\/project\/union-de-consumidores-imparte-una-charla-el-martes-en-colindres-para-informar-y-resolver-dudas-sobre-consumo\/#primaryimage"},"image":{"@id":"https:\/\/www.colindres.es\/index.php\/project\/union-de-consumidores-imparte-una-charla-el-martes-en-colindres-para-informar-y-resolver-dudas-sobre-consumo\/#primaryimage"},"thumbnailUrl":"https:\/\/www.colindres.es\/wp-content\/uploads\/2016\/09\/IMG_9250-2.jpg","datePublished":"2017-12-19T15:46:31+00:00","dateModified":"2017-12-19T15:47:02+00:00","breadcrumb":{"@id":"https:\/\/www.colindres.es\/index.php\/project\/union-de-consumidores-imparte-una-charla-el-martes-en-colindres-para-informar-y-resolver-dudas-sobre-consumo\/#breadcrumb"},"inLanguage":"es","potentialAction":[{"@type":"ReadAction","target":["https:\/\/www.colindres.es\/index.php\/project\/union-de-consumidores-imparte-una-charla-el-martes-en-colindres-para-informar-y-resolver-dudas-sobre-consumo\/"]}]},{"@type":"ImageObject","inLanguage":"es","@id":"https:\/\/www.colindres.es\/index.php\/project\/union-de-consumidores-imparte-una-charla-el-martes-en-colindres-para-informar-y-resolver-dudas-sobre-consumo\/#primaryimage","url":"https:\/\/www.colindres.es\/wp-content\/uploads\/2016\/09\/IMG_9250-2.jpg","contentUrl":"https:\/\/www.colindres.es\/wp-content\/uploads\/2016\/09\/IMG_9250-2.jpg","width":10558,"height":3738},{"@type":"BreadcrumbList","@id":"https:\/\/www.colindres.es\/index.php\/project\/union-de-consumidores-imparte-una-charla-el-martes-en-colindres-para-informar-y-resolver-dudas-sobre-consumo\/#breadcrumb","itemListElement":[{"@type":"ListItem","position":1,"name":"Portada","item":"https:\/\/www.colindres.es\/"},{"@type":"ListItem","position":2,"name":"Proyectos","item":"https:\/\/www.colindres.es\/index.php\/project\/"},{"@type":"ListItem","position":3,"name":"Uni\u00f3n de Consumidores imparte una charla el martes en Colindres para\u00a0informar y resolver dudas sobre consumo"}]},{"@type":"WebSite","@id":"https:\/\/www.colindres.es\/#website","url":"https:\/\/www.colindres.es\/","name":"Ayuntamiento de Colindres","description":"Dise\u00f1ado por NTIC&#039;s","publisher":{"@id":"https:\/\/www.colindres.es\/#organization"},"potentialAction":[{"@type":"SearchAction","target":{"@type":"EntryPoint","urlTemplate":"https:\/\/www.colindres.es\/?s={search_term_string}"},"query-input":{"@type":"PropertyValueSpecification","valueRequired":true,"valueName":"search_term_string"}}],"inLanguage":"es"},{"@type":"Organization","@id":"https:\/\/www.colindres.es\/#organization","name":"AYUNTAMIENTO DE COLINDRES","url":"https:\/\/www.colindres.es\/","logo":{"@type":"ImageObject","inLanguage":"es","@id":"https:\/\/www.colindres.es\/#\/schema\/logo\/image\/","url":"https:\/\/www.colindres.es\/wp-content\/uploads\/2017\/01\/LOGO-PRINCIPAL.jpg","contentUrl":"https:\/\/www.colindres.es\/wp-content\/uploads\/2017\/01\/LOGO-PRINCIPAL.jpg","width":1209,"height":579,"caption":"AYUNTAMIENTO DE COLINDRES"},"image":{"@id":"https:\/\/www.colindres.es\/#\/schema\/logo\/image\/"}}]}},"_links":{"self":[{"href":"https:\/\/www.colindres.es\/index.php\/wp-json\/wp\/v2\/project\/1188","targetHints":{"allow":["GET"]}}],"collection":[{"href":"https:\/\/www.colindres.es\/index.php\/wp-json\/wp\/v2\/project"}],"about":[{"href":"https:\/\/www.colindres.es\/index.php\/wp-json\/wp\/v2\/types\/project"}],"author":[{"embeddable":true,"href":"https:\/\/www.colindres.es\/index.php\/wp-json\/wp\/v2\/users\/1"}],"replies":[{"embeddable":true,"href":"https:\/\/www.colindres.es\/index.php\/wp-json\/wp\/v2\/comments?post=1188"}],"version-history":[{"count":1,"href":"https:\/\/www.colindres.es\/index.php\/wp-json\/wp\/v2\/project\/1188\/revisions"}],"predecessor-version":[{"id":1189,"href":"https:\/\/www.colindres.es\/index.php\/wp-json\/wp\/v2\/project\/1188\/revisions\/1189"}],"wp:featuredmedia":[{"embeddable":true,"href":"https:\/\/www.colindres.es\/index.php\/wp-json\/wp\/v2\/media\/206"}],"wp:attachment":[{"href":"https:\/\/www.colindres.es\/index.php\/wp-json\/wp\/v2\/media?parent=1188"}],"wp:term":[{"taxonomy":"project_category","embeddable":true,"href":"https:\/\/www.colindres.es\/index.php\/wp-json\/wp\/v2\/project_category?post=1188"},{"taxonomy":"project_tag","embeddable":true,"href":"https:\/\/www.colindres.es\/index.php\/wp-json\/wp\/v2\/project_tag?post=1188"}],"curies":[{"name":"wp","href":"https:\/\/api.w.org\/{rel}","templated":true}]}}