{"id":1166,"date":"2017-12-11T21:16:45","date_gmt":"2017-12-11T21:16:45","guid":{"rendered":"http:\/\/colindres.es\/?post_type=project&#038;p=1166"},"modified":"2017-12-11T21:16:45","modified_gmt":"2017-12-11T21:16:45","slug":"veinte-jovenes-de-colindres-laredo-y-santona-viajan-a-bruselas-a-conocer-las-instituciones-europeas","status":"publish","type":"project","link":"https:\/\/www.colindres.es\/index.php\/project\/veinte-jovenes-de-colindres-laredo-y-santona-viajan-a-bruselas-a-conocer-las-instituciones-europeas\/","title":{"rendered":"Veinte j\u00f3venes de Colindres, Laredo y Santo\u00f1a viajan a Bruselas a conocer las instituciones europeas"},"content":{"rendered":"<p><span style=\"color: #000000; font-family: Calibri; font-size: medium;\">Son los ganadores de un concurso organizado por estos ayuntamientos y la Direcci\u00f3n General de Econom\u00eda y Asuntos Europeos<\/span><\/p>\n<p><span style=\"color: #000000; font-family: Calibri; font-size: medium;\">Colindres, 11 de diciembre.- La directora general de Econom\u00eda y Asuntos Europeos, Montserrat Garc\u00eda, acompa\u00f1ada por los alcaldes de Laredo, Colindres y Santo\u00f1a, Juan Ram\u00f3n L\u00f3pez, Javier Incera, y Sergio Abascal, respectivamente, ha despedido en el aeropuerto Severiano Ballesteros en Santander a una veintena de j\u00f3venes de estos municipios que visitar\u00e1n Bruselas tras ganar el concurso &#8216;Las Instituciones Europeas&#8217; convocado en estas localidades.<\/span><\/p>\n<p><span style=\"color: #000000; font-family: Calibri; font-size: medium;\">La directora general ha destacado que \u00e9sta es una \u00aboportunidad \u00fanica\u00bb <\/span><span style=\"color: #000000; font-family: Calibri; font-size: medium;\">para los ganadores, ya que podr\u00e1n conocer de d\u00f3nde emanan y c\u00f3mo se toman las decisiones en la Uni\u00f3n Europea.<\/span><\/p>\n<p><span style=\"color: #000000; font-family: Calibri; font-size: medium;\">En este sentido, Garc\u00eda ha destacado que, en la oficina de Cantabria en Bruselas, tendr\u00e1n la oportunidad de conocer el programa &#8216;Horizonte2020&#8217;, uno de los que tienen m\u00e1s dotaci\u00f3n en estos momentos, y que financia proyectos de investigaci\u00f3n e innovaci\u00f3n.<\/span><\/p>\n<p><span style=\"color: #000000; font-family: Calibri; font-size: medium;\">Los j\u00f3venes asistir\u00e1n a una conferencia impartida por Andr\u00e9s Mart\u00ednez, integrante del Centro para el Desarrollo Tecnol\u00f3gico Industrial, Spanish Office for Science and Technology, (CDTI-SOST), dependiente del Ministerio de Econom\u00eda, Industria y Competitividad del Gobierno de Espa\u00f1a.<\/span><\/p>\n<p><span style=\"color: #000000; font-family: Calibri; font-size: medium;\">Los vecinos de Laredo, Colindres y Santo\u00f1a van a visitar, entre otras, las dependencias de la Comisi\u00f3n Europea, del Parlamento y la oficina de Cantabria en la capital belga, para conocer de primera mano el funcionamiento de las instituciones comunitarias.<\/span><\/p>\n<p><span style=\"color: #000000; font-family: Calibri; font-size: medium;\">El concurso, organizado por los ayuntamientos de Colindres, Laredo y Santo\u00f1a, con el apoyo de la Direcci\u00f3n General de Econom\u00eda y Asuntos Europeos de la Consejer\u00eda de Econom\u00eda, Hacienda y Empleo, consist\u00eda en realizar un trabajo art\u00edstico, dibujo, foto o montaje fotogr\u00e1fico, para formar parte de la portada del perfil de las redes sociales de alguno de los ayuntamientos el 9 de mayo de 2018, recordando a la ciudadan\u00eda de ese municipio que esa fecha es el D\u00eda de Europa.<\/span><\/p>\n<p><span style=\"color: #000000; font-family: Calibri; font-size: medium;\">\u00a0<\/span><\/p>\n<p><span style=\"color: #000000; font-family: Calibri; font-size: medium;\">Foto: Los j\u00f3venes de la zona oriental de Cantabria de camino a Bruselas. <\/span><\/p>\n<p><span style=\"color: #000000; font-family: Calibri; font-size: medium;\">Autora: Lara Revilla<\/span><\/p>\n","protected":false},"excerpt":{"rendered":"<p>Son los ganadores de un concurso organizado por estos ayuntamientos y la Direcci\u00f3n General de Econom\u00eda y Asuntos Europeos Colindres, 11 de diciembre.- La directora general de Econom\u00eda y Asuntos Europeos, Montserrat Garc\u00eda, acompa\u00f1ada por los alcaldes de Laredo, Colindres y Santo\u00f1a, Juan Ram\u00f3n L\u00f3pez, Javier Incera, y Sergio Abascal, respectivamente, ha despedido en el [&hellip;]<\/p>\n","protected":false},"author":1,"featured_media":1167,"comment_status":"open","ping_status":"closed","template":"","meta":{"_et_pb_use_builder":"","_et_pb_old_content":"","_et_gb_content_width":"","footnotes":""},"project_category":[],"project_tag":[],"class_list":["post-1166","project","type-project","status-publish","has-post-thumbnail","hentry"],"yoast_head":"<!-- This site is optimized with the Yoast SEO plugin v24.9 - https:\/\/yoast.com\/wordpress\/plugins\/seo\/ -->\n<title>Veinte j\u00f3venes de Colindres, Laredo y Santo\u00f1a viajan a Bruselas a conocer las instituciones europeas - Ayuntamiento de Colindres<\/title>\n<meta name=\"robots\" content=\"index, follow, max-snippet:-1, max-image-preview:large, max-video-preview:-1\" \/>\n<link rel=\"canonical\" href=\"https:\/\/www.colindres.es\/index.php\/project\/veinte-jovenes-de-colindres-laredo-y-santona-viajan-a-bruselas-a-conocer-las-instituciones-europeas\/\" \/>\n<meta property=\"og:locale\" content=\"es_ES\" \/>\n<meta property=\"og:type\" content=\"article\" \/>\n<meta property=\"og:title\" content=\"Veinte j\u00f3venes de Colindres, Laredo y Santo\u00f1a viajan a Bruselas a conocer las instituciones europeas - Ayuntamiento de Colindres\" \/>\n<meta property=\"og:description\" content=\"Son los ganadores de un concurso organizado por estos ayuntamientos y la Direcci\u00f3n General de Econom\u00eda y Asuntos Europeos Colindres, 11 de diciembre.- La directora general de Econom\u00eda y Asuntos Europeos, Montserrat Garc\u00eda, acompa\u00f1ada por los alcaldes de Laredo, Colindres y Santo\u00f1a, Juan Ram\u00f3n L\u00f3pez, Javier Incera, y Sergio Abascal, respectivamente, ha despedido en el [&hellip;]\" \/>\n<meta property=\"og:url\" content=\"https:\/\/www.colindres.es\/index.php\/project\/veinte-jovenes-de-colindres-laredo-y-santona-viajan-a-bruselas-a-conocer-las-instituciones-europeas\/\" \/>\n<meta property=\"og:site_name\" content=\"Ayuntamiento de Colindres\" \/>\n<meta property=\"og:image\" content=\"https:\/\/www.colindres.es\/wp-content\/uploads\/2017\/12\/fotonoticia_20171211145958_1920.jpg\" \/>\n\t<meta property=\"og:image:width\" content=\"1920\" \/>\n\t<meta property=\"og:image:height\" content=\"936\" \/>\n\t<meta property=\"og:image:type\" content=\"image\/jpeg\" \/>\n<meta name=\"twitter:card\" content=\"summary_large_image\" \/>\n<meta name=\"twitter:label1\" content=\"Tiempo de lectura\" \/>\n\t<meta name=\"twitter:data1\" content=\"2 minutos\" \/>\n<script type=\"application\/ld+json\" class=\"yoast-schema-graph\">{\"@context\":\"https:\/\/schema.org\",\"@graph\":[{\"@type\":\"WebPage\",\"@id\":\"https:\/\/www.colindres.es\/index.php\/project\/veinte-jovenes-de-colindres-laredo-y-santona-viajan-a-bruselas-a-conocer-las-instituciones-europeas\/\",\"url\":\"https:\/\/www.colindres.es\/index.php\/project\/veinte-jovenes-de-colindres-laredo-y-santona-viajan-a-bruselas-a-conocer-las-instituciones-europeas\/\",\"name\":\"Veinte j\u00f3venes de Colindres, Laredo y Santo\u00f1a viajan a Bruselas a conocer las instituciones europeas - Ayuntamiento de Colindres\",\"isPartOf\":{\"@id\":\"https:\/\/www.colindres.es\/#website\"},\"primaryImageOfPage\":{\"@id\":\"https:\/\/www.colindres.es\/index.php\/project\/veinte-jovenes-de-colindres-laredo-y-santona-viajan-a-bruselas-a-conocer-las-instituciones-europeas\/#primaryimage\"},\"image\":{\"@id\":\"https:\/\/www.colindres.es\/index.php\/project\/veinte-jovenes-de-colindres-laredo-y-santona-viajan-a-bruselas-a-conocer-las-instituciones-europeas\/#primaryimage\"},\"thumbnailUrl\":\"https:\/\/www.colindres.es\/wp-content\/uploads\/2017\/12\/fotonoticia_20171211145958_1920.jpg\",\"datePublished\":\"2017-12-11T21:16:45+00:00\",\"breadcrumb\":{\"@id\":\"https:\/\/www.colindres.es\/index.php\/project\/veinte-jovenes-de-colindres-laredo-y-santona-viajan-a-bruselas-a-conocer-las-instituciones-europeas\/#breadcrumb\"},\"inLanguage\":\"es\",\"potentialAction\":[{\"@type\":\"ReadAction\",\"target\":[\"https:\/\/www.colindres.es\/index.php\/project\/veinte-jovenes-de-colindres-laredo-y-santona-viajan-a-bruselas-a-conocer-las-instituciones-europeas\/\"]}]},{\"@type\":\"ImageObject\",\"inLanguage\":\"es\",\"@id\":\"https:\/\/www.colindres.es\/index.php\/project\/veinte-jovenes-de-colindres-laredo-y-santona-viajan-a-bruselas-a-conocer-las-instituciones-europeas\/#primaryimage\",\"url\":\"https:\/\/www.colindres.es\/wp-content\/uploads\/2017\/12\/fotonoticia_20171211145958_1920.jpg\",\"contentUrl\":\"https:\/\/www.colindres.es\/wp-content\/uploads\/2017\/12\/fotonoticia_20171211145958_1920.jpg\",\"width\":1920,\"height\":936},{\"@type\":\"BreadcrumbList\",\"@id\":\"https:\/\/www.colindres.es\/index.php\/project\/veinte-jovenes-de-colindres-laredo-y-santona-viajan-a-bruselas-a-conocer-las-instituciones-europeas\/#breadcrumb\",\"itemListElement\":[{\"@type\":\"ListItem\",\"position\":1,\"name\":\"Portada\",\"item\":\"https:\/\/www.colindres.es\/\"},{\"@type\":\"ListItem\",\"position\":2,\"name\":\"Proyectos\",\"item\":\"https:\/\/www.colindres.es\/index.php\/project\/\"},{\"@type\":\"ListItem\",\"position\":3,\"name\":\"Veinte j\u00f3venes de Colindres, Laredo y Santo\u00f1a viajan a Bruselas a conocer las instituciones europeas\"}]},{\"@type\":\"WebSite\",\"@id\":\"https:\/\/www.colindres.es\/#website\",\"url\":\"https:\/\/www.colindres.es\/\",\"name\":\"Ayuntamiento de Colindres\",\"description\":\"Dise\u00f1ado por NTIC&#039;s\",\"publisher\":{\"@id\":\"https:\/\/www.colindres.es\/#organization\"},\"potentialAction\":[{\"@type\":\"SearchAction\",\"target\":{\"@type\":\"EntryPoint\",\"urlTemplate\":\"https:\/\/www.colindres.es\/?s={search_term_string}\"},\"query-input\":{\"@type\":\"PropertyValueSpecification\",\"valueRequired\":true,\"valueName\":\"search_term_string\"}}],\"inLanguage\":\"es\"},{\"@type\":\"Organization\",\"@id\":\"https:\/\/www.colindres.es\/#organization\",\"name\":\"AYUNTAMIENTO DE COLINDRES\",\"url\":\"https:\/\/www.colindres.es\/\",\"logo\":{\"@type\":\"ImageObject\",\"inLanguage\":\"es\",\"@id\":\"https:\/\/www.colindres.es\/#\/schema\/logo\/image\/\",\"url\":\"https:\/\/www.colindres.es\/wp-content\/uploads\/2017\/01\/LOGO-PRINCIPAL.jpg\",\"contentUrl\":\"https:\/\/www.colindres.es\/wp-content\/uploads\/2017\/01\/LOGO-PRINCIPAL.jpg\",\"width\":1209,\"height\":579,\"caption\":\"AYUNTAMIENTO DE COLINDRES\"},\"image\":{\"@id\":\"https:\/\/www.colindres.es\/#\/schema\/logo\/image\/\"}}]}<\/script>\n<!-- \/ Yoast SEO plugin. -->","yoast_head_json":{"title":"Veinte j\u00f3venes de Colindres, Laredo y Santo\u00f1a viajan a Bruselas a conocer las instituciones europeas - Ayuntamiento de Colindres","robots":{"index":"index","follow":"follow","max-snippet":"max-snippet:-1","max-image-preview":"max-image-preview:large","max-video-preview":"max-video-preview:-1"},"canonical":"https:\/\/www.colindres.es\/index.php\/project\/veinte-jovenes-de-colindres-laredo-y-santona-viajan-a-bruselas-a-conocer-las-instituciones-europeas\/","og_locale":"es_ES","og_type":"article","og_title":"Veinte j\u00f3venes de Colindres, Laredo y Santo\u00f1a viajan a Bruselas a conocer las instituciones europeas - Ayuntamiento de Colindres","og_description":"Son los ganadores de un concurso organizado por estos ayuntamientos y la Direcci\u00f3n General de Econom\u00eda y Asuntos Europeos Colindres, 11 de diciembre.- La directora general de Econom\u00eda y Asuntos Europeos, Montserrat Garc\u00eda, acompa\u00f1ada por los alcaldes de Laredo, Colindres y Santo\u00f1a, Juan Ram\u00f3n L\u00f3pez, Javier Incera, y Sergio Abascal, respectivamente, ha despedido en el [&hellip;]","og_url":"https:\/\/www.colindres.es\/index.php\/project\/veinte-jovenes-de-colindres-laredo-y-santona-viajan-a-bruselas-a-conocer-las-instituciones-europeas\/","og_site_name":"Ayuntamiento de Colindres","og_image":[{"width":1920,"height":936,"url":"https:\/\/www.colindres.es\/wp-content\/uploads\/2017\/12\/fotonoticia_20171211145958_1920.jpg","type":"image\/jpeg"}],"twitter_card":"summary_large_image","twitter_misc":{"Tiempo de lectura":"2 minutos"},"schema":{"@context":"https:\/\/schema.org","@graph":[{"@type":"WebPage","@id":"https:\/\/www.colindres.es\/index.php\/project\/veinte-jovenes-de-colindres-laredo-y-santona-viajan-a-bruselas-a-conocer-las-instituciones-europeas\/","url":"https:\/\/www.colindres.es\/index.php\/project\/veinte-jovenes-de-colindres-laredo-y-santona-viajan-a-bruselas-a-conocer-las-instituciones-europeas\/","name":"Veinte j\u00f3venes de Colindres, Laredo y Santo\u00f1a viajan a Bruselas a conocer las instituciones europeas - Ayuntamiento de Colindres","isPartOf":{"@id":"https:\/\/www.colindres.es\/#website"},"primaryImageOfPage":{"@id":"https:\/\/www.colindres.es\/index.php\/project\/veinte-jovenes-de-colindres-laredo-y-santona-viajan-a-bruselas-a-conocer-las-instituciones-europeas\/#primaryimage"},"image":{"@id":"https:\/\/www.colindres.es\/index.php\/project\/veinte-jovenes-de-colindres-laredo-y-santona-viajan-a-bruselas-a-conocer-las-instituciones-europeas\/#primaryimage"},"thumbnailUrl":"https:\/\/www.colindres.es\/wp-content\/uploads\/2017\/12\/fotonoticia_20171211145958_1920.jpg","datePublished":"2017-12-11T21:16:45+00:00","breadcrumb":{"@id":"https:\/\/www.colindres.es\/index.php\/project\/veinte-jovenes-de-colindres-laredo-y-santona-viajan-a-bruselas-a-conocer-las-instituciones-europeas\/#breadcrumb"},"inLanguage":"es","potentialAction":[{"@type":"ReadAction","target":["https:\/\/www.colindres.es\/index.php\/project\/veinte-jovenes-de-colindres-laredo-y-santona-viajan-a-bruselas-a-conocer-las-instituciones-europeas\/"]}]},{"@type":"ImageObject","inLanguage":"es","@id":"https:\/\/www.colindres.es\/index.php\/project\/veinte-jovenes-de-colindres-laredo-y-santona-viajan-a-bruselas-a-conocer-las-instituciones-europeas\/#primaryimage","url":"https:\/\/www.colindres.es\/wp-content\/uploads\/2017\/12\/fotonoticia_20171211145958_1920.jpg","contentUrl":"https:\/\/www.colindres.es\/wp-content\/uploads\/2017\/12\/fotonoticia_20171211145958_1920.jpg","width":1920,"height":936},{"@type":"BreadcrumbList","@id":"https:\/\/www.colindres.es\/index.php\/project\/veinte-jovenes-de-colindres-laredo-y-santona-viajan-a-bruselas-a-conocer-las-instituciones-europeas\/#breadcrumb","itemListElement":[{"@type":"ListItem","position":1,"name":"Portada","item":"https:\/\/www.colindres.es\/"},{"@type":"ListItem","position":2,"name":"Proyectos","item":"https:\/\/www.colindres.es\/index.php\/project\/"},{"@type":"ListItem","position":3,"name":"Veinte j\u00f3venes de Colindres, Laredo y Santo\u00f1a viajan a Bruselas a conocer las instituciones europeas"}]},{"@type":"WebSite","@id":"https:\/\/www.colindres.es\/#website","url":"https:\/\/www.colindres.es\/","name":"Ayuntamiento de Colindres","description":"Dise\u00f1ado por NTIC&#039;s","publisher":{"@id":"https:\/\/www.colindres.es\/#organization"},"potentialAction":[{"@type":"SearchAction","target":{"@type":"EntryPoint","urlTemplate":"https:\/\/www.colindres.es\/?s={search_term_string}"},"query-input":{"@type":"PropertyValueSpecification","valueRequired":true,"valueName":"search_term_string"}}],"inLanguage":"es"},{"@type":"Organization","@id":"https:\/\/www.colindres.es\/#organization","name":"AYUNTAMIENTO DE COLINDRES","url":"https:\/\/www.colindres.es\/","logo":{"@type":"ImageObject","inLanguage":"es","@id":"https:\/\/www.colindres.es\/#\/schema\/logo\/image\/","url":"https:\/\/www.colindres.es\/wp-content\/uploads\/2017\/01\/LOGO-PRINCIPAL.jpg","contentUrl":"https:\/\/www.colindres.es\/wp-content\/uploads\/2017\/01\/LOGO-PRINCIPAL.jpg","width":1209,"height":579,"caption":"AYUNTAMIENTO DE COLINDRES"},"image":{"@id":"https:\/\/www.colindres.es\/#\/schema\/logo\/image\/"}}]}},"_links":{"self":[{"href":"https:\/\/www.colindres.es\/index.php\/wp-json\/wp\/v2\/project\/1166","targetHints":{"allow":["GET"]}}],"collection":[{"href":"https:\/\/www.colindres.es\/index.php\/wp-json\/wp\/v2\/project"}],"about":[{"href":"https:\/\/www.colindres.es\/index.php\/wp-json\/wp\/v2\/types\/project"}],"author":[{"embeddable":true,"href":"https:\/\/www.colindres.es\/index.php\/wp-json\/wp\/v2\/users\/1"}],"replies":[{"embeddable":true,"href":"https:\/\/www.colindres.es\/index.php\/wp-json\/wp\/v2\/comments?post=1166"}],"version-history":[{"count":1,"href":"https:\/\/www.colindres.es\/index.php\/wp-json\/wp\/v2\/project\/1166\/revisions"}],"predecessor-version":[{"id":1168,"href":"https:\/\/www.colindres.es\/index.php\/wp-json\/wp\/v2\/project\/1166\/revisions\/1168"}],"wp:featuredmedia":[{"embeddable":true,"href":"https:\/\/www.colindres.es\/index.php\/wp-json\/wp\/v2\/media\/1167"}],"wp:attachment":[{"href":"https:\/\/www.colindres.es\/index.php\/wp-json\/wp\/v2\/media?parent=1166"}],"wp:term":[{"taxonomy":"project_category","embeddable":true,"href":"https:\/\/www.colindres.es\/index.php\/wp-json\/wp\/v2\/project_category?post=1166"},{"taxonomy":"project_tag","embeddable":true,"href":"https:\/\/www.colindres.es\/index.php\/wp-json\/wp\/v2\/project_tag?post=1166"}],"curies":[{"name":"wp","href":"https:\/\/api.w.org\/{rel}","templated":true}]}}