{"id":1153,"date":"2017-12-07T18:55:51","date_gmt":"2017-12-07T18:55:51","guid":{"rendered":"http:\/\/colindres.es\/?post_type=project&#038;p=1153"},"modified":"2017-12-09T11:56:58","modified_gmt":"2017-12-09T11:56:58","slug":"las-obras-del-centro-de-salud-doctor-lopez-albo-permitiran-contar-con-seis-nuevas-consultas-un-gimnasio-para-maternidad-y-mayor-espacio-para-fisioterapia","status":"publish","type":"project","link":"https:\/\/www.colindres.es\/index.php\/project\/las-obras-del-centro-de-salud-doctor-lopez-albo-permitiran-contar-con-seis-nuevas-consultas-un-gimnasio-para-maternidad-y-mayor-espacio-para-fisioterapia\/","title":{"rendered":"Las obras del Centro de Salud \u2018Doctor L\u00f3pez Albo\u2019 permitir\u00e1n contar con seis nuevas consultas, un gimnasio para maternidad y mayor espacio para fisioterapia"},"content":{"rendered":"<p>El alcalde y la consejera de Sanidad han visitado las obras, que cuentan con un plazo de ejecuci\u00f3n de seis meses y un presupuesto de 400.000 euros<\/p>\n<p>Colindres- 07.12.2017<\/p>\n<p>La consejera de Sanidad, Mar\u00eda Luisa Real, y el alcalde de Colindres, Javier Incera, han realizado este jueves una visita a las obras de ampliaci\u00f3n del Centro de Salud Doctor L\u00f3pez Albo, que permitir\u00e1n disponer de seis nuevas consultas, un gimnasio para maternidad, un almac\u00e9n de residuos y un mayor espacio en el \u00e1rea de fisioterapia.<\/p>\n<p>Los trabajos cuentan con un presupuesto de 394.352 euros, cofinanciado con Fondos Europeos de Desarrollo Regional (FEDER), y un plazo de ejecuci\u00f3n de seis meses, de modo que seg\u00fan las previsiones estar\u00e1n concluidos antes del verano.<\/p>\n<p>Para Colindres, la ampliaci\u00f3n del centro de salud es \u201ctodo un logro\u201d, ya que \u201cse trata de una obra muy demandada por los vecinos, que se ven\u00eda reivindicando desde hace varias legislaturas y que por fin muy pronto ser\u00e1 una realidad\u201d, seg\u00fan ha expresado el alcalde.<\/p>\n<p>As\u00ed, Incera ha agradecido al actual Gobierno de Cantabria la \u201csensibilidad\u201d demostrada y \u201chaberse dado cuenta de que la petici\u00f3n del Ayuntamiento y de todos los vecinos es real y necesaria\u201d.<\/p>\n<p>Adem\u00e1s, el alcalde ha destacado que con \u201cestas obras Colindres tendr\u00e1 asegurado los servicios de atenci\u00f3n primaria en el horizonte de la pr\u00f3xima d\u00e9cada\u201d y ha se\u00f1alado que el Consistorio trabajar\u00e1 para aumentar los servicios sanitarios.<\/p>\n<p>Por su parte, Mar\u00eda Luisa Real ha destacado la necesidad de acometer estas obras de ampliaci\u00f3n para adaptar las instalaciones del centro de salud a las necesidades asistenciales actuales.<\/p>\n<p>Igualmente, ha se\u00f1alado que las nuevas \u00e1reas con las que se va a dotar al centro de salud van a permitir mejorar la calidad, la seguridad y la confortabilidad de pacientes y profesionales.<\/p>\n<p>Las obras<\/p>\n<p>Edificado en dos plantas de altura, los trabajos de ampliaci\u00f3n del Centro de Salud \u2018Doctor L\u00f3pez Albo\u2019 se centran en la planta baja, que contar\u00e1 con una nueva superficie de 256,84 metros cuadrados. En la primera planta se llevar\u00e1 a cabo \u00fanicamente una redistribuci\u00f3n de los espacios interiores.<\/p>\n<p>En la visita Mar\u00eda Luisa Real y Javier Incera han estado acompa\u00f1ados por el subdirector de gesti\u00f3n econ\u00f3mica del Servicio C\u00e1ntabro de Salud, Javier Gonz\u00e1lez; y la directoras m\u00e9dico y de enfermer\u00eda de Atenci\u00f3n Primaria, Cristina Domingo y Mercedes Carrera, respectivamente. Tambi\u00e9n han estado presentes la coordinadora del centro, Pilar Mach\u00edn; la responsable de enfermer\u00eda, M\u00aa Antonia Alonso, y el responsable de admisi\u00f3n, Oscar Ortiz.<\/p>\n<p>La zona b\u00e1sica de salud de Colindres, que tiene adscrita una poblaci\u00f3n de 10.191 personas, cuenta con el Centro de Salud \u2018Doctor L\u00f3pez Albo\u2019, en Colindres, y el consultorio de Voto.<\/p>\n","protected":false},"excerpt":{"rendered":"<p>El alcalde y la consejera de Sanidad han visitado las obras, que cuentan con un plazo de ejecuci\u00f3n de seis meses y un presupuesto de 400.000 euros Colindres- 07.12.2017 La consejera de Sanidad, Mar\u00eda Luisa Real, y el alcalde de Colindres, Javier Incera, han realizado este jueves una visita a las obras de ampliaci\u00f3n del [&hellip;]<\/p>\n","protected":false},"author":1,"featured_media":1154,"comment_status":"open","ping_status":"closed","template":"","meta":{"_et_pb_use_builder":"","_et_pb_old_content":"","_et_gb_content_width":"","footnotes":""},"project_category":[],"project_tag":[],"class_list":["post-1153","project","type-project","status-publish","has-post-thumbnail","hentry"],"yoast_head":"<!-- This site is optimized with the Yoast SEO plugin v24.9 - https:\/\/yoast.com\/wordpress\/plugins\/seo\/ -->\n<title>Las obras del Centro de Salud \u2018Doctor L\u00f3pez Albo\u2019 permitir\u00e1n contar con seis nuevas consultas, un gimnasio para maternidad y mayor espacio para fisioterapia - Ayuntamiento de Colindres<\/title>\n<meta name=\"robots\" content=\"index, follow, max-snippet:-1, max-image-preview:large, max-video-preview:-1\" \/>\n<link rel=\"canonical\" href=\"https:\/\/www.colindres.es\/index.php\/project\/las-obras-del-centro-de-salud-doctor-lopez-albo-permitiran-contar-con-seis-nuevas-consultas-un-gimnasio-para-maternidad-y-mayor-espacio-para-fisioterapia\/\" \/>\n<meta property=\"og:locale\" content=\"es_ES\" \/>\n<meta property=\"og:type\" content=\"article\" \/>\n<meta property=\"og:title\" content=\"Las obras del Centro de Salud \u2018Doctor L\u00f3pez Albo\u2019 permitir\u00e1n contar con seis nuevas consultas, un gimnasio para maternidad y mayor espacio para fisioterapia - Ayuntamiento de Colindres\" \/>\n<meta property=\"og:description\" content=\"El alcalde y la consejera de Sanidad han visitado las obras, que cuentan con un plazo de ejecuci\u00f3n de seis meses y un presupuesto de 400.000 euros Colindres- 07.12.2017 La consejera de Sanidad, Mar\u00eda Luisa Real, y el alcalde de Colindres, Javier Incera, han realizado este jueves una visita a las obras de ampliaci\u00f3n del [&hellip;]\" \/>\n<meta property=\"og:url\" content=\"https:\/\/www.colindres.es\/index.php\/project\/las-obras-del-centro-de-salud-doctor-lopez-albo-permitiran-contar-con-seis-nuevas-consultas-un-gimnasio-para-maternidad-y-mayor-espacio-para-fisioterapia\/\" \/>\n<meta property=\"og:site_name\" content=\"Ayuntamiento de Colindres\" \/>\n<meta property=\"article:modified_time\" content=\"2017-12-09T11:56:58+00:00\" \/>\n<meta property=\"og:image\" content=\"https:\/\/www.colindres.es\/wp-content\/uploads\/2017\/12\/Obras-Centro-Salud.jpg\" \/>\n\t<meta property=\"og:image:width\" content=\"1280\" \/>\n\t<meta property=\"og:image:height\" content=\"853\" \/>\n\t<meta property=\"og:image:type\" content=\"image\/jpeg\" \/>\n<meta name=\"twitter:card\" content=\"summary_large_image\" \/>\n<meta name=\"twitter:label1\" content=\"Tiempo de lectura\" \/>\n\t<meta name=\"twitter:data1\" content=\"2 minutos\" \/>\n<script type=\"application\/ld+json\" class=\"yoast-schema-graph\">{\"@context\":\"https:\/\/schema.org\",\"@graph\":[{\"@type\":\"WebPage\",\"@id\":\"https:\/\/www.colindres.es\/index.php\/project\/las-obras-del-centro-de-salud-doctor-lopez-albo-permitiran-contar-con-seis-nuevas-consultas-un-gimnasio-para-maternidad-y-mayor-espacio-para-fisioterapia\/\",\"url\":\"https:\/\/www.colindres.es\/index.php\/project\/las-obras-del-centro-de-salud-doctor-lopez-albo-permitiran-contar-con-seis-nuevas-consultas-un-gimnasio-para-maternidad-y-mayor-espacio-para-fisioterapia\/\",\"name\":\"Las obras del Centro de Salud \u2018Doctor L\u00f3pez Albo\u2019 permitir\u00e1n contar con seis nuevas consultas, un gimnasio para maternidad y mayor espacio para fisioterapia - Ayuntamiento de Colindres\",\"isPartOf\":{\"@id\":\"https:\/\/www.colindres.es\/#website\"},\"primaryImageOfPage\":{\"@id\":\"https:\/\/www.colindres.es\/index.php\/project\/las-obras-del-centro-de-salud-doctor-lopez-albo-permitiran-contar-con-seis-nuevas-consultas-un-gimnasio-para-maternidad-y-mayor-espacio-para-fisioterapia\/#primaryimage\"},\"image\":{\"@id\":\"https:\/\/www.colindres.es\/index.php\/project\/las-obras-del-centro-de-salud-doctor-lopez-albo-permitiran-contar-con-seis-nuevas-consultas-un-gimnasio-para-maternidad-y-mayor-espacio-para-fisioterapia\/#primaryimage\"},\"thumbnailUrl\":\"https:\/\/www.colindres.es\/wp-content\/uploads\/2017\/12\/Obras-Centro-Salud.jpg\",\"datePublished\":\"2017-12-07T18:55:51+00:00\",\"dateModified\":\"2017-12-09T11:56:58+00:00\",\"breadcrumb\":{\"@id\":\"https:\/\/www.colindres.es\/index.php\/project\/las-obras-del-centro-de-salud-doctor-lopez-albo-permitiran-contar-con-seis-nuevas-consultas-un-gimnasio-para-maternidad-y-mayor-espacio-para-fisioterapia\/#breadcrumb\"},\"inLanguage\":\"es\",\"potentialAction\":[{\"@type\":\"ReadAction\",\"target\":[\"https:\/\/www.colindres.es\/index.php\/project\/las-obras-del-centro-de-salud-doctor-lopez-albo-permitiran-contar-con-seis-nuevas-consultas-un-gimnasio-para-maternidad-y-mayor-espacio-para-fisioterapia\/\"]}]},{\"@type\":\"ImageObject\",\"inLanguage\":\"es\",\"@id\":\"https:\/\/www.colindres.es\/index.php\/project\/las-obras-del-centro-de-salud-doctor-lopez-albo-permitiran-contar-con-seis-nuevas-consultas-un-gimnasio-para-maternidad-y-mayor-espacio-para-fisioterapia\/#primaryimage\",\"url\":\"https:\/\/www.colindres.es\/wp-content\/uploads\/2017\/12\/Obras-Centro-Salud.jpg\",\"contentUrl\":\"https:\/\/www.colindres.es\/wp-content\/uploads\/2017\/12\/Obras-Centro-Salud.jpg\",\"width\":1280,\"height\":853},{\"@type\":\"BreadcrumbList\",\"@id\":\"https:\/\/www.colindres.es\/index.php\/project\/las-obras-del-centro-de-salud-doctor-lopez-albo-permitiran-contar-con-seis-nuevas-consultas-un-gimnasio-para-maternidad-y-mayor-espacio-para-fisioterapia\/#breadcrumb\",\"itemListElement\":[{\"@type\":\"ListItem\",\"position\":1,\"name\":\"Portada\",\"item\":\"https:\/\/www.colindres.es\/\"},{\"@type\":\"ListItem\",\"position\":2,\"name\":\"Proyectos\",\"item\":\"https:\/\/www.colindres.es\/index.php\/project\/\"},{\"@type\":\"ListItem\",\"position\":3,\"name\":\"Las obras del Centro de Salud \u2018Doctor L\u00f3pez Albo\u2019 permitir\u00e1n contar con seis nuevas consultas, un gimnasio para maternidad y mayor espacio para fisioterapia\"}]},{\"@type\":\"WebSite\",\"@id\":\"https:\/\/www.colindres.es\/#website\",\"url\":\"https:\/\/www.colindres.es\/\",\"name\":\"Ayuntamiento de Colindres\",\"description\":\"Dise\u00f1ado por NTIC&#039;s\",\"publisher\":{\"@id\":\"https:\/\/www.colindres.es\/#organization\"},\"potentialAction\":[{\"@type\":\"SearchAction\",\"target\":{\"@type\":\"EntryPoint\",\"urlTemplate\":\"https:\/\/www.colindres.es\/?s={search_term_string}\"},\"query-input\":{\"@type\":\"PropertyValueSpecification\",\"valueRequired\":true,\"valueName\":\"search_term_string\"}}],\"inLanguage\":\"es\"},{\"@type\":\"Organization\",\"@id\":\"https:\/\/www.colindres.es\/#organization\",\"name\":\"AYUNTAMIENTO DE COLINDRES\",\"url\":\"https:\/\/www.colindres.es\/\",\"logo\":{\"@type\":\"ImageObject\",\"inLanguage\":\"es\",\"@id\":\"https:\/\/www.colindres.es\/#\/schema\/logo\/image\/\",\"url\":\"https:\/\/www.colindres.es\/wp-content\/uploads\/2017\/01\/LOGO-PRINCIPAL.jpg\",\"contentUrl\":\"https:\/\/www.colindres.es\/wp-content\/uploads\/2017\/01\/LOGO-PRINCIPAL.jpg\",\"width\":1209,\"height\":579,\"caption\":\"AYUNTAMIENTO DE COLINDRES\"},\"image\":{\"@id\":\"https:\/\/www.colindres.es\/#\/schema\/logo\/image\/\"}}]}<\/script>\n<!-- \/ Yoast SEO plugin. -->","yoast_head_json":{"title":"Las obras del Centro de Salud \u2018Doctor L\u00f3pez Albo\u2019 permitir\u00e1n contar con seis nuevas consultas, un gimnasio para maternidad y mayor espacio para fisioterapia - Ayuntamiento de Colindres","robots":{"index":"index","follow":"follow","max-snippet":"max-snippet:-1","max-image-preview":"max-image-preview:large","max-video-preview":"max-video-preview:-1"},"canonical":"https:\/\/www.colindres.es\/index.php\/project\/las-obras-del-centro-de-salud-doctor-lopez-albo-permitiran-contar-con-seis-nuevas-consultas-un-gimnasio-para-maternidad-y-mayor-espacio-para-fisioterapia\/","og_locale":"es_ES","og_type":"article","og_title":"Las obras del Centro de Salud \u2018Doctor L\u00f3pez Albo\u2019 permitir\u00e1n contar con seis nuevas consultas, un gimnasio para maternidad y mayor espacio para fisioterapia - Ayuntamiento de Colindres","og_description":"El alcalde y la consejera de Sanidad han visitado las obras, que cuentan con un plazo de ejecuci\u00f3n de seis meses y un presupuesto de 400.000 euros Colindres- 07.12.2017 La consejera de Sanidad, Mar\u00eda Luisa Real, y el alcalde de Colindres, Javier Incera, han realizado este jueves una visita a las obras de ampliaci\u00f3n del [&hellip;]","og_url":"https:\/\/www.colindres.es\/index.php\/project\/las-obras-del-centro-de-salud-doctor-lopez-albo-permitiran-contar-con-seis-nuevas-consultas-un-gimnasio-para-maternidad-y-mayor-espacio-para-fisioterapia\/","og_site_name":"Ayuntamiento de Colindres","article_modified_time":"2017-12-09T11:56:58+00:00","og_image":[{"width":1280,"height":853,"url":"https:\/\/www.colindres.es\/wp-content\/uploads\/2017\/12\/Obras-Centro-Salud.jpg","type":"image\/jpeg"}],"twitter_card":"summary_large_image","twitter_misc":{"Tiempo de lectura":"2 minutos"},"schema":{"@context":"https:\/\/schema.org","@graph":[{"@type":"WebPage","@id":"https:\/\/www.colindres.es\/index.php\/project\/las-obras-del-centro-de-salud-doctor-lopez-albo-permitiran-contar-con-seis-nuevas-consultas-un-gimnasio-para-maternidad-y-mayor-espacio-para-fisioterapia\/","url":"https:\/\/www.colindres.es\/index.php\/project\/las-obras-del-centro-de-salud-doctor-lopez-albo-permitiran-contar-con-seis-nuevas-consultas-un-gimnasio-para-maternidad-y-mayor-espacio-para-fisioterapia\/","name":"Las obras del Centro de Salud \u2018Doctor L\u00f3pez Albo\u2019 permitir\u00e1n contar con seis nuevas consultas, un gimnasio para maternidad y mayor espacio para fisioterapia - Ayuntamiento de Colindres","isPartOf":{"@id":"https:\/\/www.colindres.es\/#website"},"primaryImageOfPage":{"@id":"https:\/\/www.colindres.es\/index.php\/project\/las-obras-del-centro-de-salud-doctor-lopez-albo-permitiran-contar-con-seis-nuevas-consultas-un-gimnasio-para-maternidad-y-mayor-espacio-para-fisioterapia\/#primaryimage"},"image":{"@id":"https:\/\/www.colindres.es\/index.php\/project\/las-obras-del-centro-de-salud-doctor-lopez-albo-permitiran-contar-con-seis-nuevas-consultas-un-gimnasio-para-maternidad-y-mayor-espacio-para-fisioterapia\/#primaryimage"},"thumbnailUrl":"https:\/\/www.colindres.es\/wp-content\/uploads\/2017\/12\/Obras-Centro-Salud.jpg","datePublished":"2017-12-07T18:55:51+00:00","dateModified":"2017-12-09T11:56:58+00:00","breadcrumb":{"@id":"https:\/\/www.colindres.es\/index.php\/project\/las-obras-del-centro-de-salud-doctor-lopez-albo-permitiran-contar-con-seis-nuevas-consultas-un-gimnasio-para-maternidad-y-mayor-espacio-para-fisioterapia\/#breadcrumb"},"inLanguage":"es","potentialAction":[{"@type":"ReadAction","target":["https:\/\/www.colindres.es\/index.php\/project\/las-obras-del-centro-de-salud-doctor-lopez-albo-permitiran-contar-con-seis-nuevas-consultas-un-gimnasio-para-maternidad-y-mayor-espacio-para-fisioterapia\/"]}]},{"@type":"ImageObject","inLanguage":"es","@id":"https:\/\/www.colindres.es\/index.php\/project\/las-obras-del-centro-de-salud-doctor-lopez-albo-permitiran-contar-con-seis-nuevas-consultas-un-gimnasio-para-maternidad-y-mayor-espacio-para-fisioterapia\/#primaryimage","url":"https:\/\/www.colindres.es\/wp-content\/uploads\/2017\/12\/Obras-Centro-Salud.jpg","contentUrl":"https:\/\/www.colindres.es\/wp-content\/uploads\/2017\/12\/Obras-Centro-Salud.jpg","width":1280,"height":853},{"@type":"BreadcrumbList","@id":"https:\/\/www.colindres.es\/index.php\/project\/las-obras-del-centro-de-salud-doctor-lopez-albo-permitiran-contar-con-seis-nuevas-consultas-un-gimnasio-para-maternidad-y-mayor-espacio-para-fisioterapia\/#breadcrumb","itemListElement":[{"@type":"ListItem","position":1,"name":"Portada","item":"https:\/\/www.colindres.es\/"},{"@type":"ListItem","position":2,"name":"Proyectos","item":"https:\/\/www.colindres.es\/index.php\/project\/"},{"@type":"ListItem","position":3,"name":"Las obras del Centro de Salud \u2018Doctor L\u00f3pez Albo\u2019 permitir\u00e1n contar con seis nuevas consultas, un gimnasio para maternidad y mayor espacio para fisioterapia"}]},{"@type":"WebSite","@id":"https:\/\/www.colindres.es\/#website","url":"https:\/\/www.colindres.es\/","name":"Ayuntamiento de Colindres","description":"Dise\u00f1ado por NTIC&#039;s","publisher":{"@id":"https:\/\/www.colindres.es\/#organization"},"potentialAction":[{"@type":"SearchAction","target":{"@type":"EntryPoint","urlTemplate":"https:\/\/www.colindres.es\/?s={search_term_string}"},"query-input":{"@type":"PropertyValueSpecification","valueRequired":true,"valueName":"search_term_string"}}],"inLanguage":"es"},{"@type":"Organization","@id":"https:\/\/www.colindres.es\/#organization","name":"AYUNTAMIENTO DE COLINDRES","url":"https:\/\/www.colindres.es\/","logo":{"@type":"ImageObject","inLanguage":"es","@id":"https:\/\/www.colindres.es\/#\/schema\/logo\/image\/","url":"https:\/\/www.colindres.es\/wp-content\/uploads\/2017\/01\/LOGO-PRINCIPAL.jpg","contentUrl":"https:\/\/www.colindres.es\/wp-content\/uploads\/2017\/01\/LOGO-PRINCIPAL.jpg","width":1209,"height":579,"caption":"AYUNTAMIENTO DE COLINDRES"},"image":{"@id":"https:\/\/www.colindres.es\/#\/schema\/logo\/image\/"}}]}},"_links":{"self":[{"href":"https:\/\/www.colindres.es\/index.php\/wp-json\/wp\/v2\/project\/1153","targetHints":{"allow":["GET"]}}],"collection":[{"href":"https:\/\/www.colindres.es\/index.php\/wp-json\/wp\/v2\/project"}],"about":[{"href":"https:\/\/www.colindres.es\/index.php\/wp-json\/wp\/v2\/types\/project"}],"author":[{"embeddable":true,"href":"https:\/\/www.colindres.es\/index.php\/wp-json\/wp\/v2\/users\/1"}],"replies":[{"embeddable":true,"href":"https:\/\/www.colindres.es\/index.php\/wp-json\/wp\/v2\/comments?post=1153"}],"version-history":[{"count":4,"href":"https:\/\/www.colindres.es\/index.php\/wp-json\/wp\/v2\/project\/1153\/revisions"}],"predecessor-version":[{"id":1165,"href":"https:\/\/www.colindres.es\/index.php\/wp-json\/wp\/v2\/project\/1153\/revisions\/1165"}],"wp:featuredmedia":[{"embeddable":true,"href":"https:\/\/www.colindres.es\/index.php\/wp-json\/wp\/v2\/media\/1154"}],"wp:attachment":[{"href":"https:\/\/www.colindres.es\/index.php\/wp-json\/wp\/v2\/media?parent=1153"}],"wp:term":[{"taxonomy":"project_category","embeddable":true,"href":"https:\/\/www.colindres.es\/index.php\/wp-json\/wp\/v2\/project_category?post=1153"},{"taxonomy":"project_tag","embeddable":true,"href":"https:\/\/www.colindres.es\/index.php\/wp-json\/wp\/v2\/project_tag?post=1153"}],"curies":[{"name":"wp","href":"https:\/\/api.w.org\/{rel}","templated":true}]}}