{"id":1117,"date":"2017-12-03T10:00:21","date_gmt":"2017-12-03T10:00:21","guid":{"rendered":"http:\/\/colindres.es\/?post_type=project&#038;p=1117"},"modified":"2017-12-03T10:00:21","modified_gmt":"2017-12-03T10:00:21","slug":"el-polideportivo-municipal-estrena-iluminacion-led","status":"publish","type":"project","link":"https:\/\/www.colindres.es\/index.php\/project\/el-polideportivo-municipal-estrena-iluminacion-led\/","title":{"rendered":"El polideportivo municipal estrena iluminaci\u00f3n LED"},"content":{"rendered":"<p>Las nuevas luminarias supondr\u00e1n mayor eficiencia y ahorro energ\u00e9tico, seg\u00fan ha destacado la concejala de Deportes, Saray Villa\u00f3n<\/p>\n<p>Colindres, 1 de diciembre.- El Ayuntamiento de Colindres ha procedido a renovar la iluminaci\u00f3n del pabell\u00f3n polideportivo n\u00famero 1 del municipio. Las antiguas luminarias han sido sustituidas por otras de tecnolog\u00eda LED, que aportan mayor eficiencia y ahorro energ\u00e9tico.<\/p>\n<p>En el pabell\u00f3n se han sustituido 30 l\u00e1mparas de 400 watios de vapor de mercurio por campanas LED que han dotado al espacio de gran luminosidad y de la que se benefician los m\u00e1s de 200 deportistas que usan diariamente las instalaciones.<\/p>\n<p>As\u00ed lo ha se\u00f1alado la concejala de Deportes del Ayuntamiento, Saray Villal\u00f3n, quien ha detallado que esta actuaci\u00f3n ha conllevado una inversi\u00f3n de 11.761 euros, que han sido cofinanciados con cargo a un programa de la Consejer\u00eda de Desarrollo Rural, Ganader\u00eda y Pesca.<br \/>\nVillal\u00f3n ha apuntado que la infraestructura deportiva fue construida en el a\u00f1o 1998 y, en este sentido, ha manifestado que era necesario adaptar la iluminaci\u00f3n de la pista a la normativa actual en materia de eficiencia energ\u00e9tica.<\/p>\n<p>Asimismo, ha destacado la elevada frecuencia de uso de las instalaciones, cuyo horario de utilizaci\u00f3n abarca pr\u00e1cticamente desde la ocho de la ma\u00f1ana hasta las diez de la noche de forma ininterrumpida.<\/p>\n<p>A este respecto, ha recordado que el pabell\u00f3n es usado por los alumnos del IES Valent\u00edn Turienzo, el Colegio P\u00fablico Pedro del Hoyo, para actividades para adultos y los entrenamientos de las diferentes escuelas deportivas, como la de balonmano, la de f\u00fatbol, baloncesto o gimnasia r\u00edtmica, entre otras, as\u00ed como para el desarrollo de las diferentes competiciones durante todo el fin de semana.<\/p>\n<p>\u201cEn total, el n\u00famero de deportistas que diariamente pasa por esta instalaci\u00f3n supera la cifra de 200, a la que habr\u00eda que sumar los acompa\u00f1antes y espectadores que utilizan el grader\u00edo\u201d, ha especificado.<br \/>\nPor otro lado, la concejala de Deportes tambi\u00e9n ha informado de que el Ayuntamiento est\u00e1 llevando a cabo trabajos de mantenimiento el tejado para acabar a la mayor brevedad posible con algunas goteras que hab\u00edan aparecido en los aireadores de la cubierta, e igualmente ha avanzado que el Consistorio est\u00e1 preparando el proyecto para cambiar las luminarias a tecnolog\u00eda LED del polideportivo n\u00famero dos.<\/p>\n","protected":false},"excerpt":{"rendered":"<p>Las nuevas luminarias supondr\u00e1n mayor eficiencia y ahorro energ\u00e9tico, seg\u00fan ha destacado la concejala de Deportes, Saray Villa\u00f3n Colindres, 1 de diciembre.- El Ayuntamiento de Colindres ha procedido a renovar la iluminaci\u00f3n del pabell\u00f3n polideportivo n\u00famero 1 del municipio. Las antiguas luminarias han sido sustituidas por otras de tecnolog\u00eda LED, que aportan mayor eficiencia y [&hellip;]<\/p>\n","protected":false},"author":1,"featured_media":1118,"comment_status":"open","ping_status":"closed","template":"","meta":{"_et_pb_use_builder":"","_et_pb_old_content":"","_et_gb_content_width":"","footnotes":""},"project_category":[],"project_tag":[],"class_list":["post-1117","project","type-project","status-publish","has-post-thumbnail","hentry"],"yoast_head":"<!-- This site is optimized with the Yoast SEO plugin v24.9 - https:\/\/yoast.com\/wordpress\/plugins\/seo\/ -->\n<title>El polideportivo municipal estrena iluminaci\u00f3n LED - Ayuntamiento de Colindres<\/title>\n<meta name=\"robots\" content=\"index, follow, max-snippet:-1, max-image-preview:large, max-video-preview:-1\" \/>\n<link rel=\"canonical\" href=\"https:\/\/www.colindres.es\/index.php\/project\/el-polideportivo-municipal-estrena-iluminacion-led\/\" \/>\n<meta property=\"og:locale\" content=\"es_ES\" \/>\n<meta property=\"og:type\" content=\"article\" \/>\n<meta property=\"og:title\" content=\"El polideportivo municipal estrena iluminaci\u00f3n LED - Ayuntamiento de Colindres\" \/>\n<meta property=\"og:description\" content=\"Las nuevas luminarias supondr\u00e1n mayor eficiencia y ahorro energ\u00e9tico, seg\u00fan ha destacado la concejala de Deportes, Saray Villa\u00f3n Colindres, 1 de diciembre.- El Ayuntamiento de Colindres ha procedido a renovar la iluminaci\u00f3n del pabell\u00f3n polideportivo n\u00famero 1 del municipio. Las antiguas luminarias han sido sustituidas por otras de tecnolog\u00eda LED, que aportan mayor eficiencia y [&hellip;]\" \/>\n<meta property=\"og:url\" content=\"https:\/\/www.colindres.es\/index.php\/project\/el-polideportivo-municipal-estrena-iluminacion-led\/\" \/>\n<meta property=\"og:site_name\" content=\"Ayuntamiento de Colindres\" \/>\n<meta property=\"og:image\" content=\"https:\/\/www.colindres.es\/wp-content\/uploads\/2017\/12\/Renovaci\u00f3n-LED-Polideportivo-1.jpg\" \/>\n\t<meta property=\"og:image:width\" content=\"960\" \/>\n\t<meta property=\"og:image:height\" content=\"1280\" \/>\n\t<meta property=\"og:image:type\" content=\"image\/jpeg\" \/>\n<meta name=\"twitter:card\" content=\"summary_large_image\" \/>\n<meta name=\"twitter:label1\" content=\"Tiempo de lectura\" \/>\n\t<meta name=\"twitter:data1\" content=\"2 minutos\" \/>\n<script type=\"application\/ld+json\" class=\"yoast-schema-graph\">{\"@context\":\"https:\/\/schema.org\",\"@graph\":[{\"@type\":\"WebPage\",\"@id\":\"https:\/\/www.colindres.es\/index.php\/project\/el-polideportivo-municipal-estrena-iluminacion-led\/\",\"url\":\"https:\/\/www.colindres.es\/index.php\/project\/el-polideportivo-municipal-estrena-iluminacion-led\/\",\"name\":\"El polideportivo municipal estrena iluminaci\u00f3n LED - Ayuntamiento de Colindres\",\"isPartOf\":{\"@id\":\"https:\/\/www.colindres.es\/#website\"},\"primaryImageOfPage\":{\"@id\":\"https:\/\/www.colindres.es\/index.php\/project\/el-polideportivo-municipal-estrena-iluminacion-led\/#primaryimage\"},\"image\":{\"@id\":\"https:\/\/www.colindres.es\/index.php\/project\/el-polideportivo-municipal-estrena-iluminacion-led\/#primaryimage\"},\"thumbnailUrl\":\"https:\/\/www.colindres.es\/wp-content\/uploads\/2017\/12\/Renovaci\u00f3n-LED-Polideportivo-1.jpg\",\"datePublished\":\"2017-12-03T10:00:21+00:00\",\"breadcrumb\":{\"@id\":\"https:\/\/www.colindres.es\/index.php\/project\/el-polideportivo-municipal-estrena-iluminacion-led\/#breadcrumb\"},\"inLanguage\":\"es\",\"potentialAction\":[{\"@type\":\"ReadAction\",\"target\":[\"https:\/\/www.colindres.es\/index.php\/project\/el-polideportivo-municipal-estrena-iluminacion-led\/\"]}]},{\"@type\":\"ImageObject\",\"inLanguage\":\"es\",\"@id\":\"https:\/\/www.colindres.es\/index.php\/project\/el-polideportivo-municipal-estrena-iluminacion-led\/#primaryimage\",\"url\":\"https:\/\/www.colindres.es\/wp-content\/uploads\/2017\/12\/Renovaci\u00f3n-LED-Polideportivo-1.jpg\",\"contentUrl\":\"https:\/\/www.colindres.es\/wp-content\/uploads\/2017\/12\/Renovaci\u00f3n-LED-Polideportivo-1.jpg\",\"width\":960,\"height\":1280},{\"@type\":\"BreadcrumbList\",\"@id\":\"https:\/\/www.colindres.es\/index.php\/project\/el-polideportivo-municipal-estrena-iluminacion-led\/#breadcrumb\",\"itemListElement\":[{\"@type\":\"ListItem\",\"position\":1,\"name\":\"Portada\",\"item\":\"https:\/\/www.colindres.es\/\"},{\"@type\":\"ListItem\",\"position\":2,\"name\":\"Proyectos\",\"item\":\"https:\/\/www.colindres.es\/index.php\/project\/\"},{\"@type\":\"ListItem\",\"position\":3,\"name\":\"El polideportivo municipal estrena iluminaci\u00f3n LED\"}]},{\"@type\":\"WebSite\",\"@id\":\"https:\/\/www.colindres.es\/#website\",\"url\":\"https:\/\/www.colindres.es\/\",\"name\":\"Ayuntamiento de Colindres\",\"description\":\"Dise\u00f1ado por NTIC&#039;s\",\"publisher\":{\"@id\":\"https:\/\/www.colindres.es\/#organization\"},\"potentialAction\":[{\"@type\":\"SearchAction\",\"target\":{\"@type\":\"EntryPoint\",\"urlTemplate\":\"https:\/\/www.colindres.es\/?s={search_term_string}\"},\"query-input\":{\"@type\":\"PropertyValueSpecification\",\"valueRequired\":true,\"valueName\":\"search_term_string\"}}],\"inLanguage\":\"es\"},{\"@type\":\"Organization\",\"@id\":\"https:\/\/www.colindres.es\/#organization\",\"name\":\"AYUNTAMIENTO DE COLINDRES\",\"url\":\"https:\/\/www.colindres.es\/\",\"logo\":{\"@type\":\"ImageObject\",\"inLanguage\":\"es\",\"@id\":\"https:\/\/www.colindres.es\/#\/schema\/logo\/image\/\",\"url\":\"https:\/\/www.colindres.es\/wp-content\/uploads\/2017\/01\/LOGO-PRINCIPAL.jpg\",\"contentUrl\":\"https:\/\/www.colindres.es\/wp-content\/uploads\/2017\/01\/LOGO-PRINCIPAL.jpg\",\"width\":1209,\"height\":579,\"caption\":\"AYUNTAMIENTO DE COLINDRES\"},\"image\":{\"@id\":\"https:\/\/www.colindres.es\/#\/schema\/logo\/image\/\"}}]}<\/script>\n<!-- \/ Yoast SEO plugin. -->","yoast_head_json":{"title":"El polideportivo municipal estrena iluminaci\u00f3n LED - Ayuntamiento de Colindres","robots":{"index":"index","follow":"follow","max-snippet":"max-snippet:-1","max-image-preview":"max-image-preview:large","max-video-preview":"max-video-preview:-1"},"canonical":"https:\/\/www.colindres.es\/index.php\/project\/el-polideportivo-municipal-estrena-iluminacion-led\/","og_locale":"es_ES","og_type":"article","og_title":"El polideportivo municipal estrena iluminaci\u00f3n LED - Ayuntamiento de Colindres","og_description":"Las nuevas luminarias supondr\u00e1n mayor eficiencia y ahorro energ\u00e9tico, seg\u00fan ha destacado la concejala de Deportes, Saray Villa\u00f3n Colindres, 1 de diciembre.- El Ayuntamiento de Colindres ha procedido a renovar la iluminaci\u00f3n del pabell\u00f3n polideportivo n\u00famero 1 del municipio. Las antiguas luminarias han sido sustituidas por otras de tecnolog\u00eda LED, que aportan mayor eficiencia y [&hellip;]","og_url":"https:\/\/www.colindres.es\/index.php\/project\/el-polideportivo-municipal-estrena-iluminacion-led\/","og_site_name":"Ayuntamiento de Colindres","og_image":[{"width":960,"height":1280,"url":"https:\/\/www.colindres.es\/wp-content\/uploads\/2017\/12\/Renovaci\u00f3n-LED-Polideportivo-1.jpg","type":"image\/jpeg"}],"twitter_card":"summary_large_image","twitter_misc":{"Tiempo de lectura":"2 minutos"},"schema":{"@context":"https:\/\/schema.org","@graph":[{"@type":"WebPage","@id":"https:\/\/www.colindres.es\/index.php\/project\/el-polideportivo-municipal-estrena-iluminacion-led\/","url":"https:\/\/www.colindres.es\/index.php\/project\/el-polideportivo-municipal-estrena-iluminacion-led\/","name":"El polideportivo municipal estrena iluminaci\u00f3n LED - Ayuntamiento de Colindres","isPartOf":{"@id":"https:\/\/www.colindres.es\/#website"},"primaryImageOfPage":{"@id":"https:\/\/www.colindres.es\/index.php\/project\/el-polideportivo-municipal-estrena-iluminacion-led\/#primaryimage"},"image":{"@id":"https:\/\/www.colindres.es\/index.php\/project\/el-polideportivo-municipal-estrena-iluminacion-led\/#primaryimage"},"thumbnailUrl":"https:\/\/www.colindres.es\/wp-content\/uploads\/2017\/12\/Renovaci\u00f3n-LED-Polideportivo-1.jpg","datePublished":"2017-12-03T10:00:21+00:00","breadcrumb":{"@id":"https:\/\/www.colindres.es\/index.php\/project\/el-polideportivo-municipal-estrena-iluminacion-led\/#breadcrumb"},"inLanguage":"es","potentialAction":[{"@type":"ReadAction","target":["https:\/\/www.colindres.es\/index.php\/project\/el-polideportivo-municipal-estrena-iluminacion-led\/"]}]},{"@type":"ImageObject","inLanguage":"es","@id":"https:\/\/www.colindres.es\/index.php\/project\/el-polideportivo-municipal-estrena-iluminacion-led\/#primaryimage","url":"https:\/\/www.colindres.es\/wp-content\/uploads\/2017\/12\/Renovaci\u00f3n-LED-Polideportivo-1.jpg","contentUrl":"https:\/\/www.colindres.es\/wp-content\/uploads\/2017\/12\/Renovaci\u00f3n-LED-Polideportivo-1.jpg","width":960,"height":1280},{"@type":"BreadcrumbList","@id":"https:\/\/www.colindres.es\/index.php\/project\/el-polideportivo-municipal-estrena-iluminacion-led\/#breadcrumb","itemListElement":[{"@type":"ListItem","position":1,"name":"Portada","item":"https:\/\/www.colindres.es\/"},{"@type":"ListItem","position":2,"name":"Proyectos","item":"https:\/\/www.colindres.es\/index.php\/project\/"},{"@type":"ListItem","position":3,"name":"El polideportivo municipal estrena iluminaci\u00f3n LED"}]},{"@type":"WebSite","@id":"https:\/\/www.colindres.es\/#website","url":"https:\/\/www.colindres.es\/","name":"Ayuntamiento de Colindres","description":"Dise\u00f1ado por NTIC&#039;s","publisher":{"@id":"https:\/\/www.colindres.es\/#organization"},"potentialAction":[{"@type":"SearchAction","target":{"@type":"EntryPoint","urlTemplate":"https:\/\/www.colindres.es\/?s={search_term_string}"},"query-input":{"@type":"PropertyValueSpecification","valueRequired":true,"valueName":"search_term_string"}}],"inLanguage":"es"},{"@type":"Organization","@id":"https:\/\/www.colindres.es\/#organization","name":"AYUNTAMIENTO DE COLINDRES","url":"https:\/\/www.colindres.es\/","logo":{"@type":"ImageObject","inLanguage":"es","@id":"https:\/\/www.colindres.es\/#\/schema\/logo\/image\/","url":"https:\/\/www.colindres.es\/wp-content\/uploads\/2017\/01\/LOGO-PRINCIPAL.jpg","contentUrl":"https:\/\/www.colindres.es\/wp-content\/uploads\/2017\/01\/LOGO-PRINCIPAL.jpg","width":1209,"height":579,"caption":"AYUNTAMIENTO DE COLINDRES"},"image":{"@id":"https:\/\/www.colindres.es\/#\/schema\/logo\/image\/"}}]}},"_links":{"self":[{"href":"https:\/\/www.colindres.es\/index.php\/wp-json\/wp\/v2\/project\/1117","targetHints":{"allow":["GET"]}}],"collection":[{"href":"https:\/\/www.colindres.es\/index.php\/wp-json\/wp\/v2\/project"}],"about":[{"href":"https:\/\/www.colindres.es\/index.php\/wp-json\/wp\/v2\/types\/project"}],"author":[{"embeddable":true,"href":"https:\/\/www.colindres.es\/index.php\/wp-json\/wp\/v2\/users\/1"}],"replies":[{"embeddable":true,"href":"https:\/\/www.colindres.es\/index.php\/wp-json\/wp\/v2\/comments?post=1117"}],"version-history":[{"count":1,"href":"https:\/\/www.colindres.es\/index.php\/wp-json\/wp\/v2\/project\/1117\/revisions"}],"predecessor-version":[{"id":1119,"href":"https:\/\/www.colindres.es\/index.php\/wp-json\/wp\/v2\/project\/1117\/revisions\/1119"}],"wp:featuredmedia":[{"embeddable":true,"href":"https:\/\/www.colindres.es\/index.php\/wp-json\/wp\/v2\/media\/1118"}],"wp:attachment":[{"href":"https:\/\/www.colindres.es\/index.php\/wp-json\/wp\/v2\/media?parent=1117"}],"wp:term":[{"taxonomy":"project_category","embeddable":true,"href":"https:\/\/www.colindres.es\/index.php\/wp-json\/wp\/v2\/project_category?post=1117"},{"taxonomy":"project_tag","embeddable":true,"href":"https:\/\/www.colindres.es\/index.php\/wp-json\/wp\/v2\/project_tag?post=1117"}],"curies":[{"name":"wp","href":"https:\/\/api.w.org\/{rel}","templated":true}]}}