{"id":1108,"date":"2017-11-27T08:35:43","date_gmt":"2017-11-27T08:35:43","guid":{"rendered":"http:\/\/colindres.es\/?post_type=project&#038;p=1108"},"modified":"2017-11-27T08:36:35","modified_gmt":"2017-11-27T08:36:35","slug":"1108","status":"publish","type":"project","link":"https:\/\/www.colindres.es\/index.php\/project\/1108\/","title":{"rendered":"El alcalde y otros miembros de la Corporaci\u00f3n acompa\u00f1aron a los responsables del club a la reuni\u00f3n que han mantenido con el consejero para respaldar su propuesta"},"content":{"rendered":"<p>Colindres, 20 de noviembre.- El Club de Pirag\u00fcismo de Colindres ha solicitado permiso a la Consejer\u00eda de Obras P\u00fablicas del Gobierno de Cantabria para la instalaci\u00f3n de un pantal\u00e1n flotante en el Puerto del municipio con la finalidad de mejorar el acceso de los deportistas al ejercicio de sus actividades.<\/p>\n<p>Los responsables del Club han presentado esta propuesta al consejero Jos\u00e9 Mar\u00eda Maz\u00f3n en una reuni\u00f3n en la que tambi\u00e9n ha participado el alcalde de Colindres, Javier Incera, quien ha respaldado su petici\u00f3n, y otros miembros de la Corporaci\u00f3n municipal.<\/p>\n<p>Los integrantes del Club trasladaron al consejero su preocupaci\u00f3n por el mal estado de la instalaci\u00f3n actual y la necesidad de contar con un espacio adecuado y seguro.<\/p>\n<p>Maz\u00f3n ha afirmado que pasar\u00e1 esta petici\u00f3n al Servicio de Puertos para que preparen un informe para analizar las distintas posibilidades que se podr\u00edan materializar en una concesi\u00f3n al propio Club.<\/p>\n<p>El consejero ha a\u00f1adido que \u00abse trata de una obra sencilla que el Club estar\u00eda dispuesto a financiar, ya que tienen, entre otros inconvenientes, un peligro con los ni\u00f1os que tienen que atravesar la d\u00e1rsena para acceder a sus barcos\u00bb.<\/p>\n<p>Maz\u00f3n ha subrayado que con esta actuaci\u00f3n se facilitar\u00e1 la entrada al Puerto de Colindres en condiciones de \u00abm\u00e1xima seguridad\u00bb para los deportistas y ha asegurado que la rampa se situar\u00e1 en un lugar donde no interfiera el tr\u00e1fico habitual de los barcos pesqueros.<\/p>\n<p>En este sentido, el consejero ha explicado que, tras un informe exhaustivo de los t\u00e9cnicos de la Consejer\u00eda, se evaluar\u00e1 el mejor emplazamiento para el pantal\u00e1n.<\/p>\n<p>Por su parte, el alcalde de Colindres, Javier Incera, ha agradecido al Gobierno su compromiso para acabar con la \u00abpeligrosidad\u00bb de la zona y facilitar a los deportistas la pr\u00e1ctica de actividades como el pirag\u00fcismo o el remo de gran tradici\u00f3n e importancia en el municipio.<\/p>\n<p>Incera ha explicado que las obras, que podr\u00edan costar alrededor de 60.000 euros, se subvencionar\u00e1n a trav\u00e9s de las ayudas del Grupo de Acci\u00f3n Costera, entidad que agrupa a los Ayuntamientos de Colindres, Castro Urdiales, Laredo y Santo\u00f1a, a las Cofrad\u00edas de Pescadores y a los agentes sociales.<\/p>\n","protected":false},"excerpt":{"rendered":"<p>Colindres, 20 de noviembre.- El Club de Pirag\u00fcismo de Colindres ha solicitado permiso a la Consejer\u00eda de Obras P\u00fablicas del Gobierno de Cantabria para la instalaci\u00f3n de un pantal\u00e1n flotante en el Puerto del municipio con la finalidad de mejorar el acceso de los deportistas al ejercicio de sus actividades. Los responsables del Club han [&hellip;]<\/p>\n","protected":false},"author":1,"featured_media":1110,"comment_status":"open","ping_status":"closed","template":"","meta":{"_et_pb_use_builder":"","_et_pb_old_content":"","_et_gb_content_width":"","footnotes":""},"project_category":[],"project_tag":[],"class_list":["post-1108","project","type-project","status-publish","has-post-thumbnail","hentry"],"yoast_head":"<!-- This site is optimized with the Yoast SEO plugin v24.9 - https:\/\/yoast.com\/wordpress\/plugins\/seo\/ -->\n<title>El alcalde y otros miembros de la Corporaci\u00f3n acompa\u00f1aron a los responsables del club a la reuni\u00f3n que han mantenido con el consejero para respaldar su propuesta - Ayuntamiento de Colindres<\/title>\n<meta name=\"robots\" content=\"index, follow, max-snippet:-1, max-image-preview:large, max-video-preview:-1\" \/>\n<link rel=\"canonical\" href=\"https:\/\/www.colindres.es\/index.php\/project\/1108\/\" \/>\n<meta property=\"og:locale\" content=\"es_ES\" \/>\n<meta property=\"og:type\" content=\"article\" \/>\n<meta property=\"og:title\" content=\"El alcalde y otros miembros de la Corporaci\u00f3n acompa\u00f1aron a los responsables del club a la reuni\u00f3n que han mantenido con el consejero para respaldar su propuesta - Ayuntamiento de Colindres\" \/>\n<meta property=\"og:description\" content=\"Colindres, 20 de noviembre.- El Club de Pirag\u00fcismo de Colindres ha solicitado permiso a la Consejer\u00eda de Obras P\u00fablicas del Gobierno de Cantabria para la instalaci\u00f3n de un pantal\u00e1n flotante en el Puerto del municipio con la finalidad de mejorar el acceso de los deportistas al ejercicio de sus actividades. Los responsables del Club han [&hellip;]\" \/>\n<meta property=\"og:url\" content=\"https:\/\/www.colindres.es\/index.php\/project\/1108\/\" \/>\n<meta property=\"og:site_name\" content=\"Ayuntamiento de Colindres\" \/>\n<meta property=\"article:modified_time\" content=\"2017-11-27T08:36:35+00:00\" \/>\n<meta property=\"og:image\" content=\"https:\/\/www.colindres.es\/wp-content\/uploads\/2017\/11\/Reuni\u00f3n-Obras-P\u00fablicas-Pirag\u00fcismo-1.jpg\" \/>\n\t<meta property=\"og:image:width\" content=\"4000\" \/>\n\t<meta property=\"og:image:height\" content=\"2667\" \/>\n\t<meta property=\"og:image:type\" content=\"image\/jpeg\" \/>\n<meta name=\"twitter:card\" content=\"summary_large_image\" \/>\n<meta name=\"twitter:label1\" content=\"Tiempo de lectura\" \/>\n\t<meta name=\"twitter:data1\" content=\"2 minutos\" \/>\n<script type=\"application\/ld+json\" class=\"yoast-schema-graph\">{\"@context\":\"https:\/\/schema.org\",\"@graph\":[{\"@type\":\"WebPage\",\"@id\":\"https:\/\/www.colindres.es\/index.php\/project\/1108\/\",\"url\":\"https:\/\/www.colindres.es\/index.php\/project\/1108\/\",\"name\":\"El alcalde y otros miembros de la Corporaci\u00f3n acompa\u00f1aron a los responsables del club a la reuni\u00f3n que han mantenido con el consejero para respaldar su propuesta - Ayuntamiento de Colindres\",\"isPartOf\":{\"@id\":\"https:\/\/www.colindres.es\/#website\"},\"primaryImageOfPage\":{\"@id\":\"https:\/\/www.colindres.es\/index.php\/project\/1108\/#primaryimage\"},\"image\":{\"@id\":\"https:\/\/www.colindres.es\/index.php\/project\/1108\/#primaryimage\"},\"thumbnailUrl\":\"https:\/\/www.colindres.es\/wp-content\/uploads\/2017\/11\/Reuni\u00f3n-Obras-P\u00fablicas-Pirag\u00fcismo-1.jpg\",\"datePublished\":\"2017-11-27T08:35:43+00:00\",\"dateModified\":\"2017-11-27T08:36:35+00:00\",\"breadcrumb\":{\"@id\":\"https:\/\/www.colindres.es\/index.php\/project\/1108\/#breadcrumb\"},\"inLanguage\":\"es\",\"potentialAction\":[{\"@type\":\"ReadAction\",\"target\":[\"https:\/\/www.colindres.es\/index.php\/project\/1108\/\"]}]},{\"@type\":\"ImageObject\",\"inLanguage\":\"es\",\"@id\":\"https:\/\/www.colindres.es\/index.php\/project\/1108\/#primaryimage\",\"url\":\"https:\/\/www.colindres.es\/wp-content\/uploads\/2017\/11\/Reuni\u00f3n-Obras-P\u00fablicas-Pirag\u00fcismo-1.jpg\",\"contentUrl\":\"https:\/\/www.colindres.es\/wp-content\/uploads\/2017\/11\/Reuni\u00f3n-Obras-P\u00fablicas-Pirag\u00fcismo-1.jpg\",\"width\":4000,\"height\":2667,\"caption\":\"18:00 Despacho del consejero. El consejero de Obras P\u00fablicas y Vivienda, Jos\u00e9 Mar\u00eda Maz\u00f3n, recibe al alcalde de Colindres, Javier Incera. 9 de noviembre de 2017 \u00a9 Ra\u00fal Lucio\"},{\"@type\":\"BreadcrumbList\",\"@id\":\"https:\/\/www.colindres.es\/index.php\/project\/1108\/#breadcrumb\",\"itemListElement\":[{\"@type\":\"ListItem\",\"position\":1,\"name\":\"Portada\",\"item\":\"https:\/\/www.colindres.es\/\"},{\"@type\":\"ListItem\",\"position\":2,\"name\":\"Proyectos\",\"item\":\"https:\/\/www.colindres.es\/index.php\/project\/\"},{\"@type\":\"ListItem\",\"position\":3,\"name\":\"El alcalde y otros miembros de la Corporaci\u00f3n acompa\u00f1aron a los responsables del club a la reuni\u00f3n que han mantenido con el consejero para respaldar su propuesta\"}]},{\"@type\":\"WebSite\",\"@id\":\"https:\/\/www.colindres.es\/#website\",\"url\":\"https:\/\/www.colindres.es\/\",\"name\":\"Ayuntamiento de Colindres\",\"description\":\"Dise\u00f1ado por NTIC&#039;s\",\"publisher\":{\"@id\":\"https:\/\/www.colindres.es\/#organization\"},\"potentialAction\":[{\"@type\":\"SearchAction\",\"target\":{\"@type\":\"EntryPoint\",\"urlTemplate\":\"https:\/\/www.colindres.es\/?s={search_term_string}\"},\"query-input\":{\"@type\":\"PropertyValueSpecification\",\"valueRequired\":true,\"valueName\":\"search_term_string\"}}],\"inLanguage\":\"es\"},{\"@type\":\"Organization\",\"@id\":\"https:\/\/www.colindres.es\/#organization\",\"name\":\"AYUNTAMIENTO DE COLINDRES\",\"url\":\"https:\/\/www.colindres.es\/\",\"logo\":{\"@type\":\"ImageObject\",\"inLanguage\":\"es\",\"@id\":\"https:\/\/www.colindres.es\/#\/schema\/logo\/image\/\",\"url\":\"https:\/\/www.colindres.es\/wp-content\/uploads\/2017\/01\/LOGO-PRINCIPAL.jpg\",\"contentUrl\":\"https:\/\/www.colindres.es\/wp-content\/uploads\/2017\/01\/LOGO-PRINCIPAL.jpg\",\"width\":1209,\"height\":579,\"caption\":\"AYUNTAMIENTO DE COLINDRES\"},\"image\":{\"@id\":\"https:\/\/www.colindres.es\/#\/schema\/logo\/image\/\"}}]}<\/script>\n<!-- \/ Yoast SEO plugin. -->","yoast_head_json":{"title":"El alcalde y otros miembros de la Corporaci\u00f3n acompa\u00f1aron a los responsables del club a la reuni\u00f3n que han mantenido con el consejero para respaldar su propuesta - Ayuntamiento de Colindres","robots":{"index":"index","follow":"follow","max-snippet":"max-snippet:-1","max-image-preview":"max-image-preview:large","max-video-preview":"max-video-preview:-1"},"canonical":"https:\/\/www.colindres.es\/index.php\/project\/1108\/","og_locale":"es_ES","og_type":"article","og_title":"El alcalde y otros miembros de la Corporaci\u00f3n acompa\u00f1aron a los responsables del club a la reuni\u00f3n que han mantenido con el consejero para respaldar su propuesta - Ayuntamiento de Colindres","og_description":"Colindres, 20 de noviembre.- El Club de Pirag\u00fcismo de Colindres ha solicitado permiso a la Consejer\u00eda de Obras P\u00fablicas del Gobierno de Cantabria para la instalaci\u00f3n de un pantal\u00e1n flotante en el Puerto del municipio con la finalidad de mejorar el acceso de los deportistas al ejercicio de sus actividades. Los responsables del Club han [&hellip;]","og_url":"https:\/\/www.colindres.es\/index.php\/project\/1108\/","og_site_name":"Ayuntamiento de Colindres","article_modified_time":"2017-11-27T08:36:35+00:00","og_image":[{"width":4000,"height":2667,"url":"https:\/\/www.colindres.es\/wp-content\/uploads\/2017\/11\/Reuni\u00f3n-Obras-P\u00fablicas-Pirag\u00fcismo-1.jpg","type":"image\/jpeg"}],"twitter_card":"summary_large_image","twitter_misc":{"Tiempo de lectura":"2 minutos"},"schema":{"@context":"https:\/\/schema.org","@graph":[{"@type":"WebPage","@id":"https:\/\/www.colindres.es\/index.php\/project\/1108\/","url":"https:\/\/www.colindres.es\/index.php\/project\/1108\/","name":"El alcalde y otros miembros de la Corporaci\u00f3n acompa\u00f1aron a los responsables del club a la reuni\u00f3n que han mantenido con el consejero para respaldar su propuesta - Ayuntamiento de Colindres","isPartOf":{"@id":"https:\/\/www.colindres.es\/#website"},"primaryImageOfPage":{"@id":"https:\/\/www.colindres.es\/index.php\/project\/1108\/#primaryimage"},"image":{"@id":"https:\/\/www.colindres.es\/index.php\/project\/1108\/#primaryimage"},"thumbnailUrl":"https:\/\/www.colindres.es\/wp-content\/uploads\/2017\/11\/Reuni\u00f3n-Obras-P\u00fablicas-Pirag\u00fcismo-1.jpg","datePublished":"2017-11-27T08:35:43+00:00","dateModified":"2017-11-27T08:36:35+00:00","breadcrumb":{"@id":"https:\/\/www.colindres.es\/index.php\/project\/1108\/#breadcrumb"},"inLanguage":"es","potentialAction":[{"@type":"ReadAction","target":["https:\/\/www.colindres.es\/index.php\/project\/1108\/"]}]},{"@type":"ImageObject","inLanguage":"es","@id":"https:\/\/www.colindres.es\/index.php\/project\/1108\/#primaryimage","url":"https:\/\/www.colindres.es\/wp-content\/uploads\/2017\/11\/Reuni\u00f3n-Obras-P\u00fablicas-Pirag\u00fcismo-1.jpg","contentUrl":"https:\/\/www.colindres.es\/wp-content\/uploads\/2017\/11\/Reuni\u00f3n-Obras-P\u00fablicas-Pirag\u00fcismo-1.jpg","width":4000,"height":2667,"caption":"18:00 Despacho del consejero. El consejero de Obras P\u00fablicas y Vivienda, Jos\u00e9 Mar\u00eda Maz\u00f3n, recibe al alcalde de Colindres, Javier Incera. 9 de noviembre de 2017 \u00a9 Ra\u00fal Lucio"},{"@type":"BreadcrumbList","@id":"https:\/\/www.colindres.es\/index.php\/project\/1108\/#breadcrumb","itemListElement":[{"@type":"ListItem","position":1,"name":"Portada","item":"https:\/\/www.colindres.es\/"},{"@type":"ListItem","position":2,"name":"Proyectos","item":"https:\/\/www.colindres.es\/index.php\/project\/"},{"@type":"ListItem","position":3,"name":"El alcalde y otros miembros de la Corporaci\u00f3n acompa\u00f1aron a los responsables del club a la reuni\u00f3n que han mantenido con el consejero para respaldar su propuesta"}]},{"@type":"WebSite","@id":"https:\/\/www.colindres.es\/#website","url":"https:\/\/www.colindres.es\/","name":"Ayuntamiento de Colindres","description":"Dise\u00f1ado por NTIC&#039;s","publisher":{"@id":"https:\/\/www.colindres.es\/#organization"},"potentialAction":[{"@type":"SearchAction","target":{"@type":"EntryPoint","urlTemplate":"https:\/\/www.colindres.es\/?s={search_term_string}"},"query-input":{"@type":"PropertyValueSpecification","valueRequired":true,"valueName":"search_term_string"}}],"inLanguage":"es"},{"@type":"Organization","@id":"https:\/\/www.colindres.es\/#organization","name":"AYUNTAMIENTO DE COLINDRES","url":"https:\/\/www.colindres.es\/","logo":{"@type":"ImageObject","inLanguage":"es","@id":"https:\/\/www.colindres.es\/#\/schema\/logo\/image\/","url":"https:\/\/www.colindres.es\/wp-content\/uploads\/2017\/01\/LOGO-PRINCIPAL.jpg","contentUrl":"https:\/\/www.colindres.es\/wp-content\/uploads\/2017\/01\/LOGO-PRINCIPAL.jpg","width":1209,"height":579,"caption":"AYUNTAMIENTO DE COLINDRES"},"image":{"@id":"https:\/\/www.colindres.es\/#\/schema\/logo\/image\/"}}]}},"_links":{"self":[{"href":"https:\/\/www.colindres.es\/index.php\/wp-json\/wp\/v2\/project\/1108","targetHints":{"allow":["GET"]}}],"collection":[{"href":"https:\/\/www.colindres.es\/index.php\/wp-json\/wp\/v2\/project"}],"about":[{"href":"https:\/\/www.colindres.es\/index.php\/wp-json\/wp\/v2\/types\/project"}],"author":[{"embeddable":true,"href":"https:\/\/www.colindres.es\/index.php\/wp-json\/wp\/v2\/users\/1"}],"replies":[{"embeddable":true,"href":"https:\/\/www.colindres.es\/index.php\/wp-json\/wp\/v2\/comments?post=1108"}],"version-history":[{"count":2,"href":"https:\/\/www.colindres.es\/index.php\/wp-json\/wp\/v2\/project\/1108\/revisions"}],"predecessor-version":[{"id":1111,"href":"https:\/\/www.colindres.es\/index.php\/wp-json\/wp\/v2\/project\/1108\/revisions\/1111"}],"wp:featuredmedia":[{"embeddable":true,"href":"https:\/\/www.colindres.es\/index.php\/wp-json\/wp\/v2\/media\/1110"}],"wp:attachment":[{"href":"https:\/\/www.colindres.es\/index.php\/wp-json\/wp\/v2\/media?parent=1108"}],"wp:term":[{"taxonomy":"project_category","embeddable":true,"href":"https:\/\/www.colindres.es\/index.php\/wp-json\/wp\/v2\/project_category?post=1108"},{"taxonomy":"project_tag","embeddable":true,"href":"https:\/\/www.colindres.es\/index.php\/wp-json\/wp\/v2\/project_tag?post=1108"}],"curies":[{"name":"wp","href":"https:\/\/api.w.org\/{rel}","templated":true}]}}