{"id":1103,"date":"2017-11-25T07:49:14","date_gmt":"2017-11-25T07:49:14","guid":{"rendered":"http:\/\/colindres.es\/?post_type=project&#038;p=1103"},"modified":"2017-11-25T07:54:24","modified_gmt":"2017-11-25T07:54:24","slug":"el-ayuntamiento-de-colindres-se-suma-a-los-actos-contra-la-violencia-de-genero-con-un-fin-de-semana-repleto-de-actividades","status":"publish","type":"project","link":"https:\/\/www.colindres.es\/index.php\/project\/el-ayuntamiento-de-colindres-se-suma-a-los-actos-contra-la-violencia-de-genero-con-un-fin-de-semana-repleto-de-actividades\/","title":{"rendered":"El Ayuntamiento de Colindres se suma a los actos contra la Violencia de G\u00e9nero con un fin de semana repleto de actividades"},"content":{"rendered":"<p>Las actividades est\u00e1n dirigidas a un p\u00fablico familiar y pretenden \u201caumentar la conciencia social contra la discriminaci\u00f3n y la violencia\u00a0contra las mujeres\u201d<\/p>\n<p>Colindres, 23 de Noviembre.- El Ayuntamiento de Colindres, a trav\u00e9s de\u00a0la Concejal\u00eda de Igualdad, ha organizado con motivo del D\u00eda\u00a0Internacional Contra la Violencia de G\u00e9nero un intenso programa de\u00a0actividades que se desarrollar\u00e1n a lo largo de este fin de semana y que\u00a0tienen como objetivo prevenir y sensibilizar a toda la sociedad.<\/p>\n<p>La concejala del \u00e1rea, M\u00f3nica Navascuez, ha explicado que todas las\u00a0actividades son gratuitas y est\u00e1n pensadas para la participaci\u00f3n en\u00a0familia. Seg\u00fan ha indicado comenzar\u00e1n este viernes d\u00eda 24 con la\u00a0representaci\u00f3n de \u2018Hero\u00ednas. Cuentos no sexistas\u2019. Se trata de un\u00a0espect\u00e1culo de marionetas de la compa\u00f1\u00eda Dantea en el que se hace una reinterpretacion\u00a0de cinco historias cl\u00e1sicas. En \u2018Hero\u00ednas\u2019 ser\u00e1n ellas\u00a0las que salven a pr\u00edncipes indefensos, reyes pusil\u00e1nimes o pueblos\u00a0enteros, con su valor, su inteligencia y su astucia, eliminando el\u00a0aspecto sexista que prevalece en algunos cuentos tradicionales. La\u00a0representaci\u00f3n tendr\u00e1 lugar en la Casa de Cultura a partir de las 20.00\u00a0horas.<\/p>\n<p>El s\u00e1bado, entre las 11.00 y las 14.00 horas, en la plaza de La\u00a0Esperanza, se llevar\u00e1 a cabo un taller dirigido a ni\u00f1os y ni\u00f1as que\u00a0consistir\u00e1 en la elaboraci\u00f3n de unas manos en las que se incluir\u00e1n\u00a0mensajes contra la discriminaci\u00f3n y la violencia contra las mujeres.<\/p>\n<p>Estas manos se colgar\u00e1n de unos globos que ser\u00e1n lanzados dej\u00e1ndolos\u00a0volar al finalizar el taller tras la lectura de un manifiesto. Las\u00a0actividades de la ma\u00f1ana concluir\u00e1n con un concierto del joven grupo\u00a0local Lunatic Catz.<\/p>\n<p>Ya por la tarde, a las 17.30 horas, se inaugurar\u00e1 en la Sala de Cultura\u00a0una exposici\u00f3n interactiva que a trav\u00e9s de 28 historias persigue\u00a0visibilizar a todas esas mujeres an\u00f3nimas que son hero\u00ednas en su d\u00eda a\u00a0d\u00eda. El montaje realizado por la Asociaci\u00f3n Profesional de Educadores y<\/p>\n<p>Educadoras Sociales de Cantabria trata tambi\u00e9n de crear referentes para\u00a0las ni\u00f1as, as\u00ed como de normalizar la figura de la mujer en diversos\u00a0\u00e1mbitos en los que de forma directa o indirecta siguen siendo\u00a0discriminadas.<\/p>\n<p>Adem\u00e1s, la exposici\u00f3n cuenta con una zona interactiva en la que se\u00a0invita a la participaci\u00f3n de los asistentes, como \u2018Espejito, espejito\u2019\u00a0donde las mujeres pueden mirar su reflejo en este espejo \u201cm\u00e1gico\u201d para\u00a0promover el empoderamiento personal o \u2018La capa de las hero\u00ednas\u2019 donde\u00a0cada uno puede escribir el nombre de su hero\u00edna en un c\u00edrculo negro y\u00a0colocarlo en la capa.<\/p>\n<p>El d\u00eda concluir\u00e1 con la proyecci\u00f3n de seis cortometrajes sobre esta\u00a0misma tem\u00e1tica que tendr\u00e1 lugar a las 19.00 horas en el Sal\u00f3n de Actos\u00a0de la Casa de Cultura.<\/p>\n<p>\u201cCon esta campa\u00f1a, desde el Ayuntamiento de Colindres pretendemos\u00a0aportar nuestro granito de arena para aumentar la conciencia social con\u00a0respecto a la importancia que tiene el compromiso de toda la ciudadan\u00eda\u00a0en la repulsa y denuncia permanente de la violencia contra las mujeres\u201d,\u00a0ha subrayado Navascuez.<\/p>\n<blockquote><p><img loading=\"lazy\" decoding=\"async\" class=\"alignnone size-medium wp-image-1104\" src=\"http:\/\/colindres.es\/wp-content\/uploads\/2017\/11\/CFF07547-7F68-4AA1-8053-63B9BD911B45-300x225.jpeg\" alt=\"\" width=\"300\" height=\"225\" srcset=\"https:\/\/www.colindres.es\/wp-content\/uploads\/2017\/11\/CFF07547-7F68-4AA1-8053-63B9BD911B45-300x225.jpeg 300w, https:\/\/www.colindres.es\/wp-content\/uploads\/2017\/11\/CFF07547-7F68-4AA1-8053-63B9BD911B45-768x576.jpeg 768w, https:\/\/www.colindres.es\/wp-content\/uploads\/2017\/11\/CFF07547-7F68-4AA1-8053-63B9BD911B45-1024x768.jpeg 1024w, https:\/\/www.colindres.es\/wp-content\/uploads\/2017\/11\/CFF07547-7F68-4AA1-8053-63B9BD911B45-510x382.jpeg 510w, https:\/\/www.colindres.es\/wp-content\/uploads\/2017\/11\/CFF07547-7F68-4AA1-8053-63B9BD911B45-1080x810.jpeg 1080w, https:\/\/www.colindres.es\/wp-content\/uploads\/2017\/11\/CFF07547-7F68-4AA1-8053-63B9BD911B45.jpeg 1280w\" sizes=\"(max-width: 300px) 100vw, 300px\" \/><\/p><\/blockquote>\n","protected":false},"excerpt":{"rendered":"<p>Las actividades est\u00e1n dirigidas a un p\u00fablico familiar y pretenden \u201caumentar la conciencia social contra la discriminaci\u00f3n y la violencia\u00a0contra las mujeres\u201d Colindres, 23 de Noviembre.- El Ayuntamiento de Colindres, a trav\u00e9s de\u00a0la Concejal\u00eda de Igualdad, ha organizado con motivo del D\u00eda\u00a0Internacional Contra la Violencia de G\u00e9nero un intenso programa de\u00a0actividades que se desarrollar\u00e1n a [&hellip;]<\/p>\n","protected":false},"author":1,"featured_media":1104,"comment_status":"open","ping_status":"closed","template":"","meta":{"_et_pb_use_builder":"","_et_pb_old_content":"","_et_gb_content_width":"","footnotes":""},"project_category":[],"project_tag":[],"class_list":["post-1103","project","type-project","status-publish","has-post-thumbnail","hentry"],"yoast_head":"<!-- This site is optimized with the Yoast SEO plugin v24.9 - https:\/\/yoast.com\/wordpress\/plugins\/seo\/ -->\n<title>El Ayuntamiento de Colindres se suma a los actos contra la Violencia de G\u00e9nero con un fin de semana repleto de actividades - Ayuntamiento de Colindres<\/title>\n<meta name=\"robots\" content=\"index, follow, max-snippet:-1, max-image-preview:large, max-video-preview:-1\" \/>\n<link rel=\"canonical\" href=\"https:\/\/www.colindres.es\/index.php\/project\/el-ayuntamiento-de-colindres-se-suma-a-los-actos-contra-la-violencia-de-genero-con-un-fin-de-semana-repleto-de-actividades\/\" \/>\n<meta property=\"og:locale\" content=\"es_ES\" \/>\n<meta property=\"og:type\" content=\"article\" \/>\n<meta property=\"og:title\" content=\"El Ayuntamiento de Colindres se suma a los actos contra la Violencia de G\u00e9nero con un fin de semana repleto de actividades - Ayuntamiento de Colindres\" \/>\n<meta property=\"og:description\" content=\"Las actividades est\u00e1n dirigidas a un p\u00fablico familiar y pretenden \u201caumentar la conciencia social contra la discriminaci\u00f3n y la violencia\u00a0contra las mujeres\u201d Colindres, 23 de Noviembre.- El Ayuntamiento de Colindres, a trav\u00e9s de\u00a0la Concejal\u00eda de Igualdad, ha organizado con motivo del D\u00eda\u00a0Internacional Contra la Violencia de G\u00e9nero un intenso programa de\u00a0actividades que se desarrollar\u00e1n a [&hellip;]\" \/>\n<meta property=\"og:url\" content=\"https:\/\/www.colindres.es\/index.php\/project\/el-ayuntamiento-de-colindres-se-suma-a-los-actos-contra-la-violencia-de-genero-con-un-fin-de-semana-repleto-de-actividades\/\" \/>\n<meta property=\"og:site_name\" content=\"Ayuntamiento de Colindres\" \/>\n<meta property=\"article:modified_time\" content=\"2017-11-25T07:54:24+00:00\" \/>\n<meta property=\"og:image\" content=\"https:\/\/www.colindres.es\/wp-content\/uploads\/2017\/11\/CFF07547-7F68-4AA1-8053-63B9BD911B45.jpeg\" \/>\n\t<meta property=\"og:image:width\" content=\"1280\" \/>\n\t<meta property=\"og:image:height\" content=\"960\" \/>\n\t<meta property=\"og:image:type\" content=\"image\/jpeg\" \/>\n<meta name=\"twitter:card\" content=\"summary_large_image\" \/>\n<meta name=\"twitter:label1\" content=\"Tiempo de lectura\" \/>\n\t<meta name=\"twitter:data1\" content=\"3 minutos\" \/>\n<script type=\"application\/ld+json\" class=\"yoast-schema-graph\">{\"@context\":\"https:\/\/schema.org\",\"@graph\":[{\"@type\":\"WebPage\",\"@id\":\"https:\/\/www.colindres.es\/index.php\/project\/el-ayuntamiento-de-colindres-se-suma-a-los-actos-contra-la-violencia-de-genero-con-un-fin-de-semana-repleto-de-actividades\/\",\"url\":\"https:\/\/www.colindres.es\/index.php\/project\/el-ayuntamiento-de-colindres-se-suma-a-los-actos-contra-la-violencia-de-genero-con-un-fin-de-semana-repleto-de-actividades\/\",\"name\":\"El Ayuntamiento de Colindres se suma a los actos contra la Violencia de G\u00e9nero con un fin de semana repleto de actividades - Ayuntamiento de Colindres\",\"isPartOf\":{\"@id\":\"https:\/\/www.colindres.es\/#website\"},\"primaryImageOfPage\":{\"@id\":\"https:\/\/www.colindres.es\/index.php\/project\/el-ayuntamiento-de-colindres-se-suma-a-los-actos-contra-la-violencia-de-genero-con-un-fin-de-semana-repleto-de-actividades\/#primaryimage\"},\"image\":{\"@id\":\"https:\/\/www.colindres.es\/index.php\/project\/el-ayuntamiento-de-colindres-se-suma-a-los-actos-contra-la-violencia-de-genero-con-un-fin-de-semana-repleto-de-actividades\/#primaryimage\"},\"thumbnailUrl\":\"https:\/\/www.colindres.es\/wp-content\/uploads\/2017\/11\/CFF07547-7F68-4AA1-8053-63B9BD911B45.jpeg\",\"datePublished\":\"2017-11-25T07:49:14+00:00\",\"dateModified\":\"2017-11-25T07:54:24+00:00\",\"breadcrumb\":{\"@id\":\"https:\/\/www.colindres.es\/index.php\/project\/el-ayuntamiento-de-colindres-se-suma-a-los-actos-contra-la-violencia-de-genero-con-un-fin-de-semana-repleto-de-actividades\/#breadcrumb\"},\"inLanguage\":\"es\",\"potentialAction\":[{\"@type\":\"ReadAction\",\"target\":[\"https:\/\/www.colindres.es\/index.php\/project\/el-ayuntamiento-de-colindres-se-suma-a-los-actos-contra-la-violencia-de-genero-con-un-fin-de-semana-repleto-de-actividades\/\"]}]},{\"@type\":\"ImageObject\",\"inLanguage\":\"es\",\"@id\":\"https:\/\/www.colindres.es\/index.php\/project\/el-ayuntamiento-de-colindres-se-suma-a-los-actos-contra-la-violencia-de-genero-con-un-fin-de-semana-repleto-de-actividades\/#primaryimage\",\"url\":\"https:\/\/www.colindres.es\/wp-content\/uploads\/2017\/11\/CFF07547-7F68-4AA1-8053-63B9BD911B45.jpeg\",\"contentUrl\":\"https:\/\/www.colindres.es\/wp-content\/uploads\/2017\/11\/CFF07547-7F68-4AA1-8053-63B9BD911B45.jpeg\",\"width\":1280,\"height\":960},{\"@type\":\"BreadcrumbList\",\"@id\":\"https:\/\/www.colindres.es\/index.php\/project\/el-ayuntamiento-de-colindres-se-suma-a-los-actos-contra-la-violencia-de-genero-con-un-fin-de-semana-repleto-de-actividades\/#breadcrumb\",\"itemListElement\":[{\"@type\":\"ListItem\",\"position\":1,\"name\":\"Portada\",\"item\":\"https:\/\/www.colindres.es\/\"},{\"@type\":\"ListItem\",\"position\":2,\"name\":\"Proyectos\",\"item\":\"https:\/\/www.colindres.es\/index.php\/project\/\"},{\"@type\":\"ListItem\",\"position\":3,\"name\":\"El Ayuntamiento de Colindres se suma a los actos contra la Violencia de G\u00e9nero con un fin de semana repleto de actividades\"}]},{\"@type\":\"WebSite\",\"@id\":\"https:\/\/www.colindres.es\/#website\",\"url\":\"https:\/\/www.colindres.es\/\",\"name\":\"Ayuntamiento de Colindres\",\"description\":\"Dise\u00f1ado por NTIC&#039;s\",\"publisher\":{\"@id\":\"https:\/\/www.colindres.es\/#organization\"},\"potentialAction\":[{\"@type\":\"SearchAction\",\"target\":{\"@type\":\"EntryPoint\",\"urlTemplate\":\"https:\/\/www.colindres.es\/?s={search_term_string}\"},\"query-input\":{\"@type\":\"PropertyValueSpecification\",\"valueRequired\":true,\"valueName\":\"search_term_string\"}}],\"inLanguage\":\"es\"},{\"@type\":\"Organization\",\"@id\":\"https:\/\/www.colindres.es\/#organization\",\"name\":\"AYUNTAMIENTO DE COLINDRES\",\"url\":\"https:\/\/www.colindres.es\/\",\"logo\":{\"@type\":\"ImageObject\",\"inLanguage\":\"es\",\"@id\":\"https:\/\/www.colindres.es\/#\/schema\/logo\/image\/\",\"url\":\"https:\/\/www.colindres.es\/wp-content\/uploads\/2017\/01\/LOGO-PRINCIPAL.jpg\",\"contentUrl\":\"https:\/\/www.colindres.es\/wp-content\/uploads\/2017\/01\/LOGO-PRINCIPAL.jpg\",\"width\":1209,\"height\":579,\"caption\":\"AYUNTAMIENTO DE COLINDRES\"},\"image\":{\"@id\":\"https:\/\/www.colindres.es\/#\/schema\/logo\/image\/\"}}]}<\/script>\n<!-- \/ Yoast SEO plugin. -->","yoast_head_json":{"title":"El Ayuntamiento de Colindres se suma a los actos contra la Violencia de G\u00e9nero con un fin de semana repleto de actividades - Ayuntamiento de Colindres","robots":{"index":"index","follow":"follow","max-snippet":"max-snippet:-1","max-image-preview":"max-image-preview:large","max-video-preview":"max-video-preview:-1"},"canonical":"https:\/\/www.colindres.es\/index.php\/project\/el-ayuntamiento-de-colindres-se-suma-a-los-actos-contra-la-violencia-de-genero-con-un-fin-de-semana-repleto-de-actividades\/","og_locale":"es_ES","og_type":"article","og_title":"El Ayuntamiento de Colindres se suma a los actos contra la Violencia de G\u00e9nero con un fin de semana repleto de actividades - Ayuntamiento de Colindres","og_description":"Las actividades est\u00e1n dirigidas a un p\u00fablico familiar y pretenden \u201caumentar la conciencia social contra la discriminaci\u00f3n y la violencia\u00a0contra las mujeres\u201d Colindres, 23 de Noviembre.- El Ayuntamiento de Colindres, a trav\u00e9s de\u00a0la Concejal\u00eda de Igualdad, ha organizado con motivo del D\u00eda\u00a0Internacional Contra la Violencia de G\u00e9nero un intenso programa de\u00a0actividades que se desarrollar\u00e1n a [&hellip;]","og_url":"https:\/\/www.colindres.es\/index.php\/project\/el-ayuntamiento-de-colindres-se-suma-a-los-actos-contra-la-violencia-de-genero-con-un-fin-de-semana-repleto-de-actividades\/","og_site_name":"Ayuntamiento de Colindres","article_modified_time":"2017-11-25T07:54:24+00:00","og_image":[{"width":1280,"height":960,"url":"https:\/\/www.colindres.es\/wp-content\/uploads\/2017\/11\/CFF07547-7F68-4AA1-8053-63B9BD911B45.jpeg","type":"image\/jpeg"}],"twitter_card":"summary_large_image","twitter_misc":{"Tiempo de lectura":"3 minutos"},"schema":{"@context":"https:\/\/schema.org","@graph":[{"@type":"WebPage","@id":"https:\/\/www.colindres.es\/index.php\/project\/el-ayuntamiento-de-colindres-se-suma-a-los-actos-contra-la-violencia-de-genero-con-un-fin-de-semana-repleto-de-actividades\/","url":"https:\/\/www.colindres.es\/index.php\/project\/el-ayuntamiento-de-colindres-se-suma-a-los-actos-contra-la-violencia-de-genero-con-un-fin-de-semana-repleto-de-actividades\/","name":"El Ayuntamiento de Colindres se suma a los actos contra la Violencia de G\u00e9nero con un fin de semana repleto de actividades - Ayuntamiento de Colindres","isPartOf":{"@id":"https:\/\/www.colindres.es\/#website"},"primaryImageOfPage":{"@id":"https:\/\/www.colindres.es\/index.php\/project\/el-ayuntamiento-de-colindres-se-suma-a-los-actos-contra-la-violencia-de-genero-con-un-fin-de-semana-repleto-de-actividades\/#primaryimage"},"image":{"@id":"https:\/\/www.colindres.es\/index.php\/project\/el-ayuntamiento-de-colindres-se-suma-a-los-actos-contra-la-violencia-de-genero-con-un-fin-de-semana-repleto-de-actividades\/#primaryimage"},"thumbnailUrl":"https:\/\/www.colindres.es\/wp-content\/uploads\/2017\/11\/CFF07547-7F68-4AA1-8053-63B9BD911B45.jpeg","datePublished":"2017-11-25T07:49:14+00:00","dateModified":"2017-11-25T07:54:24+00:00","breadcrumb":{"@id":"https:\/\/www.colindres.es\/index.php\/project\/el-ayuntamiento-de-colindres-se-suma-a-los-actos-contra-la-violencia-de-genero-con-un-fin-de-semana-repleto-de-actividades\/#breadcrumb"},"inLanguage":"es","potentialAction":[{"@type":"ReadAction","target":["https:\/\/www.colindres.es\/index.php\/project\/el-ayuntamiento-de-colindres-se-suma-a-los-actos-contra-la-violencia-de-genero-con-un-fin-de-semana-repleto-de-actividades\/"]}]},{"@type":"ImageObject","inLanguage":"es","@id":"https:\/\/www.colindres.es\/index.php\/project\/el-ayuntamiento-de-colindres-se-suma-a-los-actos-contra-la-violencia-de-genero-con-un-fin-de-semana-repleto-de-actividades\/#primaryimage","url":"https:\/\/www.colindres.es\/wp-content\/uploads\/2017\/11\/CFF07547-7F68-4AA1-8053-63B9BD911B45.jpeg","contentUrl":"https:\/\/www.colindres.es\/wp-content\/uploads\/2017\/11\/CFF07547-7F68-4AA1-8053-63B9BD911B45.jpeg","width":1280,"height":960},{"@type":"BreadcrumbList","@id":"https:\/\/www.colindres.es\/index.php\/project\/el-ayuntamiento-de-colindres-se-suma-a-los-actos-contra-la-violencia-de-genero-con-un-fin-de-semana-repleto-de-actividades\/#breadcrumb","itemListElement":[{"@type":"ListItem","position":1,"name":"Portada","item":"https:\/\/www.colindres.es\/"},{"@type":"ListItem","position":2,"name":"Proyectos","item":"https:\/\/www.colindres.es\/index.php\/project\/"},{"@type":"ListItem","position":3,"name":"El Ayuntamiento de Colindres se suma a los actos contra la Violencia de G\u00e9nero con un fin de semana repleto de actividades"}]},{"@type":"WebSite","@id":"https:\/\/www.colindres.es\/#website","url":"https:\/\/www.colindres.es\/","name":"Ayuntamiento de Colindres","description":"Dise\u00f1ado por NTIC&#039;s","publisher":{"@id":"https:\/\/www.colindres.es\/#organization"},"potentialAction":[{"@type":"SearchAction","target":{"@type":"EntryPoint","urlTemplate":"https:\/\/www.colindres.es\/?s={search_term_string}"},"query-input":{"@type":"PropertyValueSpecification","valueRequired":true,"valueName":"search_term_string"}}],"inLanguage":"es"},{"@type":"Organization","@id":"https:\/\/www.colindres.es\/#organization","name":"AYUNTAMIENTO DE COLINDRES","url":"https:\/\/www.colindres.es\/","logo":{"@type":"ImageObject","inLanguage":"es","@id":"https:\/\/www.colindres.es\/#\/schema\/logo\/image\/","url":"https:\/\/www.colindres.es\/wp-content\/uploads\/2017\/01\/LOGO-PRINCIPAL.jpg","contentUrl":"https:\/\/www.colindres.es\/wp-content\/uploads\/2017\/01\/LOGO-PRINCIPAL.jpg","width":1209,"height":579,"caption":"AYUNTAMIENTO DE COLINDRES"},"image":{"@id":"https:\/\/www.colindres.es\/#\/schema\/logo\/image\/"}}]}},"_links":{"self":[{"href":"https:\/\/www.colindres.es\/index.php\/wp-json\/wp\/v2\/project\/1103","targetHints":{"allow":["GET"]}}],"collection":[{"href":"https:\/\/www.colindres.es\/index.php\/wp-json\/wp\/v2\/project"}],"about":[{"href":"https:\/\/www.colindres.es\/index.php\/wp-json\/wp\/v2\/types\/project"}],"author":[{"embeddable":true,"href":"https:\/\/www.colindres.es\/index.php\/wp-json\/wp\/v2\/users\/1"}],"replies":[{"embeddable":true,"href":"https:\/\/www.colindres.es\/index.php\/wp-json\/wp\/v2\/comments?post=1103"}],"version-history":[{"count":2,"href":"https:\/\/www.colindres.es\/index.php\/wp-json\/wp\/v2\/project\/1103\/revisions"}],"predecessor-version":[{"id":1106,"href":"https:\/\/www.colindres.es\/index.php\/wp-json\/wp\/v2\/project\/1103\/revisions\/1106"}],"wp:featuredmedia":[{"embeddable":true,"href":"https:\/\/www.colindres.es\/index.php\/wp-json\/wp\/v2\/media\/1104"}],"wp:attachment":[{"href":"https:\/\/www.colindres.es\/index.php\/wp-json\/wp\/v2\/media?parent=1103"}],"wp:term":[{"taxonomy":"project_category","embeddable":true,"href":"https:\/\/www.colindres.es\/index.php\/wp-json\/wp\/v2\/project_category?post=1103"},{"taxonomy":"project_tag","embeddable":true,"href":"https:\/\/www.colindres.es\/index.php\/wp-json\/wp\/v2\/project_tag?post=1103"}],"curies":[{"name":"wp","href":"https:\/\/api.w.org\/{rel}","templated":true}]}}