{"id":1097,"date":"2017-11-23T05:52:43","date_gmt":"2017-11-23T05:52:43","guid":{"rendered":"http:\/\/colindres.es\/?post_type=project&#038;p=1097"},"modified":"2017-11-23T05:52:43","modified_gmt":"2017-11-23T05:52:43","slug":"campus-de-navidad-2017-2018","status":"publish","type":"project","link":"https:\/\/www.colindres.es\/index.php\/project\/campus-de-navidad-2017-2018\/","title":{"rendered":"CAMPUS DE NAVIDAD 2017-2018"},"content":{"rendered":"<p>Este programa de recreaci\u00f3n en NAVIDAD pretende dinamizar los momentos de ocio que se suceden en las fechas vacacionales de los ni\u00f1@s en edad escolar.<\/p>\n<p>Las actividades que desarrollar\u00e1n los ni\u00f1@s ser\u00e1n variadas y todas encaminadas a su diversi\u00f3n y creatividad.<\/p>\n<ul>\n<li>PERIODO: Desde el d\u00eda 26 de diciembre de 2017 al 5 de enero de 2018.<\/li>\n<li>EDAD: De 2 a 12 a\u00f1os<\/li>\n<li>HORARIO: LUNES A VIERNES DE 8:00 A 15:00 HORAS<\/li>\n<li>LUGAR: COLEGIO FRAY PABLO<\/li>\n<li>\n<table dir=\"LTR\" border=\"1\" width=\"264\" cellspacing=\"0\" cellpadding=\"7\">\n<tbody>\n<tr>\n<td valign=\"TOP\" width=\"50%\" height=\"9\"><span style=\"font-size: large;\">Empadronad@s <\/span><\/td>\n<td valign=\"TOP\" width=\"50%\" height=\"9\"><span style=\"font-family: Calibri,Calibri; font-size: large;\">50\u20ac <\/span><\/td>\n<\/tr>\n<tr>\n<td valign=\"TOP\" width=\"50%\" height=\"15\"><span style=\"font-size: large;\">No empadronad@s <\/span><\/td>\n<td valign=\"TOP\" width=\"50%\" height=\"15\"><span style=\"font-size: large;\">90 \u20ac <\/span><\/td>\n<\/tr>\n<\/tbody>\n<\/table>\n<\/li>\n<\/ul>\n<p>Inscripciones en las oficinas generales del Ayuntamiento entre el 27 de Noviembre y 15 de Diciembre.<\/p>\n<p>INSTALACIONES<\/p>\n<p>El desarrollo de esta Actividad tendr\u00e1 lugar en las instalaciones del Colegio P\u00fablico Fray Pablo<\/p>\n<p>RECOMENDACIONES<\/p>\n<ul>\n<li style=\"list-style-type: none\">\n<ul>\n<li><span style=\"font-family: Calibri,Calibri; font-size: medium;\">Enviar a los ni\u00f1@s con ropa c\u00f3moda y que les permita movilidad. <\/span><\/li>\n<li><span style=\"font-family: Calibri,Calibri; font-size: medium;\">Si alg\u00fan ni\u00f1@ se est\u00e1 medicando, han de coment\u00e1rselo a l@s monitores\/as. <\/span><\/li>\n<li><span style=\"font-family: Calibri,Calibri; font-size: medium;\">Si alg\u00fan d\u00eda no recoge al ni\u00f1@ la persona habitual deber\u00e1n indicarlo al inicio de la actividad. <\/span><\/li>\n<li><b><span style=\"color: #e26c09; font-family: Calibri,Calibri; font-size: medium;\">Si el ni\u00f1@ se queda hasta el final es recomendable llevarle la comida.<\/span><\/b><\/li>\n<li><span style=\"color: #e26c09; font-size: medium;\">\u00a0<\/span><b><span style=\"color: #e26c09; font-family: Calibri,Calibri; font-size: medium;\">Llevar una pieza de fruta o similar para almuerzo a media ma\u00f1ana <\/span><\/b><\/li>\n<\/ul>\n<\/li>\n<\/ul>\n<p><img loading=\"lazy\" decoding=\"async\" class=\"alignnone size-medium wp-image-1099\" src=\"http:\/\/colindres.es\/wp-content\/uploads\/2017\/11\/diptico-NAVIDAD_P\u00e1gina_1-300x212.jpg\" alt=\"\" width=\"300\" height=\"212\" srcset=\"https:\/\/www.colindres.es\/wp-content\/uploads\/2017\/11\/diptico-NAVIDAD_P\u00e1gina_1-300x212.jpg 300w, https:\/\/www.colindres.es\/wp-content\/uploads\/2017\/11\/diptico-NAVIDAD_P\u00e1gina_1-768x543.jpg 768w, https:\/\/www.colindres.es\/wp-content\/uploads\/2017\/11\/diptico-NAVIDAD_P\u00e1gina_1-1024x724.jpg 1024w, https:\/\/www.colindres.es\/wp-content\/uploads\/2017\/11\/diptico-NAVIDAD_P\u00e1gina_1-400x284.jpg 400w, https:\/\/www.colindres.es\/wp-content\/uploads\/2017\/11\/diptico-NAVIDAD_P\u00e1gina_1-1080x764.jpg 1080w\" sizes=\"(max-width: 300px) 100vw, 300px\" \/> <img loading=\"lazy\" decoding=\"async\" class=\"alignnone size-medium wp-image-1100\" src=\"http:\/\/colindres.es\/wp-content\/uploads\/2017\/11\/diptico-NAVIDAD_P\u00e1gina_2-300x212.jpg\" alt=\"\" width=\"300\" height=\"212\" srcset=\"https:\/\/www.colindres.es\/wp-content\/uploads\/2017\/11\/diptico-NAVIDAD_P\u00e1gina_2-300x212.jpg 300w, https:\/\/www.colindres.es\/wp-content\/uploads\/2017\/11\/diptico-NAVIDAD_P\u00e1gina_2-768x543.jpg 768w, https:\/\/www.colindres.es\/wp-content\/uploads\/2017\/11\/diptico-NAVIDAD_P\u00e1gina_2-1024x724.jpg 1024w, https:\/\/www.colindres.es\/wp-content\/uploads\/2017\/11\/diptico-NAVIDAD_P\u00e1gina_2-400x284.jpg 400w, https:\/\/www.colindres.es\/wp-content\/uploads\/2017\/11\/diptico-NAVIDAD_P\u00e1gina_2-1080x764.jpg 1080w\" sizes=\"(max-width: 300px) 100vw, 300px\" \/><\/p>\n","protected":false},"excerpt":{"rendered":"<p>Este programa de recreaci\u00f3n en NAVIDAD pretende dinamizar los momentos de ocio que se suceden en las fechas vacacionales de los ni\u00f1@s en edad escolar. Las actividades que desarrollar\u00e1n los ni\u00f1@s ser\u00e1n variadas y todas encaminadas a su diversi\u00f3n y creatividad. PERIODO: Desde el d\u00eda 26 de diciembre de 2017 al 5 de enero de [&hellip;]<\/p>\n","protected":false},"author":1,"featured_media":1098,"comment_status":"open","ping_status":"closed","template":"","meta":{"_et_pb_use_builder":"","_et_pb_old_content":"","_et_gb_content_width":"","footnotes":""},"project_category":[],"project_tag":[],"class_list":["post-1097","project","type-project","status-publish","has-post-thumbnail","hentry"],"yoast_head":"<!-- This site is optimized with the Yoast SEO plugin v24.9 - https:\/\/yoast.com\/wordpress\/plugins\/seo\/ -->\n<title>CAMPUS DE NAVIDAD 2017-2018 - Ayuntamiento de Colindres<\/title>\n<meta name=\"robots\" content=\"index, follow, max-snippet:-1, max-image-preview:large, max-video-preview:-1\" \/>\n<link rel=\"canonical\" href=\"https:\/\/www.colindres.es\/index.php\/project\/campus-de-navidad-2017-2018\/\" \/>\n<meta property=\"og:locale\" content=\"es_ES\" \/>\n<meta property=\"og:type\" content=\"article\" \/>\n<meta property=\"og:title\" content=\"CAMPUS DE NAVIDAD 2017-2018 - Ayuntamiento de Colindres\" \/>\n<meta property=\"og:description\" content=\"Este programa de recreaci\u00f3n en NAVIDAD pretende dinamizar los momentos de ocio que se suceden en las fechas vacacionales de los ni\u00f1@s en edad escolar. Las actividades que desarrollar\u00e1n los ni\u00f1@s ser\u00e1n variadas y todas encaminadas a su diversi\u00f3n y creatividad. PERIODO: Desde el d\u00eda 26 de diciembre de 2017 al 5 de enero de [&hellip;]\" \/>\n<meta property=\"og:url\" content=\"https:\/\/www.colindres.es\/index.php\/project\/campus-de-navidad-2017-2018\/\" \/>\n<meta property=\"og:site_name\" content=\"Ayuntamiento de Colindres\" \/>\n<meta property=\"og:image\" content=\"https:\/\/www.colindres.es\/wp-content\/uploads\/2017\/11\/CARTEL.jpg\" \/>\n\t<meta property=\"og:image:width\" content=\"1654\" \/>\n\t<meta property=\"og:image:height\" content=\"2339\" \/>\n\t<meta property=\"og:image:type\" content=\"image\/jpeg\" \/>\n<meta name=\"twitter:card\" content=\"summary_large_image\" \/>\n<meta name=\"twitter:label1\" content=\"Tiempo de lectura\" \/>\n\t<meta name=\"twitter:data1\" content=\"1 minuto\" \/>\n<script type=\"application\/ld+json\" class=\"yoast-schema-graph\">{\"@context\":\"https:\/\/schema.org\",\"@graph\":[{\"@type\":\"WebPage\",\"@id\":\"https:\/\/www.colindres.es\/index.php\/project\/campus-de-navidad-2017-2018\/\",\"url\":\"https:\/\/www.colindres.es\/index.php\/project\/campus-de-navidad-2017-2018\/\",\"name\":\"CAMPUS DE NAVIDAD 2017-2018 - Ayuntamiento de Colindres\",\"isPartOf\":{\"@id\":\"https:\/\/www.colindres.es\/#website\"},\"primaryImageOfPage\":{\"@id\":\"https:\/\/www.colindres.es\/index.php\/project\/campus-de-navidad-2017-2018\/#primaryimage\"},\"image\":{\"@id\":\"https:\/\/www.colindres.es\/index.php\/project\/campus-de-navidad-2017-2018\/#primaryimage\"},\"thumbnailUrl\":\"https:\/\/www.colindres.es\/wp-content\/uploads\/2017\/11\/CARTEL.jpg\",\"datePublished\":\"2017-11-23T05:52:43+00:00\",\"breadcrumb\":{\"@id\":\"https:\/\/www.colindres.es\/index.php\/project\/campus-de-navidad-2017-2018\/#breadcrumb\"},\"inLanguage\":\"es\",\"potentialAction\":[{\"@type\":\"ReadAction\",\"target\":[\"https:\/\/www.colindres.es\/index.php\/project\/campus-de-navidad-2017-2018\/\"]}]},{\"@type\":\"ImageObject\",\"inLanguage\":\"es\",\"@id\":\"https:\/\/www.colindres.es\/index.php\/project\/campus-de-navidad-2017-2018\/#primaryimage\",\"url\":\"https:\/\/www.colindres.es\/wp-content\/uploads\/2017\/11\/CARTEL.jpg\",\"contentUrl\":\"https:\/\/www.colindres.es\/wp-content\/uploads\/2017\/11\/CARTEL.jpg\",\"width\":1654,\"height\":2339},{\"@type\":\"BreadcrumbList\",\"@id\":\"https:\/\/www.colindres.es\/index.php\/project\/campus-de-navidad-2017-2018\/#breadcrumb\",\"itemListElement\":[{\"@type\":\"ListItem\",\"position\":1,\"name\":\"Portada\",\"item\":\"https:\/\/www.colindres.es\/\"},{\"@type\":\"ListItem\",\"position\":2,\"name\":\"Proyectos\",\"item\":\"https:\/\/www.colindres.es\/index.php\/project\/\"},{\"@type\":\"ListItem\",\"position\":3,\"name\":\"CAMPUS DE NAVIDAD 2017-2018\"}]},{\"@type\":\"WebSite\",\"@id\":\"https:\/\/www.colindres.es\/#website\",\"url\":\"https:\/\/www.colindres.es\/\",\"name\":\"Ayuntamiento de Colindres\",\"description\":\"Dise\u00f1ado por NTIC&#039;s\",\"publisher\":{\"@id\":\"https:\/\/www.colindres.es\/#organization\"},\"potentialAction\":[{\"@type\":\"SearchAction\",\"target\":{\"@type\":\"EntryPoint\",\"urlTemplate\":\"https:\/\/www.colindres.es\/?s={search_term_string}\"},\"query-input\":{\"@type\":\"PropertyValueSpecification\",\"valueRequired\":true,\"valueName\":\"search_term_string\"}}],\"inLanguage\":\"es\"},{\"@type\":\"Organization\",\"@id\":\"https:\/\/www.colindres.es\/#organization\",\"name\":\"AYUNTAMIENTO DE COLINDRES\",\"url\":\"https:\/\/www.colindres.es\/\",\"logo\":{\"@type\":\"ImageObject\",\"inLanguage\":\"es\",\"@id\":\"https:\/\/www.colindres.es\/#\/schema\/logo\/image\/\",\"url\":\"https:\/\/www.colindres.es\/wp-content\/uploads\/2017\/01\/LOGO-PRINCIPAL.jpg\",\"contentUrl\":\"https:\/\/www.colindres.es\/wp-content\/uploads\/2017\/01\/LOGO-PRINCIPAL.jpg\",\"width\":1209,\"height\":579,\"caption\":\"AYUNTAMIENTO DE COLINDRES\"},\"image\":{\"@id\":\"https:\/\/www.colindres.es\/#\/schema\/logo\/image\/\"}}]}<\/script>\n<!-- \/ Yoast SEO plugin. -->","yoast_head_json":{"title":"CAMPUS DE NAVIDAD 2017-2018 - Ayuntamiento de Colindres","robots":{"index":"index","follow":"follow","max-snippet":"max-snippet:-1","max-image-preview":"max-image-preview:large","max-video-preview":"max-video-preview:-1"},"canonical":"https:\/\/www.colindres.es\/index.php\/project\/campus-de-navidad-2017-2018\/","og_locale":"es_ES","og_type":"article","og_title":"CAMPUS DE NAVIDAD 2017-2018 - Ayuntamiento de Colindres","og_description":"Este programa de recreaci\u00f3n en NAVIDAD pretende dinamizar los momentos de ocio que se suceden en las fechas vacacionales de los ni\u00f1@s en edad escolar. Las actividades que desarrollar\u00e1n los ni\u00f1@s ser\u00e1n variadas y todas encaminadas a su diversi\u00f3n y creatividad. PERIODO: Desde el d\u00eda 26 de diciembre de 2017 al 5 de enero de [&hellip;]","og_url":"https:\/\/www.colindres.es\/index.php\/project\/campus-de-navidad-2017-2018\/","og_site_name":"Ayuntamiento de Colindres","og_image":[{"width":1654,"height":2339,"url":"https:\/\/www.colindres.es\/wp-content\/uploads\/2017\/11\/CARTEL.jpg","type":"image\/jpeg"}],"twitter_card":"summary_large_image","twitter_misc":{"Tiempo de lectura":"1 minuto"},"schema":{"@context":"https:\/\/schema.org","@graph":[{"@type":"WebPage","@id":"https:\/\/www.colindres.es\/index.php\/project\/campus-de-navidad-2017-2018\/","url":"https:\/\/www.colindres.es\/index.php\/project\/campus-de-navidad-2017-2018\/","name":"CAMPUS DE NAVIDAD 2017-2018 - Ayuntamiento de Colindres","isPartOf":{"@id":"https:\/\/www.colindres.es\/#website"},"primaryImageOfPage":{"@id":"https:\/\/www.colindres.es\/index.php\/project\/campus-de-navidad-2017-2018\/#primaryimage"},"image":{"@id":"https:\/\/www.colindres.es\/index.php\/project\/campus-de-navidad-2017-2018\/#primaryimage"},"thumbnailUrl":"https:\/\/www.colindres.es\/wp-content\/uploads\/2017\/11\/CARTEL.jpg","datePublished":"2017-11-23T05:52:43+00:00","breadcrumb":{"@id":"https:\/\/www.colindres.es\/index.php\/project\/campus-de-navidad-2017-2018\/#breadcrumb"},"inLanguage":"es","potentialAction":[{"@type":"ReadAction","target":["https:\/\/www.colindres.es\/index.php\/project\/campus-de-navidad-2017-2018\/"]}]},{"@type":"ImageObject","inLanguage":"es","@id":"https:\/\/www.colindres.es\/index.php\/project\/campus-de-navidad-2017-2018\/#primaryimage","url":"https:\/\/www.colindres.es\/wp-content\/uploads\/2017\/11\/CARTEL.jpg","contentUrl":"https:\/\/www.colindres.es\/wp-content\/uploads\/2017\/11\/CARTEL.jpg","width":1654,"height":2339},{"@type":"BreadcrumbList","@id":"https:\/\/www.colindres.es\/index.php\/project\/campus-de-navidad-2017-2018\/#breadcrumb","itemListElement":[{"@type":"ListItem","position":1,"name":"Portada","item":"https:\/\/www.colindres.es\/"},{"@type":"ListItem","position":2,"name":"Proyectos","item":"https:\/\/www.colindres.es\/index.php\/project\/"},{"@type":"ListItem","position":3,"name":"CAMPUS DE NAVIDAD 2017-2018"}]},{"@type":"WebSite","@id":"https:\/\/www.colindres.es\/#website","url":"https:\/\/www.colindres.es\/","name":"Ayuntamiento de Colindres","description":"Dise\u00f1ado por NTIC&#039;s","publisher":{"@id":"https:\/\/www.colindres.es\/#organization"},"potentialAction":[{"@type":"SearchAction","target":{"@type":"EntryPoint","urlTemplate":"https:\/\/www.colindres.es\/?s={search_term_string}"},"query-input":{"@type":"PropertyValueSpecification","valueRequired":true,"valueName":"search_term_string"}}],"inLanguage":"es"},{"@type":"Organization","@id":"https:\/\/www.colindres.es\/#organization","name":"AYUNTAMIENTO DE COLINDRES","url":"https:\/\/www.colindres.es\/","logo":{"@type":"ImageObject","inLanguage":"es","@id":"https:\/\/www.colindres.es\/#\/schema\/logo\/image\/","url":"https:\/\/www.colindres.es\/wp-content\/uploads\/2017\/01\/LOGO-PRINCIPAL.jpg","contentUrl":"https:\/\/www.colindres.es\/wp-content\/uploads\/2017\/01\/LOGO-PRINCIPAL.jpg","width":1209,"height":579,"caption":"AYUNTAMIENTO DE COLINDRES"},"image":{"@id":"https:\/\/www.colindres.es\/#\/schema\/logo\/image\/"}}]}},"_links":{"self":[{"href":"https:\/\/www.colindres.es\/index.php\/wp-json\/wp\/v2\/project\/1097","targetHints":{"allow":["GET"]}}],"collection":[{"href":"https:\/\/www.colindres.es\/index.php\/wp-json\/wp\/v2\/project"}],"about":[{"href":"https:\/\/www.colindres.es\/index.php\/wp-json\/wp\/v2\/types\/project"}],"author":[{"embeddable":true,"href":"https:\/\/www.colindres.es\/index.php\/wp-json\/wp\/v2\/users\/1"}],"replies":[{"embeddable":true,"href":"https:\/\/www.colindres.es\/index.php\/wp-json\/wp\/v2\/comments?post=1097"}],"version-history":[{"count":1,"href":"https:\/\/www.colindres.es\/index.php\/wp-json\/wp\/v2\/project\/1097\/revisions"}],"predecessor-version":[{"id":1101,"href":"https:\/\/www.colindres.es\/index.php\/wp-json\/wp\/v2\/project\/1097\/revisions\/1101"}],"wp:featuredmedia":[{"embeddable":true,"href":"https:\/\/www.colindres.es\/index.php\/wp-json\/wp\/v2\/media\/1098"}],"wp:attachment":[{"href":"https:\/\/www.colindres.es\/index.php\/wp-json\/wp\/v2\/media?parent=1097"}],"wp:term":[{"taxonomy":"project_category","embeddable":true,"href":"https:\/\/www.colindres.es\/index.php\/wp-json\/wp\/v2\/project_category?post=1097"},{"taxonomy":"project_tag","embeddable":true,"href":"https:\/\/www.colindres.es\/index.php\/wp-json\/wp\/v2\/project_tag?post=1097"}],"curies":[{"name":"wp","href":"https:\/\/api.w.org\/{rel}","templated":true}]}}