{"id":1088,"date":"2017-11-18T09:26:16","date_gmt":"2017-11-18T09:26:16","guid":{"rendered":"http:\/\/colindres.es\/?post_type=project&#038;p=1088"},"modified":"2017-11-18T09:26:16","modified_gmt":"2017-11-18T09:26:16","slug":"el-ayuntamiento-de-colindres-renovara-los-almacenes-y-aseos-del-campo-de-futbol-de-el-carmen","status":"publish","type":"project","link":"https:\/\/www.colindres.es\/index.php\/project\/el-ayuntamiento-de-colindres-renovara-los-almacenes-y-aseos-del-campo-de-futbol-de-el-carmen\/","title":{"rendered":"El Ayuntamiento de Colindres renovar\u00e1 los almacenes y aseos del campo de f\u00fatbol de El Carmen"},"content":{"rendered":"<p>La Junta de Gobierno local ya ha aprobado el proyecto, que cuenta con un\u00a0presupuesto de 79.000 euros y un plazo de ejecuci\u00f3n de tres meses<\/p>\n<p>Colindres, 17 de noviembre.- La Junta de Gobierno local del Ayuntamiento\u00a0de Colindres ha aprobado un proyecto para renovar por completo los\u00a0almacenes y aseos del campo de f\u00fatbol de El Carmen, con un presupuesto\u00a0de 79.000 euros y un plazo de ejecuci\u00f3n de tres meses.<\/p>\n<p>Las obras consistir\u00e1n en la construcci\u00f3n de un nuevo edificio que ser\u00e1\u00a0algo m\u00e1s grande que el actual y contar\u00e1 con una nueva redistribuci\u00f3n de\u00a0los espacios para dar respuesta a las actuales necesidades, seg\u00fan ha\u00a0explicado la concejala de Deportes, Saray Villal\u00f3n.<\/p>\n<p>As\u00ed, los nuevos locales dispondr\u00e1n de una superficie total de 37 metros\u00a0cuadrados, de los cuales 21 se emplear\u00e1n para aseos y 16 para almacenes\u00a0y lavander\u00eda.<\/p>\n<p>El edificio se levantar\u00e1 sobre el actual y se recrecer\u00e1 para evitar las\u00a0inundaciones actuales al encontrarse por debajo de la rasante del\u00a0campo.<\/p>\n<p>Las obras se encuentran en fase de licitaci\u00f3n para que las empresas\u00a0interesadas en llevar a cabo los trabajos puedan presentar sus ofertas y\u00a0la previsi\u00f3n es que est\u00e9n adjudicadas \u201cantes de que acabe el a\u00f1o\u201d, tal y\u00a0ha como la informado Villal\u00f3n.<\/p>\n<p>Una vez que la adjudicaci\u00f3n se materialice y concluyan los tr\u00e1mites\u00a0administrativos, la concejala de Deportes ha indicado que el\u00a0Ayuntamiento planificar\u00e1 con el club de f\u00fatbol Colindres y los\u00a0responsables de la Escuela Municipal la fecha en la que se acometer\u00e1n\u00a0las obras, que ser\u00e1n sufragadas \u00edntegramente con recursos municipales.<\/p>\n<p>Nuevo proyecto para 2018<\/p>\n<p>Al mismo tiempo, Villal\u00f3n ha anunciado que el Consistorio colindr\u00e9s\u00a0tambi\u00e9n tiene previsto redactar otro proyecto, que tambi\u00e9n se ejecutar\u00e1\u00a0en 2018, para construir nuevos vestuarios y oficinas en el campo de\u00a0f\u00fatbol.<\/p>\n<p>\u201cCon estas dos obras dar\u00edamos por finalizada lo que es la renovaci\u00f3n del\u00a0estadio de El Carmen, que es uno de los estadios m\u00e1s modernos que hay en\u00a0el f\u00fatbol regional de base\u201d, ha destacado la edil, que en este sentido\u00a0ha recordado que en el a\u00f1o 2014 se sustituy\u00f3 la superficie del terreno\u00a0de juego a hierba artificial y se acondicion\u00f3 y mejor\u00f3 la\u00a0infraestructura deportiva con la colocaci\u00f3n de asientos individuales en\u00a0la grada, la instalaci\u00f3n de torres de iluminaci\u00f3n y la ampliaci\u00f3n del cerramiento.<\/p>\n<p>\u201cLa intenci\u00f3n es tener unas instalaciones acorde a la calidad y el\u00a0n\u00famero de deportistas que tiene el Club Deportivo Colindres y la Escuela\u00a0Municipal\u201d, ha concluido Villal\u00f3n.<\/p>\n","protected":false},"excerpt":{"rendered":"<p>La Junta de Gobierno local ya ha aprobado el proyecto, que cuenta con un\u00a0presupuesto de 79.000 euros y un plazo de ejecuci\u00f3n de tres meses Colindres, 17 de noviembre.- La Junta de Gobierno local del Ayuntamiento\u00a0de Colindres ha aprobado un proyecto para renovar por completo los\u00a0almacenes y aseos del campo de f\u00fatbol de El Carmen, [&hellip;]<\/p>\n","protected":false},"author":1,"featured_media":1089,"comment_status":"open","ping_status":"closed","template":"","meta":{"_et_pb_use_builder":"","_et_pb_old_content":"","_et_gb_content_width":"","footnotes":""},"project_category":[],"project_tag":[],"class_list":["post-1088","project","type-project","status-publish","has-post-thumbnail","hentry"],"yoast_head":"<!-- This site is optimized with the Yoast SEO plugin v24.9 - https:\/\/yoast.com\/wordpress\/plugins\/seo\/ -->\n<title>El Ayuntamiento de Colindres renovar\u00e1 los almacenes y aseos del campo de f\u00fatbol de El Carmen - Ayuntamiento de Colindres<\/title>\n<meta name=\"robots\" content=\"index, follow, max-snippet:-1, max-image-preview:large, max-video-preview:-1\" \/>\n<link rel=\"canonical\" href=\"https:\/\/www.colindres.es\/index.php\/project\/el-ayuntamiento-de-colindres-renovara-los-almacenes-y-aseos-del-campo-de-futbol-de-el-carmen\/\" \/>\n<meta property=\"og:locale\" content=\"es_ES\" \/>\n<meta property=\"og:type\" content=\"article\" \/>\n<meta property=\"og:title\" content=\"El Ayuntamiento de Colindres renovar\u00e1 los almacenes y aseos del campo de f\u00fatbol de El Carmen - Ayuntamiento de Colindres\" \/>\n<meta property=\"og:description\" content=\"La Junta de Gobierno local ya ha aprobado el proyecto, que cuenta con un\u00a0presupuesto de 79.000 euros y un plazo de ejecuci\u00f3n de tres meses Colindres, 17 de noviembre.- La Junta de Gobierno local del Ayuntamiento\u00a0de Colindres ha aprobado un proyecto para renovar por completo los\u00a0almacenes y aseos del campo de f\u00fatbol de El Carmen, [&hellip;]\" \/>\n<meta property=\"og:url\" content=\"https:\/\/www.colindres.es\/index.php\/project\/el-ayuntamiento-de-colindres-renovara-los-almacenes-y-aseos-del-campo-de-futbol-de-el-carmen\/\" \/>\n<meta property=\"og:site_name\" content=\"Ayuntamiento de Colindres\" \/>\n<meta property=\"og:image\" content=\"https:\/\/www.colindres.es\/wp-content\/uploads\/2017\/11\/7817421A-C07D-45CB-A1AD-84168C19FC05-1024x768.jpeg\" \/>\n\t<meta property=\"og:image:width\" content=\"1024\" \/>\n\t<meta property=\"og:image:height\" content=\"768\" \/>\n\t<meta property=\"og:image:type\" content=\"image\/jpeg\" \/>\n<meta name=\"twitter:card\" content=\"summary_large_image\" \/>\n<meta name=\"twitter:label1\" content=\"Tiempo de lectura\" \/>\n\t<meta name=\"twitter:data1\" content=\"2 minutos\" \/>\n<script type=\"application\/ld+json\" class=\"yoast-schema-graph\">{\"@context\":\"https:\/\/schema.org\",\"@graph\":[{\"@type\":\"WebPage\",\"@id\":\"https:\/\/www.colindres.es\/index.php\/project\/el-ayuntamiento-de-colindres-renovara-los-almacenes-y-aseos-del-campo-de-futbol-de-el-carmen\/\",\"url\":\"https:\/\/www.colindres.es\/index.php\/project\/el-ayuntamiento-de-colindres-renovara-los-almacenes-y-aseos-del-campo-de-futbol-de-el-carmen\/\",\"name\":\"El Ayuntamiento de Colindres renovar\u00e1 los almacenes y aseos del campo de f\u00fatbol de El Carmen - Ayuntamiento de Colindres\",\"isPartOf\":{\"@id\":\"https:\/\/www.colindres.es\/#website\"},\"primaryImageOfPage\":{\"@id\":\"https:\/\/www.colindres.es\/index.php\/project\/el-ayuntamiento-de-colindres-renovara-los-almacenes-y-aseos-del-campo-de-futbol-de-el-carmen\/#primaryimage\"},\"image\":{\"@id\":\"https:\/\/www.colindres.es\/index.php\/project\/el-ayuntamiento-de-colindres-renovara-los-almacenes-y-aseos-del-campo-de-futbol-de-el-carmen\/#primaryimage\"},\"thumbnailUrl\":\"https:\/\/www.colindres.es\/wp-content\/uploads\/2017\/11\/7817421A-C07D-45CB-A1AD-84168C19FC05.jpeg\",\"datePublished\":\"2017-11-18T09:26:16+00:00\",\"breadcrumb\":{\"@id\":\"https:\/\/www.colindres.es\/index.php\/project\/el-ayuntamiento-de-colindres-renovara-los-almacenes-y-aseos-del-campo-de-futbol-de-el-carmen\/#breadcrumb\"},\"inLanguage\":\"es\",\"potentialAction\":[{\"@type\":\"ReadAction\",\"target\":[\"https:\/\/www.colindres.es\/index.php\/project\/el-ayuntamiento-de-colindres-renovara-los-almacenes-y-aseos-del-campo-de-futbol-de-el-carmen\/\"]}]},{\"@type\":\"ImageObject\",\"inLanguage\":\"es\",\"@id\":\"https:\/\/www.colindres.es\/index.php\/project\/el-ayuntamiento-de-colindres-renovara-los-almacenes-y-aseos-del-campo-de-futbol-de-el-carmen\/#primaryimage\",\"url\":\"https:\/\/www.colindres.es\/wp-content\/uploads\/2017\/11\/7817421A-C07D-45CB-A1AD-84168C19FC05.jpeg\",\"contentUrl\":\"https:\/\/www.colindres.es\/wp-content\/uploads\/2017\/11\/7817421A-C07D-45CB-A1AD-84168C19FC05.jpeg\",\"width\":4032,\"height\":3024},{\"@type\":\"BreadcrumbList\",\"@id\":\"https:\/\/www.colindres.es\/index.php\/project\/el-ayuntamiento-de-colindres-renovara-los-almacenes-y-aseos-del-campo-de-futbol-de-el-carmen\/#breadcrumb\",\"itemListElement\":[{\"@type\":\"ListItem\",\"position\":1,\"name\":\"Portada\",\"item\":\"https:\/\/www.colindres.es\/\"},{\"@type\":\"ListItem\",\"position\":2,\"name\":\"Proyectos\",\"item\":\"https:\/\/www.colindres.es\/index.php\/project\/\"},{\"@type\":\"ListItem\",\"position\":3,\"name\":\"El Ayuntamiento de Colindres renovar\u00e1 los almacenes y aseos del campo de f\u00fatbol de El Carmen\"}]},{\"@type\":\"WebSite\",\"@id\":\"https:\/\/www.colindres.es\/#website\",\"url\":\"https:\/\/www.colindres.es\/\",\"name\":\"Ayuntamiento de Colindres\",\"description\":\"Dise\u00f1ado por NTIC&#039;s\",\"publisher\":{\"@id\":\"https:\/\/www.colindres.es\/#organization\"},\"potentialAction\":[{\"@type\":\"SearchAction\",\"target\":{\"@type\":\"EntryPoint\",\"urlTemplate\":\"https:\/\/www.colindres.es\/?s={search_term_string}\"},\"query-input\":{\"@type\":\"PropertyValueSpecification\",\"valueRequired\":true,\"valueName\":\"search_term_string\"}}],\"inLanguage\":\"es\"},{\"@type\":\"Organization\",\"@id\":\"https:\/\/www.colindres.es\/#organization\",\"name\":\"AYUNTAMIENTO DE COLINDRES\",\"url\":\"https:\/\/www.colindres.es\/\",\"logo\":{\"@type\":\"ImageObject\",\"inLanguage\":\"es\",\"@id\":\"https:\/\/www.colindres.es\/#\/schema\/logo\/image\/\",\"url\":\"https:\/\/www.colindres.es\/wp-content\/uploads\/2017\/01\/LOGO-PRINCIPAL.jpg\",\"contentUrl\":\"https:\/\/www.colindres.es\/wp-content\/uploads\/2017\/01\/LOGO-PRINCIPAL.jpg\",\"width\":1209,\"height\":579,\"caption\":\"AYUNTAMIENTO DE COLINDRES\"},\"image\":{\"@id\":\"https:\/\/www.colindres.es\/#\/schema\/logo\/image\/\"}}]}<\/script>\n<!-- \/ Yoast SEO plugin. -->","yoast_head_json":{"title":"El Ayuntamiento de Colindres renovar\u00e1 los almacenes y aseos del campo de f\u00fatbol de El Carmen - Ayuntamiento de Colindres","robots":{"index":"index","follow":"follow","max-snippet":"max-snippet:-1","max-image-preview":"max-image-preview:large","max-video-preview":"max-video-preview:-1"},"canonical":"https:\/\/www.colindres.es\/index.php\/project\/el-ayuntamiento-de-colindres-renovara-los-almacenes-y-aseos-del-campo-de-futbol-de-el-carmen\/","og_locale":"es_ES","og_type":"article","og_title":"El Ayuntamiento de Colindres renovar\u00e1 los almacenes y aseos del campo de f\u00fatbol de El Carmen - Ayuntamiento de Colindres","og_description":"La Junta de Gobierno local ya ha aprobado el proyecto, que cuenta con un\u00a0presupuesto de 79.000 euros y un plazo de ejecuci\u00f3n de tres meses Colindres, 17 de noviembre.- La Junta de Gobierno local del Ayuntamiento\u00a0de Colindres ha aprobado un proyecto para renovar por completo los\u00a0almacenes y aseos del campo de f\u00fatbol de El Carmen, [&hellip;]","og_url":"https:\/\/www.colindres.es\/index.php\/project\/el-ayuntamiento-de-colindres-renovara-los-almacenes-y-aseos-del-campo-de-futbol-de-el-carmen\/","og_site_name":"Ayuntamiento de Colindres","og_image":[{"width":1024,"height":768,"url":"https:\/\/www.colindres.es\/wp-content\/uploads\/2017\/11\/7817421A-C07D-45CB-A1AD-84168C19FC05-1024x768.jpeg","type":"image\/jpeg"}],"twitter_card":"summary_large_image","twitter_misc":{"Tiempo de lectura":"2 minutos"},"schema":{"@context":"https:\/\/schema.org","@graph":[{"@type":"WebPage","@id":"https:\/\/www.colindres.es\/index.php\/project\/el-ayuntamiento-de-colindres-renovara-los-almacenes-y-aseos-del-campo-de-futbol-de-el-carmen\/","url":"https:\/\/www.colindres.es\/index.php\/project\/el-ayuntamiento-de-colindres-renovara-los-almacenes-y-aseos-del-campo-de-futbol-de-el-carmen\/","name":"El Ayuntamiento de Colindres renovar\u00e1 los almacenes y aseos del campo de f\u00fatbol de El Carmen - Ayuntamiento de Colindres","isPartOf":{"@id":"https:\/\/www.colindres.es\/#website"},"primaryImageOfPage":{"@id":"https:\/\/www.colindres.es\/index.php\/project\/el-ayuntamiento-de-colindres-renovara-los-almacenes-y-aseos-del-campo-de-futbol-de-el-carmen\/#primaryimage"},"image":{"@id":"https:\/\/www.colindres.es\/index.php\/project\/el-ayuntamiento-de-colindres-renovara-los-almacenes-y-aseos-del-campo-de-futbol-de-el-carmen\/#primaryimage"},"thumbnailUrl":"https:\/\/www.colindres.es\/wp-content\/uploads\/2017\/11\/7817421A-C07D-45CB-A1AD-84168C19FC05.jpeg","datePublished":"2017-11-18T09:26:16+00:00","breadcrumb":{"@id":"https:\/\/www.colindres.es\/index.php\/project\/el-ayuntamiento-de-colindres-renovara-los-almacenes-y-aseos-del-campo-de-futbol-de-el-carmen\/#breadcrumb"},"inLanguage":"es","potentialAction":[{"@type":"ReadAction","target":["https:\/\/www.colindres.es\/index.php\/project\/el-ayuntamiento-de-colindres-renovara-los-almacenes-y-aseos-del-campo-de-futbol-de-el-carmen\/"]}]},{"@type":"ImageObject","inLanguage":"es","@id":"https:\/\/www.colindres.es\/index.php\/project\/el-ayuntamiento-de-colindres-renovara-los-almacenes-y-aseos-del-campo-de-futbol-de-el-carmen\/#primaryimage","url":"https:\/\/www.colindres.es\/wp-content\/uploads\/2017\/11\/7817421A-C07D-45CB-A1AD-84168C19FC05.jpeg","contentUrl":"https:\/\/www.colindres.es\/wp-content\/uploads\/2017\/11\/7817421A-C07D-45CB-A1AD-84168C19FC05.jpeg","width":4032,"height":3024},{"@type":"BreadcrumbList","@id":"https:\/\/www.colindres.es\/index.php\/project\/el-ayuntamiento-de-colindres-renovara-los-almacenes-y-aseos-del-campo-de-futbol-de-el-carmen\/#breadcrumb","itemListElement":[{"@type":"ListItem","position":1,"name":"Portada","item":"https:\/\/www.colindres.es\/"},{"@type":"ListItem","position":2,"name":"Proyectos","item":"https:\/\/www.colindres.es\/index.php\/project\/"},{"@type":"ListItem","position":3,"name":"El Ayuntamiento de Colindres renovar\u00e1 los almacenes y aseos del campo de f\u00fatbol de El Carmen"}]},{"@type":"WebSite","@id":"https:\/\/www.colindres.es\/#website","url":"https:\/\/www.colindres.es\/","name":"Ayuntamiento de Colindres","description":"Dise\u00f1ado por NTIC&#039;s","publisher":{"@id":"https:\/\/www.colindres.es\/#organization"},"potentialAction":[{"@type":"SearchAction","target":{"@type":"EntryPoint","urlTemplate":"https:\/\/www.colindres.es\/?s={search_term_string}"},"query-input":{"@type":"PropertyValueSpecification","valueRequired":true,"valueName":"search_term_string"}}],"inLanguage":"es"},{"@type":"Organization","@id":"https:\/\/www.colindres.es\/#organization","name":"AYUNTAMIENTO DE COLINDRES","url":"https:\/\/www.colindres.es\/","logo":{"@type":"ImageObject","inLanguage":"es","@id":"https:\/\/www.colindres.es\/#\/schema\/logo\/image\/","url":"https:\/\/www.colindres.es\/wp-content\/uploads\/2017\/01\/LOGO-PRINCIPAL.jpg","contentUrl":"https:\/\/www.colindres.es\/wp-content\/uploads\/2017\/01\/LOGO-PRINCIPAL.jpg","width":1209,"height":579,"caption":"AYUNTAMIENTO DE COLINDRES"},"image":{"@id":"https:\/\/www.colindres.es\/#\/schema\/logo\/image\/"}}]}},"_links":{"self":[{"href":"https:\/\/www.colindres.es\/index.php\/wp-json\/wp\/v2\/project\/1088","targetHints":{"allow":["GET"]}}],"collection":[{"href":"https:\/\/www.colindres.es\/index.php\/wp-json\/wp\/v2\/project"}],"about":[{"href":"https:\/\/www.colindres.es\/index.php\/wp-json\/wp\/v2\/types\/project"}],"author":[{"embeddable":true,"href":"https:\/\/www.colindres.es\/index.php\/wp-json\/wp\/v2\/users\/1"}],"replies":[{"embeddable":true,"href":"https:\/\/www.colindres.es\/index.php\/wp-json\/wp\/v2\/comments?post=1088"}],"version-history":[{"count":1,"href":"https:\/\/www.colindres.es\/index.php\/wp-json\/wp\/v2\/project\/1088\/revisions"}],"predecessor-version":[{"id":1090,"href":"https:\/\/www.colindres.es\/index.php\/wp-json\/wp\/v2\/project\/1088\/revisions\/1090"}],"wp:featuredmedia":[{"embeddable":true,"href":"https:\/\/www.colindres.es\/index.php\/wp-json\/wp\/v2\/media\/1089"}],"wp:attachment":[{"href":"https:\/\/www.colindres.es\/index.php\/wp-json\/wp\/v2\/media?parent=1088"}],"wp:term":[{"taxonomy":"project_category","embeddable":true,"href":"https:\/\/www.colindres.es\/index.php\/wp-json\/wp\/v2\/project_category?post=1088"},{"taxonomy":"project_tag","embeddable":true,"href":"https:\/\/www.colindres.es\/index.php\/wp-json\/wp\/v2\/project_tag?post=1088"}],"curies":[{"name":"wp","href":"https:\/\/api.w.org\/{rel}","templated":true}]}}